{"id":1435,"date":"2021-02-28T10:07:21","date_gmt":"2021-02-28T09:07:21","guid":{"rendered":"http:\/\/smart-arbeitsrecht.de\/?page_id=1435"},"modified":"2025-07-04T08:39:37","modified_gmt":"2025-07-04T06:39:37","slug":"verhaltensbedingte-kuendigung-grosser-ratgeber","status":"publish","type":"page","link":"https:\/\/smart-arbeitsrecht.de\/tr\/verhaltensbedingte-kuendigung-grosser-ratgeber\/","title":{"rendered":"Davran\u0131\u015fsal Nedenlerle \u0130\u015ften \u00c7\u0131karma \u2013 Bir K\u0131lavuz"},"content":{"rendered":"<h2 class=\"wp-block-heading\" id=\"h-verhaltensbedingte-k-ndigung-wichtige-informationen-f-r-sie\">Davran\u0131\u015fsal nedenlerle i\u015ften \u00e7\u0131kar\u0131lma \u2013 Sizin i\u00e7in \u00f6nemli bilgiler<\/h2>\n\n\n\n<p>K\u00f6t\u00fcye kullan\u0131m nedeniyle i\u015ften \u00e7\u0131kar\u0131ld\u0131n\u0131z ve \u015fimdi ilk rehberli\u011fi mi ar\u0131yorsunuz? \u0130\u015ften \u00e7\u0131kar\u0131lman\u0131n sizin i\u00e7in yasal olarak ne anlama geldi\u011fini (hen\u00fcz) bilmedi\u011finiz i\u00e7in biraz emin olam\u0131yor olabilirsiniz. Her \u015feyden \u00f6nce, i\u015fvereninizin sizi k\u00f6t\u00fc davran\u0131\u015f nedeniyle i\u015ften \u00e7\u0131karmaya ger\u00e7ekten hakk\u0131 olup olmad\u0131\u011f\u0131n\u0131, bu konuda neler yapabilece\u011finizi ve herhangi bir mali dezavantaj bekleyip beklememeniz gerekti\u011fini merak ediyorsunuz. Belki de \u00f6zellikle bekleme s\u00fcresi konusunda endi\u015felisiniz, ancak ayn\u0131 zamanda k\u0131dem tazminat\u0131 bekleyip bekleyemeyece\u011finiz sorusu da akl\u0131n\u0131z\u0131 kurcal\u0131yor. <a href=\"https:\/\/smart-arbeitsrecht.de\/tr\/anwalt-kuendigung-arbeitsrecht\/\">Hamburg&#039;da fesih avukat\u0131<\/a> Her zaman emrinizdeyim.<\/p>\n\n\n\n<p>Bu sorular\u0131n cevaplar\u0131n\u0131 ar\u0131yorsan\u0131z, bu makale tam size g\u00f6re. Burada, sizin durumunuzda uygunsuz davran\u0131\u015f nedeniyle i\u015ften \u00e7\u0131kar\u0131lma hakk\u0131nda bilmeniz gereken her \u015feyi \u00f6\u011freneceksiniz. Ayr\u0131ca \u015funlar\u0131 da \u00f6\u011freneceksiniz:<\/p>\n\n\n\n<ul class=\"wp-block-list\">\n<li>Davran\u0131\u015f nedenleriyle i\u015ften \u00e7\u0131karman\u0131n etkilili\u011fi,<\/li>\n\n\n\n<li>i\u015fsizlik \u00f6dene\u011fi i\u00e7in bir bekleme s\u00fcresi beklemeniz gerekip gerekmedi\u011fi,<\/li>\n\n\n\n<li>\u015fimdi ne yapabilirsiniz ve i\u015ften \u00e7\u0131karma koruma davas\u0131n\u0131n ne \u00f6l\u00e7\u00fcde mant\u0131kl\u0131 oldu\u011fu ve<\/li>\n\n\n\n<li>K\u00f6t\u00fc davran\u0131\u015f nedeniyle i\u015ften \u00e7\u0131kar\u0131lman\u0131za ra\u011fmen k\u0131dem tazminat\u0131na hak kazan\u0131p kazanmad\u0131\u011f\u0131n\u0131z.<\/li>\n<\/ul>\n\n\n\n<p>Bu yaz\u0131n\u0131n tamam\u0131n\u0131 okuman\u0131z\u0131 i\u00e7tenlikle tavsiye ederim. Buna dayanarak, sonraki ad\u0131mlar\u0131n\u0131z i\u00e7in m\u00fcmk\u00fcn olan en iyi karar\u0131 verebilirsiniz. En az\u0131ndan, fesih konusunda neler yapabilece\u011finizi okumal\u0131s\u0131n\u0131z. Elbette, do\u011frudan benimle de ileti\u015fime ge\u00e7ebilirsiniz. <a href=\"https:\/\/smart-arbeitsrecht.de\/tr\/\">Hamburg&#039;da i\u015f hukuku avukat\u0131<\/a>Bu duygusal stresli durumda t\u00fcm uzmanl\u0131\u011f\u0131mla size destek olaca\u011f\u0131m.<\/p>\n\n\n\n<p>Ve yola \u00e7\u0131k\u0131yoruz.<\/p>\n\n\n\n<div class=\"flex justify-center m-4\"><a class=\"btn-primary\" href=\"\/tr\/kuendigung-des-arbeitsvertrages-kuendigungsschutz\/\" target=\"_blank\" rel=\"noopener\">Fesih ve i\u015ften \u00e7\u0131kar\u0131lmaya kar\u015f\u0131 koruma hakk\u0131nda genel bilgilere buradan ula\u015fabilirsiniz<\/a><\/div>\n\n\n\n<div class=\"container p-6 my-5 mx-auto border border-cta\">\n  <div class=\"flex flex-col sm:flex-row sm:items-center items-start mx-auto\">\n    <p class=\"flex-grow sm:pr-16 text-2xl font-medium title-font text-gray-500 sm:no-outer-space\">Fesih bildirimi ald\u0131n\u0131z m\u0131? Fesih s\u00fcrecinizde size tam destek sa\u011flayaca\u011f\u0131z.<\/p><a class=\"btn-cta whitespace-nowrap no-outer-space\" href=\"\/tr\/anwalt-kuendigung-arbeitsrecht\/\" target=\"_blank\" rel=\"noopener\">Evet, i\u015ften \u00e7\u0131kar\u0131lma korumas\u0131 i\u00e7in bir avukata ihtiyac\u0131m var<\/a>\n  <\/div>\n<\/div>\n\n\n\n<div class=\"toc\">\n<h3>\u0130\u00e7indekiler<\/h3>\n<ol>\n<li><a href=\"#verhaltensbedingte_k\u00fcndigung_pflichtverletzung\">G\u00f6rev ihlali nedeniyle davran\u0131\u015f nedenleriyle i\u015ften \u00e7\u0131karma<\/a><\/li>\n<li><a href=\"#wirksamkeit_verhaltensbedingte_k\u00fcndigung\">Davran\u0131\u015f nedenleriyle i\u015ften \u00e7\u0131karman\u0131n etkilili\u011fi<\/a><\/li>\n<li><a href=\"#verhaltensbedingte_k\u00fcndigung_sperrzeit\">Davran\u0131\u015fsal nedenlerle i\u015ften \u00e7\u0131kar\u0131lma durumunda engelleme s\u00fcresi<\/a><\/li>\n<li><a href=\"#k\u00fcndigungsschutzklage_verhaltensbedingte_k\u00fcndigung\">Davran\u0131\u015f nedenleriyle i\u015ften \u00e7\u0131kar\u0131lmaya kar\u015f\u0131 i\u015ften \u00e7\u0131karma koruma davas\u0131<\/a><\/li>\n<li><a href=\"#abfindung_verhaltensbedingte_k\u00fcndigung\">K\u00f6t\u00fcye kullan\u0131m nedeniyle i\u015ften \u00e7\u0131kar\u0131lmaya ra\u011fmen k\u0131dem tazminat\u0131 m\u0131 \u00f6denir?<\/a><\/li>\n<\/ol>\n<\/div>\n\n\n\n<h2 class=\"wp-block-heading\" id=\"verhaltensbedingte_k\u00fcndigung_pflichtverletzung\">G\u00f6rev ihlali nedeniyle davran\u0131\u015f nedenleriyle i\u015ften \u00e7\u0131karma<\/h2>\n\n\n\n<p>Bir \u00e7al\u0131\u015fan ve i\u015fveren i\u015f ili\u015fkisine girdi\u011finde, kar\u015f\u0131l\u0131kl\u0131 hak ve y\u00fck\u00fcml\u00fcl\u00fckler y\u00fcr\u00fcrl\u00fc\u011fe girer. Birincil y\u00fck\u00fcml\u00fcl\u00fckler ile ikincil y\u00fck\u00fcml\u00fcl\u00fckler aras\u0131nda ayr\u0131m yap\u0131lmal\u0131d\u0131r. Bunlar \u00e7al\u0131\u015fan a\u00e7\u0131s\u0131ndan a\u015fa\u011f\u0131daki gibidir:<\/p>\n\n\n\n<p>The <strong>Ana y\u00fck\u00fcml\u00fcl\u00fck<\/strong> \u0130\u015f s\u00f6zle\u015fmesinin gerektirdi\u011fi \u015fekilde i\u015fi yapmakt\u0131r. \u00c7al\u0131\u015fan i\u015fini k\u00f6t\u00fc yaparsa bu g\u00f6revin ihlali s\u00f6z konusudur. \u00c7al\u0131\u015fan i\u015fe gelmezse veya kendisine verilen g\u00f6revleri yerine getirmeyi reddederse, g\u00f6rev ihlali olas\u0131l\u0131\u011f\u0131 daha da artar. <\/p>\n\n\n\n<p><strong>Tipik yaralanmalar<\/strong> o <strong>Ana y\u00fck\u00fcml\u00fcl\u00fck <\/strong>\u015funlard\u0131r:<\/p>\n\n\n\n<ul class=\"wp-block-list\">\n<li>Zay\u0131f i\u015f performans\u0131<\/li>\n\n\n\n<li>\u00c7al\u0131\u015fmay\u0131 reddetme<\/li>\n\n\n\n<li>\u0130\u015fe ge\u00e7 var\u0131\u015f<\/li>\n\n\n\n<li>\u0130\u015fin erken sonland\u0131r\u0131lmas\u0131<\/li>\n\n\n\n<li>Mazeretsiz devams\u0131zl\u0131k<\/li>\n\n\n\n<li>\u00c7al\u0131\u015fma saatleri i\u00e7erisinde doktor ziyaretleri<\/li>\n\n\n\n<li>\u00c7al\u0131\u015fma zaman\u0131 doland\u0131r\u0131c\u0131l\u0131\u011f\u0131<\/li>\n<\/ul>\n\n\n\n<p>The <strong>\u0130kincil y\u00fck\u00fcml\u00fcl\u00fckler<\/strong> Bunlar \u00f6zellikle i\u015fverene kar\u015f\u0131 sadakat ve ba\u011fl\u0131l\u0131k y\u00fck\u00fcml\u00fcl\u00fcklerini ilgilendirmektedir. Gizlilik y\u00fck\u00fcml\u00fcl\u00fc\u011f\u00fc de ikincil bir s\u00f6zle\u015fmesel y\u00fck\u00fcml\u00fcl\u00fckt\u00fcr. <strong>G\u00fcven ihlalleri<\/strong>Burada \u00e7al\u0131\u015fan, \u00f6zellikle a\u00e7\u0131k bir \u015fekilde ikincil y\u00fck\u00fcml\u00fcl\u00fc\u011f\u00fcn\u00fc ihlal etmektedir. <\/p>\n\n\n\n<p>\u0130\u015fte bir \u00f6rnek: <strong>M\u00fclkiyet su\u00e7lar\u0131 <\/strong>i\u015fverenin veya klasik <strong>\u00c7al\u0131\u015fma zaman\u0131 doland\u0131r\u0131c\u0131l\u0131\u011f\u0131<\/strong>. <strong>Tipik yaralanmalar<\/strong> o <strong>\u0130kincil y\u00fck\u00fcml\u00fcl\u00fckler<\/strong> Belki:<\/p>\n\n\n\n<ul class=\"wp-block-list\">\n<li>sald\u0131r\u0131<\/li>\n\n\n\n<li>\u00dcstlere ve \u00e7al\u0131\u015fanlara y\u00f6nelik hakaretler<\/li>\n\n\n\n<li>End\u00fcstriyel bar\u0131\u015f\u0131n bozulmas\u0131<\/li>\n\n\n\n<li>\u015eirket y\u00f6netmeliklerinin ihlalleri<\/li>\n\n\n\n<li>Rekabet yasa\u011f\u0131n\u0131n ihlali<\/li>\n\n\n\n<li>\u0130\u015fverenlere ve \u00e7al\u0131\u015fanlara kar\u015f\u0131 mal varl\u0131\u011f\u0131na y\u00f6nelik su\u00e7lar<\/li>\n\n\n\n<li>\u0130\u015f g\u00f6remezlik halinde g\u00f6rev ihlali<\/li>\n<\/ul>\n\n\n\n<p>\u0130\u015fveren, gerekti\u011finde, bir \u00e7al\u0131\u015fan\u0131n s\u00f6zle\u015fmesel y\u00fck\u00fcml\u00fcl\u00fcklerini ihlal etmesine, uygunsuz davran\u0131\u015f nedeniyle d\u00fczenli bir i\u015ften \u00e7\u0131karma ile kar\u015f\u0131l\u0131k verebilir. Ancak bir\u00e7ok durumda, uygunsuz davran\u0131\u015f\u0131n da dikkate al\u0131nmas\u0131 gerekir. <strong>operasyonel etki<\/strong> ve di\u011ferleri <strong>operasyonel bozukluklar<\/strong> beklenebilir.<\/p>\n\n\n\n<div class=\"cta-1\">\n  <h3>Uygunsuz davran\u0131\u015f nedeniyle i\u015ften mi \u00e7\u0131kar\u0131ld\u0131n\u0131z? <span class=\"orange-accent\">\u015eans\u0131n\u0131z\u0131 kontrol edelim.<\/span><\/h3>\n  <p><strong>Yanl\u0131\u015f bir fesih nedeni size para kaybettirebilir.<\/strong><\/p>\n  <p><em>Deneyimli avukatlar\u0131m\u0131z durumunuzu analiz eder ve \u00e7\u0131karlar\u0131n\u0131z\u0131 savunur; bu ister istihdam\u0131n\u0131z\u0131n devam\u0131 isterse k\u0131dem tazminat\u0131 olsun.<\/em><\/p>\n  <div class=\"buttons-block flex flex-wrap justify-center mt-12\">\n    <a class=\"btn-cta mr-0 sm:mr-3 text-dark\" href=\"tel:+4940524717830\">\n      <i class=\"fa fa-phone mr-2\"><\/i> Hemen aray\u0131n\n    <\/a>\n    <a class=\"btn-cta mr-0 sm:mr-3 text-dark\" href=\"\/tr\/kontakt\/\">\n      <i class=\"fa fa-envelope mr-2\"><\/i> \u00dccretsiz ilk de\u011ferlendirme\n    <\/a>\n  <\/div>\n<\/div>\n\n\n\n<h2 class=\"wp-block-heading\" id=\"wirksamkeit_verhaltensbedingte_k\u00fcndigung\">Davran\u0131\u015f nedenleriyle i\u015ften \u00e7\u0131karman\u0131n etkilili\u011fi<\/h2>\n\n\n\n<p>S\u00f6zle\u015fme y\u00fck\u00fcml\u00fcl\u00fcklerinin her ihlalinin, \u00e7al\u0131\u015fanlar\u0131n uygunsuz davran\u0131\u015f nedeniyle i\u015ften \u00e7\u0131kar\u0131lmas\u0131n\u0131 hakl\u0131 \u00e7\u0131karmad\u0131\u011f\u0131n\u0131 belirtmek \u00f6nemlidir. Yarg\u0131tay kararlar\u0131, uygunsuz davran\u0131\u015f nedeniyle i\u015ften \u00e7\u0131kar\u0131lman\u0131n toplumsal adaletsizli\u011fini incelemektedir. <strong>\u00fc\u00e7 ad\u0131m<\/strong>:<\/p>\n\n\n\n<h3 class=\"wp-block-heading\" id=\"h-vorliegen-einer-verletzung-arbeitsvertraglicher-pflichten\">\u0130\u015f s\u00f6zle\u015fmesi y\u00fck\u00fcml\u00fcl\u00fcklerinin ihlalinin varl\u0131\u011f\u0131<\/h3>\n\n\n\n<p>Bir \u00e7al\u0131\u015fan\u0131n yapmas\u0131 gerekenler <strong>nesnel ve su\u00e7lu<\/strong> S\u00f6zle\u015fmesel y\u00fck\u00fcml\u00fcl\u00fcklerini - birincil veya ikincil y\u00fck\u00fcml\u00fcl\u00fcklerini - ihlal etmi\u015flerdir. Ancak bu tek ba\u015f\u0131na yeterli de\u011fildir. Fesih kanununa g\u00f6re, k\u00f6t\u00fc davran\u0131\u015f nedeniyle yap\u0131lan ola\u011fan i\u015ften \u00e7\u0131karma, k\u00f6t\u00fc davran\u0131\u015f cezas\u0131 de\u011fildir. Aksine, \u00e7al\u0131\u015fan\u0131n gelecekte tekrar k\u00f6t\u00fc davran\u0131\u015fta bulunmas\u0131n\u0131 \u00f6nlemeyi ama\u00e7lar. <\/p>\n\n\n\n<p><strong>Ba\u015fka bir deyi\u015fle:<\/strong> \u0130\u015fverenin, \u00e7al\u0131\u015fan\u0131n ge\u00e7mi\u015fteki davran\u0131\u015flar\u0131 nedeniyle dezavantajl\u0131 duruma d\u00fc\u015fmesi yeterli de\u011fildir. \u00d6nemli olan, g\u00f6rev ihlalinin ayn\u0131 zamanda gelece\u011fe y\u00f6nelik olumsuz bir etkiye sahip olmas\u0131d\u0131r - s\u00f6zde &quot;<strong>Tahmin ilkesi<\/strong>&quot;. Bu, bir \u00e7al\u0131\u015fan\u0131n kusurlu davran\u0131\u015f\u0131ndan, gelecekte de s\u00f6zle\u015fmeye ayk\u0131r\u0131 benzer bir davran\u0131\u015fta bulunaca\u011f\u0131 sonucunun \u00e7\u0131kar\u0131lmas\u0131 anlam\u0131na gelir. <\/p>\n\n\n\n<p>Ancak bu tahminin yap\u0131lmas\u0131 genellikle kolay de\u011fildir. B\u00f6yle bir tahmin yapmak i\u00e7in i\u015fverenler genellikle \u00f6ncelikle <strong>uyar\u0131 <\/strong>Bu, k\u00f6t\u00fc davran\u0131\u015f nedeniyle verilen s\u0131radan i\u015ften \u00e7\u0131karmaya k\u0131yasla daha hafif bir \u00f6nlem olmakla kalmay\u0131p, ayn\u0131 zamanda gelecekteki prognozun da ger\u00e7ek temelidir.<\/p>\n\n\n\n<div class=\"gradient-border blue-gradient p-4 mb-3\"><em>\u00d6rnek: Bir \u00e7al\u0131\u015fan son alt\u0131 ayd\u0131r i\u015fe s\u00fcrekli ge\u00e7 kal\u0131yor ve bu nedenle \u00fc\u00e7 kez uyar\u0131ld\u0131. Bu durum, i\u015fverenin faaliyetlerinde \u00f6nemli aksamalara neden oldu. \u00c7al\u0131\u015fan\u0131n tekrar ge\u00e7 kalmas\u0131 durumunda, \u00f6nceki uyar\u0131lara dayanarak, gelecekte de i\u015fe ge\u00e7 kalmaya devam edece\u011fi \u00f6ng\u00f6r\u00fclmektedir.<\/em><\/div>\n\n\n\n<p>Bu nedenle uyar\u0131 \u015fu amaca hizmet eder:<strong> Olumsuz davran\u0131\u015fsal prognozun nesnelle\u015ftirilmesi<\/strong>.<br><a href=\"https:\/\/lexetius.com\/2009,4327\" target=\"_blank\" rel=\"noreferrer noopener\">Federal \u00c7al\u0131\u015fma Mahkemesi, 26 Kas\u0131m 2009 tarihli karar \u2013 2 AZR 751\/08<\/a><\/p>\n\n\n\n<h3 class=\"wp-block-heading\" id=\"h-keine-vermeidbarkeit-des-fehlverhaltens\">K\u00f6t\u00fcye kullan\u0131m\u0131n \u00f6nlenebilirli\u011fi yok<\/h3>\n\n\n\n<p>\u015eimdi incelemenin ikinci ad\u0131m\u0131na ge\u00e7elim: Uygunsuz davran\u0131\u015f a\u015fa\u011f\u0131dakilerden mi kaynaklan\u0131yor? <strong>Transferler veya yer de\u011fi\u015ftirmeler<\/strong> \u0130lgili \u00e7al\u0131\u015fan\u0131n, i\u015fverenin <strong>\u00f6ncelik<\/strong> d\u00fczenlemek. <\/p>\n\n\n\n<p>The <strong>Fesih<\/strong> daha \u00f6nce a\u00e7\u0131kland\u0131\u011f\u0131 gibi, her zaman <strong>son \u00e7are<\/strong>G\u00f6rev ihlalleri i\u015fyeriyle ilgiliyse, i\u015fveren, \u00e7al\u0131\u015fan\u0131 i\u015ften \u00e7\u0131karmadan \u00f6nce, g\u00f6rev ihlalini\/ihlallerini a\u015fa\u011f\u0131daki \u015fekilde gidermeye \u00e7al\u0131\u015fmal\u0131d\u0131r: <strong>\u0130\u015f de\u011fi\u015fikli\u011fi<\/strong> \u00c7al\u0131\u015fan\u0131n daha sonra ilk olarak, uygunsuz davran\u0131\u015f\u0131n gelecekte bir etki yaratmayaca\u011f\u0131 ba\u015fka bir g\u00f6revde yeniden istihdam edilmesi gerekir. <\/p>\n\n\n\n<p>Hatta i\u015fverenin bunu yapmas\u0131n\u0131 gerektiren emsal kararlar bile var <strong>\u00f6nce <\/strong>o <strong>Fesih bildirimi <\/strong>bir <strong>De\u011fi\u015fiklik bildirimi <\/strong>telaffuz etmek.<br><a href=\"https:\/\/www.bundesarbeitsgericht.de\/entscheidung\/2-azr-638-13\/?highlight=2+AZR+638%2F13\" target=\"_blank\" rel=\"noreferrer noopener\">Federal \u00c7al\u0131\u015fma Mahkemesi, 23 Ocak 2014 tarihli karar \u2013 2 AZR 638\/13<\/a><\/p>\n\n\n\n<div class=\"gradient-border blue-gradient p-4 mb-3\"><em>\u00d6rnek: \u00c7al\u0131\u015fan C, \u00e7al\u0131\u015fan G ile s\u00fcrekli tart\u0131\u015f\u0131yor. C, operasyonel s\u00fcre\u00e7leri ve \u00e7al\u0131\u015fma ortam\u0131n\u0131 etkileyen s\u00fcrekli olarak \u00e7irkin hakaretlerde bulunuyor. Ancak, C&#039;nin i\u015f s\u00f6zle\u015fmesi, yaln\u0131zca Hamburg&#039;daki yaz\u0131 i\u015fleri departman\u0131nda g\u00f6revlendirilebilece\u011fini belirtiyor. Bu durumda, i\u015fveren, \u00f6nceden uyar\u0131da bulunduktan sonra, fesih bildirimi vermeden \u00f6nce s\u00f6zle\u015fme de\u011fi\u015fikli\u011fi yoluyla \u00e7al\u0131\u015fan C&#039;yi Schleswig-Holstein&#039;daki yaz\u0131 i\u015fleri departman\u0131na transfer etmekle y\u00fck\u00fcml\u00fc olacakt\u0131r.<\/em><\/div>\n\n\n\n<h3 class=\"wp-block-heading\" id=\"h-interessenabw-gung-zulasten-des-arbeitnehmers\">\u00c7al\u0131\u015fan aleyhine \u00e7\u0131karlar\u0131n dengelenmesi<\/h3>\n\n\n\n<p>Son ad\u0131m ise \u00e7\u0131karlar\u0131n dengelenmesidir. <strong>\u00c7al\u0131\u015fan\u0131n \u00e7\u0131kar\u0131 <\/strong>de <strong>\u0130\u015fini s\u00fcrd\u00fcrmek<\/strong> o <strong>\u0130\u015fverenin fesih konusundaki \u00e7\u0131kar\u0131 <\/strong>Davran\u0131\u015f nedenleriyle yap\u0131lan ola\u011fan fesih, ancak makul bir de\u011ferlendirme sonucunda ve \u00e7al\u0131\u015fan ile i\u015fverenin \u00e7\u0131karlar\u0131 dengelendi\u011finde hakl\u0131 ve uygun g\u00f6r\u00fcn\u00fcyorsa hakl\u0131d\u0131r. <\/p>\n\n\n\n<p>Sorulmas\u0131 gereken soru, \u00e7al\u0131\u015fan\u0131n kusurlu davran\u0131\u015f\u0131 halinde i\u015fverenin i\u015f ili\u015fkisini s\u00fcrd\u00fcrmesinin beklenip beklenemeyece\u011fidir.<br><a href=\"https:\/\/www.bundesarbeitsgericht.de\/entscheidung\/2-azr-811-11\/?highlight=+2+AZR+811%2F11\" target=\"_blank\" rel=\"noreferrer noopener\">Federal \u00c7al\u0131\u015fma Mahkemesi, 27 Eyl\u00fcl 2012 tarihli karar \u2013 2 AZR 811\/11<\/a><\/p>\n\n\n\n<p>\u00c7\u0131karlar\u0131 dengelerken a\u015fa\u011f\u0131daki hususlar \u00f6zellikle \u00f6nem ta\u015f\u0131r: <strong>Bak\u0131\u015f a\u00e7\u0131lar\u0131<\/strong> kritik bir rol:<\/p>\n\n\n\n<ul class=\"wp-block-list\">\n<li>\u0130\u015fletmenin veya \u015firketin i\u015flevselli\u011fi<\/li>\n\n\n\n<li>Maddi kayb\u0131n meydana gelmesi ve miktar\u0131<\/li>\n\n\n\n<li>G\u00f6rev ihlallerinin niteli\u011fi, ciddiyeti ve s\u0131kl\u0131\u011f\u0131<\/li>\n\n\n\n<li>\u00c7al\u0131\u015fan\u0131n kusur derecesi<\/li>\n\n\n\n<li>\u0130stihdam ili\u015fkisinin \u00f6nceki ge\u00e7mi\u015fi<\/li>\n\n\n\n<li>\u0130\u015fverenin kusurlu ihmali<\/li>\n\n\n\n<li>Hizmet s\u00fcresi<\/li>\n\n\n\n<li>\u0130\u015f ili\u015fkisinin kesintisiz devam s\u00fcresi<\/li>\n\n\n\n<li>\u00c7al\u0131\u015fan\u0131n ya\u015f\u0131 ve i\u015fg\u00fcc\u00fc piyasas\u0131ndaki beklentileri<\/li>\n\n\n\n<li>\u00c7al\u0131\u015fan\u0131n bak\u0131m y\u00fck\u00fcml\u00fcl\u00fckleri<\/li>\n\n\n\n<li>\u0130\u015fg\u00fcc\u00fcn\u00fcn korunmas\u0131<\/li>\n\n\n\n<li>Operasyonel s\u00fcre\u00e7lerin g\u00fcvence alt\u0131na al\u0131nmas\u0131<\/li>\n<\/ul>\n\n\n\n<h2 class=\"wp-block-heading\" id=\"verhaltensbedingte_k\u00fcndigung_sperrzeit\">Davran\u0131\u015fsal nedenlerle i\u015ften \u00e7\u0131kar\u0131lma durumunda engelleme s\u00fcresi<\/h2>\n\n\n\n<p>Davran\u0131\u015f nedenleriyle i\u015ften \u00e7\u0131kar\u0131lma durumunda, <strong>\u0130\u015fsizlik \u00f6dene\u011fi i\u00e7in bekleme s\u00fcresi<\/strong> Bekleme s\u00fcresi yaln\u0131zca i\u015f ili\u015fkisini fiilen sonland\u0131rman\u0131z durumunda, \u00f6rne\u011fin istifa ederek veya bir s\u00f6zle\u015fme imzalayarak uygulanmaz. <a href=\"https:\/\/smart-arbeitsrecht.de\/tr\/anwalt-aufhebungsvertrag\/\">fesih s\u00f6zle\u015fmesi<\/a>Bir engelleme s\u00fcresi alacaks\u0131n\u0131z <a href=\"https:\/\/www.gesetze-im-internet.de\/sgb_3\/__158.html\" target=\"_blank\" rel=\"noreferrer noopener\">B\u00f6l\u00fcm 158 paragraf 1 c\u00fcmle 2 say\u0131 1 SGB III<\/a> genellikle onlar bile olsa<\/p>\n\n\n\n<p><em>\u201c\u0130\u015f s\u00f6zle\u015fmesine ayk\u0131r\u0131 davran\u0131\u015flar\u0131yla i\u015f ili\u015fkisinin sona ermesine sebep olmu\u015flar ve bu suretle [\u2026] i\u015fsizli\u011fe yol a\u00e7m\u0131\u015flard\u0131r\u201d<\/em>.<\/p>\n\n\n\n<h3 class=\"wp-block-heading\" id=\"h-was-die-sperrzeit-f-r-sie-bedeutet\">Engelleme s\u00fcresinin sizin i\u00e7in anlam\u0131 nedir?<\/h3>\n\n\n\n<p>Peki, engelleme s\u00fcresi sizin i\u00e7in ayr\u0131nt\u0131l\u0131 olarak ne anlama geliyor? Her \u015feyden \u00f6nce, bu sizin <strong>\u0130\u015fsizlik \u00f6dene\u011fi alma hakk\u0131 12 hafta s\u00fcreyle ask\u0131ya al\u0131nd\u0131<\/strong>Bu, bu s\u00fcre zarf\u0131nda acenteden herhangi bir \u00f6deme almayaca\u011f\u0131n\u0131z anlam\u0131na gelir. Ve daha da k\u00f6t\u00fcs\u00fc: Sonras\u0131nda <a href=\"https:\/\/www.gesetze-im-internet.de\/sgb_3\/__148.html\" target=\"_blank\" rel=\"noreferrer noopener\">B\u00f6l\u00fcm 148 paragraf 1 say\u0131 4 SGB III<\/a> Hak kazanma s\u00fcreniz, engelleme s\u00fcresi boyunca, ancak en az d\u00f6rtte biri oran\u0131nda azalt\u0131lacakt\u0131r.<\/p>\n\n\n\n<div class=\"gradient-border blue-gradient p-4 mb-3\"><em>\u00d6rnek: Genellikle 12 ay i\u015fsizlik \u00f6dene\u011fi alma hakk\u0131n\u0131z vard\u0131r. Bekleme s\u00fcresi nedeniyle, i\u015fsizli\u011fin ilk 12 haftas\u0131nda i\u015fsizlik \u00f6dene\u011fi alamazs\u0131n\u0131z. Ayr\u0131ca, 12 haftadan sonra, 12 ay yerine yaln\u0131zca 9 ay boyunca i\u015fsizlik \u00f6dene\u011fi al\u0131rs\u0131n\u0131z.<\/em><\/div>\n\n\n\n<h3 class=\"wp-block-heading\" id=\"h-sperrzeit-auch-bei-fehlender-pflichtverletzung\">G\u00f6rev ihlali olmasa bile durdurma s\u00fcresi var m\u0131d\u0131r?<\/h3>\n\n\n\n<p>Peki ya i\u015fverenin uygunsuz davran\u0131\u015f nedeniyle i\u015ften \u00e7\u0131karma i\u00e7in hi\u00e7bir sebebi yoksa? Sorun \u015fu ki, i\u015fveren <strong>\u00c7al\u0131\u015fma belgesi<\/strong> o <strong>Fesih nedeni <\/strong>Acentenin katibi ilk ba\u015fta karar\u0131n\u0131 buna g\u00f6re veriyor ve \u00e7o\u011fu zaman bir engelleme s\u00fcresi koyuyor.<\/p>\n\n\n\n<p>\u0130\u015f ve \u0130\u015f\u00e7i Bulma Kurumu detayl\u0131 bir inceleme yapmaz. \u0130\u015fsizli\u011finizin ilk g\u00fcn\u00fcnden itibaren i\u015fsizlik \u00f6dene\u011fi almak istiyorsan\u0131z, <strong>\u0130\u015fverenin beyan\u0131na kar\u015f\u0131 \u00e7\u0131k\u0131n<\/strong>Memuru fesih i\u015flemini sizin ba\u015flatmad\u0131\u011f\u0131n\u0131za ikna edebilirseniz, ask\u0131ya alma s\u00fcresinden ka\u00e7\u0131nabilirsiniz.<\/p>\n\n\n\n<h3 class=\"wp-block-heading\" id=\"h-wie-sie-einer-sperrzeit-am-besten-entgehen\">Engelleme d\u00f6neminden en iyi \u015fekilde nas\u0131l ka\u00e7\u0131n\u0131l\u0131r?<\/h3>\n\n\n\n<p>K\u00f6t\u00fcye kullan\u0131m nedeniyle i\u015ften \u00e7\u0131kar\u0131lman\u0131za ra\u011fmen ilk g\u00fcnden itibaren i\u015fsizlik maa\u015f\u0131 alman\u0131n en iyi yolu, <strong>\u0130\u015ften \u00e7\u0131kar\u0131lma koruma davas\u0131 a\u00e7\u0131lmas\u0131<\/strong>\u00d6rne\u011fin \u015fu \u015fekilde bir kar\u015f\u0131la\u015ft\u0131rma yap\u0131labilir:<\/p>\n\n\n\n<p><em>\u201c\u0130\u015fveren, uzla\u015fma duru\u015fmas\u0131ndaki tart\u0131\u015fman\u0131n ard\u0131ndan [\u2026] i\u015ften \u00e7\u0131kar\u0131lmas\u0131na ili\u015fkin iddialar\u0131n\u0131 art\u0131k s\u00fcrd\u00fcrmemektedir.\u201d<\/em><\/p>\n\n\n\n<div class=\"container p-6 my-5 mx-auto border border-cta\">\n  <div class=\"flex flex-col sm:flex-row sm:items-center items-start mx-auto\">\n    <p class=\"flex-grow sm:pr-16 text-2xl font-medium title-font text-gray-500 sm:no-outer-space\">\n      Do\u011fru stratejiyle i\u015fsizlik maa\u015f\u0131 i\u00e7in bekleme s\u00fcresinden kurtulun. Haks\u0131z fesih davas\u0131n\u0131n size ilk g\u00fcnden itibaren nas\u0131l finansal g\u00fcvenlik sa\u011flayabilece\u011fini g\u00f6sterece\u011fiz.\n    <\/p>\n    <a class=\"btn-cta whitespace-nowrap no-outer-space\" href=\"\/tr\/anwalt-kuendigung-arbeitsrecht\/\" target=\"_blank\" rel=\"noopener\">\n      \u015eimdi hukuki tavsiye al\u0131n\n    <\/a>\n  <\/div>\n<\/div>\n\n\n\n\n<h2 class=\"wp-block-heading\" id=\"k\u00fcndigungsschutzklage_verhaltensbedingte_k\u00fcndigung\">Davran\u0131\u015f nedenleriyle i\u015ften \u00e7\u0131kar\u0131lmaya kar\u015f\u0131 i\u015ften \u00e7\u0131karma koruma davas\u0131<\/h2>\n\n\n\n<p>Di\u011fer t\u00fcm fesihlerde oldu\u011fu gibi, davran\u0131\u015f nedeniyle fesih i\u00e7in de ayn\u0131 \u015fey ge\u00e7erlidir: Fesih sorununu \u00e7\u00f6zmenin asl\u0131nda tek bir yolu vard\u0131r: itiraz etmek. <strong>\u0130\u015ften \u00e7\u0131kar\u0131lma koruma davas\u0131<\/strong>. Tam olarak sahipsin <strong>fesih bildiriminin al\u0131nmas\u0131ndan itibaren \u00fc\u00e7 hafta<\/strong> S\u00fcre. Bu s\u00fcreden sonra feshe kar\u015f\u0131 bir i\u015flem yapamazs\u0131n\u0131z.<\/p>\n\n\n\n<h3 class=\"wp-block-heading\" id=\"h-wann-es-sinn-macht-gegen-eine-verhaltensbedingte-k-ndigung-zu-klagen\">K\u00f6t\u00fc davran\u0131\u015f nedeniyle i\u015ften \u00e7\u0131kar\u0131lmaya kar\u015f\u0131 dava a\u00e7man\u0131n mant\u0131kl\u0131 oldu\u011fu durumlar<\/h3>\n\n\n\n<p>Di\u011fer fesih bi\u00e7imlerinden daha da \u00f6nemlisi, davran\u0131\u015f kaynakl\u0131 fesih durumunda davan\u0131n ba\u015far\u0131 \u015fans\u0131n\u0131 dikkatlice de\u011ferlendirmelisiniz. Ki\u015fisel fesih durumunda \u00e7al\u0131\u015fan do\u011frudan fesih gerek\u00e7esi sunmam\u0131\u015fken, operasyonel nedenlerle i\u015ften \u00e7\u0131kar\u0131lma durumunda ise durum davran\u0131\u015f kaynakl\u0131 fesihte farkl\u0131d\u0131r.<\/p>\n\n\n\n<p>Elbette, e\u011fer yanl\u0131\u015f bir \u015fey yapmad\u0131ysan\u0131z, karar nispeten a\u00e7\u0131kt\u0131r: feshe itiraz edin! Ancak \u015fu durumlarda bile <strong>orta d\u00fczeyde g\u00f6rev ihlali<\/strong> bunlar <strong>\u015eanslar fena de\u011fil<\/strong>Bu, \u00f6zellikle i\u015fverenin daha \u00f6nce <strong>uyar\u0131 yok<\/strong> konu\u015ftu.<\/p>\n\n\n\n<p>\u015eu anda <strong>ciddi g\u00f6rev ihlalleri<\/strong> Karar farkl\u0131 olabilir. Ancak bu gibi durumlarda, i\u015fveren genellikle i\u015f akdini bildirimsiz olarak fesheder. Bu durumlarda, k\u00f6t\u00fc davran\u0131\u015f nedeniyle i\u015ften \u00e7\u0131kar\u0131lmaya kar\u015f\u0131 yasal i\u015flem ba\u015flat\u0131lmas\u0131 her durumda tavsiye edilir. <\/p>\n\n\n\n<h3 class=\"wp-block-heading\" id=\"h-empfehlung-entscheiden-sie-anhand-wirtschaftlicher-gesichtspunkte\">\u00d6neri: Ekonomik hususlara dayanarak karar verin<\/h3>\n\n\n\n<p>Sonu\u00e7 olarak, karar\u0131n\u0131z\u0131 ekonomik de\u011ferlendirmelere dayanarak vermelisiniz. Daha \u00f6nce de belirtildi\u011fi gibi, k\u00f6t\u00fc davran\u0131\u015f nedeniyle i\u015ften \u00e7\u0131kar\u0131lma genellikle i\u015fsizlik \u00f6dene\u011fi i\u00e7in bekleme s\u00fcresine yol a\u00e7ar. Yasal yollara ba\u015fvurman\u0131z tavsiye edilebilir. Ayr\u0131ca, <strong>\u0130\u015ften \u00e7\u0131kar\u0131lma iddias\u0131n\u0131n hi\u00e7bir dayana\u011f\u0131 yok<\/strong> var, hatta var <strong>K\u0131dem tazminat\u0131 beklentisi<\/strong>Ayn\u0131 durum, g\u00f6rev ihlalinin orta \u015fiddette olmas\u0131 ve i\u015fverenin daha \u00f6nce uyar\u0131 vermemi\u015f olmas\u0131 durumunda da ge\u00e7erlidir.<\/p>\n\n\n\n<p>Haks\u0131z fesih davas\u0131 a\u00e7mak i\u00e7in \u0130\u015f Mahkemesi Hukuk Hizmetleri Ofisi&#039;ne bizzat ba\u015fvurabilir ve s\u00fcreci kendiniz y\u00fcr\u00fctebilirsiniz. Ancak, her zaman uzman bir i\u015f hukuku avukat\u0131na dan\u0131\u015fman\u0131z tavsiye edilir. <\/p>\n\n\n\n<p>Elbette, bu ayn\u0131 zamanda vermeniz gereken finansal bir karard\u0131r. Hukuki masraf sigortan\u0131z varsa, i\u015finiz daha kolayd\u0131r. Hukuki masraf sigortan\u0131z olmasa bile, bir avukat tutmak yine de faydal\u0131 olabilir. \u0130yi bir avukat, genellikle tazminat a\u00e7\u0131s\u0131ndan sizin i\u00e7in daha fazlas\u0131n\u0131 ba\u015faracak ve b\u00f6ylece neredeyse kendi kendini finanse edecektir.<\/p>\n\n\n\n<div class=\"wp-block-columns cta-2 is-layout-flex wp-container-core-columns-is-layout-9d6595d7 wp-block-columns-is-layout-flex\">\n<div class=\"wp-block-column is-layout-flow wp-block-column-is-layout-flow\" style=\"flex-basis:40%\">\n<figure class=\"wp-block-image size-full\"><img loading=\"lazy\" decoding=\"async\" width=\"779\" height=\"605\" src=\"https:\/\/smart-arbeitsrecht.de\/wp-content\/uploads\/2025\/07\/Raphael_Lugowski_Hamza_Guelbas_Anwaelte.webp\" alt=\"\" class=\"wp-image-9489\" srcset=\"https:\/\/smart-arbeitsrecht.de\/wp-content\/uploads\/2025\/07\/Raphael_Lugowski_Hamza_Guelbas_Anwaelte.webp 779w, https:\/\/smart-arbeitsrecht.de\/wp-content\/uploads\/2025\/07\/Raphael_Lugowski_Hamza_Guelbas_Anwaelte-300x233.webp 300w, https:\/\/smart-arbeitsrecht.de\/wp-content\/uploads\/2025\/07\/Raphael_Lugowski_Hamza_Guelbas_Anwaelte-768x596.webp 768w\" sizes=\"auto, (max-width: 779px) 100vw, 779px\" \/><\/figure>\n<\/div>\n\n\n\n<div class=\"wp-block-column is-vertically-aligned-center is-layout-flow wp-block-column-is-layout-flow\" style=\"flex-basis:50%\">\n<p class=\"has-text-align-left has-medium-font-size\"><strong>K\u00f6t\u00fc davran\u0131\u015f nedeniyle i\u015ften \u00e7\u0131kar\u0131lman\u0131za ra\u011fmen k\u0131dem tazminat\u0131na hak kazan\u0131p kazanmad\u0131\u011f\u0131n\u0131zdan emin de\u011fil misiniz?<\/strong><\/p>\n\n\n\n<p>Uzman i\u015f hukuku avukatlar\u0131m\u0131z, <strong>Raphael Lugowski<\/strong> Ve <strong><strong>Hamza G\u00fclba\u015f<\/strong><\/strong>Uzun y\u0131llara dayanan deneyimimiz ve net stratejimizle yan\u0131n\u0131zday\u0131z. Ba\u015far\u0131 \u015fans\u0131n\u0131z\u0131 de\u011ferlendiriyor, i\u015fvereninizle e\u015fit \u015fartlarda pazarl\u0131k yap\u0131yor ve gerekirse mahkemede bile sizin i\u00e7in m\u00fcmk\u00fcn olan en iyi sonucu elde ediyoruz.<\/p>\n\n\n\n<div class=\"buttons-block flex flex-wrap justify-center mt-12\"> <a class=\"btn-cta mr-0 sm:mr-3 text-dark\" href=\"tel:+4940524717830\"> <i class=\"fa fa-phone mr-2\"><\/i> Hemen aray\u0131n <\/a> <a class=\"btn-cta mr-0 sm:mr-3 text-dark\" href=\"\/tr\/kontakt\/\"> <i class=\"fa fa-envelope mr-2\"><\/i> \u00dccretsiz ilk de\u011ferlendirme<\/a><\/div>\n<\/div>\n<\/div>\n\n\n\n<h2 class=\"wp-block-heading\" id=\"abfindung_verhaltensbedingte_k\u00fcndigung\">K\u00f6t\u00fcye kullan\u0131m nedeniyle i\u015ften \u00e7\u0131kar\u0131lmaya ra\u011fmen k\u0131dem tazminat\u0131 m\u0131 \u00f6denir?<\/h2>\n\n\n\n<p>\u201cFesih ve i\u015ften \u00e7\u0131karmaya kar\u015f\u0131 koruma\u201d ba\u015fl\u0131kl\u0131 makalemizi dikkatlice okudu\u011funuza g\u00f6re, yasal bir <strong>K\u0131dem tazminat\u0131 alma hakk\u0131 yoktur<\/strong>K\u0131dem tazminat\u0131, i\u015fverenin i\u015f\u00e7iyi i\u015f ili\u015fkisinden \u201csat\u0131n alarak\u201d g\u00f6n\u00fcll\u00fc olarak yapt\u0131\u011f\u0131 bir \u00f6demedir. <\/p>\n\n\n\n<h3 class=\"wp-block-heading\" id=\"h-was-die-abfindungsh-he-beeinflusst\">K\u0131dem tazminat\u0131 miktar\u0131n\u0131 neler etkiler?<\/h3>\n\n\n\n<p>Ayr\u0131ca \u015funu da biliyorsun ki <strong>K\u0131dem tazminat\u0131 tutar\u0131<\/strong> bir <strong>M\u00fczakere konusu <\/strong>\u0130\u015fveren daha fazla \u00f6deme yapacak,<\/p>\n\n\n\n<ul class=\"wp-block-list\">\n<li>istihdam ili\u015fkisi daha uzun s\u00fcre devam ederse,<\/li>\n\n\n\n<li>fesih s\u00fcrecinde \u015fans\u0131n\u0131 daha da k\u00f6t\u00fcle\u015ftirir,<\/li>\n\n\n\n<li>istihdam ili\u015fkisini s\u00fcrd\u00fcrme konusunda daha az isteklilik ve<\/li>\n\n\n\n<li>Bir amaca ula\u015fma arzusu ne kadar b\u00fcy\u00fckse.<\/li>\n<\/ul>\n\n\n\n<p>Tersine, i\u015fveren <strong>te\u015fvik yok<\/strong>, bir <strong>y\u00fcksek k\u0131dem tazminat\u0131<\/strong> e\u011fer \u00f6demek isterse <strong>zorlay\u0131c\u0131 nedenler<\/strong> Fesih i\u00e7in. \u0130\u015fveren, fesih karar\u0131n\u0131n mahkemede ge\u00e7erli olaca\u011f\u0131ndan eminse, c\u00fczdan\u0131n\u0131 derinlemesine incelemez. Neden incelesin ki?<\/p>\n\n\n\n<p>Davran\u0131\u015f nedenleriyle i\u015ften \u00e7\u0131kar\u0131lma durumunda ba\u015fka bir neden daha vard\u0131r<strong> duygusal y\u00f6n\u00fc<\/strong> Bu fakt\u00f6r k\u0131dem tazminat\u0131 miktar\u0131n\u0131 etkiler. \u00d6rne\u011fin, operasyonel nedenlerle i\u015ften \u00e7\u0131kar\u0131lma durumunda, i\u015fveren sizin taraf\u0131n\u0131zdan iddia edilen bir suistimali gerek\u00e7e g\u00f6sterir. \u00d6fke ve hayal k\u0131r\u0131kl\u0131\u011f\u0131 gibi ki\u015fisel hassasiyetlerin burada \u00f6nemli bir rol oynad\u0131\u011f\u0131na inan\u0131yorlar ve benim deneyimime g\u00f6re bu inkar edilemez.<\/p>\n\n\n\n<h3 class=\"wp-block-heading\" id=\"h-tipp-abfindung-auch-bei-verhaltensbedingter-k-ndigung\">\u0130pucu: K\u00f6t\u00fcye kullan\u0131m nedeniyle i\u015ften \u00e7\u0131kar\u0131lma durumunda bile k\u0131dem tazminat\u0131<\/h3>\n\n\n\n<p>Buna g\u00f6re, i\u015fverenin k\u00f6t\u00fc davran\u0131\u015f nedeniyle i\u015ften \u00e7\u0131kar\u0131lma durumunda (y\u00fcksek) bir k\u0131dem tazminat\u0131 \u00f6deme iste\u011fi daha d\u00fc\u015f\u00fck olma e\u011filimindedir. Daha s\u0131k\u0131 m\u00fccadele etmeniz ve hatta bazen i\u015fverenin iddias\u0131n\u0131n alt\u0131nda yatan ger\u00e7eklerin a\u00e7\u0131k\u00e7a yanl\u0131\u015f olmas\u0131 durumunda uzla\u015fma m\u00fczakerelerinin ba\u015far\u0131s\u0131z olmas\u0131na izin vermeniz gerekir. Ard\u0131ndan biraz \u00f6n \u00e7al\u0131\u015fma yapman\u0131z ve \u00f6nce i\u015fvereni yanl\u0131\u015f varsay\u0131mlarda bulundu\u011funa ikna etmeniz gerekir. Bu zaman al\u0131r ve genellikle baro \u00f6n\u00fcndeki duru\u015fmaya kadar s\u00fcrer.<\/p>\n\n\n\n<p><\/p>","protected":false},"excerpt":{"rendered":"<p>Davran\u0131\u015f Nedeniyle \u0130\u015ften \u00c7\u0131kar\u0131lma \u2013 Sizin \u0130\u00e7in \u00d6nemli Bilgiler Davran\u0131\u015f nedeniyle i\u015ften \u00e7\u0131kar\u0131ld\u0131n\u0131z m\u0131 ve \u015fimdi ilk rehberli\u011fi mi ar\u0131yorsunuz?<\/p>","protected":false},"author":1,"featured_media":0,"parent":0,"menu_order":0,"comment_status":"closed","ping_status":"closed","template":"","meta":{"footnotes":""},"class_list":["post-1435","page","type-page","status-publish","hentry"],"acf":[],"yoast_head":"<!-- This site is optimized with the Yoast SEO plugin v26.5 - https:\/\/yoast.com\/wordpress\/plugins\/seo\/ -->\n<title>Verhaltensbedingte K\u00fcndigung - Gro\u00dfer Ratgeber | Smart-Arbeitsrecht<\/title>\n<meta name=\"description\" content=\"Verhaltensbedingte K\u00fcndigung - Gro\u00dfer Ratgeber \u2714\ufe0f Vom Fachanwalt f\u00fcr Arbeitrecht \u2714\ufe0f Der Beitrag bringt Sie garantiert weiter \u2714\ufe0f\" \/>\n<meta name=\"robots\" content=\"index, follow, max-snippet:-1, max-image-preview:large, max-video-preview:-1\" \/>\n<link rel=\"canonical\" href=\"https:\/\/smart-arbeitsrecht.de\/tr\/verhaltensbedingte-kuendigung-grosser-ratgeber\/\" \/>\n<meta property=\"og:locale\" content=\"tr_TR\" \/>\n<meta property=\"og:type\" content=\"article\" \/>\n<meta property=\"og:title\" content=\"Verhaltensbedingte K\u00fcndigung - Gro\u00dfer Ratgeber | Smart-Arbeitsrecht\" \/>\n<meta property=\"og:description\" content=\"Verhaltensbedingte K\u00fcndigung - Gro\u00dfer Ratgeber \u2714\ufe0f Vom Fachanwalt f\u00fcr Arbeitrecht \u2714\ufe0f Der Beitrag bringt Sie garantiert weiter \u2714\ufe0f\" \/>\n<meta property=\"og:url\" content=\"https:\/\/smart-arbeitsrecht.de\/tr\/verhaltensbedingte-kuendigung-grosser-ratgeber\/\" \/>\n<meta property=\"og:site_name\" content=\"Smart-Arbeitsrecht\" \/>\n<meta property=\"article:modified_time\" content=\"2025-07-04T06:39:37+00:00\" \/>\n<meta property=\"og:image\" content=\"https:\/\/smart-arbeitsrecht.de\/wp-content\/uploads\/2025\/07\/Raphael_Lugowski_Hamza_Guelbas_Anwaelte.webp\" \/>\n\t<meta property=\"og:image:width\" content=\"779\" \/>\n\t<meta property=\"og:image:height\" content=\"605\" \/>\n\t<meta property=\"og:image:type\" content=\"image\/webp\" \/>\n<meta name=\"twitter:card\" content=\"summary_large_image\" \/>\n<meta name=\"twitter:label1\" content=\"Tahmini okuma s\u00fcresi\" \/>\n\t<meta name=\"twitter:data1\" content=\"13 dakika\" \/>\n<script type=\"application\/ld+json\" class=\"yoast-schema-graph\">{\"@context\":\"https:\/\/schema.org\",\"@graph\":[{\"@type\":\"WebPage\",\"@id\":\"https:\/\/smart-arbeitsrecht.de\/verhaltensbedingte-kuendigung-grosser-ratgeber\/\",\"url\":\"https:\/\/smart-arbeitsrecht.de\/verhaltensbedingte-kuendigung-grosser-ratgeber\/\",\"name\":\"Verhaltensbedingte K\u00fcndigung - Gro\u00dfer Ratgeber | Smart-Arbeitsrecht\",\"isPartOf\":{\"@id\":\"https:\/\/smart-arbeitsrecht.de\/#website\"},\"primaryImageOfPage\":{\"@id\":\"https:\/\/smart-arbeitsrecht.de\/verhaltensbedingte-kuendigung-grosser-ratgeber\/#primaryimage\"},\"image\":{\"@id\":\"https:\/\/smart-arbeitsrecht.de\/verhaltensbedingte-kuendigung-grosser-ratgeber\/#primaryimage\"},\"thumbnailUrl\":\"https:\/\/smart-arbeitsrecht.de\/wp-content\/uploads\/2025\/07\/Raphael_Lugowski_Hamza_Guelbas_Anwaelte.webp\",\"description\":\"Verhaltensbedingte K\u00fcndigung - Gro\u00dfer Ratgeber \u2714\ufe0f Vom Fachanwalt f\u00fcr Arbeitrecht \u2714\ufe0f Der Beitrag bringt Sie garantiert weiter \u2714\ufe0f\",\"breadcrumb\":{\"@id\":\"https:\/\/smart-arbeitsrecht.de\/verhaltensbedingte-kuendigung-grosser-ratgeber\/#breadcrumb\"},\"inLanguage\":\"tr\",\"potentialAction\":[{\"@type\":\"ReadAction\",\"target\":[\"https:\/\/smart-arbeitsrecht.de\/verhaltensbedingte-kuendigung-grosser-ratgeber\/\"]}]},{\"@type\":\"ImageObject\",\"inLanguage\":\"tr\",\"@id\":\"https:\/\/smart-arbeitsrecht.de\/verhaltensbedingte-kuendigung-grosser-ratgeber\/#primaryimage\",\"url\":\"https:\/\/smart-arbeitsrecht.de\/wp-content\/uploads\/2025\/07\/Raphael_Lugowski_Hamza_Guelbas_Anwaelte.webp\",\"contentUrl\":\"https:\/\/smart-arbeitsrecht.de\/wp-content\/uploads\/2025\/07\/Raphael_Lugowski_Hamza_Guelbas_Anwaelte.webp\"},{\"@type\":\"BreadcrumbList\",\"@id\":\"https:\/\/smart-arbeitsrecht.de\/verhaltensbedingte-kuendigung-grosser-ratgeber\/#breadcrumb\",\"itemListElement\":[{\"@type\":\"ListItem\",\"position\":1,\"name\":\"Startseite\",\"item\":\"https:\/\/smart-arbeitsrecht.de\/\"},{\"@type\":\"ListItem\",\"position\":2,\"name\":\"Verhaltensbedingte K\u00fcndigung &#8211; Gro\u00dfer Ratgeber\"}]},{\"@type\":\"WebSite\",\"@id\":\"https:\/\/smart-arbeitsrecht.de\/#website\",\"url\":\"https:\/\/smart-arbeitsrecht.de\/\",\"name\":\"Smart-Arbeitsrecht\",\"description\":\"Kanzlei f\u00fcr Arbeitsrecht\",\"potentialAction\":[{\"@type\":\"SearchAction\",\"target\":{\"@type\":\"EntryPoint\",\"urlTemplate\":\"https:\/\/smart-arbeitsrecht.de\/?s={search_term_string}\"},\"query-input\":{\"@type\":\"PropertyValueSpecification\",\"valueRequired\":true,\"valueName\":\"search_term_string\"}}],\"inLanguage\":\"tr\"}]}<\/script>\n<!-- \/ Yoast SEO plugin. -->","yoast_head_json":{"title":"Davran\u0131\u015fsal Nedenlerle \u0130\u015ften \u00c7\u0131karma - Kapsaml\u0131 Bir K\u0131lavuz | Ak\u0131ll\u0131 \u0130\u015f Hukuku","description":"Davran\u0131\u015fsal Nedenlerle \u0130\u015ften \u00c7\u0131karma - Kapsaml\u0131 Rehber \u2714\ufe0f Uzman Bir \u0130\u015f Hukuku Avukat\u0131ndan \u2714\ufe0f Bu makalenin size yard\u0131mc\u0131 olaca\u011f\u0131 garantidir \u2714\ufe0f","robots":{"index":"index","follow":"follow","max-snippet":"max-snippet:-1","max-image-preview":"max-image-preview:large","max-video-preview":"max-video-preview:-1"},"canonical":"https:\/\/smart-arbeitsrecht.de\/tr\/verhaltensbedingte-kuendigung-grosser-ratgeber\/","og_locale":"tr_TR","og_type":"article","og_title":"Verhaltensbedingte K\u00fcndigung - Gro\u00dfer Ratgeber | Smart-Arbeitsrecht","og_description":"Verhaltensbedingte K\u00fcndigung - Gro\u00dfer Ratgeber \u2714\ufe0f Vom Fachanwalt f\u00fcr Arbeitrecht \u2714\ufe0f Der Beitrag bringt Sie garantiert weiter \u2714\ufe0f","og_url":"https:\/\/smart-arbeitsrecht.de\/tr\/verhaltensbedingte-kuendigung-grosser-ratgeber\/","og_site_name":"Smart-Arbeitsrecht","article_modified_time":"2025-07-04T06:39:37+00:00","og_image":[{"width":779,"height":605,"url":"https:\/\/smart-arbeitsrecht.de\/wp-content\/uploads\/2025\/07\/Raphael_Lugowski_Hamza_Guelbas_Anwaelte.webp","type":"image\/webp"}],"twitter_card":"summary_large_image","twitter_misc":{"Tahmini okuma s\u00fcresi":"13 dakika"},"schema":{"@context":"https:\/\/schema.org","@graph":[{"@type":"WebPage","@id":"https:\/\/smart-arbeitsrecht.de\/verhaltensbedingte-kuendigung-grosser-ratgeber\/","url":"https:\/\/smart-arbeitsrecht.de\/verhaltensbedingte-kuendigung-grosser-ratgeber\/","name":"Davran\u0131\u015fsal Nedenlerle \u0130\u015ften \u00c7\u0131karma - Kapsaml\u0131 Bir K\u0131lavuz | Ak\u0131ll\u0131 \u0130\u015f Hukuku","isPartOf":{"@id":"https:\/\/smart-arbeitsrecht.de\/#website"},"primaryImageOfPage":{"@id":"https:\/\/smart-arbeitsrecht.de\/verhaltensbedingte-kuendigung-grosser-ratgeber\/#primaryimage"},"image":{"@id":"https:\/\/smart-arbeitsrecht.de\/verhaltensbedingte-kuendigung-grosser-ratgeber\/#primaryimage"},"thumbnailUrl":"https:\/\/smart-arbeitsrecht.de\/wp-content\/uploads\/2025\/07\/Raphael_Lugowski_Hamza_Guelbas_Anwaelte.webp","description":"Davran\u0131\u015fsal Nedenlerle \u0130\u015ften \u00c7\u0131karma - Kapsaml\u0131 Rehber \u2714\ufe0f Uzman Bir \u0130\u015f Hukuku Avukat\u0131ndan \u2714\ufe0f Bu makalenin size yard\u0131mc\u0131 olaca\u011f\u0131 garantidir \u2714\ufe0f","breadcrumb":{"@id":"https:\/\/smart-arbeitsrecht.de\/verhaltensbedingte-kuendigung-grosser-ratgeber\/#breadcrumb"},"inLanguage":"tr","potentialAction":[{"@type":"ReadAction","target":["https:\/\/smart-arbeitsrecht.de\/verhaltensbedingte-kuendigung-grosser-ratgeber\/"]}]},{"@type":"ImageObject","inLanguage":"tr","@id":"https:\/\/smart-arbeitsrecht.de\/verhaltensbedingte-kuendigung-grosser-ratgeber\/#primaryimage","url":"https:\/\/smart-arbeitsrecht.de\/wp-content\/uploads\/2025\/07\/Raphael_Lugowski_Hamza_Guelbas_Anwaelte.webp","contentUrl":"https:\/\/smart-arbeitsrecht.de\/wp-content\/uploads\/2025\/07\/Raphael_Lugowski_Hamza_Guelbas_Anwaelte.webp"},{"@type":"BreadcrumbList","@id":"https:\/\/smart-arbeitsrecht.de\/verhaltensbedingte-kuendigung-grosser-ratgeber\/#breadcrumb","itemListElement":[{"@type":"ListItem","position":1,"name":"Startseite","item":"https:\/\/smart-arbeitsrecht.de\/"},{"@type":"ListItem","position":2,"name":"Verhaltensbedingte K\u00fcndigung &#8211; Gro\u00dfer Ratgeber"}]},{"@type":"WebSite","@id":"https:\/\/smart-arbeitsrecht.de\/#website","url":"https:\/\/smart-arbeitsrecht.de\/","name":"Ak\u0131ll\u0131 i\u015f hukuku","description":"\u0130\u015f hukuku firmas\u0131","potentialAction":[{"@type":"SearchAction","target":{"@type":"EntryPoint","urlTemplate":"https:\/\/smart-arbeitsrecht.de\/?s={search_term_string}"},"query-input":{"@type":"PropertyValueSpecification","valueRequired":true,"valueName":"search_term_string"}}],"inLanguage":"tr"}]}},"_links":{"self":[{"href":"https:\/\/smart-arbeitsrecht.de\/tr\/wp-json\/wp\/v2\/pages\/1435","targetHints":{"allow":["GET"]}}],"collection":[{"href":"https:\/\/smart-arbeitsrecht.de\/tr\/wp-json\/wp\/v2\/pages"}],"about":[{"href":"https:\/\/smart-arbeitsrecht.de\/tr\/wp-json\/wp\/v2\/types\/page"}],"author":[{"embeddable":true,"href":"https:\/\/smart-arbeitsrecht.de\/tr\/wp-json\/wp\/v2\/users\/1"}],"replies":[{"embeddable":true,"href":"https:\/\/smart-arbeitsrecht.de\/tr\/wp-json\/wp\/v2\/comments?post=1435"}],"version-history":[{"count":6,"href":"https:\/\/smart-arbeitsrecht.de\/tr\/wp-json\/wp\/v2\/pages\/1435\/revisions"}],"predecessor-version":[{"id":9533,"href":"https:\/\/smart-arbeitsrecht.de\/tr\/wp-json\/wp\/v2\/pages\/1435\/revisions\/9533"}],"wp:attachment":[{"href":"https:\/\/smart-arbeitsrecht.de\/tr\/wp-json\/wp\/v2\/media?parent=1435"}],"curies":[{"name":"wp","href":"https:\/\/api.w.org\/{rel}","templated":true}]}}