{"id":16,"date":"2019-12-26T09:59:57","date_gmt":"2019-12-26T08:59:57","guid":{"rendered":"http:\/\/betriebsrat.kanzlei\/?page_id=16"},"modified":"2026-03-21T09:44:01","modified_gmt":"2026-03-21T08:44:01","slug":"kanzlei","status":"publish","type":"page","link":"https:\/\/smart-arbeitsrecht.de\/tr\/kanzlei\/","title":{"rendered":"Ak\u0131ll\u0131 \u0130\u015f Hukuku \u2013 Kalite ve m\u00fc\u015fterilere ba\u011fl\u0131l\u0131k"},"content":{"rendered":"<p>\u0130\u015f hukuku ihtilaflar\u0131 ve kararlar\u0131 genellikle \u00f6nemli ki\u015fisel, mesleki ve ekonomik sonu\u00e7lar do\u011furur. Bu nedenle, hukuki temsil \u00e7ok daha \u00f6nemlidir; bu temsil sadece bireysel hukuki sorular\u0131 yan\u0131tlamakla kalmaz, ayn\u0131 zamanda davay\u0131 bir b\u00fct\u00fcn olarak anlar, farkl\u0131 y\u00f6nler aras\u0131ndaki ba\u011flant\u0131lar\u0131 tan\u0131r ve net ve uygulanabilir bir strateji geli\u015ftirir.<\/p>\n\n\n\n<p><a href=\"https:\/\/smart-arbeitsrecht.de\/tr\/\">Ak\u0131ll\u0131 \u0130\u015f Hukuku<\/a> Hamburg merkezli, i\u015f hukuku konusunda uzmanla\u015fm\u0131\u015f bir hukuk firmas\u0131y\u0131z. \u00c7al\u0131\u015fanlara, i\u015fverenlere ve i\u015f\u00e7i temsilciliklerine \u015fu konularda net bir taahh\u00fctle dan\u0131\u015fmanl\u0131k ve temsil hizmeti veriyoruz: i\u015f hukukunda y\u00fcksek kalite, her davan\u0131n titizlikle ele al\u0131nmas\u0131 ve hukuki a\u00e7\u0131dan do\u011fru, stratejik olarak sa\u011flam ve ki\u015fisel olarak g\u00fcvenilir temsil.<\/p>\n\n\n\n<p>\u0130\u015f hukuku alan\u0131nda iyi sonu\u00e7lar rutin i\u015flerden gelmez. Uzmanla\u015fma, deneyim, \u00f6zen ve m\u00fcvekkilin hedefleri ve \u00e7\u0131karlar\u0131n\u0131n net bir \u015fekilde anla\u015f\u0131lmas\u0131 bir araya geldi\u011finde ortaya \u00e7\u0131karlar.<\/p>\n\n\n\n<div class=\"toc\">\n<h3>\u0130\u00e7indekiler<\/h3>\n<ol>\n<li><a href=\"#arbeitsrecht_anspruch\">\u0130\u015f hukuku ve haklar<\/a><\/li>\n<li><a href=\"#auszeichnung_arbeit\">\u0130\u015fte bu, \u00e7al\u0131\u015fmalar\u0131m\u0131z\u0131 di\u011ferlerinden ay\u0131ran \u00f6zellik.<\/a><\/li>\n<li><a href=\"#bearbeitung_mandate\">Biz davalar\u0131m\u0131z\u0131 bu \u015fekilde ele al\u0131yoruz.<\/a><\/li>\n<li><a href=\"#mandanten_t\u00e4tigkeit\">Kimler i\u00e7in \u00e7al\u0131\u015f\u0131yoruz?<\/a><\/li>\n<li><a href=\"#spezialisierung_wichtig\">Bu nedenle i\u015f hukuku alan\u0131nda uzmanla\u015fmak \u00f6nemlidir.<\/a><\/li>\n<li><a href=\"#smartarbeitrecht_heute\">G\u00fcn\u00fcm\u00fcz\u00fcn ak\u0131ll\u0131 i\u015f hukuku<\/a><\/li>\n<li><a href=\"#qualit\u00e4t_stillstand\">Kalite, durgunlukla yarat\u0131lamaz.<\/a><\/li>\n<li><a href=\"#verst\u00e4ndnis_vertretung\">\u0130yi bir hukuki temsil anlay\u0131\u015f\u0131m\u0131z<\/a><\/li>\n<li><a href=\"#sorgf\u00e4ltige_vertretung\">Davan\u0131z, i\u015f hukuku alan\u0131nda \u00f6zenli bir hukuki temsili hak ediyor.<\/a><\/li>\n<\/ol>\n<\/div>\n\n\n\n<h2 class=\"wp-block-heading\" id=\"arbeitsrecht_anspruch\">\u0130\u015f hukuku ve haklar<\/h2>\n\n\n\n<p>Hukuk b\u00fcromuz, al\u0131\u015f\u0131lm\u0131\u015f\u0131n d\u0131\u015f\u0131nda i\u015f hukuku dan\u0131\u015fmanl\u0131\u011f\u0131 ve temsili sunmaktad\u0131r. \u0130\u015f hukuku alan\u0131nda ikna edici tavsiye ve etkili temsil sa\u011flamak isteyen herkesin, sadece hukuk bilgisine sahip olmas\u0131 yeterli de\u011fildir. Olaylar\u0131 do\u011fru bir \u015fekilde de\u011ferlendirmeli, yasal ve taktiksel se\u00e7enekleri g\u00fcvenle de\u011ferlendirmeli, ilgili \u00e7\u0131karlar\u0131 a\u00e7\u0131k\u00e7a tan\u0131mlamal\u0131 ve her \u00f6zel durum i\u00e7in do\u011fru hareket tarz\u0131n\u0131 bulmal\u0131d\u0131r.<\/p>\n\n\n<div class=\"wp-block-image\">\n<figure class=\"alignleft size-large is-resized\"><img loading=\"lazy\" decoding=\"async\" width=\"1024\" height=\"693\" src=\"https:\/\/smart-arbeitsrecht.de\/wp-content\/uploads\/2026\/03\/Raphael-und-Hamza-Treppen-e1773141788263-1024x693.jpg\" alt=\"\" class=\"wp-image-10492\" style=\"width:468px;height:auto\" srcset=\"https:\/\/smart-arbeitsrecht.de\/wp-content\/uploads\/2026\/03\/Raphael-und-Hamza-Treppen-e1773141788263-1024x693.jpg 1024w, https:\/\/smart-arbeitsrecht.de\/wp-content\/uploads\/2026\/03\/Raphael-und-Hamza-Treppen-e1773141788263-300x203.jpg 300w, https:\/\/smart-arbeitsrecht.de\/wp-content\/uploads\/2026\/03\/Raphael-und-Hamza-Treppen-e1773141788263-768x520.jpg 768w, https:\/\/smart-arbeitsrecht.de\/wp-content\/uploads\/2026\/03\/Raphael-und-Hamza-Treppen-e1773141788263-1536x1039.jpg 1536w, https:\/\/smart-arbeitsrecht.de\/wp-content\/uploads\/2026\/03\/Raphael-und-Hamza-Treppen-e1773141788263-2048x1386.jpg 2048w, https:\/\/smart-arbeitsrecht.de\/wp-content\/uploads\/2026\/03\/Raphael-und-Hamza-Treppen-e1773141788263-18x12.jpg 18w\" sizes=\"auto, (max-width: 1024px) 100vw, 1024px\" \/><\/figure><\/div>\n\n\n<p>\u0130\u015fte tam olarak bu noktada amac\u0131m\u0131z\u0131 g\u00f6r\u00fcyoruz.<\/p>\n\n\n\n<p>Biz, g\u00f6revleri \u015fematik veya y\u00fczeysel olarak ele alm\u0131yoruz. Ger\u00e7ek ve yasal durumu kapsaml\u0131 bir \u015fekilde analiz etmek, f\u0131rsatlar\u0131 ve riskleri ger\u00e7ek\u00e7i bir \u015fekilde de\u011ferlendirmek ve m\u00fc\u015fterilerimizin hedefleri ve \u00e7\u0131karlar\u0131yla uyumlu bir strateji geli\u015ftirmek i\u00e7in gerekli zaman\u0131 ay\u0131r\u0131yoruz.<\/p>\n\n\n\n<p>Amac\u0131m\u0131z sadece davalar\u0131 i\u015flemek de\u011fil. \u0130\u015f hukuku sorunlar\u0131n\u0131 gerekli ciddiyet, uzmanl\u0131k ve stratejik netlikle ele almakt\u0131r.<\/p>\n\n\n\n<h2 class=\"wp-block-heading\" id=\"auszeichnung_arbeit\">\u0130\u015fte bu, \u00e7al\u0131\u015fmalar\u0131m\u0131z\u0131 di\u011ferlerinden ay\u0131ran \u00f6zellik.<\/h2>\n\n\n\n<h3 class=\"wp-block-heading\">\u0130\u015f hukukunda ses kalitesi<\/h3>\n\n\n\n<p>\u0130\u015f hukuku, kendine \u00f6zg\u00fc ve zorlu bir hukuk alan\u0131d\u0131r. Bir\u00e7ok ihtilaf, genel ge\u00e7er cevaplarla \u00e7\u00f6z\u00fclemez. Ba\u015far\u0131 genellikle hukuki ayr\u0131nt\u0131lar\u0131, olgusal \u00f6zellikleri ve taktiksel hususlar\u0131 do\u011fru bir \u015fekilde belirlemeye ve birle\u015ftirmeye ba\u011fl\u0131d\u0131r.<\/p>\n\n\n\n<p>Bu nedenle, s\u00fcrekli olarak uzmanla\u015fm\u0131\u015f bir yakla\u015f\u0131mla \u00e7al\u0131\u015f\u0131yoruz. M\u00fc\u015fterilerimiz, endi\u015felerinin yaln\u0131zca genel bir hukuk perspektifinden de\u011fil, ayn\u0131 zamanda i\u015f hukuku konusunda da kapsaml\u0131 bir anlay\u0131\u015fla incelenip ele al\u0131nmas\u0131n\u0131 bekleyebilirler. Bu uzmanla\u015fma bizim i\u00e7in sadece bir moda s\u00f6zc\u00fc\u011f\u00fc de\u011fil, kalitenin \u00f6n ko\u015fuludur.<\/p>\n\n\n\n<h3 class=\"wp-block-heading\">Y\u00fczeysel i\u015flem yerine dikkatli analiz<\/h3>\n\n\n\n<p>Her dava, olaylar\u0131n detayl\u0131 bir \u015fekilde incelenmesiyle ba\u015flar. Etkili i\u015f hukuku temsili, yaln\u0131zca bireysel belgeleri incelemeyi veya standart \u015fablonlar\u0131 uygulamay\u0131 de\u011fil, t\u00fcm durumu anlamay\u0131 gerektirir.<\/p>\n\n\n\n<p>Genellikle, bir davada ger\u00e7ekten neyin \u00f6nemli oldu\u011funu ancak daha yak\u0131ndan incelemek ortaya \u00e7\u0131kar\u0131r. Hangi \u00e7\u0131karlar s\u00f6z konusu? Hangi yasal ara\u00e7lar mevcut? Hangi riskler ciddiye al\u0131nmal\u0131? Hangi arg\u00fcmanlar ikna edici ve hangi hareket tarz\u0131 ger\u00e7ekten mant\u0131kl\u0131?<\/p>\n\n\n\n<p>Bu sorulara rutin y\u00f6ntemlerle cevap verilemez. Dikkat, deneyim ve \u00f6zen gerektirirler. \u00c7al\u0131\u015fmalar\u0131m\u0131z\u0131n \u00f6nemli bir k\u0131sm\u0131 da tam olarak bu noktada yatmaktad\u0131r.<\/p>\n\n\n\n<h3 class=\"wp-block-heading\">Hedeflerinize ve ilgi alanlar\u0131n\u0131za ula\u015fmak i\u00e7in net bir strateji.<\/h3>\n\n\n\n<p>\u0130\u015f hukuku nadiren yaln\u0131zca soyut hukuki sorularla ilgilenir. Genellikle \u00e7ok somut hedeflerle ilgilidir: istihdam\u0131 korumak, uygun k\u0131dem tazminat\u0131 almak, uyar\u0131ya kar\u015f\u0131 savunma yapmak, uygulanabilir bir ayr\u0131l\u0131k \u00e7\u00f6z\u00fcm\u00fc bulmak, \u00fccret taleplerini a\u00e7\u0131kl\u0131\u011fa kavu\u015fturmak, hukuken sa\u011flam i\u015f ili\u015fkileri sa\u011flamak veya i\u015f anayasas\u0131 hukuku kapsam\u0131ndaki haklar\u0131 etkin bir \u015fekilde kullanmak.<\/p>\n\n\n\n<p>Bu nedenle, \u00e7al\u0131\u015fmalar\u0131m\u0131z\u0131 s\u00fcrekli olarak m\u00fc\u015fterilerimizin hedefleri ve \u00e7\u0131karlar\u0131yla uyumlu hale getiriyoruz. Sadece yasal olarak m\u00fcmk\u00fcn olan\u0131 de\u011fil, ayn\u0131 zamanda belirli durumda hangi yakla\u015f\u0131m\u0131n mant\u0131kl\u0131, uygun ve umut vadeden oldu\u011funu da dikkate al\u0131yoruz.<\/p>\n\n\n\n<p>Her dava ayn\u0131 yan\u0131t\u0131 gerektirmez. Bazen, kararl\u0131 bir \u015fekilde mahkeme d\u0131\u015f\u0131nda temsil do\u011fru yakla\u015f\u0131md\u0131r. Bazen dava a\u00e7mak gerekir. Bazen de g\u00fc\u00e7, becerikli m\u00fczakerede yatar. En \u00f6nemli fakt\u00f6r, stratejinin davaya uygun olmas\u0131 ve sa\u011flam bir hukuki temele dayanmas\u0131d\u0131r.<\/p>\n\n\n\n<h3 class=\"wp-block-heading\">\u015eeffaf tavsiye ve anla\u015f\u0131l\u0131r ileti\u015fim<\/h3>\n\n\n\n<p>\u0130yi bir hukuki temsil, g\u00fcven gerektirir. G\u00fcven, teknik jargon veya belirsiz de\u011ferlendirmelerle de\u011fil, a\u00e7\u0131kl\u0131kla in\u015fa edilir.<\/p>\n\n\n\n<p>Bu nedenle, a\u00e7\u0131k, \u015feffaf ve d\u00fcr\u00fcst ileti\u015fime b\u00fcy\u00fck \u00f6nem veriyoruz. Hukuki konular\u0131 anla\u015f\u0131l\u0131r bir \u015fekilde a\u00e7\u0131kl\u0131yor, f\u0131rsatlar\u0131 ve riskleri a\u00e7\u0131k\u00e7a ele al\u0131yor ve hangi ad\u0131mlar\u0131n mant\u0131kl\u0131 olabilece\u011fini ve belirli kararlar\u0131n ne gibi sonu\u00e7lar do\u011furabilece\u011fini g\u00f6steriyoruz.<\/p>\n\n\n\n<p>M\u00fcvekkillerimiz sadece temsil edilmekle kalmamal\u0131, ayn\u0131 zamanda iyi ve bilin\u00e7li kararlar alabilmeleri i\u00e7in de g\u00fc\u00e7lendirilmelidir.<\/p>\n\n\n\n<h3 class=\"wp-block-heading\">Ki\u015fisel destek ve g\u00fcvenilirlik<\/h3>\n\n\n\n<p>\u0130\u015f uyu\u015fmazl\u0131klar\u0131 bir\u00e7ok insan i\u00e7in stresli bir durumdur. \u00c7al\u0131\u015fanlar i\u00e7in genellikle mesleki ve ekonomik ge\u00e7im kaynaklar\u0131n\u0131 ilgilendirir. \u0130\u015fverenler i\u00e7in ise etkili bir \u015fekilde faaliyet g\u00f6sterme ve zor personel kararlar\u0131 alma yeteneklerini ilgilendirir. \u0130\u015f\u00e7i konseyleri i\u00e7in ise sorumlu komite \u00e7al\u0131\u015fmalar\u0131n\u0131, ortak karar almay\u0131 ve temel haklar\u0131n kullan\u0131m\u0131n\u0131 ilgilendirir.<\/p>\n\n\n\n<p>Bu gibi durumlarda, hukuki dan\u0131\u015fmanl\u0131k hayati \u00f6nem ta\u015f\u0131r; bu dan\u0131\u015fmanl\u0131k, mesafeli ve idari bir \u015fekilde de\u011fil, dikkatli, g\u00fcvenilir ve ki\u015fisel bir \u015fekilde \u00e7al\u0131\u015f\u0131r. Biz davalar\u0131 sadece birer s\u00fcre\u00e7 olarak de\u011fil, dikkatli ve sorumlu bir \u015fekilde ele al\u0131nmay\u0131 hak eden meseleler olarak g\u00f6r\u00fcyoruz.<\/p>\n\n\n\n<p>Bizim i\u00e7in bu, ula\u015f\u0131labilir olmak, sorular\u0131 ciddiye almak ve m\u00fc\u015fterileri belirsizlik i\u00e7inde b\u0131rakmamak anlam\u0131na da geliyor.<\/p>\n\n\n\n<h3 class=\"wp-block-heading\">Pratikte fark yaratan deneyim<\/h3>\n\n\n\n<p>Deneyim, b\u00fcy\u00fck s\u00f6zlerle de\u011fil, de\u011ferlendirmenin kalitesiyle, tavsiyenin kesinli\u011fiyle ve karma\u015f\u0131k veya \u00e7at\u0131\u015fma dolu durumlar\u0131 bile do\u011fru s\u0131n\u0131fland\u0131rma yetene\u011fiyle g\u00f6sterilir.<\/p>\n\n\n\n<p>Y\u0131llarca yo\u011fun bir \u015fekilde i\u015f hukuku davalar\u0131yla ilgilenenler, ger\u00e7ekten \u00f6nemli olan\u0131n ne oldu\u011funu daha h\u0131zl\u0131 fark ederler. Hangi hususlar\u0131n belirleyici olabilece\u011fini, hangi hatalardan ka\u00e7\u0131n\u0131lmas\u0131 gerekti\u011fini ve hangi stratejilerin pratikte uygulanabilir oldu\u011funu bilirler. Bu deneyim, \u00e7al\u0131\u015fmalar\u0131m\u0131za y\u00f6n vermektedir.<\/p>\n\n\n\n<p>Bu, her bir vakan\u0131n dikkatli bir \u015fekilde incelenmesinin yerini tutmaz, ancak bu incelemenin kalitesini art\u0131r\u0131r. Ve sadece soyut olarak \u00e7\u0131karlar\u0131 temsil etmeye de\u011fil, ayn\u0131 zamanda onlar\u0131 etkili bir \u015fekilde uygulamaya da yard\u0131mc\u0131 olur.<\/p>\n\n\n\n<h2 class=\"wp-block-heading\" id=\"bearbeitung_mandate\">Biz davalar\u0131m\u0131z\u0131 bu \u015fekilde ele al\u0131yoruz.<\/h2>\n\n\n\n<p>Bizim i\u00e7in iyi bir hukuki \u00e7al\u0131\u015fma, standart bir \u00e7\u00f6z\u00fcmle de\u011fil, her bir davan\u0131n kendine \u00f6zg\u00fc bir \u015fekilde anla\u015f\u0131lmas\u0131yla ba\u015flar.<\/p>\n\n\n<div class=\"wp-block-image\">\n<figure class=\"alignright size-large is-resized\"><img loading=\"lazy\" decoding=\"async\" width=\"1024\" height=\"662\" src=\"https:\/\/smart-arbeitsrecht.de\/wp-content\/uploads\/2026\/03\/Raphael_Hamza_Hafen-e1773142388315-1024x662.jpg\" alt=\"\" class=\"wp-image-10496\" style=\"width:485px;height:auto\" srcset=\"https:\/\/smart-arbeitsrecht.de\/wp-content\/uploads\/2026\/03\/Raphael_Hamza_Hafen-e1773142388315-1024x662.jpg 1024w, https:\/\/smart-arbeitsrecht.de\/wp-content\/uploads\/2026\/03\/Raphael_Hamza_Hafen-e1773142388315-300x194.jpg 300w, https:\/\/smart-arbeitsrecht.de\/wp-content\/uploads\/2026\/03\/Raphael_Hamza_Hafen-e1773142388315-768x497.jpg 768w, https:\/\/smart-arbeitsrecht.de\/wp-content\/uploads\/2026\/03\/Raphael_Hamza_Hafen-e1773142388315-1536x993.jpg 1536w, https:\/\/smart-arbeitsrecht.de\/wp-content\/uploads\/2026\/03\/Raphael_Hamza_Hafen-e1773142388315-2048x1324.jpg 2048w, https:\/\/smart-arbeitsrecht.de\/wp-content\/uploads\/2026\/03\/Raphael_Hamza_Hafen-e1773142388315-18x12.jpg 18w\" sizes=\"auto, (max-width: 1024px) 100vw, 1024px\" \/><\/figure><\/div>\n\n\n<h3 class=\"wp-block-heading\">1. Durumu dikkatlice de\u011ferlendiriyoruz.<\/h3>\n\n\n\n<p>S\u00fcre\u00e7, olaylar\u0131n detayl\u0131 bir analiziyle ba\u015flar. Neler oldu\u011funu, hangi hukuki sorular\u0131n ortaya \u00e7\u0131kt\u0131\u011f\u0131n\u0131, hangi olgusal arka plan fakt\u00f6rlerinin rol oynad\u0131\u011f\u0131n\u0131 ve m\u00fcvekkilimizin hangi hedeflere ula\u015fmaya \u00e7al\u0131\u015ft\u0131\u011f\u0131n\u0131 anlamak istiyoruz.<\/p>\n\n\n\n<h3 class=\"wp-block-heading\">2. F\u0131rsatlar\u0131, riskleri ve se\u00e7enekleri ger\u00e7ek\u00e7i bir \u015fekilde de\u011ferlendiriyoruz.<\/h3>\n\n\n\n<p>Bu do\u011frultuda, hukuki durumu de\u011ferlendiriyor ve mevcut eylem se\u00e7eneklerini belirliyoruz. Bunu yaparken, yaln\u0131zca potansiyel f\u0131rsatlar\u0131 de\u011fil, ayn\u0131 zamanda riskleri, belirsizlikleri ve s\u0131n\u0131rlamalar\u0131 da tespit ediyoruz. Sa\u011flam bir tavsiye, durumun net ve ger\u00e7ek\u00e7i bir de\u011ferlendirmesini gerektirir.<\/p>\n\n\n\n<h3 class=\"wp-block-heading\">3. Uygun bir strateji geli\u015ftiriyoruz.<\/h3>\n\n\n\n<p>Yasal olarak izin verilen her \u00f6nlem stratejik olarak do\u011fru de\u011fildir. Bu nedenle, hem yasal olarak sa\u011flam hem de s\u00f6z konusu \u00f6zel \u00e7\u0131karlara uygun bir yakla\u015f\u0131m geli\u015ftiriyoruz. Bunu yaparken, her zaman ula\u015f\u0131lacak hedefi ve oraya ula\u015fman\u0131n en etkili yolunu g\u00f6z \u00f6n\u00fcnde bulunduruyoruz.<\/p>\n\n\n\n<h3 class=\"wp-block-heading\">4. \u00c7\u0131karlar\u0131 tutarl\u0131 ve g\u00fc\u00e7l\u00fc bir \u015fekilde temsil ediyoruz.<\/h3>\n\n\n\n<p>Mahkeme d\u0131\u015f\u0131nda veya mahkemede: M\u00fcvekkillerimizin \u00e7\u0131karlar\u0131n\u0131 a\u00e7\u0131kl\u0131k, \u00f6zen ve kararl\u0131l\u0131kla temsil ediyoruz. Hukuki hassasiyeti stratejik bir bak\u0131\u015f a\u00e7\u0131s\u0131yla birle\u015ftirerek, \u00f6zverili, hedef odakl\u0131 ve g\u00fcvenilir bir temsil sunuyoruz.<\/p>\n\n\n\n<h2 class=\"wp-block-heading\" id=\"mandanten_t\u00e4tigkeit\">Kimler i\u00e7in \u00e7al\u0131\u015f\u0131yoruz?<\/h2>\n\n\n\n<h3 class=\"wp-block-heading\">\u00c7al\u0131\u015fanlar<\/h3>\n\n\n\n<p>\u0130\u015f hukukunun t\u00fcm temel alanlar\u0131nda, \u00f6zellikle a\u015fa\u011f\u0131daki alanlarda \u00e7al\u0131\u015fanlar\u0131 temsil ediyoruz: <a href=\"https:\/\/smart-arbeitsrecht.de\/tr\/anwalt-kuendigung-arbeitsrecht\/\">Fesih<\/a>, <a href=\"https:\/\/smart-arbeitsrecht.de\/tr\/anwalt-kuendigungsschutzklage\/\">\u0130\u015ften \u00e7\u0131kar\u0131lmaya kar\u015f\u0131 koruma i\u015flemleri<\/a>, <a href=\"https:\/\/smart-arbeitsrecht.de\/tr\/anwalt-aufhebungsvertrag\/\">fesih anla\u015fmalar\u0131<\/a>, Uyar\u0131lar, \u00fccret talepleri, referanslar ve di\u011fer i\u015f hukuku ihtilaflar\u0131.<\/p>\n\n\n\n<h3 class=\"wp-block-heading\">\u0130\u015f konseyleri ve personel konseyleri<\/h3>\n\n\n\n<p>\u0130\u015f\u00e7i temsilciliklerine, \u00f6zellikle i\u015f yeri anayasas\u0131 hukuku ve \u00e7al\u0131\u015fan verilerinin korunmas\u0131 gerekliliklerine dikkat ederek dan\u0131\u015fmanl\u0131k hizmeti veriyoruz. Hukuki de\u011ferlendirmenin yan\u0131 s\u0131ra, stratejik olarak sa\u011flam ve pratik olarak uygulanabilir bir yakla\u015f\u0131m da \u00e7o\u011fu zaman \u00e7ok \u00f6nemlidir.<\/p>\n\n\n\n<p>Ayn\u0131 \u015fekilde, personel konseyleriyle birlikte de aktif olarak \u00e7al\u0131\u015f\u0131yoruz ve personel konseyi temsilinin \u00f6zel \u00f6zelliklerine olduk\u00e7a a\u015finay\u0131z.<\/p>\n\n\n\n<h3 class=\"wp-block-heading\">\u0130\u015f veren<\/h3>\n\n\n\n<p>\u0130\u015fverenlere i\u015f ili\u015fkilerinin yap\u0131land\u0131r\u0131lmas\u0131 ve sona erdirilmesi, bireysel personel tedbirleri, i\u015f uyu\u015fmazl\u0131klar\u0131 ve yasal s\u00fcre\u00e7ler konusunda dan\u0131\u015fmanl\u0131k hizmeti veriyoruz. Bunu yaparken, hukuki titizli\u011fi pratik ve ekonomik a\u00e7\u0131dan uygun \u00e7\u00f6z\u00fcmlere odaklanarak birle\u015ftiriyoruz.<\/p>\n\n\n\n<h2 class=\"wp-block-heading\" id=\"spezialisierung_wichtig\">Bu nedenle i\u015f hukuku alan\u0131nda uzmanla\u015fmak \u00f6nemlidir.<\/h2>\n\n\n\n<p>\u0130\u015f hukuku s\u00fcrekli geli\u015fmektedir. Dahas\u0131, i\u015f hukuku ihtilaflar\u0131 genellikle sadece hukuki a\u00e7\u0131dan karma\u015f\u0131k de\u011fil, ayn\u0131 zamanda taktiksel ve ileti\u015fimsel olarak da zorlay\u0131c\u0131d\u0131r. Bu alanda ikna edici tavsiye ve temsil sa\u011flamak isteyen herkesin derinlemesine mesleki deneyime, s\u00fcrekli e\u011fitime ve bu hukuk alan\u0131n\u0131n \u00f6zel \u00f6zelliklerine dair g\u00fc\u00e7l\u00fc bir anlay\u0131\u015fa sahip olmas\u0131 gerekir.<\/p>\n\n\n\n<p>\u0130\u015fte tam da bu nedenle hukuk b\u00fcromuz s\u00fcrekli olarak i\u015f hukuku alan\u0131na odaklanmaktad\u0131r.<\/p>\n\n\n\n<p>Bu uzmanl\u0131k alan\u0131, g\u00f6revleri gerekli derinlikte ele alman\u0131n temelini olu\u015fturur. Hukuki sorulara kesin cevaplar vermeye, geli\u015fmeleri do\u011fru de\u011ferlendirmeye ve \u00e7\u0131karlar\u0131 gereken g\u00fc\u00e7le temsil etmeye yard\u0131mc\u0131 olur.<\/p>\n\n\n\n<h2 class=\"wp-block-heading\" id=\"smartarbeitrecht_heute\">G\u00fcn\u00fcm\u00fcz\u00fcn ak\u0131ll\u0131 i\u015f hukuku<\/h2>\n\n\n\n<p>Ak\u0131ll\u0131 i\u015f hukuku bug\u00fcn geli\u015ftirilmektedir. <a href=\"https:\/\/smart-arbeitsrecht.de\/tr\/raphael-lugowski\/\">Raphael Lugowski<\/a> Ve <a href=\"https:\/\/smart-arbeitsrecht.de\/tr\/hamza-guelbas\/\">Hamza G\u00fclba\u015f<\/a> \u0130\u015f hukuku alan\u0131ndaki deneyimleri, meslek standartlar\u0131 ve iyi bir hukuki temsilin ne anlama geldi\u011fine dair net bir anlay\u0131\u015fla \u015fekillenmi\u015ftir.<\/p>\n\n\n\n<p>\u00d6ncelikle \u015funu a\u00e7\u0131k\u00e7a belirtelim: Hukuk b\u00fcromuz sadece i\u015f hukuku alan\u0131nda uzmanla\u015fmakla kalmaz, ayn\u0131 zamanda m\u00fcvekkillerimize y\u00f6nelik konularda net ve kararl\u0131 bir yakla\u015f\u0131m sergiler. Bu yakla\u015f\u0131m, \u00f6zen, profesyonel hassasiyet, stratejik d\u00fc\u015f\u00fcnme, ki\u015fisel g\u00fcvenilirlik ve m\u00fcvekkillerimizin hedeflerini ve \u00e7\u0131karlar\u0131n\u0131 etkin bir \u015fekilde temsil etme taahh\u00fcd\u00fc ile karakterize edilir. Bu, Hamza G\u00fclbas ve Raphael Lugowski&#039;nin davan\u0131z\u0131 ele al\u0131\u015f bi\u00e7imi i\u00e7in de ge\u00e7erlidir.<\/p>\n\n\n\n<h2 class=\"wp-block-heading\" id=\"qualit\u00e4t_stillstand\">Kalite, durgunlukla yarat\u0131lamaz.<\/h2>\n\n\n\n<p>Y\u00fcksek kaliteli hukuki \u00e7al\u0131\u015fma, bir noktada elde edilen ve sonra sadece s\u00fcrd\u00fcr\u00fclen bir durum de\u011fildir. S\u00fcrekli olarak mesleki uyan\u0131kl\u0131\u011f\u0131 korumay\u0131, i\u015f hukuku alan\u0131ndaki geli\u015fmeleri takip etmeyi ve uygulamada ger\u00e7ekten \u00f6nemli olan konularla s\u00fcrekli olarak ilgilenmeyi gerektirir.<\/p>\n\n\n\n<p>Bu nedenle, s\u00fcrekli mesleki geli\u015fim \u00e7al\u0131\u015fmalar\u0131m\u0131z\u0131n ayr\u0131lmaz bir par\u00e7as\u0131d\u0131r. Ayn\u0131 durum, e\u011fitim kurslar\u0131, uzman makaleleri ve di\u011fer formatlar arac\u0131l\u0131\u011f\u0131yla i\u015f hukuku konular\u0131na derinlemesine yakla\u015f\u0131m\u0131m\u0131z i\u00e7in de ge\u00e7erlidir. Bu, kendi ba\u015f\u0131na bir ama\u00e7 de\u011fil, m\u00fc\u015fterilerimizin hakl\u0131 olarak endi\u015felerinin g\u00fcncel bilgi, deneyim ve kaliteye ger\u00e7ek bir ba\u011fl\u0131l\u0131kla ele al\u0131nmas\u0131n\u0131 beklemelerinden kaynaklanmaktad\u0131r.<\/p>\n\n\n\n<h2 class=\"wp-block-heading\" id=\"verst\u00e4ndnis_vertretung\">\u0130yi bir hukuki temsil anlay\u0131\u015f\u0131m\u0131z<\/h2>\n\n\n\n<p>Biz, sadece formalitelerle s\u0131n\u0131rl\u0131 kalan hukuki \u00e7al\u0131\u015fmalara inanm\u0131yoruz. Bizim i\u00e7in iyi bir i\u015f hukuku temsili, bir davay\u0131 ger\u00e7ekten anlamak, hukuki a\u00e7\u0131dan sa\u011flam bir \u015fekilde ele almak, m\u00fcvekkilin \u00e7\u0131karlar\u0131n\u0131 net bir \u015fekilde tan\u0131mlamak ve gerekli \u00f6zveriyle temsil etmek anlam\u0131na gelir.<\/p>\n\n\n\n<p>Bu ayn\u0131 zamanda aceleci sonu\u00e7lara varmamak, hi\u00e7bir \u015feyi g\u00f6z ard\u0131 etmemek ve her duruma tek tip bir \u00e7\u00f6z\u00fcm uygulamamak anlam\u0131na da gelir. Her durum kendi de\u011ferlendirmesini gerektirir. Her m\u00fcvekkil kendi hedefleri, beklentileri ve ko\u015fullar\u0131yla gelir. Hukuki \u00e7al\u0131\u015fmalar t\u00fcm bunlar\u0131 dikkate almal\u0131d\u0131r.<\/p>\n\n\n\n<p>Bu nedenle amac\u0131m\u0131z sadece i\u015f hukuku uygulamak de\u011fil. Amac\u0131m\u0131z, i\u015f hukuku davalar\u0131n\u0131 olmas\u0131 gerekti\u011fi gibi ele almakt\u0131r: uzmanl\u0131k, deneyim, \u00f6zen, stratejik netlik ve m\u00fcvekkil i\u00e7in en \u00f6nemli olan\u0131n ne oldu\u011funa dair ger\u00e7ek bir anlay\u0131\u015fla.<\/p>\n\n\n\n<h2 class=\"wp-block-heading\" id=\"sorgf\u00e4ltige_vertretung\">Davan\u0131z, i\u015f hukuku alan\u0131nda \u00f6zenli bir hukuki temsili hak ediyor.<\/h2>\n\n\n\n<p>\u0130\u015f hukuku alan\u0131nda iyi sonu\u00e7lar elde etmek isteyen herkes, ilk de\u011ferlendirmeden veya standart bir s\u00fcre\u00e7ten daha fazlas\u0131na ihtiya\u00e7 duyar. Yak\u0131ndan inceleyen, sa\u011flam hukuki bilgiye sahip, stratejik d\u00fc\u015f\u00fcnen ve s\u00fcrekli olarak kendi hedeflerini ve \u00e7\u0131karlar\u0131n\u0131 g\u00f6z \u00f6n\u00fcnde bulunduran bir temsilciye ihtiya\u00e7 duyarlar.<\/p>\n\n\n\n<p>Ak\u0131ll\u0131 \u0130\u015f Hukuku&#039;nun savundu\u011fu \u015fey tam olarak budur.<\/p>\n\n\n\n<p>\u0130\u015f hukuku konusunda hukuki deste\u011fe ihtiyac\u0131n\u0131z varsa, size yard\u0131mc\u0131 olmaktan memnuniyet duyar\u0131z.<\/p>\n\n\n\n<p><strong>Almak <a href=\"https:\/\/smart-arbeitsrecht.de\/tr\/kontakt\/\">temas etmek<\/a> Bize kat\u0131l\u0131n.<\/strong><\/p>","protected":false},"excerpt":{"rendered":"<p>Arbeitsrechtliche Konflikte und Entscheidungen haben oft erhebliche pers\u00f6nliche, berufliche und wirtschaftliche Auswirkungen. Umso wichtiger ist eine anwaltliche Vertretung, die nicht&#8230;<\/p>","protected":false},"author":1,"featured_media":0,"parent":0,"menu_order":0,"comment_status":"closed","ping_status":"closed","template":"","meta":{"footnotes":""},"class_list":["post-16","page","type-page","status-publish","hentry"],"acf":[],"yoast_head":"<!-- This site is optimized with the Yoast SEO plugin v26.5 - https:\/\/yoast.com\/wordpress\/plugins\/seo\/ -->\n<title>Smart Arbeitsrecht - Qualit\u00e4t und Einsatz f\u00fcr Mandanten | Smart-Arbeitsrecht<\/title>\n<meta name=\"description\" content=\"Smart Arbeitsrecht - Die Kanzlei f\u00fcr Arbeitnehmer \u2714\ufe0f Hohe Qualit\u00e4t im Arbeitsrecht \u2714\ufe0f Mandanten und ihre Bed\u00fcrfnisse im Mittelpunkt \u2714\ufe0f\" \/>\n<meta name=\"robots\" content=\"index, follow, max-snippet:-1, max-image-preview:large, max-video-preview:-1\" \/>\n<link rel=\"canonical\" href=\"https:\/\/smart-arbeitsrecht.de\/tr\/kanzlei\/\" \/>\n<meta property=\"og:locale\" content=\"tr_TR\" \/>\n<meta property=\"og:type\" content=\"article\" \/>\n<meta property=\"og:title\" content=\"Smart Arbeitsrecht - Qualit\u00e4t und Einsatz f\u00fcr Mandanten | Smart-Arbeitsrecht\" \/>\n<meta property=\"og:description\" content=\"Smart Arbeitsrecht - Die Kanzlei f\u00fcr Arbeitnehmer \u2714\ufe0f Hohe Qualit\u00e4t im Arbeitsrecht \u2714\ufe0f Mandanten und ihre Bed\u00fcrfnisse im Mittelpunkt \u2714\ufe0f\" \/>\n<meta property=\"og:url\" content=\"https:\/\/smart-arbeitsrecht.de\/tr\/kanzlei\/\" \/>\n<meta property=\"og:site_name\" content=\"Smart-Arbeitsrecht\" \/>\n<meta property=\"article:modified_time\" content=\"2026-03-21T08:44:01+00:00\" \/>\n<meta property=\"og:image\" content=\"https:\/\/smart-arbeitsrecht.de\/wp-content\/uploads\/2026\/03\/Raphael-und-Hamza-Treppen-e1773141788263-1024x693.jpg\" \/>\n\t<meta property=\"og:image:width\" content=\"1024\" \/>\n\t<meta property=\"og:image:height\" content=\"693\" \/>\n\t<meta property=\"og:image:type\" content=\"image\/jpeg\" \/>\n<meta name=\"twitter:card\" content=\"summary_large_image\" \/>\n<meta name=\"twitter:label1\" content=\"Tahmini okuma s\u00fcresi\" \/>\n\t<meta name=\"twitter:data1\" content=\"10 dakika\" \/>\n<script type=\"application\/ld+json\" class=\"yoast-schema-graph\">{\"@context\":\"https:\/\/schema.org\",\"@graph\":[{\"@type\":[\"WebPage\",\"AboutPage\"],\"@id\":\"https:\/\/smart-arbeitsrecht.de\/kanzlei\/\",\"url\":\"https:\/\/smart-arbeitsrecht.de\/kanzlei\/\",\"name\":\"Smart Arbeitsrecht - Qualit\u00e4t und Einsatz f\u00fcr Mandanten | Smart-Arbeitsrecht\",\"isPartOf\":{\"@id\":\"https:\/\/smart-arbeitsrecht.de\/#website\"},\"primaryImageOfPage\":{\"@id\":\"https:\/\/smart-arbeitsrecht.de\/kanzlei\/#primaryimage\"},\"image\":{\"@id\":\"https:\/\/smart-arbeitsrecht.de\/kanzlei\/#primaryimage\"},\"thumbnailUrl\":\"https:\/\/smart-arbeitsrecht.de\/wp-content\/uploads\/2026\/03\/Raphael-und-Hamza-Treppen-e1773141788263-1024x693.jpg\",\"description\":\"Smart Arbeitsrecht - Die Kanzlei f\u00fcr Arbeitnehmer \u2714\ufe0f Hohe Qualit\u00e4t im Arbeitsrecht \u2714\ufe0f Mandanten und ihre Bed\u00fcrfnisse im Mittelpunkt \u2714\ufe0f\",\"breadcrumb\":{\"@id\":\"https:\/\/smart-arbeitsrecht.de\/kanzlei\/#breadcrumb\"},\"inLanguage\":\"tr\",\"potentialAction\":[{\"@type\":\"ReadAction\",\"target\":[\"https:\/\/smart-arbeitsrecht.de\/kanzlei\/\"]}]},{\"@type\":\"ImageObject\",\"inLanguage\":\"tr\",\"@id\":\"https:\/\/smart-arbeitsrecht.de\/kanzlei\/#primaryimage\",\"url\":\"https:\/\/smart-arbeitsrecht.de\/wp-content\/uploads\/2026\/03\/Raphael-und-Hamza-Treppen-e1773141788263-1024x693.jpg\",\"contentUrl\":\"https:\/\/smart-arbeitsrecht.de\/wp-content\/uploads\/2026\/03\/Raphael-und-Hamza-Treppen-e1773141788263-1024x693.jpg\"},{\"@type\":\"BreadcrumbList\",\"@id\":\"https:\/\/smart-arbeitsrecht.de\/kanzlei\/#breadcrumb\",\"itemListElement\":[{\"@type\":\"ListItem\",\"position\":1,\"name\":\"Startseite\",\"item\":\"https:\/\/smart-arbeitsrecht.de\/\"},{\"@type\":\"ListItem\",\"position\":2,\"name\":\"Smart Arbeitsrecht &#8211; Qualit\u00e4t und Einsatz f\u00fcr Mandanten\"}]},{\"@type\":\"WebSite\",\"@id\":\"https:\/\/smart-arbeitsrecht.de\/#website\",\"url\":\"https:\/\/smart-arbeitsrecht.de\/\",\"name\":\"Smart-Arbeitsrecht\",\"description\":\"Kanzlei f\u00fcr Arbeitsrecht\",\"potentialAction\":[{\"@type\":\"SearchAction\",\"target\":{\"@type\":\"EntryPoint\",\"urlTemplate\":\"https:\/\/smart-arbeitsrecht.de\/?s={search_term_string}\"},\"query-input\":{\"@type\":\"PropertyValueSpecification\",\"valueRequired\":true,\"valueName\":\"search_term_string\"}}],\"inLanguage\":\"tr\"}]}<\/script>\n<!-- \/ Yoast SEO plugin. -->","yoast_head_json":{"title":"Ak\u0131ll\u0131 \u0130\u015f Hukuku - M\u00fc\u015fterilere Kalite ve Ba\u011fl\u0131l\u0131k | Ak\u0131ll\u0131 \u0130\u015f Hukuku","description":"Ak\u0131ll\u0131 \u0130\u015f Hukuku - \u00c7al\u0131\u015fanlar i\u00e7in hukuk b\u00fcrosu \u2714\ufe0f \u0130\u015f hukukunda y\u00fcksek kalite \u2714\ufe0f M\u00fcvekkillerimiz ve onlar\u0131n ihtiya\u00e7lar\u0131 odak noktam\u0131zd\u0131r \u2714\ufe0f","robots":{"index":"index","follow":"follow","max-snippet":"max-snippet:-1","max-image-preview":"max-image-preview:large","max-video-preview":"max-video-preview:-1"},"canonical":"https:\/\/smart-arbeitsrecht.de\/tr\/kanzlei\/","og_locale":"tr_TR","og_type":"article","og_title":"Smart Arbeitsrecht - Qualit\u00e4t und Einsatz f\u00fcr Mandanten | Smart-Arbeitsrecht","og_description":"Smart Arbeitsrecht - Die Kanzlei f\u00fcr Arbeitnehmer \u2714\ufe0f Hohe Qualit\u00e4t im Arbeitsrecht \u2714\ufe0f Mandanten und ihre Bed\u00fcrfnisse im Mittelpunkt \u2714\ufe0f","og_url":"https:\/\/smart-arbeitsrecht.de\/tr\/kanzlei\/","og_site_name":"Smart-Arbeitsrecht","article_modified_time":"2026-03-21T08:44:01+00:00","og_image":[{"width":1024,"height":693,"url":"https:\/\/smart-arbeitsrecht.de\/wp-content\/uploads\/2026\/03\/Raphael-und-Hamza-Treppen-e1773141788263-1024x693.jpg","type":"image\/jpeg"}],"twitter_card":"summary_large_image","twitter_misc":{"Tahmini okuma s\u00fcresi":"10 dakika"},"schema":{"@context":"https:\/\/schema.org","@graph":[{"@type":["WebPage","AboutPage"],"@id":"https:\/\/smart-arbeitsrecht.de\/kanzlei\/","url":"https:\/\/smart-arbeitsrecht.de\/kanzlei\/","name":"Ak\u0131ll\u0131 \u0130\u015f Hukuku - M\u00fc\u015fterilere Kalite ve Ba\u011fl\u0131l\u0131k | Ak\u0131ll\u0131 \u0130\u015f Hukuku","isPartOf":{"@id":"https:\/\/smart-arbeitsrecht.de\/#website"},"primaryImageOfPage":{"@id":"https:\/\/smart-arbeitsrecht.de\/kanzlei\/#primaryimage"},"image":{"@id":"https:\/\/smart-arbeitsrecht.de\/kanzlei\/#primaryimage"},"thumbnailUrl":"https:\/\/smart-arbeitsrecht.de\/wp-content\/uploads\/2026\/03\/Raphael-und-Hamza-Treppen-e1773141788263-1024x693.jpg","description":"Ak\u0131ll\u0131 \u0130\u015f Hukuku - \u00c7al\u0131\u015fanlar i\u00e7in hukuk b\u00fcrosu \u2714\ufe0f \u0130\u015f hukukunda y\u00fcksek kalite \u2714\ufe0f M\u00fcvekkillerimiz ve onlar\u0131n ihtiya\u00e7lar\u0131 odak noktam\u0131zd\u0131r \u2714\ufe0f","breadcrumb":{"@id":"https:\/\/smart-arbeitsrecht.de\/kanzlei\/#breadcrumb"},"inLanguage":"tr","potentialAction":[{"@type":"ReadAction","target":["https:\/\/smart-arbeitsrecht.de\/kanzlei\/"]}]},{"@type":"ImageObject","inLanguage":"tr","@id":"https:\/\/smart-arbeitsrecht.de\/kanzlei\/#primaryimage","url":"https:\/\/smart-arbeitsrecht.de\/wp-content\/uploads\/2026\/03\/Raphael-und-Hamza-Treppen-e1773141788263-1024x693.jpg","contentUrl":"https:\/\/smart-arbeitsrecht.de\/wp-content\/uploads\/2026\/03\/Raphael-und-Hamza-Treppen-e1773141788263-1024x693.jpg"},{"@type":"BreadcrumbList","@id":"https:\/\/smart-arbeitsrecht.de\/kanzlei\/#breadcrumb","itemListElement":[{"@type":"ListItem","position":1,"name":"Startseite","item":"https:\/\/smart-arbeitsrecht.de\/"},{"@type":"ListItem","position":2,"name":"Smart Arbeitsrecht &#8211; Qualit\u00e4t und Einsatz f\u00fcr Mandanten"}]},{"@type":"WebSite","@id":"https:\/\/smart-arbeitsrecht.de\/#website","url":"https:\/\/smart-arbeitsrecht.de\/","name":"Ak\u0131ll\u0131 i\u015f hukuku","description":"\u0130\u015f hukuku firmas\u0131","potentialAction":[{"@type":"SearchAction","target":{"@type":"EntryPoint","urlTemplate":"https:\/\/smart-arbeitsrecht.de\/?s={search_term_string}"},"query-input":{"@type":"PropertyValueSpecification","valueRequired":true,"valueName":"search_term_string"}}],"inLanguage":"tr"}]}},"_links":{"self":[{"href":"https:\/\/smart-arbeitsrecht.de\/tr\/wp-json\/wp\/v2\/pages\/16","targetHints":{"allow":["GET"]}}],"collection":[{"href":"https:\/\/smart-arbeitsrecht.de\/tr\/wp-json\/wp\/v2\/pages"}],"about":[{"href":"https:\/\/smart-arbeitsrecht.de\/tr\/wp-json\/wp\/v2\/types\/page"}],"author":[{"embeddable":true,"href":"https:\/\/smart-arbeitsrecht.de\/tr\/wp-json\/wp\/v2\/users\/1"}],"replies":[{"embeddable":true,"href":"https:\/\/smart-arbeitsrecht.de\/tr\/wp-json\/wp\/v2\/comments?post=16"}],"version-history":[{"count":51,"href":"https:\/\/smart-arbeitsrecht.de\/tr\/wp-json\/wp\/v2\/pages\/16\/revisions"}],"predecessor-version":[{"id":10551,"href":"https:\/\/smart-arbeitsrecht.de\/tr\/wp-json\/wp\/v2\/pages\/16\/revisions\/10551"}],"wp:attachment":[{"href":"https:\/\/smart-arbeitsrecht.de\/tr\/wp-json\/wp\/v2\/media?parent=16"}],"curies":[{"name":"wp","href":"https:\/\/api.w.org\/{rel}","templated":true}]}}