{"id":2016,"date":"2021-01-17T18:38:58","date_gmt":"2021-01-17T17:38:58","guid":{"rendered":"http:\/\/smart-arbeitsrecht.de\/?page_id=2016"},"modified":"2025-10-26T08:43:24","modified_gmt":"2025-10-26T07:43:24","slug":"anwalt-kuendigung-arbeitsrecht","status":"publish","type":"page","link":"https:\/\/smart-arbeitsrecht.de\/tr\/anwalt-kuendigung-arbeitsrecht\/","title":{"rendered":"Hamburg&#039;da fesih avukat\u0131"},"content":{"rendered":"<div id=\"smart-column-block_d9ac31acb91c409bf70b28db0f5f1684\" class=\"smart-column flex flex-col\">\n                                    <div class='mobile-even-row order-1 md:order-none' >\n                \n<div class=\"relative flex flex-wrap\">\r\n  <div class=\"relative w-full lg:w-1\/2 h-64 sm:h-72 md:h-96 lg:h-auto order-last lg:order-none\">\r\n    <picture>\r\n      <source srcset=\"\/wp-content\/webp-express\/webp-images\/uploads\/2024\/09\/Raphael_Lugowski_Hamza_Guelbas.jpg.webp\" type=\"image\/webp\" \/>\r\n      <source srcset=\"\/wp-content\/uploads\/2024\/09\/Raphael_Lugowski_Hamza_Guelbas.jpg\" type=\"image\/jpeg\" \/>\r\n      <img decoding=\"async\"\r\n        class=\"absolute object-cover w-full h-full\"\r\n        src=\"\/wp-content\/uploads\/2024\/09\/Raphael_Lugowski_Hamza_Guelbas.jpg\"\r\n        alt=\"Anwalt K\u00fcndigung Hamburg - Ihre Experten f\u00fcr Arbeitsrecht in 22767 Hamburg\"\r\n        style=\"object-position: 50% 30%\"\r\n      \/>\r\n    <\/picture>\r\n  <\/div>\r\n\r\n  <div class=\"w-full lg:w-1\/2 py-8 text-center lg:py-32 lg:text-left\" style=\"background-color: #f4f4f4\">\r\n    <div class=\"px-4 max-w-5xl mx-auto lg:mx-0 sm:px-8 xl:pl-16\">\r\n      <h1 class=\"text-4xl tracking-tight font-extrabold text-gray-900 sm:text-5xl md:text-6xl lg:text-5xl xl:text-6xl\">\r\n        <span class=\"block xl:inline\">Avukat\u0131n i\u015ften \u00e7\u0131kar\u0131lmas\u0131 Hamburg<\/span>\r\n      <\/h1>\r\n      <span\r\n        class=\"block text-3xl tracking-tight font-extrabold sm:text-4xl md:text-5xl lg:text-4xl xl:text-5xl\"\r\n        style=\"color: #edc273\"\r\n        >\u0130\u015f veya k\u0131dem tazminat\u0131 \u2013<span style=\"color: #000\"> Sen karar ver<\/span><\/span>\r\n      <p class=\"mt-3 text-lg text-gray-500 sm:text-xl md:mt-5 md:max-w-3xl\">\r\n       Uzmanl\u0131\u011f\u0131m\u0131za ve deneyimimize g\u00fcvenebilirsiniz. \u00c7al\u0131\u015fanlar i\u00e7in y\u00fczlerce haks\u0131z fesih davas\u0131nda ba\u015far\u0131yla hizmet verdik. <a href=\"https:\/\/smart-arbeitsrecht.de\/tr\/anwalt-aufhebungsvertrag\/\">Fesih ve fesih s\u00f6zle\u015fmeleri konusunda uzmanlar<\/a> K\u0131dem tazminat\u0131 alma \u015fans\u0131n\u0131z\u0131 en \u00fcst d\u00fczeye \u00e7\u0131karmak veya i\u015finizi tam olarak korumak i\u00e7in kan\u0131tlanm\u0131\u015f stratejiler kullan\u0131yoruz.\r\n      <\/p>\r\n      <div class=\"iconlist\">\r\n        <p class=\"p-4 font-bold text-xl\">\r\n        \u00c7ok say\u0131da \u00e7al\u0131\u015fan\u0131m\u0131z i\u015ften \u00e7\u0131kar\u0131ld\u0131ktan sonra ki\u015fisel ba\u015far\u0131 hikayelerini bizimle yazd\u0131 - \u015fimdi s\u0131ra sizde\r\n        <\/p>\r\n        <ul>\r\n          <li class=\"flex\">\r\n            <span class=\"fa fa-check mr-2 pt-1 text-green-500\"><\/span>Fesih s\u00fcrecinizi uzman ve deneyimli i\u015f hukuku firmam\u0131z\u0131n ellerine b\u0131rak\u0131n\r\n          <\/li>\r\n          <li class=\"flex\">\r\n            <span class=\"fa fa-check mr-2 pt-1 text-green-500\"><\/span>Dikkatli tart\u0131\u015fmalarda size se\u00e7eneklerinizi g\u00f6sterece\u011fiz ve davan\u0131z i\u00e7in zaman ay\u0131raca\u011f\u0131z\r\n          <\/li>\r\n          <li class=\"flex\">\r\n            <span class=\"fa fa-check mr-2 pt-1 text-green-500\"><\/span>Haks\u0131z yere i\u015ften \u00e7\u0131kar\u0131lma davas\u0131 a\u00e7\u0131yoruz ve davan\u0131z\u0131 kapsaml\u0131 bir \u015fekilde ele al\u0131yoruz\r\n          <\/li>\r\n          <li class=\"flex\">\r\n            <span class=\"fa fa-check mr-2 pt-1 text-green-500\"><\/span>Siz arkan\u0131za yaslan\u0131n ve rahatlay\u0131n; biz davan\u0131zda ba\u015far\u0131 i\u00e7in parametreleri belirleriz\r\n          <\/li>\r\n          <li class=\"flex\">\r\n            <span class=\"fa fa-check mr-2 pt-1 text-green-500\"><\/span>Taktiksel olarak sa\u011flam i\u015f hukukuyla sizin i\u00e7in maksimum k\u0131dem tazminat\u0131n\u0131 al\u0131yoruz\r\n          <\/li>\r\n        <\/ul>\r\n      <\/div>\r\n      <div class=\"buttons-block flex flex-wrap justify-center mt-12\">\r\n        <a class=\"btn-cta mr-0 sm:mr-3\" href=\"tel:+4940524717830\"> <i class=\"fa fa-phone mr-2\"><\/i> Hemen aray\u0131n <\/a>\r\n        <a class=\"btn-cta mr-0 sm:mr-3\" href=\"\/tr\/kontakt\/\">\r\n          <i class=\"fa fa-envelope mr-2\"><\/i> \u00dccretsiz ilk de\u011ferlendirme<\/a\r\n>\r\n      <\/div>\r\n    <\/div>\r\n  <\/div>\r\n<\/div>            <\/div>\n                                <div class='order-2 md:order-none' >\n                \n<div class=\"smart-container logo\" >\n    \n    <div class=\"flex flex-wrap justify-around\">\n        \n                            \n                                                        <div >\n                        <div class=\"h-full  z-10\">\n                            <div class=\"h-full\">\n                                <img loading=\"lazy\" decoding=\"async\" src=\"\/wp-content\/uploads\/2021\/01\/logo_mitglied_arge_arbeitsrecht_1.jpg\" alt=\"Mitglied der Arbeitsgemeinschaft Arbeitsrecht\" width=\"300\" height=\"73\" class=\"alignnone size-full wp-image-2280\" \/>                            <\/div>\n                        <\/div>\n                    <\/div>\n                                                        <div >\n                        <div class=\"h-full  z-10\">\n                            <div class=\"h-full\">\n                                <img loading=\"lazy\" decoding=\"async\" class=\"alignnone size-full wp-image-859\" src=\"\/wp-content\/uploads\/2020\/05\/dav-mitglied.png\" alt=\"Mitglied im AnwaltVerein\" width=\"220\" height=\"80\" \/>                            <\/div>\n                        <\/div>\n                    <\/div>\n                                                        <div >\n                        <div class=\"h-full  z-10\">\n                            <div class=\"h-full\">\n                                <img loading=\"lazy\" decoding=\"async\" src=\"\/wp-content\/uploads\/2021\/02\/dav_fortbildungsbescheinigung.png\" alt=\"DAV Fortbildungsbescheinigung\" width=\"172\" height=\"80\" class=\"alignnone size-full wp-image-3374\" \/>                            <\/div>\n                        <\/div>\n                    <\/div>\n                \n                    \n        \n    <\/div>\n\n<\/div>\n            <\/div>\n                                <div class='mobile-even-row order-3 md:order-none' >\n                \n<div class=\"smart-container\" >\n            <h2 class=\"font-bold text-center\">An\u0131nda kontrol: Fesih sonras\u0131 k\u0131dem tazminat\u0131 f\u0131rsatlar\u0131<\/h2>\n    \n    <div class=\"flex flex-wrap\">\n        \n                            \n                                                        <div class=\"text-center\">\n                        <div class=\"h-full  z-10\">\n                            <div class=\"h-full p-2\">\n                                Bizimkini kullan\u0131n <strong>An\u0131nda kontrol<\/strong>K\u0131dem tazminat\u0131 alma \u015fans\u0131n\u0131z\u0131 veya i\u015ften \u00e7\u0131kar\u0131lman\u0131za kar\u015f\u0131 ba\u015far\u0131 \u015fans\u0131n\u0131z\u0131 h\u0131zl\u0131 ve g\u00fcvenilir bir \u015fekilde kontrol etmek i\u00e7in.                            <\/div>\n                        <\/div>\n                    <\/div>\n                                                        <div class=\"w-full lg:w-full\">\n                        <div class=\"h-full  hasBorder z-10  bg-white\" style=\"border: 5px solid #38A956;\">\n                            <div class=\"h-full p-2\">\n                                <div class=\"flex flex-col\" style=\"min-height: 350px;\">\r\n\r\n  <div class=\"sa-app\" style=\"overflow:unset;\">\r\n    <div id=\"app\"><\/div>\r\n  <\/div>\r\n\r\n  <div id=\"start-screen\">\r\n    <div class=\"progressbar\" role=\"progressbar\" aria-hidden=\"false\" aria-valuemin=\"0\" aria-valuemax=\"100\"\r\n      aria-valuenow=\"2\" aria-label=\"Sorgu ilerlemesi\">\r\n      <strong class=\"progress-text\">2%<\/strong>\r\n      <div class=\"progress\"><\/div>\r\n    <\/div>\r\n\r\n    <div class=\"load-app-btn-wrapper flex flex-col sm:flex-row justify-center items-center mb-12\" style=\"margin-top:8rem;\">\r\n      <button class=\"vuetify-btn load-app-btn w-full sm:w-auto sm:mr-4\"\r\n        data-source=\"kuendigung_kurzfassung_V2\">An\u0131nda kontrol\u00fc ba\u015flat<\/button>\r\n    <\/div>\r\n  <\/div>\r\n<\/div>\r\n<div class=\"flex flex-wrap space-x-10 justify-center lg:justify-around md:mt-auto mt-2\">\r\n  <div class=\"flex items-center space-x-2 lg:space-x-3\">\r\n    <img decoding=\"async\" class=\"w-16 h-16 rounded-full lg:w-20 lg:h-20\"\r\n      src=\"\/wp-content\/uploads\/2023\/05\/Raphael_Lugowski_K\u00fc\u00e7\u00fck Resim.jpeg\" alt=\"Raphael Lugowski\">\r\n    <div class=\"font-medium text-lg leading-6\">\r\n      <p class=\"font-bold m-0\">Raphael Lugowski<\/p>\r\n      <p class=\"text-sm m-0 text-gray-500\">\u0130\u015f hukuku konusunda uzman avukat<\/p>\r\n    <\/div>\r\n  <\/div>\r\n  <div class=\"flex items-center text-green-400\">\r\n    <div>\r\n      <i class=\"fa-shield\" style=\"line-height:4rem;font-size:2.5rem;\"><\/i>\r\n    <\/div>\r\n    <p class=\"ml-4 mb-0\">G\u00fcvenli ileti\u015fim<\/p>\r\n  <\/div>\r\n<\/div>                            <\/div>\n                        <\/div>\n                    <\/div>\n                \n                    \n        \n    <\/div>\n\n<\/div>\n            <\/div>\n                                <div class='order-4 md:order-none' >\n                \n<div class=\"smart-container\" >\n    \n    <div class=\"flex flex-wrap\">\n        \n                            \n                                                        <div class=\"p-2\">\n                        <div class=\"h-full  z-10  overflow-hidden\">\n                            <div class=\"h-full p-1\">\n                                <h2 class=\"font-bold text-center\">Hamburg&#039;da fesih konusunda deneyimli avukat\u0131n\u0131z<\/h2>\r\n<div class=\"relative z-10 text-base lg:max-w-5xl lg:pr-72\">\r\n  <p class=\"text-lg text-gray-500\">D\u00fczenli veya an\u0131nda i\u015ften \u00e7\u0131kar\u0131lma ald\u0131n\u0131z m\u0131? <a href=\"https:\/\/smart-arbeitsrecht.de\/tr\/\">Hamburg&#039;da i\u015f hukuku avukat\u0131<\/a> Bunun sizin i\u00e7in ne anlama geldi\u011fini biliyoruz. Durumu sizin i\u00e7in kolayla\u015ft\u0131r\u0131p hedeflerinize ula\u015fman\u0131z\u0131 sa\u011flamak i\u00e7in size profesyonel destek sa\u011flamaya haz\u0131r\u0131z.<\/p>\r\n<\/div>\r\n<div class=\"lg:grid lg:grid-cols-2 lg:gap-8 lg:items-start\">\r\n  <div class=\"relative z-10\">\r\n\r\n<h3 class=\"font-bold text-center\">Fesih avukat\u0131 \u00e7\u0131karlar\u0131n\u0131z\u0131 savunur<\/h3>\r\n<p>\u0130\u015ften \u00e7\u0131kar\u0131lma, i\u015fverenle maksimum y\u00fczle\u015fme anlam\u0131na gelir. Avukat\u0131n\u0131z ba\u015flang\u0131\u00e7ta davay\u0131 devralacakt\u0131r. <strong>kapsaml\u0131 hukuki temsil<\/strong> Kafan\u0131z\u0131 bo\u015faltman\u0131z i\u00e7in davan\u0131z\u0131n \u00f6zetini sunuyoruz. Bu, <strong><a href=\"https:\/\/smart-arbeitsrecht.de\/tr\/kuendigung-des-arbeitsvertrages-kuendigungsschutz\/#k%C3%BCndigungsschutzklage\">\u0130\u015ften \u00e7\u0131kar\u0131lma koruma davas\u0131<\/a><\/strong> Hedefleri sizinle birlikte belirleyip i\u015f mahkemelerinde uygulamaya koyal\u0131m.<\/p>\r\n\r\n<h3 class=\"font-bold text-center\">\u0130\u015ften \u00e7\u0131kar\u0131lma sonras\u0131 i\u015f mi, k\u0131dem tazminat\u0131 m\u0131? Siz karar verin<\/h3>\r\n<p>Arzu eder misiniz <strong>i\u015fyeri<\/strong> tekrar geri mi d\u00f6nmek istersin yoksa <strong><a href=\"https:\/\/smart-arbeitsrecht.de\/tr\/kuendigung-des-arbeitsvertrages-kuendigungsschutz\/#abfindung_k%C3%BCndigung\">k\u0131dem tazminat\u0131<\/a><\/strong>? \u00c7ok az \u00e7al\u0131\u015fan i\u015ften \u00e7\u0131kar\u0131ld\u0131ktan sonra i\u015fverenine geri d\u00f6nmek ister. \u0130lgi alanlar\u0131n\u0131za ba\u011fl\u0131 olarak bir s\u00fcre\u00e7 stratejisi belirliyor ve i\u015fverenle m\u00fczakereleri \u00fcstleniyoruz. Amac\u0131m\u0131z: <strong>maksimum<\/strong> sana ula\u015fmak i\u00e7in.<\/p>\r\n  <\/div>\r\n  <div class=\"mt-12 relative lg:mt-0 px-2\">\r\n    <svg class=\"absolute top-0 right-0 -mt-20 -mr-20 lg:top-auto lg:right-auto lg:bottom-1\/2 lg:left-1\/2 lg:mt-0 lg:mr-0 xl:top-0 xl:right-0 xl:-mt-20 xl:-mr-20\" width=\"404\" height=\"384\" fill=\"none\" viewbox=\"0 0 404 384\" aria-hidden=\"true\">\r\n      <defs>\r\n        <pattern id=\"pattern\" x=\"0\" y=\"0\" width=\"20\" height=\"20\" patternunits=\"userSpaceOnUse\">\r\n          <rect x=\"0\" y=\"0\" width=\"4\" height=\"4\" class=\"text-gray-200\" fill=\"currentColor\" \/>\r\n        <\/pattern>\r\n      <\/defs>\r\n      <rect width=\"404\" height=\"384\" fill=\"url(#pattern)\" \/>\r\n    <\/svg>\r\n    <blockquote class=\"relative bg-white shadow-lg\">\r\n      <div class=\"px-6 py-8 sm:px-10 sm:pt-10 sm:pb-8\">\r\n        <img loading=\"lazy\" decoding=\"async\" src=\"\/wp-content\/themes\/tailpress\/img\/smart_arbeitsrecht_logo_blau.svg\" alt=\"Smart Arbeitsrecht Logo\" width=\"120\" height=\"39\">\r\n        <div class=\"relative text-lg text-gray-700 font-medium mt-8\">\r\n          <svg class=\"absolute top-0 left-0 transform -translate-x-3 -translate-y-2 h-8 w-8 text-gray-200\" fill=\"currentColor\" viewbox=\"0 0 32 32\" aria-hidden=\"true\">\r\n            <path d=\"M9.352 4C4.456 7.456 1 13.12 1 19.36c0 5.088 3.072 8.064 6.624 8.064 3.36 0 5.856-2.688 5.856-5.856 0-3.168-2.208-5.472-5.088-5.472-.576 0-1.344.096-1.536.192.48-3.264 3.552-7.104 6.624-9.024L9.352 4zm16.512 0c-4.8 3.456-8.256 9.12-8.256 15.36 0 5.088 3.072 8.064 6.624 8.064 3.264 0 5.856-2.688 5.856-5.856 0-3.168-2.304-5.472-5.184-5.472-.576 0-1.248.096-1.44.192.48-3.264 3.456-7.104 6.528-9.024L25.864 4z\" \/>\r\n          <\/svg>\r\n          <p class=\"relative\">Fesih s\u00f6z konusu oldu\u011funda, her ad\u0131m\u0131n titizlikle at\u0131lmas\u0131 gerekir. Haks\u0131z yere i\u015ften \u00e7\u0131kar\u0131lma koruman\u0131z\u0131 detayl\u0131 bir \u015fekilde anlamak, dava stratejinizi dikkatlice haz\u0131rlamak kadar \u00f6nemlidir. \u0130\u015ften \u00e7\u0131kar\u0131lma koruma davalar\u0131 uzmanl\u0131k alan\u0131m\u0131zd\u0131r. Bu alandaki engin bilgi ve deneyimlerimizden yararlanabiliriz. Bu da sizi s\u00fcre\u00e7te \u00f6nc\u00fc konuma getirir.\r\n        <\/div>\r\n      <\/div><cite class=\"relative flex items-center sm:items-start bg-primary not-italic py-5 px-6 sm:py-5 sm:pl-12 sm:pr-10 sm:mt-10\"><span class=\"block relative rounded-full border-2 border-white sm:absolute sm:top-0 sm:transform sm:-translate-y-1\/2\"><img decoding=\"async\" class=\"w-12 h-12 sm:w-20 sm:h-20 rounded-full\" src=\"\/wp-content\/uploads\/2023\/05\/Raphael_Lugowski_K\u00fc\u00e7\u00fck Resim.jpeg\" alt=\"Raphael Lugowski\"><\/span>\r\n        <span class=\"relative ml-4 font-semibold leading-6 sm:ml-24 sm:pl-1\"><span class=\"text-white font-semibold sm:inline\">Raphael Lugowski<\/span><\/span><\/cite><\/blockquote>\r\n  <\/div>\r\n<\/div>                            <\/div>\n                        <\/div>\n                    <\/div>\n                \n                    \n        \n    <\/div>\n\n<\/div>\n            <\/div>\n                                <div class='mobile-even-row order-5 md:order-none' >\n                \n<div class=\"smart-container\" >\n    \n    <div class=\"flex flex-wrap justify-center\">\n        \n                            \n                                                        <div class=\"w-full lg:w-1\/3 text-start\">\n                        <div class=\"h-full  z-10\">\n                            <div class=\"h-full\">\n                                <div class=\"flex flex-col h-full relative\">\r\n  <div class=\"absolute top-0 left-0 mt-3 ml-4 md:mt-5 md:ml-12\"> <svg xmlns=\"http:\/\/www.w3.org\/2000\/svg\" class=\"text-primary-light fill-current w-12 h-12 md:w-16 md:h-16 opacity-40\" viewbox=\"0 0 24 24\">\r\n      <path d=\"M6.5 10c-.223 0-.437.034-.65.065.069-.232.14-.468.254-.68.114-.308.292-.575.469-.844.148-.291.409-.488.601-.737.201-.242.475-.403.692-.604.213-.21.492-.315.714-.463.232-.133.434-.28.65-.35.208-.086.39-.16.539-.222.302-.125.474-.197.474-.197L9.758 4.03c0 0-.218.052-.597.144C8.97 4.222 8.737 4.278 8.472 4.345c-.271.05-.56.187-.882.312C7.272 4.799 6.904 4.895 6.562 5.123c-.344.218-.741.4-1.091.692C5.132 6.116 4.723 6.377 4.421 6.76c-.33.358-.656.734-.909 1.162C3.219 8.33 3.02 8.778 2.81 9.221c-.19.443-.343.896-.468 1.336-.237.882-.343 1.72-.384 2.437-.034.718-.014 1.315.028 1.747.015.204.043.402.063.539.017.109.025.168.025.168l.026-.006C2.535 17.474 4.338 19 6.5 19c2.485 0 4.5-2.015 4.5-4.5S8.985 10 6.5 10zM17.5 10c-.223 0-.437.034-.65.065.069-.232.14-.468.254-.68.114-.308.292-.575.469-.844.148-.291.409-.488.601-.737.201-.242.475-.403.692-.604.213-.21.492-.315.714-.463.232-.133.434-.28.65-.35.208-.086.39-.16.539-.222.302-.125.474-.197.474-.197L20.758 4.03c0 0-.218.052-.597.144-.191.048-.424.104-.689.171-.271.05-.56.187-.882.312-.317.143-.686.238-1.028.467-.344.218-.741.4-1.091.692-.339.301-.748.562-1.05.944-.33.358-.656.734-.909 1.162C14.219 8.33 14.02 8.778 13.81 9.221c-.19.443-.343.896-.468 1.336-.237.882-.343 1.72-.384 2.437-.034.718-.014 1.315.028 1.747.015.204.043.402.063.539.017.109.025.168.025.168l.026-.006C13.535 17.474 15.338 19 17.5 19c2.485 0 4.5-2.015 4.5-4.5S19.985 10 17.5 10z\"><\/path>\r\n    <\/svg><\/div>\r\n  <div class=\"h-full relative z-10\">\r\n    <div class=\"text-center px-6 md:px-16 pt-10 md:pt-14 text-l sm:text-xl\">\r\n      <p class=\"text-gray-600 serif font-normal italic\">\r\n   \u00c7ok yetkin ve \u00f6zverili bir dava deste\u011fi. Bay Lugowski, i\u015fverenle s\u00fcrekli ileti\u015fim halindeydi. Etkile\u015fim her zaman \u00e7ok keyifli ve bilgilendiriciydi. Benim i\u00e7in \u00e7ok iyi bir sonu\u00e7 elde etti.\r\n      <\/p>\r\n      <span class=\"text-center font-bold\">TK<\/span> <i class=\"fa-star text-yellow-400\"><\/i> <i class=\"fa-star text-yellow-400\"><\/i> <i class=\"fa-star text-yellow-400\"><\/i> <i class=\"fa-star text-yellow-400\"><\/i> <i class=\"fa-star text-yellow-400\"><\/i>\r\n    <\/div>\r\n  <\/div>\r\n<\/div>                            <\/div>\n                        <\/div>\n                    <\/div>\n                                                        <div class=\"w-full lg:w-1\/3 text-center\">\n                        <div class=\"h-full  z-10\">\n                            <div class=\"h-full\">\n                                <div class=\"flex flex-col h-full relative\">\r\n  <div class=\"absolute top-0 left-0 mt-3 ml-4 md:mt-5 md:ml-12\"> <svg xmlns=\"http:\/\/www.w3.org\/2000\/svg\" class=\"text-primary-light fill-current w-12 h-12 md:w-16 md:h-16 opacity-40\" viewbox=\"0 0 24 24\">\r\n      <path d=\"M6.5 10c-.223 0-.437.034-.65.065.069-.232.14-.468.254-.68.114-.308.292-.575.469-.844.148-.291.409-.488.601-.737.201-.242.475-.403.692-.604.213-.21.492-.315.714-.463.232-.133.434-.28.65-.35.208-.086.39-.16.539-.222.302-.125.474-.197.474-.197L9.758 4.03c0 0-.218.052-.597.144C8.97 4.222 8.737 4.278 8.472 4.345c-.271.05-.56.187-.882.312C7.272 4.799 6.904 4.895 6.562 5.123c-.344.218-.741.4-1.091.692C5.132 6.116 4.723 6.377 4.421 6.76c-.33.358-.656.734-.909 1.162C3.219 8.33 3.02 8.778 2.81 9.221c-.19.443-.343.896-.468 1.336-.237.882-.343 1.72-.384 2.437-.034.718-.014 1.315.028 1.747.015.204.043.402.063.539.017.109.025.168.025.168l.026-.006C2.535 17.474 4.338 19 6.5 19c2.485 0 4.5-2.015 4.5-4.5S8.985 10 6.5 10zM17.5 10c-.223 0-.437.034-.65.065.069-.232.14-.468.254-.68.114-.308.292-.575.469-.844.148-.291.409-.488.601-.737.201-.242.475-.403.692-.604.213-.21.492-.315.714-.463.232-.133.434-.28.65-.35.208-.086.39-.16.539-.222.302-.125.474-.197.474-.197L20.758 4.03c0 0-.218.052-.597.144-.191.048-.424.104-.689.171-.271.05-.56.187-.882.312-.317.143-.686.238-1.028.467-.344.218-.741.4-1.091.692-.339.301-.748.562-1.05.944-.33.358-.656.734-.909 1.162C14.219 8.33 14.02 8.778 13.81 9.221c-.19.443-.343.896-.468 1.336-.237.882-.343 1.72-.384 2.437-.034.718-.014 1.315.028 1.747.015.204.043.402.063.539.017.109.025.168.025.168l.026-.006C13.535 17.474 15.338 19 17.5 19c2.485 0 4.5-2.015 4.5-4.5S19.985 10 17.5 10z\"><\/path>\r\n    <\/svg><\/div>\r\n  <div class=\"h-full relative z-10\">\r\n    <div class=\"text-center px-6 md:px-16 pt-10 md:pt-14 text-l sm:text-xl\">\r\n      <p class=\"text-gray-600 serif font-normal italic\"> Hamburglu avukat Lugowski, zorlu ko\u015fullara ra\u011fmen bu davada bekledi\u011fimden fazlas\u0131n\u0131 ba\u015fard\u0131. Bu davan\u0131n son derece profesyonel ve \u015feffaf bir \u015fekilde y\u00fcr\u00fct\u00fclmesinden dolay\u0131 i\u00e7tenlikle minnettarl\u0131\u011f\u0131m\u0131 ifade etmek isterim. \r\n      <\/p>\r\n      <span class=\"text-center font-bold\">TK<\/span> <i class=\"fa-star text-yellow-400\"><\/i> <i class=\"fa-star text-yellow-400\"><\/i> <i class=\"fa-star text-yellow-400\"><\/i> <i class=\"fa-star text-yellow-400\"><\/i> <i class=\"fa-star text-yellow-400\"><\/i>\r\n    <\/div>\r\n  <\/div>\r\n<\/div>                            <\/div>\n                        <\/div>\n                    <\/div>\n                                                        <div class=\"w-full lg:w-1\/3 text-end\">\n                        <div class=\"h-full  z-10\">\n                            <div class=\"h-full\">\n                                <div class=\"flex flex-col h-full relative\">\r\n  <div class=\"absolute top-0 left-0 mt-3 ml-4 md:mt-5 md:ml-12\"> <svg xmlns=\"http:\/\/www.w3.org\/2000\/svg\" class=\"text-primary-light fill-current w-12 h-12 md:w-16 md:h-16 opacity-40\" viewbox=\"0 0 24 24\">\r\n      <path d=\"M6.5 10c-.223 0-.437.034-.65.065.069-.232.14-.468.254-.68.114-.308.292-.575.469-.844.148-.291.409-.488.601-.737.201-.242.475-.403.692-.604.213-.21.492-.315.714-.463.232-.133.434-.28.65-.35.208-.086.39-.16.539-.222.302-.125.474-.197.474-.197L9.758 4.03c0 0-.218.052-.597.144C8.97 4.222 8.737 4.278 8.472 4.345c-.271.05-.56.187-.882.312C7.272 4.799 6.904 4.895 6.562 5.123c-.344.218-.741.4-1.091.692C5.132 6.116 4.723 6.377 4.421 6.76c-.33.358-.656.734-.909 1.162C3.219 8.33 3.02 8.778 2.81 9.221c-.19.443-.343.896-.468 1.336-.237.882-.343 1.72-.384 2.437-.034.718-.014 1.315.028 1.747.015.204.043.402.063.539.017.109.025.168.025.168l.026-.006C2.535 17.474 4.338 19 6.5 19c2.485 0 4.5-2.015 4.5-4.5S8.985 10 6.5 10zM17.5 10c-.223 0-.437.034-.65.065.069-.232.14-.468.254-.68.114-.308.292-.575.469-.844.148-.291.409-.488.601-.737.201-.242.475-.403.692-.604.213-.21.492-.315.714-.463.232-.133.434-.28.65-.35.208-.086.39-.16.539-.222.302-.125.474-.197.474-.197L20.758 4.03c0 0-.218.052-.597.144-.191.048-.424.104-.689.171-.271.05-.56.187-.882.312-.317.143-.686.238-1.028.467-.344.218-.741.4-1.091.692-.339.301-.748.562-1.05.944-.33.358-.656.734-.909 1.162C14.219 8.33 14.02 8.778 13.81 9.221c-.19.443-.343.896-.468 1.336-.237.882-.343 1.72-.384 2.437-.034.718-.014 1.315.028 1.747.015.204.043.402.063.539.017.109.025.168.025.168l.026-.006C13.535 17.474 15.338 19 17.5 19c2.485 0 4.5-2.015 4.5-4.5S19.985 10 17.5 10z\"><\/path>\r\n    <\/svg><\/div>\r\n  <div class=\"h-full relative z-10\">\r\n    <div class=\"text-center px-6 md:px-16 pt-10 md:pt-14 text-l sm:text-xl\">\r\n      <p class=\"text-gray-600 serif font-normal italic\">\r\n       Bay Lugowski, Hamburg&#039;da ger\u00e7ekten harika bir avukat. \u0130\u015fverenimdeki olduk\u00e7a karma\u015f\u0131k bir davada bana yard\u0131mc\u0131 oldu ve ba\u015flang\u0131\u00e7ta teklif edilenden \u00e7ok daha y\u00fcksek bir k\u0131dem tazminat\u0131 paketi almay\u0131 ba\u015fard\u0131.\r\n      <\/p>\r\n      <span class=\"text-center font-bold\">EA<\/span> <i class=\"fa-star text-yellow-400\"><\/i> <i class=\"fa-star text-yellow-400\"><\/i> <i class=\"fa-star text-yellow-400\"><\/i> <i class=\"fa-star text-yellow-400\"><\/i> <i class=\"fa-star text-yellow-400\"><\/i>\r\n    <\/div>\r\n  <\/div>\r\n<\/div>                            <\/div>\n                        <\/div>\n                    <\/div>\n                \n                    \n        \n    <\/div>\n\n<\/div>\n            <\/div>\n                                <div class='order-6 md:order-none' >\n                \n<div class=\"smart-container\" >\n    \n    <div class=\"flex flex-wrap\">\n        \n                            \n                                                        <div class=\"w-full lg:w-5\/12 py-1\">\n                        <div class=\"h-full  hasBorder z-10\" style=\"border: 5px solid #5E5E5E;\">\n                            <div class=\"h-full p-6\">\n                                <div class=\"iconlist flex flex-col justify-center h-full\">\r\n<h3>\u0130\u015ften \u00c7\u0131karma: Bir\u00e7ok \u00e7al\u0131\u015fan \u015fikayet etmiyor ve \u00e7ok \u015fey veriyor<\/h3>\r\n<p>T\u00fcm \u00e7al\u0131\u015fanlar\u0131n yaln\u0131zca -15&#039;i i\u015ften \u00e7\u0131kar\u0131lmalar\u0131na kar\u015f\u0131 dava a\u00e7\u0131yor. \u0130\u015fverenlerinin her \u015feyi do\u011fru yapt\u0131\u011f\u0131na inan\u0131yorlar. Bu ciddi bir hata, \u00e7\u00fcnk\u00fc <strong>bir\u00e7ok sonland\u0131rma<\/strong> vard\u0131r <strong>etkisiz<\/strong>.<\/p>\r\n<ul class=\"text-lg flex justify-center\">\r\n \t<li class=\"flex\"><i class=\"text-2xl fa fa-close mr-3 pt-1\"><\/i><p>Bir <strong>k\u0131dem tazminat\u0131<\/strong> Dava a\u00e7\u0131lmas\u0131 halinde istatistiksel olarak tazminat \u00f6denmesi muhtemel* olmas\u0131na ra\u011fmen, herhangi bir tazminat alamayacaklar.<\/p><\/li>\r\n \t<li class=\"flex\"><i class=\"text-2xl fa fa-close mr-3 pt-1\"><\/i><p>Bunun yerine, potansiyel olarak etkisiz feshe ra\u011fmen, i\u015f ili\u015fkisi ihbar s\u00fcresinin bitiminden sonra sona erer; i\u015ften herhangi bir muafiyet olmaks\u0131z\u0131n.<\/p><\/li>\r\n \t<li class=\"flex\"><i class=\"text-2xl fa fa-close mr-3 pt-1\"><\/i><p>Bireysel durumlarda, i\u015fverenle \u015fu konuda tart\u0131\u015f\u0131rlar: <strong>\u0130stihdam referans\u0131<\/strong>Bu da i\u015f mahkemesine kadar gidebilir.<\/p><\/li>\r\n \t<li class=\"flex\"><i class=\"text-2xl fa fa-close mr-3 pt-1\"><\/i><p>Hatta bir tehdit bile olabilir <strong>\u0130\u015fsizlik \u00f6dene\u011fi i\u00e7in bekleme s\u00fcresi<\/strong>\u00f6zellikle ihbars\u0131z fesih halinde.<\/p><\/li>\r\n<\/ul>\r\n<p><em class=\"text-sm\">*Hans B\u00f6ckler Vakf\u0131 \u2013 B\u00f6ckler Impulse, Say\u0131 19\/2008<\/em><\/p>\r\n<\/div>                            <\/div>\n                        <\/div>\n                    <\/div>\n                                                        <div class=\"w-full lg:w-2\/12 self-center text-center py-1 hidden lg:block\">\n                        <div class=\"h-full  z-10\">\n                            <div class=\"h-full p-6\">\n                                <p>Ayn\u0131 hatay\u0131 yapmay\u0131n\r\n<i class=\"fa-long-arrow-right grey_blue_arrow\" style=\"font-size: 90px;\"><\/i>\r\n<\/p>                            <\/div>\n                        <\/div>\n                    <\/div>\n                                                        <div class=\"w-full lg:w-5\/12 py-1\">\n                        <div class=\"h-full  hasBorder gradient-border blue-gradient z-10\">\n                            <div class=\"h-full p-6\">\n                                <div class=\"iconlist flex flex-col justify-center h-full\">\r\n<h3 class=\"pb-2\" style=\"text-align: center;\">Fesih i\u015fleminize itiraz ediyoruz ve \u015funlar\u0131 sa\u011flamaya kararl\u0131y\u0131z:<\/h3>\r\n<ul class=\"text-lg flex justify-center\">\r\n \t<li class=\"flex pb-4\"><i class=\"text-2xl fa fa-eur mr-3 pt-1\"><\/i>Art\u0131k i\u015fvereniniz i\u00e7in \u00e7al\u0131\u015fmak istemiyorsan\u0131z, uygun bir k\u0131dem tazminat\u0131 ile mali durumunuz g\u00fcvence alt\u0131na al\u0131n\u0131r<\/li>\r\n \t<li class=\"flex pb-4\"><i class=\"text-2xl fa-hourglass-end mr-3 pt-1\"><\/i>i\u015fveren sizi i\u015ften \u00e7\u0131kar\u0131r ve b\u00f6ylece zaman kazan\u0131rs\u0131n\u0131z<\/li>\r\n \t<li class=\"flex pb-4\"><i class=\"text-2xl fa fa-life-ring mr-3 pt-1\"><\/i>Ajans size ba\u015flang\u0131\u00e7tan itibaren i\u015fsizlik yard\u0131m\u0131 sa\u011flar - bekleme s\u00fcresi olmadan<\/li>\r\n<li class=\"flex pb-4\"><i class=\"text-2xl fa-shield mr-3 pt-1\"><\/i>E\u011fer belirtti\u011finiz hedef buysa i\u015finizi geri al\u0131rs\u0131n\u0131z<\/li>\r\n \t<li class=\"flex pb-4\"><i class=\"text-2xl fa fa-file-text-o mr-3 pt-1\"><\/i>\u0130\u015fveren size yeni bir i\u015fi h\u0131zl\u0131 bir \u015fekilde bulman\u0131za yard\u0131mc\u0131 olacak performansa dayal\u0131 bir referans verir<\/li>\r\n<\/ul>\r\n<\/div>                            <\/div>\n                        <\/div>\n                    <\/div>\n                \n                    \n        \n    <\/div>\n\n<\/div>\n            <\/div>\n                                <div class='mobile-even-row order-7 md:order-none' >\n                \n<div class=\"smart-container\" >\n    \n    <div class=\"flex flex-wrap\">\n        \n                            \n                                                        <div class=\"w-full lg:w-full\">\n                        <div class=\"h-full  z-10\">\n                            <div class=\"h-full\">\n                                <div class=\"lg:flex lg:items-center lg:justify-between\"><p class=\"text-3xl font-extrabold tracking-tight text-gray-900 sm:text-4xl\"><span class=\"block\">Fesih i\u00e7in \u00fccretsiz ilk de\u011ferlendirme.<\/span><span class=\"block text-primary-light\">Hukuki a\u00e7\u0131dan konuya tam olarak hakim.<\/span><\/p><div class=\"buttons-block flex flex-wrap justify-center mt-3\"><a class=\"btn-cta mr-3 mt-0 lg:mt-3 xl:mt-0\" href=\"tel:+4940524717830\"><i class=\"fa fa-phone mr-2\"><\/i>Hemen aray\u0131n<\/a><a class=\"btn-cta mr-3 mt-0 lg:mt-3 xl:mt-0\" href=\"\/tr\/kontakt\/\"><i class=\"fa fa-envelope mr-2\"><\/i>Davay\u0131 a\u00e7\u0131klay\u0131n<\/a><\/div><\/div>                            <\/div>\n                        <\/div>\n                    <\/div>\n                \n                    \n        \n    <\/div>\n\n<\/div>\n            <\/div>\n                                <div class='order-8 md:order-none' >\n                \n<div class=\"smart-container\" >\n            <h2 class=\"font-bold text-center\">\u201c\u0130\u015f akdinizin feshedilmesine itiraz edece\u011fiz ve k\u0131dem tazminat\u0131 alma yollar\u0131n\u0131 g\u00f6sterece\u011fiz.\u201d<\/h2>\n    \n    <div class=\"flex flex-wrap\">\n        \n                            \n                                                        <div >\n                        <div class=\"h-full  z-10\">\n                            <div class=\"h-full\">\n                                <div class=\"relative overflow-hidden\">\r\n  <svg\r\n    class=\"hidden xl:block absolute top-0 right-0 -mt-20 -mr-20\"\r\n    width=\"300\"\r\n    height=\"600\"\r\n    fill=\"none\"\r\n    viewbox=\"0 0 300 600\"\r\n    aria-hidden=\"true\"\r\n  >\r\n    <defs>\r\n      <pattern\r\n        id=\"pattern_1\"\r\n        x=\"0\"\r\n        y=\"0\"\r\n        width=\"20\"\r\n        height=\"20\"\r\n        patternunits=\"userSpaceOnUse\"\r\n      >\r\n        <rect x=\"0\" y=\"0\" width=\"4\" height=\"4\" class=\"text-gray-200\" fill=\"currentColor\" \/>\r\n      <\/pattern>\r\n    <\/defs>\r\n    <rect width=\"400\" height=\"600\" fill=\"url(#pattern_1)\" \/>\r\n  <\/svg>\r\n  <svg\r\n    class=\"hidden xl:block absolute bottom-0 left-0 -mb-20 -ml-20\"\r\n    width=\"300\"\r\n    height=\"500\"\r\n    fill=\"none\"\r\n    viewbox=\"0 0 300 500\"\r\n    aria-hidden=\"true\"\r\n  >\r\n    <defs>\r\n      <pattern\r\n        id=\"pattern_2\"\r\n        x=\"0\"\r\n        y=\"0\"\r\n        width=\"20\"\r\n        height=\"20\"\r\n        patternunits=\"userSpaceOnUse\"\r\n      >\r\n        <rect x=\"0\" y=\"0\" width=\"4\" height=\"4\" class=\"text-gray-200\" fill=\"currentColor\" \/>\r\n      <\/pattern>\r\n    <\/defs>\r\n    <rect width=\"400\" height=\"500\" fill=\"url(#pattern_2)\" \/>\r\n  <\/svg>\r\n  <div class=\"relative\">\r\n    <p class=\"max-w-3xl mx-auto text-center text-xl text-gray-500\">\r\n      Bu yaz\u0131y\u0131 Hamburg&#039;da i\u015f hukuku avukatlar\u0131 olan Hamza G\u00fclbas ve Raphael Lugowski yaz\u0131yor. \u0130\u015f s\u00f6zle\u015fmenizin feshedilmesine kar\u015f\u0131 m\u00fccadelede stratejik ve sa\u011flam bir yakla\u015f\u0131m benimsiyoruz. Amac\u0131m\u0131z, fesih s\u00fcrecinizi g\u00fcvence alt\u0131na almak ve ba\u015far\u0131ya (\u00f6rne\u011fin k\u0131dem tazminat\u0131) ula\u015fman\u0131za yard\u0131mc\u0131 olmakt\u0131r.\r\n    <\/p>\r\n  <\/div>\r\n  <div class=\"flex flex-col-reverse lg:block relative mt-6 lg:mt-12 lg:grid lg:grid-cols-2 lg:gap-2 lg:items-center justify-items-center\">\r\n    <div class=\"relative\">\r\n      <p class=\"mt-3\">\r\nFesihte ba\u015far\u0131n\u0131n anahtar\u0131 nedir? <strong>Deneyim, beceri ve strateji<\/strong>\u0130\u015fverenlerle, \u00f6zellikle de i\u015f\u00e7i konseyleriyle d\u00fczenli olarak yo\u011fun g\u00f6r\u00fc\u015fmeler yap\u0131yoruz. Bu g\u00f6r\u00fc\u015fmeler bazen y\u00fczlerce \u00e7al\u0131\u015fan\u0131 etkileyen b\u00fcy\u00fck \u00e7apl\u0131 i\u015ften \u00e7\u0131karmalar\u0131 da i\u00e7eriyor ve sosyal tazminat planlar\u0131 milyonlarca dolar\u0131 buluyor.\r\n      <\/p>\r\n\r\n      <p>\r\n        Bu nedenle bir \u015feyin ne kadar \u00f6nemli oldu\u011funu tam olarak biliyoruz <strong>dikkatli ve hassas planlama<\/strong> ve iyi bir strateji. Deneyimlerimize g\u00f6re, ba\u015far\u0131n\u0131n temeli iyi m\u00fczakere becerileri ve haz\u0131rl\u0131kla at\u0131l\u0131r.\r\n      <\/p>\r\n\r\n      <p>\r\n       <strong>Sa\u011flam i\u015f hukuku<\/strong> Bunun temeli budur. \u0130\u00e7tihatlar dinamiktir ve haks\u0131z fesih davalar\u0131nda en uygun stratejiyi etkiler. T\u00fcm \u00f6nemli kararlara a\u015finay\u0131z ve stratejimizi sizin ki\u015fisel ihtiya\u00e7lar\u0131n\u0131za g\u00f6re uyarl\u0131yoruz. Bu sayede sizin i\u00e7in m\u00fcmk\u00fcn olan en iyi sonucu elde ediyoruz.\r\n      <\/p>\r\n    <\/div>\r\n\r\n    <div class=\"my-6 relative lg:my-0\" aria-hidden=\"true\">\r\n      <video id=\"walking-video\" width=\"600\" height=\"400\" muted playsinline poster=\"\/wp-content\/uploads\/2024\/10\/Raphael_Hamza_gehend_poster.jpg\">\r\n        <source data-src=\"\/wp-content\/uploads\/2024\/10\/Raphael_Hamza_gehend_480p.mp4\" type=\"video\/mp4\">\r\n        Taray\u0131c\u0131n\u0131z HTML videolar\u0131n\u0131 desteklemiyor.\r\n      <\/video>\r\n    <\/div>\r\n  <\/div>\r\n  <div\r\n    class=\"lg:block relative mt-6 lg:mt-12 lg:grid lg:grid-cols-2 lg:gap-2 lg:items-center justify-items-center\"\r\n  \r\n  >\r\n    <div class=\"my-6 relative lg:my-0\">\r\n      <img loading=\"lazy\" decoding=\"async\"\r\n        src=\"\/wp-content\/uploads\/2023\/02\/Smart_Arbeitsrecht_Kanzlei_Alsterufer.jpg\"\r\n        alt=\"Smart Arbeitsrecht Kanzlei an der Alsterufer\"\r\n        width=\"600\"\r\n        height=\"338\"\r\n        class=\"relative mx-auto size-full wp-image-6484\"\r\n      \/>\r\n    <\/div>\r\n    <div>\r\n      <p class=\"mt-3\">\r\n        \u0130lgi alanlar\u0131n\u0131za g\u00f6re bir <strong>bireysel s\u00fcre\u00e7 stratejisi<\/strong> Sizin i\u00e7in. Davan\u0131z\u0131 titizlikle analiz ediyor, yaz\u0131l\u0131 sunumlarla bask\u0131 olu\u015fturuyor ve hukuki avantaj elde etmenizi sa\u011flamak i\u00e7in hi\u00e7bir f\u0131rsat\u0131 ka\u00e7\u0131rm\u0131yoruz.\r\n      <\/p>\r\n\r\n      <p>\r\n      Biz <strong>\u0131srarc\u0131 lobiciler<\/strong> M\u00fcvekkillerimizle uzla\u015f\u0131r ve yaln\u0131zca ko\u015fullar sizin i\u00e7in uygunsa uzla\u015fmaya var\u0131r\u0131z. Yolculu\u011fun sizi nereye g\u00f6t\u00fcrece\u011fine siz karar verin; biz de size hukuki konumunuzun ne kadar g\u00fc\u00e7l\u00fc oldu\u011funu a\u00e7\u0131k\u00e7a s\u00f6yleriz.\r\n      <\/p>\r\n\r\n      <p>L\u00fctfen bizimle ileti\u015fime ge\u00e7mekten ve bizi tan\u0131maktan \u00e7ekinmeyin. Daha sonra size nas\u0131l destek olabilece\u011fimizi konu\u015faca\u011f\u0131z.<\/p>\r\n      <img loading=\"lazy\" decoding=\"async\"\r\n        src=\"\/wp-content\/uploads\/2022\/01\/Unterschrift.png\"\r\n        alt=\"\"\r\n        width=\"223\"\r\n        height=\"62\"\r\n        class=\"alignnone size-full wp-image-5905 mt-2\"\r\n      \/>\r\n    <\/div>\r\n  <\/div>\r\n<\/div>\r\n                            <\/div>\n                        <\/div>\n                    <\/div>\n                \n                    \n        \n    <\/div>\n\n<\/div>\n            <\/div>\n                                <div class='mobile-even-row order-9 md:order-none' >\n                \n<div class=\"smart-container\" >\n            <h2 class=\"font-bold text-center\">Fesih bildirimi mi ald\u0131n\u0131z? Bizimle \u00e7al\u0131\u015fman\u0131n avantajlar\u0131 \u015funlard\u0131r:<\/h2>\n    \n    <div class=\"flex flex-wrap justify-center\">\n        \n                            \n                                                        <div >\n                        <div class=\"h-full  z-10\">\n                            <div class=\"h-full\">\n                                <section class=\"relative z-10 mt-10\">\r\n  <div class=\"grid grid-cols-1 gap-y-20 lg:grid-cols-3 lg:gap-y-0 lg:gap-x-8\">\r\n    <div class=\"flex flex-col bg-white shadow-xl\">\r\n      <div class=\"flex-1 relative pt-16 px-6 pb-8 md:px-8\">\r\n        <div class=\"absolute top-0 p-5 inline-block bg-primary text-white shadow-lg transform -translate-y-1\/2\">\r\n          <i class=\"text-2xl fa-drink\"><\/i>\r\n        <\/div>\r\n        <h3 class=\"text-xl font-medium text-gray-900\">Fesih bir stres fakt\u00f6r\u00fc de\u011fildir<\/h3>\r\n        <p class=\"mt-4 text-base text-gray-500\">Davan\u0131z emin ellerde: Sizi temsil edece\u011fiz ve feshin sizin i\u00e7in art\u0131k stresli bir olay olmamas\u0131n\u0131 sa\u011flayaca\u011f\u0131z.<\/p>\r\n      <\/div>\r\n    <\/div>\r\n\r\n    <div class=\"flex flex-col bg-white shadow-xl\">\r\n      <div class=\"flex-1 relative pt-16 px-6 pb-8 md:px-8\">\r\n        <div class=\"absolute top-0 p-5 inline-block bg-primary text-white shadow-lg transform -translate-y-1\/2\">\r\n          <i class=\"text-2xl fa-map-signs\"><\/i>\r\n        <\/div>\r\n        <h3 class=\"text-xl font-medium text-gray-900\">\u0130\u015f veya k\u0131dem tazminat\u0131<\/h3>\r\n        <p class=\"mt-4 text-base text-gray-500\">\u0130lgi alanlar\u0131n\u0131z ne olursa olsun, i\u015finize geri d\u00f6nmeniz veya uygun k\u0131dem tazminat\u0131n\u0131z\u0131 alman\u0131z i\u00e7in yasal olarak her \u015feyi yapaca\u011f\u0131z.<\/p>\r\n      <\/div>\r\n\r\n    <\/div>\r\n    <div class=\"flex flex-col bg-white shadow-xl\">\r\n      <div class=\"flex-1 relative pt-16 px-6 pb-8 md:px-8\">\r\n        <div class=\"absolute top-0 p-5 inline-block bg-primary text-white shadow-lg transform -translate-y-1\/2\">\r\n          <i class=\"text-2xl fa-check-square-o\"><\/i>\r\n        <\/div>\r\n        <h3 class=\"text-xl font-medium text-gray-900\">\u00dccretsiz ilk de\u011ferlendirme<\/h3>\r\n        <p class=\"mt-4 text-base text-gray-500\">Hi\u00e7bir risk yok: \u0130lk de\u011ferlendirmemiz \u00fccretsizdir. Sonras\u0131nda feshe kar\u015f\u0131 i\u015flem yap\u0131p yapmaman\u0131z gerekti\u011fine karar verebilirsiniz.<\/p>\r\n      <\/div>\r\n    <\/div><\/div>\r\n<\/section>                            <\/div>\n                        <\/div>\n                    <\/div>\n                \n                    \n        \n    <\/div>\n\n<\/div>\n            <\/div>\n                                <div class='order-10 md:order-none' >\n                \n<div class=\"smart-container\" >\n            <h2 class=\"font-bold text-center\">Hamburg&#039;da Fesih Avukat\u0131 \u2013 Fesih uzman\u0131n\u0131z<\/h2>\n    \n    <div class=\"flex flex-wrap\">\n        \n                            \n                                                        <div class=\"w-full lg:w-1\/3 text-center\">\n                        <div class=\"h-full  z-10\">\n                            <div class=\"h-full p-1\">\n                                <figure id=\"attachment_6770\" aria-describedby=\"caption-attachment-6770\" style=\"width: 440px\" class=\"wp-caption alignnone\"><img loading=\"lazy\" decoding=\"async\" src=\"\/wp-content\/uploads\/2023\/04\/Raphael_Lugowski_rechts_blickend_gehend.jpg\" alt=\"Raphael Lugowski mit jahrelanger Erfahrung im Arbeitsrecht\" width=\"440\" height=\"457\" class=\"size-full wp-image-6770\" srcset=\"https:\/\/smart-arbeitsrecht.de\/wp-content\/uploads\/2023\/04\/Raphael_Lugowski_rechts_blickend_gehend.jpg 440w, https:\/\/smart-arbeitsrecht.de\/wp-content\/uploads\/2023\/04\/Raphael_Lugowski_rechts_blickend_gehend-289x300.jpg 289w\" sizes=\"auto, (max-width: 440px) 100vw, 440px\" \/><figcaption id=\"caption-attachment-6770\" class=\"wp-caption-text\">Raphael Lugowski, i\u015f hukuku konusunda uzmanla\u015fm\u0131\u015f avukat<\/figcaption><\/figure>                            <\/div>\n                        <\/div>\n                    <\/div>\n                                                        <div class=\"w-full lg:w-2\/3 self-center\">\n                        <div class=\"h-full  z-10\">\n                            <div class=\"h-full p-1\">\n                                <div class=\"flex\">\r\n  <ul class=\"flex flex-col mx-auto\">\r\n    <li class=\"flex bg-white p-4 mb-4 shadow-md\"><i class=\"fa fa-check text-xl text-primary mr-2 pt-1\"><\/i>\r\n      <div>\r\n        <p class=\"text-gray-900 font-semibold no-space\">Y\u00fcksek derecede uzmanla\u015fma<\/p>\r\n        <div style=\"flex-basis:100%;\"><\/div>\r\n        <p class=\"text-gray-500 text-sm no-space\">Hamburg&#039;daki avukat\u0131n\u0131z yaln\u0131zca i\u015f hukuku konusunda uzmanla\u015fm\u0131\u015ft\u0131r ve size uzman tavsiyelerde bulunabilir.<\/p><\/div>\r\n    <\/li>\r\n    <li class=\"flex bg-white p-4 mb-4 shadow-md\"><i class=\"fa fa-check text-xl text-primary mr-2 pt-1\"><\/i>\r\n      <div>\r\n        <p class=\"text-gray-900 font-semibold no-space\">Odak: Fesih ve ayr\u0131lma s\u00fcre\u00e7leri<\/p>\r\n        <div style=\"flex-basis:100%;\"><\/div>\r\n        <p class=\"text-gray-500 text-sm no-space\">Fesih kararlar\u0131na d\u00fczenli olarak itiraz ediyoruz ve fesih karar\u0131n\u0131z\u0131n hangi noktalarda etkili oldu\u011funu da biliyoruz.<\/p><\/div>\r\n    <\/li>\r\n    <li class=\"flex bg-white p-4 mb-4 shadow-md\"><i class=\"fa fa-check text-xl text-primary mr-2 pt-1\"><\/i>\r\n      <div>\r\n        <p class=\"text-gray-900 font-semibold no-space\">Y\u00fczlerce fesih davas\u0131 ba\u015far\u0131yla m\u00fczakere edildi<\/p> \r\n        <div style=\"flex-basis:100%;\"><\/div>\r\n        <p class=\"text-gray-500 text-sm no-space\">Deneyimlerimize dayanarak neyin \u00f6nemli oldu\u011funu ve nereye sald\u0131rmam\u0131z gerekti\u011fini biliyoruz.<\/p><\/div>\r\n    <\/li>\r\n    <li class=\"flex bg-white p-4 mb-4 shadow-md\"><i class=\"fa fa-check text-xl text-primary mr-2 pt-1\"><\/i>\r\n      <div>\r\n        <p class=\"text-gray-900 font-semibold no-space\">\u0130lgi alanlar\u0131n\u0131za y\u00fcksek ba\u011fl\u0131l\u0131k<\/p>\r\n        <div style=\"flex-basis:100%;\"><\/div>\r\n        <p class=\"text-gray-500 text-sm no-space\">\u00d6zellikle fesih s\u00fcrecinde \u015fu slogan ge\u00e7erlidir: Bizim taahh\u00fcd\u00fcm\u00fcz sizin i\u00e7in fark yarat\u0131r!<\/p><\/div>\r\n    <\/li>\r\n    <li class=\"flex bg-white p-4 mb-4 shadow-md\"><i class=\"fa fa-check text-xl text-primary mr-2 pt-1\"><\/i>\r\n      <div>\r\n        <p class=\"text-gray-900 font-semibold no-space\">Uzmanl\u0131k alan\u0131: M\u00fczakere psikolojisi ve stratejisi<\/p>\r\n        <div style=\"flex-basis:100%;\"><\/div>\r\n        <p class=\"text-gray-500 text-sm no-space\">Uzman bilgimiz, bireysel \u00e7\u0131karlar\u0131n\u0131z\u0131 etkili bir \u015fekilde hayata ge\u00e7irmenize yard\u0131mc\u0131 olur.<\/p><\/div>\r\n    <\/li>\r\n  <\/ul>\r\n<\/div>                            <\/div>\n                        <\/div>\n                    <\/div>\n                \n                    \n        \n    <\/div>\n\n<\/div>\n            <\/div>\n                                <div class='mobile-even-row order-11 md:order-none' >\n                \n\n<div class=\"smart-container\" id=\"bewertungen\">\n    \n    <div class=\"testimonial-block flex flex-wrap -m-4\">\n        <div class=\"relative w-full md:w-1\/2 py-2 md:py-24 bg-white flex flex-col item-center justify-center\">\n\n            <div class=\"absolute top-0 left-0 z-10 grid-indigo w-16 h-16 md:w-44 md:h-96 md:ml-20 md:mt-24\"><\/div>\n\n            <div class=\"py-2 px-6 md:py-6 md:px-1 md:w-64 md:mx-auto font-semibold leading-tight tracking-tight mb-0 z-20\">\n                <h2 class=\"text-2xl md:text-5xl\">\u00d6yle diyorlar<br>m\u00fc\u015fterilerimiz<\/h2>\n            <\/div>\n        <\/div>\n\n        <div class=\"bg-gray-100 w-full md:w-1\/2\">\n            <div class=\"flex flex-col h-full relative\">\n                <div class=\"absolute top-0 left-0 mt-3 ml-4 md:mt-5 md:ml-12\">\n                    <svg xmlns=\"http:\/\/www.w3.org\/2000\/svg\"\n                         class=\"text-primary-light fill-current w-12 h-12 md:w-16 md:h-16 opacity-40\"\n                         viewbox=\"0 0 24 24\">\n                        <path\n                            d=\"M6.5 10c-.223 0-.437.034-.65.065.069-.232.14-.468.254-.68.114-.308.292-.575.469-.844.148-.291.409-.488.601-.737.201-.242.475-.403.692-.604.213-.21.492-.315.714-.463.232-.133.434-.28.65-.35.208-.086.39-.16.539-.222.302-.125.474-.197.474-.197L9.758 4.03c0 0-.218.052-.597.144C8.97 4.222 8.737 4.278 8.472 4.345c-.271.05-.56.187-.882.312C7.272 4.799 6.904 4.895 6.562 5.123c-.344.218-.741.4-1.091.692C5.132 6.116 4.723 6.377 4.421 6.76c-.33.358-.656.734-.909 1.162C3.219 8.33 3.02 8.778 2.81 9.221c-.19.443-.343.896-.468 1.336-.237.882-.343 1.72-.384 2.437-.034.718-.014 1.315.028 1.747.015.204.043.402.063.539.017.109.025.168.025.168l.026-.006C2.535 17.474 4.338 19 6.5 19c2.485 0 4.5-2.015 4.5-4.5S8.985 10 6.5 10zM17.5 10c-.223 0-.437.034-.65.065.069-.232.14-.468.254-.68.114-.308.292-.575.469-.844.148-.291.409-.488.601-.737.201-.242.475-.403.692-.604.213-.21.492-.315.714-.463.232-.133.434-.28.65-.35.208-.086.39-.16.539-.222.302-.125.474-.197.474-.197L20.758 4.03c0 0-.218.052-.597.144-.191.048-.424.104-.689.171-.271.05-.56.187-.882.312-.317.143-.686.238-1.028.467-.344.218-.741.4-1.091.692-.339.301-.748.562-1.05.944-.33.358-.656.734-.909 1.162C14.219 8.33 14.02 8.778 13.81 9.221c-.19.443-.343.896-.468 1.336-.237.882-.343 1.72-.384 2.437-.034.718-.014 1.315.028 1.747.015.204.043.402.063.539.017.109.025.168.025.168l.026-.006C13.535 17.474 15.338 19 17.5 19c2.485 0 4.5-2.015 4.5-4.5S19.985 10 17.5 10z\"\/>\n                    <\/svg>\n                <\/div>\n\n                <!-- Text -->\n                <div class=\"slider-container\">\n                                    <div class=\"slide-container\">\n                        <div\n                            class=\"slide slide0 px-6 md:px-16 pt-10 md:pt-14 text-lg sm:text-xl\">\n                            <p class=\"text-gray-600 serif font-normal italic\">\n                                \u0130\u015ften \u00e7\u0131kar\u0131lmam\u0131n ard\u0131ndan \u00e7ok yetkin ve \u00f6zverili tavsiye ve destek ald\u0131m. Bay Lugowski, i\u015fverenimle s\u00fcrekli ileti\u015fim halindeydi. \u0130leti\u015fim her zaman \u00e7ok keyifli ve bilgilendiriciydi. Benim i\u00e7in \u00e7ok iyi bir sonu\u00e7 elde etti. Hamburg&#039;dan Bay Lugowski&#039;yi kesinlikle tavsiye edebilirim.                             <\/p>\n                            <p class=\"text-sm no-space\">De\u011ferlendirme:<\/p>\n                            <div class=\"flex\">\n                                <i class=\"fa-star text-yellow-400\"><\/i>\n                                <i class=\"fa-star text-yellow-400\"><\/i>\n                                <i class=\"fa-star text-yellow-400\"><\/i>\n                                <i class=\"fa-star text-yellow-400\"><\/i>\n                                <i class=\"fa-star text-yellow-400\"><\/i>\n                            <\/div>\n                        <\/div>\n                    <\/div>\n                                    <div class=\"slide-container\">\n                        <div\n                            class=\"slide slide1 px-6 md:px-16 pt-10 md:pt-14 text-lg sm:text-xl\">\n                            <p class=\"text-gray-600 serif font-normal italic\">\n                                Hamburg&#039;dan avukat Lugowski ile bir fesih davas\u0131 hakk\u0131nda g\u00f6r\u00fc\u015ft\u00fcm ve tamamen memnun kald\u0131m. \u0130lk g\u00f6r\u00fc\u015fme s\u0131ras\u0131nda avukat, her \u015feyin zaman\u0131nda tamamlanmas\u0131 i\u00e7in ne kadar zaman\u0131m kald\u0131\u011f\u0131n\u0131 bana bildirdi ve karar verme s\u00fcrecimde bana destek ve tavsiyelerde bulundu. Minnettar\u0131m ve Bay Lugowski&#039;nin tavsiyelerine tekrar tekrar g\u00fcvenebilirim.                            <\/p>\n                            <p class=\"text-sm no-space\">De\u011ferlendirme:<\/p>\n                            <div class=\"flex\">\n                                <i class=\"fa-star text-yellow-400\"><\/i>\n                                <i class=\"fa-star text-yellow-400\"><\/i>\n                                <i class=\"fa-star text-yellow-400\"><\/i>\n                                <i class=\"fa-star text-yellow-400\"><\/i>\n                                <i class=\"fa-star text-yellow-400\"><\/i>\n                            <\/div>\n                        <\/div>\n                    <\/div>\n                                    <div class=\"slide-container\">\n                        <div\n                            class=\"slide slide2 px-6 md:px-16 pt-10 md:pt-14 text-lg sm:text-xl\">\n                            <p class=\"text-gray-600 serif font-normal italic\">\n                                Bay Lugowski, i\u015ften \u00e7\u0131kar\u0131lma s\u00fcrecimde h\u0131zl\u0131 ve g\u00fcvenilir bir \u015fekilde bana yard\u0131mc\u0131 oldu. Eski i\u015fverenimle sekiz ayl\u0131k hukuk m\u00fccadelem boyunca her zaman yan\u0131mda bir orta\u011f\u0131m oldu\u011funu hissettim.                            <\/p>\n                            <p class=\"text-sm no-space\">De\u011ferlendirme:<\/p>\n                            <div class=\"flex\">\n                                <i class=\"fa-star text-yellow-400\"><\/i>\n                                <i class=\"fa-star text-yellow-400\"><\/i>\n                                <i class=\"fa-star text-yellow-400\"><\/i>\n                                <i class=\"fa-star text-yellow-400\"><\/i>\n                                <i class=\"fa-star text-yellow-400\"><\/i>\n                            <\/div>\n                        <\/div>\n                    <\/div>\n                                <\/div>\n\n                <!-- Slide Buttons -->\n                <div class=\"slide-btns flex flex-wrap my-4 justify-center items-center\">\n                                            <button\n                            class=\"text-center font-bold shadow-md h-12 w-12 inline-block rounded-full mx-2 opacity-50 bg-primary-light text-gray-800 active\"\n                            style=\"\"\n                            aria-labelledby=\"slide0\"\n                        >\n                            LS                        <\/button>\n                                            <button\n                            class=\"text-center font-bold shadow-md h-12 w-12 inline-block rounded-full mx-2 opacity-50 bg-primary-light text-gray-800\"\n                            style=\"\"\n                            aria-labelledby=\"slide1\"\n                        >\n                            Doktor                        <\/button>\n                                            <button\n                            class=\"text-center font-bold shadow-md h-12 w-12 inline-block rounded-full mx-2 opacity-50 bg-primary-light text-gray-800\"\n                            style=\"\"\n                            aria-labelledby=\"slide2\"\n                        >\n                            BL                        <\/button>\n                                    <\/div>\n\n                <!-- Name, Job -->\n                <div class=\"slider-container pt-2 pb-6 md:py-6\">\n                                            <div class=\"slide-container\">\n                            <div\n                              id=\"slide0\"\n                              class=\"text-center slide name-slide\">\n                                <p class=\"text-sm md:text-base font-bold text-gray-700 leading-tight no-space\">LS<\/p>\n                                <small\n                                    class=\"text-gray-500 text-xs md:text-sm truncate\">\u00e7al\u0131\u015fan<\/small>\n                            <\/div>\n                        <\/div>\n                                            <div class=\"slide-container\">\n                            <div\n                              id=\"slide1\"\n                              class=\"text-center slide name-slide\">\n                                <p class=\"text-sm md:text-base font-bold text-gray-700 leading-tight no-space\">Doktor<\/p>\n                                <small\n                                    class=\"text-gray-500 text-xs md:text-sm truncate\">\u00e7al\u0131\u015fan<\/small>\n                            <\/div>\n                        <\/div>\n                                            <div class=\"slide-container\">\n                            <div\n                              id=\"slide2\"\n                              class=\"text-center slide name-slide\">\n                                <p class=\"text-sm md:text-base font-bold text-gray-700 leading-tight no-space\">BL<\/p>\n                                <small\n                                    class=\"text-gray-500 text-xs md:text-sm truncate\">\u00c7al\u0131\u015fanlar<\/small>\n                            <\/div>\n                        <\/div>\n                                    <\/div>\n            <\/div>\n        <\/div>\n    <\/div>\n\n    <\/div>\n            <\/div>\n                                <div class='order-12 md:order-none' >\n                \n<div class=\"smart-container\" >\n            <h2 class=\"font-bold text-center\">\u0130ncelemeli vaka \u00e7al\u0131\u015fmas\u0131<\/h2>\n    \n    <div class=\"flex flex-wrap justify-center\">\n        \n                            \n                                                        <div class=\"w-full lg:w-1\/2 self-center text-start\">\n                        <div class=\"h-full  z-10\">\n                            <div class=\"h-full\">\n                                <div class=\"flex flex-col h-full relative\">\r\n  <div class=\"absolute top-0 left-0 mt-3 ml-4 md:mt-5 md:ml-12\"> <svg xmlns=\"http:\/\/www.w3.org\/2000\/svg\" class=\"text-primary-light fill-current w-12 h-12 md:w-16 md:h-16 opacity-40\" viewbox=\"0 0 24 24\">\r\n      <path d=\"M6.5 10c-.223 0-.437.034-.65.065.069-.232.14-.468.254-.68.114-.308.292-.575.469-.844.148-.291.409-.488.601-.737.201-.242.475-.403.692-.604.213-.21.492-.315.714-.463.232-.133.434-.28.65-.35.208-.086.39-.16.539-.222.302-.125.474-.197.474-.197L9.758 4.03c0 0-.218.052-.597.144C8.97 4.222 8.737 4.278 8.472 4.345c-.271.05-.56.187-.882.312C7.272 4.799 6.904 4.895 6.562 5.123c-.344.218-.741.4-1.091.692C5.132 6.116 4.723 6.377 4.421 6.76c-.33.358-.656.734-.909 1.162C3.219 8.33 3.02 8.778 2.81 9.221c-.19.443-.343.896-.468 1.336-.237.882-.343 1.72-.384 2.437-.034.718-.014 1.315.028 1.747.015.204.043.402.063.539.017.109.025.168.025.168l.026-.006C2.535 17.474 4.338 19 6.5 19c2.485 0 4.5-2.015 4.5-4.5S8.985 10 6.5 10zM17.5 10c-.223 0-.437.034-.65.065.069-.232.14-.468.254-.68.114-.308.292-.575.469-.844.148-.291.409-.488.601-.737.201-.242.475-.403.692-.604.213-.21.492-.315.714-.463.232-.133.434-.28.65-.35.208-.086.39-.16.539-.222.302-.125.474-.197.474-.197L20.758 4.03c0 0-.218.052-.597.144-.191.048-.424.104-.689.171-.271.05-.56.187-.882.312-.317.143-.686.238-1.028.467-.344.218-.741.4-1.091.692-.339.301-.748.562-1.05.944-.33.358-.656.734-.909 1.162C14.219 8.33 14.02 8.778 13.81 9.221c-.19.443-.343.896-.468 1.336-.237.882-.343 1.72-.384 2.437-.034.718-.014 1.315.028 1.747.015.204.043.402.063.539.017.109.025.168.025.168l.026-.006C13.535 17.474 15.338 19 17.5 19c2.485 0 4.5-2.015 4.5-4.5S19.985 10 17.5 10z\"><\/path>\r\n    <\/svg><\/div>\r\n  <div class=\"h-full relative z-10\">\r\n    <div class=\"text-center px-6 md:px-16 pt-10 md:pt-14 text-l sm:text-xl\">\r\n      <p class=\"text-gray-600 serif font-normal italic\">\r\n       Fesih bildirimi ald\u0131m ve yak\u0131n bir arkada\u015f\u0131m\u0131n tavsiyesi \u00fczerine, i\u015f hukuku konusunda uzmanla\u015fm\u0131\u015f bir avukat olan Bay Lugowski ile ileti\u015fime ge\u00e7tim. \u00c7ok k\u0131sa s\u00fcrede randevu ald\u0131m ve hemen kendimi iyi bak\u0131lm\u0131\u015f ve anla\u015f\u0131lm\u0131\u015f hissettim. Endi\u015felerimi anlatt\u0131ktan sonra Bay Lugowski yetkin ve anla\u015f\u0131l\u0131r \u00e7\u00f6z\u00fcmler sundu. Mahkeme duru\u015fmas\u0131n\u0131n ard\u0131ndan mahkeme t\u00fcm konularda lehime karar verdi. Bu ayn\u0131 zamanda bana i\u015fsizlik maa\u015f\u0131 alma f\u0131rsat\u0131 da verdi. Bay Lugowski sayesinde i\u015fsizlik maa\u015f\u0131 i\u00e7in bekleme s\u00fcresine tabi tutulmad\u0131m. Kendisini her zaman tavsiye ederim.\r\n      <\/p>\r\n      <span class=\"text-center font-bold\">BU Y\u00dcZDEN<\/span> <i class=\"fa-star text-yellow-400\"><\/i> <i class=\"fa-star text-yellow-400\"><\/i> <i class=\"fa-star text-yellow-400\"><\/i> <i class=\"fa-star text-yellow-400\"><\/i> <i class=\"fa-star text-yellow-400\"><\/i>\r\n    <\/div>\r\n  <\/div>\r\n<\/div>                            <\/div>\n                        <\/div>\n                    <\/div>\n                                                        <div class=\"w-full lg:w-1\/2 text-end\">\n                        <div class=\"h-full  z-10\">\n                            <div class=\"h-full\">\n                                <p><strong>Ba\u015flang\u0131\u00e7 noktas\u0131<\/strong>\r\n<br>\r\nM\u00fcvekkil, iddia edilen g\u00f6rev ihlali nedeniyle ihbars\u0131z olarak i\u015ften \u00e7\u0131kar\u0131ld\u0131. Ayr\u0131ca, Federal \u0130stihdam Ajans\u0131, i\u015fsizlik \u00f6dene\u011fi i\u00e7in bekleme s\u00fcresi koydu.<\/p>\r\n\r\n<p><strong>Meydan okuma<\/strong>\r\n<br>\r\nAvukat Raphael Lugowski&#039;nin tavsiyesi \u00fczerine, ihbars\u0131z fesih karar\u0131na itiraz ederek ask\u0131ya alma s\u00fcresinin kald\u0131r\u0131lmas\u0131n\u0131 talep etti.<\/p>\r\n\r\n<p><strong>Prosed\u00fcr<\/strong>\r\n<br>\r\nToplant\u0131da, ihbars\u0131z fesih gerek\u00e7elerinin ge\u00e7erli olmad\u0131\u011f\u0131 ortaya \u00e7\u0131kt\u0131. Avukat Raphael Lugowski, haks\u0131z fesih davas\u0131 a\u00e7arak s\u00fcreci y\u00f6netti.<\/p>\r\n\r\n<p><strong>Sonu\u00e7<\/strong>\r\n<br>\r\nUzla\u015fma duru\u015fmas\u0131nda avukat Raphael Lugowski, mahkemeye ge\u00e7ersizli\u011fi vurgulad\u0131. Kar\u015f\u0131 taraf\u0131n itiraz\u0131 olmad\u0131. \u0130\u015f ili\u015fkisi k\u0131dem tazminat\u0131 \u00f6denerek sonland\u0131r\u0131ld\u0131. Zamana\u015f\u0131m\u0131 s\u00fcresi kald\u0131r\u0131ld\u0131.<\/p>                            <\/div>\n                        <\/div>\n                    <\/div>\n                \n                    \n        \n    <\/div>\n\n<\/div>\n            <\/div>\n                                <div class='mobile-even-row order-13 md:order-none' >\n                \n<div class=\"smart-container\" >\n    \n    <div class=\"flex flex-wrap justify-center\">\n        \n                            \n                                                        <div class=\"text-center\">\n                        <div class=\"h-full  hasBorder gradient-border red-gradient z-10\">\n                            <div class=\"h-full p-4\">\n                                <p>Fesih bildirimini ald\u0131ktan sonra, yaln\u0131zca <strong>3 hafta<\/strong> Bir \u015fey yapman\u0131n zaman\u0131 geldi <strong>\u0130\u015ften \u00e7\u0131kar\u0131lma koruma davas\u0131<\/strong> Bundan sonra feshe itiraz edemezsiniz. Baz\u0131 olumlu durumlar i\u00e7in <strong>yasal beyanlar<\/strong> Eri\u015fimden sonra yaln\u0131zca <strong>birka\u00e7 g\u00fcn<\/strong> Zaman.<\/p>\r\n<p>Bu nedenle fesih bildirimini ald\u0131ktan sonra \u00e7ok uzun s\u00fcre teredd\u00fct etmemelisiniz.<\/p>                            <\/div>\n                        <\/div>\n                    <\/div>\n                \n                    \n        \n    <\/div>\n\n<\/div>\n            <\/div>\n                                <div class='order-14 md:order-none' >\n                \n<div class=\"smart-container text-center\">\n    <h2 class=\"font-bold text-center\">Hamburg&#039;daki i\u015f hukuku firmas\u0131 \u2013 \u0130\u015fte avantajlar\u0131n\u0131z<\/h2>\n    <div class=\"benefit-icons-block flex flex-wrap\">\n                                    <div class=\"w-full sm:w-1\/2 lg:w-1\/3 p-3\">\n                \n                                <div class=\"w-16 h-16 mx-auto my-5 mx-auto text-4xl\" >\n                    <i class=\"fa-phone\" style=\"line-height:4rem;font-size:2.5rem;\"><\/i>\n                <\/div>\n                <p class=\"font-bold text-xl\">\u0130yi eri\u015filebilirlik<\/p>\n                                    Uzman i\u015f hukuku avukat\u0131n\u0131za kolay eri\u015fim ve h\u0131zl\u0131 yan\u0131t s\u00fcreleri bu firman\u0131n ay\u0131rt edici \u00f6zellikleridir.                \n                \n                            <\/div>\n                    <div class=\"w-full sm:w-1\/2 lg:w-1\/3 p-3\">\n                \n                                <div class=\"w-16 h-16 mx-auto my-5 mx-auto text-4xl\" >\n                    <i class=\"fa-eye\" style=\"line-height:4rem;font-size:2.5rem;\"><\/i>\n                <\/div>\n                <p class=\"font-bold text-xl\">Tam \u015feffafl\u0131k<\/p>\n                                    Fesih davan\u0131z, sonraki ad\u0131mlar ve maliyetler hakk\u0131nda her zaman tam \u015feffafl\u0131\u011fa sahipsiniz.                \n                \n                            <\/div>\n                    <div class=\"w-full sm:w-1\/2 lg:w-1\/3 p-3\">\n                \n                                <div class=\"w-16 h-16 mx-auto my-5 mx-auto text-4xl\" >\n                    <i class=\"fa-users\" style=\"line-height:4rem;font-size:2.5rem;\"><\/i>\n                <\/div>\n                <p class=\"font-bold text-xl\">Dikkatli tart\u0131\u015fmalar<\/p>\n                                    \u0130\u015fe al\u0131m \u00f6ncesi ve sonras\u0131 dikkatli g\u00f6r\u00fc\u015fmelerle i\u015ften \u00e7\u0131kar\u0131lma koruma s\u00fcreciniz i\u00e7in m\u00fcmk\u00fcn olan en iyi \u015fekilde bilgilendirilecek ve haz\u0131rlanacaks\u0131n\u0131z.                \n                \n                            <\/div>\n                    <div class=\"w-full sm:w-1\/2 lg:w-1\/3 p-3\">\n                \n                                <div class=\"w-16 h-16 mx-auto my-5 mx-auto text-4xl\" >\n                    <i class=\"fa-comments-o\" style=\"line-height:4rem;font-size:2.5rem;\"><\/i>\n                <\/div>\n                <p class=\"font-bold text-xl\">Anla\u015f\u0131labilir ileti\u015fim<\/p>\n                                    Burada fesih prosed\u00fcr\u00fcn\u00fcz hakk\u0131nda do\u011fru karar\u0131 vermenize yard\u0131mc\u0131 olacak net yasal bilgileri alacaks\u0131n\u0131z.                \n                \n                            <\/div>\n                    <div class=\"w-full sm:w-1\/2 lg:w-1\/3 p-3\">\n                \n                                <div class=\"w-16 h-16 mx-auto my-5 mx-auto text-4xl\" >\n                    <i class=\"fa-shield\" style=\"line-height:4rem;font-size:2.5rem;\"><\/i>\n                <\/div>\n                <p class=\"font-bold text-xl\">\u0130\u015f hukukunda kalite<\/p>\n                                    Misyonumuz, durumunuza g\u00f6re \u00f6zelle\u015ftirilmi\u015f, ikna edici ve bireysel olarak uyarlanm\u0131\u015f y\u00fcksek kaliteli fesih prosed\u00fcrleri sa\u011flamakt\u0131r.                \n                \n                            <\/div>\n                    <div class=\"w-full sm:w-1\/2 lg:w-1\/3 p-3\">\n                \n                                <div class=\"w-16 h-16 mx-auto my-5 mx-auto text-4xl\" >\n                    <i class=\"fa-lightbulb-o\" style=\"line-height:4rem;font-size:2.5rem;\"><\/i>\n                <\/div>\n                <p class=\"font-bold text-xl\">S\u00fcrekli e\u011fitim<\/p>\n                                    Avukat\u0131n\u0131z, haks\u0131z yere i\u015ften \u00e7\u0131kar\u0131lma davan\u0131zda sizi bir ad\u0131m \u00f6nde tutmak i\u00e7in g\u00fcnde bir saat s\u00fcrekli e\u011fitime ay\u0131r\u0131yor.                \n                \n                            <\/div>\n            <\/div>\n<\/div>\n            <\/div>\n                                <div class='mobile-even-row order-15 md:order-none' >\n                \n<div class=\"smart-container text-center\">\n    <h2 class=\"font-bold text-center\">T\u00fcm i\u015ften \u00e7\u0131karmalarda destek<\/h2>\n    <div class=\"benefit-icons-block flex flex-wrap\">\n                                    <div class=\"w-full sm:w-1\/2 lg:w-1\/3 p-3\">\n                \n                                    <div class=\"border-2 border-gray-300 hover:border-gray-700 hover:border-4 hover:shadow-lg transition duration-500 bg-white p-4\">\n                                <div class=\"w-16 h-16 mx-auto my-5 mx-auto text-4xl\" >\n                    <i class=\"fa-file\" style=\"line-height:4rem;font-size:2.5rem;\"><\/i>\n                <\/div>\n                <p class=\"font-bold text-xl\">Ola\u011fan fesih<\/p>\n                \n                                    <\/div>\n                \n                            <\/div>\n                    <div class=\"w-full sm:w-1\/2 lg:w-1\/3 p-3\">\n                \n                                    <div class=\"border-2 border-gray-300 hover:border-gray-700 hover:border-4 hover:shadow-lg transition duration-500 bg-white p-4\">\n                                <div class=\"w-16 h-16 mx-auto my-5 mx-auto text-4xl\" >\n                    <i class=\"fa-line-chart\" style=\"line-height:4rem;font-size:2.5rem;\"><\/i>\n                <\/div>\n                <p class=\"font-bold text-xl\">Operasyonel nedenlerle i\u015ften \u00e7\u0131karma<\/p>\n                \n                                    <\/div>\n                \n                            <\/div>\n                    <div class=\"w-full sm:w-1\/2 lg:w-1\/3 p-3\">\n                \n                                    <div class=\"border-2 border-gray-300 hover:border-gray-700 hover:border-4 hover:shadow-lg transition duration-500 bg-white p-4\">\n                                <div class=\"w-16 h-16 mx-auto my-5 mx-auto text-4xl\" >\n                    <i class=\"fa-user-times\" style=\"line-height:4rem;font-size:2.5rem;\"><\/i>\n                <\/div>\n                <p class=\"font-bold text-xl\">Ki\u015fisel nedenlerle fesih<\/p>\n                \n                                    <\/div>\n                \n                            <\/div>\n                    <div class=\"w-full sm:w-1\/2 lg:w-1\/3 p-3\">\n                \n                                    <div class=\"border-2 border-gray-300 hover:border-gray-700 hover:border-4 hover:shadow-lg transition duration-500 bg-white p-4\">\n                                <div class=\"w-16 h-16 mx-auto my-5 mx-auto text-4xl\" >\n                    <i class=\"fa-hand-stop-o\" style=\"line-height:4rem;font-size:2.5rem;\"><\/i>\n                <\/div>\n                <p class=\"font-bold text-xl\">Davran\u0131\u015fsal nedenlerle i\u015ften \u00e7\u0131karma<\/p>\n                \n                                    <\/div>\n                \n                            <\/div>\n                    <div class=\"w-full sm:w-1\/2 lg:w-1\/3 p-3\">\n                \n                                    <div class=\"border-2 border-gray-300 hover:border-gray-700 hover:border-4 hover:shadow-lg transition duration-500 bg-white p-4\">\n                                <div class=\"w-16 h-16 mx-auto my-5 mx-auto text-4xl\" >\n                    <i class=\"fa-hourglass-end\" style=\"line-height:4rem;font-size:2.5rem;\"><\/i>\n                <\/div>\n                <p class=\"font-bold text-xl\">Bildirimsiz fesih<\/p>\n                \n                                    <\/div>\n                \n                            <\/div>\n                    <div class=\"w-full sm:w-1\/2 lg:w-1\/3 p-3\">\n                \n                                    <div class=\"border-2 border-gray-300 hover:border-gray-700 hover:border-4 hover:shadow-lg transition duration-500 bg-white p-4\">\n                                <div class=\"w-16 h-16 mx-auto my-5 mx-auto text-4xl\" >\n                    <i class=\"fa-user-circle\" style=\"line-height:4rem;font-size:2.5rem;\"><\/i>\n                <\/div>\n                <p class=\"font-bold text-xl\">Yazd\u0131rma sonland\u0131rma<\/p>\n                \n                                    <\/div>\n                \n                            <\/div>\n            <\/div>\n<\/div>\n            <\/div>\n                                <div class='order-16 md:order-none' >\n                \n<div class=\"smart-container\" >\n    \n    <div class=\"flex flex-wrap\">\n        \n                            \n                                                        <div class=\"w-full lg:w-1\/2 text-center\">\n                        <div class=\"h-full  z-10\">\n                            <div class=\"h-full p-2\">\n                                <h3>Bizi tan\u0131y\u0131n<\/h3>\r\n<p>Size teklifimiz: Bizi ve \u00e7al\u0131\u015fmalar\u0131m\u0131z\u0131 tan\u0131y\u0131n. Sonra birlikte \u00e7al\u0131\u015f\u0131p \u00e7al\u0131\u015fmayaca\u011f\u0131m\u0131za S\u0130Z karar verebilirsiniz.<p>\r\n\r\n<p>Ve: Dilerseniz davan\u0131z\u0131n ba\u011flay\u0131c\u0131 olmayan ilk de\u011ferlendirmesini telefonla \u00f6nceden alabilirsiniz.<\/p>\r\n\r\n<div class=\"buttons-block flex flex-wrap justify-center mt-3\">\r\n<a class=\"btn-cta mr-3\" href=\"tel:+4940524717830\"><i class=\"fa fa-phone mr-2\"><\/i>Hemen aray\u0131n<\/a><a class=\"btn-cta mr-3\" href=\"\/tr\/kontakt\/\"><i class=\"fa fa-envelope mr-2\"><\/i>\u0130leti\u015fim formu<\/a>\r\n<\/div>                            <\/div>\n                        <\/div>\n                    <\/div>\n                                                        <div class=\"w-full lg:w-1\/2\">\n                        <div class=\"h-full  z-10\">\n                            <div class=\"h-full p-2\">\n                                <img loading=\"lazy\" decoding=\"async\" src=\"\/wp-content\/uploads\/2021\/10\/Schreibtisch-gut-1024x576.jpg\" alt=\"Kontaktaufnahme mit Fachanwalt Raphael Lugowski\" width=\"640\" height=\"392\" class=\"size-large wp-image-5477 mx-auto\" \/>                            <\/div>\n                        <\/div>\n                    <\/div>\n                \n                    \n        \n    <\/div>\n\n<\/div>\n            <\/div>\n                                <div class='mobile-even-row order-17 md:order-none' >\n                \n<div class=\"smart-container\" >\n            <h2 class=\"font-bold text-center\">Komisyonumuzun maliyetleri<\/h2>\n    \n    <div class=\"flex flex-wrap justify-around\">\n        \n                            \n                                                        <div class=\"w-full lg:w-full py-1\">\n                        <div class=\"h-full  z-10\">\n                            <div class=\"h-full p-4\">\n                                <p>Ayr\u0131ca fesih i\u015flemlerinin de oldu\u011funu varsay\u0131yoruz <strong>Avukatlar\u0131n \u00dccretlendirme Yasas\u0131 (RVG)<\/strong> avukatlar\u0131n asgari \u00fccretlerinin d\u00fczenlendi\u011fi yer.<\/p>\r\n\r\n<p>Hukuki hizmetlerde kalite, g\u00fcvenilirlik ve tavizsiz hizmet anlay\u0131\u015f\u0131n\u0131 benimsiyoruz, b\u00f6ylece hukuki ve finansal hedeflerinize m\u00fcmk\u00fcn olan en az stresle ula\u015fabilirsiniz. Bu s\u00f6z\u00fcm\u00fcz\u00fc tutabiliyoruz \u00e7\u00fcnk\u00fc m\u00fcmk\u00fcn oldu\u011funca \u00e7ok m\u00fcvekkil kazanmay\u0131 hedeflemiyoruz. Bunun yerine, her bir davaya ayr\u0131 ayr\u0131 de\u011fer veriyor ve zaman ve emek harc\u0131yoruz. B\u00fcromuzun felsefesi, davalar\u0131 dikkatli ve yo\u011fun bir \u015fekilde ele almakt\u0131r. Slogan\u0131m\u0131z: &quot;Yenisinden \u00f6nce eski dava.&quot;<\/p>\r\n\r\n<p>E\u011fer bir tane varsa <strong>Hukuki koruma sigortas\u0131<\/strong> Hukuk sigortan\u0131z varsa, avukatl\u0131k masraflar\u0131n\u0131z\u0131 kar\u015f\u0131larlar. Bu durumda, sigorta \u015firketinizle yaz\u0131\u015fmalar\u0131 biz hallederiz; ba\u015fka hi\u00e7bir \u015feyle ilgilenmenize gerek yok. Hukuki masraf sigortan\u0131z yoksa, karar\u0131n\u0131z\u0131 elbette mali durumunuza g\u00f6re vermelisiniz. Haks\u0131z yere i\u015ften \u00e7\u0131kar\u0131lma davan\u0131z\u0131n ba\u015far\u0131 \u015fans\u0131n\u0131 ve k\u0131dem tazminat\u0131 alma olas\u0131l\u0131\u011f\u0131n\u0131z\u0131 \u00f6nceden sizinle g\u00f6r\u00fc\u015ferek bu konuda size destek olaca\u011f\u0131z.<\/p>                            <\/div>\n                        <\/div>\n                    <\/div>\n                                                        <div class=\"w-full lg:w-2\/5 py-1\">\n                        <div class=\"h-full  hasBorder z-10  bg-white\" style=\"border: 5px solid #5E5E5E;\">\n                            <div class=\"h-full p-4\">\n                                <p style=\"text-align: center;\"><strong>\u00d6rnek 1: Yasal i\u015flem ekonomik a\u00e7\u0131dan mant\u0131kl\u0131d\u0131r<\/strong><\/p>\r\n<ul>\r\n<li>Yeniden yap\u0131lanma nedeniyle operasyonel nedenlerle i\u015ften \u00e7\u0131karma<\/li>\r\n<li>Ba\u015far\u0131 \u015fans\u0131: iyi, sosyal se\u00e7ilimdeki hatalar nedeniyle<\/li>\r\n<li>\u00c7al\u0131\u015fma s\u00fcresi: 9 y\u0131l<\/li>\r\n<li>Maa\u015f: 3.500 \u20ac br\u00fct\/ay<\/li>\r\n<\/ul>\r\n<p><strong>Hukuki \u00fccretler (uzla\u015fma ile birlikte)<\/strong>: \u20ac 3.014,27 br\u00fct<\/p>\r\n<p><strong>Haks\u0131z fesih iddias\u0131 yok:<\/strong> K\u0131dem tazminat\u0131 yok<\/p>\r\n<p><strong>Avukat e\u015fli\u011finde i\u015ften \u00e7\u0131kar\u0131lma koruma davas\u0131:<\/strong> 31.500 \u20ac k\u0131dem tazminat\u0131<\/p>\r\n<p><strong>Toplam fatura: <\/strong>\u20ac 31.500 &#8211; \u20ac 3.014,27 = \u20ac 28.485,73<\/p>\r\n<p><strong>Tavsiye:<\/strong> Dava a\u00e7mak<\/p>                            <\/div>\n                        <\/div>\n                    <\/div>\n                                                        <div class=\"w-full lg:w-2\/5 py-1\">\n                        <div class=\"h-full  hasBorder z-10  bg-white\" style=\"border: 5px solid #5E5E5E;\">\n                            <div class=\"h-full p-4\">\n                                <p style=\"text-align: center;\"><strong>\u00d6rnek 2: Dava ekonomik a\u00e7\u0131dan riskli<\/strong><\/p>\r\n<ul>\r\n<li>Tesisin kapanmas\u0131 nedeniyle operasyonel nedenlerle i\u015ften \u00e7\u0131kar\u0131lma<\/li>\r\n<li>Ba\u015far\u0131 \u015fans\u0131: muhtemelen d\u00fc\u015f\u00fck<\/li>\r\n<li>\u00c7al\u0131\u015fma s\u00fcresi: 3 y\u0131l<\/li>\r\n<li>Maa\u015f: 3.000 \u20ac br\u00fct\/ay<\/li>\r\n<\/ul>\r\n<p><strong>Avukatl\u0131k \u00fccretleri (uzla\u015fma ile birlikte):<\/strong> \u20ac 3.014,27 br\u00fct<\/p>\r\n<p><strong>Haks\u0131z fesih iddias\u0131 yok:<\/strong> K\u0131dem tazminat\u0131 yok<\/p>\r\n<p><strong>Avukat e\u015fli\u011finde i\u015ften \u00e7\u0131kar\u0131lma koruma davas\u0131:<\/strong> 0 \u20ac ile 3.000 \u20ac aras\u0131nda k\u0131dem tazminat\u0131<\/p>\r\n<p><strong>Toplam fatura:<\/strong> (0 \u20ac ila 3.000 \u20ac) \u2013 3.014,27 \u20ac = \u2013 3.014,27 \u20ac ila \u2013 14,27 \u20ac<\/p>\r\n<p><strong>Tavsiye:<\/strong> Haks\u0131z fesih davas\u0131 a\u00e7may\u0131n<\/p>\r\n<p><strong>\u0130stisna:<\/strong> Hukuki koruma sigortas\u0131n\u0131n varl\u0131\u011f\u0131<\/p>                            <\/div>\n                        <\/div>\n                    <\/div>\n                \n                    \n        \n    <\/div>\n\n<\/div>\n            <\/div>\n                                <div class='order-18 md:order-none' >\n                \n<div class=\"smart-container\" >\n            <h2 class=\"font-bold text-center\">SSS<\/h2>\n    \n    <div class=\"flex flex-wrap\">\n        \n                                            <div class=\"w-full lg:w-full\">\n                    <div class=\"h-full\">\n                        <div class=\"h-full p-1\">\n                        \n<div class=\"mx-auto\">\n            <div class=\"mb-4\">\n            <div class=\"faq-question flex items-center justify-between bg-gray-200 pl-3 pr-2 py-3 w-full rounded text-gray-600 font-bold cursor-pointer hover:bg-gray-300\">\n                \u0130\u015ften \u00e7\u0131kar\u0131lmaya kar\u015f\u0131 korumam var m\u0131?                <span class=\"h-6 w-6 flex items-center justify-center text-teal-500\"><i class=\"fa-add\"><\/i><\/span>\n            <\/div>\n            <div class=\"faq-answer hidden p-3\">\n                <div class=\"text-gray-600 mb-3\">\n                    \u0130\u015ften \u00e7\u0131kar\u0131lmaya kar\u015f\u0131 korunup korunmad\u0131\u011f\u0131n\u0131z, \u0130\u015ften \u00c7\u0131karma Koruma Yasas\u0131&#039;n\u0131n i\u015f ili\u015fkinize uygulan\u0131p uygulanmad\u0131\u011f\u0131na ba\u011fl\u0131d\u0131r. Bu durum, (1) i\u015fvereniniz taraf\u0131ndan 6 aydan uzun s\u00fcredir istihdam ediliyorsan\u0131z ve (2) \u015firketiniz 10&#039;dan fazla tam zamanl\u0131 \u00e7al\u0131\u015fan istihdam ediyorsa ge\u00e7erlidir. Bu durumda, i\u015fverenin i\u015ften \u00e7\u0131karma i\u00e7in bir nedene -davran\u0131\u015fsal, ki\u015fisel veya operasyonel- ihtiyac\u0131 vard\u0131r. Bu \u015fartlar kar\u015f\u0131lanmazsa, i\u015ften \u00e7\u0131karma yine de ge\u00e7ersiz olabilir. Bu durum, \u00f6rne\u011fin, i\u015ften \u00e7\u0131karman\u0131n yaz\u0131l\u0131 olarak yap\u0131lmamas\u0131 veya i\u015f konseyine i\u015ften \u00e7\u0131karma hakk\u0131nda dan\u0131\u015f\u0131lmamas\u0131 durumunda ge\u00e7erlidir. Disiplin nedenleriyle yap\u0131lan i\u015ften \u00e7\u0131karmalar da ge\u00e7ersizdir. \u00d6rnek: Hasta oldu\u011funuzu bildirirsiniz ve bunun \u00fczerine i\u015fveren sizi derhal i\u015ften \u00e7\u0131kar\u0131r.                <\/div>\n            <\/div>\n        <\/div>\n\n                    <div class=\"mb-4\">\n            <div class=\"faq-question flex items-center justify-between bg-gray-200 pl-3 pr-2 py-3 w-full rounded text-gray-600 font-bold cursor-pointer hover:bg-gray-300\">\n                \u0130hbar s\u00fcreleri ne kadard\u0131r?                <span class=\"h-6 w-6 flex items-center justify-center text-teal-500\"><i class=\"fa-add\"><\/i><\/span>\n            <\/div>\n            <div class=\"faq-answer hidden p-3\">\n                <div class=\"text-gray-600 mb-3\">\n                    \u00c7o\u011fu durumda, yasal bildirim s\u00fcreleri ge\u00e7erlidir. Bu, i\u015f s\u00f6zle\u015fmesi taraflar\u0131n\u0131n alt\u0131na d\u00fc\u015femeyece\u011fi asgari bir standartt\u0131r. Ancak, taraflar elbette daha uzun bildirim s\u00fcreleri konusunda anla\u015fabilirler. Toplu i\u015f s\u00f6zle\u015fmeleri kapsam\u0131nda daha k\u0131sa bildirim s\u00fcreleri de m\u00fcmk\u00fcnd\u00fcr. \u00d6rne\u011fin, temizlik sekt\u00f6r\u00fcnde bildirim s\u00fcreleri \u00f6zellikle k\u0131sad\u0131r. \u0130\u015f ili\u015fkinizde ge\u00e7erli olan bildirim s\u00fcreleri i\u015f s\u00f6zle\u015fmenizde belirtilmi\u015ftir.                <\/div>\n            <\/div>\n        <\/div>\n\n                    <div class=\"mb-4\">\n            <div class=\"faq-question flex items-center justify-between bg-gray-200 pl-3 pr-2 py-3 w-full rounded text-gray-600 font-bold cursor-pointer hover:bg-gray-300\">\n                \u0130\u015ften \u00e7\u0131kar\u0131l\u0131rsam k\u0131dem tazminat\u0131na hak kazan\u0131r m\u0131y\u0131m?                <span class=\"h-6 w-6 flex items-center justify-center text-teal-500\"><i class=\"fa-add\"><\/i><\/span>\n            <\/div>\n            <div class=\"faq-answer hidden p-3\">\n                <div class=\"text-gray-600 mb-3\">\n                    Hay\u0131r, Almanya&#039;da k\u0131dem tazminat\u0131 alma hakk\u0131 yasal olarak yoktur. Ancak bir\u00e7ok haks\u0131z fesih davas\u0131, i\u015fverenin k\u0131dem tazminat\u0131 \u00f6demeyi kabul etti\u011fi bir anla\u015fmayla sonu\u00e7lanmaktad\u0131r. Ba\u015fka bir deyi\u015fle, k\u0131dem tazminat\u0131, i\u015fverenin i\u015f ili\u015fkisini &quot;sat\u0131n alma&quot; y\u00f6ntemidir.                <\/div>\n            <\/div>\n        <\/div>\n\n                    <div class=\"mb-4\">\n            <div class=\"faq-question flex items-center justify-between bg-gray-200 pl-3 pr-2 py-3 w-full rounded text-gray-600 font-bold cursor-pointer hover:bg-gray-300\">\n                K\u0131dem tazminat\u0131 genellikle ne kadard\u0131r?                <span class=\"h-6 w-6 flex items-center justify-center text-teal-500\"><i class=\"fa-add\"><\/i><\/span>\n            <\/div>\n            <div class=\"faq-answer hidden p-3\">\n                <div class=\"text-gray-600 mb-3\">\n                    Mahkemeler genellikle, her \u00e7al\u0131\u015fma y\u0131l\u0131 i\u00e7in ayl\u0131k br\u00fct maa\u015f\u0131n yar\u0131s\u0131 kadar bir tazminat belirler. Ancak bu kesin bir rakam de\u011fildir; bunu kabul etmek zorunda de\u011filsiniz. Feshin ge\u00e7ersiz olma ihtimali y\u00fcksekse ve i\u015fveren davay\u0131 kaybetmenin e\u015fi\u011findeyse, durum \u00e7ok farkl\u0131 g\u00f6r\u00fcn\u00fcr. Bu durumda, \u00e7ok daha y\u00fcksek bir k\u0131dem tazminat\u0131 \u00f6demeye raz\u0131 olabilirler. \u00d6rne\u011fin, her \u00e7al\u0131\u015fma y\u0131l\u0131 i\u00e7in bir ayl\u0131k br\u00fct maa\u015f veya 1,5 maa\u015f. Bu her zaman olur.                <\/div>\n            <\/div>\n        <\/div>\n\n                    <div class=\"mb-4\">\n            <div class=\"faq-question flex items-center justify-between bg-gray-200 pl-3 pr-2 py-3 w-full rounded text-gray-600 font-bold cursor-pointer hover:bg-gray-300\">\n                Ama ben i\u015fimi korumak istiyorum. Peki ya sonra?                <span class=\"h-6 w-6 flex items-center justify-center text-teal-500\"><i class=\"fa-add\"><\/i><\/span>\n            <\/div>\n            <div class=\"faq-answer hidden p-3\">\n                <div class=\"text-gray-600 mb-3\">\n                    Sorun de\u011fil. Haks\u0131z yere i\u015ften \u00e7\u0131kar\u0131lma s\u00fcrecinde hangi ad\u0131mlar\u0131 ataca\u011f\u0131m\u0131za siz karar verin. Eski i\u015finize geri d\u00f6nmek istiyorsan\u0131z, uzla\u015fma g\u00f6r\u00fc\u015fmelerine girmeyece\u011fiz. Bu durumda, mahkeme duru\u015fmas\u0131nda bir karara var\u0131l\u0131ncaya kadar davay\u0131 takip edecek ve sizin i\u00e7in bir karar alaca\u011f\u0131z. Ba\u015far\u0131l\u0131 olursa, mahkeme karar\u0131nda &quot;i\u015f ili\u015fkisinin i\u015ften \u00e7\u0131kar\u0131lmayla sona ermedi\u011fi&quot; tespitinde bulunacakt\u0131r. Ba\u015fka bir deyi\u015fle, i\u015f ili\u015fkisi devam edecek ve i\u015fe d\u00f6nebileceksiniz. \u0130\u015fveren, ge\u00e7mi\u015f aylara ait ge\u00e7mi\u015f \u00fccretlerinizi size \u00f6demek zorunda kalabilir.                <\/div>\n            <\/div>\n        <\/div>\n\n                    <div class=\"mb-4\">\n            <div class=\"faq-question flex items-center justify-between bg-gray-200 pl-3 pr-2 py-3 w-full rounded text-gray-600 font-bold cursor-pointer hover:bg-gray-300\">\n                Haks\u0131z yere i\u015ften \u00e7\u0131kar\u0131lma s\u00fcrecinde \u015fans\u0131m nedir?                <span class=\"h-6 w-6 flex items-center justify-center text-teal-500\"><i class=\"fa-add\"><\/i><\/span>\n            <\/div>\n            <div class=\"faq-answer hidden p-3\">\n                <div class=\"text-gray-600 mb-3\">\n                    Bunu genel olarak s\u00f6ylemek imk\u00e2ns\u0131z. \u00d6rne\u011fin, i\u015fvereninizden bir \u015fey \u00e7ald\u0131ysan\u0131z veya amirinize fiziksel \u015fiddet uygulad\u0131ysan\u0131z, muhtemelen iyi bir \u015fans\u0131n\u0131z yoktur. \u00d6te yandan, operasyonel nedenlerle i\u015ften \u00e7\u0131kar\u0131ld\u0131ysan\u0131z, i\u015finizin ger\u00e7ekten ortadan kald\u0131r\u0131l\u0131p kald\u0131r\u0131lmad\u0131\u011f\u0131n\u0131 dikkatlice incelemelisiniz. Baz\u0131 durumlarda, ba\u015fka bir yerde \u00e7al\u0131\u015f\u0131yor olabilirsiniz veya i\u015fvereniniz, di\u011fer \u00e7al\u0131\u015fanlardan \u00f6nemli \u00f6l\u00e7\u00fcde daha fazla sosyal korumay\u0131 hak etmenize ra\u011fmen sizi i\u015ften \u00e7\u0131karm\u0131\u015f olabilir. T\u00fcm bunlar, i\u015ften \u00e7\u0131karman\u0131n ge\u00e7ersiz say\u0131lmas\u0131na yol a\u00e7ar. Bu durumda, kazanma \u015fans\u0131n\u0131z y\u00fcksektir. Ayr\u0131ca, i\u015fvereniniz sizi hastal\u0131k nedeniyle uzun bir s\u00fcre devams\u0131zl\u0131k yapman\u0131z ve ard\u0131ndan bunun \u00fcstesinden gelmeniz nedeniyle i\u015ften \u00e7\u0131karm\u0131\u015fsa, ba\u015far\u0131l\u0131 olma \u015fans\u0131n\u0131z da y\u00fcksektir. G\u00f6rd\u00fc\u011f\u00fcn\u00fcz gibi, bu durumdan duruma de\u011fi\u015fir.                <\/div>\n            <\/div>\n        <\/div>\n\n                    <div class=\"mb-4\">\n            <div class=\"faq-question flex items-center justify-between bg-gray-200 pl-3 pr-2 py-3 w-full rounded text-gray-600 font-bold cursor-pointer hover:bg-gray-300\">\n                \u0130\u015ften \u00e7\u0131kar\u0131l\u0131rsam bir avukat benim i\u00e7in ne yapabilir?                <span class=\"h-6 w-6 flex items-center justify-center text-teal-500\"><i class=\"fa-add\"><\/i><\/span>\n            <\/div>\n            <div class=\"faq-answer hidden p-3\">\n                <div class=\"text-gray-600 mb-3\">\n                    \u0130\u015ften \u00e7\u0131kar\u0131lma durumunda, avukatlar i\u015ften \u00e7\u0131kar\u0131lman\u0131n ge\u00e7erlili\u011fi konusunda size ilk de\u011ferlendirmeyi yapabilir. \u00c7o\u011fu durumda, \u00e7al\u0131\u015fanlar i\u015ften \u00e7\u0131kar\u0131lma nedenini az \u00e7ok bilirler. Avukatlar daha sonra haks\u0131z fesih davas\u0131 a\u00e7man\u0131n sizin i\u00e7in ba\u015far\u0131l\u0131 olup olmayaca\u011f\u0131 konusunda size tavsiyelerde bulunabilir. Avukat ayr\u0131ca, \u00f6rne\u011fin i\u015ften \u00e7\u0131karman\u0131n herhangi bir bi\u00e7imsel hata i\u00e7erip i\u00e7ermedi\u011fini de inceleyecektir. Bu hatalar i\u015ften \u00e7\u0131karmay\u0131 ge\u00e7ersiz k\u0131labilir. Gerekirse, hukuki konumunuzu g\u00fc\u00e7lendirecek \u00f6nemli beyanlar\u0131n sizin ad\u0131n\u0131za yap\u0131lmas\u0131n\u0131 sa\u011flayacakt\u0131r. Dava mahkemeye giderse, bir i\u015f hukuku avukat\u0131 i\u015ften \u00e7\u0131kar\u0131lman\u0131za kar\u015f\u0131 savunman\u0131z\u0131 \u00fcstlenecektir. Daha sonra sizin ad\u0131n\u0131za i\u015f mahkemesindeki duru\u015fmalara kat\u0131lacak ve \u00e7\u0131karlar\u0131n\u0131z\u0131 savunmak i\u00e7in mahkemeye dilek\u00e7eler haz\u0131rlayacakt\u0131r.                <\/div>\n            <\/div>\n        <\/div>\n\n                    <div class=\"mb-4\">\n            <div class=\"faq-question flex items-center justify-between bg-gray-200 pl-3 pr-2 py-3 w-full rounded text-gray-600 font-bold cursor-pointer hover:bg-gray-300\">\n                \u0130\u015ften \u00e7\u0131kar\u0131l\u0131rsam bir avukata dan\u0131\u015fmal\u0131 m\u0131y\u0131m?                <span class=\"h-6 w-6 flex items-center justify-center text-teal-500\"><i class=\"fa-add\"><\/i><\/span>\n            <\/div>\n            <div class=\"faq-answer hidden p-3\">\n                <div class=\"text-gray-600 mb-3\">\n                    Fesih karar\u0131n\u0131z\u0131n bir avukat taraf\u0131ndan k\u0131sa bir de\u011ferlendirmesinin yap\u0131lmas\u0131 \u00f6nerilir. \u0130lk (\u00fccretsiz) g\u00f6r\u00fc\u015fme s\u0131ras\u0131nda, avukat\u0131n\u0131z feshe kar\u015f\u0131 yasal i\u015flem ba\u015flat\u0131p ba\u015flatmaman\u0131z gerekti\u011fi konusunda size \u00f6nemli bilgiler sa\u011flayabilir. Bu, yasal \u00e7\u0131karlar\u0131n\u0131z\u0131 savunmak istiyorsan\u0131z \u00e7ok \u00f6nemlidir.                <\/div>\n            <\/div>\n        <\/div>\n\n            <\/div>\n\n    <script type=\"application\/ld+json\">\n    {\n        \"@context\": \"https:\/\/schema.org\",\n        \"@type\": \"FAQPage\",\n        \"mainEntity\": [\n            {\n    \"@type\": \"Question\",\n    \"name\": \"Habe ich K\u00fcndigungsschutz?\",\n    \"acceptedAnswer\": {\n        \"@type\": \"Answer\",\n        \"text\": \"Ob Du K\u00fcndigungsschutz hast, h\u00e4ngt davon ab, ob auf Dein Arbeitsverh\u00e4ltnis das K\u00fcndigungsschutzgesetz Anwendung findet. Dies ist dann der Fall, wenn Sie Du (1) l\u00e4nger als 6 Monate bei Deinem Arbeitgeber besch\u00e4ftigt bist und (2) in Deinem Betrieb mehr als 10 Vollzeitarbeitnehmer t\u00e4tig sind. In diesem Fall ben\u00f6tigt der Arbeitgeber f\u00fcr die K\u00fcndigung einen Grund \u2013 verhaltens-, personen- oder betriebsbedingt. Liegen diese Voraussetzungen nicht vor, kann die K\u00fcndigung trotzdem unwirksam sein. Dies ist etwa dann der Fall, wenn die K\u00fcndigung nicht schriftlich erfolgt ist oder der Betriebsrat zur K\u00fcndigung nicht angeh\u00f6rt worden ist. Auch Ma\u00dfregelungsk\u00fcndigungen sind unwirksam. Beispiel: Du meldest Dich krank, woraufhin der Arbeitgeber Dir prompt k\u00fcndigt.\"\n    }\n},{\n    \"@type\": \"Question\",\n    \"name\": \"Wie lang sind die K\u00fcndigungsfristen?\",\n    \"acceptedAnswer\": {\n        \"@type\": \"Answer\",\n        \"text\": \"In den meisten F\u00e4llen finden die gesetzlichen K\u00fcndigungsfristen Anwendung. Hierbei handelt es sich um einen Mindeststandard, den die Arbeitsvertragsparteien nicht unterschreiten d\u00fcrfen. Sie d\u00fcrfen aber sehr wohl l\u00e4ngere K\u00fcndigungsfristen vereinbaren. Tarifvertraglich sind auch k\u00fcrzere K\u00fcndigungsfristen m\u00f6glich. Im Reinigungsgewerbe zum Beispiel sind die K\u00fcndigungsfristen besonders kurz. Welche K\u00fcndigungsfristen auf Dein Arbeitsverh\u00e4ltnis Anwendung finden, steht in Deinem Arbeitsvertrag.\"\n    }\n},{\n    \"@type\": \"Question\",\n    \"name\": \"Habe ich einen Anspruch auf eine Abfindung bei K\u00fcndigung?\",\n    \"acceptedAnswer\": {\n        \"@type\": \"Answer\",\n        \"text\": \"Nein, ein Rechtsanspruch auf eine Abfindung besteht in Deutschland nicht. Und dennoch enden viele K\u00fcndigungsschutzprozesse in einem Vergleich, in dem sich der Arbeitgeber zur Zahlung einer Abfindung verpflichtet. Die Abfindung ist mit anderen Worten also nur ein \u201eFreikaufen\u201c des Arbeitgebers aus dem Arbeitsverh\u00e4ltnis.\"\n    }\n},{\n    \"@type\": \"Question\",\n    \"name\": \"Wie hoch ist f\u00fcr gew\u00f6hnlich die Abfindung?\",\n    \"acceptedAnswer\": {\n        \"@type\": \"Answer\",\n        \"text\": \"Gerichte setzen bei Vergleichsverhandlung h\u00e4ufig ein halbes Bruttomonatsgehalt pro Besch\u00e4ftigungsjahr an. Das ist aber nicht in Stein gemeiselt \u2013 Du musst Dich darauf nicht einlassen. Wenn die K\u00fcndigung h\u00f6chstwahrscheinlich unwirksam ist und der Arbeitgeber davor steht, den Prozess zu verlieren, sieht die Lage ganz anders aus. Dann k\u00f6nnte er bereit sein, eine viel h\u00f6here Abfindung zu zahlen. Zum Beispiel ein Bruttomonatsgehalt pro Besch\u00e4ftigungsjahr, oder 1,5-Geh\u00e4lter. Kommt alles immer wieder vor.\"\n    }\n},{\n    \"@type\": \"Question\",\n    \"name\": \"Ich m\u00f6chte meinen Arbeitsplatz aber behalten. Was dann?\",\n    \"acceptedAnswer\": {\n        \"@type\": \"Answer\",\n        \"text\": \"Kein Problem. Du entscheidest dar\u00fcber, welche Schritte wir im K\u00fcndigungsschutzprozess unternehmen. Wenn Du an der R\u00fcckkehr an Deinen alten Arbeitsplatz interessiert bist, werden wir nicht in Vergleichsgespr\u00e4che eintreten. In diesem Fall werden wir den Fall bis zu einer Entscheidung im Kammertermin betreiben und ein Urteil f\u00fcr Dich erwirken. Im Urteil wird das Gericht im Erfolgsfall feststellen, dass \u201edas Arbeitsverh\u00e4ltnis durch die K\u00fcndigung nicht aufgel\u00f6st ist\u201c. Mit anderen Worten: Das Arbeitsverh\u00e4ltnis w\u00fcrde weiter bestehen, Du k\u00f6nntest wieder zur Arbeit gehen. Der Arbeitgeber m\u00fcsste Dir ggf. die Geh\u00e4lter f\u00fcr die vergangenen Monate nachbezahlen.\"\n    }\n},{\n    \"@type\": \"Question\",\n    \"name\": \"Wie sind meine Chancen im K\u00fcndigungs\u00adschutz\u00adprozess?\",\n    \"acceptedAnswer\": {\n        \"@type\": \"Answer\",\n        \"text\": \"Das l\u00e4sst sich pauschal nicht sagen. Wenn Du z.B. beim Arbeitgeber etwas entwendet haben oder gegen\u00fcber Deinem Vorgesetzten t\u00e4tlich geworden sein solltest, hast Du wohl keine guten Karten. Wenn Du hingegen eine betriebsbedingte K\u00fcndigung erhalten haben, ist genau zu pr\u00fcfen, ob Dein Arbeitsplatz tats\u00e4chlich weggefallen ist. Unter Umst\u00e4nden kannst Du an anderer Stelle besch\u00e4ftigt werden, oder aber Dein Arbeitgeber hat Dir gek\u00fcndigt, obwohl Du sozial deutlich schutzw\u00fcrdiger als andere Arbeitnehmer bist. All dies f\u00fchrt zur Unwirksamkeit der K\u00fcndigung. Hier h\u00e4ttest Du gute Chancen, zu obsiegen. Gute Erfolgsaussichten h\u00e4ttest Du auch dann, wenn der Arbeitgeber Dir k\u00fcndigt, weil Du einmal krankheitsbedingt l\u00e4ngere Zeit ausgefallen bist, die Krankheit aber \u00fcberwunden hast. Du siehst: Es ist von Fall zu Fall unterschiedlich.\"\n    }\n},{\n    \"@type\": \"Question\",\n    \"name\": \"Was kann ein Anwalt bei einer K\u00fcndigung f\u00fcr mich tun?\",\n    \"acceptedAnswer\": {\n        \"@type\": \"Answer\",\n        \"text\": \"Rechtsanw\u00e4lte k\u00f6nnen Dir im Fall einer K\u00fcndigung eine erste Einsch\u00e4tzung zur Wirksamkeit der K\u00fcndigung geben. In vielen F\u00e4llen wissen Arbeitnehmer mehr oder weniger, was der K\u00fcndigungsgrund ist. Dann k\u00f6nnen Rechtsanw\u00e4lte Dich dazu beraten, ob die Erhebung einer K\u00fcndigungsschutzklage f\u00fcr Dich erfolgreich sein k\u00f6nnte.Der Anwalt pr\u00fcft zum Beispiel auch, ob die K\u00fcndigung an formalen Fehlern leidet. Solche k\u00f6nnten die K\u00fcndigung unwirksam machen. Wenn erforderlich, veranlasst er f\u00fcr Dich wichtige Erkl\u00e4rungen, die Deine Rechtsposition st\u00e4rken.Kommt es zum Prozess vor dem Arbeitsgericht, \u00fcbernimmt ein Anwalt f\u00fcr Arbeitsrecht die Verteidigung gegen Deine K\u00fcndigung. Er nimmt dann Termine vor dem Arbeitsgericht f\u00fcr Dich wahr. Auch erstellt er Schrifts\u00e4tze an das Gericht, um Deine Interessen durchzusetzen.\"\n    }\n},{\n    \"@type\": \"Question\",\n    \"name\": \"Sollte ich bei einer K\u00fcndigung einen Anwalt aufsuchen?\",\n    \"acceptedAnswer\": {\n        \"@type\": \"Answer\",\n        \"text\": \"Die kurze Einsch\u00e4tzung Deiner K\u00fcndigung durch einen Anwalt ist empfehlenswert. Bereits beim (kostenfreien) Erstgespr\u00e4ch wird Dir der Anwalt wichtige Hinweise dazu geben k\u00f6nnen, ob Du gegen die K\u00fcndigung vorgehen solltest.Darauf solltest Du nicht verzichten, wenn Du Deine rechtlichen Interessen verteidigen m\u00f6chtest.\"\n    }\n}\n        ]\n    }\n    <\/script>                        <\/div>\n                    <\/div>\n                <\/div>\n                    \n        \n    <\/div>\n\n<\/div>\n            <\/div>\n            <\/div>\n\n\n\n\n\n<p><\/p>","protected":false},"excerpt":{"rendered":"","protected":false},"author":1,"featured_media":0,"parent":0,"menu_order":0,"comment_status":"closed","ping_status":"closed","template":"page-templates\/landingpage.php","meta":{"footnotes":""},"class_list":["post-2016","page","type-page","status-publish","hentry"],"acf":[],"yoast_head":"<!-- This site is optimized with the Yoast SEO plugin v26.5 - https:\/\/yoast.com\/wordpress\/plugins\/seo\/ -->\n<title>Anwalt bei K\u00fcndigung Hamburg - Expertenhilfe | Smart-Arbeitsrecht<\/title>\n<meta name=\"description\" content=\"Dein Anwalt bei K\u00fcndigung in Hamburg \u2713 Spezialisiert auf K\u00fcndigungsschutzprozesse \u2713 Unser Ziel: Deine Abfindung \u2713 Fundierte Erstberatung\" \/>\n<meta name=\"robots\" content=\"index, follow, max-snippet:-1, max-image-preview:large, max-video-preview:-1\" \/>\n<link rel=\"canonical\" href=\"https:\/\/smart-arbeitsrecht.de\/tr\/anwalt-kuendigung-arbeitsrecht\/\" \/>\n<meta property=\"og:locale\" content=\"tr_TR\" \/>\n<meta property=\"og:type\" content=\"article\" \/>\n<meta property=\"og:title\" content=\"Anwalt bei K\u00fcndigung Hamburg - Expertenhilfe | Smart-Arbeitsrecht\" \/>\n<meta property=\"og:description\" content=\"Dein Anwalt bei K\u00fcndigung in Hamburg \u2713 Spezialisiert auf K\u00fcndigungsschutzprozesse \u2713 Unser Ziel: Deine Abfindung \u2713 Fundierte Erstberatung\" \/>\n<meta property=\"og:url\" content=\"https:\/\/smart-arbeitsrecht.de\/tr\/anwalt-kuendigung-arbeitsrecht\/\" \/>\n<meta property=\"og:site_name\" content=\"Smart-Arbeitsrecht\" \/>\n<meta property=\"article:modified_time\" content=\"2025-10-26T07:43:24+00:00\" \/>\n<meta name=\"twitter:card\" content=\"summary_large_image\" \/>\n<script type=\"application\/ld+json\" class=\"yoast-schema-graph\">{\"@context\":\"https:\/\/schema.org\",\"@graph\":[{\"@type\":\"WebPage\",\"@id\":\"https:\/\/smart-arbeitsrecht.de\/anwalt-kuendigung-arbeitsrecht\/\",\"url\":\"https:\/\/smart-arbeitsrecht.de\/anwalt-kuendigung-arbeitsrecht\/\",\"name\":\"Anwalt bei K\u00fcndigung Hamburg - Expertenhilfe | Smart-Arbeitsrecht\",\"isPartOf\":{\"@id\":\"https:\/\/smart-arbeitsrecht.de\/#website\"},\"description\":\"Dein Anwalt bei K\u00fcndigung in Hamburg \u2713 Spezialisiert auf K\u00fcndigungsschutzprozesse \u2713 Unser Ziel: Deine Abfindung \u2713 Fundierte Erstberatung\",\"breadcrumb\":{\"@id\":\"https:\/\/smart-arbeitsrecht.de\/anwalt-kuendigung-arbeitsrecht\/#breadcrumb\"},\"inLanguage\":\"tr\",\"potentialAction\":[{\"@type\":\"ReadAction\",\"target\":[\"https:\/\/smart-arbeitsrecht.de\/anwalt-kuendigung-arbeitsrecht\/\"]}]},{\"@type\":\"BreadcrumbList\",\"@id\":\"https:\/\/smart-arbeitsrecht.de\/anwalt-kuendigung-arbeitsrecht\/#breadcrumb\",\"itemListElement\":[{\"@type\":\"ListItem\",\"position\":1,\"name\":\"Startseite\",\"item\":\"https:\/\/smart-arbeitsrecht.de\/\"},{\"@type\":\"ListItem\",\"position\":2,\"name\":\"Anwalt bei K\u00fcndigung in Hamburg\"}]},{\"@type\":\"WebSite\",\"@id\":\"https:\/\/smart-arbeitsrecht.de\/#website\",\"url\":\"https:\/\/smart-arbeitsrecht.de\/\",\"name\":\"Smart-Arbeitsrecht\",\"description\":\"Kanzlei f\u00fcr Arbeitsrecht\",\"potentialAction\":[{\"@type\":\"SearchAction\",\"target\":{\"@type\":\"EntryPoint\",\"urlTemplate\":\"https:\/\/smart-arbeitsrecht.de\/?s={search_term_string}\"},\"query-input\":{\"@type\":\"PropertyValueSpecification\",\"valueRequired\":true,\"valueName\":\"search_term_string\"}}],\"inLanguage\":\"tr\"}]}<\/script>\n<!-- \/ Yoast SEO plugin. -->","yoast_head_json":{"title":"Hamburg&#039;da fesih avukat\u0131 - Uzman yard\u0131m\u0131 | Ak\u0131ll\u0131 i\u015f hukuku","description":"Hamburg&#039;daki i\u015ften \u00e7\u0131kar\u0131lma avukat\u0131n\u0131z \u2713 Haks\u0131z i\u015ften \u00e7\u0131kar\u0131lma davalar\u0131nda uzmanla\u015fm\u0131\u015ft\u0131r \u2713 Amac\u0131m\u0131z: K\u0131dem tazminat\u0131n\u0131z \u2713 Kapsaml\u0131 ilk dan\u0131\u015fmanl\u0131k","robots":{"index":"index","follow":"follow","max-snippet":"max-snippet:-1","max-image-preview":"max-image-preview:large","max-video-preview":"max-video-preview:-1"},"canonical":"https:\/\/smart-arbeitsrecht.de\/tr\/anwalt-kuendigung-arbeitsrecht\/","og_locale":"tr_TR","og_type":"article","og_title":"Anwalt bei K\u00fcndigung Hamburg - Expertenhilfe | Smart-Arbeitsrecht","og_description":"Dein Anwalt bei K\u00fcndigung in Hamburg \u2713 Spezialisiert auf K\u00fcndigungsschutzprozesse \u2713 Unser Ziel: Deine Abfindung \u2713 Fundierte Erstberatung","og_url":"https:\/\/smart-arbeitsrecht.de\/tr\/anwalt-kuendigung-arbeitsrecht\/","og_site_name":"Smart-Arbeitsrecht","article_modified_time":"2025-10-26T07:43:24+00:00","twitter_card":"summary_large_image","schema":{"@context":"https:\/\/schema.org","@graph":[{"@type":"WebPage","@id":"https:\/\/smart-arbeitsrecht.de\/anwalt-kuendigung-arbeitsrecht\/","url":"https:\/\/smart-arbeitsrecht.de\/anwalt-kuendigung-arbeitsrecht\/","name":"Hamburg&#039;da fesih avukat\u0131 - Uzman yard\u0131m\u0131 | Ak\u0131ll\u0131 i\u015f hukuku","isPartOf":{"@id":"https:\/\/smart-arbeitsrecht.de\/#website"},"description":"Hamburg&#039;daki i\u015ften \u00e7\u0131kar\u0131lma avukat\u0131n\u0131z \u2713 Haks\u0131z i\u015ften \u00e7\u0131kar\u0131lma davalar\u0131nda uzmanla\u015fm\u0131\u015ft\u0131r \u2713 Amac\u0131m\u0131z: K\u0131dem tazminat\u0131n\u0131z \u2713 Kapsaml\u0131 ilk dan\u0131\u015fmanl\u0131k","breadcrumb":{"@id":"https:\/\/smart-arbeitsrecht.de\/anwalt-kuendigung-arbeitsrecht\/#breadcrumb"},"inLanguage":"tr","potentialAction":[{"@type":"ReadAction","target":["https:\/\/smart-arbeitsrecht.de\/anwalt-kuendigung-arbeitsrecht\/"]}]},{"@type":"BreadcrumbList","@id":"https:\/\/smart-arbeitsrecht.de\/anwalt-kuendigung-arbeitsrecht\/#breadcrumb","itemListElement":[{"@type":"ListItem","position":1,"name":"Startseite","item":"https:\/\/smart-arbeitsrecht.de\/"},{"@type":"ListItem","position":2,"name":"Anwalt bei K\u00fcndigung in Hamburg"}]},{"@type":"WebSite","@id":"https:\/\/smart-arbeitsrecht.de\/#website","url":"https:\/\/smart-arbeitsrecht.de\/","name":"Ak\u0131ll\u0131 i\u015f hukuku","description":"\u0130\u015f hukuku firmas\u0131","potentialAction":[{"@type":"SearchAction","target":{"@type":"EntryPoint","urlTemplate":"https:\/\/smart-arbeitsrecht.de\/?s={search_term_string}"},"query-input":{"@type":"PropertyValueSpecification","valueRequired":true,"valueName":"search_term_string"}}],"inLanguage":"tr"}]}},"_links":{"self":[{"href":"https:\/\/smart-arbeitsrecht.de\/tr\/wp-json\/wp\/v2\/pages\/2016","targetHints":{"allow":["GET"]}}],"collection":[{"href":"https:\/\/smart-arbeitsrecht.de\/tr\/wp-json\/wp\/v2\/pages"}],"about":[{"href":"https:\/\/smart-arbeitsrecht.de\/tr\/wp-json\/wp\/v2\/types\/page"}],"author":[{"embeddable":true,"href":"https:\/\/smart-arbeitsrecht.de\/tr\/wp-json\/wp\/v2\/users\/1"}],"replies":[{"embeddable":true,"href":"https:\/\/smart-arbeitsrecht.de\/tr\/wp-json\/wp\/v2\/comments?post=2016"}],"version-history":[{"count":147,"href":"https:\/\/smart-arbeitsrecht.de\/tr\/wp-json\/wp\/v2\/pages\/2016\/revisions"}],"predecessor-version":[{"id":10424,"href":"https:\/\/smart-arbeitsrecht.de\/tr\/wp-json\/wp\/v2\/pages\/2016\/revisions\/10424"}],"wp:attachment":[{"href":"https:\/\/smart-arbeitsrecht.de\/tr\/wp-json\/wp\/v2\/media?parent=2016"}],"curies":[{"name":"wp","href":"https:\/\/api.w.org\/{rel}","templated":true}]}}