{"id":2074,"date":"2021-01-19T08:37:12","date_gmt":"2021-01-19T07:37:12","guid":{"rendered":"http:\/\/smart-arbeitsrecht.de\/?page_id=2074"},"modified":"2025-10-26T10:54:54","modified_gmt":"2025-10-26T09:54:54","slug":"anwalt-aufhebungsvertrag","status":"publish","type":"page","link":"https:\/\/smart-arbeitsrecht.de\/tr\/anwalt-aufhebungsvertrag\/","title":{"rendered":"Hamburg&#039;da fesih s\u00f6zle\u015fmeleri avukat\u0131"},"content":{"rendered":"<div id=\"smart-column-block_479e71922365351745fee15540cfe8e7\" class=\"smart-column flex flex-col\">\n                                    <div class='mobile-even-row order-1 md:order-none' >\n                \n<div class=\"relative flex flex-wrap\">\r\n  <div class=\"relative w-full lg:w-1\/2 h-64 sm:h-72 md:h-96 lg:h-auto order-last lg:order-none\">\r\n    <picture>\r\n      <source srcset=\"\/wp-content\/webp-express\/webp-images\/uploads\/2024\/09\/Raphael_Lugowski_Hamza_Guelbas.jpg.webp\" type=\"image\/webp\" \/>\r\n      <source srcset=\"\/wp-content\/uploads\/2024\/09\/Raphael_Lugowski_Hamza_Guelbas.jpg\" type=\"image\/jpeg\" \/>\r\n      <img decoding=\"async\"\r\n        class=\"absolute object-cover w-full h-full\"\r\n        src=\"\/wp-content\/uploads\/2024\/09\/Raphael_Lugowski_Hamza_Guelbas.jpg\"\r\n        alt=\"Anwalt Aufhebungsvertrag Hamburg - Ihre Experten f\u00fcr Arbeitsrecht in 22767 Hamburg\"\r\n        style=\"object-position: 50% 30%\"\r\n      \/>\r\n    <\/picture>\r\n  <\/div>\r\n\r\n  <div class=\"w-full lg:w-1\/2 py-8 text-center lg:py-32 lg:text-left\" style=\"background-color: #f4f4f4\">\r\n    <div class=\"px-4 max-w-5xl mx-auto lg:mx-0 sm:px-8 xl:pl-16\">\r\n      <h1 class=\"text-4xl tracking-tight font-extrabold text-gray-900 sm:text-5xl md:text-6xl lg:text-5xl xl:text-6xl\">\r\n        <span class=\"block xl:inline\">Avukat fesih s\u00f6zle\u015fmesi Hamburg<\/span>\r\n      <\/h1>\r\n      <span\r\n        class=\"block text-3xl tracking-tight font-extrabold sm:text-4xl md:text-5xl lg:text-4xl xl:text-5xl\"\r\n        style=\"color: #edc273\"\r\n        >Amac\u0131m\u0131z <span style=\"color: #000\">sizin i\u00e7in m\u00fcmk\u00fcn olan en iyi k\u0131dem tazminat\u0131 paketi<\/span><\/span\r\n>\r\n      <p class=\"mt-3 text-lg text-gray-500 sm:text-xl md:mt-5 md:max-w-3xl\">\r\n       E\u011fer i\u015fvereniniz size fesih s\u00f6zle\u015fmesi teklif ettiyse bize g\u00fcvenebilirsiniz. <a href=\"https:\/\/smart-arbeitsrecht.de\/tr\/anwalt-kuendigung-arbeitsrecht\/\">Hamburg&#039;da fesih avukat\u0131<\/a> Fesih anla\u015fmalar\u0131n\u0131n m\u00fczakere edilmesinde kapsaml\u0131 uzmanl\u0131\u011fa ve geni\u015f deneyime sahibiz. Sizin i\u00e7in m\u00fcmk\u00fcn olan en iyi sonucu elde etmek i\u00e7in kan\u0131tlanm\u0131\u015f stratejiler ve m\u00fczakere taktikleri kullan\u0131yoruz.\r\n      <\/p>\r\n      <div class=\"iconlist\">\r\n        <p class=\"p-4 font-bold text-xl\">\r\n        Bir\u00e7ok \u00e7al\u0131\u015fan\u0131m\u0131z bizimle hedeflerine ula\u015ft\u0131 <a href=\"https:\/\/smart-arbeitsrecht.de\/tr\/aufhebungsvertrag-wertvolle-informationen-fuer-arbeitnehmer\/\">fesih s\u00f6zle\u015fmesi<\/a> a\u015f\u0131ld\u0131 - \u015fimdi senin zaman\u0131n\r\n        <\/p>\r\n        <ul>\r\n          <li class=\"flex\">\r\n            <span class=\"fa fa-check mr-2 pt-1 text-green-500\"><\/span>Deneyimli ve uzman bir i\u015f hukuku firmas\u0131 olarak, fesih s\u00f6zle\u015fmenizde size yetkin ve h\u0131zl\u0131 bir \u015fekilde destek sa\u011fl\u0131yoruz.\r\n          <\/li>\r\n          <li class=\"flex\">\r\n            <span class=\"fa fa-check mr-2 pt-1 text-green-500\"><\/span>Se\u00e7enekleriniz ve fesih, k\u0131dem tazminat\u0131 ve blokaj s\u00fcreleri konular\u0131nda sizi dikkatlice bilgilendirece\u011fiz.\r\n          <\/li>\r\n          <li class=\"flex\">\r\n            <span class=\"fa fa-check mr-2 pt-1 text-green-500\"><\/span>Yaln\u0131z de\u011filsiniz - i\u015fvereninizle m\u00fczakereleri ve davan\u0131z\u0131n t\u00fcm s\u00fcre\u00e7lerini biz y\u00f6netece\u011fiz\r\n          <\/li>\r\n          <li class=\"flex\">\r\n            <span class=\"fa fa-check mr-2 pt-1 text-green-500\"><\/span>Biz sizin i\u00e7in her \u015feyi yasal olarak netle\u015ftirirken ve en iyi \u015fekilde pazarl\u0131k yaparken siz de kafan\u0131z\u0131 bo\u015faltabilirsiniz\r\n          <\/li>\r\n          <li class=\"flex\">\r\n            <span class=\"fa fa-check mr-2 pt-1 text-green-500\"><\/span>Ba\u015far\u0131m\u0131z\u0131n tarifi: Sizin i\u00e7in maksimum k\u0131dem tazminat\u0131 ve daha uzun izin hedefleyen, taktiksel olarak sa\u011flam bir i\u015f hukuku\r\n          <\/li>\r\n        <\/ul>\r\n      <\/div>\r\n      <div class=\"buttons-block flex flex-wrap justify-center mt-12\">\r\n        <a class=\"btn-cta mr-0 sm:mr-3\" href=\"tel:+4940524717830\"> <i class=\"fa fa-phone mr-2\"><\/i> Hemen aray\u0131n <\/a>\r\n        <a class=\"btn-cta mr-0 sm:mr-3\" href=\"\/tr\/kontakt\/\">\r\n          <i class=\"fa fa-envelope mr-2\"><\/i> \u015eimdi destek talep edin<\/a\r\n>\r\n      <\/div>\r\n    <\/div>\r\n  <\/div>\r\n<\/div>            <\/div>\n                                <div class='order-2 md:order-none' >\n                \n<div class=\"smart-container logo\" >\n    \n    <div class=\"flex flex-wrap justify-around\">\n        \n                            \n                                                        <div >\n                        <div class=\"h-full  z-10\">\n                            <div class=\"h-full\">\n                                <img loading=\"lazy\" decoding=\"async\" src=\"\/wp-content\/uploads\/2021\/01\/logo_mitglied_arge_arbeitsrecht_1.jpg\" alt=\"Mitglied der Arbeitsgemeinschaft Arbeitsrecht\" width=\"300\" height=\"73\" class=\"alignnone size-full wp-image-2280\" \/>                            <\/div>\n                        <\/div>\n                    <\/div>\n                                                        <div >\n                        <div class=\"h-full  z-10\">\n                            <div class=\"h-full\">\n                                <img loading=\"lazy\" decoding=\"async\" class=\"alignnone size-full wp-image-859\" src=\"\/wp-content\/uploads\/2020\/05\/dav-mitglied.png\" alt=\"Mitglied im AnwaltVerein\" width=\"220\" height=\"80\" \/>                            <\/div>\n                        <\/div>\n                    <\/div>\n                                                        <div >\n                        <div class=\"h-full  z-10\">\n                            <div class=\"h-full\">\n                                <img loading=\"lazy\" decoding=\"async\" src=\"\/wp-content\/uploads\/2021\/02\/dav_fortbildungsbescheinigung.png\" alt=\"DAV Fortbildungsbescheinigung\" width=\"172\" height=\"80\" class=\"alignnone size-full wp-image-3374\" \/>                            <\/div>\n                        <\/div>\n                    <\/div>\n                \n                    \n        \n    <\/div>\n\n<\/div>\n            <\/div>\n                                <div class='mobile-even-row order-3 md:order-none' >\n                \n<div class=\"smart-container\" >\n            <h2 class=\"font-bold text-center\">Fesih s\u00f6zle\u015fmenizin \u00fccretsiz ilk incelemesi \u2013 uzman bir i\u015f hukuku avukat\u0131ndan<\/h2>\n    \n    <div class=\"flex flex-wrap\">\n        \n                            \n                                                        <div class=\"text-center\">\n                        <div class=\"h-full  z-10\">\n                            <div class=\"h-full p-2\">\n                                \u015eimdi bir tane al\u0131n <strong>nitelikli ilk de\u011ferlendirme<\/strong> sana <a href=\"https:\/\/smart-arbeitsrecht.de\/tr\/aufhebungsvertrag-wertvolle-informationen-fuer-arbeitnehmer\/\">fesih s\u00f6zle\u015fmesi<\/a> \u2013 i\u015f hukuku alan\u0131nda uzman bir avukattan \u00fccretsiz ve hi\u00e7bir y\u00fck\u00fcml\u00fcl\u00fck alt\u0131na girmeden.                            <\/div>\n                        <\/div>\n                    <\/div>\n                                                        <div class=\"w-full lg:w-full\">\n                        <div class=\"h-full  hasBorder z-10  bg-white\" style=\"border: 5px solid #38A956;\">\n                            <div class=\"h-full p-2\">\n                                <div class=\"flex flex-col\" style=\"min-height: 350px;\">\r\n\r\n  <div class=\"sa-app\" style=\"overflow:unset;\">\r\n    <div id=\"app\"><\/div>\r\n  <\/div>\r\n\r\n  <div id=\"start-screen\">\r\n    <div class=\"progressbar\" role=\"progressbar\" aria-hidden=\"false\" aria-valuemin=\"0\" aria-valuemax=\"100\"\r\n      aria-valuenow=\"2\" aria-label=\"Sorgu ilerlemesi\">\r\n      <strong class=\"progress-text\">2%<\/strong>\r\n      <div class=\"progress\"><\/div>\r\n    <\/div>\r\n\r\n    <h3 class=\"mt-5\">\u015eu anki durumunuz nedir?<\/h3>\r\n\r\n    <div class=\"load-app-btn-wrapper flex flex-col sm:flex-row justify-center items-center mb-12\">\r\n      <button class=\"vuetify-btn load-app-btn w-full sm:w-auto sm:mr-4\">Bana bir fesih anla\u015fmas\u0131 teklif edildi<\/button>\r\n      <button class=\"vuetify-btn load-app-btn w-full sm:w-auto sm:mr-4\">Yak\u0131nda bana bir fesih anla\u015fmas\u0131 sunulacak<\/button>\r\n    <\/div>\r\n  <\/div>\r\n<\/div>\r\n<div class=\"flex flex-wrap space-x-10 justify-center lg:justify-around md:mt-auto mt-2\">\r\n  <div class=\"flex items-center space-x-2 lg:space-x-3\">\r\n    <img decoding=\"async\" class=\"w-16 h-16 rounded-full lg:w-20 lg:h-20\"\r\n      src=\"\/wp-content\/uploads\/2023\/05\/Raphael_Lugowski_K\u00fc\u00e7\u00fck Resim.jpeg\" alt=\"Raphael Lugowski\">\r\n    <div class=\"font-medium text-lg leading-6\">\r\n      <p class=\"font-bold m-0\">Raphael Lugowski<\/p>\r\n      <p class=\"text-sm m-0 text-gray-500\">\u0130\u015f hukuku konusunda uzman avukat<\/p>\r\n    <\/div>\r\n  <\/div>\r\n  <div class=\"flex items-center text-green-400\">\r\n    <div>\r\n      <i class=\"fa-shield\" style=\"line-height:4rem;font-size:2.5rem;\"><\/i>\r\n    <\/div>\r\n    <p class=\"ml-4 mb-0\">G\u00fcvenli ileti\u015fim<\/p>\r\n  <\/div>\r\n<\/div>                            <\/div>\n                        <\/div>\n                    <\/div>\n                \n                    \n        \n    <\/div>\n\n<\/div>\n            <\/div>\n                                <div class='order-4 md:order-none' >\n                \n<div class=\"smart-container\" >\n    \n    <div class=\"flex flex-wrap\">\n        \n                            \n                                                        <div class=\"p-2\">\n                        <div class=\"h-full  z-10  overflow-hidden\">\n                            <div class=\"h-full p-1\">\n                                <h2 class=\"font-bold text-center\">Hamburg&#039;daki fesih s\u00f6zle\u015fmeleri i\u00e7in avukat\u0131n\u0131z<\/h2>\r\n<div class=\"relative z-10 text-base lg:max-w-5xl lg:pr-72\">\r\n  <p class=\"text-lg text-gray-500\">\u0130\u015fvereniniz size fesih s\u00f6zle\u015fmesi sundu mu? Bu zor bir durum, ancak endi\u015felenmeyin: <a href=\"https:\/\/smart-arbeitsrecht.de\/tr\/\">Hamburg&#039;da i\u015f hukuku firmas\u0131<\/a> Yan\u0131n\u0131zday\u0131z. Avukat\u0131n\u0131z size yetkin ve hedefe y\u00f6nelik tavsiyelerde bulunacak ve hukuki ve finansal hedeflerinize ula\u015fman\u0131zda size destek olacakt\u0131r.<\/p>\r\n<\/div>\r\n<div class=\"lg:grid lg:grid-cols-2 lg:gap-8 lg:items-start\">\r\n  <div class=\"relative z-10\">\r\n\r\n<h3 class=\"font-bold text-center\">Fesih s\u00f6zle\u015fmesi i\u00e7in avukat\u0131n\u0131z - hedefe giden yolunuz<\/h3>\r\n<p>Hemen s\u00f6yleyelim: Fesih anla\u015fmas\u0131 konusunda size yard\u0131mc\u0131 olmak istiyoruz <strong>yasal ve mali a\u00e7\u0131dan m\u00fcmk\u00fcn olan en iyi<\/strong> \u0130\u015fvereniniz i\u015f s\u00f6zle\u015fmenizi feshetmek mi istiyor? \u015eartlar uygunsa ve sizin \u00e7\u0131kar\u0131n\u0131zaysa sorun de\u011fil. \u0130\u015f hukuku avukat\u0131m\u0131z i\u015fvereninizi bu konuda bilgilendirecektir.<\/p>\r\n\r\n<h3 class=\"font-bold text-center\">Fesih s\u00f6zle\u015fmeleri konusunda uzmanl\u0131k ve deneyim size ba\u015far\u0131 getirecektir<\/h3>\r\n<p>Neden i\u015f hukuku firmam\u0131z\u0131 tercih etmelisiniz? \u00c7\u00fcnk\u00fc fesih s\u00f6zle\u015fmeleriyle ilgili se\u00e7enekleriniz konusunda kapsaml\u0131 dan\u0131\u015fmanl\u0131k hizmeti sunuyoruz. Ancak o zaman do\u011fru karar\u0131 verebilirsiniz. Fesih s\u00f6zle\u015fmeleri bizim uzmanl\u0131k alan\u0131m\u0131zd\u0131r; bu alanda kapsaml\u0131 deneyime sahibiz. <strong>Deneyim ve uzmanl\u0131k<\/strong>Size profesyonel destek sa\u011flamaya ve i\u015fvereninizle fesih \u015fartlar\u0131n\u0131 g\u00f6r\u00fc\u015fmeye haz\u0131r\u0131z.<\/p>\r\n\r\n<h3 class=\"font-bold text-center\">Fesih sonras\u0131 k\u0131dem tazminat\u0131 m\u0131? Siz karar verin!<\/h3>\r\n<p>Fesih anla\u015fmas\u0131yla (neredeyse) t\u00fcm se\u00e7enekler sizin i\u00e7in a\u00e7\u0131kt\u0131r. Yolculu\u011fun sizi nereye g\u00f6t\u00fcrece\u011fine bizimle birlikte karar verirsiniz. \u00c7o\u011fu zaman, <strong>m\u00fcmk\u00fcn olan en iyi k\u0131dem tazminat\u0131<\/strong> S\u00f6zle\u015fmenizden en iyi \u015fekilde yararlanman\u0131z\u0131 ve buna bir de izin hakk\u0131 eklemenizi sa\u011fl\u0131yoruz. M\u00fczakere psikolojisine odaklanarak, m\u00fczakerelerde sizin i\u00e7in maksimum fayday\u0131 sa\u011flayacak tempoyu belirliyoruz.<\/p>\r\n  <\/div>\r\n  <div class=\"mt-12 relative lg:mt-0 px-2\">\r\n    <svg class=\"absolute top-0 right-0 -mt-20 -mr-20 lg:top-auto lg:right-auto lg:bottom-1\/2 lg:left-1\/2 lg:mt-0 lg:mr-0 xl:top-0 xl:right-0 xl:-mt-20 xl:-mr-20\" width=\"404\" height=\"384\" fill=\"none\" viewbox=\"0 0 404 384\" aria-hidden=\"true\">\r\n      <defs>\r\n        <pattern id=\"pattern\" x=\"0\" y=\"0\" width=\"20\" height=\"20\" patternunits=\"userSpaceOnUse\">\r\n          <rect x=\"0\" y=\"0\" width=\"4\" height=\"4\" class=\"text-gray-200\" fill=\"currentColor\" \/>\r\n        <\/pattern>\r\n      <\/defs>\r\n      <rect width=\"404\" height=\"384\" fill=\"url(#pattern)\" \/>\r\n    <\/svg>\r\n    <blockquote class=\"relative bg-white shadow-lg\">\r\n      <div class=\"px-6 py-8 sm:px-10 sm:pt-10 sm:pb-8\">\r\n        <img loading=\"lazy\" decoding=\"async\" src=\"\/wp-content\/themes\/tailpress\/img\/smart_arbeitsrecht_logo_blau.svg\" alt=\"Smart Arbeitsrecht Logo\" width=\"120\" height=\"39\">\r\n        <div class=\"relative text-lg text-gray-700 font-medium mt-8\">\r\n          <svg class=\"absolute top-0 left-0 transform -translate-x-3 -translate-y-2 h-8 w-8 text-gray-200\" fill=\"currentColor\" viewbox=\"0 0 32 32\" aria-hidden=\"true\">\r\n            <path d=\"M9.352 4C4.456 7.456 1 13.12 1 19.36c0 5.088 3.072 8.064 6.624 8.064 3.36 0 5.856-2.688 5.856-5.856 0-3.168-2.208-5.472-5.088-5.472-.576 0-1.344.096-1.536.192.48-3.264 3.552-7.104 6.624-9.024L9.352 4zm16.512 0c-4.8 3.456-8.256 9.12-8.256 15.36 0 5.088 3.072 8.064 6.624 8.064 3.264 0 5.856-2.688 5.856-5.856 0-3.168-2.304-5.472-5.184-5.472-.576 0-1.248.096-1.44.192.48-3.264 3.456-7.104 6.528-9.024L25.864 4z\" \/>\r\n          <\/svg>\r\n          <p class=\"relative\">\u00d6zellikle fesih s\u00f6zle\u015fmelerinde yap\u0131lan hatalar, \u00e7al\u0131\u015fanlara hem hukuki hem de maddi olarak pahal\u0131ya mal olabilir. Bekleme s\u00fcresi riski y\u00fcksektir. \u0130\u015fverenlerle ihmal edilen m\u00fczakereler, be\u015f haneli rakamlara varan rakamlara ula\u015fabilir. Ancak endi\u015felenmenize gerek yok: Fesih ve fesih s\u00f6zle\u015fmeleri konusunda uzman\u0131z. Bizimle, sa\u011flam i\u015f hukuku ve m\u00fczakere psikolojisinin bir birle\u015fimine eri\u015febilirsiniz. Bu, fesih s\u00f6zle\u015fmenizi m\u00fczakere etmede sizi \u00f6ne \u00e7\u0131karacak ve sizin i\u00e7in m\u00fcmk\u00fcn olan en iyi sonucu elde etmenizi sa\u011flayacakt\u0131r. \r\n        <\/div>\r\n      <\/div><cite class=\"relative flex items-center sm:items-start bg-primary not-italic py-5 px-6 sm:py-5 sm:pl-12 sm:pr-10 sm:mt-10\"><span class=\"block relative rounded-full border-2 border-white sm:absolute sm:top-0 sm:transform sm:-translate-y-1\/2\"><img decoding=\"async\" class=\"w-12 h-12 sm:w-20 sm:h-20 rounded-full\" src=\"\/wp-content\/uploads\/2023\/05\/Raphael_Lugowski_K\u00fc\u00e7\u00fck Resim.jpeg\" alt=\"Raphael Lugowski\"><\/span>\r\n        <span class=\"relative ml-4 font-semibold leading-6 sm:ml-24 sm:pl-1\"><span class=\"text-white font-semibold sm:inline\">Raphael Lugowski<\/span><\/span><\/cite><\/blockquote>\r\n  <\/div>\r\n<\/div>                            <\/div>\n                        <\/div>\n                    <\/div>\n                \n                    \n        \n    <\/div>\n\n<\/div>\n            <\/div>\n                                <div class='mobile-even-row order-5 md:order-none' >\n                \n<div class=\"smart-container\" >\n    \n    <div class=\"flex flex-wrap\">\n        \n                            \n                                                        <div class=\"w-full lg:w-5\/12 py-1\">\n                        <div class=\"h-full  hasBorder z-10\" style=\"border: 5px solid #5E5E5E;\">\n                            <div class=\"h-full p-8\">\n                                <div class=\"iconlist flex flex-col justify-center h-full\">\r\n<h3>Fesih anla\u015fmas\u0131 karma\u015f\u0131k bir konudur<\/h3>\r\n<p>Fesih anla\u015fmas\u0131 ald\u0131ysan\u0131z veya almak \u00fczereyseniz, a\u015fa\u011f\u0131dakileri merak ediyor olabilirsiniz:<\/p>\r\n<ul class=\"text-lg flex justify-center\">\r\n \t<li class=\"flex\"><i class=\"text-2xl fa fa-close mr-3 pt-1\"><\/i><p>\u0130\u015fverenin teklifi uygun ve adil mi, yoksa daha y\u00fcksek bir k\u0131dem tazminat\u0131 m\u00fcmk\u00fcn m\u00fc?<\/p><\/li>\r\n \t<li class=\"flex\"><i class=\"text-2xl fa fa-close mr-3 pt-1\"><\/i><p>Fesih s\u00f6zle\u015fmesindeki h\u00fck\u00fcmlerin benim i\u00e7in herhangi bir hukuki sonucu var m\u0131d\u0131r, yoksa hukuki a\u00e7\u0131dan dezavantajl\u0131 m\u0131d\u0131r?<\/p><\/li>\r\n \t<li class=\"flex\"><i class=\"text-2xl fa fa-close mr-3 pt-1\"><\/i><p>S\u00f6zle\u015fmeyi imzalarsam i\u015fsizlik maa\u015f\u0131 almam engellenir mi?<\/p><\/li>\r\n \t<li class=\"flex\"><i class=\"text-2xl fa fa-close mr-3 pt-1\"><\/i><p>K\u0131dem tazminat\u0131 vergisinden nas\u0131l tasarruf edebilirim?<\/p><\/li>\r\n<\/ul>\r\n<\/div>                            <\/div>\n                        <\/div>\n                    <\/div>\n                                                        <div class=\"w-full lg:w-2\/12 self-center text-center py-1 hidden lg:block\">\n                        <div class=\"h-full  z-10\">\n                            <div class=\"h-full p-8\">\n                                <p>Bizimle durumu kontrol alt\u0131na alabilirsiniz\r\n<i class=\"fa-long-arrow-right grey_blue_arrow\" style=\"font-size: 90px;\"><\/i>\r\n<\/p>                            <\/div>\n                        <\/div>\n                    <\/div>\n                                                        <div class=\"w-full lg:w-5\/12 py-1\">\n                        <div class=\"h-full  hasBorder gradient-border blue-gradient z-10\">\n                            <div class=\"h-full p-8\">\n                                <div class=\"iconlist flex flex-col justify-center h-full\">\r\n<h3 class=\"pb-2\" style=\"text-align: center;\">Sizin i\u00e7in yapabileceklerimiz \u015funlard\u0131r<\/h3>\r\n<ul class=\"text-lg flex justify-center\">\r\n \t<li class=\"flex pb-4\"><i class=\"text-2xl fa fa-eur mr-3 pt-1\"><\/i>\u0130\u015fverenin teklifinin uygun ve adil olup olmad\u0131\u011f\u0131n\u0131 sizin i\u00e7in kontrol edece\u011fiz.<\/li>\r\n \t<li class=\"flex pb-4\"><i class=\"text-2xl fa fa-smile-o mr-3 pt-1\"><\/i>\u0130\u015fvereninizle yapaca\u011f\u0131n\u0131z m\u00fczakereleri tamamen bize b\u0131rakabilirsiniz.<\/li>\r\n \t<li class=\"flex pb-4\"><i class=\"text-2xl fa fa-file-text-o mr-3 pt-1\"><\/i>Size yeni bir i\u015fi h\u0131zla bulman\u0131za yard\u0131mc\u0131 olacak performansa dayal\u0131 bir referans sa\u011flamaya kararl\u0131y\u0131z.<\/li>\r\n \t<li class=\"flex pb-4\"><i class=\"text-2xl fa fa-life-ring mr-3 pt-1\"><\/i>Ayr\u0131ca sosyal g\u00fcvenlik hukuku (bloklama s\u00fcresi) veya vergi hukuku a\u00e7\u0131s\u0131ndan herhangi bir dezavantaj ya\u015famaman\u0131z\u0131 sa\u011fl\u0131yoruz.<\/li>\r\n<\/ul>\r\n<\/div>                            <\/div>\n                        <\/div>\n                    <\/div>\n                \n                    \n        \n    <\/div>\n\n<\/div>\n            <\/div>\n                                <div class='order-6 md:order-none' >\n                \n<div class=\"smart-container\" >\n            <h2 class=\"font-bold text-center\">\u201cAvukatlar\u0131n\u0131z olarak fesih s\u00f6zle\u015fmesinde sizin i\u00e7in m\u00fcmk\u00fcn olan en iyi sonucu elde etmek istiyoruz.\u201d<\/h2>\n    \n    <div class=\"flex flex-wrap\">\n        \n                            \n                                                        <div >\n                        <div class=\"h-full  z-10\">\n                            <div class=\"h-full\">\n                                <div class=\"relative overflow-hidden\">\r\n  <svg\r\n    class=\"hidden xl:block absolute top-0 right-0 -mt-20 -mr-20\"\r\n    width=\"300\"\r\n    height=\"600\"\r\n    fill=\"none\"\r\n    viewbox=\"0 0 300 600\"\r\n    aria-hidden=\"true\"\r\n  >\r\n    <defs>\r\n      <pattern\r\n        id=\"pattern_1\"\r\n        x=\"0\"\r\n        y=\"0\"\r\n        width=\"20\"\r\n        height=\"20\"\r\n        patternunits=\"userSpaceOnUse\"\r\n      >\r\n        <rect x=\"0\" y=\"0\" width=\"4\" height=\"4\" class=\"text-gray-200\" fill=\"currentColor\" \/>\r\n      <\/pattern>\r\n    <\/defs>\r\n    <rect width=\"400\" height=\"600\" fill=\"url(#pattern_1)\" \/>\r\n  <\/svg>\r\n  <svg\r\n    class=\"hidden xl:block absolute bottom-0 left-0 -mb-20 -ml-20\"\r\n    width=\"300\"\r\n    height=\"500\"\r\n    fill=\"none\"\r\n    viewbox=\"0 0 300 500\"\r\n    aria-hidden=\"true\"\r\n  >\r\n    <defs>\r\n      <pattern\r\n        id=\"pattern_2\"\r\n        x=\"0\"\r\n        y=\"0\"\r\n        width=\"20\"\r\n        height=\"20\"\r\n        patternunits=\"userSpaceOnUse\"\r\n      >\r\n        <rect x=\"0\" y=\"0\" width=\"4\" height=\"4\" class=\"text-gray-200\" fill=\"currentColor\" \/>\r\n      <\/pattern>\r\n    <\/defs>\r\n    <rect width=\"400\" height=\"500\" fill=\"url(#pattern_2)\" \/>\r\n  <\/svg>\r\n  <div class=\"relative\">\r\n    <p class=\"max-w-3xl mx-auto text-center text-xl text-gray-500\">\r\n   Avukatlar Hamza G\u00fclbas ve Raphael Lugowski size yaz\u0131yor. Fesih ve k\u0131dem tazminat\u0131 s\u00f6zle\u015fmeleri konusunda uzman\u0131z. Sa\u011flam i\u015f hukuku uzmanl\u0131\u011f\u0131m\u0131zla, fesih s\u00f6zle\u015fmenizle m\u00fcmk\u00fcn olan en iyi sonucu (\u00f6rne\u011fin, iyi bir k\u0131dem tazminat\u0131 paketi) elde etmenizde size destek olaca\u011f\u0131z.\r\n    <\/p>\r\n  <\/div>\r\n  <div class=\"flex flex-col-reverse lg:block relative mt-6 lg:mt-12 lg:grid lg:grid-cols-2 lg:gap-2 lg:items-center justify-items-center\">\r\n    <div class=\"relative\">\r\n      <p class=\"mt-3\">\r\nThe\u00a0<strong>Fesih s\u00f6zle\u015fmesinde ba\u015far\u0131 fakt\u00f6r\u00fc<\/strong>: \u0130\u015f hukuku alan\u0131nda y\u00fcksek d\u00fczeyde uzmanl\u0131k ve kapsaml\u0131 m\u00fczakere deneyimi. \u0130\u015f hukuku avukatlar\u0131 olarak, \u00f6ncelikle i\u015f konseylerini temsil ediyor ve i\u015fverenlerle s\u0131kl\u0131kla yo\u011fun m\u00fczakereler y\u00fcr\u00fct\u00fcyoruz. Bu nedenle, davan\u0131zda neyin \u00f6nemli oldu\u011funu tam olarak biliyoruz. \r\n      <\/p>\r\n\r\n      <p>\r\n    Bizim i\u00e7in a\u00e7\u0131kt\u0131r ki bir\u00a0<strong>dikkatli haz\u0131rl\u0131k<\/strong>\u00a0Ve\u00a0<strong>iyi strateji<\/strong>\u00a0Ba\u015far\u0131l\u0131 bir fesih anla\u015fmas\u0131n\u0131n temel ta\u015flar\u0131d\u0131r. Her vakay\u0131 ayr\u0131 ayr\u0131 inceliyor ve sizin i\u00e7in m\u00fckemmel plan\u0131 geli\u015ftiriyoruz. S\u0131radan bir yakla\u015f\u0131m, be\u015f haneli y\u00fcksek bir mebla\u011f\u0131n h\u0131zla kaybedilmesine neden olabilir.\r\n      <\/p>\r\n\r\n      <p>\r\n    <strong>Sa\u011flam i\u015f hukuku<\/strong>\u00a0\u00c7al\u0131\u015fmalar\u0131m\u0131z\u0131n temelidir. \u0130\u015ften \u00e7\u0131kar\u0131lma koruman\u0131z\u0131 tam olarak anlaman\u0131z esast\u0131r. Her g\u00fcn yo\u011fun bir e\u011fitimden ge\u00e7iyoruz ve t\u00fcm \u00f6nemli kararlara a\u015finay\u0131z. Bu kararlar, fesih s\u00f6zle\u015fmeleri stratejisini \u00f6nemli \u00f6l\u00e7\u00fcde etkiler, bu nedenle kan\u0131tlanm\u0131\u015f stratejileri s\u00fcrekli olarak geli\u015ftiriyoruz.\r\n      <\/p>\r\n    <\/div>\r\n\r\n     <div class=\"my-6 relative lg:my-0\" aria-hidden=\"true\">\r\n      <video id=\"walking-video\" width=\"600\" height=\"400\" muted playsinline poster=\"\/wp-content\/uploads\/2024\/10\/Raphael_Hamza_gehend_poster.jpg\">\r\n        <source data-src=\"\/wp-content\/uploads\/2024\/10\/Raphael_Hamza_gehend_480p.mp4\" type=\"video\/mp4\">\r\n        Taray\u0131c\u0131n\u0131z HTML videolar\u0131n\u0131 desteklemiyor.\r\n      <\/video>\r\n    <\/div>\r\n  <\/div>\r\n  <div\r\n    class=\"lg:block relative mt-6 lg:mt-12 lg:grid lg:grid-cols-2 lg:gap-2 lg:items-center justify-items-center\"\r\n  \r\n  >\r\n    <div class=\"my-6 relative lg:my-0\">\r\n      <img loading=\"lazy\" decoding=\"async\"\r\n        src=\"\/wp-content\/uploads\/2023\/02\/Smart_Arbeitsrecht_Kanzlei_Alsterufer.jpg\"\r\n        alt=\"Smart Arbeitsrecht Kanzlei an der Alsterufer\"\r\n        width=\"600\"\r\n        height=\"338\"\r\n        class=\"relative mx-auto size-full wp-image-6484\"\r\n      \/>\r\n    <\/div>\r\n    <div>\r\n      <p class=\"mt-3\">\r\n    <strong>Sizi nas\u0131l destekliyoruz?<\/strong> Fesih s\u00f6zle\u015fmenizle ilgili olarak: \u00c7\u0131karlar\u0131n\u0131z\u0131 anlayabilmemiz i\u00e7in birbirimizle a\u00e7\u0131k bir \u015fekilde ileti\u015fim kurmam\u0131z \u00e7ok \u00f6nemlidir. Se\u00e7enekleriniz ve yasal zorluklar konusunda size kapsaml\u0131 tavsiyelerde bulunaca\u011f\u0131z. Daha sonra,\u00a0<strong>en iyi strateji<\/strong>.\r\n      <\/p>\r\n\r\n      <p>\r\n  Daha sonra i\u015fverenle m\u00fczakerelere ba\u015flayaca\u011f\u0131z ve bu s\u00fcreci sizin ad\u0131n\u0131za biz y\u00f6netece\u011fiz. \u0130\u015fte bu noktada m\u00fczakere becerilerimizi kullanabiliyoruz. <strong>\u00e7\u0131karlar\u0131n\u0131z\u0131 \u0131srarla temsil edin<\/strong> ve sizin i\u00e7in en iyi ko\u015fullar\u0131 sa\u011flamak i\u00e7in her \u015feyi yap\u0131yoruz.\r\n      <\/p>\r\n\r\n      <p>\r\n    Her \u015fey yolunda gidiyor <strong>otomatik pilottaym\u0131\u015f gibi<\/strong>\u00a0\u2013 Ba\u015fka bir \u015fey yapman\u0131za gerek yok. Bizimle, i\u015f hukuku ve fesih s\u00f6zle\u015fmeleri konusunda kapsaml\u0131 bilgimiz oldu\u011fu i\u00e7in emin ellerdesiniz (fesih s\u00f6zle\u015fmeleri k\u0131lavuzumuza bak\u0131n). Bu, m\u00fczakerelerde size avantaj sa\u011flayacakt\u0131r.\r\n      <\/p>\r\n\r\n      <p>Sizinle \u00e7al\u0131\u015fmaktan mutluluk duyar\u0131z.<\/p>\r\n      <img loading=\"lazy\" decoding=\"async\"\r\n        src=\"\/wp-content\/uploads\/2022\/01\/Unterschrift.png\"\r\n        alt=\"\"\r\n        width=\"223\"\r\n        height=\"62\"\r\n        class=\"alignnone size-full wp-image-5905 mt-2\"\r\n      \/>\r\n    <\/div>\r\n  <\/div>\r\n<\/div>\r\n                            <\/div>\n                        <\/div>\n                    <\/div>\n                \n                    \n        \n    <\/div>\n\n<\/div>\n            <\/div>\n                                <div class='mobile-even-row order-7 md:order-none' >\n                \n<div class=\"smart-container\" >\n            <h2 class=\"font-bold text-center\">Avukat\u0131n\u0131z fesih s\u00f6zle\u015fmesi Hamburg<\/h2>\n    \n    <div class=\"flex flex-wrap\">\n        \n                            \n                                                        <div class=\"w-full lg:w-1\/3 text-center\">\n                        <div class=\"h-full  z-10\">\n                            <div class=\"h-full p-1\">\n                                <figure id=\"attachment_6770\" aria-describedby=\"caption-attachment-6770\" style=\"width: 440px\" class=\"wp-caption alignnone\"><img loading=\"lazy\" decoding=\"async\" src=\"\/wp-content\/uploads\/2023\/04\/Raphael_Lugowski_rechts_blickend_gehend.jpg\" alt=\"Raphael Lugowski mit jahrelanger Erfahrung im Arbeitsrecht\" width=\"440\" height=\"457\" class=\"size-full wp-image-6770\" srcset=\"https:\/\/smart-arbeitsrecht.de\/wp-content\/uploads\/2023\/04\/Raphael_Lugowski_rechts_blickend_gehend.jpg 440w, https:\/\/smart-arbeitsrecht.de\/wp-content\/uploads\/2023\/04\/Raphael_Lugowski_rechts_blickend_gehend-289x300.jpg 289w\" sizes=\"auto, (max-width: 440px) 100vw, 440px\" \/><figcaption id=\"caption-attachment-6770\" class=\"wp-caption-text\">Raphael Lugowski, i\u015f hukuku uzman\u0131 avukat<\/figcaption><\/figure>                            <\/div>\n                        <\/div>\n                    <\/div>\n                                                        <div class=\"w-full lg:w-2\/3 self-center\">\n                        <div class=\"h-full  z-10\">\n                            <div class=\"h-full p-1\">\n                                <div class=\"flex\">\r\n  <ul class=\"flex flex-col mx-auto\">\r\n    <li class=\"flex bg-white p-4 mb-4 shadow-md\"><i class=\"fa fa-check text-xl text-primary mr-2 pt-1\"><\/i>\r\n      <div>\r\n        <p class=\"text-gray-900 font-semibold no-space\">Y\u00fcksek derecede uzmanla\u015fma<\/p>\r\n        <div style=\"flex-basis:100%;\"><\/div>\r\n        <p class=\"text-gray-500 text-sm no-space\">Uzman avukat\u0131m\u0131z yaln\u0131zca i\u015f hukuku alan\u0131nda uzmanla\u015fm\u0131\u015f olup, size yetkin dan\u0131\u015fmanl\u0131k hizmeti sunabilir.<\/p><\/div>\r\n    <\/li>\r\n    <li class=\"flex bg-white p-4 mb-4 shadow-md\"><i class=\"fa fa-check text-xl text-primary mr-2 pt-1\"><\/i>\r\n      <div>\r\n        <p class=\"text-gray-900 font-semibold no-space\">Odak: Fesih anla\u015fmas\u0131 ve ayr\u0131lma s\u00fcre\u00e7leri<\/p>\r\n        <div style=\"flex-basis:100%;\"><\/div>\r\n        <p class=\"text-gray-500 text-sm no-space\">Fesih anla\u015fmalar\u0131n\u0131 d\u00fczenli olarak m\u00fczakere ediyoruz ve bu nedenle bu alanda \u00f6zel bir deneyime sahibiz.<\/p><\/div>\r\n    <\/li>\r\n    <li class=\"flex bg-white p-4 mb-4 shadow-md\"><i class=\"fa fa-check text-xl text-primary mr-2 pt-1\"><\/i>\r\n      <div>\r\n        <p class=\"text-gray-900 font-semibold no-space\">\u00c7ok say\u0131da fesih anla\u015fmas\u0131 ba\u015far\u0131yla sonu\u00e7land\u0131r\u0131ld\u0131<\/p> \r\n        <div style=\"flex-basis:100%;\"><\/div>\r\n        <p class=\"text-gray-500 text-sm no-space\">Deneyimlerimize dayanarak, fesih s\u00f6zle\u015fmenizde yasal olarak neyin \u00f6nemli oldu\u011funu biliyoruz<\/p><\/div>\r\n    <\/li>\r\n    <li class=\"flex bg-white p-4 mb-4 shadow-md\"><i class=\"fa fa-check text-xl text-primary mr-2 pt-1\"><\/i>\r\n      <div>\r\n        <p class=\"text-gray-900 font-semibold no-space\">\u0130lgi alanlar\u0131n\u0131za y\u00fcksek ba\u011fl\u0131l\u0131k<\/p>\r\n        <div style=\"flex-basis:100%;\"><\/div>\r\n        <p class=\"text-gray-500 text-sm no-space\">Kural\u0131m\u0131z \u015fudur: Yenilerden \u00f6nce eski davalar. \u00c7\u0131karlar\u0131n\u0131z\u0131 y\u0131lmadan savunuyoruz.<\/p><\/div>\r\n    <\/li>\r\n    <li class=\"flex bg-white p-4 mb-4 shadow-md\"><i class=\"fa fa-check text-xl text-primary mr-2 pt-1\"><\/i>\r\n      <div>\r\n        <p class=\"text-gray-900 font-semibold no-space\">Uzmanl\u0131k alan\u0131: M\u00fczakere psikolojisi ve stratejisi<\/p>\r\n        <div style=\"flex-basis:100%;\"><\/div>\r\n        <p class=\"text-gray-500 text-sm no-space\">Uzman bilgimiz, bireysel \u00e7\u0131karlar\u0131n\u0131z\u0131 etkili bir \u015fekilde hayata ge\u00e7irmenize yard\u0131mc\u0131 olur.<\/p><\/div>\r\n    <\/li>\r\n  <\/ul>\r\n<\/div>\r\n\r\n<div class=\"text-center\"><div class=\"buttons-block flex flex-wrap justify-center\"> <a class=\"btn-cta\" href=\"\/tr\/kontakt\/\"> Bir i\u015f hukuku avukat\u0131ndan nitelikli de\u011ferlendirme <\/a><\/div><\/div>                            <\/div>\n                        <\/div>\n                    <\/div>\n                \n                    \n        \n    <\/div>\n\n<\/div>\n            <\/div>\n                                <div class='order-8 md:order-none' >\n                \n\n<div class=\"smart-container\" id=\"bewertungen\">\n    \n    <div class=\"testimonial-block flex flex-wrap -m-4\">\n        <div class=\"relative w-full md:w-1\/2 py-2 md:py-24 bg-white flex flex-col item-center justify-center\">\n\n            <div class=\"absolute top-0 left-0 z-10 grid-indigo w-16 h-16 md:w-44 md:h-96 md:ml-20 md:mt-24\"><\/div>\n\n            <div class=\"py-2 px-6 md:py-6 md:px-1 md:w-64 md:mx-auto font-semibold leading-tight tracking-tight mb-0 z-20\">\n                <h2 class=\"text-2xl md:text-5xl\">\u00d6yle diyorlar<br>m\u00fc\u015fterilerimiz<\/h2>\n            <\/div>\n        <\/div>\n\n        <div class=\"bg-gray-100 w-full md:w-1\/2\">\n            <div class=\"flex flex-col h-full relative\">\n                <div class=\"absolute top-0 left-0 mt-3 ml-4 md:mt-5 md:ml-12\">\n                    <svg xmlns=\"http:\/\/www.w3.org\/2000\/svg\"\n                         class=\"text-primary-light fill-current w-12 h-12 md:w-16 md:h-16 opacity-40\"\n                         viewbox=\"0 0 24 24\">\n                        <path\n                            d=\"M6.5 10c-.223 0-.437.034-.65.065.069-.232.14-.468.254-.68.114-.308.292-.575.469-.844.148-.291.409-.488.601-.737.201-.242.475-.403.692-.604.213-.21.492-.315.714-.463.232-.133.434-.28.65-.35.208-.086.39-.16.539-.222.302-.125.474-.197.474-.197L9.758 4.03c0 0-.218.052-.597.144C8.97 4.222 8.737 4.278 8.472 4.345c-.271.05-.56.187-.882.312C7.272 4.799 6.904 4.895 6.562 5.123c-.344.218-.741.4-1.091.692C5.132 6.116 4.723 6.377 4.421 6.76c-.33.358-.656.734-.909 1.162C3.219 8.33 3.02 8.778 2.81 9.221c-.19.443-.343.896-.468 1.336-.237.882-.343 1.72-.384 2.437-.034.718-.014 1.315.028 1.747.015.204.043.402.063.539.017.109.025.168.025.168l.026-.006C2.535 17.474 4.338 19 6.5 19c2.485 0 4.5-2.015 4.5-4.5S8.985 10 6.5 10zM17.5 10c-.223 0-.437.034-.65.065.069-.232.14-.468.254-.68.114-.308.292-.575.469-.844.148-.291.409-.488.601-.737.201-.242.475-.403.692-.604.213-.21.492-.315.714-.463.232-.133.434-.28.65-.35.208-.086.39-.16.539-.222.302-.125.474-.197.474-.197L20.758 4.03c0 0-.218.052-.597.144-.191.048-.424.104-.689.171-.271.05-.56.187-.882.312-.317.143-.686.238-1.028.467-.344.218-.741.4-1.091.692-.339.301-.748.562-1.05.944-.33.358-.656.734-.909 1.162C14.219 8.33 14.02 8.778 13.81 9.221c-.19.443-.343.896-.468 1.336-.237.882-.343 1.72-.384 2.437-.034.718-.014 1.315.028 1.747.015.204.043.402.063.539.017.109.025.168.025.168l.026-.006C13.535 17.474 15.338 19 17.5 19c2.485 0 4.5-2.015 4.5-4.5S19.985 10 17.5 10z\"\/>\n                    <\/svg>\n                <\/div>\n\n                <!-- Text -->\n                <div class=\"slider-container\">\n                                    <div class=\"slide-container\">\n                        <div\n                            class=\"slide slide0 px-6 md:px-16 pt-10 md:pt-14 text-lg sm:text-xl\">\n                            <p class=\"text-gray-600 serif font-normal italic\">\n                                Bay Lugowski \u00e7ok yetenekli, g\u00fcler y\u00fczl\u00fc ve yard\u0131msever. \u0130\u015f yerinde sorunlar ya\u015fad\u0131m ve o ak\u015fam kendisini arayabildim, bu y\u00fczden telefonla bana \u00fccretsiz yard\u0131mc\u0131 oldu. Sonras\u0131nda bile istedi\u011fim zaman arayabildim ve her zaman an\u0131nda yard\u0131m ald\u0131m. Bay Lugowski&#039;nin temsilinden \u00e7ok memnunum. Onu 0 tavsiye edebilirim.                             <\/p>\n                            <p class=\"text-sm no-space\">De\u011ferlendirme:<\/p>\n                            <div class=\"flex\">\n                                <i class=\"fa-star text-yellow-400\"><\/i>\n                                <i class=\"fa-star text-yellow-400\"><\/i>\n                                <i class=\"fa-star text-yellow-400\"><\/i>\n                                <i class=\"fa-star text-yellow-400\"><\/i>\n                                <i class=\"fa-star text-yellow-400\"><\/i>\n                            <\/div>\n                        <\/div>\n                    <\/div>\n                                    <div class=\"slide-container\">\n                        <div\n                            class=\"slide slide1 px-6 md:px-16 pt-10 md:pt-14 text-lg sm:text-xl\">\n                            <p class=\"text-gray-600 serif font-normal italic\">\n                                Profesyonel ve yetkin bir dan\u0131\u015fmanl\u0131k hizmeti ald\u0131m ve h\u0131zl\u0131, finansal a\u00e7\u0131dan ba\u015far\u0131l\u0131 ve adil bir \u00e7\u00f6z\u00fcm buldum. \u00c7ok te\u015fekk\u00fcr ederim!                             <\/p>\n                            <p class=\"text-sm no-space\">De\u011ferlendirme:<\/p>\n                            <div class=\"flex\">\n                                <i class=\"fa-star text-yellow-400\"><\/i>\n                                <i class=\"fa-star text-yellow-400\"><\/i>\n                                <i class=\"fa-star text-yellow-400\"><\/i>\n                                <i class=\"fa-star text-yellow-400\"><\/i>\n                                <i class=\"fa-star text-yellow-400\"><\/i>\n                            <\/div>\n                        <\/div>\n                    <\/div>\n                                    <div class=\"slide-container\">\n                        <div\n                            class=\"slide slide2 px-6 md:px-16 pt-10 md:pt-14 text-lg sm:text-xl\">\n                            <p class=\"text-gray-600 serif font-normal italic\">\n                                Bay Lugowski, y\u0131llard\u0131r i\u015f hukukunun her alan\u0131nda bana g\u00fcvenilir bir \u015fekilde dan\u0131\u015fmanl\u0131k hizmeti veriyor. Mesleki uzmanl\u0131\u011f\u0131 birinci s\u0131n\u0131f! K\u0131sacas\u0131: Bay Lugowski, g\u00fcvendi\u011fim i\u015f hukuku avukat\u0131m ve her zaman ilk tercihim.                            <\/p>\n                            <p class=\"text-sm no-space\">De\u011ferlendirme:<\/p>\n                            <div class=\"flex\">\n                                <i class=\"fa-star text-yellow-400\"><\/i>\n                                <i class=\"fa-star text-yellow-400\"><\/i>\n                                <i class=\"fa-star text-yellow-400\"><\/i>\n                                <i class=\"fa-star text-yellow-400\"><\/i>\n                                <i class=\"fa-star text-yellow-400\"><\/i>\n                            <\/div>\n                        <\/div>\n                    <\/div>\n                                    <div class=\"slide-container\">\n                        <div\n                            class=\"slide slide3 px-6 md:px-16 pt-10 md:pt-14 text-lg sm:text-xl\">\n                            <p class=\"text-gray-600 serif font-normal italic\">\n                                Dan\u0131\u015fmanl\u0131k \u00e7ok profesyonel ve yetkindi ve Bay Lugowski t\u00fcm sorular\u0131ma \u00e7ok nazik bir \u015fekilde yan\u0131t verdi. \u00c7ok memnunum ve Bay Lugowski&#039;yi kesinlikle tavsiye edebilirim.                             <\/p>\n                            <p class=\"text-sm no-space\">De\u011ferlendirme:<\/p>\n                            <div class=\"flex\">\n                                <i class=\"fa-star text-yellow-400\"><\/i>\n                                <i class=\"fa-star text-yellow-400\"><\/i>\n                                <i class=\"fa-star text-yellow-400\"><\/i>\n                                <i class=\"fa-star text-yellow-400\"><\/i>\n                                <i class=\"fa-star text-yellow-400\"><\/i>\n                            <\/div>\n                        <\/div>\n                    <\/div>\n                                <\/div>\n\n                <!-- Slide Buttons -->\n                <div class=\"slide-btns flex flex-wrap my-4 justify-center items-center\">\n                                            <button\n                            class=\"text-center font-bold shadow-md h-12 w-12 inline-block rounded-full mx-2 opacity-50 bg-primary-light text-gray-800 active\"\n                            style=\"\"\n                            aria-labelledby=\"slide0\"\n                        >\n                            P.                        <\/button>\n                                            <button\n                            class=\"text-center font-bold shadow-md h-12 w-12 inline-block rounded-full mx-2 opacity-50 bg-primary-light text-gray-800\"\n                            style=\"\"\n                            aria-labelledby=\"slide1\"\n                        >\n                            IA                        <\/button>\n                                            <button\n                            class=\"text-center font-bold shadow-md h-12 w-12 inline-block rounded-full mx-2 opacity-50 bg-primary-light text-gray-800\"\n                            style=\"\"\n                            aria-labelledby=\"slide2\"\n                        >\n                            SA                        <\/button>\n                                            <button\n                            class=\"text-center font-bold shadow-md h-12 w-12 inline-block rounded-full mx-2 opacity-50 bg-primary-light text-gray-800\"\n                            style=\"\"\n                            aria-labelledby=\"slide3\"\n                        >\n                            NN                        <\/button>\n                                    <\/div>\n\n                <!-- Name, Job -->\n                <div class=\"slider-container pt-2 pb-6 md:py-6\">\n                                            <div class=\"slide-container\">\n                            <div\n                              id=\"slide0\"\n                              class=\"text-center slide name-slide\">\n                                <p class=\"text-sm md:text-base font-bold text-gray-700 leading-tight no-space\">P.<\/p>\n                                <small\n                                    class=\"text-gray-500 text-xs md:text-sm truncate\">\u00c7al\u0131\u015fanlar<\/small>\n                            <\/div>\n                        <\/div>\n                                            <div class=\"slide-container\">\n                            <div\n                              id=\"slide1\"\n                              class=\"text-center slide name-slide\">\n                                <p class=\"text-sm md:text-base font-bold text-gray-700 leading-tight no-space\">IA<\/p>\n                                <small\n                                    class=\"text-gray-500 text-xs md:text-sm truncate\">\u00c7al\u0131\u015fanlar<\/small>\n                            <\/div>\n                        <\/div>\n                                            <div class=\"slide-container\">\n                            <div\n                              id=\"slide2\"\n                              class=\"text-center slide name-slide\">\n                                <p class=\"text-sm md:text-base font-bold text-gray-700 leading-tight no-space\">SA<\/p>\n                                <small\n                                    class=\"text-gray-500 text-xs md:text-sm truncate\">\u00c7al\u0131\u015fanlar<\/small>\n                            <\/div>\n                        <\/div>\n                                            <div class=\"slide-container\">\n                            <div\n                              id=\"slide3\"\n                              class=\"text-center slide name-slide\">\n                                <p class=\"text-sm md:text-base font-bold text-gray-700 leading-tight no-space\">NN<\/p>\n                                <small\n                                    class=\"text-gray-500 text-xs md:text-sm truncate\">\u00c7al\u0131\u015fanlar<\/small>\n                            <\/div>\n                        <\/div>\n                                    <\/div>\n            <\/div>\n        <\/div>\n    <\/div>\n\n    <\/div>\n            <\/div>\n                                <div class='mobile-even-row order-9 md:order-none' >\n                \n<div class=\"smart-container\" >\n            <h2 class=\"font-bold text-center\">\u0130ncelemeli vaka \u00e7al\u0131\u015fmas\u0131<\/h2>\n    \n    <div class=\"flex flex-wrap justify-center\">\n        \n                            \n                                                        <div class=\"w-full lg:w-1\/2 self-center text-start\">\n                        <div class=\"h-full  z-10\">\n                            <div class=\"h-full\">\n                                <div class=\"flex flex-col h-full relative\">\r\n  <div class=\"absolute top-0 left-0 mt-3 ml-4 md:mt-5 md:ml-12\"> <svg xmlns=\"http:\/\/www.w3.org\/2000\/svg\" class=\"text-primary-light fill-current w-12 h-12 md:w-16 md:h-16 opacity-40\" viewbox=\"0 0 24 24\">\r\n      <path d=\"M6.5 10c-.223 0-.437.034-.65.065.069-.232.14-.468.254-.68.114-.308.292-.575.469-.844.148-.291.409-.488.601-.737.201-.242.475-.403.692-.604.213-.21.492-.315.714-.463.232-.133.434-.28.65-.35.208-.086.39-.16.539-.222.302-.125.474-.197.474-.197L9.758 4.03c0 0-.218.052-.597.144C8.97 4.222 8.737 4.278 8.472 4.345c-.271.05-.56.187-.882.312C7.272 4.799 6.904 4.895 6.562 5.123c-.344.218-.741.4-1.091.692C5.132 6.116 4.723 6.377 4.421 6.76c-.33.358-.656.734-.909 1.162C3.219 8.33 3.02 8.778 2.81 9.221c-.19.443-.343.896-.468 1.336-.237.882-.343 1.72-.384 2.437-.034.718-.014 1.315.028 1.747.015.204.043.402.063.539.017.109.025.168.025.168l.026-.006C2.535 17.474 4.338 19 6.5 19c2.485 0 4.5-2.015 4.5-4.5S8.985 10 6.5 10zM17.5 10c-.223 0-.437.034-.65.065.069-.232.14-.468.254-.68.114-.308.292-.575.469-.844.148-.291.409-.488.601-.737.201-.242.475-.403.692-.604.213-.21.492-.315.714-.463.232-.133.434-.28.65-.35.208-.086.39-.16.539-.222.302-.125.474-.197.474-.197L20.758 4.03c0 0-.218.052-.597.144-.191.048-.424.104-.689.171-.271.05-.56.187-.882.312-.317.143-.686.238-1.028.467-.344.218-.741.4-1.091.692-.339.301-.748.562-1.05.944-.33.358-.656.734-.909 1.162C14.219 8.33 14.02 8.778 13.81 9.221c-.19.443-.343.896-.468 1.336-.237.882-.343 1.72-.384 2.437-.034.718-.014 1.315.028 1.747.015.204.043.402.063.539.017.109.025.168.025.168l.026-.006C13.535 17.474 15.338 19 17.5 19c2.485 0 4.5-2.015 4.5-4.5S19.985 10 17.5 10z\"><\/path>\r\n    <\/svg><\/div>\r\n  <div class=\"h-full relative z-10\">\r\n    <div class=\"text-center px-6 md:px-16 pt-10 md:pt-14 text-l sm:text-xl\">\r\n      <p class=\"text-gray-600 serif font-normal italic\">\r\n        Bay Lugowski ger\u00e7ekten harika bir avukat. \u0130\u015fverenimdeki olduk\u00e7a karma\u015f\u0131k bir davada bana yard\u0131mc\u0131 oldu ve ba\u015flang\u0131\u00e7ta teklif edilenden \u00e7ok daha y\u00fcksek bir k\u0131dem tazminat\u0131 paketi almay\u0131 ba\u015fard\u0131. Son derece yetkin, her zaman g\u00fcler y\u00fczl\u00fc ve her \u015feyi anla\u015f\u0131l\u0131r bir dille, g\u00f6z hizas\u0131nda anlatabiliyor. \u0130leti\u015fim kurma bi\u00e7imi, her zaman ula\u015f\u0131labilir olmas\u0131 ve d\u00fczenli durum g\u00fcncellemeleri sa\u011flamas\u0131 kesinlikle paha bi\u00e7ilemez. T\u00fcm s\u00fcre\u00e7 boyunca kendimi tamamen g\u00fcvende ve iyi kar\u015f\u0131lanm\u0131\u015f hissettim; bu, b\u00f6yle durumlarda \u00e7ok \u00f6nemli. Bay Lugowski&#039;yi t\u00fcm i\u015f hukuku konular\u0131nda \u015fiddetle tavsiye ediyorum ve bir sonraki s\u00f6zle\u015fmemde kesinlikle onun tavsiyesine ba\u015fvuraca\u011f\u0131m.\r\n      <\/p>\r\n      <span class=\"text-center font-bold\">EK<\/span> <i class=\"fa-star text-yellow-400\"><\/i> <i class=\"fa-star text-yellow-400\"><\/i> <i class=\"fa-star text-yellow-400\"><\/i> <i class=\"fa-star text-yellow-400\"><\/i> <i class=\"fa-star text-yellow-400\"><\/i>\r\n    <\/div>\r\n  <\/div>\r\n<\/div>                            <\/div>\n                        <\/div>\n                    <\/div>\n                                                        <div class=\"w-full lg:w-1\/2 text-end\">\n                        <div class=\"h-full  z-10\">\n                            <div class=\"h-full\">\n                                <p><strong>Ba\u015flang\u0131\u00e7 noktas\u0131<\/strong>\r\n<br>\r\nM\u00fcvekkil, uluslararas\u0131 bir \u015firketin y\u00f6neticisiydi. \u0130\u015fvereni, kendisine alt\u0131 haneli bir k\u0131dem tazminat\u0131 paketi sunan bir fesih s\u00f6zle\u015fmesi sundu.<\/p>\r\n\r\n<p><strong>Meydan okuma<\/strong>\r\n<br>\r\nM\u00fcvekkil daha sonra hukuk b\u00fcrosuyla ileti\u015fime ge\u00e7ti ve \u00fccretsiz ilk de\u011ferlendirmeden yararland\u0131. Di\u011fer hususlar\u0131n yan\u0131 s\u0131ra, daha fazla mali g\u00fcvenlik i\u00e7in daha y\u00fcksek bir k\u0131dem tazminat\u0131n\u0131n m\u00fcmk\u00fcn olup olmad\u0131\u011f\u0131n\u0131 belirlemek istiyordu.<\/p>\r\n\r\n<p><strong>Prosed\u00fcr<\/strong>\r\n<br>\r\nUzman avukat Raphael Lugowski&#039;nin incelemesi, k\u0131dem tazminat\u0131 alma potansiyelinin hala mevcut oldu\u011funu ortaya koydu. \u0130\u015fverenle yapt\u0131\u011f\u0131 g\u00f6r\u00fc\u015fmelerde, yasal bask\u0131y\u0131 giderek art\u0131rd\u0131.<\/p>\r\n\r\n<p><strong>Sonu\u00e7<\/strong>\r\n<br>\r\nRaphael Lugowski&#039;nin g\u00fc\u00e7l\u00fc hukuki konumunun bilincinde olarak \u0131srarl\u0131 yeniden m\u00fczakereleri sayesinde, m\u00fcvekkil yakla\u015f\u0131k 80.000 Avro tutar\u0131nda br\u00fct tazminat ald\u0131. Ayr\u0131ca, m\u00fcvekkili i\u015fverenin hukuki tehditlerine kar\u015f\u0131 da ba\u015far\u0131yla korudu.<\/p>\r\n                            <\/div>\n                        <\/div>\n                    <\/div>\n                \n                    \n        \n    <\/div>\n\n<\/div>\n            <\/div>\n                                <div class='order-10 md:order-none' >\n                \n<div class=\"smart-container text-center\">\n    <h2 class=\"font-bold text-center\">\u0130\u015f hukuku firmas\u0131 \u2013 avantajlar\u0131n\u0131z bir bak\u0131\u015fta<\/h2>\n    <div class=\"benefit-icons-block flex flex-wrap\">\n                                    <div class=\"w-full sm:w-1\/2 lg:w-1\/3 p-3\">\n                \n                                <div class=\"w-16 h-16 mx-auto my-5 mx-auto text-4xl\" >\n                    <i class=\"fa-phone\" style=\"line-height:4rem;font-size:2.5rem;\"><\/i>\n                <\/div>\n                <p class=\"font-bold text-xl\">\u0130yi eri\u015filebilirlik<\/p>\n                                    Uzman i\u015f hukuku avukat\u0131n\u0131za kolay eri\u015fim ve h\u0131zl\u0131 yan\u0131t s\u00fcreleri bu firman\u0131n ay\u0131rt edici \u00f6zellikleridir.                \n                \n                            <\/div>\n                    <div class=\"w-full sm:w-1\/2 lg:w-1\/3 p-3\">\n                \n                                <div class=\"w-16 h-16 mx-auto my-5 mx-auto text-4xl\" >\n                    <i class=\"fa-eye\" style=\"line-height:4rem;font-size:2.5rem;\"><\/i>\n                <\/div>\n                <p class=\"font-bold text-xl\">Tam \u015feffafl\u0131k<\/p>\n                                    Davan\u0131z, s\u00fcre\u00e7teki sonraki ad\u0131mlar ve masraflar hakk\u0131nda her zaman tam \u015feffafl\u0131\u011fa sahipsiniz.                \n                \n                            <\/div>\n                    <div class=\"w-full sm:w-1\/2 lg:w-1\/3 p-3\">\n                \n                                <div class=\"w-16 h-16 mx-auto my-5 mx-auto text-4xl\" >\n                    <i class=\"fa-users\" style=\"line-height:4rem;font-size:2.5rem;\"><\/i>\n                <\/div>\n                <p class=\"font-bold text-xl\">Dikkatli tart\u0131\u015fmalar ileti\u015fimi<\/p>\n                                    E\u011fitim \u00f6ncesi ve sonras\u0131 dikkatli g\u00f6r\u00fc\u015fmelerle m\u00fcmk\u00fcn olan en iyi \u015fekilde bilgilendirilecek ve olas\u0131 durumlara kar\u015f\u0131 haz\u0131rl\u0131kl\u0131 olacaks\u0131n\u0131z.                \n                \n                            <\/div>\n                    <div class=\"w-full sm:w-1\/2 lg:w-1\/3 p-3\">\n                \n                                <div class=\"w-16 h-16 mx-auto my-5 mx-auto text-4xl\" >\n                    <i class=\"fa-comments-o\" style=\"line-height:4rem;font-size:2.5rem;\"><\/i>\n                <\/div>\n                <p class=\"font-bold text-xl\">Anla\u015f\u0131labilir ileti\u015fim<\/p>\n                                    Burada, kararlar\u0131n\u0131zda size destek olacak, anlayabilece\u011finiz sade Almanca dilindeki a\u00e7\u0131k hukuki bilgileri alacaks\u0131n\u0131z.                \n                \n                            <\/div>\n                    <div class=\"w-full sm:w-1\/2 lg:w-1\/3 p-3\">\n                \n                                <div class=\"w-16 h-16 mx-auto my-5 mx-auto text-4xl\" >\n                    <i class=\"fa-shield\" style=\"line-height:4rem;font-size:2.5rem;\"><\/i>\n                <\/div>\n                <p class=\"font-bold text-xl\">\u0130\u015f hukukunda kalite<\/p>\n                                    Firmam\u0131z\u0131n misyonu, davan\u0131za \u00f6zel, ikna edici ve bireysel olarak uyarlanm\u0131\u015f, y\u00fcksek kalitede i\u015f hukuku sa\u011flamakt\u0131r.                \n                \n                            <\/div>\n                    <div class=\"w-full sm:w-1\/2 lg:w-1\/3 p-3\">\n                \n                                <div class=\"w-16 h-16 mx-auto my-5 mx-auto text-4xl\" >\n                    <i class=\"fa-lightbulb-o\" style=\"line-height:4rem;font-size:2.5rem;\"><\/i>\n                <\/div>\n                <p class=\"font-bold text-xl\">S\u00fcrekli e\u011fitim<\/p>\n                                    \u0130\u015f hukuku avukat\u0131n\u0131z her g\u00fcn en az bir saatini s\u00fcrekli e\u011fitime ay\u0131r\u0131r; b\u00f6ylece her zaman bir ad\u0131m \u00f6nde olursunuz.                \n                \n                            <\/div>\n            <\/div>\n<\/div>\n            <\/div>\n                                <div class='mobile-even-row order-11 md:order-none' >\n                \n<div class=\"smart-container\" >\n    \n    <div class=\"flex flex-wrap justify-center\">\n        \n                            \n                                                        <div class=\"text-center\">\n                        <div class=\"h-full  hasBorder z-10\" style=\"border: 5px solid #AF002D;\">\n                            <div class=\"h-full p-4\">\n                                <p style=\"font-size: 22px; font-weight: bold;\">Bir s\u00f6zle\u015fmeyi feshederken engelleme s\u00fcresi sorununu g\u00f6z \u00f6n\u00fcnde bulundurun<\/p>\r\n\r\n<p>Fesih s\u00f6zle\u015fmesinin imzalanmas\u0131 genellikle i\u015fsizlik \u00f6dene\u011fi almak i\u00e7in \u00fc\u00e7 ayl\u0131k bir bekleme s\u00fcresiyle sonu\u00e7lan\u0131r. Bu nedenle, bu sorunu \u00f6nlemek i\u00e7in imzalamadan \u00f6nce l\u00fctfen bana dan\u0131\u015f\u0131n.<\/p>                            <\/div>\n                        <\/div>\n                    <\/div>\n                \n                    \n        \n    <\/div>\n\n<\/div>\n            <\/div>\n                                <div class='order-12 md:order-none' >\n                \n<div class=\"smart-container text-center\">\n    <h2 class=\"font-bold text-center\">Bunu fesih s\u00f6zle\u015fmenizde bir avukat olarak m\u00fczakere edece\u011fim<\/h2>\n    <div class=\"benefit-icons-block flex flex-wrap\">\n                                    <div class=\"w-full sm:w-1\/2 lg:w-1\/3 p-3\">\n                \n                                    <div class=\"border-2 border-gray-300 hover:border-gray-700 hover:border-4 hover:shadow-lg transition duration-500 bg-white p-4\">\n                                <div class=\"w-16 h-16 mx-auto my-5 mx-auto text-4xl\" >\n                    <i class=\"fa-eur\" style=\"line-height:4rem;font-size:2.5rem;\"><\/i>\n                <\/div>\n                <p class=\"font-bold text-xl\">k\u0131dem tazminat\u0131<\/p>\n                \n                                    <\/div>\n                \n                            <\/div>\n                    <div class=\"w-full sm:w-1\/2 lg:w-1\/3 p-3\">\n                \n                                    <div class=\"border-2 border-gray-300 hover:border-gray-700 hover:border-4 hover:shadow-lg transition duration-500 bg-white p-4\">\n                                <div class=\"w-16 h-16 mx-auto my-5 mx-auto text-4xl\" >\n                    <i class=\"fa-hourglass-end\" style=\"line-height:4rem;font-size:2.5rem;\"><\/i>\n                <\/div>\n                <p class=\"font-bold text-xl\">Fesih tarihi<\/p>\n                \n                                    <\/div>\n                \n                            <\/div>\n                    <div class=\"w-full sm:w-1\/2 lg:w-1\/3 p-3\">\n                \n                                    <div class=\"border-2 border-gray-300 hover:border-gray-700 hover:border-4 hover:shadow-lg transition duration-500 bg-white p-4\">\n                                <div class=\"w-16 h-16 mx-auto my-5 mx-auto text-4xl\" >\n                    <i class=\"fa-user-circle\" style=\"line-height:4rem;font-size:2.5rem;\"><\/i>\n                <\/div>\n                <p class=\"font-bold text-xl\">muafiyet<\/p>\n                \n                                    <\/div>\n                \n                            <\/div>\n                    <div class=\"w-full sm:w-1\/2 lg:w-1\/3 p-3\">\n                \n                                    <div class=\"border-2 border-gray-300 hover:border-gray-700 hover:border-4 hover:shadow-lg transition duration-500 bg-white p-4\">\n                                <div class=\"w-16 h-16 mx-auto my-5 mx-auto text-4xl\" >\n                    <i class=\"fa-dashboard\" style=\"line-height:4rem;font-size:2.5rem;\"><\/i>\n                <\/div>\n                <p class=\"font-bold text-xl\">Turbo bonus<\/p>\n                \n                                    <\/div>\n                \n                            <\/div>\n                    <div class=\"w-full sm:w-1\/2 lg:w-1\/3 p-3\">\n                \n                                    <div class=\"border-2 border-gray-300 hover:border-gray-700 hover:border-4 hover:shadow-lg transition duration-500 bg-white p-4\">\n                                <div class=\"w-16 h-16 mx-auto my-5 mx-auto text-4xl\" >\n                    <i class=\"fa-book\" style=\"line-height:4rem;font-size:2.5rem;\"><\/i>\n                <\/div>\n                <p class=\"font-bold text-xl\">Yerle\u015ftirme<\/p>\n                \n                                    <\/div>\n                \n                            <\/div>\n                    <div class=\"w-full sm:w-1\/2 lg:w-1\/3 p-3\">\n                \n                                    <div class=\"border-2 border-gray-300 hover:border-gray-700 hover:border-4 hover:shadow-lg transition duration-500 bg-white p-4\">\n                                <div class=\"w-16 h-16 mx-auto my-5 mx-auto text-4xl\" >\n                    <i class=\"fa-certificate\" style=\"line-height:4rem;font-size:2.5rem;\"><\/i>\n                <\/div>\n                <p class=\"font-bold text-xl\">De\u015fifre metni<\/p>\n                \n                                    <\/div>\n                \n                            <\/div>\n            <\/div>\n<\/div>\n            <\/div>\n                                <div class='mobile-even-row order-13 md:order-none' >\n                \n<div class=\"smart-container\" >\n    \n    <div class=\"flex flex-wrap\">\n        \n                            \n                                                        <div class=\"w-full lg:w-1\/2 text-center\">\n                        <div class=\"h-full  z-10\">\n                            <div class=\"h-full p-2\">\n                                <h3>Uzman avukat\u0131n\u0131z\u0131 tan\u0131y\u0131n<\/h3>\r\n<p><strong>Bir ipucu:<\/strong> Daha fazla beklemeye ne gerek var? Beni ve \u00e7al\u0131\u015fmalar\u0131m\u0131 tan\u0131y\u0131n. Sonra birlikte \u00e7al\u0131\u015f\u0131p \u00e7al\u0131\u015fmayaca\u011f\u0131m\u0131za karar verin.<\/p>\r\n\r\n<p><strong>Ve:<\/strong> Davan\u0131z\u0131n ilk a\u015famalar\u0131n\u0131 telefonla do\u011frudan anlatabilirsiniz.<\/p>\r\n<div class=\"buttons-block flex flex-wrap justify-center mt-3\"><a class=\"btn-cta mr-3\" href=\"tel:+4940524717830\"><i class=\"fa fa-phone mr-2\"><\/i>Hemen aray\u0131n<\/a><a class=\"btn-cta mr-3\" href=\"\/tr\/kontakt\/\"><i class=\"fa fa-envelope mr-2\"><\/i>Nitelikli bir ilk de\u011ferlendirme al\u0131n<\/a><\/div>                            <\/div>\n                        <\/div>\n                    <\/div>\n                                                        <div class=\"w-full lg:w-1\/2 text-center\">\n                        <div class=\"h-full  z-10\">\n                            <div class=\"h-full p-2\">\n                                <img loading=\"lazy\" decoding=\"async\" src=\"\/wp-content\/uploads\/2020\/12\/Raphael_Lugowski_Mandant_640w.jpg\" alt=\"Gut aufgehoben bei Fachanwalt f\u00fcr Arbeitsrecht Raphael Lugowski\" width=\"640\" height=\"392\" class=\"size-full wp-image-1724 mx-auto\" srcset=\"https:\/\/smart-arbeitsrecht.de\/wp-content\/uploads\/2020\/12\/Raphael_Lugowski_Mandant_640w.jpg 640w, https:\/\/smart-arbeitsrecht.de\/wp-content\/uploads\/2020\/12\/Raphael_Lugowski_Mandant_640w-300x184.jpg 300w\" sizes=\"auto, (max-width: 640px) 100vw, 640px\" \/>                            <\/div>\n                        <\/div>\n                    <\/div>\n                \n                    \n        \n    <\/div>\n\n<\/div>\n            <\/div>\n                                <div class='order-14 md:order-none' >\n                \n<div class=\"smart-container\" >\n            <h2 class=\"font-bold text-center\">Fesih s\u00f6zle\u015fmeleri i\u00e7in avukatl\u0131k \u00fccretleri<\/h2>\n    \n    <div class=\"flex flex-wrap justify-around\">\n        \n                            \n                                                        <div class=\"w-full lg:w-full py-1\">\n                        <div class=\"h-full  z-10\">\n                            <div class=\"h-full p-4\">\n                                <p>Fesih anla\u015fmas\u0131 m\u00fczakerelerinin yasal \u00fccretleri genellikle \u015fu \u015fekilde belirlenir: <strong>Avukatlar\u0131n \u00dccretlendirme Yasas\u0131 (RVG)<\/strong>.<\/p>\r\n\r\n<p>Bizden kalite, g\u00fcvenilirlik ve eksiksiz bir hizmet anlay\u0131\u015f\u0131 bekleyebilirsiniz. Amac\u0131m\u0131z, hukuki ve ticari hedeflerinize h\u0131zl\u0131 ve stressiz bir \u015fekilde ula\u015fman\u0131za yard\u0131mc\u0131 olmakt\u0131r. Firmam\u0131z\u0131 buna g\u00f6re yap\u0131land\u0131rd\u0131\u011f\u0131m\u0131z i\u00e7in, amac\u0131m\u0131z m\u00fcmk\u00fcn oldu\u011funca \u00e7ok ba\u015fvuru ve m\u00fc\u015fteri almak de\u011fildir. Zaman ve kalite k\u0131s\u0131tlamalar\u0131 nedeniyle ba\u015fvurular\u0131 genellikle reddediyoruz.<\/p>\r\n\r\n<p>Her bir davay\u0131 ayr\u0131 ayr\u0131 ele almaktan, zaman ve emek harcamaktan gurur duyuyoruz. Yakla\u015f\u0131m\u0131m\u0131z\u0131n daha az say\u0131da davan\u0131n &quot;\u00e7ekilmesine&quot; yol a\u00e7abilece\u011finin fark\u0131nday\u0131z. Ancak bizi tercih eden m\u00fcvekkiller, \u00f6nemli meselelerinin dikkatli ve yo\u011fun bir \u015fekilde ele al\u0131naca\u011f\u0131n\u0131 bekleyebilirler.<\/p>\r\n\r\n<p>E\u011fer bir tane varsa <strong>Hukuki koruma sigortas\u0131<\/strong> S\u00f6zle\u015fmeniz varsa, masraflar\u0131 kar\u015f\u0131larlar. Bu durum, \u00f6zellikle fesih s\u00f6zle\u015fmelerinde her zaman ge\u00e7erli olmad\u0131\u011f\u0131ndan ve yasal masraf sigortac\u0131lar\u0131 genellikle yasal masraf talebinin varl\u0131\u011f\u0131n\u0131 sorgulad\u0131\u011f\u0131ndan, sigorta \u015firketleriyle ileti\u015fimi memnuniyetle y\u00fcr\u00fct\u00fcr\u00fcz. Sigortac\u0131lar\u0131n masraflar\u0131 kar\u015f\u0131lamaya kar\u015f\u0131 hangi arg\u00fcmanlar\u0131 \u00f6ne s\u00fcrd\u00fc\u011f\u00fcn\u00fc tam olarak biliyoruz ve bunlar\u0131n sizin durumunuzda ger\u00e7ekten ge\u00e7erli olup olmad\u0131\u011f\u0131n\u0131 sizin i\u00e7in inceleyece\u011fiz.<\/p>\r\n\r\n<p>E\u011fer sen <strong>yasal masraf sigortas\u0131 yok<\/strong> Bir i\u015f hukuku avukat\u0131n\u0131n katma de\u011ferini g\u00f6z \u00f6n\u00fcnde bulundurarak finansal bir karar vermelisiniz. Size yard\u0131mc\u0131 olmaktan mutluluk duyar\u0131z.<\/p>                            <\/div>\n                        <\/div>\n                    <\/div>\n                                                        <div class=\"w-full lg:w-2\/5 py-1\">\n                        <div class=\"h-full  hasBorder z-10  bg-white\" style=\"border: 5px solid #5E5E5E;\">\n                            <div class=\"h-full p-4\">\n                                <p style=\"text-align: left;\"><strong>\u00d6rnek 1: Avukat mant\u0131kl\u0131d\u0131r<\/strong><\/p>\r\n\r\n<ul>\r\n \t<li>Yasal koruma sigortas\u0131 yok<\/li>\r\n \t<li>\u00c7al\u0131\u015fma s\u00fcresi: 9 y\u0131l<\/li>\r\n \t<li>Maa\u015f: 3.500 \u20ac br\u00fct\/ay<\/li>\r\n \t<li>Fesih nedenleri: Yok<\/li>\r\n \t<li>K\u0131dem tazminat\u0131 teklifi: 15.750 \u20ac br\u00fct<\/li>\r\n<\/ul>\r\n<p><strong>Hukuki \u00fccretler (uzla\u015fma ile birlikte)<\/strong>: \u20ac 3.014,27 br\u00fct<\/p>\r\n\r\n<p><strong>Avukatla anla\u015fma:<\/strong> 31.500 \u20ac k\u0131dem tazminat\u0131<\/p>\r\n\r\n<p><strong>Toplam fatura: <\/strong>\u20ac 31.500 &#8211; \u20ac 3.014,27 = \u20ac 28.485,73<\/p>\r\n\r\n<p><strong>K\u00e2r:<\/strong> \u20ac 28.485,73 &#8211; \u20ac 15.750 = \u20ac 12.735,73<\/p>                            <\/div>\n                        <\/div>\n                    <\/div>\n                                                        <div class=\"w-full lg:w-2\/5 py-1\">\n                        <div class=\"h-full  hasBorder z-10  bg-white\" style=\"border: 5px solid #5E5E5E;\">\n                            <div class=\"h-full p-4\">\n                                <p style=\"text-align: left;\"><strong>\u00d6rnek 2: Avukat riskli<\/strong><\/p>\r\n\r\n<ul>\r\n \t<li>Yasal koruma sigortas\u0131 yok<\/li>\r\n \t<li>\u00c7al\u0131\u015fma s\u00fcresi: 9 y\u0131l<\/li>\r\n \t<li>Maa\u015f: 3.500 \u20ac br\u00fct\/ay<\/li>\r\n \t<li>Fesih nedenleri: Yok<\/li>\r\n \t<li>K\u0131dem tazminat\u0131 teklifi: 30.000 \u20ac br\u00fct<\/li>\r\n<\/ul>\r\n<p><strong>Hukuki \u00fccretler (uzla\u015fma ile birlikte)<\/strong>: \u20ac 3.014,27 br\u00fct<\/p>\r\n\r\n<p><strong>Avukatla anla\u015fma:<\/strong> 31.500 \u20ac k\u0131dem tazminat\u0131<\/p>\r\n\r\n<p><strong>Toplam fatura: <\/strong>\u20ac 31.500 &#8211; \u20ac 3.014,27 = \u20ac 28.485,73<\/p>\r\n\r\n<p><strong>Kay\u0131p:<\/strong> \u20ac 30.000 &#8211; \u20ac 28.485,73 = \u20ac 1.514,27<\/p>                            <\/div>\n                        <\/div>\n                    <\/div>\n                \n                    \n        \n    <\/div>\n\n<\/div>\n            <\/div>\n                                <div class='mobile-even-row order-15 md:order-none' >\n                \n<div class=\"smart-container\" >\n            <h2 class=\"font-bold text-center\">Fesih s\u00f6zle\u015fmelerine ili\u015fkin SSS<\/h2>\n    \n    <div class=\"flex flex-wrap\">\n        \n                                            <div class=\"w-full lg:w-full\">\n                    <div class=\"h-full\">\n                        <div class=\"h-full p-1\">\n                        \n<div class=\"mx-auto\">\n            <div class=\"mb-4\">\n            <div class=\"faq-question flex items-center justify-between bg-gray-200 pl-3 pr-2 py-3 w-full rounded text-gray-600 font-bold cursor-pointer hover:bg-gray-300\">\n                \u0130ptal teklifini kabul etmek zorunda m\u0131y\u0131m?                <span class=\"h-6 w-6 flex items-center justify-center text-teal-500\"><i class=\"fa-add\"><\/i><\/span>\n            <\/div>\n            <div class=\"faq-answer hidden p-3\">\n                <div class=\"text-gray-600 mb-3\">\n                    Hay\u0131r, fesih s\u00f6zle\u015fmesini imzalamak zorunda de\u011filsiniz. Ancak imzalamamaya karar vermeden \u00f6nce olas\u0131 sonu\u00e7lar\u0131 g\u00f6z \u00f6n\u00fcnde bulundurmal\u0131s\u0131n\u0131z. \u0130\u015fverenin fesih i\u00e7in ge\u00e7erli bir nedeni varsa, fesih s\u00f6zle\u015fmesinin ard\u0131ndan i\u015ften \u00e7\u0131karma yap\u0131labilir. Bu durumda, i\u015ften \u00e7\u0131karman\u0131n ge\u00e7erlili\u011fi, i\u015ften \u00e7\u0131karma koruma s\u00fcreci kapsam\u0131nda incelenmelidir. Bazen fesih s\u00f6zle\u015fmesini imzalamay\u0131p fesih bitene kadar beklemek mant\u0131kl\u0131 olabilir. Bu, i\u015fveren \u00fczerindeki bask\u0131y\u0131 art\u0131rabilir ve bu da daha y\u00fcksek bir k\u0131dem tazminat\u0131 alma \u015fans\u0131n\u0131z\u0131 etkileyebilir.                <\/div>\n            <\/div>\n        <\/div>\n\n                    <div class=\"mb-4\">\n            <div class=\"faq-question flex items-center justify-between bg-gray-200 pl-3 pr-2 py-3 w-full rounded text-gray-600 font-bold cursor-pointer hover:bg-gray-300\">\n                Fesih s\u00f6zle\u015fmesinin son ba\u015fvuru tarihleri nelerdir?                <span class=\"h-6 w-6 flex items-center justify-center text-teal-500\"><i class=\"fa-add\"><\/i><\/span>\n            <\/div>\n            <div class=\"faq-answer hidden p-3\">\n                <div class=\"text-gray-600 mb-3\">\n                    Bu tamamen duruma ba\u011fl\u0131d\u0131r. \u0130\u015fverenler genellikle \u00e7al\u0131\u015fanlar\u0131na kararlar\u0131n\u0131 de\u011ferlendirmeleri i\u00e7in birka\u00e7 g\u00fcn verir, b\u00f6ylece bu s\u00fcre zarf\u0131nda bir avukata dan\u0131\u015fabilirler. Prensip olarak, i\u015fveren teklifine ba\u011fl\u0131 kald\u0131\u011f\u0131 s\u00fcrece bir fesih s\u00f6zle\u015fmesi kabul edilebilir. Ancak, bir avukatla anla\u015ft\u0131ysan\u0131z, m\u00fczakere s\u00fcreci ba\u015flar. Bu m\u00fczakereler birka\u00e7 hafta s\u00fcrebilir.                <\/div>\n            <\/div>\n        <\/div>\n\n                    <div class=\"mb-4\">\n            <div class=\"faq-question flex items-center justify-between bg-gray-200 pl-3 pr-2 py-3 w-full rounded text-gray-600 font-bold cursor-pointer hover:bg-gray-300\">\n                Fesih s\u00f6zle\u015fmesinin sonucu olarak hukuki dezavantajlarla kar\u015f\u0131la\u015fma riskim var m\u0131?                <span class=\"h-6 w-6 flex items-center justify-center text-teal-500\"><i class=\"fa-add\"><\/i><\/span>\n            <\/div>\n            <div class=\"faq-answer hidden p-3\">\n                <div class=\"text-gray-600 mb-3\">\n                    Evet, ger\u00e7ekten de dikkate al\u0131nmas\u0131 gereken noktalar var. Her \u015feyden \u00f6nce, bekleme s\u00fcresi meselesi var. Bir fesih s\u00f6zle\u015fmesi imzalarsan\u0131z, i\u015f ili\u015fkinizi kusurlu bir \u015fekilde sonland\u0131rm\u0131\u015f olursunuz. Bu genellikle i\u015fsizlik \u00f6dene\u011fi almak i\u00e7in \u00fc\u00e7 ayl\u0131k bir bekleme s\u00fcresiyle sonu\u00e7lan\u0131r. Sadece bu nedenle bile, b\u00f6yle bir s\u00f6zle\u015fmeyi imzalamadan \u00f6nce mutlaka hukuki dan\u0131\u015fmanl\u0131k almal\u0131s\u0131n\u0131z. \u00d6te yandan, fesih s\u00f6zle\u015fmeniz haklar\u0131n\u0131z\u0131 k\u0131s\u0131tlayan dezavantajl\u0131 h\u00fck\u00fcmler i\u00e7erebilir. Bu noktalar da bir i\u015f hukuku avukat\u0131na dan\u0131\u015fman\u0131z\u0131 tavsiye eder.                <\/div>\n            <\/div>\n        <\/div>\n\n                    <div class=\"mb-4\">\n            <div class=\"faq-question flex items-center justify-between bg-gray-200 pl-3 pr-2 py-3 w-full rounded text-gray-600 font-bold cursor-pointer hover:bg-gray-300\">\n                3 ayl\u0131k yasaktan ka\u00e7\u0131n\u0131labilir mi?                <span class=\"h-6 w-6 flex items-center justify-center text-teal-500\"><i class=\"fa-add\"><\/i><\/span>\n            <\/div>\n            <div class=\"faq-answer hidden p-3\">\n                <div class=\"text-gray-600 mb-3\">\n                    Her \u015fey duruma ba\u011fl\u0131. Duruma ba\u011fl\u0131 olarak, fesih s\u00f6zle\u015fmesi imzalam\u0131\u015f olsan\u0131z bile bekleme s\u00fcresine tabi olmayabilirsiniz. Bu durum, \u00f6zellikle operasyonel nedenlerle fesih ka\u00e7\u0131n\u0131lmazsa ge\u00e7erlidir. Bu durumlarda, fesih s\u00f6zle\u015fmesinin metninin yeniden d\u00fczenlenmesi gerekir. Se\u00e7enekler konusunda size memnuniyetle tavsiyede bulunuruz.                <\/div>\n            <\/div>\n        <\/div>\n\n                    <div class=\"mb-4\">\n            <div class=\"faq-question flex items-center justify-between bg-gray-200 pl-3 pr-2 py-3 w-full rounded text-gray-600 font-bold cursor-pointer hover:bg-gray-300\">\n                \u0130mzalamazsam ne olur?                <span class=\"h-6 w-6 flex items-center justify-center text-teal-500\"><i class=\"fa-add\"><\/i><\/span>\n            <\/div>\n            <div class=\"faq-answer hidden p-3\">\n                <div class=\"text-gray-600 mb-3\">\n                    \u0130mzalamazsan\u0131z, i\u015f ili\u015fkisi devam eder. \u0130\u015fveren i\u015f ili\u015fkisini sonland\u0131rmak isterse, size fesih bildiriminde bulunmal\u0131d\u0131r. Bu durumda, fesih bildirimini ald\u0131ktan sonraki \u00fc\u00e7 hafta i\u00e7inde i\u015f mahkemesine haks\u0131z fesih davas\u0131 a\u00e7man\u0131z gerekir. Fesih tarihi, k\u0131dem tazminat\u0131 ve i\u015ften \u00e7\u0131karma gibi temel konulardaki m\u00fczakereler, haks\u0131z fesih s\u00fcrecinin bir par\u00e7as\u0131 olarak devam eder. Baz\u0131 durumlarda, hukuki anla\u015fmazl\u0131k ikinci a\u015famaya ta\u015f\u0131n\u0131r. Bu uzun bir s\u00fcre\u00e7tir, ancak ek k\u0131dem tazminat\u0131 olarak be\u015f haneli rakamlara varan y\u00fcksek bir mebla\u011fla sonu\u00e7lanabilir.                <\/div>\n            <\/div>\n        <\/div>\n\n            <\/div>\n\n    <script type=\"application\/ld+json\">\n    {\n        \"@context\": \"https:\/\/schema.org\",\n        \"@type\": \"FAQPage\",\n        \"mainEntity\": [\n            {\n    \"@type\": \"Question\",\n    \"name\": \"Muss ich das Aufhebungsangebot annehmen?\",\n    \"acceptedAnswer\": {\n        \"@type\": \"Answer\",\n        \"text\": \"Nein, Du musst den Aufhebungsvertrag nicht unterzeichnen. Allerdings solltest Du vor der Entscheidung \u00fcber die Nichtunterzeichnung die m\u00f6glichen Konsequenzen in Betracht ziehen. Wenn der Arbeitgeber einen triftigen K\u00fcndigungsgrund hat, k\u00f6nnte auf den Aufhebungsvertrag eine K\u00fcndigung folgen. Deren Wirksamkeit m\u00fcsste dann im Rahmen eines K\u00fcndigungsschutzprozesses gepr\u00fcft werden. Manchmal macht es Sinn, einen Aufhebungsvertrag nicht zu unterzeichnen und es auf eine K\u00fcndigung ankommen zu lassen. Dadurch kann der Druck auf den Arbeitgeber erh\u00f6ht werden, was wiederum Deine Chancen auf eine h\u00f6here Abfindung beeinflusst.\"\n    }\n},{\n    \"@type\": \"Question\",\n    \"name\": \"Welche Fristen laufen bei einem Aufhebungsvertrag?\",\n    \"acceptedAnswer\": {\n        \"@type\": \"Answer\",\n        \"text\": \"Das kommt ganz darauf an. In der Regel geben Arbeitgeber ihren Besch\u00e4ftigten einige Tage Bedenkzeit, sodass sie in der Zwischenzeit einen Anwalt konsultieren k\u00f6nnen. Grunds\u00e4tzlich kann ein Aufhebungsvertrag so lange angenommen werden, so lange sich der Arbeitgeber an sein Angebot gebunden f\u00fchlt. Hast Du hingegen einen Anwalt eingeschaltet, wird der Verhandlungsprozess in Gang gesetzt. Die Verhandlungen k\u00f6nnen mehrere Wochen dauern.\"\n    }\n},{\n    \"@type\": \"Question\",\n    \"name\": \"Drohen mir rechtliche Nachteile durch den Aufhebungsvertrag?\",\n    \"acceptedAnswer\": {\n        \"@type\": \"Answer\",\n        \"text\": \"Ja, es gibt in der Tat Punkte, die es zu beachten gilt. Allen voran ist hier an die Sperrzeitproblematik zu denken. Wenn Du einen Aufhebungsvertrag unterzeichnest, l\u00f6sen Du schuldhaft das Arbeitsverh\u00e4ltnis auf. Dies f\u00fchrt in der Regel zu einer Sperrzeit von 3 Monaten beim Bezug von Arbeitslosengeld. Allein deshalb solltest Du Dich stets vor Abschluss eines solchen Vertrages beraten lassen. Auf der anderen Seite kann es nat\u00fcrlich sein, dass in deinem Aufhebungsvertrag nachteilige Regelungen enthalten sind, die Deine Rechte verk\u00fcrzen. Auch diese Punkte lassen es sinnvoll erscheinen, einen Anwalt f\u00fcr Arbeitsrecht einzuschalten.\"\n    }\n},{\n    \"@type\": \"Question\",\n    \"name\": \"Kann die Sperrzeit von 3 Monaten verhindert werden?\",\n    \"acceptedAnswer\": {\n        \"@type\": \"Answer\",\n        \"text\": \"Das kommt ganz darauf an. Je nach Situation kann es sein, dass Dir trotz Abschluss eines Aufhebungsvertrages keine Sperrzeit droht. Dies gilt insbesondere dann, wenn eine K\u00fcndigung aus betriebsbedingten Gr\u00fcnden unausweichlich ist. In diesen F\u00e4llen muss der Aufhebungsvertrag in den Formulierungen angepasst werden. Wir beraten Dich gerne zu den M\u00f6glichkeiten.\"\n    }\n},{\n    \"@type\": \"Question\",\n    \"name\": \"Was passiert, wenn ich nicht unterschreibe?\",\n    \"acceptedAnswer\": {\n        \"@type\": \"Answer\",\n        \"text\": \"Wenn Du nicht unterschreibst, besteht das Arbeitsverh\u00e4ltnis fort. Wenn der Arbeitgeber das Arbeitsverh\u00e4ltnis beenden m\u00f6chte, muss er Dir eine K\u00fcndigung aussprechen. Du m\u00fcsstest dann binnen 3 Wochen nach Zugang eine K\u00fcndigungsschutzklage zum Arbeitsgericht einlegen. Die Verhandlungen \u00fcber wichtige Punkte wie Beendigungszeitpunkt, Abfindung und Outplacement w\u00fcrden dann im Rahmen des K\u00fcndigungsschutzprozesses fortgesetzt. In manchen F\u00e4llen wird der Rechtsstreit bis in die zweite Instanz gef\u00fchrt. Das ist dann zwar eine langwierige Geschichte, die aber einen hohen f\u00fcnfstelligen Betrag an zus\u00e4tzlicher Abfindung bedeuten kann.\"\n    }\n}\n        ]\n    }\n    <\/script>                        <\/div>\n                    <\/div>\n                <\/div>\n                    \n        \n    <\/div>\n\n<\/div>\n            <\/div>\n            <\/div>","protected":false},"excerpt":{"rendered":"","protected":false},"author":1,"featured_media":0,"parent":0,"menu_order":0,"comment_status":"closed","ping_status":"closed","template":"page-templates\/landingpage.php","meta":{"footnotes":""},"class_list":["post-2074","page","type-page","status-publish","hentry"],"acf":[],"yoast_head":"<!-- This site is optimized with the Yoast SEO plugin v26.5 - https:\/\/yoast.com\/wordpress\/plugins\/seo\/ -->\n<title>Anwalt Aufhebungsvertrag Hamburg \u27a1\ufe0f Smart Arbeitsrecht<\/title>\n<meta name=\"description\" content=\"Anwalt f\u00fcr Aufhebungsvertrag in Hamburg \u2713 Spezialisierung auf Aufhebungsvertr\u00e4ge \u2713 Unser Ziel: Deine Abfindung \u2713 Qualifizierte Erstberatung \u2713\" \/>\n<meta name=\"robots\" content=\"index, follow, max-snippet:-1, max-image-preview:large, max-video-preview:-1\" \/>\n<link rel=\"canonical\" href=\"https:\/\/smart-arbeitsrecht.de\/tr\/anwalt-aufhebungsvertrag\/\" \/>\n<meta property=\"og:locale\" content=\"tr_TR\" \/>\n<meta property=\"og:type\" content=\"article\" \/>\n<meta property=\"og:title\" content=\"Anwalt Aufhebungsvertrag Hamburg \u27a1\ufe0f Smart Arbeitsrecht\" \/>\n<meta property=\"og:description\" content=\"Anwalt f\u00fcr Aufhebungsvertrag in Hamburg \u2713 Spezialisierung auf Aufhebungsvertr\u00e4ge \u2713 Unser Ziel: Deine Abfindung \u2713 Qualifizierte Erstberatung \u2713\" \/>\n<meta property=\"og:url\" content=\"https:\/\/smart-arbeitsrecht.de\/tr\/anwalt-aufhebungsvertrag\/\" \/>\n<meta property=\"og:site_name\" content=\"Smart-Arbeitsrecht\" \/>\n<meta property=\"article:modified_time\" content=\"2025-10-26T09:54:54+00:00\" \/>\n<meta name=\"twitter:card\" content=\"summary_large_image\" \/>\n<script type=\"application\/ld+json\" class=\"yoast-schema-graph\">{\"@context\":\"https:\/\/schema.org\",\"@graph\":[{\"@type\":\"WebPage\",\"@id\":\"https:\/\/smart-arbeitsrecht.de\/anwalt-aufhebungsvertrag\/\",\"url\":\"https:\/\/smart-arbeitsrecht.de\/anwalt-aufhebungsvertrag\/\",\"name\":\"Anwalt Aufhebungsvertrag Hamburg \u27a1\ufe0f Smart Arbeitsrecht\",\"isPartOf\":{\"@id\":\"https:\/\/smart-arbeitsrecht.de\/#website\"},\"description\":\"Anwalt f\u00fcr Aufhebungsvertrag in Hamburg \u2713 Spezialisierung auf Aufhebungsvertr\u00e4ge \u2713 Unser Ziel: Deine Abfindung \u2713 Qualifizierte Erstberatung \u2713\",\"breadcrumb\":{\"@id\":\"https:\/\/smart-arbeitsrecht.de\/anwalt-aufhebungsvertrag\/#breadcrumb\"},\"inLanguage\":\"tr\",\"potentialAction\":[{\"@type\":\"ReadAction\",\"target\":[\"https:\/\/smart-arbeitsrecht.de\/anwalt-aufhebungsvertrag\/\"]}]},{\"@type\":\"BreadcrumbList\",\"@id\":\"https:\/\/smart-arbeitsrecht.de\/anwalt-aufhebungsvertrag\/#breadcrumb\",\"itemListElement\":[{\"@type\":\"ListItem\",\"position\":1,\"name\":\"Startseite\",\"item\":\"https:\/\/smart-arbeitsrecht.de\/\"},{\"@type\":\"ListItem\",\"position\":2,\"name\":\"Anwalt f\u00fcr Aufhebungsvertrag in Hamburg\"}]},{\"@type\":\"WebSite\",\"@id\":\"https:\/\/smart-arbeitsrecht.de\/#website\",\"url\":\"https:\/\/smart-arbeitsrecht.de\/\",\"name\":\"Smart-Arbeitsrecht\",\"description\":\"Kanzlei f\u00fcr Arbeitsrecht\",\"potentialAction\":[{\"@type\":\"SearchAction\",\"target\":{\"@type\":\"EntryPoint\",\"urlTemplate\":\"https:\/\/smart-arbeitsrecht.de\/?s={search_term_string}\"},\"query-input\":{\"@type\":\"PropertyValueSpecification\",\"valueRequired\":true,\"valueName\":\"search_term_string\"}}],\"inLanguage\":\"tr\"}]}<\/script>\n<!-- \/ Yoast SEO plugin. -->","yoast_head_json":{"title":"Avukat fesih s\u00f6zle\u015fmesi Hamburg \u27a1\ufe0f Ak\u0131ll\u0131 \u0130\u015f Hukuku","description":"Hamburg&#039;da fesih s\u00f6zle\u015fmeleri avukat\u0131 \u2713 Fesih s\u00f6zle\u015fmeleri konusunda uzman \u2713 Amac\u0131m\u0131z: K\u0131dem tazminat\u0131n\u0131z \u2713 Nitelikli ilk dan\u0131\u015fmanl\u0131k \u2713","robots":{"index":"index","follow":"follow","max-snippet":"max-snippet:-1","max-image-preview":"max-image-preview:large","max-video-preview":"max-video-preview:-1"},"canonical":"https:\/\/smart-arbeitsrecht.de\/tr\/anwalt-aufhebungsvertrag\/","og_locale":"tr_TR","og_type":"article","og_title":"Anwalt Aufhebungsvertrag Hamburg \u27a1\ufe0f Smart Arbeitsrecht","og_description":"Anwalt f\u00fcr Aufhebungsvertrag in Hamburg \u2713 Spezialisierung auf Aufhebungsvertr\u00e4ge \u2713 Unser Ziel: Deine Abfindung \u2713 Qualifizierte Erstberatung \u2713","og_url":"https:\/\/smart-arbeitsrecht.de\/tr\/anwalt-aufhebungsvertrag\/","og_site_name":"Smart-Arbeitsrecht","article_modified_time":"2025-10-26T09:54:54+00:00","twitter_card":"summary_large_image","schema":{"@context":"https:\/\/schema.org","@graph":[{"@type":"WebPage","@id":"https:\/\/smart-arbeitsrecht.de\/anwalt-aufhebungsvertrag\/","url":"https:\/\/smart-arbeitsrecht.de\/anwalt-aufhebungsvertrag\/","name":"Avukat fesih s\u00f6zle\u015fmesi Hamburg \u27a1\ufe0f Ak\u0131ll\u0131 \u0130\u015f Hukuku","isPartOf":{"@id":"https:\/\/smart-arbeitsrecht.de\/#website"},"description":"Hamburg&#039;da fesih s\u00f6zle\u015fmeleri avukat\u0131 \u2713 Fesih s\u00f6zle\u015fmeleri konusunda uzman \u2713 Amac\u0131m\u0131z: K\u0131dem tazminat\u0131n\u0131z \u2713 Nitelikli ilk dan\u0131\u015fmanl\u0131k \u2713","breadcrumb":{"@id":"https:\/\/smart-arbeitsrecht.de\/anwalt-aufhebungsvertrag\/#breadcrumb"},"inLanguage":"tr","potentialAction":[{"@type":"ReadAction","target":["https:\/\/smart-arbeitsrecht.de\/anwalt-aufhebungsvertrag\/"]}]},{"@type":"BreadcrumbList","@id":"https:\/\/smart-arbeitsrecht.de\/anwalt-aufhebungsvertrag\/#breadcrumb","itemListElement":[{"@type":"ListItem","position":1,"name":"Startseite","item":"https:\/\/smart-arbeitsrecht.de\/"},{"@type":"ListItem","position":2,"name":"Anwalt f\u00fcr Aufhebungsvertrag in Hamburg"}]},{"@type":"WebSite","@id":"https:\/\/smart-arbeitsrecht.de\/#website","url":"https:\/\/smart-arbeitsrecht.de\/","name":"Ak\u0131ll\u0131 i\u015f hukuku","description":"\u0130\u015f hukuku firmas\u0131","potentialAction":[{"@type":"SearchAction","target":{"@type":"EntryPoint","urlTemplate":"https:\/\/smart-arbeitsrecht.de\/?s={search_term_string}"},"query-input":{"@type":"PropertyValueSpecification","valueRequired":true,"valueName":"search_term_string"}}],"inLanguage":"tr"}]}},"_links":{"self":[{"href":"https:\/\/smart-arbeitsrecht.de\/tr\/wp-json\/wp\/v2\/pages\/2074","targetHints":{"allow":["GET"]}}],"collection":[{"href":"https:\/\/smart-arbeitsrecht.de\/tr\/wp-json\/wp\/v2\/pages"}],"about":[{"href":"https:\/\/smart-arbeitsrecht.de\/tr\/wp-json\/wp\/v2\/types\/page"}],"author":[{"embeddable":true,"href":"https:\/\/smart-arbeitsrecht.de\/tr\/wp-json\/wp\/v2\/users\/1"}],"replies":[{"embeddable":true,"href":"https:\/\/smart-arbeitsrecht.de\/tr\/wp-json\/wp\/v2\/comments?post=2074"}],"version-history":[{"count":74,"href":"https:\/\/smart-arbeitsrecht.de\/tr\/wp-json\/wp\/v2\/pages\/2074\/revisions"}],"predecessor-version":[{"id":9876,"href":"https:\/\/smart-arbeitsrecht.de\/tr\/wp-json\/wp\/v2\/pages\/2074\/revisions\/9876"}],"wp:attachment":[{"href":"https:\/\/smart-arbeitsrecht.de\/tr\/wp-json\/wp\/v2\/media?parent=2074"}],"curies":[{"name":"wp","href":"https:\/\/api.w.org\/{rel}","templated":true}]}}