{"id":2250,"date":"2021-01-30T09:50:49","date_gmt":"2021-01-30T08:50:49","guid":{"rendered":"http:\/\/smart-arbeitsrecht.de\/?page_id=2250"},"modified":"2024-05-10T10:59:08","modified_gmt":"2024-05-10T08:59:08","slug":"anwalt-fuer-arbeitsrecht-in-lurup-osdorf-schenefeld-halstenbek-pinneberg","status":"publish","type":"page","link":"https:\/\/smart-arbeitsrecht.de\/tr\/anwalt-fuer-arbeitsrecht-in-lurup-osdorf-schenefeld-halstenbek-pinneberg\/","title":{"rendered":"Lurup, Osdorf, Schenefeld, Halstenbek, Pinneberg&#039;de i\u015f hukuku avukat\u0131"},"content":{"rendered":"<div id=\"smart-column-block_c6dd06c6e7c0ab915d299e28488094cb\" class=\"smart-column flex flex-col\">\n                                    <div class='mobile-even-row order-1 md:order-none' >\n                \n<div class=\"smart-container\" >\n    \n    <div class=\"flex flex-wrap\">\n        \n                            \n                                                        <div class=\"w-full lg:w-1\/2\">\n                        <div class=\"h-full  z-10\">\n                            <div class=\"h-full p-2\">\n                                <strong>Bat\u0131 Hamburg&#039;da da i\u015f hukuku alan\u0131nda yetkin destek mevcut: B\u00f6lgenizdeki az say\u0131daki son derece uzmanla\u015fm\u0131\u015f i\u015f hukuku firmas\u0131ndan biri olan Smart Arbeitsrecht.<\/strong>\r\n\r\n<hr \/>\r\n\r\nGibi <strong><a href=\"https:\/\/smart-arbeitsrecht.de\/tr\/\">\u0130\u015f hukuku konusunda uzman avukat<\/a><\/strong> Hamburg&#039;un bat\u0131s\u0131nda ya\u015f\u0131yorum. \u00d6zellikle \u015fu b\u00f6lgelerden m\u00fc\u015fterilere hizmet veriyorum: <strong>Lurup, Osdorf, Schenefeld, Halstenbek ve Pinneberg<\/strong> Bu, yaln\u0131zca i\u015f hukuku alan\u0131nda uzmanla\u015fm\u0131\u015f deneyimli bir hukuk b\u00fcrosuna h\u0131zl\u0131 ve kolay eri\u015fim sa\u011flar. Her t\u00fcrl\u00fc i\u015f hukuku meselesi i\u00e7in, i\u015f hukuku ve i\u015f hukuku alan\u0131nda uzman bir avukat olarak benimle ileti\u015fime ge\u00e7ebilirsiniz. <a href=\"https:\/\/smart-arbeitsrecht.de\/tr\/anwalt-kuendigung-arbeitsrecht\/\">Hamburg&#039;da fesih avukat\u0131<\/a> d\u00f6n ve <strong>Sorunlar\u0131n\u0131z\u0131n \u00e7\u00f6z\u00fclmesini sa\u011flay\u0131n<\/strong>\u0130\u015f hukuku durumunuz hakk\u0131nda size yetkin ve kapsaml\u0131 dan\u0131\u015fmanl\u0131k hizmeti sunacak ve haklar\u0131n\u0131z\u0131 inceleyece\u011fim. Gerekirse, taleplerinizi ilgili i\u015f mahkemesinde takip edece\u011fim. Smart \u0130\u015f Hukuku, <strong>\u0130\u015f hukukunda kalite<\/strong> birlikte <strong>\u00e7\u0131karlar\u0131n\u0131za yo\u011fun ba\u011fl\u0131l\u0131k<\/strong>Bu nedenle, davan\u0131z\u0131 bireysel olarak ele alaca\u011f\u0131m ve sizin i\u00e7in en uygun \u00e7\u00f6z\u00fcm\u00fc b\u00fcy\u00fck bir \u00f6zenle bulaca\u011f\u0131m.                            <\/div>\n                        <\/div>\n                    <\/div>\n                                                        <div class=\"w-full lg:w-1\/2\">\n                        <div class=\"h-full  z-10\">\n                            <div class=\"h-full p-2\">\n                                <div class=\"iconlist flex flex-col justify-center h-full\">\r\n<ul class=\"text-lg flex justify-center\">\r\n \t<li class=\"flex pb-4\"><i class=\"text-2xl fa fa-check mr-3 pt-1\"><\/i>\u0130\u015f hukuku alan\u0131nda uzman avukat \u2013 Y\u00fcksek d\u00fczeyde uzmanl\u0131k<\/li>\r\n \t<li class=\"flex pb-4\"><i class=\"text-2xl fa fa-check mr-3 pt-1\"><\/i>\u0130\u015f hukukunda y\u0131llar\u0131n deneyimi ve y\u00fcksek hacim<\/li>\r\n \t<li class=\"flex pb-4\"><i class=\"text-2xl fa fa-check mr-3 pt-1\"><\/i>S\u00fcrekli e\u011fitim, y\u00fcksek kalitede tavsiyeler sa\u011flar<\/li>\r\n \t<li class=\"flex pb-4\"><i class=\"text-2xl fa fa-check mr-3 pt-1\"><\/i>\u00c7\u0131karlar\u0131n\u0131za g\u00fc\u00e7l\u00fc ba\u011fl\u0131l\u0131k<\/li>\r\n \t<li class=\"flex pb-4\"><i class=\"text-2xl fa fa-check mr-3 pt-1\"><\/i>M\u00fczakere becerileri ve deneyimi<\/li>\r\n<\/ul>\r\n<p class=\"text-lg\">\u0130\u015f hukuku alan\u0131nda uzman avukat\u0131n\u0131z her zaman yan\u0131n\u0131zda<\/p>\r\n\r\n<div class=\"buttons-block flex flex-wrap justify-center mt-3\"><a class=\"btn-cta mr-3\" href=\"tel:+4940524717830\"><i class=\"fa fa-phone mr-2\"><\/i>Hemen aray\u0131n<\/a><a class=\"btn-cta mr-3\" href=\"\/tr\/kontakt\/\"><i class=\"fa fa-envelope mr-2\"><\/i>\u015eimdi bize yaz\u0131n<\/a><\/div>\r\n<\/div>                            <\/div>\n                        <\/div>\n                    <\/div>\n                \n                    \n        \n    <\/div>\n\n<\/div>\n            <\/div>\n                                <div class='order-2 md:order-none' >\n                \n<div class=\"smart-container\" >\n            <h2 class=\"font-bold text-center uppercase\">\u0130yi eri\u015filebilirlik, h\u0131zl\u0131 yan\u0131t s\u00fcreleri, tam \u015feffafl\u0131k<\/h2>\n    \n    <div class=\"flex flex-wrap\">\n        \n                            \n                                                        <div class=\"w-full lg:w-1\/2 self-center\">\n                        <div class=\"h-full  z-10\">\n                            <div class=\"h-full p-2\">\n                                <img loading=\"lazy\" decoding=\"async\" class=\"alignnone size-full wp-image-1179\" src=\"\/wp-content\/uploads\/2020\/12\/Raphael_ernster-scaled.jpg\" alt=\"\" width=\"2560\" height=\"1708\" \/>                            <\/div>\n                        <\/div>\n                    <\/div>\n                                                        <div class=\"w-full lg:w-1\/2\">\n                        <div class=\"h-full  z-10\">\n                            <div class=\"h-full p-2\">\n                                T\u00fcm s\u00fcre\u00e7 boyunca uzman i\u015f hukuku avukat\u0131 olarak tam deste\u011fimden emin olabilirsiniz. <strong>\u0130\u015f hukuku alan\u0131ndaki stresinizi ortadan kald\u0131r\u0131yorum<\/strong>b\u00f6ylece zihninizi di\u011fer \u00f6nemli konulara ay\u0131rabilirsiniz. <strong>Her an ula\u015f\u0131labilirlik<\/strong>, <strong>h\u0131zl\u0131 yan\u0131t s\u00fcreleri<\/strong> Ve <strong>tam \u015feffafl\u0131k<\/strong> bu hukuk firmas\u0131n\u0131n \u00f6z imaj\u0131n\u0131n bir par\u00e7as\u0131d\u0131r \u2013 hem prosed\u00fcr hem de maliyetler a\u00e7\u0131s\u0131ndan. <strong>dikkatli tart\u0131\u015fmalar<\/strong> Sizi g\u00fcncel tutaca\u011f\u0131m ve bir sonraki ad\u0131mlara en iyi \u015fekilde haz\u0131rlayaca\u011f\u0131m. B\u00f6ylece, hi\u00e7bir s\u00fcrprizle kar\u015f\u0131la\u015fmayacak ve her zaman ne olaca\u011f\u0131n\u0131 g\u00f6rebileceksiniz. <strong>Bilgilendirmeler<\/strong> Stratejinizi ve taktiklerinizi hassas bir \u015fekilde ayarlamak i\u00e7in sizinle birlikte \u00e7al\u0131\u015faca\u011f\u0131m.                            <\/div>\n                        <\/div>\n                    <\/div>\n                \n                    \n        \n    <\/div>\n\n<\/div>\n            <\/div>\n                                <div class='mobile-even-row order-3 md:order-none' >\n                \n<div class=\"smart-container\" >\n            <h2 class=\"font-bold text-center uppercase\">Fesih deste\u011fi<\/h2>\n    \n    <div class=\"flex flex-wrap\">\n        \n                            \n                                                        <div class=\"w-full lg:w-1\/2\">\n                        <div class=\"h-full  z-10\">\n                            <div class=\"h-full p-2\">\n                                A <strong>Odak<\/strong> i\u015f hukuku alan\u0131nda uzman avukat olarak \u00e7al\u0131\u015fmam <strong>Ay\u0131rma s\u00fcre\u00e7leri<\/strong>Bu nedenle, e\u011fer bir sorunuz varsa size kapsaml\u0131 tavsiyelerde bulunaca\u011f\u0131m. <strong>Fesih<\/strong> Veya i\u015ften \u00e7\u0131kar\u0131lma tehlikesiyle kar\u015f\u0131 kar\u015f\u0131yas\u0131n\u0131z. Bu da gereklidir \u00e7\u00fcnk\u00fc i\u015ften \u00e7\u0131kar\u0131lma sizin i\u00e7in son derece rahats\u0131z edici ve istisnai bir durum te\u015fkil eder. Sonu\u00e7ta, i\u015f ili\u015fkisi genellikle ge\u00e7im kayna\u011f\u0131n\u0131z\u0131 temsil eder; gelir ve istikrar sa\u011flar. Detayl\u0131 g\u00f6r\u00fc\u015fmemizde, i\u015ften \u00e7\u0131kar\u0131lman\u0131n etkili olup olmayaca\u011f\u0131n\u0131 ve buna kar\u015f\u0131 neler yapabilece\u011finizi a\u00e7\u0131klayaca\u011f\u0131m. Ayr\u0131ca sizi \u015fu konular hakk\u0131nda da bilgilendirece\u011fim: <strong>k\u0131dem tazminat\u0131<\/strong>, <strong>Kilitlenme s\u00fcresi<\/strong> Ve <strong>\u0130stihdam referans\u0131<\/strong>Bu temelde, i\u015ften \u00e7\u0131kar\u0131lmaya kar\u015f\u0131 i\u015flem ba\u015flat\u0131p ba\u015flatmamaya dair bilin\u00e7li bir karar verebilirsiniz. Bir i\u015f hukuku avukat\u0131 olarak, bu s\u00fcre\u00e7te size destek olaca\u011f\u0131m ve sizin i\u00e7in en iyisinin ne oldu\u011funu g\u00f6sterece\u011fim. <strong>ekonomik olarak<\/strong> en mant\u0131kl\u0131s\u0131.                            <\/div>\n                        <\/div>\n                    <\/div>\n                                                        <div class=\"w-full lg:w-1\/2 self-center\">\n                        <div class=\"h-full  z-10\">\n                            <div class=\"h-full p-2\">\n                                <img loading=\"lazy\" decoding=\"async\" class=\"alignnone size-full wp-image-871\" src=\"\/wp-content\/uploads\/2020\/05\/Kuendigungsschutzgesetz.jpg\" alt=\"\" width=\"1000\" height=\"750\" srcset=\"https:\/\/smart-arbeitsrecht.de\/wp-content\/uploads\/2020\/05\/Kuendigungsschutzgesetz.jpg 1000w, https:\/\/smart-arbeitsrecht.de\/wp-content\/uploads\/2020\/05\/Kuendigungsschutzgesetz-300x225.jpg 300w, https:\/\/smart-arbeitsrecht.de\/wp-content\/uploads\/2020\/05\/Kuendigungsschutzgesetz-768x576.jpg 768w\" sizes=\"auto, (max-width: 1000px) 100vw, 1000px\" \/>                            <\/div>\n                        <\/div>\n                    <\/div>\n                \n                    \n        \n    <\/div>\n\n<\/div>\n            <\/div>\n                                <div class='order-4 md:order-none' >\n                \n<div class=\"smart-container\" >\n            <h2 class=\"font-bold text-center\">Sizin ad\u0131n\u0131za fesih anla\u015fman\u0131z\u0131 m\u00fczakere edece\u011fim<\/h2>\n    \n    <div class=\"flex flex-wrap\">\n        \n                            \n                                                        <div class=\"w-full lg:w-1\/2 self-center\">\n                        <div class=\"h-full  z-10\">\n                            <div class=\"h-full p-2\">\n                                <img loading=\"lazy\" decoding=\"async\" class=\"alignnone size-full wp-image-1724\" src=\"\/wp-content\/uploads\/2020\/12\/Raphael_Lugowski_Mandant_640w.jpg\" alt=\"\" width=\"640\" height=\"392\" srcset=\"https:\/\/smart-arbeitsrecht.de\/wp-content\/uploads\/2020\/12\/Raphael_Lugowski_Mandant_640w.jpg 640w, https:\/\/smart-arbeitsrecht.de\/wp-content\/uploads\/2020\/12\/Raphael_Lugowski_Mandant_640w-300x184.jpg 300w\" sizes=\"auto, (max-width: 640px) 100vw, 640px\" \/>                            <\/div>\n                        <\/div>\n                    <\/div>\n                                                        <div class=\"w-full lg:w-1\/2\">\n                        <div class=\"h-full  z-10\">\n                            <div class=\"h-full p-2\">\n                                E\u011fer bir tane varsa <strong><a href=\"https:\/\/smart-arbeitsrecht.de\/tr\/anwalt-aufhebungsvertrag\/\">fesih s\u00f6zle\u015fmesi<\/a><\/strong> E\u011fer bir mektup ald\u0131ysan\u0131z, durum sizin i\u00e7in de ayn\u0131 derecede stresli olacakt\u0131r. Ayr\u0131ca, i\u015fverenler genellikle imza almak i\u00e7in bask\u0131 yaparlar. <strong>Engelleme d\u00f6neminden ka\u00e7\u0131n\u0131n<\/strong>Bask\u0131lara direnip bana dan\u0131\u015farak. Detayl\u0131 g\u00f6r\u00fc\u015fmemizde, fesih s\u00f6zle\u015fmesini nas\u0131l y\u00fcr\u00fctece\u011finiz konusunda sizi bilgilendirece\u011fim. Elbette, ekonomik y\u00f6nleri de ele alaca\u011f\u0131z; \u00f6rne\u011fin: <strong>k\u0131dem tazminat\u0131<\/strong> veya bir <strong>muafiyet<\/strong>, konu\u015fmak i\u00e7in. \u0130stenirse, daha sonraki konu\u015fmalar\u0131 ben devral\u0131r\u0131m ve <strong>\u0130\u015fverenle m\u00fczakereler<\/strong>\u0130\u015f hukuku uzman\u0131 olarak sahip oldu\u011fum m\u00fczakere deneyimime dayanarak, daha iyi \u015fartlara nas\u0131l ula\u015f\u0131laca\u011f\u0131n\u0131 biliyorum.                            <\/div>\n                        <\/div>\n                    <\/div>\n                \n                    \n        \n    <\/div>\n\n<\/div>\n            <\/div>\n                                <div class='mobile-even-row order-5 md:order-none' >\n                \n<div class=\"smart-container\" >\n            <h2 class=\"font-bold text-center uppercase\">Beni tan\u0131y\u0131n<\/h2>\n    \n    <div class=\"flex flex-wrap justify-center\">\n        \n                            \n                                                        <div class=\"text-center\">\n                        <div class=\"h-full  z-10\">\n                            <div class=\"h-full\">\n                                Size teklifim: Beni ve \u00e7al\u0131\u015fmalar\u0131m\u0131 yak\u0131ndan tan\u0131y\u0131n. Bu tamamen ba\u011flay\u0131c\u0131 olmay\u0131p sizin i\u00e7in hi\u00e7bir maliyeti yoktur. Ayr\u0131ca: Dilerseniz, davan\u0131z\u0131n ilk de\u011ferlendirmesini \u00f6nceden telefonla alabilirsiniz.\r\n<div class=\"buttons-block flex flex-wrap justify-center mt-3\"><a class=\"btn-cta mr-3\" href=\"tel:+4940524717830\"><i class=\"fa fa-phone mr-2\"><\/i>Hemen aray\u0131n<\/a><a class=\"btn-cta mr-3\" href=\"\/tr\/kontakt\/\"><i class=\"fa fa-envelope mr-2\"><\/i>\u00dccretsiz ilk de\u011ferlendirme<\/a><\/div>                            <\/div>\n                        <\/div>\n                    <\/div>\n                \n                    \n        \n    <\/div>\n\n<\/div>\n            <\/div>\n                                <div class='order-6 md:order-none' >\n                \n\n<div class=\"smart-container\" id=\"bewertungen\">\n            <h2 class=\"font-bold text-center uppercase\">M\u00fc\u015fterilerimin s\u00f6yledikleri bunlar<\/h2>\n    \n    <div class=\"testimonial-block flex flex-wrap -m-4\">\n        <div class=\"relative w-full md:w-1\/2 py-2 md:py-24 bg-white flex flex-col item-center justify-center\">\n\n            <div class=\"absolute top-0 left-0 z-10 grid-indigo w-16 h-16 md:w-44 md:h-96 md:ml-20 md:mt-24\"><\/div>\n\n            <div class=\"py-2 px-6 md:py-6 md:px-1 md:w-64 md:mx-auto font-semibold leading-tight tracking-tight mb-0 z-20\">\n                <h2 class=\"text-2xl md:text-5xl\">\u00d6yle diyorlar<br>m\u00fc\u015fterilerimiz<\/h2>\n            <\/div>\n        <\/div>\n\n        <div class=\"bg-gray-100 w-full md:w-1\/2\">\n            <div class=\"flex flex-col h-full relative\">\n                <div class=\"absolute top-0 left-0 mt-3 ml-4 md:mt-5 md:ml-12\">\n                    <svg xmlns=\"http:\/\/www.w3.org\/2000\/svg\"\n                         class=\"text-primary-light fill-current w-12 h-12 md:w-16 md:h-16 opacity-40\"\n                         viewbox=\"0 0 24 24\">\n                        <path\n                            d=\"M6.5 10c-.223 0-.437.034-.65.065.069-.232.14-.468.254-.68.114-.308.292-.575.469-.844.148-.291.409-.488.601-.737.201-.242.475-.403.692-.604.213-.21.492-.315.714-.463.232-.133.434-.28.65-.35.208-.086.39-.16.539-.222.302-.125.474-.197.474-.197L9.758 4.03c0 0-.218.052-.597.144C8.97 4.222 8.737 4.278 8.472 4.345c-.271.05-.56.187-.882.312C7.272 4.799 6.904 4.895 6.562 5.123c-.344.218-.741.4-1.091.692C5.132 6.116 4.723 6.377 4.421 6.76c-.33.358-.656.734-.909 1.162C3.219 8.33 3.02 8.778 2.81 9.221c-.19.443-.343.896-.468 1.336-.237.882-.343 1.72-.384 2.437-.034.718-.014 1.315.028 1.747.015.204.043.402.063.539.017.109.025.168.025.168l.026-.006C2.535 17.474 4.338 19 6.5 19c2.485 0 4.5-2.015 4.5-4.5S8.985 10 6.5 10zM17.5 10c-.223 0-.437.034-.65.065.069-.232.14-.468.254-.68.114-.308.292-.575.469-.844.148-.291.409-.488.601-.737.201-.242.475-.403.692-.604.213-.21.492-.315.714-.463.232-.133.434-.28.65-.35.208-.086.39-.16.539-.222.302-.125.474-.197.474-.197L20.758 4.03c0 0-.218.052-.597.144-.191.048-.424.104-.689.171-.271.05-.56.187-.882.312-.317.143-.686.238-1.028.467-.344.218-.741.4-1.091.692-.339.301-.748.562-1.05.944-.33.358-.656.734-.909 1.162C14.219 8.33 14.02 8.778 13.81 9.221c-.19.443-.343.896-.468 1.336-.237.882-.343 1.72-.384 2.437-.034.718-.014 1.315.028 1.747.015.204.043.402.063.539.017.109.025.168.025.168l.026-.006C13.535 17.474 15.338 19 17.5 19c2.485 0 4.5-2.015 4.5-4.5S19.985 10 17.5 10z\"\/>\n                    <\/svg>\n                <\/div>\n\n                <!-- Text -->\n                <div class=\"slider-container\">\n                                    <div class=\"slide-container\">\n                        <div\n                            class=\"slide slide0 px-6 md:px-16 pt-10 md:pt-14 text-lg sm:text-xl\">\n                            <p class=\"text-gray-600 serif font-normal italic\">\n                                Bay Lugowski sayesinde, Hannover B\u00f6lge \u0130\u015f Mahkemesi&#039;nde ihtiyati tedbir karar\u0131 ve staj s\u00f6zle\u015fmesinin ifas\u0131 i\u00e7in dava kazand\u0131m. Bay Lugowski&#039;nin \u00e7ok dikkatli ve titiz bir avukat oldu\u011funu g\u00f6rd\u00fcm. Ho\u015f tavr\u0131 rahat bir ortam yaratt\u0131, ancak profesyonelli\u011finden asla \u00f6d\u00fcn vermedi. Bay Lugowski&#039;yi \u00e7ekinmeden tavsiye edebilirim.                            <\/p>\n                            <p class=\"text-sm no-space\">De\u011ferlendirme:<\/p>\n                            <div class=\"flex\">\n                                <i class=\"fa-star text-yellow-400\"><\/i>\n                                <i class=\"fa-star text-yellow-400\"><\/i>\n                                <i class=\"fa-star text-yellow-400\"><\/i>\n                                <i class=\"fa-star text-yellow-400\"><\/i>\n                                <i class=\"fa-star text-yellow-400\"><\/i>\n                            <\/div>\n                        <\/div>\n                    <\/div>\n                                    <div class=\"slide-container\">\n                        <div\n                            class=\"slide slide1 px-6 md:px-16 pt-10 md:pt-14 text-lg sm:text-xl\">\n                            <p class=\"text-gray-600 serif font-normal italic\">\n                                Bir avukat olarak, i\u015f hukuku konular\u0131nda Say\u0131n Lugowski ile \u00e7al\u0131\u015fma f\u0131rsat\u0131 buldum. Toplu i\u015f hukuku konular\u0131na ili\u015fkin a\u00e7\u0131klamalar\u0131 her zaman verimli ve faydal\u0131yd\u0131. Say\u0131n Lugowski ile \u00e7al\u0131\u015fmak her zaman bir zevktir, bu y\u00fczden onu \u00e7ekinmeden tavsiye edebilirim.                            <\/p>\n                            <p class=\"text-sm no-space\">De\u011ferlendirme:<\/p>\n                            <div class=\"flex\">\n                                <i class=\"fa-star text-yellow-400\"><\/i>\n                                <i class=\"fa-star text-yellow-400\"><\/i>\n                                <i class=\"fa-star text-yellow-400\"><\/i>\n                                <i class=\"fa-star text-yellow-400\"><\/i>\n                                <i class=\"fa-star text-yellow-400\"><\/i>\n                            <\/div>\n                        <\/div>\n                    <\/div>\n                                    <div class=\"slide-container\">\n                        <div\n                            class=\"slide slide2 px-6 md:px-16 pt-10 md:pt-14 text-lg sm:text-xl\">\n                            <p class=\"text-gray-600 serif font-normal italic\">\n                                Bay Lugowski, i\u015ften \u00e7\u0131kar\u0131lma s\u00fcrecimde h\u0131zl\u0131 ve g\u00fcvenilir bir \u015fekilde bana yard\u0131mc\u0131 oldu. Eski i\u015fverenimle sekiz ayl\u0131k hukuk m\u00fccadelem boyunca her zaman yan\u0131mda bir orta\u011f\u0131m oldu\u011funu hissettim.                            <\/p>\n                            <p class=\"text-sm no-space\">De\u011ferlendirme:<\/p>\n                            <div class=\"flex\">\n                                <i class=\"fa-star text-yellow-400\"><\/i>\n                                <i class=\"fa-star text-yellow-400\"><\/i>\n                                <i class=\"fa-star text-yellow-400\"><\/i>\n                                <i class=\"fa-star text-yellow-400\"><\/i>\n                                <i class=\"fa-star text-yellow-400\"><\/i>\n                            <\/div>\n                        <\/div>\n                    <\/div>\n                                <\/div>\n\n                <!-- Slide Buttons -->\n                <div class=\"slide-btns flex flex-wrap my-4 justify-center items-center\">\n                                            <button\n                            class=\"text-center font-bold shadow-md h-12 w-12 inline-block rounded-full mx-2 opacity-50 bg-primary-light text-gray-800 active\"\n                            style=\"\"\n                            aria-labelledby=\"slide0\"\n                        >\n                                                    <\/button>\n                                            <button\n                            class=\"text-center font-bold shadow-md h-12 w-12 inline-block rounded-full mx-2 opacity-50 bg-primary-light text-gray-800\"\n                            style=\"\"\n                            aria-labelledby=\"slide1\"\n                        >\n                                                    <\/button>\n                                            <button\n                            class=\"text-center font-bold shadow-md h-12 w-12 inline-block rounded-full mx-2 opacity-50 bg-primary-light text-gray-800\"\n                            style=\"\"\n                            aria-labelledby=\"slide2\"\n                        >\n                                                    <\/button>\n                                    <\/div>\n\n                <!-- Name, Job -->\n                <div class=\"slider-container pt-2 pb-6 md:py-6\">\n                                            <div class=\"slide-container\">\n                            <div\n                              id=\"slide0\"\n                              class=\"text-center slide name-slide\">\n                                <p class=\"text-sm md:text-base font-bold text-gray-700 leading-tight no-space\">Maksimum Yeniden Is\u0131tma<\/p>\n                                <small\n                                    class=\"text-gray-500 text-xs md:text-sm truncate\">u\u00e7ak pilotu<\/small>\n                            <\/div>\n                        <\/div>\n                                            <div class=\"slide-container\">\n                            <div\n                              id=\"slide1\"\n                              class=\"text-center slide name-slide\">\n                                <p class=\"text-sm md:text-base font-bold text-gray-700 leading-tight no-space\">Okan Do\u011fan<\/p>\n                                <small\n                                    class=\"text-gray-500 text-xs md:text-sm truncate\">avukat<\/small>\n                            <\/div>\n                        <\/div>\n                                            <div class=\"slide-container\">\n                            <div\n                              id=\"slide2\"\n                              class=\"text-center slide name-slide\">\n                                <p class=\"text-sm md:text-base font-bold text-gray-700 leading-tight no-space\">BL<\/p>\n                                <small\n                                    class=\"text-gray-500 text-xs md:text-sm truncate\">DIS AG \u00c7al\u0131\u015fanlar\u0131<\/small>\n                            <\/div>\n                        <\/div>\n                                    <\/div>\n            <\/div>\n        <\/div>\n    <\/div>\n\n    <\/div>\n            <\/div>\n            <\/div>","protected":false},"excerpt":{"rendered":"","protected":false},"author":1,"featured_media":0,"parent":0,"menu_order":0,"comment_status":"closed","ping_status":"closed","template":"page-templates\/landingpage-lg.php","meta":{"footnotes":""},"class_list":["post-2250","page","type-page","status-publish","hentry"],"acf":[],"yoast_head":"<!-- This site is optimized with the Yoast SEO plugin v26.5 - https:\/\/yoast.com\/wordpress\/plugins\/seo\/ -->\n<title>Anwalt f\u00fcr Arbeitsrecht in Lurup, Osdorf, Schenefeld &amp; Umgebung<\/title>\n<meta name=\"description\" content=\"Anwalt f\u00fcr Arbeitsrecht f\u00fcr die Stadtteile: Lurup, Osdorf, Schenefeld, Halstenbek und Pinneberg. Kompetente Vertretung im Arbeitsrecht.\" \/>\n<meta name=\"robots\" content=\"index, follow, max-snippet:-1, max-image-preview:large, max-video-preview:-1\" \/>\n<link rel=\"canonical\" href=\"https:\/\/smart-arbeitsrecht.de\/tr\/anwalt-fuer-arbeitsrecht-in-lurup-osdorf-schenefeld-halstenbek-pinneberg\/\" \/>\n<meta property=\"og:locale\" content=\"tr_TR\" \/>\n<meta property=\"og:type\" content=\"article\" \/>\n<meta property=\"og:title\" content=\"Anwalt f\u00fcr Arbeitsrecht in Lurup, Osdorf, Schenefeld &amp; Umgebung\" \/>\n<meta property=\"og:description\" content=\"Anwalt f\u00fcr Arbeitsrecht f\u00fcr die Stadtteile: Lurup, Osdorf, Schenefeld, Halstenbek und Pinneberg. Kompetente Vertretung im Arbeitsrecht.\" \/>\n<meta property=\"og:url\" content=\"https:\/\/smart-arbeitsrecht.de\/tr\/anwalt-fuer-arbeitsrecht-in-lurup-osdorf-schenefeld-halstenbek-pinneberg\/\" \/>\n<meta property=\"og:site_name\" content=\"Smart-Arbeitsrecht\" \/>\n<meta property=\"article:modified_time\" content=\"2024-05-10T08:59:08+00:00\" \/>\n<meta name=\"twitter:card\" content=\"summary_large_image\" \/>\n<script type=\"application\/ld+json\" class=\"yoast-schema-graph\">{\"@context\":\"https:\/\/schema.org\",\"@graph\":[{\"@type\":\"WebPage\",\"@id\":\"https:\/\/smart-arbeitsrecht.de\/anwalt-fuer-arbeitsrecht-in-lurup-osdorf-schenefeld-halstenbek-pinneberg\/\",\"url\":\"https:\/\/smart-arbeitsrecht.de\/anwalt-fuer-arbeitsrecht-in-lurup-osdorf-schenefeld-halstenbek-pinneberg\/\",\"name\":\"Anwalt f\u00fcr Arbeitsrecht in Lurup, Osdorf, Schenefeld & Umgebung\",\"isPartOf\":{\"@id\":\"https:\/\/smart-arbeitsrecht.de\/#website\"},\"description\":\"Anwalt f\u00fcr Arbeitsrecht f\u00fcr die Stadtteile: Lurup, Osdorf, Schenefeld, Halstenbek und Pinneberg. Kompetente Vertretung im Arbeitsrecht.\",\"breadcrumb\":{\"@id\":\"https:\/\/smart-arbeitsrecht.de\/anwalt-fuer-arbeitsrecht-in-lurup-osdorf-schenefeld-halstenbek-pinneberg\/#breadcrumb\"},\"inLanguage\":\"tr\",\"potentialAction\":[{\"@type\":\"ReadAction\",\"target\":[\"https:\/\/smart-arbeitsrecht.de\/anwalt-fuer-arbeitsrecht-in-lurup-osdorf-schenefeld-halstenbek-pinneberg\/\"]}]},{\"@type\":\"BreadcrumbList\",\"@id\":\"https:\/\/smart-arbeitsrecht.de\/anwalt-fuer-arbeitsrecht-in-lurup-osdorf-schenefeld-halstenbek-pinneberg\/#breadcrumb\",\"itemListElement\":[{\"@type\":\"ListItem\",\"position\":1,\"name\":\"Startseite\",\"item\":\"https:\/\/smart-arbeitsrecht.de\/\"},{\"@type\":\"ListItem\",\"position\":2,\"name\":\"Anwalt f\u00fcr Arbeitsrecht in Lurup, Osdorf, Schenefeld, Halstenbek, Pinneberg\"}]},{\"@type\":\"WebSite\",\"@id\":\"https:\/\/smart-arbeitsrecht.de\/#website\",\"url\":\"https:\/\/smart-arbeitsrecht.de\/\",\"name\":\"Smart-Arbeitsrecht\",\"description\":\"Kanzlei f\u00fcr Arbeitsrecht\",\"potentialAction\":[{\"@type\":\"SearchAction\",\"target\":{\"@type\":\"EntryPoint\",\"urlTemplate\":\"https:\/\/smart-arbeitsrecht.de\/?s={search_term_string}\"},\"query-input\":{\"@type\":\"PropertyValueSpecification\",\"valueRequired\":true,\"valueName\":\"search_term_string\"}}],\"inLanguage\":\"tr\"}]}<\/script>\n<!-- \/ Yoast SEO plugin. -->","yoast_head_json":{"title":"Lurup, Osdorf, Schenefeld ve \u00e7evre b\u00f6lgelerde i\u015f hukuku avukat\u0131","description":"Lurup, Osdorf, Schenefeld, Halstenbek ve Pinneberg b\u00f6lgeleri i\u00e7in i\u015f hukuku avukat\u0131. \u0130\u015f hukukunda yetkin temsil.","robots":{"index":"index","follow":"follow","max-snippet":"max-snippet:-1","max-image-preview":"max-image-preview:large","max-video-preview":"max-video-preview:-1"},"canonical":"https:\/\/smart-arbeitsrecht.de\/tr\/anwalt-fuer-arbeitsrecht-in-lurup-osdorf-schenefeld-halstenbek-pinneberg\/","og_locale":"tr_TR","og_type":"article","og_title":"Anwalt f\u00fcr Arbeitsrecht in Lurup, Osdorf, Schenefeld & Umgebung","og_description":"Anwalt f\u00fcr Arbeitsrecht f\u00fcr die Stadtteile: Lurup, Osdorf, Schenefeld, Halstenbek und Pinneberg. Kompetente Vertretung im Arbeitsrecht.","og_url":"https:\/\/smart-arbeitsrecht.de\/tr\/anwalt-fuer-arbeitsrecht-in-lurup-osdorf-schenefeld-halstenbek-pinneberg\/","og_site_name":"Smart-Arbeitsrecht","article_modified_time":"2024-05-10T08:59:08+00:00","twitter_card":"summary_large_image","schema":{"@context":"https:\/\/schema.org","@graph":[{"@type":"WebPage","@id":"https:\/\/smart-arbeitsrecht.de\/anwalt-fuer-arbeitsrecht-in-lurup-osdorf-schenefeld-halstenbek-pinneberg\/","url":"https:\/\/smart-arbeitsrecht.de\/anwalt-fuer-arbeitsrecht-in-lurup-osdorf-schenefeld-halstenbek-pinneberg\/","name":"Lurup, Osdorf, Schenefeld ve \u00e7evre b\u00f6lgelerde i\u015f hukuku avukat\u0131","isPartOf":{"@id":"https:\/\/smart-arbeitsrecht.de\/#website"},"description":"Lurup, Osdorf, Schenefeld, Halstenbek ve Pinneberg b\u00f6lgeleri i\u00e7in i\u015f hukuku avukat\u0131. \u0130\u015f hukukunda yetkin temsil.","breadcrumb":{"@id":"https:\/\/smart-arbeitsrecht.de\/anwalt-fuer-arbeitsrecht-in-lurup-osdorf-schenefeld-halstenbek-pinneberg\/#breadcrumb"},"inLanguage":"tr","potentialAction":[{"@type":"ReadAction","target":["https:\/\/smart-arbeitsrecht.de\/anwalt-fuer-arbeitsrecht-in-lurup-osdorf-schenefeld-halstenbek-pinneberg\/"]}]},{"@type":"BreadcrumbList","@id":"https:\/\/smart-arbeitsrecht.de\/anwalt-fuer-arbeitsrecht-in-lurup-osdorf-schenefeld-halstenbek-pinneberg\/#breadcrumb","itemListElement":[{"@type":"ListItem","position":1,"name":"Startseite","item":"https:\/\/smart-arbeitsrecht.de\/"},{"@type":"ListItem","position":2,"name":"Anwalt f\u00fcr Arbeitsrecht in Lurup, Osdorf, Schenefeld, Halstenbek, Pinneberg"}]},{"@type":"WebSite","@id":"https:\/\/smart-arbeitsrecht.de\/#website","url":"https:\/\/smart-arbeitsrecht.de\/","name":"Ak\u0131ll\u0131 i\u015f hukuku","description":"\u0130\u015f hukuku firmas\u0131","potentialAction":[{"@type":"SearchAction","target":{"@type":"EntryPoint","urlTemplate":"https:\/\/smart-arbeitsrecht.de\/?s={search_term_string}"},"query-input":{"@type":"PropertyValueSpecification","valueRequired":true,"valueName":"search_term_string"}}],"inLanguage":"tr"}]}},"_links":{"self":[{"href":"https:\/\/smart-arbeitsrecht.de\/tr\/wp-json\/wp\/v2\/pages\/2250","targetHints":{"allow":["GET"]}}],"collection":[{"href":"https:\/\/smart-arbeitsrecht.de\/tr\/wp-json\/wp\/v2\/pages"}],"about":[{"href":"https:\/\/smart-arbeitsrecht.de\/tr\/wp-json\/wp\/v2\/types\/page"}],"author":[{"embeddable":true,"href":"https:\/\/smart-arbeitsrecht.de\/tr\/wp-json\/wp\/v2\/users\/1"}],"replies":[{"embeddable":true,"href":"https:\/\/smart-arbeitsrecht.de\/tr\/wp-json\/wp\/v2\/comments?post=2250"}],"version-history":[{"count":6,"href":"https:\/\/smart-arbeitsrecht.de\/tr\/wp-json\/wp\/v2\/pages\/2250\/revisions"}],"predecessor-version":[{"id":8114,"href":"https:\/\/smart-arbeitsrecht.de\/tr\/wp-json\/wp\/v2\/pages\/2250\/revisions\/8114"}],"wp:attachment":[{"href":"https:\/\/smart-arbeitsrecht.de\/tr\/wp-json\/wp\/v2\/media?parent=2250"}],"curies":[{"name":"wp","href":"https:\/\/api.w.org\/{rel}","templated":true}]}}