{"id":2511,"date":"2021-02-20T18:37:36","date_gmt":"2021-02-20T17:37:36","guid":{"rendered":"http:\/\/smart-arbeitsrecht.de\/?page_id=2511"},"modified":"2025-10-26T10:57:52","modified_gmt":"2025-10-26T09:57:52","slug":"anwalt-abmahnung-arbeitsrecht","status":"publish","type":"page","link":"https:\/\/smart-arbeitsrecht.de\/tr\/anwalt-abmahnung-arbeitsrecht\/","title":{"rendered":"\u0130\u015f hukukunda uyar\u0131lar i\u00e7in avukat"},"content":{"rendered":"<div id=\"smart-column-block_de70adef0ee1dc744b781aa3dcac3681\" class=\"smart-column flex flex-col\">\n                                    <div class='mobile-even-row order-1 md:order-none' >\n                \n<div class=\"relative flex flex-wrap\">\r\n  <div class=\"relative w-full lg:w-1\/2 h-64 sm:h-72 md:h-96 lg:h-auto order-last lg:order-none\">\r\n    <picture>\r\n      <source srcset=\"\/wp-content\/webp-express\/webp-images\/uploads\/2024\/09\/Raphael_Lugowski_Hamza_Guelbas.jpg.webp\" type=\"image\/webp\" \/>\r\n      <source srcset=\"\/wp-content\/uploads\/2024\/09\/Raphael_Lugowski_Hamza_Guelbas.jpg\" type=\"image\/jpeg\" \/>\r\n      <img decoding=\"async\"\r\n        class=\"absolute object-cover w-full h-full\"\r\n        src=\"\/wp-content\/uploads\/2024\/09\/Raphael_Lugowski_Hamza_Guelbas.jpg\"\r\n        alt=\"Anwalt Abmahnung Hamburg - Ihre Experten f\u00fcr Arbeitsrecht in 22767 Hamburg\"\r\n        style=\"object-position: 50% 30%\"\r\n      \/>\r\n    <\/picture>\r\n  <\/div>\r\n\r\n  <div class=\"w-full lg:w-1\/2 py-8 text-center lg:py-32 lg:text-left\" style=\"background-color: #f4f4f4\">\r\n    <div class=\"px-4 max-w-5xl mx-auto lg:mx-0 sm:px-8 xl:pl-16\">\r\n      <h1 class=\"text-4xl tracking-tight font-extrabold text-gray-900 sm:text-5xl md:text-6xl lg:text-5xl xl:text-6xl\">\r\n        <span class=\"block xl:inline\">Avukat Hamburg&#039;u uyar\u0131yor<\/span>\r\n      <\/h1>\r\n      <span\r\n        class=\"block text-3xl tracking-tight font-extrabold sm:text-4xl md:text-5xl lg:text-4xl xl:text-5xl\"\r\n        style=\"color: #edc273\"\r\n        > \u0130\u015finizi g\u00fcvence alt\u0131na al\u0131n veya \u00e7\u0131k\u0131n<span style=\"color: #000\"> \u2013 se\u00e7eneklerinizi kontrol ediyoruz<\/span><\/span\r\n>\r\n      <p class=\"mt-3 text-lg text-gray-500 sm:text-xl md:mt-5 md:max-w-3xl\">\r\n       \u0130\u015f ili\u015fkinizde bir uyar\u0131 al\u0131rsan\u0131z, uzmanl\u0131\u011f\u0131m\u0131z ve deneyimimizle yan\u0131n\u0131zday\u0131z. Uyar\u0131ya kar\u015f\u0131 harekete ge\u00e7mek veya uyar\u0131y\u0131 bir \u00e7\u0131k\u0131\u015f kap\u0131s\u0131 olarak kullanmak istiyorsan\u0131z: \u0130\u015f hukuku ve i\u015f s\u00f6zle\u015fmesi konusunda uzman bir avukat olarak, <a href=\"https:\/\/smart-arbeitsrecht.de\/tr\/anwalt-kuendigung-arbeitsrecht\/\">Hamburg&#039;da k\u00fcrtaj uzman\u0131<\/a> \u0130htarlarla ilgili her t\u00fcrl\u00fc sorunuzda size kapsaml\u0131 destek verece\u011fim ve \u00e7\u0131karlar\u0131n\u0131z\u0131 savunaca\u011f\u0131m.\r\n      <\/p>\r\n      <div class=\"iconlist\">\r\n        <p class=\"p-4 font-bold text-xl\">\r\n        Say\u0131s\u0131z uyar\u0131y\u0131 ba\u015far\u0131ya d\u00f6n\u00fc\u015ft\u00fcrd\u00fck, \u015fimdi s\u0131ra sizde\r\n        <\/p>\r\n        <ul>\r\n          <li class=\"flex\">\r\n            <span class=\"fa fa-check mr-2 pt-1 text-green-500\"><\/span>Uyar\u0131 mektubunuzu son derece uzmanla\u015fm\u0131\u015f ve deneyimli hukuk b\u00fcromuzun ellerine teslim edin\r\n          <\/li>\r\n          <li class=\"flex\">\r\n            <span class=\"fa fa-check mr-2 pt-1 text-green-500\"><\/span>Uyar\u0131 i\u00e7in se\u00e7eneklerinizi a\u00e7\u0131klamaktan ve ba\u015far\u0131 stratejinizi tan\u0131mlamaktan mutluluk duyar\u0131z\r\n          <\/li>\r\n          <li class=\"flex\">\r\n            <span class=\"fa fa-check mr-2 pt-1 text-green-500\"><\/span>\u00c7\u0131karlar\u0131n\u0131z\u0131 ba\u015far\u0131yla savunuyoruz - ister uyar\u0131n\u0131n geri \u00e7ekilmesi, ister i\u015f ili\u015fkisinden \u00e7\u0131k\u0131lmas\u0131 olsun\r\n          <\/li>\r\n          <li class=\"flex\">\r\n            <span class=\"fa fa-check mr-2 pt-1 text-green-500\"><\/span>Ba\u015fka bir \u015fey yapman\u0131za gerek yok; i\u015fvereninizle m\u00fczakere ediyoruz, dava a\u00e7\u0131yoruz ve sizi kapsaml\u0131 bir \u015fekilde temsil ediyoruz\r\n          <\/li>\r\n          <li class=\"flex\">\r\n            <span class=\"fa fa-check mr-2 pt-1 text-green-500\"><\/span>Ba\u015far\u0131m\u0131z\u0131n re\u00e7etesi, \u00e7\u0131karlar\u0131n\u0131z\u0131 etkili bir \u015fekilde uygulayacak taktiksel olarak sa\u011flam bir istihdam yasas\u0131d\u0131r\r\n        <\/ul>\r\n      <\/div>\r\n      <div class=\"buttons-block flex flex-wrap justify-center mt-12\">\r\n        <a class=\"btn-cta mr-0 sm:mr-3\" href=\"tel:+4940524717830\"> <i class=\"fa fa-phone mr-2\"><\/i> Hemen aray\u0131n <\/a>\r\n        <a class=\"btn-cta mr-0 sm:mr-3\" href=\"\/tr\/kontakt\/\">\r\n          <i class=\"fa fa-envelope mr-2\"><\/i> \u015eimdi destek talep edin<\/a\r\n>\r\n      <\/div>\r\n    <\/div>\r\n  <\/div>\r\n<\/div>            <\/div>\n                                <div class='order-2 md:order-none' >\n                \n<div class=\"smart-container logo\" >\n    \n    <div class=\"flex flex-wrap justify-around\">\n        \n                            \n                                                        <div >\n                        <div class=\"h-full  z-10\">\n                            <div class=\"h-full\">\n                                <img loading=\"lazy\" decoding=\"async\" src=\"\/wp-content\/uploads\/2021\/01\/logo_mitglied_arge_arbeitsrecht_1.jpg\" alt=\"Mitglied der Arbeitsgemeinschaft Arbeitsrecht\" width=\"300\" height=\"73\" class=\"alignnone size-full wp-image-2280\" \/>                            <\/div>\n                        <\/div>\n                    <\/div>\n                                                        <div >\n                        <div class=\"h-full  z-10\">\n                            <div class=\"h-full\">\n                                <img loading=\"lazy\" decoding=\"async\" class=\"alignnone size-full wp-image-859\" src=\"\/wp-content\/uploads\/2020\/05\/dav-mitglied.png\" alt=\"Mitglied im AnwaltVerein\" width=\"220\" height=\"80\" \/>                            <\/div>\n                        <\/div>\n                    <\/div>\n                                                        <div >\n                        <div class=\"h-full  z-10\">\n                            <div class=\"h-full\">\n                                <img loading=\"lazy\" decoding=\"async\" src=\"\/wp-content\/uploads\/2021\/02\/dav_fortbildungsbescheinigung.png\" alt=\"DAV Fortbildungsbescheinigung\" width=\"172\" height=\"80\" class=\"alignnone size-full wp-image-3374\" \/>                            <\/div>\n                        <\/div>\n                    <\/div>\n                \n                    \n        \n    <\/div>\n\n<\/div>\n            <\/div>\n                                <div class='mobile-even-row order-3 md:order-none' >\n                \n<div class=\"smart-container\" >\n            <h2 class=\"font-bold text-center\">Uyar\u0131lar\u0131n \u00fccretsiz ilk incelemesi \u2013 i\u015f hukuku konusunda uzman bir avukattan<\/h2>\n    \n    <div class=\"flex flex-wrap\">\n        \n                            \n                                                        <div >\n                        <div class=\"h-full  z-10\">\n                            <div class=\"h-full p-2\">\n                                \u015eimdi bir tane al\u0131n <strong>nitelikli ilk de\u011ferlendirme<\/strong> Uyar\u0131n\u0131z hakk\u0131nda \u2013 \u00fccretsiz ve hi\u00e7bir y\u00fck\u00fcml\u00fcl\u00fck alt\u0131na girmeden, uzman bir i\u015f hukuku avukat\u0131ndan bilgi al\u0131n.                            <\/div>\n                        <\/div>\n                    <\/div>\n                                                        <div class=\"w-full lg:w-full\">\n                        <div class=\"h-full  hasBorder z-10  bg-white\" style=\"border: 5px solid #38A956;\">\n                            <div class=\"h-full p-2\">\n                                <div class=\"flex flex-col\" style=\"min-height: 350px;\">\r\n\r\n  <div class=\"sa-app\" style=\"overflow:unset;\">\r\n    <div id=\"app\"><\/div>\r\n  <\/div>\r\n\r\n  <div id=\"start-screen\">\r\n    <div class=\"progressbar\" role=\"progressbar\" aria-hidden=\"false\" aria-valuemin=\"0\" aria-valuemax=\"100\"\r\n      aria-valuenow=\"2\" aria-label=\"Sorgu ilerlemesi\">\r\n      <strong class=\"progress-text\">2%<\/strong>\r\n      <div class=\"progress\"><\/div>\r\n    <\/div>\r\n\r\n    <div class=\"load-app-btn-wrapper flex flex-col sm:flex-row justify-center items-center mb-12\" style=\"margin-top:8rem;\">\r\n      <button class=\"vuetify-btn load-app-btn w-full sm:w-auto sm:mr-4\"\r\n        data-source=\"abmahnung_V1_kurzfassung\">An\u0131nda kontrol\u00fc ba\u015flat<\/button>\r\n    <\/div>\r\n  <\/div>\r\n<\/div>\r\n<div class=\"flex flex-wrap space-x-10 justify-center lg:justify-around md:mt-auto mt-2\">\r\n  <div class=\"flex items-center space-x-2 lg:space-x-3\">\r\n    <img decoding=\"async\" class=\"w-16 h-16 rounded-full lg:w-20 lg:h-20\"\r\n      src=\"\/wp-content\/uploads\/2023\/05\/Raphael_Lugowski_K\u00fc\u00e7\u00fck Resim.jpeg\" alt=\"Raphael Lugowski\">\r\n    <div class=\"font-medium text-lg leading-6\">\r\n      <p class=\"font-bold m-0\">Raphael Lugowski<\/p>\r\n      <p class=\"text-sm m-0 text-gray-500\">\u0130\u015f hukuku konusunda uzman avukat<\/p>\r\n    <\/div>\r\n  <\/div>\r\n  <div class=\"flex items-center text-green-400\">\r\n    <div>\r\n      <i class=\"fa-shield\" style=\"line-height:4rem;font-size:2.5rem;\"><\/i>\r\n    <\/div>\r\n    <p class=\"ml-4 mb-0\">G\u00fcvenli ileti\u015fim<\/p>\r\n  <\/div>\r\n<\/div>                            <\/div>\n                        <\/div>\n                    <\/div>\n                \n                    \n        \n    <\/div>\n\n<\/div>\n            <\/div>\n                                <div class='order-4 md:order-none' >\n                \n<div class=\"smart-container\" >\n    \n    <div class=\"flex flex-wrap\">\n        \n                            \n                                                        <div class=\"p-2\">\n                        <div class=\"h-full  z-10  overflow-hidden\">\n                            <div class=\"h-full p-1\">\n                                <h2 class=\"font-bold text-center\">Hamburg&#039;daki uyar\u0131 mektuplar\u0131 i\u00e7in avukat\u0131n\u0131z<\/h2>\r\n<div class=\"relative z-10 text-base lg:max-w-5xl lg:pr-72\">\r\n  <p class=\"text-lg text-gray-500\">Bir uyar\u0131 mektubu ald\u0131n\u0131z ve Hamburg&#039;da i\u015f hukuku konusunda uzmanla\u015fm\u0131\u015f bir avukat m\u0131 ar\u0131yorsunuz? \u0130\u015f hukuku konusunda \u00fcst d\u00fczey profesyonel deste\u011fe ihtiyac\u0131n\u0131z varsa, do\u011fru yerdesiniz. Uyar\u0131 mektuplar\u0131, fesih ve i\u015ften \u00e7\u0131karmalar konusunda uzman\u0131z. <a href=\"https:\/\/smart-arbeitsrecht.de\/tr\/anwalt-aufhebungsvertrag\/\">Fesih s\u00f6zle\u015fmeleri<\/a> ve k\u0131dem tazminatlar\u0131. Bizimle yasal haklar\u0131n\u0131z\u0131 g\u00fcvenilir bir \u015fekilde savunabilirsiniz.<\/p>\r\n<\/div>\r\n<div class=\"lg:grid lg:grid-cols-2 lg:gap-8 lg:items-start\">\r\n  <div class=\"relative z-10\">\r\n\r\n<h3 class=\"font-bold text-center\">\u0130htar mektuplar\u0131 i\u00e7in avukat \u2013 \u00e7\u0131karlar\u0131n\u0131z\u0131n korunmas\u0131<\/h3>\r\n<p>Bir uyar\u0131 mektubu, i\u015f ili\u015fkinizi alt\u00fcst edebilir. Hukuki durumunuzu derhal iyile\u015ftirmemiz bizim i\u00e7in \u00f6nemlidir. Avukat\u0131n\u0131z\u0131n tek \u00f6nceli\u011fi, \u00e7\u0131karlar\u0131n\u0131z\u0131 savunmakt\u0131r. Kalite standartlar\u0131m\u0131z y\u00fcksektir, bu sayede size nitelikli tavsiyelerde bulunabilir ve \u00e7\u0131karlar\u0131n\u0131z\u0131 en iyi \u015fekilde savunabiliriz. <\/p>\r\n\r\n<h3 class=\"font-bold text-center\">\u0130\u015f hukukunda uzmanl\u0131k ve deneyim \u2013 ba\u015far\u0131n\u0131z\u0131n garantisi<\/h3>\r\n<p>Bizi farkl\u0131 k\u0131lan nedir? Y\u00fcksek d\u00fczeyde uzmanl\u0131k, i\u015f hukuku deneyimi ve ihtarnamenizin ba\u015far\u0131l\u0131 bir \u015fekilde sonu\u00e7land\u0131r\u0131lmas\u0131na yard\u0131mc\u0131 olma konusundaki kararl\u0131l\u0131\u011f\u0131m\u0131z. \u0130lgi alanlar\u0131n\u0131za g\u00f6re davan\u0131z\u0131 bireysel olarak analiz edece\u011fimizden ve ard\u0131ndan sizin ad\u0131n\u0131za t\u00fcm yasal ad\u0131mlar\u0131 ataca\u011f\u0131m\u0131zdan emin olabilirsiniz. Kalitemiz, g\u00fcvenilirli\u011fimiz ve \u015feffafl\u0131\u011f\u0131m\u0131z sayesinde, bizimle kendinizi en iyi ellerde hissetmenizi istiyoruz. &quot;Evet, buras\u0131 benim i\u00e7in do\u011fru yer! Bu hukuk firmas\u0131 beni hedefime ula\u015ft\u0131racak.&quot; demenizi istiyoruz.<\/p>\r\n<h3 class=\"font-bold text-center\">Amac\u0131m\u0131z: Ba\u015far\u0131l\u0131 olman\u0131za yard\u0131mc\u0131 olmak<\/h3>\r\n<p>Uyar\u0131ya &quot;sadece&quot; itiraz etmek istemeniz veya uyar\u0131n\u0131n i\u015f ili\u015fkinizden ayr\u0131lman\u0131za giden bir kap\u0131 olmas\u0131 \u00f6nemli de\u011fil. \u0130lgi alanlar\u0131n\u0131za ba\u011fl\u0131 olarak, haklar\u0131n\u0131z\u0131 i\u015f mahkemesinde savunacak veya m\u00fczakere uzman\u0131n\u0131z olarak hareket ederek sizin i\u00e7in m\u00fcmk\u00fcn olan en y\u00fcksek \u00e7\u0131k\u0131\u015f paketini sa\u011flayaca\u011f\u0131z.<\/p>\r\n  <\/div>\r\n  <div class=\"mt-12 relative lg:mt-0 px-2\">\r\n    <svg class=\"absolute top-0 right-0 -mt-20 -mr-20 lg:top-auto lg:right-auto lg:bottom-1\/2 lg:left-1\/2 lg:mt-0 lg:mr-0 xl:top-0 xl:right-0 xl:-mt-20 xl:-mr-20\" width=\"404\" height=\"384\" fill=\"none\" viewbox=\"0 0 404 384\" aria-hidden=\"true\">\r\n      <defs>\r\n        <pattern id=\"pattern\" x=\"0\" y=\"0\" width=\"20\" height=\"20\" patternunits=\"userSpaceOnUse\">\r\n          <rect x=\"0\" y=\"0\" width=\"4\" height=\"4\" class=\"text-gray-200\" fill=\"currentColor\" \/>\r\n        <\/pattern>\r\n      <\/defs>\r\n      <rect width=\"404\" height=\"384\" fill=\"url(#pattern)\" \/>\r\n    <\/svg>\r\n    <blockquote class=\"relative bg-white shadow-lg\">\r\n      <div class=\"px-6 py-8 sm:px-10 sm:pt-10 sm:pb-8\">\r\n        <img loading=\"lazy\" decoding=\"async\" src=\"\/wp-content\/themes\/tailpress\/img\/smart_arbeitsrecht_logo_blau.svg\" alt=\"Smart Arbeitsrecht Logo\" width=\"120\" height=\"39\">\r\n        <div class=\"relative text-lg text-gray-700 font-medium mt-8\">\r\n          <svg class=\"absolute top-0 left-0 transform -translate-x-3 -translate-y-2 h-8 w-8 text-gray-200\" fill=\"currentColor\" viewbox=\"0 0 32 32\" aria-hidden=\"true\">\r\n            <path d=\"M9.352 4C4.456 7.456 1 13.12 1 19.36c0 5.088 3.072 8.064 6.624 8.064 3.36 0 5.856-2.688 5.856-5.856 0-3.168-2.208-5.472-5.088-5.472-.576 0-1.344.096-1.536.192.48-3.264 3.552-7.104 6.624-9.024L9.352 4zm16.512 0c-4.8 3.456-8.256 9.12-8.256 15.36 0 5.088 3.072 8.064 6.624 8.064 3.264 0 5.856-2.688 5.856-5.856 0-3.168-2.304-5.472-5.184-5.472-.576 0-1.248.096-1.44.192.48-3.264 3.456-7.104 6.528-9.024L25.864 4z\" \/>\r\n          <\/svg>\r\n          <p class=\"relative\">\u0130hbar mektubunuza kar\u015f\u0131 harekete ge\u00e7ip ge\u00e7meyece\u011fimiz ve nas\u0131l ge\u00e7ece\u011fimiz tamamen sizin \u00e7\u0131karlar\u0131n\u0131za ba\u011fl\u0131d\u0131r. Se\u00e7eneklerinizi a\u00e7\u0131k ve \u015feffaf bir \u015fekilde sunaca\u011f\u0131z. \u0130htiyac\u0131n\u0131z olan t\u00fcm yasal se\u00e7enekleri size sunaca\u011f\u0131m\u0131za g\u00fcvenebilirsiniz. Dava a\u00e7abilir veya \u00e7\u0131k\u0131\u015f paketiniz i\u00e7in pazarl\u0131k yapabiliriz. Kaliteli i\u015f hukukuna a\u00e7\u0131k ve empatik bir ileti\u015fimle eri\u015fmek istiyorsan\u0131z, do\u011fru yerdesiniz. Sizin ad\u0131n\u0131za \u00e7al\u0131\u015fmam\u0131z\u0131 isterseniz bizimle ileti\u015fime ge\u00e7in. Sizden haber almaktan memnuniyet duyar\u0131z.\r\n        <\/div>\r\n      <\/div><cite class=\"relative flex items-center sm:items-start bg-primary not-italic py-5 px-6 sm:py-5 sm:pl-12 sm:pr-10 sm:mt-10\"><span class=\"block relative rounded-full border-2 border-white sm:absolute sm:top-0 sm:transform sm:-translate-y-1\/2\"><img decoding=\"async\" class=\"w-12 h-12 sm:w-20 sm:h-20 rounded-full\" src=\"\/wp-content\/uploads\/2023\/05\/Raphael_Lugowski_K\u00fc\u00e7\u00fck Resim.jpeg\" alt=\"Raphael Lugowski\"><\/span>\r\n        <span class=\"relative ml-4 font-semibold leading-6 sm:ml-24 sm:pl-1\"><span class=\"text-white font-semibold sm:inline\">Raphael Lugowski<\/span><\/span><\/cite><\/blockquote>\r\n  <\/div>\r\n<\/div>                            <\/div>\n                        <\/div>\n                    <\/div>\n                \n                    \n        \n    <\/div>\n\n<\/div>\n            <\/div>\n                                <div class='mobile-even-row order-5 md:order-none' >\n                \n<div class=\"smart-container\" >\n    \n    <div class=\"flex flex-wrap justify-center\">\n        \n                            \n                                                        <div class=\"w-full lg:w-1\/3 text-start\">\n                        <div class=\"h-full  z-10\">\n                            <div class=\"h-full\">\n                                <div class=\"flex flex-col h-full relative\">\r\n  <div class=\"absolute top-0 left-0 mt-3 ml-4 md:mt-5 md:ml-12\"> <svg xmlns=\"http:\/\/www.w3.org\/2000\/svg\" class=\"text-primary-light fill-current w-12 h-12 md:w-16 md:h-16 opacity-40\" viewbox=\"0 0 24 24\">\r\n      <path d=\"M6.5 10c-.223 0-.437.034-.65.065.069-.232.14-.468.254-.68.114-.308.292-.575.469-.844.148-.291.409-.488.601-.737.201-.242.475-.403.692-.604.213-.21.492-.315.714-.463.232-.133.434-.28.65-.35.208-.086.39-.16.539-.222.302-.125.474-.197.474-.197L9.758 4.03c0 0-.218.052-.597.144C8.97 4.222 8.737 4.278 8.472 4.345c-.271.05-.56.187-.882.312C7.272 4.799 6.904 4.895 6.562 5.123c-.344.218-.741.4-1.091.692C5.132 6.116 4.723 6.377 4.421 6.76c-.33.358-.656.734-.909 1.162C3.219 8.33 3.02 8.778 2.81 9.221c-.19.443-.343.896-.468 1.336-.237.882-.343 1.72-.384 2.437-.034.718-.014 1.315.028 1.747.015.204.043.402.063.539.017.109.025.168.025.168l.026-.006C2.535 17.474 4.338 19 6.5 19c2.485 0 4.5-2.015 4.5-4.5S8.985 10 6.5 10zM17.5 10c-.223 0-.437.034-.65.065.069-.232.14-.468.254-.68.114-.308.292-.575.469-.844.148-.291.409-.488.601-.737.201-.242.475-.403.692-.604.213-.21.492-.315.714-.463.232-.133.434-.28.65-.35.208-.086.39-.16.539-.222.302-.125.474-.197.474-.197L20.758 4.03c0 0-.218.052-.597.144-.191.048-.424.104-.689.171-.271.05-.56.187-.882.312-.317.143-.686.238-1.028.467-.344.218-.741.4-1.091.692-.339.301-.748.562-1.05.944-.33.358-.656.734-.909 1.162C14.219 8.33 14.02 8.778 13.81 9.221c-.19.443-.343.896-.468 1.336-.237.882-.343 1.72-.384 2.437-.034.718-.014 1.315.028 1.747.015.204.043.402.063.539.017.109.025.168.025.168l.026-.006C13.535 17.474 15.338 19 17.5 19c2.485 0 4.5-2.015 4.5-4.5S19.985 10 17.5 10z\"><\/path>\r\n    <\/svg><\/div>\r\n  <div class=\"h-full relative z-10\">\r\n    <div class=\"text-center px-6 md:px-16 pt-10 md:pt-14 text-l sm:text-xl\">\r\n      <p class=\"text-gray-600 serif font-normal italic\">\r\n   \u0130\u015ften \u00e7\u0131kar\u0131lmam\u0131n ard\u0131ndan \u00e7ok yetkin ve \u00f6zverili bir destek ald\u0131m. Bay Lugowski, i\u015fverenimle s\u00fcrekli ileti\u015fim halindeydi. Etkile\u015fim her zaman \u00e7ok keyifli ve bilgilendiriciydi. Benim i\u00e7in \u00e7ok iyi bir sonu\u00e7 elde etti.\r\n      <\/p>\r\n      <span class=\"text-center font-bold\">TK<\/span> <i class=\"fa-star text-yellow-400\"><\/i> <i class=\"fa-star text-yellow-400\"><\/i> <i class=\"fa-star text-yellow-400\"><\/i> <i class=\"fa-star text-yellow-400\"><\/i> <i class=\"fa-star text-yellow-400\"><\/i>\r\n    <\/div>\r\n  <\/div>\r\n<\/div>                            <\/div>\n                        <\/div>\n                    <\/div>\n                                                        <div class=\"w-full lg:w-1\/3 text-center\">\n                        <div class=\"h-full  z-10\">\n                            <div class=\"h-full\">\n                                <div class=\"flex flex-col h-full relative\">\r\n  <div class=\"absolute top-0 left-0 mt-3 ml-4 md:mt-5 md:ml-12\"> <svg xmlns=\"http:\/\/www.w3.org\/2000\/svg\" class=\"text-primary-light fill-current w-12 h-12 md:w-16 md:h-16 opacity-40\" viewbox=\"0 0 24 24\">\r\n      <path d=\"M6.5 10c-.223 0-.437.034-.65.065.069-.232.14-.468.254-.68.114-.308.292-.575.469-.844.148-.291.409-.488.601-.737.201-.242.475-.403.692-.604.213-.21.492-.315.714-.463.232-.133.434-.28.65-.35.208-.086.39-.16.539-.222.302-.125.474-.197.474-.197L9.758 4.03c0 0-.218.052-.597.144C8.97 4.222 8.737 4.278 8.472 4.345c-.271.05-.56.187-.882.312C7.272 4.799 6.904 4.895 6.562 5.123c-.344.218-.741.4-1.091.692C5.132 6.116 4.723 6.377 4.421 6.76c-.33.358-.656.734-.909 1.162C3.219 8.33 3.02 8.778 2.81 9.221c-.19.443-.343.896-.468 1.336-.237.882-.343 1.72-.384 2.437-.034.718-.014 1.315.028 1.747.015.204.043.402.063.539.017.109.025.168.025.168l.026-.006C2.535 17.474 4.338 19 6.5 19c2.485 0 4.5-2.015 4.5-4.5S8.985 10 6.5 10zM17.5 10c-.223 0-.437.034-.65.065.069-.232.14-.468.254-.68.114-.308.292-.575.469-.844.148-.291.409-.488.601-.737.201-.242.475-.403.692-.604.213-.21.492-.315.714-.463.232-.133.434-.28.65-.35.208-.086.39-.16.539-.222.302-.125.474-.197.474-.197L20.758 4.03c0 0-.218.052-.597.144-.191.048-.424.104-.689.171-.271.05-.56.187-.882.312-.317.143-.686.238-1.028.467-.344.218-.741.4-1.091.692-.339.301-.748.562-1.05.944-.33.358-.656.734-.909 1.162C14.219 8.33 14.02 8.778 13.81 9.221c-.19.443-.343.896-.468 1.336-.237.882-.343 1.72-.384 2.437-.034.718-.014 1.315.028 1.747.015.204.043.402.063.539.017.109.025.168.025.168l.026-.006C13.535 17.474 15.338 19 17.5 19c2.485 0 4.5-2.015 4.5-4.5S19.985 10 17.5 10z\"><\/path>\r\n    <\/svg><\/div>\r\n  <div class=\"h-full relative z-10\">\r\n    <div class=\"text-center px-6 md:px-16 pt-10 md:pt-14 text-l sm:text-xl\">\r\n      <p class=\"text-gray-600 serif font-normal italic\"> Zorlu ko\u015fullara ra\u011fmen, Avukat Lugowski bu davada benim i\u00e7in bekledi\u011fimden fazlas\u0131n\u0131 ba\u015fard\u0131. Bu davan\u0131n her zaman son derece profesyonel ve \u015feffaf bir \u015fekilde y\u00fcr\u00fct\u00fclmesinden dolay\u0131 i\u00e7tenlikle minnettarl\u0131\u011f\u0131m\u0131 ifade etmek isterim. \r\n      <\/p>\r\n      <span class=\"text-center font-bold\">TK<\/span> <i class=\"fa-star text-yellow-400\"><\/i> <i class=\"fa-star text-yellow-400\"><\/i> <i class=\"fa-star text-yellow-400\"><\/i> <i class=\"fa-star text-yellow-400\"><\/i> <i class=\"fa-star text-yellow-400\"><\/i>\r\n    <\/div>\r\n  <\/div>\r\n<\/div>                            <\/div>\n                        <\/div>\n                    <\/div>\n                                                        <div class=\"w-full lg:w-1\/3 text-end\">\n                        <div class=\"h-full  z-10\">\n                            <div class=\"h-full\">\n                                <div class=\"flex flex-col h-full relative\">\r\n  <div class=\"absolute top-0 left-0 mt-3 ml-4 md:mt-5 md:ml-12\"> <svg xmlns=\"http:\/\/www.w3.org\/2000\/svg\" class=\"text-primary-light fill-current w-12 h-12 md:w-16 md:h-16 opacity-40\" viewbox=\"0 0 24 24\">\r\n      <path d=\"M6.5 10c-.223 0-.437.034-.65.065.069-.232.14-.468.254-.68.114-.308.292-.575.469-.844.148-.291.409-.488.601-.737.201-.242.475-.403.692-.604.213-.21.492-.315.714-.463.232-.133.434-.28.65-.35.208-.086.39-.16.539-.222.302-.125.474-.197.474-.197L9.758 4.03c0 0-.218.052-.597.144C8.97 4.222 8.737 4.278 8.472 4.345c-.271.05-.56.187-.882.312C7.272 4.799 6.904 4.895 6.562 5.123c-.344.218-.741.4-1.091.692C5.132 6.116 4.723 6.377 4.421 6.76c-.33.358-.656.734-.909 1.162C3.219 8.33 3.02 8.778 2.81 9.221c-.19.443-.343.896-.468 1.336-.237.882-.343 1.72-.384 2.437-.034.718-.014 1.315.028 1.747.015.204.043.402.063.539.017.109.025.168.025.168l.026-.006C2.535 17.474 4.338 19 6.5 19c2.485 0 4.5-2.015 4.5-4.5S8.985 10 6.5 10zM17.5 10c-.223 0-.437.034-.65.065.069-.232.14-.468.254-.68.114-.308.292-.575.469-.844.148-.291.409-.488.601-.737.201-.242.475-.403.692-.604.213-.21.492-.315.714-.463.232-.133.434-.28.65-.35.208-.086.39-.16.539-.222.302-.125.474-.197.474-.197L20.758 4.03c0 0-.218.052-.597.144-.191.048-.424.104-.689.171-.271.05-.56.187-.882.312-.317.143-.686.238-1.028.467-.344.218-.741.4-1.091.692-.339.301-.748.562-1.05.944-.33.358-.656.734-.909 1.162C14.219 8.33 14.02 8.778 13.81 9.221c-.19.443-.343.896-.468 1.336-.237.882-.343 1.72-.384 2.437-.034.718-.014 1.315.028 1.747.015.204.043.402.063.539.017.109.025.168.025.168l.026-.006C13.535 17.474 15.338 19 17.5 19c2.485 0 4.5-2.015 4.5-4.5S19.985 10 17.5 10z\"><\/path>\r\n    <\/svg><\/div>\r\n  <div class=\"h-full relative z-10\">\r\n    <div class=\"text-center px-6 md:px-16 pt-10 md:pt-14 text-l sm:text-xl\">\r\n      <p class=\"text-gray-600 serif font-normal italic\">\r\n       Bay Lugowski, Hamburg&#039;da ger\u00e7ekten harika bir avukat. \u0130\u015fverenimdeki olduk\u00e7a karma\u015f\u0131k bir davada bana yard\u0131mc\u0131 oldu ve ba\u015flang\u0131\u00e7ta teklif edilenden \u00e7ok daha y\u00fcksek bir k\u0131dem tazminat\u0131 paketi almay\u0131 ba\u015fard\u0131.\r\n      <\/p>\r\n      <span class=\"text-center font-bold\">EA<\/span> <i class=\"fa-star text-yellow-400\"><\/i> <i class=\"fa-star text-yellow-400\"><\/i> <i class=\"fa-star text-yellow-400\"><\/i> <i class=\"fa-star text-yellow-400\"><\/i> <i class=\"fa-star text-yellow-400\"><\/i>\r\n    <\/div>\r\n  <\/div>\r\n<\/div>                            <\/div>\n                        <\/div>\n                    <\/div>\n                \n                    \n        \n    <\/div>\n\n<\/div>\n            <\/div>\n                                <div class='order-6 md:order-none' >\n                \n<div class=\"smart-container\" >\n    \n    <div class=\"flex flex-wrap\">\n        \n                            \n                                                        <div class=\"w-full lg:w-5\/12 py-1\">\n                        <div class=\"h-full  hasBorder z-10\" style=\"border: 5px solid #5E5E5E;\">\n                            <div class=\"h-full p-8\">\n                                <h3>Daha b\u00fcy\u00fck sorunlar\u0131n habercisi olarak uyar\u0131<\/h3>\r\n<p>Deneyimlerime g\u00f6re <a href=\"https:\/\/smart-arbeitsrecht.de\/tr\/\">Hamburg&#039;da i\u015f hukuku alan\u0131nda uzman avukat<\/a> Ayr\u0131l\u0131k s\u00fcre\u00e7lerine odaklanarak \u015funu s\u00f6yleyebilirim: Uyar\u0131, hukuki zorluklar anlam\u0131na gelebilir.<\/p>\r\n<ul class=\"list-square\">\r\n<li>O <strong>\u0130\u015f veren<\/strong> (ki\u015fisel veya profesyonel) olabilir <strong>sorun<\/strong> sizinle birlikte hareket eder ve dolay\u0131s\u0131yla bask\u0131 olu\u015fturur.<\/li>\r\n<li>Uyar\u0131n\u0131n amac\u0131n\u0131n \u015fu oldu\u011fu ihtimali g\u00f6z ard\u0131 edilemez: <strong>Fesih<\/strong> i\u015f ili\u015fkisinin.<\/li>\r\n<li>Bu nedenle uyar\u0131yla nas\u0131l ba\u015fa \u00e7\u0131kaca\u011f\u0131n\u0131z\u0131 merak ediyor olabilirsiniz.<\/li>\r\n<li>\u00c7\u00fcnk\u00fc bir yandan da tutuyorsun <strong>uyar\u0131<\/strong> i\u00e7in <strong>haks\u0131z<\/strong>\u00d6te yandan sen kendi yolundas\u0131n <strong>i\u015fyeri<\/strong> talimat verildi.<\/li>\r\n<li>Ama belki de uyar\u0131 sizin i\u00e7in uygundur, \u00e7\u00fcnk\u00fc art\u0131k i\u015f ili\u015fkisini s\u00fcrd\u00fcrmek istemiyorsunuz ve <strong>K\u0131dem tazminat\u0131na kar\u015f\u0131 fesih<\/strong> istek.<\/li>\r\n<\/ul>                            <\/div>\n                        <\/div>\n                    <\/div>\n                                                        <div class=\"w-full lg:w-2\/12 self-center text-center py-1 hidden lg:block\">\n                        <div class=\"h-full  z-10\">\n                            <div class=\"h-full p-8\">\n                                <p>Uyar\u0131 mektubunuzda size nas\u0131l destek olabilirim?\r\n<i class=\"fa fa-long-arrow-right grey_blue_arrow\" style=\"font-size: 90px;\"><\/i>\r\n<\/p>                            <\/div>\n                        <\/div>\n                    <\/div>\n                                                        <div class=\"w-full lg:w-5\/12 py-1\">\n                        <div class=\"h-full  hasBorder gradient-border blue-gradient z-10\">\n                            <div class=\"h-full p-8\">\n                                <div class=\"iconlist flex flex-col justify-center h-full\">\r\n<h3 class=\"pb-2\" style=\"text-align: center;\">Deste\u011fimle<\/h3>\r\n<ul class=\"text-lg flex justify-center\">\r\n \t<li class=\"flex pb-4\"><i class=\"text-2xl fa fa-eur mr-3 pt-1\"><\/i>Uyar\u0131n\u0131n yasal olup olmad\u0131\u011f\u0131 konusunda netlik kazanacaks\u0131n\u0131z<\/li>\r\n \t<li class=\"flex pb-4\"><i class=\"text-2xl fa fa-smile-o mr-3 pt-1\"><\/i>\u0130\u015finizi \u00f6nceden g\u00fcvence alt\u0131na alabilir ve uyar\u0131lara kar\u015f\u0131 \u00f6nlem alabilirsiniz.<\/li>\r\n \t<li class=\"flex pb-4\"><i class=\"text-2xl fa fa-life-ring mr-3 pt-1\"><\/i>Uyar\u0131y\u0131 personel dosyan\u0131zdan kald\u0131rabilirsiniz<\/li>\r\n \t<li class=\"flex pb-4\"><i class=\"text-2xl fa fa-file-text-o mr-3 pt-1\"><\/i>Uyar\u0131y\u0131 stratejik olarak k\u0131dem tazminat\u0131 kar\u015f\u0131l\u0131\u011f\u0131nda feshe y\u00f6nlendirebilirsiniz<\/li>\r\n<\/ul>\r\n<\/div>                            <\/div>\n                        <\/div>\n                    <\/div>\n                \n                    \n        \n    <\/div>\n\n<\/div>\n            <\/div>\n                                <div class='mobile-even-row order-7 md:order-none' >\n                \n<div class=\"smart-container\" >\n    \n    <div class=\"flex flex-wrap\">\n        \n                            \n                                                        <div class=\"w-full lg:w-full\">\n                        <div class=\"h-full  z-10\">\n                            <div class=\"h-full\">\n                                <div class=\"lg:flex lg:items-center lg:justify-between\"><p class=\"text-3xl font-extrabold tracking-tight text-gray-900 sm:text-4xl\"><span class=\"block\">\u0130htarnameler konusunda nitelikli ilk dan\u0131\u015fmanl\u0131k.<\/span><span class=\"block text-primary-light\">Hukuki a\u00e7\u0131dan konuya tam olarak hakim.<\/span><\/p><div class=\"buttons-block flex flex-wrap justify-center mt-3\"><a class=\"btn-cta mr-3 mt-0 lg:mt-3 xl:mt-0\" href=\"tel:+4940524717830\"><i class=\"fa fa-phone mr-2\"><\/i>Hemen aray\u0131n<\/a><a class=\"btn-cta mr-3 mt-0 lg:mt-3 xl:mt-0\" href=\"\/tr\/kontakt\/\"><i class=\"fa fa-envelope mr-2\"><\/i>Davay\u0131 a\u00e7\u0131klay\u0131n<\/a><\/div><\/div>                            <\/div>\n                        <\/div>\n                    <\/div>\n                \n                    \n        \n    <\/div>\n\n<\/div>\n            <\/div>\n                                <div class='order-8 md:order-none' >\n                \n<div class=\"smart-container\" >\n            <h2 class=\"font-bold text-center\">&quot;Bir avukat olarak, i\u015fvereninizin uyar\u0131 mektubuna kar\u015f\u0131 kendinizi savunman\u0131zda sizi destekleyece\u011fim.&quot;<\/h2>\n    \n    <div class=\"flex flex-wrap\">\n        \n                            \n                                                        <div >\n                        <div class=\"h-full  z-10\">\n                            <div class=\"h-full\">\n                                <div class=\"relative overflow-hidden\">\r\n  <svg\r\n    class=\"hidden xl:block absolute top-0 right-0 -mt-20 -mr-20\"\r\n    width=\"300\"\r\n    height=\"600\"\r\n    fill=\"none\"\r\n    viewbox=\"0 0 300 600\"\r\n    aria-hidden=\"true\"\r\n  >\r\n    <defs>\r\n      <pattern\r\n        id=\"pattern_1\"\r\n        x=\"0\"\r\n        y=\"0\"\r\n        width=\"20\"\r\n        height=\"20\"\r\n        patternunits=\"userSpaceOnUse\"\r\n      >\r\n        <rect x=\"0\" y=\"0\" width=\"4\" height=\"4\" class=\"text-gray-200\" fill=\"currentColor\" \/>\r\n      <\/pattern>\r\n    <\/defs>\r\n    <rect width=\"400\" height=\"600\" fill=\"url(#pattern_1)\" \/>\r\n  <\/svg>\r\n  <svg\r\n    class=\"hidden xl:block absolute bottom-0 left-0 -mb-20 -ml-20\"\r\n    width=\"300\"\r\n    height=\"500\"\r\n    fill=\"none\"\r\n    viewbox=\"0 0 300 500\"\r\n    aria-hidden=\"true\"\r\n  >\r\n    <defs>\r\n      <pattern\r\n        id=\"pattern_2\"\r\n        x=\"0\"\r\n        y=\"0\"\r\n        width=\"20\"\r\n        height=\"20\"\r\n        patternunits=\"userSpaceOnUse\"\r\n      >\r\n        <rect x=\"0\" y=\"0\" width=\"4\" height=\"4\" class=\"text-gray-200\" fill=\"currentColor\" \/>\r\n      <\/pattern>\r\n    <\/defs>\r\n    <rect width=\"400\" height=\"500\" fill=\"url(#pattern_2)\" \/>\r\n  <\/svg>\r\n  <div class=\"relative\">\r\n    <p class=\"max-w-3xl mx-auto text-center text-xl text-gray-500\">\r\n      Merhaba, ben Raphael Lugowski (38). Beni daha iyi tan\u0131man\u0131z i\u00e7in kendimi k\u0131saca tan\u0131tmak istiyorum. Hamburg&#039;da \u00e7al\u0131\u015fan, alan\u0131nda uzman bir i\u015f hukuku avukat\u0131y\u0131m. \u0130hbar mektubunun \u00e7\u00f6z\u00fcm\u00fcne y\u00f6nelik se\u00e7enekleriniz konusunda nitelikli tavsiyelerde bulunuyorum. Beni i\u015fe al\u0131rsan\u0131z, yasal haklar\u0131n\u0131z\u0131 etkili bir \u015fekilde savunaca\u011f\u0131m.\r\n    <\/p>\r\n  <\/div>\r\n  <div class=\"flex flex-col-reverse lg:block relative mt-6 lg:mt-12 lg:grid lg:grid-cols-2 lg:gap-2 lg:items-center justify-items-center\">\r\n    <div class=\"relative\">\r\n      <p class=\"mt-3\">\r\n\u0130\u015f hukuku avukat\u0131 olarak olduk\u00e7a uzman\u0131m. \u00c7ok net de\u011ferlere sahibim ve bir avukat olarak, hukuka ayk\u0131r\u0131 ayr\u0131mc\u0131l\u0131\u011fa ve olumsuz muameleye (\u00f6rne\u011fin hukuka ayk\u0131r\u0131 uyar\u0131lara) kar\u015f\u0131 m\u00fccadele ediyorum.\r\n      <\/p>\r\n\r\n      <p>\r\n       \u0130\u015fveren konseylerine dan\u0131\u015fman olarak en iyisini ba\u015farabilirim. Y\u0131llard\u0131r onlarla yak\u0131n bir \u015fekilde \u00e7al\u0131\u015ft\u0131m ve iyi \u00e7al\u0131\u015fma ko\u015fullar\u0131 i\u00e7in yorulmadan savunuculuk yapt\u0131m. Bu her zaman kolay olmuyor, \u00e7\u00fcnk\u00fc i\u015fverenlerle \u00e7at\u0131\u015fan \u00e7\u0131karlar bazen \u00f6nemli olabiliyor. Ancak, hukuki hassasiyet ve m\u00fczakere becerilerim sayesinde her zaman iyi \u00e7\u00f6z\u00fcmlere ula\u015fabildim.\r\n      <\/p>\r\n\r\n      <p>\r\n       Ve unutmay\u0131n: Hukuk kariyerim boyunca y\u00fczlerce uyar\u0131 ve i\u015ften \u00e7\u0131karma cezas\u0131na ba\u015far\u0131yla itiraz ettim. T\u00fcm bunlar\u0131n temeli her zaman sa\u011flam bir i\u015f hukukudur. \u0130yi bir i\u015f hukukunu (hem taktiksel hem de stratejik olarak) nas\u0131l uygulayaca\u011f\u0131m\u0131 biliyorum. Ayr\u0131ca \u0130\u015f Konseyleri Enstit\u00fcs\u00fc&#039;nde i\u015f hukuku dan\u0131\u015fman\u0131y\u0131m, bu y\u00fczden en son geli\u015fmelerden her zaman haberdar\u0131m.\r\n      <\/p>\r\n    <\/div>\r\n\r\n    <div class=\"my-6 -mx-4 relative lg:my-0\" aria-hidden=\"true\">\r\n      <img loading=\"lazy\" decoding=\"async\"\r\n        class=\"size-full wp-image-6782 relative mx-auto\"\r\n        width=\"600\"\r\n        height=\"337\"\r\n        src=\"\/wp-content\/uploads\/2023\/04\/Raphael_Empfang.jpg\"\r\n        alt=\"Raphael Lugowski empf\u00e4ngt dich herzlich\"\r\n      \/>\r\n    <\/div>\r\n  <\/div>\r\n  <div\r\n    class=\"lg:block relative mt-6 lg:mt-12 lg:grid lg:grid-cols-2 lg:gap-2 lg:items-center justify-items-center\"\r\n  >\r\n    <div class=\"my-6 -mx-4 relative lg:my-0\">\r\n      <img loading=\"lazy\" decoding=\"async\"\r\n        src=\"\/wp-content\/uploads\/2023\/02\/Smart_Arbeitsrecht_Kanzlei_Alsterufer.jpg\"\r\n        alt=\"Smart Arbeitsrecht Kanzlei an der Alsterufer\"\r\n        width=\"600\"\r\n        height=\"338\"\r\n        class=\"relative mx-auto size-full wp-image-6484\"\r\n      \/>\r\n    <\/div>\r\n    <div>\r\n      <p class=\"mt-3\">\r\n        \u0130htarname konusunda uzman birini ar\u0131yorsan\u0131z, size \u015fu konularda destek olabilirim: Her \u015feyden \u00f6nce, GER\u00c7EK \u00e7\u0131karlar\u0131n\u0131z\u0131n ne oldu\u011funu netle\u015ftirmeniz \u00f6nemlidir. Ard\u0131ndan size tamamen \u015feffaf bir \u015fekilde tavsiyelerde bulunaca\u011f\u0131m ve ihtarname hakk\u0131nda do\u011frudan konu\u015faca\u011f\u0131z. \u00c7\u00fcnk\u00fc bilin\u00e7li bir karar vermenizi istiyorum.\r\n      <\/p>\r\n\r\n      <p>\r\n        Beni i\u015fe al\u0131rsan\u0131z, uyar\u0131 mektubunuza kar\u015f\u0131 i\u015flem ba\u015flat\u0131r\u0131m. Ya dava a\u00e7ar\u0131m ya da do\u011frudan i\u015fvereninizle ileti\u015fime ge\u00e7erim. Bir\u00e7ok durumda, sizin ad\u0131n\u0131za i\u015ften \u00e7\u0131karma g\u00f6r\u00fc\u015fmeleri de yapar\u0131m. Yani: arkan\u0131za yaslan\u0131p rahatlayabilirsiniz.\r\n      <\/p>\r\n\r\n      <p>\r\n       Sonra ne olaca\u011f\u0131n\u0131 tahmin edebilirsiniz: m\u00fczakereler. \u0130\u015f hukukunun yan\u0131 s\u0131ra bunun da benim b\u00fcy\u00fck tutkum olmas\u0131 iyi bir \u015fey. M\u00fczakere psikolojisi ve ileti\u015fim uzmanl\u0131k alanlar\u0131m. Davan\u0131zda iyi bir sonu\u00e7 m\u00fcmk\u00fcnse, o zaman tek yol budur. \u0130\u015f hukuku tek ba\u015f\u0131na sorunu \u00e7\u00f6zemez.\r\n      <\/p>\r\n\r\n      <p>Benimle \u00e7al\u0131\u015fmak ister misiniz? \u00c7ok mutlu olurum.<\/p>\r\n      <img loading=\"lazy\" decoding=\"async\"\r\n        src=\"\/wp-content\/uploads\/2022\/01\/Unterschrift.png\"\r\n        alt=\"\"\r\n        width=\"223\"\r\n        height=\"62\"\r\n        class=\"alignnone size-full wp-image-5905 mt-2\"\r\n      \/>\r\n    <\/div>\r\n  <\/div>\r\n<\/div>\r\n                            <\/div>\n                        <\/div>\n                    <\/div>\n                \n                    \n        \n    <\/div>\n\n<\/div>\n            <\/div>\n                                <div class='mobile-even-row order-9 md:order-none' >\n                \n<div class=\"smart-container\" >\n            <h2 class=\"font-bold text-center\">Avukat uyar\u0131s\u0131 Hamburg \u2013 ba\u015far\u0131 fakt\u00f6r\u00fcn\u00fcz<\/h2>\n    \n    <div class=\"flex flex-wrap\">\n        \n                            \n                                                        <div class=\"w-full lg:w-1\/3 text-center\">\n                        <div class=\"h-full  z-10\">\n                            <div class=\"h-full p-1\">\n                                <figure id=\"attachment_6770\" aria-describedby=\"caption-attachment-6770\" style=\"width: 440px\" class=\"wp-caption alignnone\"><img loading=\"lazy\" decoding=\"async\" src=\"\/wp-content\/uploads\/2023\/04\/Raphael_Lugowski_rechts_blickend_gehend.jpg\" alt=\"Raphael Lugowski mit jahrelanger Erfahrung im Arbeitsrecht\" width=\"440\" height=\"457\" class=\"size-full wp-image-6770\" srcset=\"https:\/\/smart-arbeitsrecht.de\/wp-content\/uploads\/2023\/04\/Raphael_Lugowski_rechts_blickend_gehend.jpg 440w, https:\/\/smart-arbeitsrecht.de\/wp-content\/uploads\/2023\/04\/Raphael_Lugowski_rechts_blickend_gehend-289x300.jpg 289w\" sizes=\"auto, (max-width: 440px) 100vw, 440px\" \/><figcaption id=\"caption-attachment-6770\" class=\"wp-caption-text\">Raphael Lugowski, i\u015f hukuku uzman\u0131 avukat<\/figcaption><\/figure>                            <\/div>\n                        <\/div>\n                    <\/div>\n                                                        <div class=\"w-full lg:w-2\/3 self-center\">\n                        <div class=\"h-full  z-10\">\n                            <div class=\"h-full p-1\">\n                                <div class=\"flex\">\r\n  <ul class=\"flex flex-col mx-auto\">\r\n    <li class=\"flex bg-white p-4 mb-4 shadow-md\"><i class=\"fa fa-check text-xl text-primary mr-2 pt-1\"><\/i>\r\n      <div>\r\n        <p class=\"text-gray-900 font-semibold no-space\">Y\u00fcksek derecede uzmanla\u015fma \u2013 i\u015f hukuku ve yaln\u0131zca i\u015f hukuku<\/p>\r\n        <div style=\"flex-basis:100%;\"><\/div>\r\n        <p class=\"text-gray-500 text-sm no-space\">Uzman avukat\u0131m\u0131z yaln\u0131zca i\u015f hukuku alan\u0131nda uzmanla\u015fm\u0131\u015f olup, size yetkin dan\u0131\u015fmanl\u0131k hizmeti sunabilir.<\/p><\/div>\r\n    <\/li>\r\n    <li class=\"flex bg-white p-4 mb-4 shadow-md\"><i class=\"fa fa-check text-xl text-primary mr-2 pt-1\"><\/i>\r\n      <div>\r\n        <p class=\"text-gray-900 font-semibold no-space\">Odak: fesih, uyar\u0131, fesih s\u00f6zle\u015fmeleri<\/p>\r\n        <div style=\"flex-basis:100%;\"><\/div>\r\n        <p class=\"text-gray-500 text-sm no-space\">Y\u00fczlerce fesih s\u00fcrecini ba\u015far\u0131yla tamamlad\u0131k; bunun uzun vadede faydas\u0131n\u0131 g\u00f6receksiniz.<\/p><\/div>\r\n    <\/li>\r\n    <li class=\"flex bg-white p-4 mb-4 shadow-md\"><i class=\"fa fa-check text-xl text-primary mr-2 pt-1\"><\/i>\r\n      <div>\r\n        <p class=\"text-gray-900 font-semibold no-space\">\u00d6nemli olan\u0131n ne oldu\u011funu biliyoruz<\/p> \r\n        <div style=\"flex-basis:100%;\"><\/div>\r\n        <p class=\"text-gray-500 text-sm no-space\">Deneyimlerimize dayanarak, uyar\u0131 mektubunuzda neyin \u00f6nemli oldu\u011funu ve nereye sald\u0131rmam\u0131z gerekti\u011fini biliyoruz.<\/p><\/div>\r\n    <\/li>\r\n    <li class=\"flex bg-white p-4 mb-4 shadow-md\"><i class=\"fa fa-check text-xl text-primary mr-2 pt-1\"><\/i>\r\n      <div>\r\n        <p class=\"text-gray-900 font-semibold no-space\">\u0130lgi alanlar\u0131n\u0131za y\u00fcksek ba\u011fl\u0131l\u0131k<\/p>\r\n        <div style=\"flex-basis:100%;\"><\/div>\r\n        <p class=\"text-gray-500 text-sm no-space\">\u00d6zellikle fesih s\u00fcre\u00e7lerinde \u015fu slogan ge\u00e7erlidir: Taahh\u00fcd\u00fcm\u00fcz sizin i\u00e7in fark yarat\u0131r!<\/p><\/div>\r\n    <\/li>\r\n    <li class=\"flex bg-white p-4 mb-4 shadow-md\"><i class=\"fa fa-check text-xl text-primary mr-2 pt-1\"><\/i>\r\n      <div>\r\n        <p class=\"text-gray-900 font-semibold no-space\">Uzmanl\u0131k alan\u0131: M\u00fczakere psikolojisi ve stratejisi<\/p>\r\n        <div style=\"flex-basis:100%;\"><\/div>\r\n        <p class=\"text-gray-500 text-sm no-space\">Uzman bilgimiz, bireysel \u00e7\u0131karlar\u0131n\u0131z\u0131 etkili bir \u015fekilde hayata ge\u00e7irmenize yard\u0131mc\u0131 olur.<\/p><\/div>\r\n    <\/li>\r\n  <\/ul>\r\n<\/div>                            <\/div>\n                        <\/div>\n                    <\/div>\n                \n                    \n        \n    <\/div>\n\n<\/div>\n            <\/div>\n                                <div class='order-10 md:order-none' >\n                \n\n<div class=\"smart-container\" id=\"bewertungen\">\n    \n    <div class=\"testimonial-block flex flex-wrap -m-4\">\n        <div class=\"relative w-full md:w-1\/2 py-2 md:py-24 bg-white flex flex-col item-center justify-center\">\n\n            <div class=\"absolute top-0 left-0 z-10 grid-indigo w-16 h-16 md:w-44 md:h-96 md:ml-20 md:mt-24\"><\/div>\n\n            <div class=\"py-2 px-6 md:py-6 md:px-1 md:w-64 md:mx-auto font-semibold leading-tight tracking-tight mb-0 z-20\">\n                <h2 class=\"text-2xl md:text-5xl\">\u00d6yle diyorlar<br>m\u00fc\u015fterilerimiz<\/h2>\n            <\/div>\n        <\/div>\n\n        <div class=\"bg-gray-100 w-full md:w-1\/2\">\n            <div class=\"flex flex-col h-full relative\">\n                <div class=\"absolute top-0 left-0 mt-3 ml-4 md:mt-5 md:ml-12\">\n                    <svg xmlns=\"http:\/\/www.w3.org\/2000\/svg\"\n                         class=\"text-primary-light fill-current w-12 h-12 md:w-16 md:h-16 opacity-40\"\n                         viewbox=\"0 0 24 24\">\n                        <path\n                            d=\"M6.5 10c-.223 0-.437.034-.65.065.069-.232.14-.468.254-.68.114-.308.292-.575.469-.844.148-.291.409-.488.601-.737.201-.242.475-.403.692-.604.213-.21.492-.315.714-.463.232-.133.434-.28.65-.35.208-.086.39-.16.539-.222.302-.125.474-.197.474-.197L9.758 4.03c0 0-.218.052-.597.144C8.97 4.222 8.737 4.278 8.472 4.345c-.271.05-.56.187-.882.312C7.272 4.799 6.904 4.895 6.562 5.123c-.344.218-.741.4-1.091.692C5.132 6.116 4.723 6.377 4.421 6.76c-.33.358-.656.734-.909 1.162C3.219 8.33 3.02 8.778 2.81 9.221c-.19.443-.343.896-.468 1.336-.237.882-.343 1.72-.384 2.437-.034.718-.014 1.315.028 1.747.015.204.043.402.063.539.017.109.025.168.025.168l.026-.006C2.535 17.474 4.338 19 6.5 19c2.485 0 4.5-2.015 4.5-4.5S8.985 10 6.5 10zM17.5 10c-.223 0-.437.034-.65.065.069-.232.14-.468.254-.68.114-.308.292-.575.469-.844.148-.291.409-.488.601-.737.201-.242.475-.403.692-.604.213-.21.492-.315.714-.463.232-.133.434-.28.65-.35.208-.086.39-.16.539-.222.302-.125.474-.197.474-.197L20.758 4.03c0 0-.218.052-.597.144-.191.048-.424.104-.689.171-.271.05-.56.187-.882.312-.317.143-.686.238-1.028.467-.344.218-.741.4-1.091.692-.339.301-.748.562-1.05.944-.33.358-.656.734-.909 1.162C14.219 8.33 14.02 8.778 13.81 9.221c-.19.443-.343.896-.468 1.336-.237.882-.343 1.72-.384 2.437-.034.718-.014 1.315.028 1.747.015.204.043.402.063.539.017.109.025.168.025.168l.026-.006C13.535 17.474 15.338 19 17.5 19c2.485 0 4.5-2.015 4.5-4.5S19.985 10 17.5 10z\"\/>\n                    <\/svg>\n                <\/div>\n\n                <!-- Text -->\n                <div class=\"slider-container\">\n                                    <div class=\"slide-container\">\n                        <div\n                            class=\"slide slide0 px-6 md:px-16 pt-10 md:pt-14 text-lg sm:text-xl\">\n                            <p class=\"text-gray-600 serif font-normal italic\">\n                                \u0130\u015ften \u00e7\u0131kar\u0131lmam\u0131n ard\u0131ndan \u00e7ok yetkin ve \u00f6zverili tavsiye ve destek ald\u0131m. Bay Lugowski, i\u015fverenimle s\u00fcrekli ileti\u015fim halindeydi. \u0130leti\u015fim her zaman \u00e7ok keyifli ve bilgilendiriciydi. Benim i\u00e7in \u00e7ok iyi bir sonu\u00e7 elde etti. Hamburg&#039;dan Bay Lugowski&#039;yi kesinlikle tavsiye edebilirim.                             <\/p>\n                            <p class=\"text-sm no-space\">De\u011ferlendirme:<\/p>\n                            <div class=\"flex\">\n                                <i class=\"fa-star text-yellow-400\"><\/i>\n                                <i class=\"fa-star text-yellow-400\"><\/i>\n                                <i class=\"fa-star text-yellow-400\"><\/i>\n                                <i class=\"fa-star text-yellow-400\"><\/i>\n                                <i class=\"fa-star text-yellow-400\"><\/i>\n                            <\/div>\n                        <\/div>\n                    <\/div>\n                                    <div class=\"slide-container\">\n                        <div\n                            class=\"slide slide1 px-6 md:px-16 pt-10 md:pt-14 text-lg sm:text-xl\">\n                            <p class=\"text-gray-600 serif font-normal italic\">\n                                Hamburg&#039;dan avukat Lugowski ile bir fesih davas\u0131 hakk\u0131nda g\u00f6r\u00fc\u015ft\u00fcm ve tamamen memnun kald\u0131m. \u0130lk g\u00f6r\u00fc\u015fme s\u0131ras\u0131nda avukat, her \u015feyin zaman\u0131nda tamamlanmas\u0131 i\u00e7in ne kadar zaman\u0131m kald\u0131\u011f\u0131n\u0131 bana bildirdi ve karar verme s\u00fcrecimde bana destek ve tavsiyelerde bulundu. Minnettar\u0131m ve Bay Lugowski&#039;den tekrar tavsiye almak isterim.                            <\/p>\n                            <p class=\"text-sm no-space\">De\u011ferlendirme:<\/p>\n                            <div class=\"flex\">\n                                <i class=\"fa-star text-yellow-400\"><\/i>\n                                <i class=\"fa-star text-yellow-400\"><\/i>\n                                <i class=\"fa-star text-yellow-400\"><\/i>\n                                <i class=\"fa-star text-yellow-400\"><\/i>\n                                <i class=\"fa-star text-yellow-400\"><\/i>\n                            <\/div>\n                        <\/div>\n                    <\/div>\n                                    <div class=\"slide-container\">\n                        <div\n                            class=\"slide slide2 px-6 md:px-16 pt-10 md:pt-14 text-lg sm:text-xl\">\n                            <p class=\"text-gray-600 serif font-normal italic\">\n                                Bay Lugowski, i\u015ften \u00e7\u0131kar\u0131lma s\u00fcrecimde h\u0131zl\u0131 ve g\u00fcvenilir bir \u015fekilde bana yard\u0131mc\u0131 oldu. Eski i\u015fverenimle sekiz ayl\u0131k hukuk m\u00fccadelem boyunca her zaman yan\u0131mda bir orta\u011f\u0131m oldu\u011funu hissettim.                            <\/p>\n                            <p class=\"text-sm no-space\">De\u011ferlendirme:<\/p>\n                            <div class=\"flex\">\n                                <i class=\"fa-star text-yellow-400\"><\/i>\n                                <i class=\"fa-star text-yellow-400\"><\/i>\n                                <i class=\"fa-star text-yellow-400\"><\/i>\n                                <i class=\"fa-star text-yellow-400\"><\/i>\n                                <i class=\"fa-star text-yellow-400\"><\/i>\n                            <\/div>\n                        <\/div>\n                    <\/div>\n                                <\/div>\n\n                <!-- Slide Buttons -->\n                <div class=\"slide-btns flex flex-wrap my-4 justify-center items-center\">\n                                            <button\n                            class=\"text-center font-bold shadow-md h-12 w-12 inline-block rounded-full mx-2 opacity-50 bg-primary-light text-gray-800 active\"\n                            style=\"\"\n                            aria-labelledby=\"slide0\"\n                        >\n                            LS                        <\/button>\n                                            <button\n                            class=\"text-center font-bold shadow-md h-12 w-12 inline-block rounded-full mx-2 opacity-50 bg-primary-light text-gray-800\"\n                            style=\"\"\n                            aria-labelledby=\"slide1\"\n                        >\n                            Doktor                        <\/button>\n                                            <button\n                            class=\"text-center font-bold shadow-md h-12 w-12 inline-block rounded-full mx-2 opacity-50 bg-primary-light text-gray-800\"\n                            style=\"\"\n                            aria-labelledby=\"slide2\"\n                        >\n                            BL                        <\/button>\n                                    <\/div>\n\n                <!-- Name, Job -->\n                <div class=\"slider-container pt-2 pb-6 md:py-6\">\n                                            <div class=\"slide-container\">\n                            <div\n                              id=\"slide0\"\n                              class=\"text-center slide name-slide\">\n                                <p class=\"text-sm md:text-base font-bold text-gray-700 leading-tight no-space\">LS<\/p>\n                                <small\n                                    class=\"text-gray-500 text-xs md:text-sm truncate\">\u00e7al\u0131\u015fan<\/small>\n                            <\/div>\n                        <\/div>\n                                            <div class=\"slide-container\">\n                            <div\n                              id=\"slide1\"\n                              class=\"text-center slide name-slide\">\n                                <p class=\"text-sm md:text-base font-bold text-gray-700 leading-tight no-space\">Doktor<\/p>\n                                <small\n                                    class=\"text-gray-500 text-xs md:text-sm truncate\">\u00e7al\u0131\u015fan<\/small>\n                            <\/div>\n                        <\/div>\n                                            <div class=\"slide-container\">\n                            <div\n                              id=\"slide2\"\n                              class=\"text-center slide name-slide\">\n                                <p class=\"text-sm md:text-base font-bold text-gray-700 leading-tight no-space\">BL<\/p>\n                                <small\n                                    class=\"text-gray-500 text-xs md:text-sm truncate\">\u00c7al\u0131\u015fanlar<\/small>\n                            <\/div>\n                        <\/div>\n                                    <\/div>\n            <\/div>\n        <\/div>\n    <\/div>\n\n    <\/div>\n            <\/div>\n                                <div class='mobile-even-row order-11 md:order-none' >\n                \n<div class=\"smart-container text-center\">\n    <h2 class=\"font-bold text-center\">\u0130\u015f hukuku firmas\u0131 \u2013 Avantajlar\u0131n\u0131z<\/h2>\n    <div class=\"benefit-icons-block flex flex-wrap\">\n                                    <div class=\"w-full sm:w-1\/2 lg:w-1\/3 p-3\">\n                \n                                <div class=\"w-16 h-16 mx-auto my-5 mx-auto text-4xl\" >\n                    <i class=\"fa-phone\" style=\"line-height:4rem;font-size:2.5rem;\"><\/i>\n                <\/div>\n                <p class=\"font-bold text-xl\">\u0130yi eri\u015filebilirlik<\/p>\n                                    Uzman i\u015f hukuku avukat\u0131n\u0131za kolay eri\u015fim ve h\u0131zl\u0131 yan\u0131t s\u00fcreleri bu firman\u0131n ay\u0131rt edici \u00f6zellikleridir.                \n                \n                            <\/div>\n                    <div class=\"w-full sm:w-1\/2 lg:w-1\/3 p-3\">\n                \n                                <div class=\"w-16 h-16 mx-auto my-5 mx-auto text-4xl\" >\n                    <i class=\"fa-eye\" style=\"line-height:4rem;font-size:2.5rem;\"><\/i>\n                <\/div>\n                <p class=\"font-bold text-xl\">Tam \u015feffafl\u0131k<\/p>\n                                    Fesih davan\u0131z, sonraki ad\u0131mlar ve maliyetler hakk\u0131nda her zaman tam \u015feffafl\u0131\u011fa sahipsiniz.                \n                \n                            <\/div>\n                    <div class=\"w-full sm:w-1\/2 lg:w-1\/3 p-3\">\n                \n                                <div class=\"w-16 h-16 mx-auto my-5 mx-auto text-4xl\" >\n                    <i class=\"fa-users\" style=\"line-height:4rem;font-size:2.5rem;\"><\/i>\n                <\/div>\n                <p class=\"font-bold text-xl\">Dikkatli tart\u0131\u015fmalar<\/p>\n                                    \u0130\u015fe al\u0131m \u00f6ncesi ve sonras\u0131 dikkatli g\u00f6r\u00fc\u015fmelerle i\u015ften \u00e7\u0131kar\u0131lma koruma s\u00fcreciniz i\u00e7in m\u00fcmk\u00fcn olan en iyi \u015fekilde bilgilendirilecek ve haz\u0131rlanacaks\u0131n\u0131z.                \n                \n                            <\/div>\n                    <div class=\"w-full sm:w-1\/2 lg:w-1\/3 p-3\">\n                \n                                <div class=\"w-16 h-16 mx-auto my-5 mx-auto text-4xl\" >\n                    <i class=\"fa-comments-o\" style=\"line-height:4rem;font-size:2.5rem;\"><\/i>\n                <\/div>\n                <p class=\"font-bold text-xl\">Anla\u015f\u0131labilir ileti\u015fim<\/p>\n                                    Burada fesih prosed\u00fcr\u00fcn\u00fcz hakk\u0131nda do\u011fru karar\u0131 vermenize yard\u0131mc\u0131 olacak net yasal bilgileri alacaks\u0131n\u0131z.                \n                \n                            <\/div>\n                    <div class=\"w-full sm:w-1\/2 lg:w-1\/3 p-3\">\n                \n                                <div class=\"w-16 h-16 mx-auto my-5 mx-auto text-4xl\" >\n                    <i class=\"fa-shield\" style=\"line-height:4rem;font-size:2.5rem;\"><\/i>\n                <\/div>\n                <p class=\"font-bold text-xl\">\u0130\u015f hukukunda kalite<\/p>\n                                    Misyonumuz, durumunuza g\u00f6re \u00f6zelle\u015ftirilmi\u015f, ikna edici ve bireysel olarak uyarlanm\u0131\u015f y\u00fcksek kaliteli fesih prosed\u00fcrleri sa\u011flamakt\u0131r.                \n                \n                            <\/div>\n                    <div class=\"w-full sm:w-1\/2 lg:w-1\/3 p-3\">\n                \n                                <div class=\"w-16 h-16 mx-auto my-5 mx-auto text-4xl\" >\n                    <i class=\"fa-lightbulb-o\" style=\"line-height:4rem;font-size:2.5rem;\"><\/i>\n                <\/div>\n                <p class=\"font-bold text-xl\">S\u00fcrekli e\u011fitim<\/p>\n                                    Avukat\u0131n\u0131z, haks\u0131z yere i\u015ften \u00e7\u0131kar\u0131lma koruma s\u00fcrecinizde sizi bir ad\u0131m \u00f6nde tutmak i\u00e7in g\u00fcnde bir saatlik s\u00fcrekli e\u011fitime yat\u0131r\u0131m yapar.                \n                \n                            <\/div>\n            <\/div>\n<\/div>\n            <\/div>\n                                <div class='order-12 md:order-none' >\n                \n<div class=\"smart-container text-center\">\n    <h2 class=\"font-bold text-center\">Hukuk b\u00fcromuzun hizmetleri<\/h2>\n    <div class=\"benefit-icons-block flex flex-wrap\">\n                                    <div class=\"w-full sm:w-1\/2 lg:w-1\/3 p-3\">\n                \n                                    <div class=\"border-2 border-gray-300 hover:border-gray-700 hover:border-4 hover:shadow-lg transition duration-500 bg-white p-4\">\n                                <div class=\"w-16 h-16 mx-auto my-5 mx-auto text-4xl\" >\n                    <i class=\"fa fa-exclamation-triangle\" style=\"line-height:4rem;font-size:2.5rem;\"><\/i>\n                <\/div>\n                <p class=\"font-bold text-xl\">uyar\u0131<\/p>\n                \n                                    <\/div>\n                \n                            <\/div>\n                    <div class=\"w-full sm:w-1\/2 lg:w-1\/3 p-3\">\n                \n                                    <div class=\"border-2 border-gray-300 hover:border-gray-700 hover:border-4 hover:shadow-lg transition duration-500 bg-white p-4\">\n                                <div class=\"w-16 h-16 mx-auto my-5 mx-auto text-4xl\" >\n                    <i class=\"fa fa-user-times\" style=\"line-height:4rem;font-size:2.5rem;\"><\/i>\n                <\/div>\n                <p class=\"font-bold text-xl\">Fesih<\/p>\n                \n                                    <\/div>\n                \n                            <\/div>\n                    <div class=\"w-full sm:w-1\/2 lg:w-1\/3 p-3\">\n                \n                                    <div class=\"border-2 border-gray-300 hover:border-gray-700 hover:border-4 hover:shadow-lg transition duration-500 bg-white p-4\">\n                                <div class=\"w-16 h-16 mx-auto my-5 mx-auto text-4xl\" >\n                    <i class=\"fa fa-file\" style=\"line-height:4rem;font-size:2.5rem;\"><\/i>\n                <\/div>\n                <p class=\"font-bold text-xl\">fesih s\u00f6zle\u015fmesi<\/p>\n                \n                                    <\/div>\n                \n                            <\/div>\n            <\/div>\n<\/div>\n            <\/div>\n                                <div class='mobile-even-row order-13 md:order-none' >\n                \n<div class=\"smart-container\" >\n    \n    <div class=\"flex flex-wrap\">\n        \n                            \n                                                        <div class=\"w-full lg:w-1\/2 self-center text-center\">\n                        <div class=\"h-full  z-10\">\n                            <div class=\"h-full p-2\">\n                                <h3>Bizi tan\u0131y\u0131n<\/h3>\r\n<p>Size teklifimiz: Bizi ve \u00e7al\u0131\u015fmalar\u0131m\u0131z\u0131 tan\u0131y\u0131n. Sonra birlikte \u00e7al\u0131\u015f\u0131p \u00e7al\u0131\u015fmayaca\u011f\u0131m\u0131za S\u0130Z karar verebilirsiniz.<p>\r\n\r\n<p>Ve: Dilerseniz davan\u0131z\u0131n ba\u011flay\u0131c\u0131 olmayan ilk de\u011ferlendirmesini telefonla \u00f6nceden alabilirsiniz.<\/p>\r\n\r\n<div class=\"buttons-block flex flex-wrap justify-center mt-3\">\r\n<a class=\"btn-cta mr-3\" href=\"tel:+4940524717830\"><i class=\"fa fa-phone mr-2\"><\/i>Hemen aray\u0131n<\/a><a class=\"btn-cta mr-3\" href=\"\/tr\/kontakt\/\"><i class=\"fa fa-envelope mr-2\"><\/i>\u0130leti\u015fim formu<\/a>\r\n<\/div>                            <\/div>\n                        <\/div>\n                    <\/div>\n                                                        <div class=\"w-full lg:w-1\/2\">\n                        <div class=\"h-full  z-10\">\n                            <div class=\"h-full p-2\">\n                                <img loading=\"lazy\" decoding=\"async\" src=\"\/wp-content\/uploads\/2021\/10\/Schreibtisch-gut-1024x576.jpg\" alt=\"Kontaktaufnahme mit Fachanwalt f\u00fcr Arbeitsrecht Raphael Lugowski\" width=\"640\" height=\"392\" class=\"size-large wp-image-5477 mx-auto\" \/>                            <\/div>\n                        <\/div>\n                    <\/div>\n                \n                    \n        \n    <\/div>\n\n<\/div>\n            <\/div>\n                                <div class='order-14 md:order-none' >\n                \n<div class=\"smart-container\" >\n    \n    <div class=\"flex flex-wrap\">\n        \n                            \n                                                        <div >\n                        <div class=\"h-full  z-10\">\n                            <div class=\"h-full\">\n                                <h3>\u00c7\u0131k\u0131\u015f f\u0131rsat\u0131 olarak uyar\u0131<\/h3>\r\n<p>\u0130\u015f hukuku kapsam\u0131nda bir uyar\u0131ya itiraz etmek her zaman mant\u0131kl\u0131 olmayabilir. \u00d6te yandan, uyar\u0131lar ayn\u0131 zamanda i\u015fverenle i\u015f ili\u015fkisini feshetme konusunda m\u00fczakerelere ba\u015flamak i\u00e7in de iyi bir f\u0131rsat sunar. Bu m\u00fczakerelerin amac\u0131 genellikle m\u00fcmk\u00fcn olan en y\u00fcksek k\u0131dem tazminat\u0131n\u0131 almakt\u0131r. Uzmanl\u0131\u011f\u0131m\u0131z ve deneyimimiz bu m\u00fczakere s\u00fcrecinde size b\u00fcy\u00fck fayda sa\u011flayacakt\u0131r. K\u0131dem tazminat\u0131 alma hakk\u0131n\u0131z olmad\u0131\u011f\u0131 i\u00e7in ba\u015far\u0131y\u0131 garanti edemeyiz. Ancak, s\u00f6z\u00fcm\u00fcz \u015fudur:<\/p>\r\n<p style=\"text-align: center;\"><strong>Senden en iyi verimi alaca\u011f\u0131m!<\/strong><\/p>                            <\/div>\n                        <\/div>\n                    <\/div>\n                \n                    \n        \n    <\/div>\n\n<\/div>\n            <\/div>\n                                <div class='mobile-even-row order-15 md:order-none' >\n                \n<div class=\"smart-container\" >\n            <h2 class=\"font-bold text-center\">UYARI DURUMUNDA \u00c7IKI\u015e S\u00dcREC\u0130NE \u00d6RNE\u011e\u0130N<\/h2>\n    \n    <div class=\"flex flex-wrap\">\n        \n                                            <div class=\"w-full lg:w-1\/2  mb-4 lg:mb-0\">\n                    <div class=\"h-full  z-10\">\n                        <div class=\"h-full p-2\">\n                            \n<div class=\"relative block\">\n    <!-- black line -->\n    <div class=\"absolute bg-gray-800 w-px h-full top-0 left-5\"><\/div>\n\n            <div class=\"relative mt-3 block w-auto\">\n\n            <!-- left cover element -->\n                            <div class=\"step-cover-line absolute hidden step-cover-line-horizontal h-px top-5 left-0\"><\/div>\n            \n            <!-- bubble -->\n            <div class=\"mr-4 h-10 w-10 leading-10 rounded-full text-white bg-gray-800 text-center float-left\">1<\/div>\n\n            <!-- bubble text -->\n            <div class=\"table-row align-middle text-left\">\n                <div class=\"font-bold\">Gergin istihdam ili\u015fkisi<\/div>\n                <div>\u0130\u015f ili\u015fkiniz gergin. \u0130\u015fvereninizle bir s\u00fcredir i\u015fler yolunda gitmiyor.<\/div>\n            <\/div>\n\n            <!-- right cover element -->\n                    <\/div>\n            <div class=\"relative mt-3 block w-auto\">\n\n            <!-- left cover element -->\n            \n            <!-- bubble -->\n            <div class=\"mr-4 h-10 w-10 leading-10 rounded-full text-white bg-gray-800 text-center float-left\">2<\/div>\n\n            <!-- bubble text -->\n            <div class=\"table-row align-middle text-left\">\n                <div class=\"font-bold\">Bir uyar\u0131 almak<\/div>\n                <div>\u0130\u015fveren art\u0131k sizin \u00e7al\u0131\u015fman\u0131zdaki hatalar\u0131 ar\u0131yor ve \u00f6nemsiz g\u00f6r\u00fcnen konularda sizi uyar\u0131yor.<\/div>\n            <\/div>\n\n            <!-- right cover element -->\n                    <\/div>\n            <div class=\"relative mt-3 block w-auto\">\n\n            <!-- left cover element -->\n            \n            <!-- bubble -->\n            <div class=\"mr-4 h-10 w-10 leading-10 rounded-full text-white bg-gray-800 text-center float-left\">3<\/div>\n\n            <!-- bubble text -->\n            <div class=\"table-row align-middle text-left\">\n                <div class=\"font-bold\">Ofisimde strateji toplant\u0131s\u0131 i\u00e7in randevu<\/div>\n                <div>Beni aray\u0131n ve ofisimizde bir randevu ayarlay\u0131n. Olas\u0131 \u00e7\u0131k\u0131\u015f stratejilerini detayl\u0131 olarak g\u00f6r\u00fc\u015felim.<\/div>\n            <\/div>\n\n            <!-- right cover element -->\n                    <\/div>\n            <div class=\"relative mt-3 block w-auto\">\n\n            <!-- left cover element -->\n            \n            <!-- bubble -->\n            <div class=\"mr-4 h-10 w-10 leading-10 rounded-full text-white bg-gray-800 text-center float-left\">4<\/div>\n\n            <!-- bubble text -->\n            <div class=\"table-row align-middle text-left\">\n                <div class=\"font-bold\">Dava a\u00e7mak<\/div>\n                <div>Uyar\u0131n\u0131n kald\u0131r\u0131lmas\u0131 i\u00e7in Hamburg \u0130\u015f Mahkemesi&#039;ne dava a\u00e7\u0131yoruz.<\/div>\n            <\/div>\n\n            <!-- right cover element -->\n                    <\/div>\n            <div class=\"relative mt-3 block w-auto\">\n\n            <!-- left cover element -->\n            \n            <!-- bubble -->\n            <div class=\"mr-4 h-10 w-10 leading-10 rounded-full text-white bg-gray-800 text-center float-left\">5<\/div>\n\n            <!-- bubble text -->\n            <div class=\"table-row align-middle text-left\">\n                <div class=\"font-bold\">\u0130\u015fverenle m\u00fczakere<\/div>\n                <div>\u0130\u015fveren uzla\u015fma duru\u015fmas\u0131ndan \u00f6nce bizimle ileti\u015fime ge\u00e7er. Fesih g\u00f6r\u00fc\u015fmeleri ba\u015flar.<\/div>\n            <\/div>\n\n            <!-- right cover element -->\n                    <\/div>\n            <div class=\"relative mt-3 block w-auto\">\n\n            <!-- left cover element -->\n            \n            <!-- bubble -->\n            <div class=\"mr-4 h-10 w-10 leading-10 rounded-full text-white bg-gray-800 text-center float-left\">6<\/div>\n\n            <!-- bubble text -->\n            <div class=\"table-row align-middle text-left\">\n                <div class=\"font-bold\">K\u0131dem tazminat\u0131 ile uzla\u015fma<\/div>\n                <div>Siz ve i\u015fvereniniz, fesih ve k\u0131dem tazminat\u0131 miktar\u0131 konusunda bir anla\u015fmaya varacaks\u0131n\u0131z. Anla\u015fmay\u0131 mahkemede kayda ge\u00e7irece\u011fiz.<\/div>\n            <\/div>\n\n            <!-- right cover element -->\n                            <div class=\"step-cover-line absolute block w-px h-full step-cover-line-vertical left-5\"><\/div>\n                    <\/div>\n    <\/div>\n                        <\/div>\n                    <\/div>\n                <\/div>\n                    \n                            \n                                                        <div class=\"w-full lg:w-1\/2 self-center\">\n                        <div class=\"h-full  z-10\">\n                            <div class=\"h-full p-2\">\n                                <img loading=\"lazy\" decoding=\"async\" src=\"\/wp-content\/uploads\/2020\/05\/Kuendigungsschutzgesetz.jpg\" alt=\"\" width=\"1000\" height=\"750\" class=\"alignnone size-full wp-image-871\" srcset=\"https:\/\/smart-arbeitsrecht.de\/wp-content\/uploads\/2020\/05\/Kuendigungsschutzgesetz.jpg 1000w, https:\/\/smart-arbeitsrecht.de\/wp-content\/uploads\/2020\/05\/Kuendigungsschutzgesetz-300x225.jpg 300w, https:\/\/smart-arbeitsrecht.de\/wp-content\/uploads\/2020\/05\/Kuendigungsschutzgesetz-768x576.jpg 768w\" sizes=\"auto, (max-width: 1000px) 100vw, 1000px\" \/>                            <\/div>\n                        <\/div>\n                    <\/div>\n                \n                    \n        \n    <\/div>\n\n<\/div>\n            <\/div>\n                                <div class='order-16 md:order-none' >\n                \n<div class=\"smart-container\" >\n    \n    <div class=\"flex flex-wrap\">\n        \n                            \n                                                        <div >\n                        <div class=\"h-full  z-10\">\n                            <div class=\"h-full p-4\">\n                                <h3>K\u0131sa uyar\u0131<\/h3>\r\n<ul class=\"list-square\">\r\n<li><strong>\u0130\u015flev:<\/strong> Uyar\u0131 ile i\u015fveren davran\u0131\u015f\u0131n\u0131z\u0131 k\u0131nar ve tekrar\u0131 durumunda i\u015f hukuku sonu\u00e7lar\u0131n\u0131 duyurur<\/li>\r\n<li><strong>Feshin \u00f6n a\u015famas\u0131:<\/strong> Uyar\u0131, \u00e7al\u0131\u015fana davran\u0131\u015f\u0131n\u0131 iyile\u015ftirme \u015fans\u0131 verir - i\u015ften \u00e7\u0131kar\u0131lman\u0131n habercisi olarak<\/li>\r\n<li><strong>Uyar\u0131 say\u0131s\u0131:<\/strong> \u0130hlalin ciddiyetine ba\u011fl\u0131 olarak, fesih \u00f6ncesinde birka\u00e7 uyar\u0131 gerekebilir<\/li>\r\n<li><strong>Bi\u00e7im:<\/strong> Uyar\u0131lar i\u00e7in resmi bir gereklilik yoktur; delil ama\u00e7l\u0131 olarak genellikle yaz\u0131l\u0131 olarak verilirler<\/li>\r\n<\/ul>                            <\/div>\n                        <\/div>\n                    <\/div>\n                \n                    \n        \n    <\/div>\n\n<\/div>\n            <\/div>\n                                <div class='mobile-even-row order-17 md:order-none' >\n                \n<div class=\"smart-container\" >\n            <h2 class=\"font-bold text-center\">B\u0130R AVUKAT NE KADAR PAHALIDIR?<\/h2>\n    \n    <div class=\"flex flex-wrap\">\n        \n                            \n                                                        <div >\n                        <div class=\"h-full  z-10\">\n                            <div class=\"h-full\">\n                                <p>Uyar\u0131lar durumunda bile, bekliyoruz <strong>Avukatlar\u0131n \u00dccretlendirme Yasas\u0131 (RVG)<\/strong> Br\u00fct ayl\u0131k maa\u015f\u0131n\u0131za dayanarak, uyar\u0131 mektubuna itiraz etmenin maliyetinin ne kadar olaca\u011f\u0131n\u0131 size s\u00f6yleyebiliriz. Ayr\u0131ca, \u00e7\u0131k\u0131\u015f s\u00fcrecinin tamam\u0131 i\u00e7in tahmini maliyetleri de size bildirebiliriz.\u00a0<\/p>\r\n<p>Maddi a\u00e7\u0131dan, e\u011fer bir eviniz varsa bu sizin i\u00e7in \u00e7ok rahatt\u0131r. <strong>Hukuki koruma sigortas\u0131 <\/strong>Bu genellikle uyar\u0131 mektubu ve \u00e7\u0131k\u0131\u015f s\u00fcrecinin masraflar\u0131n\u0131 kar\u015f\u0131lar. \u0130lk teminat talebinden nihai anla\u015fmaya kadar sigorta \u015firketiyle ileti\u015fimi biz y\u00f6netiriz. Ancak, yasal masraf sigortan\u0131z yoksa, \u00fccretlerimden siz sorumlusunuz. Ancak, bir anla\u015fma olas\u0131l\u0131\u011f\u0131 genellikle maliyetlerimizin kat kat \u00fczerindedir. Sonu\u00e7 olarak, ekonomik de\u011ferlendirmelere dayanarak bir karar vermeniz gerekir. Bu konuda size yard\u0131mc\u0131 olmaktan memnuniyet duyar\u0131z ve anla\u015fmal\u0131 iyi bir \u00e7\u0131k\u0131\u015f paketi alma \u015fans\u0131n\u0131z\u0131 ayr\u0131nt\u0131l\u0131 olarak g\u00f6r\u00fc\u015fece\u011fiz.<\/p>                            <\/div>\n                        <\/div>\n                    <\/div>\n                \n                    \n        \n    <\/div>\n\n<\/div>\n            <\/div>\n                                <div class='order-18 md:order-none' >\n                \n<div class=\"smart-container\" >\n            <h2 class=\"font-bold text-center\">\u0130\u015f hukukunda uyar\u0131lar hakk\u0131nda SSS<\/h2>\n    \n    <div class=\"flex flex-wrap\">\n        \n                                            <div class=\"w-full lg:w-full\">\n                    <div class=\"h-full\">\n                        <div class=\"h-full p-1\">\n                        \n<div class=\"mx-auto\">\n            <div class=\"mb-4\">\n            <div class=\"faq-question flex items-center justify-between bg-gray-200 pl-3 pr-2 py-3 w-full rounded text-gray-600 font-bold cursor-pointer hover:bg-gray-300\">\n                Uyar\u0131 nedir?                <span class=\"h-6 w-6 flex items-center justify-center text-teal-500\"><i class=\"fa-add\"><\/i><\/span>\n            <\/div>\n            <div class=\"faq-answer hidden p-3\">\n                <div class=\"text-gray-600 mb-3\">\n                    \u0130\u015fveren, uyar\u0131da bulunarak, \u00e7al\u0131\u015fanlar\u0131 i\u015f s\u00f6zle\u015fmesini ihlal ettikleri i\u00e7in uyar\u0131r ve davran\u0131\u015flar\u0131n\u0131 d\u00fczeltmeleri i\u00e7in disiplin cezas\u0131 verir. Uyar\u0131 ayr\u0131ca, tekrarlanan ihlaller i\u00e7in i\u015ften \u00e7\u0131kar\u0131lmaya kadar varan i\u015f hukuku yapt\u0131r\u0131mlar\u0131yla da tehdit eder.                <\/div>\n            <\/div>\n        <\/div>\n\n                    <div class=\"mb-4\">\n            <div class=\"faq-question flex items-center justify-between bg-gray-200 pl-3 pr-2 py-3 w-full rounded text-gray-600 font-bold cursor-pointer hover:bg-gray-300\">\n                Bir uyar\u0131 ne zaman etkili olur?                <span class=\"h-6 w-6 flex items-center justify-center text-teal-500\"><i class=\"fa-add\"><\/i><\/span>\n            <\/div>\n            <div class=\"faq-answer hidden p-3\">\n                <div class=\"text-gray-600 mb-3\">\n                    Bir uyar\u0131n\u0131n ge\u00e7erli olabilmesi i\u00e7in birka\u00e7 ko\u015fulun kar\u015f\u0131lanmas\u0131 gerekir. \u0130lk olarak, g\u00f6revlerinizi ger\u00e7ekten ihlal etmi\u015f olman\u0131z ve i\u015fverenin sizi bu nedenle uyarmas\u0131 gerekir. \u0130\u015fveren, uyar\u0131da g\u00f6rev ihlalini a\u00e7\u0131k\u00e7a belirtmeli ve sizden bekledi\u011fi davran\u0131\u015f (uyar\u0131daki ayr\u0131nt\u0131) hakk\u0131nda sizi bilgilendirmelidir. Bir uyar\u0131n\u0131n yasal olarak ge\u00e7erli olabilmesi i\u00e7in, i\u015fverenin uyar\u0131da tekrarlanan ihlaller i\u00e7in i\u015f hukuku yapt\u0131r\u0131mlar\u0131 uygulama tehdidinde bulunmas\u0131 gerekir.                <\/div>\n            <\/div>\n        <\/div>\n\n                    <div class=\"mb-4\">\n            <div class=\"faq-question flex items-center justify-between bg-gray-200 pl-3 pr-2 py-3 w-full rounded text-gray-600 font-bold cursor-pointer hover:bg-gray-300\">\n                Uyar\u0131 al\u0131rsam i\u015ften \u00e7\u0131kar\u0131lma riskiyle kar\u015f\u0131 kar\u015f\u0131ya kal\u0131r m\u0131y\u0131m?                <span class=\"h-6 w-6 flex items-center justify-center text-teal-500\"><i class=\"fa-add\"><\/i><\/span>\n            <\/div>\n            <div class=\"faq-answer hidden p-3\">\n                <div class=\"text-gray-600 mb-3\">\n                    Uyar\u0131, uygunsuz davran\u0131\u015f\u0131n\u0131z\u0131n tekrarlanmas\u0131 durumunda i\u015ften \u00e7\u0131kar\u0131lma riskini art\u0131r\u0131r. Ancak, ilk veya ikinci uyar\u0131dan sonra i\u015ften \u00e7\u0131karmay\u0131 \u00f6ng\u00f6ren bir kural yoktur. Uyar\u0131, \u00e7al\u0131\u015fana davran\u0131\u015flar\u0131n\u0131 d\u00fczeltmesi i\u00e7in bir f\u0131rsat vermek amac\u0131yla verilir. \u0130hlalin ciddiyetine ba\u011fl\u0131 olarak, i\u015fverenin \u00e7al\u0131\u015fan\u0131 i\u015ften \u00e7\u0131karmadan \u00f6nce birka\u00e7 uyar\u0131 vermesi bile gerekebilir. Fesih her zaman son \u00e7aredir.                <\/div>\n            <\/div>\n        <\/div>\n\n                    <div class=\"mb-4\">\n            <div class=\"faq-question flex items-center justify-between bg-gray-200 pl-3 pr-2 py-3 w-full rounded text-gray-600 font-bold cursor-pointer hover:bg-gray-300\">\n                \u0130htar mektubuna kar\u015f\u0131 nas\u0131l i\u015flem yapabilirim?                <span class=\"h-6 w-6 flex items-center justify-center text-teal-500\"><i class=\"fa-add\"><\/i><\/span>\n            <\/div>\n            <div class=\"faq-answer hidden p-3\">\n                <div class=\"text-gray-600 mb-3\">\n                    \u00d6ncelikle i\u015f mahkemesine uyar\u0131ya kar\u015f\u0131 \u015fikayette bulunabilirsiniz. Ard\u0131ndan uyar\u0131n\u0131n personel dosyan\u0131zdan kald\u0131r\u0131lmas\u0131n\u0131 talep edebilirsiniz. Ancak, \u00f6rne\u011fin uygunsuz davran\u0131\u015f\u0131n\u0131z\u0131 kabul ediyor ve tekrarlanmayaca\u011f\u0131ndan eminseniz uyar\u0131y\u0131 g\u00f6rmezden de gelebilirsiniz. Pasiflik, i\u015fvereninizle ili\u015fkinizi zedelememek i\u00e7in bu gibi durumlarda \u00f6zellikle uygundur. \u0130\u015finizden memnunsan\u0131z bu daha da ge\u00e7erlidir.                <\/div>\n            <\/div>\n        <\/div>\n\n                    <div class=\"mb-4\">\n            <div class=\"faq-question flex items-center justify-between bg-gray-200 pl-3 pr-2 py-3 w-full rounded text-gray-600 font-bold cursor-pointer hover:bg-gray-300\">\n                \u0130hbar mektubu ile k\u0131dem tazminat\u0131n\u0131 nas\u0131l alabilirim?                <span class=\"h-6 w-6 flex items-center justify-center text-teal-500\"><i class=\"fa-add\"><\/i><\/span>\n            <\/div>\n            <div class=\"faq-answer hidden p-3\">\n                <div class=\"text-gray-600 mb-3\">\n                    \u0130\u015fveren, uyar\u0131 vererek, \u00e7al\u0131\u015fan\u0131n belirli bir davran\u0131\u015f\u0131n\u0131 onaylamad\u0131\u011f\u0131n\u0131 belirtir. Ancak \u00e7o\u011fu durumda sorun, davran\u0131\u015f\u0131n kendisi de\u011fil, i\u015f ili\u015fkisindeki temel sorunlard\u0131r. A\u00e7\u0131k olmak gerekirse: \u0130\u015fverenler genellikle \u00e7al\u0131\u015fanlardan kurtulmak i\u00e7in bask\u0131 uygular. \u00c7al\u0131\u015fanlar ise, en az\u0131ndan bizim deneyimimize g\u00f6re, genellikle bu sinyalleri do\u011fru yorumlar ve hedeflerini buna g\u00f6re belirler. Uyar\u0131ya kar\u015f\u0131 yasal i\u015flem ba\u015flatman\u0131n temel amac\u0131, i\u015fverenle i\u015f ili\u015fkisinin kar\u015f\u0131l\u0131kl\u0131 olarak kararla\u015ft\u0131r\u0131lan bir \u015fekilde feshi hakk\u0131nda g\u00f6r\u00fc\u015fmelere ba\u015flamakt\u0131r.                <\/div>\n            <\/div>\n        <\/div>\n\n            <\/div>\n\n    <script type=\"application\/ld+json\">\n    {\n        \"@context\": \"https:\/\/schema.org\",\n        \"@type\": \"FAQPage\",\n        \"mainEntity\": [\n            {\n    \"@type\": \"Question\",\n    \"name\": \"Was ist eine Abmahnung?\",\n    \"acceptedAnswer\": {\n        \"@type\": \"Answer\",\n        \"text\": \"Mit einer Abmahnung r\u00fcgt der Arbeitgeber eine arbeitsvertragliche Pflichtverletzung und diszipliniert Arbeitnehmer zur Verhaltensbesserung. Er droht ihnen mit einer Abmahnung f\u00fcr den Wiederholungsfall au\u00dferdem arbeitsrechtliche Konsequenzen \u2013 bis hin zur K\u00fcndigung.\"\n    }\n},{\n    \"@type\": \"Question\",\n    \"name\": \"Wann ist eine Abmahnung wirksam?\",\n    \"acceptedAnswer\": {\n        \"@type\": \"Answer\",\n        \"text\": \"Damit eine Abmahnung wirksam ist, m\u00fcssen einige Voraussetzungen vorliegen. Zun\u00e4chst einmal musst Du wirklich gegen Deine Pflichten versto\u00dfen haben, und der Arbeitgeber muss dies r\u00fcgen. Den Pflichtenversto\u00df muss der Arbeitgeber in der Abmahnung konkret benennen und Ihnen mitteilen, welches Verhalten er von Dir erwartet (Bestimmtheit der Abmahnung). Damit eine Abmahnung rechtliche bedeutsam ist, muss der Arbeitgeber mit der Abmahnung au\u00dferdem arbeitsrechtliche Sanktionen f\u00fcr den Wiederholungsfall androhen.\"\n    }\n},{\n    \"@type\": \"Question\",\n    \"name\": \"Droht mir bei einer Abmahnung eine K\u00fcndigung?\",\n    \"acceptedAnswer\": {\n        \"@type\": \"Answer\",\n        \"text\": \"Mit einer Abmahnung steigt das Risiko einer K\u00fcndigung an, wenn Du Dein Fehlverhalten wiederholen solltest. Es gibt aber keine Regel, wonach nach der ersten oder zweiten Abmahnung bereits die K\u00fcndigung folgt. Die Abmahnung soll dem Arbeitnehmer Gelegenheit geben, sein Verhalten zu verbessern. Je nach Schwere des Versto\u00dfes kann es sogar sein, dass der Arbeitgeber vor einiger K\u00fcndigung mehrere Abmahnungen erteilt haben muss. Denn die K\u00fcndigung ist stets das letzte Mittel.\"\n    }\n},{\n    \"@type\": \"Question\",\n    \"name\": \"Wie kann ich gegen eine Abmahnung vorgehen?\",\n    \"acceptedAnswer\": {\n        \"@type\": \"Answer\",\n        \"text\": \"Du kannst gegen eine Abmahnung zun\u00e4chst einmal Klage zum Arbeitsgericht einlegen. Dort klagst Du dann auf Entfernung der Abmahnung aus der Personalakte. Du kannst die Abmahnung aber auch links liegen lassen, wenn Du zum Beispiel Dein Fehlverhalten einsiehst und Dir sicher bist, dass es sich nicht wiederholen wird. Passivit\u00e4t ist vor allem in diesen Situationen angebracht, um das Verh\u00e4ltnis zum Arbeitgeber nicht zu zerst\u00f6ren. Dies gilt umso mehr, wenn Du mit Deinem Arbeitsplatz zufrieden bist.\"\n    }\n},{\n    \"@type\": \"Question\",\n    \"name\": \"Wie komme ich \u00fcber eine Abmahnung zur Abfindung?\",\n    \"acceptedAnswer\": {\n        \"@type\": \"Answer\",\n        \"text\": \"Mit einer Abmahnung gibt der Arbeitgeber zu erkennen, dass ihm ein bestimmtes Verhalten des Arbeitnehmers nicht gef\u00e4llt. In vielen F\u00e4llen geht es aber nicht um das Verhalten an sich, sondern um ganz grunds\u00e4tzliche Probleme im Arbeitsverh\u00e4ltnis. Um es klar zu sagen: H\u00e4ufig \u00fcben Arbeitgeber Druck aus, um Arbeitnehmer loszuwerden. Arbeitnehmer wiederum, so zumindest unsere Erfahrung, deuten die Signale vielfach zutreffend und richten ihre Ziele entsprechend aus. Das Vorgehen gegen die Abmahnung im Rahmen einer Klage ist dann prim\u00e4r darauf gerichtet, mit dem Arbeitgeber in Gespr\u00e4che \u00fcber eine einvernehmliche Beendigung des Arbeitsverh\u00e4ltnisses einzutreten.\"\n    }\n}\n        ]\n    }\n    <\/script>                        <\/div>\n                    <\/div>\n                <\/div>\n                    \n        \n    <\/div>\n\n<\/div>\n            <\/div>\n            <\/div>","protected":false},"excerpt":{"rendered":"","protected":false},"author":1,"featured_media":0,"parent":0,"menu_order":0,"comment_status":"closed","ping_status":"closed","template":"page-templates\/landingpage.php","meta":{"footnotes":""},"class_list":["post-2511","page","type-page","status-publish","hentry"],"acf":[],"yoast_head":"<!-- This site is optimized with the Yoast SEO plugin v26.5 - https:\/\/yoast.com\/wordpress\/plugins\/seo\/ -->\n<title>Anwalt Abmahnung Hamburg - Smart Arbeitsrecht<\/title>\n<meta name=\"description\" content=\"Anwalt Arbeitsrecht Hamburg | Spezialisierung auf Arbeitnehmer-Exits | Das Ziel: Ihre Abfindung oder Ihr Arbeitsplatz.\" \/>\n<meta name=\"robots\" content=\"index, follow, max-snippet:-1, max-image-preview:large, max-video-preview:-1\" \/>\n<link rel=\"canonical\" href=\"https:\/\/smart-arbeitsrecht.de\/tr\/anwalt-abmahnung-arbeitsrecht\/\" \/>\n<meta property=\"og:locale\" content=\"tr_TR\" \/>\n<meta property=\"og:type\" content=\"article\" \/>\n<meta property=\"og:title\" content=\"Anwalt Abmahnung Hamburg - Smart Arbeitsrecht\" \/>\n<meta property=\"og:description\" content=\"Anwalt Arbeitsrecht Hamburg | Spezialisierung auf Arbeitnehmer-Exits | Das Ziel: Ihre Abfindung oder Ihr Arbeitsplatz.\" \/>\n<meta property=\"og:url\" content=\"https:\/\/smart-arbeitsrecht.de\/tr\/anwalt-abmahnung-arbeitsrecht\/\" \/>\n<meta property=\"og:site_name\" content=\"Smart-Arbeitsrecht\" \/>\n<meta property=\"article:modified_time\" content=\"2025-10-26T09:57:52+00:00\" \/>\n<meta name=\"twitter:card\" content=\"summary_large_image\" \/>\n<script type=\"application\/ld+json\" class=\"yoast-schema-graph\">{\"@context\":\"https:\/\/schema.org\",\"@graph\":[{\"@type\":\"WebPage\",\"@id\":\"https:\/\/smart-arbeitsrecht.de\/anwalt-abmahnung-arbeitsrecht\/\",\"url\":\"https:\/\/smart-arbeitsrecht.de\/anwalt-abmahnung-arbeitsrecht\/\",\"name\":\"Anwalt Abmahnung Hamburg - Smart Arbeitsrecht\",\"isPartOf\":{\"@id\":\"https:\/\/smart-arbeitsrecht.de\/#website\"},\"description\":\"Anwalt Arbeitsrecht Hamburg | Spezialisierung auf Arbeitnehmer-Exits | Das Ziel: Ihre Abfindung oder Ihr Arbeitsplatz.\",\"breadcrumb\":{\"@id\":\"https:\/\/smart-arbeitsrecht.de\/anwalt-abmahnung-arbeitsrecht\/#breadcrumb\"},\"inLanguage\":\"tr\",\"potentialAction\":[{\"@type\":\"ReadAction\",\"target\":[\"https:\/\/smart-arbeitsrecht.de\/anwalt-abmahnung-arbeitsrecht\/\"]}]},{\"@type\":\"BreadcrumbList\",\"@id\":\"https:\/\/smart-arbeitsrecht.de\/anwalt-abmahnung-arbeitsrecht\/#breadcrumb\",\"itemListElement\":[{\"@type\":\"ListItem\",\"position\":1,\"name\":\"Startseite\",\"item\":\"https:\/\/smart-arbeitsrecht.de\/\"},{\"@type\":\"ListItem\",\"position\":2,\"name\":\"Anwalt f\u00fcr Abmahnung im Arbeitsrecht\"}]},{\"@type\":\"WebSite\",\"@id\":\"https:\/\/smart-arbeitsrecht.de\/#website\",\"url\":\"https:\/\/smart-arbeitsrecht.de\/\",\"name\":\"Smart-Arbeitsrecht\",\"description\":\"Kanzlei f\u00fcr Arbeitsrecht\",\"potentialAction\":[{\"@type\":\"SearchAction\",\"target\":{\"@type\":\"EntryPoint\",\"urlTemplate\":\"https:\/\/smart-arbeitsrecht.de\/?s={search_term_string}\"},\"query-input\":{\"@type\":\"PropertyValueSpecification\",\"valueRequired\":true,\"valueName\":\"search_term_string\"}}],\"inLanguage\":\"tr\"}]}<\/script>\n<!-- \/ Yoast SEO plugin. -->","yoast_head_json":{"title":"Avukat Hamburg&#039;u uyar\u0131yor - Ak\u0131ll\u0131 \u0130\u015f Hukuku","description":"Hamburg&#039;da i\u015f hukuku avukat\u0131 | \u00c7al\u0131\u015fanlar\u0131n i\u015ften ayr\u0131lmalar\u0131 konusunda uzman | Hedef: K\u0131dem tazminat\u0131n\u0131z veya i\u015finiz.","robots":{"index":"index","follow":"follow","max-snippet":"max-snippet:-1","max-image-preview":"max-image-preview:large","max-video-preview":"max-video-preview:-1"},"canonical":"https:\/\/smart-arbeitsrecht.de\/tr\/anwalt-abmahnung-arbeitsrecht\/","og_locale":"tr_TR","og_type":"article","og_title":"Anwalt Abmahnung Hamburg - Smart Arbeitsrecht","og_description":"Anwalt Arbeitsrecht Hamburg | Spezialisierung auf Arbeitnehmer-Exits | Das Ziel: Ihre Abfindung oder Ihr Arbeitsplatz.","og_url":"https:\/\/smart-arbeitsrecht.de\/tr\/anwalt-abmahnung-arbeitsrecht\/","og_site_name":"Smart-Arbeitsrecht","article_modified_time":"2025-10-26T09:57:52+00:00","twitter_card":"summary_large_image","schema":{"@context":"https:\/\/schema.org","@graph":[{"@type":"WebPage","@id":"https:\/\/smart-arbeitsrecht.de\/anwalt-abmahnung-arbeitsrecht\/","url":"https:\/\/smart-arbeitsrecht.de\/anwalt-abmahnung-arbeitsrecht\/","name":"Avukat Hamburg&#039;u uyar\u0131yor - Ak\u0131ll\u0131 \u0130\u015f Hukuku","isPartOf":{"@id":"https:\/\/smart-arbeitsrecht.de\/#website"},"description":"Hamburg&#039;da i\u015f hukuku avukat\u0131 | \u00c7al\u0131\u015fanlar\u0131n i\u015ften ayr\u0131lmalar\u0131 konusunda uzman | Hedef: K\u0131dem tazminat\u0131n\u0131z veya i\u015finiz.","breadcrumb":{"@id":"https:\/\/smart-arbeitsrecht.de\/anwalt-abmahnung-arbeitsrecht\/#breadcrumb"},"inLanguage":"tr","potentialAction":[{"@type":"ReadAction","target":["https:\/\/smart-arbeitsrecht.de\/anwalt-abmahnung-arbeitsrecht\/"]}]},{"@type":"BreadcrumbList","@id":"https:\/\/smart-arbeitsrecht.de\/anwalt-abmahnung-arbeitsrecht\/#breadcrumb","itemListElement":[{"@type":"ListItem","position":1,"name":"Startseite","item":"https:\/\/smart-arbeitsrecht.de\/"},{"@type":"ListItem","position":2,"name":"Anwalt f\u00fcr Abmahnung im Arbeitsrecht"}]},{"@type":"WebSite","@id":"https:\/\/smart-arbeitsrecht.de\/#website","url":"https:\/\/smart-arbeitsrecht.de\/","name":"Ak\u0131ll\u0131 i\u015f hukuku","description":"\u0130\u015f hukuku firmas\u0131","potentialAction":[{"@type":"SearchAction","target":{"@type":"EntryPoint","urlTemplate":"https:\/\/smart-arbeitsrecht.de\/?s={search_term_string}"},"query-input":{"@type":"PropertyValueSpecification","valueRequired":true,"valueName":"search_term_string"}}],"inLanguage":"tr"}]}},"_links":{"self":[{"href":"https:\/\/smart-arbeitsrecht.de\/tr\/wp-json\/wp\/v2\/pages\/2511","targetHints":{"allow":["GET"]}}],"collection":[{"href":"https:\/\/smart-arbeitsrecht.de\/tr\/wp-json\/wp\/v2\/pages"}],"about":[{"href":"https:\/\/smart-arbeitsrecht.de\/tr\/wp-json\/wp\/v2\/types\/page"}],"author":[{"embeddable":true,"href":"https:\/\/smart-arbeitsrecht.de\/tr\/wp-json\/wp\/v2\/users\/1"}],"replies":[{"embeddable":true,"href":"https:\/\/smart-arbeitsrecht.de\/tr\/wp-json\/wp\/v2\/comments?post=2511"}],"version-history":[{"count":56,"href":"https:\/\/smart-arbeitsrecht.de\/tr\/wp-json\/wp\/v2\/pages\/2511\/revisions"}],"predecessor-version":[{"id":9879,"href":"https:\/\/smart-arbeitsrecht.de\/tr\/wp-json\/wp\/v2\/pages\/2511\/revisions\/9879"}],"wp:attachment":[{"href":"https:\/\/smart-arbeitsrecht.de\/tr\/wp-json\/wp\/v2\/media?parent=2511"}],"curies":[{"name":"wp","href":"https:\/\/api.w.org\/{rel}","templated":true}]}}