{"id":3,"date":"2019-12-26T09:26:09","date_gmt":"2019-12-26T08:26:09","guid":{"rendered":"http:\/\/betriebsrat.kanzlei\/?page_id=3"},"modified":"2025-04-17T15:52:50","modified_gmt":"2025-04-17T13:52:50","slug":"datenschutzerklaerung","status":"publish","type":"page","link":"https:\/\/smart-arbeitsrecht.de\/tr\/datenschutzerklaerung\/","title":{"rendered":"Gizlilik Politikas\u0131"},"content":{"rendered":"<h3 class=\"wp-block-heading\" id=\"h-1-name-und-kontaktdaten-des-f-r-die-verarbeitung-verantwortlichen-sowie-des-betrieblichen-datenschutzbeauftragten\">1. Denetleyicinin ad\u0131 ve ileti\u015fim bilgileri<\/h3>\n\n\n\n<p>Bu gizlilik bilgileri a\u015fa\u011f\u0131dakiler taraf\u0131ndan yap\u0131lan veri i\u015flemeleri i\u00e7in ge\u00e7erlidir:<\/p>\n\n\n\n<p>Ak\u0131ll\u0131 \u0130stihdam Hukuku GbR<br>Sorumlu ortaklar: Raphael Lugowski, Hamza G\u00fclbas<br>Max-Brauer-Allee 81, D-22765 Hamburg, Almanya<br>E-posta: kontakt@smart-arbeitsrecht.de<br>Telefon: +49 (0) 40 524 717 830<br>Faks: +49 (0) 40 524 717 835<\/p>\n\n\n\n<h3 class=\"wp-block-heading\" id=\"h-2-erhebung-und-speicherung-personenbezogener-daten-sowie-art-und-zweck-von-deren-verwendung\">2. Ki\u015fisel verilerin toplanmas\u0131 ve saklanmas\u0131 ve bunlar\u0131n kullan\u0131m\u0131n\u0131n niteli\u011fi ve amac\u0131<\/h3>\n\n\n\n<h4 class=\"wp-block-heading\" id=\"h-a-beim-besuch-der-website\">a) Web sitesini ziyaret etti\u011finizde<\/h4>\n\n\n\n<p>www.smart-arbeitsrecht.de web sitemizi ziyaret etti\u011finizde, cihaz\u0131n\u0131zda kullan\u0131lan taray\u0131c\u0131 otomatik olarak web sitesi sunucumuza bilgi g\u00f6nderir. Bu bilgiler ge\u00e7ici olarak g\u00fcnl\u00fck dosyas\u0131 ad\u0131 verilen bir dosyada saklan\u0131r. A\u015fa\u011f\u0131daki bilgiler sizin m\u00fcdahaleniz olmadan toplan\u0131r ve otomatik olarak silinene kadar saklan\u0131r:<\/p>\n\n\n\n<ul class=\"wp-block-list\">\n<li>\u0130stekte bulunan bilgisayar\u0131n IP adresi,<\/li>\n\n\n\n<li>Eri\u015fim tarihi ve saati,<\/li>\n\n\n\n<li>Al\u0131nan dosyan\u0131n ad\u0131 ve URL&#039;si,<\/li>\n\n\n\n<li>Eri\u015fimin yap\u0131ld\u0131\u011f\u0131 web sitesi (y\u00f6nlendiren URL),<\/li>\n\n\n\n<li>kullan\u0131lan taray\u0131c\u0131 ve varsa bilgisayar\u0131n\u0131z\u0131n i\u015fletim sistemi ve eri\u015fim sa\u011flay\u0131c\u0131n\u0131z\u0131n ad\u0131.<\/li>\n<\/ul>\n\n\n\n<p>Yukar\u0131daki verileri a\u015fa\u011f\u0131daki ama\u00e7lar do\u011frultusunda i\u015fliyoruz:<\/p>\n\n\n\n<ul class=\"wp-block-list\">\n<li>Web sitesine sorunsuz bir ba\u011flant\u0131n\u0131n sa\u011flanmas\u0131,<\/li>\n\n\n\n<li>Web sitemizin ziyaret\u00e7i odakl\u0131 ve konforlu bir \u015fekilde kullan\u0131lmas\u0131n\u0131 sa\u011flamak,<\/li>\n\n\n\n<li>Sistem g\u00fcvenli\u011fi ve istikrar\u0131n\u0131n de\u011ferlendirilmesi ve<\/li>\n\n\n\n<li>di\u011fer idari ama\u00e7lar i\u00e7in.<\/li>\n<\/ul>\n\n\n\n<p>Veri i\u015flemenin yasal dayana\u011f\u0131, GDPR Madde 6 (1) (f)&#039;dir. Me\u015fru menfaatimiz, yukar\u0131da belirtilen veri toplama ama\u00e7lar\u0131ndan kaynaklanmaktad\u0131r. Toplanan verileri hi\u00e7bir ko\u015fulda ki\u015fisel olarak sizinle ilgili \u00e7\u0131kar\u0131mlarda bulunmak i\u00e7in kullanmayaca\u011f\u0131z.<\/p>\n\n\n\n<p>\u00c7erezler ve analiz hizmetleri hakk\u0131nda: Bu gizlilik politikas\u0131n\u0131n 4. ve 5. b\u00f6l\u00fcmlerine bak\u0131n\u0131z.<\/p>\n\n\n\n<h4 class=\"wp-block-heading\" id=\"h-b-bei-nutzung-unseres-kontaktformulars\">b) \u0130leti\u015fim formumuzu kullan\u0131rken<\/h4>\n\n\n\n<p>Herhangi bir sorunuz varsa, web sitemizde bulunan formu kullanarak bizimle ileti\u015fime ge\u00e7ebilirsiniz. Sorunuzu kimin g\u00f6nderdi\u011fini bilmemiz ve yan\u0131tlayabilmemiz i\u00e7in ge\u00e7erli bir e-posta adresi vermeniz gerekmektedir. \u0130ste\u011fe ba\u011fl\u0131 olarak ek bilgi de sa\u011flayabilirsiniz.<\/p>\n\n\n\n<p>Bizimle ileti\u015fime ge\u00e7meniz amac\u0131yla veri i\u015fleme, GDPR Madde 6 (1) (a) uyar\u0131nca g\u00f6n\u00fcll\u00fc olarak verdi\u011finiz onaya dayanarak ger\u00e7ekle\u015ftirilir. \u0130leti\u015fim formunun kullan\u0131m\u0131 i\u00e7in toplad\u0131\u011f\u0131m\u0131z ki\u015fisel veriler, talebiniz i\u015flendikten sonra otomatik olarak silinecektir.<\/p>\n\n\n\n<h4 class=\"wp-block-heading\">C) <strong>hCaptcha<\/strong><\/h4>\n\n\n\n<p>\u0130leti\u015fim formunu g\u00f6ndermek i\u00e7in \u00f6ncelikle hCaptcha&#039;n\u0131n do\u011fru kullan\u0131lmas\u0131 gerekir. hCaptcha, ileti\u015fim formu kullan\u0131c\u0131lar\u0131n\u0131n insan olup olmad\u0131\u011f\u0131n\u0131 belirlemek i\u00e7in tasarlanm\u0131\u015f bir ara\u00e7t\u0131r. \u00c7ok say\u0131da spam iste\u011fi nedeniyle, hCaptcha gibi bir ara\u00e7 kullanmak ka\u00e7\u0131n\u0131lmazd\u0131r. \u015eehir adlar\u0131 veya basit matematik problemleri gibi alternatif filtreleme y\u00f6ntemleri, ak\u0131ll\u0131ca spam isteklerine kar\u015f\u0131 etkisizdir.<\/p>\n\n\n\n<p>hCaptcha, sistemlerini m\u00fcmk\u00fcn olan her yerde ki\u015fisel verilerin toplanmas\u0131n\u0131 ve i\u015flenmesini \u00f6nleyecek veya hizmetin i\u015flevselli\u011fini sa\u011flamak i\u00e7in teknik olarak gerekli olanla s\u0131n\u0131rland\u0131racak \u015fekilde tasarlam\u0131\u015ft\u0131r. Teknik nedenlerle ka\u00e7\u0131n\u0131lmas\u0131 m\u00fcmk\u00fcn olmad\u0131\u011f\u0131nda, ki\u015fisel veriler derhal silinir veya anonimle\u015ftirilir. hCaptcha, hizmetlerini y\u00fcr\u00fctmek i\u00e7in a\u011f olaylar\u0131 hakk\u0131nda s\u0131n\u0131rl\u0131, rastgele g\u00fcnl\u00fck verileri tutar. Toplanan meta veriler, genellikle yaln\u0131zca kullan\u0131c\u0131n\u0131n IP adresini i\u00e7eren \u00e7ok s\u0131n\u0131rl\u0131 veya hi\u00e7 ki\u015fisel veri i\u00e7ermez. hCaptcha, AB-ABD, \u0130ngiltere-ABD ve \u0130svi\u00e7re-ABD veri koruma \u00e7er\u00e7evelerine kay\u0131tl\u0131d\u0131r.<\/p>\n\n\n\n<p>hCaptcha ile bir veri i\u015fleme s\u00f6zle\u015fmesi mevcuttur.<\/p>\n\n\n\n<h4 class=\"wp-block-heading\" id=\"h-c-bei-verwendung-des-mandantenabfrage-tools-auf-der-k-ndigungsseite-oder-der-startseite-bei-k-ndigung\">c) Sonland\u0131rma sayfas\u0131nda veya sonland\u0131rma s\u0131ras\u0131nda ana sayfada istemci sorgu arac\u0131 kullan\u0131ld\u0131\u011f\u0131nda<\/h4>\n\n\n\n<p>Ziyaret\u00e7ilerimize en iyi hizmeti sunabilmek i\u00e7in iptal sayfam\u0131zdaki m\u00fc\u015fteri sorgulama arac\u0131m\u0131z\u0131 kullanma imk\u00e2n\u0131 sunuyoruz: <a href=\"https:\/\/smart-arbeitsrecht.de\/tr\/anwalt-kuendigung-arbeitsrecht\/#aufnahmebogen\" target=\"_blank\" rel=\"noreferrer noopener\">https:\/\/smart-arbeitsrecht.de\/anwalt-kuendigung-arbeitsrecht\/#aufnahmebogen<\/a><\/p>\n\n\n\n<p>Ara\u00e7, avukata ilk de\u011ferlendirme \u00f6ncesinde fesih hakk\u0131nda \u00f6nemli bilgiler sa\u011flamak \u00fczere tasarlanm\u0131\u015ft\u0131r. Bu sayede avukat, ilk de\u011ferlendirme s\u0131ras\u0131nda size nitelikli tavsiyelerde bulunabilir. Ayr\u0131ca, ilk de\u011ferlendirmenin ayr\u0131nt\u0131l\u0131 sorularla me\u015fgul olmas\u0131n\u0131 \u00f6nleyerek, dan\u0131\u015fmanl\u0131\u011f\u0131n odak noktas\u0131n\u0131n ilk hukuki de\u011ferlendirmeye odaklanmas\u0131n\u0131 sa\u011flar.<\/p>\n\n\n\n<p>Arac\u0131n sondan bir \u00f6nceki penceresinde sizden \u015fu ki\u015fisel bilgiler talep edilmektedir: ad, soyad, e-posta adresi, telefon numaras\u0131.<\/p>\n\n\n\n<p>Arac\u0131n sorgusu, i\u015ften \u00e7\u0131kar\u0131lmaya kar\u015f\u0131 koruman\u0131z i\u00e7in \u00f6nemli olan fesihle ilgili \u00e7e\u015fitli veriler ve ko\u015fullar isteyecektir. Bu, \u00f6rne\u011fin a\u011f\u0131r bir engellilik nedeniyle i\u015ften \u00e7\u0131kar\u0131lmaya kar\u015f\u0131 mevcut olabilecek \u00f6zel korumalarla ilgili sorular\u0131 da i\u00e7erir. <\/p>\n\n\n\n<p>Ara\u00e7, \u00f6zel kategorilerdeki ki\u015fisel verileri de talep etti\u011finden, veri g\u00fcvenli\u011fine, veri korumas\u0131na ve veri gizlili\u011fine \u00f6zellikle \u00f6nem veriyoruz. T\u00fcm ileti\u015fim \u015fifrelenir. Verileriniz \u015fifreli olarak iletilir ve yaln\u0131zca firma sahibinin eri\u015febildi\u011fi, teknik ve fiziksel olarak g\u00fcvenli firma sunucusunda ge\u00e7ici olarak saklan\u0131r. \u0130\u015flendikten sonra veriler derhal silinir.<\/p>\n\n\n\n<p>M\u00fc\u015fteri sorgulama arac\u0131 kullan\u0131larak nitelikli bir ilk de\u011ferlendirme amac\u0131yla veri i\u015fleme, GDPR Madde 6 (1) (a) uyar\u0131nca g\u00f6n\u00fcll\u00fc olarak verdi\u011finiz onaya dayanarak ger\u00e7ekle\u015ftirilir. Arac\u0131n kullan\u0131m\u0131 i\u00e7in toplad\u0131\u011f\u0131m\u0131z ki\u015fisel veriler, talebiniz i\u015flendikten sonra otomatik olarak silinecektir.<\/p>\n\n\n\n<p><strong>d) K\u0131dem tazminat\u0131 \u00e7ek arac\u0131n\u0131 kullan\u0131rken<\/strong><\/p>\n\n\n\n<p>\u0130lgilenen ziyaret\u00e7iler, a\u015fa\u011f\u0131daki ba\u011flant\u0131dan \u201cTazminat Kontrol\u00fc\u201d arac\u0131n\u0131 kullanma olana\u011f\u0131na sahiptir: <a href=\"https:\/\/smart-arbeitsrecht.de\/tr\/abfindungs-check-pruefe-deine-chancen-auf-eine-abfindung-in-1-minute\/\" target=\"_blank\" rel=\"noreferrer noopener\">https:\/\/smart-arbeitsrecht.de\/abfindungs-check-pruefe-deine-chancen-auf-eine-abfindung-in-1-minute\/<\/a> Davan\u0131z\u0131n, deneyimlere dayanarak, k\u0131dem tazminat\u0131n\u0131n belirli bir olas\u0131l\u0131kla \u00f6denmesinin beklenebilece\u011fi davalardan biri olup olmad\u0131\u011f\u0131n\u0131 h\u0131zl\u0131ca kontrol etmek i\u00e7in.<\/p>\n\n\n\n<p>Bu ara\u00e7, ziyaret\u00e7iler i\u00e7in \u00f6ncelikli olarak kendi kendine kontrol i\u015flevi g\u00f6rerek, haks\u0131z fesih korumas\u0131 talebinde bulunma s\u00fcresi, \u0130\u015ften \u00c7\u0131karma Koruma Yasas\u0131&#039;n\u0131n uygulanabilirli\u011fi ve \u00f6zel i\u015ften \u00e7\u0131karma korumas\u0131 konusunda onlara otomatik olarak ilk rehberli\u011fi sa\u011flar. Bunlar, i\u015fverenlerin bir davada (g\u00f6n\u00fcll\u00fc olarak) k\u0131dem tazminat\u0131 \u00f6deyip \u00f6demeyece\u011fini belirleyen parametrelerdir.<\/p>\n\n\n\n<p>Ara\u00e7 kullan\u0131l\u0131rken ilk olarak anonim veriler toplan\u0131r. Son sayfada, ziyaret\u00e7iye a\u015fa\u011f\u0131daki hususlara ili\u015fkin sonu\u00e7lar sunulur: Haks\u0131z yere i\u015ften \u00e7\u0131kar\u0131lma korumas\u0131 i\u00e7in ba\u015fvuruda bulunma s\u00fcresine uyulmas\u0131, \u0130\u015ften \u00c7\u0131karma Koruma Yasas\u0131&#039;n\u0131n uygulanabilirli\u011fi, \u00f6zel i\u015ften \u00e7\u0131kar\u0131lma korumas\u0131 ve (garantisiz) k\u0131dem tazminat\u0131 alma \u015fans\u0131n\u0131n ilk de\u011ferlendirmesi.<\/p>\n\n\n\n<p>Son sayfada kullan\u0131c\u0131, sonu\u00e7lara g\u00f6re do\u011frudan bir avukatla ileti\u015fime ge\u00e7mek isterse ileti\u015fim bilgilerini ve hukuki masraf sigortas\u0131 bilgilerini b\u0131rakma se\u00e7ene\u011fine sahiptir.<\/p>\n\n\n\n<p>Ara\u00e7, \u00f6zel kategorilerdeki ki\u015fisel verileri de talep etti\u011finden, veri g\u00fcvenli\u011fine, veri korumas\u0131na ve veri gizlili\u011fine \u00f6zellikle \u00f6nem veriyoruz. T\u00fcm ileti\u015fim \u015fifreli olarak ger\u00e7ekle\u015ftirilir. Veriler \u015fifreli olarak iletilir ve yaln\u0131zca \u015firket sahibinin eri\u015febildi\u011fi, \u015firketin teknik ve fiziksel olarak g\u00fcvenli sunucusunda ge\u00e7ici olarak saklan\u0131r. Veriler i\u015flendikten hemen sonra silinir.<\/p>\n\n\n\n<p>Arac\u0131 kullanarak nitelikli bir ilk de\u011ferlendirme ve ard\u0131ndan yap\u0131lacak de\u011ferlendirme amac\u0131yla veri i\u015fleme, GDPR Madde 6 (1) (a) uyar\u0131nca g\u00f6n\u00fcll\u00fc olarak verdi\u011finiz onaya dayanarak ger\u00e7ekle\u015ftirilir. Arac\u0131n kullan\u0131m\u0131 i\u00e7in toplad\u0131\u011f\u0131m\u0131z ki\u015fisel veriler, talebiniz i\u015flendikten sonra otomatik olarak silinecektir.<\/p>\n\n\n\n<h3 class=\"wp-block-heading\" id=\"h-3-weitergabe-von-daten\">3. Verilerin payla\u015f\u0131m\u0131<\/h3>\n\n\n\n<p>Ki\u015fisel verileriniz a\u015fa\u011f\u0131da belirtilen ama\u00e7lar d\u0131\u015f\u0131nda \u00fc\u00e7\u00fcnc\u00fc ki\u015filere aktar\u0131lmayacakt\u0131r.<\/p>\n\n\n\n<p>Ki\u015fisel bilgilerinizi yaln\u0131zca a\u015fa\u011f\u0131daki durumlarda \u00fc\u00e7\u00fcnc\u00fc taraflarla payla\u015faca\u011f\u0131z:<\/p>\n\n\n\n<ul class=\"wp-block-list\">\n<li>GDPR Madde 6 (1) (a) uyar\u0131nca a\u00e7\u0131k r\u0131zan\u0131z\u0131 verdiniz,<\/li>\n\n\n\n<li>Aktar\u0131m, GDPR&#039;nin 6 (1) (f) maddesi uyar\u0131nca yasal iddialar\u0131 ileri s\u00fcrmek, kullanmak veya savunmak i\u00e7in gereklidir ve verilerinizi aktarmaman\u0131z konusunda ge\u00e7erli bir me\u015fru menfaatiniz oldu\u011funu varsaymak i\u00e7in hi\u00e7bir neden yoktur,<\/li>\n\n\n\n<li>GDPR Madde 6 (1) (c) uyar\u0131nca veri aktar\u0131m\u0131na ili\u015fkin yasal bir y\u00fck\u00fcml\u00fcl\u00fck olmas\u0131 durumunda ve<\/li>\n\n\n\n<li>bu, yasal olarak izin verilebilirdir ve GDPR Madde 6 (1) (b) uyar\u0131nca sizinle olan s\u00f6zle\u015fmesel ili\u015fkilerin i\u015flenmesi i\u00e7in gereklidir.<\/li>\n<\/ul>\n\n\n\n<h3 class=\"wp-block-heading\">4. \u00c7erezler<\/h3>\n\n\n\n<h3 class=\"wp-block-heading\">Borlabs \u00c7erezine Onay Verin<\/h3>\n\n\n\n<p>Web sitemiz, taray\u0131c\u0131n\u0131zda belirli \u00e7erezlerin depolanmas\u0131na veya belirli teknolojilerin kullan\u0131m\u0131na onay\u0131n\u0131z\u0131 almak ve bu onay\u0131 veri koruma y\u00f6netmeliklerine uygun olarak belgelemek i\u00e7in Borlabs \u00c7erez onay teknolojisini kullanmaktad\u0131r. Bu teknolojinin sa\u011flay\u0131c\u0131s\u0131, R\u00fcbenkamp 32, 22305 Hamburg adresindeki Borlabs GmbH&#039;dir (bundan b\u00f6yle &quot;Borlabs&quot; olarak an\u0131lacakt\u0131r).<\/p>\n\n\n\n<p>Web sitemizi ziyaret etti\u011finizde, taray\u0131c\u0131n\u0131zda Borlabs \u00e7erezi saklan\u0131r ve bu \u00e7erez, verdi\u011finiz onay\u0131 veya bu onay\u0131n iptalini kaydeder. Bu veriler, Borlabs \u00c7erezleri sa\u011flay\u0131c\u0131s\u0131yla payla\u015f\u0131lmaz.<\/p>\n\n\n\n<p>Toplanan veriler, silinmesini talep edene, Borlabs \u00e7erezini kendiniz silene veya verilerin saklanma amac\u0131 ortadan kalkana kadar saklanacakt\u0131r. Zorunlu yasal saklama s\u00fcreleri bundan etkilenmez. Borlabs \u00c7erezleri&#039;nin veri i\u015fleme s\u00fcre\u00e7leriyle ilgili ayr\u0131nt\u0131lara \u015fu adresten ula\u015fabilirsiniz:&nbsp;<a href=\"https:\/\/de.borlabs.io\/kb\/welche-daten-speichert-borlabs-cookie\/\" target=\"_blank\" rel=\"noreferrer noopener\">https:\/\/de.borlabs.io\/kb\/welche-daten-speichert-borlabs-cookie\/<\/a>.<\/p>\n\n\n\n<p>Borlabs \u00c7erez Onay teknolojisi, \u00e7erezlerin kullan\u0131m\u0131 i\u00e7in yasal olarak gerekli onay\u0131 almak amac\u0131yla kullan\u0131l\u0131r. Bunun yasal dayana\u011f\u0131, GDPR Madde 6 (1) (c)&#039;dir.<\/p>\n\n\n\n<p><\/p>\n\n\n\n<h3 class=\"wp-block-heading\">5. Analiz arac\u0131<\/h3>\n\n\n\n<h3 class=\"wp-block-heading\">Google Etiket Y\u00f6neticisi<\/h3>\n\n\n\n<p>Google Ireland Limited, Gordon House, Barrow Street, Dublin 4, \u0130rlanda taraf\u0131ndan sa\u011flanan Google Etiket Y\u00f6neticisi&#039;ni kullan\u0131yoruz.<\/p>\n\n\n\n<p>Google Etiket Y\u00f6neticisi, web sitemize izleme veya istatistik ara\u00e7lar\u0131n\u0131 ve di\u011fer teknolojileri entegre etmemizi sa\u011flayan bir ara\u00e7t\u0131r. Google Etiket Y\u00f6neticisi, kullan\u0131c\u0131 profilleri olu\u015fturmaz, \u00e7erez depolamaz veya ba\u011f\u0131ms\u0131z analizler ger\u00e7ekle\u015ftirmez. Yaln\u0131zca entegre edilen ara\u00e7lar\u0131 y\u00f6netmek ve g\u00f6r\u00fcnt\u00fclemek i\u00e7in kullan\u0131l\u0131r. Ancak, Google Etiket Y\u00f6neticisi IP adresinizi kaydeder ve bu adres, Google&#039;\u0131n Amerika Birle\u015fik Devletleri&#039;ndeki ana \u015firketine de iletilebilir.<\/p>\n\n\n\n<p>Google Etiket Y\u00f6neticisi, GDPR Madde 6 (1) (f) uyar\u0131nca kullan\u0131lmaktad\u0131r. Web sitesi i\u015fletmecisinin, web sitesindeki \u00e7e\u015fitli ara\u00e7lar\u0131n h\u0131zl\u0131 ve kolay bir \u015fekilde entegre edilmesi ve y\u00f6netilmesi konusunda me\u015fru bir menfaati bulunmaktad\u0131r. \u0130lgili onay talep edilmesi halinde, i\u015fleme yaln\u0131zca GDPR Madde 6 (1) (a) ve TDDDG Madde 25 (1) uyar\u0131nca ger\u00e7ekle\u015ftirilir; bu onay, TDDDG kapsam\u0131nda \u00e7erezlerin depolanmas\u0131n\u0131 veya kullan\u0131c\u0131n\u0131n cihaz\u0131ndaki bilgilere (\u00f6rne\u011fin, cihaz parmak izi) eri\u015fimi i\u00e7erir. Onay, herhangi bir zamanda iptal edilebilir.<\/p>\n\n\n\n<p>\u015eirket, AB-ABD Veri Gizlili\u011fi \u00c7er\u00e7evesi (DPF) kapsam\u0131nda sertifikal\u0131d\u0131r. DPF, Avrupa Birli\u011fi ile Amerika Birle\u015fik Devletleri aras\u0131nda, Amerika Birle\u015fik Devletleri&#039;nde veri i\u015flerken Avrupa veri koruma standartlar\u0131na uyumu sa\u011flamak i\u00e7in tasarlanm\u0131\u015f bir anla\u015fmad\u0131r. DPF kapsam\u0131nda sertifika alan her \u015firket, bu veri koruma standartlar\u0131na uymay\u0131 taahh\u00fct eder. Daha fazla bilgiye sa\u011flay\u0131c\u0131dan a\u015fa\u011f\u0131daki ba\u011flant\u0131dan ula\u015fabilirsiniz:&nbsp;<a href=\"https:\/\/www.dataprivacyframework.gov\/participant\/5780\" target=\"_blank\" rel=\"noreferrer noopener\">https:\/\/www.dataprivacyframework.gov\/participant\/5780<\/a>.<\/p>\n\n\n\n<h3 class=\"wp-block-heading\">Google Analytics<\/h3>\n\n\n\n<p>Bu web sitesi, Google Analytics web analiz hizmetinin \u00f6zelliklerini kullanmaktad\u0131r. Sa\u011flay\u0131c\u0131, Gordon House, Barrow Street, Dublin 4, \u0130rlanda adresindeki Google Ireland Limited (&quot;Google&quot;)&#039;d\u0131r.<\/p>\n\n\n\n<p>Google Analytics, web sitesi operat\u00f6rlerinin web sitesi ziyaret\u00e7ilerinin davran\u0131\u015flar\u0131n\u0131 analiz etmelerini sa\u011flar. Bu, web sitesi operat\u00f6r\u00fcne sayfa g\u00f6r\u00fcnt\u00fclemeleri, ziyaret s\u00fcresi, kullan\u0131lan i\u015fletim sistemleri ve kullan\u0131c\u0131 kayna\u011f\u0131 gibi \u00e7e\u015fitli kullan\u0131m verileri sa\u011flar. Bu veriler, kullan\u0131c\u0131n\u0131n ilgili cihaz\u0131na atan\u0131r; bir kullan\u0131c\u0131 kimli\u011fine atanmaz.<\/p>\n\n\n\n<p>Ayr\u0131ca, Google Analytics fare ve kayd\u0131rma hareketlerinizi, t\u0131klamalar\u0131n\u0131z\u0131 ve daha fazlas\u0131n\u0131 kaydetmemize olanak tan\u0131r. Google Analytics ayr\u0131ca, toplanan veri k\u00fcmelerini desteklemek i\u00e7in \u00e7e\u015fitli modelleme yakla\u015f\u0131mlar\u0131 kullan\u0131r ve veri analizi i\u00e7in makine \u00f6\u011frenimi teknolojilerinden yararlan\u0131r.<\/p>\n\n\n\n<p>Google Analytics, kullan\u0131c\u0131 davran\u0131\u015flar\u0131n\u0131 analiz etmek amac\u0131yla kullan\u0131c\u0131 tan\u0131may\u0131 sa\u011flayan teknolojiler (\u00f6rne\u011fin, \u00e7erezler veya cihaz parmak izi) kullan\u0131r. Google taraf\u0131ndan bu web sitesini kullan\u0131m\u0131n\u0131zla ilgili toplanan bilgiler genellikle ABD&#039;deki bir Google sunucusuna aktar\u0131l\u0131r ve orada saklan\u0131r.<\/p>\n\n\n\n<p>Bu hizmetin kullan\u0131m\u0131, GDPR Madde 6 (1) (a) ve TDDDG Madde 25 (1) uyar\u0131nca verdi\u011finiz onaya dayanmaktad\u0131r. Bu onay, istedi\u011finiz zaman iptal edilebilir.<\/p>\n\n\n\n<p>ABD&#039;ye veri aktar\u0131m\u0131, AB Komisyonu&#039;nun standart s\u00f6zle\u015fme h\u00fck\u00fcmlerine dayanmaktad\u0131r. Ayr\u0131nt\u0131lara buradan ula\u015fabilirsiniz:&nbsp;<a href=\"https:\/\/privacy.google.com\/businesses\/controllerterms\/mccs\/\" target=\"_blank\" rel=\"noreferrer noopener\">https:\/\/privacy.google.com\/businesses\/controllerterms\/mccs\/<\/a>.<\/p>\n\n\n\n<p>\u015eirket, AB-ABD Veri Gizlili\u011fi \u00c7er\u00e7evesi (DPF) kapsam\u0131nda sertifikal\u0131d\u0131r. DPF, Avrupa Birli\u011fi ile Amerika Birle\u015fik Devletleri aras\u0131nda, Amerika Birle\u015fik Devletleri&#039;nde veri i\u015flerken Avrupa veri koruma standartlar\u0131na uyumu sa\u011flamak i\u00e7in tasarlanm\u0131\u015f bir anla\u015fmad\u0131r. DPF kapsam\u0131nda sertifika alan her \u015firket, bu veri koruma standartlar\u0131na uymay\u0131 taahh\u00fct eder. Daha fazla bilgiye sa\u011flay\u0131c\u0131dan a\u015fa\u011f\u0131daki ba\u011flant\u0131dan ula\u015fabilirsiniz:&nbsp;<a href=\"https:\/\/www.dataprivacyframework.gov\/participant\/5780\" target=\"_blank\" rel=\"noreferrer noopener\">https:\/\/www.dataprivacyframework.gov\/participant\/5780<\/a>.<\/p>\n\n\n\n<h4 class=\"wp-block-heading\">IP anonimle\u015ftirme<\/h4>\n\n\n\n<p>Google Analytics IP anonimle\u015ftirmesi etkinle\u015ftirildi. Bu, IP adresinizin Google taraf\u0131ndan Avrupa Birli\u011fi \u00fcye \u00fclkelerinde veya Avrupa Ekonomik Alan\u0131 Anla\u015fmas\u0131&#039;na taraf di\u011fer \u00fclkelerde ABD&#039;ye iletilmeden \u00f6nce k\u0131salt\u0131laca\u011f\u0131 anlam\u0131na gelir. Yaln\u0131zca istisnai durumlarda, tam IP adresi ABD&#039;deki bir Google sunucusuna iletilecek ve orada k\u0131salt\u0131lacakt\u0131r. Google, bu web sitesinin operat\u00f6r\u00fc ad\u0131na, web sitesini kullan\u0131m\u0131n\u0131z\u0131 de\u011ferlendirmek, web sitesi etkinli\u011fi hakk\u0131nda raporlar derlemek ve web sitesi operat\u00f6r\u00fcne web sitesi etkinli\u011fi ve internet kullan\u0131m\u0131yla ilgili di\u011fer hizmetleri sa\u011flamak i\u00e7in bu bilgileri kullanacakt\u0131r. Taray\u0131c\u0131n\u0131z taraf\u0131ndan Google Analytics kapsam\u0131nda iletilen IP adresi, di\u011fer Google verileriyle birle\u015ftirilmeyecektir.<\/p>\n\n\n\n<h4 class=\"wp-block-heading\">Taray\u0131c\u0131 eklentisi<\/h4>\n\n\n\n<p>A\u015fa\u011f\u0131daki ba\u011flant\u0131dan ula\u015fabilece\u011finiz taray\u0131c\u0131 eklentisini indirip kurarak Google&#039;\u0131n verilerinizi toplamas\u0131n\u0131 ve i\u015flemesini engelleyebilirsiniz:&nbsp;<a href=\"https:\/\/tools.google.com\/dlpage\/gaoptout?hl=de\" target=\"_blank\" rel=\"noreferrer noopener\">https:\/\/tools.google.com\/dlpage\/gaoptout?hl=de<\/a>.<\/p>\n\n\n\n<p>Google Analytics&#039;in kullan\u0131c\u0131 verilerini nas\u0131l i\u015fledi\u011fi hakk\u0131nda daha fazla bilgi i\u00e7in l\u00fctfen Google&#039;\u0131n gizlilik politikas\u0131na bak\u0131n:&nbsp;<a href=\"https:\/\/support.google.com\/analytics\/answer\/6004245?hl=de\" target=\"_blank\" rel=\"noreferrer noopener\">https:\/\/support.google.com\/analytics\/answer\/6004245?hl=de<\/a>.<\/p>\n\n\n\n<h4 class=\"wp-block-heading\">Sipari\u015f i\u015fleme<\/h4>\n\n\n\n<p>Google ile bir veri i\u015fleme s\u00f6zle\u015fmesi imzalad\u0131k ve Google Analytics&#039;i kullan\u0131rken Alman veri koruma otoritelerinin s\u0131k\u0131 gerekliliklerini tam olarak uyguluyoruz.<\/p>\n\n\n\n<h3 class=\"wp-block-heading\">Google Reklamlar\u0131<\/h3>\n\n\n\n<p>Web sitesi operat\u00f6r\u00fc Google Ads&#039;i kullanmaktad\u0131r. Google Ads, Google Ireland Limited (&quot;Google&quot;), Gordon House, Barrow Street, Dublin 4, \u0130rlanda taraf\u0131ndan sa\u011flanan bir \u00e7evrimi\u00e7i reklamc\u0131l\u0131k program\u0131d\u0131r.<\/p>\n\n\n\n<p>Google Ads, kullan\u0131c\u0131lar\u0131n Google&#039;a belirli arama terimleri girmesi durumunda Google arama motorunda veya \u00fc\u00e7\u00fcnc\u00fc taraf web sitelerinde reklamlar g\u00f6r\u00fcnt\u00fclememizi sa\u011flar (anahtar kelime hedefleme). Ayr\u0131ca, Google&#039;\u0131n eri\u015febildi\u011fi kullan\u0131c\u0131 verilerine (\u00f6rne\u011fin konum verileri ve ilgi alanlar\u0131) dayal\u0131 olarak hedefli reklamlar g\u00f6r\u00fcnt\u00fclenebilir (hedef kitle hedefleme). Web sitesi operat\u00f6rleri olarak, bu verileri nicel olarak de\u011ferlendirebiliriz; \u00f6rne\u011fin, hangi arama terimlerinin reklamlar\u0131m\u0131z\u0131n g\u00f6r\u00fcnt\u00fclenmesine yol a\u00e7t\u0131\u011f\u0131n\u0131 ve ka\u00e7 reklam\u0131n ilgili t\u0131klamalarla sonu\u00e7land\u0131\u011f\u0131n\u0131 analiz edebiliriz.<\/p>\n\n\n\n<p>Bu hizmetin kullan\u0131m\u0131, GDPR Madde 6 (1) (a) ve TDDDG Madde 25 (1) uyar\u0131nca verdi\u011finiz onaya dayanmaktad\u0131r. Bu onay, istedi\u011finiz zaman iptal edilebilir.<\/p>\n\n\n\n<p>ABD&#039;ye veri aktar\u0131m\u0131, AB Komisyonu&#039;nun standart s\u00f6zle\u015fme h\u00fck\u00fcmlerine dayanmaktad\u0131r. Ayr\u0131nt\u0131lara buradan ula\u015fabilirsiniz:&nbsp;<a href=\"https:\/\/policies.google.com\/privacy\/frameworks\" target=\"_blank\" rel=\"noreferrer noopener\">https:\/\/policies.google.com\/privacy\/frameworks<\/a>&nbsp;Ve&nbsp;<a href=\"https:\/\/business.safety.google\/controllerterms\/\" target=\"_blank\" rel=\"noreferrer noopener\">https:\/\/business.safety.google\/controllerterms\/<\/a>.<\/p>\n\n\n\n<p>\u015eirket, AB-ABD Veri Gizlili\u011fi \u00c7er\u00e7evesi (DPF) kapsam\u0131nda sertifikal\u0131d\u0131r. DPF, Avrupa Birli\u011fi ile Amerika Birle\u015fik Devletleri aras\u0131nda, Amerika Birle\u015fik Devletleri&#039;nde veri i\u015flerken Avrupa veri koruma standartlar\u0131na uyumu sa\u011flamak i\u00e7in tasarlanm\u0131\u015f bir anla\u015fmad\u0131r. DPF kapsam\u0131nda sertifika alan her \u015firket, bu veri koruma standartlar\u0131na uymay\u0131 taahh\u00fct eder. Daha fazla bilgiye sa\u011flay\u0131c\u0131dan a\u015fa\u011f\u0131daki ba\u011flant\u0131dan ula\u015fabilirsiniz:&nbsp;<a href=\"https:\/\/www.dataprivacyframework.gov\/participant\/5780\" target=\"_blank\" rel=\"noreferrer noopener\">https:\/\/www.dataprivacyframework.gov\/participant\/5780<\/a>.<\/p>\n\n\n\n<h3 class=\"wp-block-heading\">Google D\u00f6n\u00fc\u015f\u00fcm \u0130zleme<\/h3>\n\n\n\n<p>Bu web sitesi Google D\u00f6n\u00fc\u015f\u00fcm \u0130zleme \u00f6zelli\u011fini kullanmaktad\u0131r. Sa\u011flay\u0131c\u0131, Gordon House, Barrow Street, Dublin 4, \u0130rlanda adresindeki Google Ireland Limited (&quot;Google&quot;)&#039;d\u0131r.<\/p>\n\n\n\n<p>Google D\u00f6n\u00fc\u015f\u00fcm \u0130zleme sayesinde, biz ve Google, kullan\u0131c\u0131n\u0131n belirli eylemleri ger\u00e7ekle\u015ftirip ger\u00e7ekle\u015ftirmedi\u011fini belirleyebiliriz. \u00d6rne\u011fin, web sitemizdeki hangi d\u00fc\u011fmelerin ne s\u0131kl\u0131kla t\u0131kland\u0131\u011f\u0131n\u0131 ve hangi \u00fcr\u00fcnlerin en s\u0131k g\u00f6r\u00fcnt\u00fclendi\u011fini veya sat\u0131n al\u0131nd\u0131\u011f\u0131n\u0131 de\u011ferlendirebiliriz. Bu bilgiler, d\u00f6n\u00fc\u015f\u00fcm istatistiklerini derlemek i\u00e7in kullan\u0131l\u0131r. Reklamlar\u0131m\u0131za t\u0131klayan toplam kullan\u0131c\u0131 say\u0131s\u0131n\u0131 ve hangi eylemleri ger\u00e7ekle\u015ftirdiklerini \u00f6\u011freniriz. Kullan\u0131c\u0131y\u0131 ki\u015fisel olarak tan\u0131mlayabilecek hi\u00e7bir bilgi almay\u0131z. Google, tan\u0131mlama i\u00e7in \u00e7erezler veya benzeri tan\u0131ma teknolojileri kullan\u0131r.<\/p>\n\n\n\n<p>Bu hizmetin kullan\u0131m\u0131, GDPR Madde 6 (1) (a) ve TDDDG Madde 25 (1) uyar\u0131nca verdi\u011finiz onaya dayanmaktad\u0131r. Bu onay, istedi\u011finiz zaman iptal edilebilir.<\/p>\n\n\n\n<p>Google D\u00f6n\u00fc\u015f\u00fcm \u0130zleme hakk\u0131nda daha fazla bilgi i\u00e7in l\u00fctfen Google&#039;\u0131n gizlilik politikas\u0131na bak\u0131n:&nbsp;<a href=\"https:\/\/policies.google.com\/privacy?hl=de\" target=\"_blank\" rel=\"noreferrer noopener\">https:\/\/policies.google.com\/privacy?hl=de<\/a>.<\/p>\n\n\n\n<p>\u015eirket, AB-ABD Veri Gizlili\u011fi \u00c7er\u00e7evesi (DPF) kapsam\u0131nda sertifikal\u0131d\u0131r. DPF, Avrupa Birli\u011fi ile Amerika Birle\u015fik Devletleri aras\u0131nda, Amerika Birle\u015fik Devletleri&#039;nde veri i\u015flerken Avrupa veri koruma standartlar\u0131na uyumu sa\u011flamak i\u00e7in tasarlanm\u0131\u015f bir anla\u015fmad\u0131r. DPF kapsam\u0131nda sertifika alan her \u015firket, bu veri koruma standartlar\u0131na uymay\u0131 taahh\u00fct eder. Daha fazla bilgiye sa\u011flay\u0131c\u0131dan a\u015fa\u011f\u0131daki ba\u011flant\u0131dan ula\u015fabilirsiniz:&nbsp;<a href=\"https:\/\/www.dataprivacyframework.gov\/participant\/5780\" target=\"_blank\" rel=\"noreferrer noopener\">https:\/\/www.dataprivacyframework.gov\/participant\/5780<\/a>.<\/p>\n\n\n\n<h3 class=\"wp-block-heading\" id=\"h-6-betroffenenrechte\">6. Veri sahiplerinin haklar\u0131<\/h3>\n\n\n\n<p>Hakk\u0131n\u0131z:<\/p>\n\n\n\n<ul class=\"wp-block-list\">\n<li>GDPR Madde 15 uyar\u0131nca, taraf\u0131m\u0131zca i\u015flenen ki\u015fisel verileriniz hakk\u0131nda bilgi talep etme hakk\u0131na sahipsiniz. \u00d6zellikle, i\u015fleme ama\u00e7lar\u0131, ki\u015fisel verilerin kategorisi, verilerinizin a\u00e7\u0131kland\u0131\u011f\u0131 veya a\u00e7\u0131klanaca\u011f\u0131 al\u0131c\u0131 kategorileri, planlanan saklama s\u00fcresi, d\u00fczeltme, silme, i\u015flemenin k\u0131s\u0131tlanmas\u0131 veya itiraz hakk\u0131n\u0131n varl\u0131\u011f\u0131, \u015fikayette bulunma hakk\u0131n\u0131n varl\u0131\u011f\u0131, verilerinizin taraf\u0131m\u0131zdan toplanmamas\u0131 durumunda kayna\u011f\u0131, profilleme de dahil olmak \u00fczere otomatik karar alman\u0131n varl\u0131\u011f\u0131 ve varsa, verilerin ayr\u0131nt\u0131lar\u0131 hakk\u0131nda anlaml\u0131 bilgiler hakk\u0131nda bilgi talep edebilirsiniz.<\/li>\n\n\n\n<li>16. Madde GDPR uyar\u0131nca taraf\u0131m\u0131zca saklanan herhangi bir yanl\u0131\u015f ki\u015fisel verinin derhal d\u00fczeltilmesini veya tamamlanmas\u0131n\u0131 talep etmek;<\/li>\n\n\n\n<li>Madde 17 GDPR uyar\u0131nca taraf\u0131m\u0131zca saklanan ki\u015fisel verilerinizin silinmesini talep etmek, ancak i\u015flemenin ifade ve bilgi \u00f6zg\u00fcrl\u00fc\u011f\u00fc hakk\u0131n\u0131 kullanmak, yasal bir y\u00fck\u00fcml\u00fcl\u00fc\u011f\u00fc yerine getirmek, kamu yarar\u0131 nedeniyle veya yasal iddialar\u0131 ileri s\u00fcrmek, kullanmak veya savunmak i\u00e7in gerekli olmas\u0131 halinde;<\/li>\n\n\n\n<li>Madde 18 GDPR uyar\u0131nca ki\u015fisel verilerinizin i\u015flenmesinin k\u0131s\u0131tlanmas\u0131n\u0131 talep etmek; verilerin do\u011frulu\u011funa itiraz etmeniz, i\u015flemenin hukuka ayk\u0131r\u0131 olmas\u0131 ancak silmeyi reddetmeniz ve art\u0131k verilere ihtiyac\u0131m\u0131z olmamas\u0131 ancak sizin yasal iddialar\u0131 ileri s\u00fcrmek, kullanmak veya savunmak i\u00e7in verilere ihtiyac\u0131n\u0131z olmas\u0131 veya Madde 21 GDPR uyar\u0131nca i\u015flemeye itiraz etmeniz durumunda;<\/li>\n\n\n\n<li>GDPR Madde 20 uyar\u0131nca, bize sa\u011flad\u0131\u011f\u0131n\u0131z ki\u015fisel verilerinizi yap\u0131land\u0131r\u0131lm\u0131\u015f, yayg\u0131n olarak kullan\u0131lan ve makine taraf\u0131ndan okunabilir bir formatta almak veya bunlar\u0131n ba\u015fka bir denetleyiciye iletilmesini talep etmek;<\/li>\n\n\n\n<li>GDPR Madde 7 (3) uyar\u0131nca, onay\u0131n\u0131z\u0131 istedi\u011finiz zaman iptal etme hakk\u0131na sahipsiniz. Bu, gelecekte bu onaya dayal\u0131 veri i\u015flemeye devam edemeyece\u011fimiz anlam\u0131na gelir ve<\/li>\n\n\n\n<li>GDPR&#039;nin 77. maddesi uyar\u0131nca, bir denetim makam\u0131na \u015fikayette bulunma hakk\u0131n\u0131z bulunmaktad\u0131r. Kural olarak, denetim makam\u0131na ikamet etti\u011finiz veya \u00e7al\u0131\u015ft\u0131\u011f\u0131n\u0131z yerdeki veya genel merkezimizdeki yetkili merciyle ileti\u015fime ge\u00e7ebilirsiniz.<\/li>\n<\/ul>\n\n\n\n<h3 class=\"wp-block-heading\" id=\"h-7-widerspruchsrecht\">7. \u0130tiraz hakk\u0131<\/h3>\n\n\n\n<p>Ki\u015fisel verileriniz GDPR&#039;nin 6 (1) (f) maddesi uyar\u0131nca me\u015fru menfaatler temelinde i\u015fleniyorsa, \u00f6zel durumunuzdan kaynaklanan gerek\u00e7eler olmas\u0131 veya itiraz\u0131n do\u011frudan pazarlamaya y\u00f6nelik olmas\u0131 ko\u015fuluyla, GDPR&#039;nin 21. maddesi uyar\u0131nca ki\u015fisel verilerinizin i\u015flenmesine itiraz etme hakk\u0131na sahipsiniz. \u0130kinci durumda, belirli bir durum belirtmeden uygulayaca\u011f\u0131m\u0131z genel bir itiraz hakk\u0131n\u0131z bulunmaktad\u0131r.<\/p>\n\n\n\n<p>\u0130tiraz hakk\u0131n\u0131z\u0131 kullanman\u0131z halinde, s\u00f6z konusu verileri i\u015flemeyi durduraca\u011f\u0131z. Ancak, \u00e7\u0131karlar\u0131n\u0131z\u0131, temel haklar\u0131n\u0131z\u0131 ve \u00f6zg\u00fcrl\u00fcklerinizi ge\u00e7ersiz k\u0131lan, zorlay\u0131c\u0131 me\u015fru gerek\u00e7eler g\u00f6sterebilmemiz veya i\u015flemenin yasal iddialar\u0131 ileri s\u00fcrmeye, uygulamaya veya savunmaya hizmet etmesi durumunda, i\u015flemeye (do\u011frudan pazarlama hari\u00e7) devam etme hakk\u0131m\u0131z\u0131 sakl\u0131 tutar\u0131z.<\/p>\n\n\n\n<p>Cayma veya itiraz hakk\u0131n\u0131z\u0131 kullanmak istiyorsan\u0131z, kontakt@smart-arbeitsrecht.de adresine e-posta g\u00f6ndermeniz yeterlidir.<\/p>\n\n\n\n<h3 class=\"wp-block-heading\" id=\"h-8-datensicherheit\">8. Veri g\u00fcvenli\u011fi<\/h3>\n\n\n\n<p>Web sitemizi ziyaretiniz s\u0131ras\u0131nda, taray\u0131c\u0131n\u0131z\u0131n destekledi\u011fi en y\u00fcksek \u015fifreleme d\u00fczeyiyle birlikte yayg\u0131n olarak kullan\u0131lan SSL (G\u00fcvenli Yuva Katman\u0131) y\u00f6ntemini kullan\u0131yoruz. Bu genellikle 256 bit \u015fifrelemedir. Taray\u0131c\u0131n\u0131z 256 bit \u015fifrelemeyi desteklemiyorsa, bunun yerine 128 bit v3 teknolojisini kullan\u0131yoruz. Web sitemizin belirli bir sayfas\u0131n\u0131n \u015fifreli olarak iletilip iletilmedi\u011fini, taray\u0131c\u0131n\u0131z\u0131n alt durum \u00e7ubu\u011fundaki kapal\u0131 anahtar veya kilit simgesinden anlayabilirsiniz.<\/p>\n\n\n\n<p>Verilerinizi kazara veya kas\u0131tl\u0131 olarak manip\u00fcle edilmeye, k\u0131smen veya tamamen kaybolmaya, imha edilmeye veya \u00fc\u00e7\u00fcnc\u00fc \u015fah\u0131slar taraf\u0131ndan yetkisiz eri\u015fime kar\u015f\u0131 korumak i\u00e7in uygun teknik ve organizasyonel g\u00fcvenlik \u00f6nlemlerini de kullan\u0131yoruz. G\u00fcvenlik \u00f6nlemlerimiz, teknolojik geli\u015fmelere paralel olarak s\u00fcrekli olarak iyile\u015ftirilmektedir.<\/p>\n\n\n\n<h3 class=\"wp-block-heading\" id=\"h-9-aktualit-t-und-nderung-dieser-datenschutzerkl-rung\">9. Bu gizlilik politikas\u0131n\u0131n g\u00fcncelli\u011fi ve de\u011fi\u015fiklikleri<\/h3>\n\n\n\n<p>Bu gizlilik politikas\u0131 \u015fu anda ge\u00e7erlidir ve Eyl\u00fcl 2024 tarihlidir.<\/p>\n\n\n\n<p>Web sitemizin ve sundu\u011fu hizmetlerin s\u00fcrekli geli\u015ftirilmesi veya yasal veya d\u00fczenleyici gerekliliklerdeki de\u011fi\u015fiklikler nedeniyle, bu gizlilik politikas\u0131nda de\u011fi\u015fiklik yap\u0131lmas\u0131 gerekebilir. G\u00fcncel gizlilik politikas\u0131na istedi\u011finiz zaman https:\/\/www.smart-arbeitsrecht.de\/datenschutzerklaerung adresindeki web sitesinden eri\u015febilir ve yazd\u0131rabilirsiniz.<\/p>","protected":false},"excerpt":{"rendered":"<p>1. Veri sorumlusunun ad\u0131 ve ileti\u015fim bilgileri Bu gizlilik politikas\u0131, a\u015fa\u011f\u0131daki ki\u015fi veya kurulu\u015flar taraf\u0131ndan yap\u0131lan veri i\u015fleme faaliyetleri i\u00e7in ge\u00e7erlidir: Smart Arbeitsrecht GbR Sorumlu ortaklar:\u2026<\/p>","protected":false},"author":1,"featured_media":0,"parent":0,"menu_order":0,"comment_status":"closed","ping_status":"open","template":"","meta":{"footnotes":""},"class_list":["post-3","page","type-page","status-publish","hentry"],"acf":[],"yoast_head":"<!-- This site is optimized with the Yoast SEO plugin v26.5 - https:\/\/yoast.com\/wordpress\/plugins\/seo\/ -->\n<title>Datenschutzerkl\u00e4rung: Ihre Privatsph\u00e4re ist uns wichtig | Smart-Arbeitsrecht<\/title>\n<meta name=\"description\" content=\"Erfahre hier, wie wir Deine Daten sch\u00fctzen und welche Informationen wir sammeln. Lese hier unsere Datenschutzerkl\u00e4rung f\u00fcr mehr Transparenz.\" \/>\n<meta name=\"robots\" content=\"noindex, follow\" \/>\n<meta property=\"og:locale\" content=\"tr_TR\" \/>\n<meta property=\"og:type\" content=\"article\" \/>\n<meta property=\"og:title\" content=\"Datenschutzerkl\u00e4rung: Ihre Privatsph\u00e4re ist uns wichtig | Smart-Arbeitsrecht\" \/>\n<meta property=\"og:description\" content=\"Erfahre hier, wie wir Deine Daten sch\u00fctzen und welche Informationen wir sammeln. Lese hier unsere Datenschutzerkl\u00e4rung f\u00fcr mehr Transparenz.\" \/>\n<meta property=\"og:url\" content=\"https:\/\/smart-arbeitsrecht.de\/tr\/datenschutzerklaerung\/\" \/>\n<meta property=\"og:site_name\" content=\"Smart-Arbeitsrecht\" \/>\n<meta property=\"article:modified_time\" content=\"2025-04-17T13:52:50+00:00\" \/>\n<meta name=\"twitter:card\" content=\"summary_large_image\" \/>\n<meta name=\"twitter:label1\" content=\"Tahmini okuma s\u00fcresi\" \/>\n\t<meta name=\"twitter:data1\" content=\"17 dakika\" \/>\n<script type=\"application\/ld+json\" class=\"yoast-schema-graph\">{\"@context\":\"https:\/\/schema.org\",\"@graph\":[{\"@type\":\"WebPage\",\"@id\":\"https:\/\/smart-arbeitsrecht.de\/datenschutzerklaerung\/\",\"url\":\"https:\/\/smart-arbeitsrecht.de\/datenschutzerklaerung\/\",\"name\":\"Datenschutzerkl\u00e4rung: Ihre Privatsph\u00e4re ist uns wichtig | Smart-Arbeitsrecht\",\"isPartOf\":{\"@id\":\"https:\/\/smart-arbeitsrecht.de\/#website\"},\"description\":\"Erfahre hier, wie wir Deine Daten sch\u00fctzen und welche Informationen wir sammeln. Lese hier unsere Datenschutzerkl\u00e4rung f\u00fcr mehr Transparenz.\",\"breadcrumb\":{\"@id\":\"https:\/\/smart-arbeitsrecht.de\/datenschutzerklaerung\/#breadcrumb\"},\"inLanguage\":\"tr\",\"potentialAction\":[{\"@type\":\"ReadAction\",\"target\":[\"https:\/\/smart-arbeitsrecht.de\/datenschutzerklaerung\/\"]}]},{\"@type\":\"BreadcrumbList\",\"@id\":\"https:\/\/smart-arbeitsrecht.de\/datenschutzerklaerung\/#breadcrumb\",\"itemListElement\":[{\"@type\":\"ListItem\",\"position\":1,\"name\":\"Startseite\",\"item\":\"https:\/\/smart-arbeitsrecht.de\/\"},{\"@type\":\"ListItem\",\"position\":2,\"name\":\"Datenschutzerkl\u00e4rung\"}]},{\"@type\":\"WebSite\",\"@id\":\"https:\/\/smart-arbeitsrecht.de\/#website\",\"url\":\"https:\/\/smart-arbeitsrecht.de\/\",\"name\":\"Smart-Arbeitsrecht\",\"description\":\"Kanzlei f\u00fcr Arbeitsrecht\",\"potentialAction\":[{\"@type\":\"SearchAction\",\"target\":{\"@type\":\"EntryPoint\",\"urlTemplate\":\"https:\/\/smart-arbeitsrecht.de\/?s={search_term_string}\"},\"query-input\":{\"@type\":\"PropertyValueSpecification\",\"valueRequired\":true,\"valueName\":\"search_term_string\"}}],\"inLanguage\":\"tr\"}]}<\/script>\n<!-- \/ Yoast SEO plugin. -->","yoast_head_json":{"title":"Gizlilik Politikas\u0131: Gizlili\u011finiz bizim i\u00e7in \u00f6nemlidir | Ak\u0131ll\u0131 \u0130\u015f Hukuku","description":"Verilerinizi nas\u0131l korudu\u011fumuzu ve hangi bilgileri toplad\u0131\u011f\u0131m\u0131z\u0131 \u00f6\u011frenin. Daha fazla \u015feffafl\u0131k i\u00e7in gizlilik politikam\u0131z\u0131 okuyun.","robots":{"index":"noindex","follow":"follow"},"og_locale":"tr_TR","og_type":"article","og_title":"Datenschutzerkl\u00e4rung: Ihre Privatsph\u00e4re ist uns wichtig | Smart-Arbeitsrecht","og_description":"Erfahre hier, wie wir Deine Daten sch\u00fctzen und welche Informationen wir sammeln. Lese hier unsere Datenschutzerkl\u00e4rung f\u00fcr mehr Transparenz.","og_url":"https:\/\/smart-arbeitsrecht.de\/tr\/datenschutzerklaerung\/","og_site_name":"Smart-Arbeitsrecht","article_modified_time":"2025-04-17T13:52:50+00:00","twitter_card":"summary_large_image","twitter_misc":{"Tahmini okuma s\u00fcresi":"17 dakika"},"schema":{"@context":"https:\/\/schema.org","@graph":[{"@type":"WebPage","@id":"https:\/\/smart-arbeitsrecht.de\/datenschutzerklaerung\/","url":"https:\/\/smart-arbeitsrecht.de\/datenschutzerklaerung\/","name":"Gizlilik Politikas\u0131: Gizlili\u011finiz bizim i\u00e7in \u00f6nemlidir | Ak\u0131ll\u0131 \u0130\u015f Hukuku","isPartOf":{"@id":"https:\/\/smart-arbeitsrecht.de\/#website"},"description":"Verilerinizi nas\u0131l korudu\u011fumuzu ve hangi bilgileri toplad\u0131\u011f\u0131m\u0131z\u0131 \u00f6\u011frenin. Daha fazla \u015feffafl\u0131k i\u00e7in gizlilik politikam\u0131z\u0131 okuyun.","breadcrumb":{"@id":"https:\/\/smart-arbeitsrecht.de\/datenschutzerklaerung\/#breadcrumb"},"inLanguage":"tr","potentialAction":[{"@type":"ReadAction","target":["https:\/\/smart-arbeitsrecht.de\/datenschutzerklaerung\/"]}]},{"@type":"BreadcrumbList","@id":"https:\/\/smart-arbeitsrecht.de\/datenschutzerklaerung\/#breadcrumb","itemListElement":[{"@type":"ListItem","position":1,"name":"Startseite","item":"https:\/\/smart-arbeitsrecht.de\/"},{"@type":"ListItem","position":2,"name":"Datenschutzerkl\u00e4rung"}]},{"@type":"WebSite","@id":"https:\/\/smart-arbeitsrecht.de\/#website","url":"https:\/\/smart-arbeitsrecht.de\/","name":"Ak\u0131ll\u0131 i\u015f hukuku","description":"\u0130\u015f hukuku firmas\u0131","potentialAction":[{"@type":"SearchAction","target":{"@type":"EntryPoint","urlTemplate":"https:\/\/smart-arbeitsrecht.de\/?s={search_term_string}"},"query-input":{"@type":"PropertyValueSpecification","valueRequired":true,"valueName":"search_term_string"}}],"inLanguage":"tr"}]}},"_links":{"self":[{"href":"https:\/\/smart-arbeitsrecht.de\/tr\/wp-json\/wp\/v2\/pages\/3","targetHints":{"allow":["GET"]}}],"collection":[{"href":"https:\/\/smart-arbeitsrecht.de\/tr\/wp-json\/wp\/v2\/pages"}],"about":[{"href":"https:\/\/smart-arbeitsrecht.de\/tr\/wp-json\/wp\/v2\/types\/page"}],"author":[{"embeddable":true,"href":"https:\/\/smart-arbeitsrecht.de\/tr\/wp-json\/wp\/v2\/users\/1"}],"replies":[{"embeddable":true,"href":"https:\/\/smart-arbeitsrecht.de\/tr\/wp-json\/wp\/v2\/comments?post=3"}],"version-history":[{"count":13,"href":"https:\/\/smart-arbeitsrecht.de\/tr\/wp-json\/wp\/v2\/pages\/3\/revisions"}],"predecessor-version":[{"id":9185,"href":"https:\/\/smart-arbeitsrecht.de\/tr\/wp-json\/wp\/v2\/pages\/3\/revisions\/9185"}],"wp:attachment":[{"href":"https:\/\/smart-arbeitsrecht.de\/tr\/wp-json\/wp\/v2\/media?parent=3"}],"curies":[{"name":"wp","href":"https:\/\/api.w.org\/{rel}","templated":true}]}}