{"id":404,"date":"2020-02-02T17:14:14","date_gmt":"2020-02-02T16:14:14","guid":{"rendered":"https:\/\/betriebsrat-kanzlei.de\/?page_id=404"},"modified":"2025-07-19T16:56:10","modified_gmt":"2025-07-19T14:56:10","slug":"impressum","status":"publish","type":"page","link":"https:\/\/smart-arbeitsrecht.de\/tr\/impressum\/","title":{"rendered":"Bask\u0131 \u2013 \u00a7 5 DDG&#039;ye g\u00f6re bilgiler"},"content":{"rendered":"<h2>Ak\u0131ll\u0131 \u0130\u015f Hukuku \u2013 \u0130\u015f Hukuku B\u00fcrosu<\/h2>\n<p>Ak\u0131ll\u0131 \u0130stihdam Hukuku GbR<br \/>\nHissedarlar: Raphael Lugowski, Hamza G\u00fclbas<br \/>\nMax-Brauer-Allee 81<br \/>\n22765 Hamburg<\/p>\n<h3>Temas etmek:<\/h3>\n<table>\n<tbody>\n<tr>\n<td>Telefon:<\/td>\n<td>+49 (0) 40 524 717 830<\/td>\n<\/tr>\n<tr>\n<td>E-posta:<\/td>\n<td>lugowski@smart-arbeitsrecht.de<\/td>\n<\/tr>\n<\/tbody>\n<\/table>\n<h3>KDV:<\/h3>\n<p>KDV Kanunu&#039;nun 27a maddesine g\u00f6re KDV kimlik numaras\u0131:<br \/>\nDE307974786<\/p>\n<h3>Denetim makam\u0131:<\/h3>\n<p>Hanseatik Baro Birli\u011fi<br \/>\nBleichenbr\u00fccke 9<br \/>\n20354 Hamburg<br \/>\nTelefon: 040 \u2013 35 74 41 \u2013 0<br \/>\nFaks: 040 \u2013 35 74 41 \u2013 41<\/p>\n<h3>\u00a7 55 para. 2 RStV&#039;ye g\u00f6re i\u00e7erikten sorumlu ki\u015fi:<\/h3>\n<p>Raphael Lugowski<br \/>\nMax-Brauer-Allee 81<br \/>\n22765 Hamburg<\/p>\n<h3>Mesleki unvan ve mesleki d\u00fczenlemeler<\/h3>\n<p>Meslek \u00fcnvan\u0131: Avukat<br \/>\nSorumlu Oda: Hanseatik Baro Birli\u011fi<br \/>\n\u00d6d\u00fcllendiren: Almanya<\/p>\n<p>Avukat Raphael Lugowski, Hanseatik Baro Birli\u011fi&#039;ne kabul edildi.<br \/>\nAvukat Hamza G\u00fclba\u015f, Hanseatik Barosu&#039;na kaydoldu.<\/p>\n<p>A\u015fa\u011f\u0131daki mesleki d\u00fczenlemeler ge\u00e7erlidir: Federal Avukatlar Yasas\u0131 (BRAO) Avukatlar i\u00e7in Mesleki Davran\u0131\u015f Kurallar\u0131 (BORA) Uzman Avukatlar Yasas\u0131 (FAO) CCBE Avukatlar\u0131n \u00dccretlendirme Yasas\u0131&#039;n\u0131n Mesleki Kurallar\u0131 (RVG) Almanya&#039;daki Avrupa Avukatlar\u0131n\u0131n Faaliyetlerine \u0130li\u015fkin Yasa (EuRAG)<br \/>\nY\u00f6netmeliklere \u015fu adresten ula\u015f\u0131labilir: http:\/\/www.brak.de<\/p>\n<h2>Teknik destek<\/h2>\n<p>WebTiger Pro GmbH<br \/>\nPrenzlauer Allee 234<br \/>\n10405 Berlin<br \/>\nTelefon: 030 814581620<br \/>\nE-posta: hallo@webtiger-pro.de<\/p>\n<blockquote class=\"wp-embedded-content\" data-secret=\"uAdTR8mqBX\"><p><a href=\"https:\/\/www.webtiger-pro.de\/kanzleimarketing\/\">Hukuk firmas\u0131 pazarlamas\u0131: En \u00f6nemli 12 soru ve cevap<\/a><\/p><\/blockquote>\n<p><iframe loading=\"lazy\" class=\"wp-embedded-content\" sandbox=\"allow-scripts\" security=\"restricted\" style=\"position: absolute; visibility: hidden;\" title=\"&quot;Hukuk B\u00fcrosu Pazarlamas\u0131: En \u00d6nemli 12 Soru ve Cevap&quot; \u2014 WebTiger Pro\" src=\"https:\/\/www.webtiger-pro.de\/kanzleimarketing\/embed\/#?secret=G0PyOTmEms#?secret=uAdTR8mqBX\" data-secret=\"uAdTR8mqBX\" width=\"500\" height=\"282\" frameborder=\"0\" marginwidth=\"0\" marginheight=\"0\" scrolling=\"no\"><\/iframe><\/p>\n<p>Marka hukuku alan\u0131nda faaliyet g\u00f6steren hukuk firmas\u0131 Obladen &amp; G\u00e4ssler&#039;den hukuki dan\u0131\u015fmanl\u0131k<\/p>\n<h3>Mesleki sorumluluk sigortas\u0131 hakk\u0131nda bilgi<\/h3>\n<p>Sigortac\u0131n\u0131n ad\u0131 ve kay\u0131tl\u0131 ofisi:<\/p>\n<p>HDI Sigorta AG<br \/>\n\u0130GE S\u0131ralamas\u0131 1<br \/>\n30659 Hannover<\/p>\n<p>Sigortan\u0131n ge\u00e7erlilik alan\u0131: Almanya<\/p>\n<p>HDI Finansal Kay\u0131p Sorumluluk Sigortas\u0131: Sigorta numaras\u0131: V-086-079-324-4<\/p>\n<h3>Uyu\u015fmazl\u0131k \u00e7\u00f6z\u00fcm\u00fc<\/h3>\n<p>T\u00fcketici hakem heyeti nezdinde uyu\u015fmazl\u0131k \u00e7\u00f6z\u00fcm s\u00fcrecine kat\u0131lmaya istekli veya mecbur de\u011filiz.<\/p>\n<h2>Sorumluluk Reddi<\/h2>\n<p><strong>\u0130\u00e7erik sorumlulu\u011fu<\/strong><\/p>\n<p>Hizmet sa\u011flay\u0131c\u0131lar olarak, Alman Veri Koruma Yasas\u0131&#039;n\u0131n (DDG) 7 (1) Maddesi uyar\u0131nca, bu web sitelerindeki kendi i\u00e7eriklerimizden yasal olarak sorumluyuz. Ancak, DDG&#039;nin 8 ila 10. Maddeleri uyar\u0131nca, hizmet sa\u011flay\u0131c\u0131lar olarak, g\u00f6nderilen veya saklanan \u00fc\u00e7\u00fcnc\u00fc taraf bilgilerini izlemek veya yasa d\u0131\u015f\u0131 faaliyete i\u015faret eden deliller aramakla y\u00fck\u00fcml\u00fc de\u011filiz. Bilgileri kald\u0131rma veya bilgilerin kullan\u0131m\u0131n\u0131 engelleme konusundaki yasal y\u00fck\u00fcml\u00fcl\u00fckler sakl\u0131d\u0131r. Bu durumda, sorumluluk yaln\u0131zca belirli bir yasa ihlali hakk\u0131nda bilgi edinildi\u011fi anda m\u00fcmk\u00fcnd\u00fcr. Bu t\u00fcr ihlallerden haberdar olmam\u0131z halinde, s\u00f6z konusu i\u00e7erikleri derhal kald\u0131raca\u011f\u0131z.<\/p>\n<p><strong>Ba\u011flant\u0131lar\u0131n sorumlulu\u011fu<\/strong><\/p>\n<p>Teklifimiz, i\u00e7erikleri \u00fczerinde hi\u00e7bir etkimiz olmayan harici \u00fc\u00e7\u00fcnc\u00fc taraf web sitelerine ba\u011flant\u0131lar i\u00e7ermektedir. Bu nedenle, bu harici i\u00e7erik i\u00e7in herhangi bir sorumluluk kabul edemeyiz. Ba\u011flant\u0131l\u0131 sayfalar\u0131n i\u00e7eri\u011finden her zaman ilgili sa\u011flay\u0131c\u0131 veya i\u015fletmeci sorumludur. Ba\u011flant\u0131l\u0131 sayfalar, ba\u011flant\u0131n\u0131n olu\u015fturuldu\u011fu tarihte olas\u0131 yasal ihlaller a\u00e7\u0131s\u0131ndan incelenmi\u015ftir. Ba\u011flant\u0131n\u0131n olu\u015fturuldu\u011fu tarihte yasa d\u0131\u015f\u0131 i\u00e7erik tespit edilememi\u015ftir. Ancak, yasal bir ihlale dair somut bir kan\u0131t olmadan, ba\u011flant\u0131l\u0131 sayfalar\u0131n i\u00e7eri\u011finin s\u00fcrekli olarak izlenmesi makul de\u011fildir. Herhangi bir yasal ihlalin bildirilmesi halinde, bu ba\u011flant\u0131lar\u0131 derhal kald\u0131raca\u011f\u0131z.<\/p>\n<p><strong>telif hakk\u0131<\/strong><\/p>\n<p>Site operat\u00f6rleri taraf\u0131ndan olu\u015fturulan bu sayfalardaki i\u00e7erik ve eserler, Alman telif hakk\u0131 yasalar\u0131na tabidir. Telif hakk\u0131 yasalar\u0131 d\u0131\u015f\u0131nda \u00e7o\u011falt\u0131lmas\u0131, i\u015flenmesi, da\u011f\u0131t\u0131m\u0131 ve her t\u00fcrl\u00fc kullan\u0131m\u0131, ilgili yazar\u0131n veya yarat\u0131c\u0131n\u0131n yaz\u0131l\u0131 iznini gerektirir. Bu sitenin indirilmesine ve kopyalanmas\u0131na yaln\u0131zca ki\u015fisel, ticari olmayan kullan\u0131m i\u00e7in izin verilir. Bu sitedeki i\u00e7erik operat\u00f6r taraf\u0131ndan olu\u015fturulmad\u0131\u011f\u0131 s\u00fcrece, \u00fc\u00e7\u00fcnc\u00fc taraflar\u0131n telif haklar\u0131na sayg\u0131 duyulur. \u00d6zellikle, \u00fc\u00e7\u00fcnc\u00fc taraf i\u00e7erikleri bu \u015fekilde i\u015faretlenir. Yine de bir telif hakk\u0131 ihlali fark ederseniz, l\u00fctfen bizi bu konuda bilgilendirin. Herhangi bir ihlalin bildirilmesi \u00fczerine, s\u00f6z konusu i\u00e7erikleri derhal kald\u0131raca\u011f\u0131z.<\/p>","protected":false},"excerpt":{"rendered":"<p>Ak\u0131ll\u0131 \u0130\u015f Hukuku \u2013 \u0130\u015f Hukuku B\u00fcrosu Ak\u0131ll\u0131 \u0130\u015f Hukuku GbR Ortaklar: Raphael Lugowski, Hamza G\u00fclbas Max-Brauer-Allee 81 22765 Hamburg \u0130leti\u015fim: Telefon:\u2026<\/p>","protected":false},"author":1,"featured_media":0,"parent":0,"menu_order":0,"comment_status":"closed","ping_status":"closed","template":"","meta":{"footnotes":""},"class_list":["post-404","page","type-page","status-publish","hentry"],"acf":[],"yoast_head":"<!-- This site is optimized with the Yoast SEO plugin v26.5 - https:\/\/yoast.com\/wordpress\/plugins\/seo\/ -->\n<title>Impressum: Du hast Fragen zum Arbeitsrecht? Kontaktiere uns!<\/title>\n<meta name=\"description\" content=\"Finde im Impressum unsere Kontaktdaten und rechtlichen Informationen. Bei Fragen zum Arbeitsrecht sind wir f\u00fcr dich da.\" \/>\n<meta name=\"robots\" content=\"noindex, follow\" \/>\n<meta property=\"og:locale\" content=\"tr_TR\" \/>\n<meta property=\"og:type\" content=\"article\" \/>\n<meta property=\"og:title\" content=\"Impressum: Du hast Fragen zum Arbeitsrecht? Kontaktiere uns!\" \/>\n<meta property=\"og:description\" content=\"Finde im Impressum unsere Kontaktdaten und rechtlichen Informationen. Bei Fragen zum Arbeitsrecht sind wir f\u00fcr dich da.\" \/>\n<meta property=\"og:url\" content=\"https:\/\/smart-arbeitsrecht.de\/tr\/impressum\/\" \/>\n<meta property=\"og:site_name\" content=\"Smart-Arbeitsrecht\" \/>\n<meta property=\"article:modified_time\" content=\"2025-07-19T14:56:10+00:00\" \/>\n<meta name=\"twitter:card\" content=\"summary_large_image\" \/>\n<meta name=\"twitter:label1\" content=\"Tahmini okuma s\u00fcresi\" \/>\n\t<meta name=\"twitter:data1\" content=\"3 dakika\" \/>\n<script type=\"application\/ld+json\" class=\"yoast-schema-graph\">{\"@context\":\"https:\/\/schema.org\",\"@graph\":[{\"@type\":\"WebPage\",\"@id\":\"https:\/\/smart-arbeitsrecht.de\/impressum\/\",\"url\":\"https:\/\/smart-arbeitsrecht.de\/impressum\/\",\"name\":\"Impressum: Du hast Fragen zum Arbeitsrecht? Kontaktiere uns!\",\"isPartOf\":{\"@id\":\"https:\/\/smart-arbeitsrecht.de\/#website\"},\"description\":\"Finde im Impressum unsere Kontaktdaten und rechtlichen Informationen. Bei Fragen zum Arbeitsrecht sind wir f\u00fcr dich da.\",\"breadcrumb\":{\"@id\":\"https:\/\/smart-arbeitsrecht.de\/impressum\/#breadcrumb\"},\"inLanguage\":\"tr\",\"potentialAction\":[{\"@type\":\"ReadAction\",\"target\":[\"https:\/\/smart-arbeitsrecht.de\/impressum\/\"]}]},{\"@type\":\"BreadcrumbList\",\"@id\":\"https:\/\/smart-arbeitsrecht.de\/impressum\/#breadcrumb\",\"itemListElement\":[{\"@type\":\"ListItem\",\"position\":1,\"name\":\"Startseite\",\"item\":\"https:\/\/smart-arbeitsrecht.de\/\"},{\"@type\":\"ListItem\",\"position\":2,\"name\":\"Impressum &#8211; Angaben gem\u00e4\u00df \u00a7 5 DDG\"}]},{\"@type\":\"WebSite\",\"@id\":\"https:\/\/smart-arbeitsrecht.de\/#website\",\"url\":\"https:\/\/smart-arbeitsrecht.de\/\",\"name\":\"Smart-Arbeitsrecht\",\"description\":\"Kanzlei f\u00fcr Arbeitsrecht\",\"potentialAction\":[{\"@type\":\"SearchAction\",\"target\":{\"@type\":\"EntryPoint\",\"urlTemplate\":\"https:\/\/smart-arbeitsrecht.de\/?s={search_term_string}\"},\"query-input\":{\"@type\":\"PropertyValueSpecification\",\"valueRequired\":true,\"valueName\":\"search_term_string\"}}],\"inLanguage\":\"tr\"}]}<\/script>\n<!-- \/ Yoast SEO plugin. -->","yoast_head_json":{"title":"Yasal Uyar\u0131: \u0130\u015f hukuku hakk\u0131nda sorular\u0131n\u0131z m\u0131 var? Bizimle ileti\u015fime ge\u00e7in!","description":"\u0130leti\u015fim bilgilerimizi ve yasal bilgilerimizi bas\u0131l\u0131 dok\u00fcmanlar\u0131m\u0131zda bulabilirsiniz. \u0130\u015f hukukuyla ilgili t\u00fcm sorular\u0131n\u0131zda size yard\u0131mc\u0131 olmak i\u00e7in buraday\u0131z.","robots":{"index":"noindex","follow":"follow"},"og_locale":"tr_TR","og_type":"article","og_title":"Impressum: Du hast Fragen zum Arbeitsrecht? Kontaktiere uns!","og_description":"Finde im Impressum unsere Kontaktdaten und rechtlichen Informationen. Bei Fragen zum Arbeitsrecht sind wir f\u00fcr dich da.","og_url":"https:\/\/smart-arbeitsrecht.de\/tr\/impressum\/","og_site_name":"Smart-Arbeitsrecht","article_modified_time":"2025-07-19T14:56:10+00:00","twitter_card":"summary_large_image","twitter_misc":{"Tahmini okuma s\u00fcresi":"3 dakika"},"schema":{"@context":"https:\/\/schema.org","@graph":[{"@type":"WebPage","@id":"https:\/\/smart-arbeitsrecht.de\/impressum\/","url":"https:\/\/smart-arbeitsrecht.de\/impressum\/","name":"Yasal Uyar\u0131: \u0130\u015f hukuku hakk\u0131nda sorular\u0131n\u0131z m\u0131 var? Bizimle ileti\u015fime ge\u00e7in!","isPartOf":{"@id":"https:\/\/smart-arbeitsrecht.de\/#website"},"description":"\u0130leti\u015fim bilgilerimizi ve yasal bilgilerimizi bas\u0131l\u0131 dok\u00fcmanlar\u0131m\u0131zda bulabilirsiniz. \u0130\u015f hukukuyla ilgili t\u00fcm sorular\u0131n\u0131zda size yard\u0131mc\u0131 olmak i\u00e7in buraday\u0131z.","breadcrumb":{"@id":"https:\/\/smart-arbeitsrecht.de\/impressum\/#breadcrumb"},"inLanguage":"tr","potentialAction":[{"@type":"ReadAction","target":["https:\/\/smart-arbeitsrecht.de\/impressum\/"]}]},{"@type":"BreadcrumbList","@id":"https:\/\/smart-arbeitsrecht.de\/impressum\/#breadcrumb","itemListElement":[{"@type":"ListItem","position":1,"name":"Startseite","item":"https:\/\/smart-arbeitsrecht.de\/"},{"@type":"ListItem","position":2,"name":"Impressum &#8211; Angaben gem\u00e4\u00df \u00a7 5 DDG"}]},{"@type":"WebSite","@id":"https:\/\/smart-arbeitsrecht.de\/#website","url":"https:\/\/smart-arbeitsrecht.de\/","name":"Ak\u0131ll\u0131 i\u015f hukuku","description":"\u0130\u015f hukuku firmas\u0131","potentialAction":[{"@type":"SearchAction","target":{"@type":"EntryPoint","urlTemplate":"https:\/\/smart-arbeitsrecht.de\/?s={search_term_string}"},"query-input":{"@type":"PropertyValueSpecification","valueRequired":true,"valueName":"search_term_string"}}],"inLanguage":"tr"}]}},"_links":{"self":[{"href":"https:\/\/smart-arbeitsrecht.de\/tr\/wp-json\/wp\/v2\/pages\/404","targetHints":{"allow":["GET"]}}],"collection":[{"href":"https:\/\/smart-arbeitsrecht.de\/tr\/wp-json\/wp\/v2\/pages"}],"about":[{"href":"https:\/\/smart-arbeitsrecht.de\/tr\/wp-json\/wp\/v2\/types\/page"}],"author":[{"embeddable":true,"href":"https:\/\/smart-arbeitsrecht.de\/tr\/wp-json\/wp\/v2\/users\/1"}],"replies":[{"embeddable":true,"href":"https:\/\/smart-arbeitsrecht.de\/tr\/wp-json\/wp\/v2\/comments?post=404"}],"version-history":[{"count":13,"href":"https:\/\/smart-arbeitsrecht.de\/tr\/wp-json\/wp\/v2\/pages\/404\/revisions"}],"predecessor-version":[{"id":9592,"href":"https:\/\/smart-arbeitsrecht.de\/tr\/wp-json\/wp\/v2\/pages\/404\/revisions\/9592"}],"wp:attachment":[{"href":"https:\/\/smart-arbeitsrecht.de\/tr\/wp-json\/wp\/v2\/media?parent=404"}],"curies":[{"name":"wp","href":"https:\/\/api.w.org\/{rel}","templated":true}]}}