{"id":5842,"date":"2022-01-02T08:43:08","date_gmt":"2022-01-02T07:43:08","guid":{"rendered":"https:\/\/smart-arbeitsrecht.de\/?page_id=5842"},"modified":"2023-10-04T09:44:08","modified_gmt":"2023-10-04T07:44:08","slug":"adwokat-od-prawa-pracy-w-hamburgu-niemczech","status":"publish","type":"page","link":"https:\/\/smart-arbeitsrecht.de\/tr\/adwokat-od-prawa-pracy-w-hamburgu-niemczech\/","title":{"rendered":"Adwokat polski prawo pracy Hamburg | Niemcy"},"content":{"rendered":"<div id=\"smart-column-block_e76ca354a81acfd6e96f195da6e7d23a\" class=\"smart-column flex flex-col\">\n                                    <div class='mobile-even-row order-1 md:order-none' >\n                \n<div class=\"relative flex flex-wrap\">\r\n  <div class=\"relative w-full lg:w-1\/2 h-64 sm:h-72 md:h-96 lg:h-auto order-last lg:order-none\">\r\n    <picture>\r\n      <source srcset=\"\/wp-content\/uploads\/2023\/04\/Raphael_Lugowski_Schreibtisch_abstuetzend.webp\" type=\"image\/webp\" \/>\r\n      <source srcset=\"\/wp-content\/uploads\/2023\/04\/Raphael_Lugowski_Schreibtisch_abstuetzend.jpg\" type=\"image\/jpeg\" \/>\r\n      <img decoding=\"async\"\r\n        class=\"absolute object-cover w-full h-full\"\r\n        src=\"\/wp-content\/uploads\/2023\/04\/Raphael_Lugowski_Schreibtisch_abstuetzend.jpg\"\r\n        alt=\"Raphael Lugowski - Fachanwalt f\u00fcr Arbeitsrecht in Hamburg\"\r\n        style=\"object-position: 50% 30%\"\r\n      \/>\r\n    <\/picture>\r\n  <\/div>\r\n\r\n  <div class=\"w-full lg:w-1\/2 py-8 text-center lg:py-32 lg:text-left\" style=\"background-color: #f4f4f4\">\r\n    <div class=\"px-4 max-w-5xl mx-auto lg:mx-0 sm:px-8 xl:pl-16\">\r\n      <h1 class=\"text-4xl tracking-tight font-extrabold text-gray-900 sm:text-5xl md:text-6xl lg:text-5xl xl:text-6xl\">\r\n        <span class=\"block xl:inline\">Adwokat polski prawo pracy<\/span>\r\n      <\/h1>\r\n      <span\r\n        class=\"block text-3xl tracking-tight font-extrabold sm:text-4xl md:text-5xl lg:text-4xl xl:text-5xl\"\r\n        style=\"color: #edc273\"\r\n        ><span style=\"color: #000\">Jako\u015bciowe prawo pracy<\/span> dla Twojego sukcesu<\/span\r\n>\r\n      <p class=\"mt-3 text-lg text-gray-500 sm:text-xl md:mt-5 md:max-w-3xl\">\r\n        Bir \u00e7ift koniec ve iki harika pratik prati\u011fi: bir profesyonelin profesyonelli\u011fi ve pratik prati\u011fi ile ilgili daha fazla bilgi. Prati\u011fin uygulanmas\u0131nda ustal\u0131k ve beceriyle ilgili iki sorun var. Ben bir uczciwych warunkach&#039;a gidiyorum. Nasz stili: Dobra ve szybka praca \u2013 szybkich rezultat\u00f3w.\r\n      <\/p>\r\n      <div class=\"iconlist\">\r\n        <p class=\"p-4 font-bold text-xl\">\r\n          Rozwi\u0105zywanie wyzwa\u0144 zakresu prawa pracy, skuteczne Dochodzenie roszcze\u0144 \u2013 w\u0142a\u015bnie otrzymujesz&#039;e:\r\n        <\/p>\r\n        <ul>\r\n          <li class=\"flex\">\r\n            <span class=\"fa fa-check mr-2 pt-1 text-green-500\"><\/span>Wysoki stopie\u0144 specjalizacji w prawie pracy - zapewnia to jako\u015b\u0107 ve niezawodno\u015b\u0107 naszych us\u0142ug\r\n          <\/li>\r\n          <li class=\"flex\">\r\n            <span class=\"fa fa-check mr-2 pt-1 text-green-500\"><\/span>Spraw \u015bwiadcz\u0105 veya naszym wieloletnim do\u015bwiadczeniu \u2013 sprawdzone stratejisi zapewni\u0105 Ci przewag\u0119\r\n          <\/li>\r\n          <li class=\"flex\">\r\n            <span class=\"fa fa-check mr-2 pt-1 text-green-500\"><\/span>Baz\u0131 durumlarda, yeni se\u00e7enekler ve uygulamalar, yeni uygulamalar ve uygulamalar - yeni ve \u00f6zel bir poziomi ile \u00f6zel uygulamalar ve pratik uygulamalarla ilgili daha fazla bilgi\r\n          <\/li>\r\n          <li class=\"flex\">\r\n            <span class=\"fa fa-check mr-2 pt-1 text-green-500\"><\/span>Wykwalifikowane doradztwo, dost\u0119pnych opcji ve staranne opracowanie&#039;nin oczywisto\u015b\u0107 i\u00e7in do\u011fru stratejileri ile birlikte\r\n          <\/li>\r\n          <li class=\"flex\">\r\n            <span class=\"fa fa-check mr-2 pt-1 text-green-500\"><\/span>Baz\u0131 prawo prati\u011fim stresle ilgili bir \u015fey de\u011fil \u2013 benim pratik prati\u011fim, bir cevap olarak\r\n          <\/li>\r\n        <\/ul>\r\n      <\/div>\r\n      <div class=\"buttons-block flex flex-wrap justify-center mt-12\">\r\n        <a class=\"btn-cta mr-0 sm:mr-3\" href=\"tel:+4940524717830\"> <i class=\"fa fa-phone mr-2\"><\/i>Zadzwo\u0144 teraz<\/a>\r\n        <a class=\"btn-cta mr-0 sm:mr-3\" href=\"\/tr\/kontakt\/\">\r\n          <i class=\"fa fa-envelope mr-2\"><\/i>Popro\u015b o wsparcie teraz<\/a\r\n>\r\n      <\/div>\r\n    <\/div>\r\n  <\/div>\r\n<\/div>            <\/div>\n                                <div class='order-2 md:order-none' >\n                \n<div class=\"smart-container logo\" >\n    \n    <div class=\"flex flex-wrap justify-around\">\n        \n                            \n                                                        <div >\n                        <div class=\"h-full  z-10\">\n                            <div class=\"h-full\">\n                                <img loading=\"lazy\" decoding=\"async\" src=\"\/wp-content\/uploads\/2021\/01\/logo_mitglied_arge_arbeitsrecht_1.jpg\" alt=\"\" width=\"300\" height=\"73\" class=\"alignnone size-full wp-image-2280\" \/>                            <\/div>\n                        <\/div>\n                    <\/div>\n                                                        <div >\n                        <div class=\"h-full  z-10\">\n                            <div class=\"h-full\">\n                                <img loading=\"lazy\" decoding=\"async\" class=\"alignnone size-full wp-image-859\" src=\"\/wp-content\/uploads\/2020\/05\/dav-mitglied.png\" alt=\"\" width=\"220\" height=\"80\" \/>                            <\/div>\n                        <\/div>\n                    <\/div>\n                                                        <div >\n                        <div class=\"h-full  z-10\">\n                            <div class=\"h-full\">\n                                <img loading=\"lazy\" decoding=\"async\" src=\"\/wp-content\/uploads\/2021\/02\/dav_fortbildungsbescheinigung.png\" alt=\"\" width=\"172\" height=\"80\" class=\"alignnone size-full wp-image-3374\" \/>                            <\/div>\n                        <\/div>\n                    <\/div>\n                \n                    \n        \n    <\/div>\n\n<\/div>\n            <\/div>\n                                <div class='mobile-even-row order-3 md:order-none' >\n                \n<div class=\"smart-container\" >\n    \n    <div class=\"flex flex-wrap\">\n        \n                            \n                                                        <div class=\"p-2\">\n                        <div class=\"h-full  z-10  overflow-hidden\">\n                            <div class=\"h-full p-1\">\n                                <h2 class=\"font-bold text-center\">\u0130ki polski adwokat prawo pracy<\/h2>\r\n<div class=\"relative z-10 text-base lg:max-w-5xl lg:pr-72\">\r\n  <p class=\"text-lg text-gray-500\">\r\n    Pratik yapmak i\u00e7in yetkin ve yeterli bilgiye sahip misiniz? \u0130ki tane finans ve finans uygulamas\u0131 var.\r\n  <\/p>\r\n<\/div>\r\n<div class=\"lg:grid lg:grid-cols-2 lg:gap-8 lg:items-start\">\r\n  <div class=\"relative z-10\">\r\n    <h3 class=\"font-bold text-center\">\u0130ki pratik uygulama \u2013 \u0130ki g\u00fcn sonra<\/h3>\r\n    <p>\r\n      Prawie prati\u011fiyle ilgili bir \u015fey s\u00f6ylemek istiyorum: Ciebie&#039;de \u00e7ok az \u015fey var! Standart bir naszej prati\u011fi yapt\u0131m. \u0130ki \u00f6zel prawnik, iki \u00f6zel prati\u011fin yan\u0131 s\u0131ra iki pratik prati\u011fi de beraberinde getiriyor ve iki sprawy&#039;yi temsil ediyor.\r\n    <\/p>\r\n\r\n<p> Nas\u0131l pratik yap\u0131laca\u011f\u0131n\u0131 biliyor musun? Wypowiedzenie, porozumienie veya rozwi\u0105zaniu umowy ile wypowiedzenie wyspieramy Ci\u0119 wynagrodzenie veya prac\u0119 czy wynagrodzenie. Pratik olarak, pratik yapmak ve pratik yapmak i\u00e7in \u00e7ok fazla \u00e7aba harc\u0131yoruz.\r\n<\/p>\r\n    <h3 class=\"font-bold text-center\">\u0130lginizi \u00c7ekecek \u0130ki Temsilci<\/h3>\r\n    <p>\r\n      Bunu nas\u0131l ba\u015fard\u0131n\u0131z? Kime, en iyi prawem prawem \u2013 anonim niczym! hay\u0131r nas\u0131l! \u0130ki ki\u015fi \u00e7ok iyi \u00e7al\u0131\u015f\u0131yor ve iki ilgi \u00e7ekici temsili temsil ediyor. Hi\u00e7bir zaman pratik uygulama yapmay\u0131n 08\/15. Analiz dili ba\u011f\u0131ms\u0131z ve stratejiktir. Gwarantujemy jako\u015b\u0107, rzetelno\u015b\u0107 ve przejrzysto\u015b\u0107.\r\n    <\/p>\r\n  <\/div>\r\n  <div class=\"mt-12 relative lg:mt-0 px-2\">\r\n    <svg\r\n      class=\"absolute top-0 right-0 -mt-20 -mr-20 lg:top-auto lg:right-auto lg:bottom-1\/2 lg:left-1\/2 lg:mt-0 lg:mr-0 xl:top-0 xl:right-0 xl:-mt-20 xl:-mr-20\"\r\n      width=\"404\"\r\n      height=\"384\"\r\n      fill=\"none\"\r\n      viewbox=\"0 0 404 384\"\r\n      aria-hidden=\"true\"\r\n    >\r\n      <defs>\r\n        <pattern\r\n          id=\"pattern\"\r\n          x=\"0\"\r\n          y=\"0\"\r\n          width=\"20\"\r\n          height=\"20\"\r\n          patternunits=\"userSpaceOnUse\"\r\n        >\r\n          <rect x=\"0\" y=\"0\" width=\"4\" height=\"4\" class=\"text-gray-200\" fill=\"currentColor\" \/>\r\n        <\/pattern>\r\n      <\/defs>\r\n      <rect width=\"404\" height=\"384\" fill=\"url(#pattern)\" \/>\r\n    <\/svg>\r\n    <blockquote class=\"relative bg-white shadow-lg\">\r\n      <div class=\"px-6 py-8 sm:px-10 sm:pt-10 sm:pb-8\">\r\n        <img loading=\"lazy\" decoding=\"async\"\r\n          src=\"\/wp-content\/themes\/tailpress\/img\/smart_arbeitsrecht_logo_blau.svg\"\r\n          alt=\"Smart Arbeitsrecht Logo\"\r\n          width=\"120\"\r\n          height=\"39\"\r\n        \/>\r\n        <div class=\"relative text-lg text-gray-700 font-medium mt-8\">\r\n          <svg\r\n            class=\"absolute top-0 left-0 transform -translate-x-3 -translate-y-2 h-8 w-8 text-gray-200\"\r\n            fill=\"currentColor\"\r\n            viewbox=\"0 0 32 32\"\r\n            aria-hidden=\"true\"\r\n          >\r\n            <path\r\n              d=\"M9.352 4C4.456 7.456 1 13.12 1 19.36c0 5.088 3.072 8.064 6.624 8.064 3.36 0 5.856-2.688 5.856-5.856 0-3.168-2.208-5.472-5.088-5.472-.576 0-1.344.096-1.536.192.48-3.264 3.552-7.104 6.624-9.024L9.352 4zm16.512 0c-4.8 3.456-8.256 9.12-8.256 15.36 0 5.088 3.072 8.064 6.624 8.064 3.264 0 5.856-2.688 5.856-5.856 0-3.168-2.304-5.472-5.184-5.472-.576 0-1.248.096-1.44.192.48-3.264 3.456-7.104 6.528-9.024L25.864 4z\"\r\n            \/>\r\n          <\/svg>\r\n          <p class=\"relative\">\r\n            Korzystasz z naszego wysokiego poziomu specjalizacji ve do\u015bwiadczenia ile zakresie prawacy. Doradzamy, pratik prati\u011fin en iyi \u015fekilde yap\u0131lmas\u0131n\u0131 sa\u011flad\u0131. M\u00fc\u015fterinin opiera&#039;s\u0131yla Nasza ileti\u015fimi trzech podstawowych filarach&#039;tad\u0131r: otwarto\u015bci, uczciwo\u015bci ve prostocie. Pratik olarak pratik yapmak i\u00e7in, standart bir \u015fekilde pratik yapmak gerekir. Poniewa\u017c chcemy pom\u00f3c Ci odnie\u015b\u0107 sukces. Yetkin bir \u015fekilde i\u015flerinizi halledebilir ve pratik yapmak i\u00e7in bir \u015feyler yapabilirsiniz, iki \u015feyle u\u011fra\u015fmak gibi bir \u015faka!\r\n          <\/p>\r\n        <\/div>\r\n      <\/div>\r\n      <cite\r\n        class=\"relative flex items-center sm:items-start bg-primary not-italic py-5 px-6 sm:py-5 sm:pl-12 sm:pr-10 sm:mt-10\"\r\n        ><span\r\n          class=\"block relative rounded-full border-2 border-white sm:absolute sm:top-0 sm:transform sm:-translate-y-1\/2\"\r\n        >\r\n          <img loading=\"lazy\" decoding=\"async\"\r\n            src=\"\/wp-content\/uploads\/2023\/05\/Raphael_Lugowski_K\u00fc\u00e7\u00fck Resim.jpeg\"\r\n            alt=\"Raphael Lugowski\"\r\n            width=\"90\"\r\n            height=\"90\"\r\n            class=\"w-12 h-12 sm:w-20 sm:h-20 rounded-full alignnone size-full wp-image-6178\"\r\n          \/>\r\n        <\/span>\r\n        <span class=\"relative ml-4 font-semibold leading-6 sm:ml-24 sm:pl-1\"\r\n          ><span class=\"text-white font-semibold sm:inline\">Raphael Lugowski<\/span><\/span\r\n><\/cite\r\n>\r\n    <\/blockquote>\r\n  <\/div>\r\n<\/div>\r\n                            <\/div>\n                        <\/div>\n                    <\/div>\n                \n                    \n        \n    <\/div>\n\n<\/div>\n            <\/div>\n                                <div class='order-4 md:order-none' >\n                \n<div class=\"smart-container\" >\n            <h2 class=\"font-bold text-center uppercase\">Sizinle ileti\u015fime ge\u00e7mek i\u00e7in ileti\u015fime ge\u00e7in<\/h2>\n    \n    <div class=\"flex flex-wrap justify-center\">\n        \n                            \n                                                        <div class=\"text-center\">\n                        <div class=\"h-full  hasBorder z-10\" style=\"border: 5px solid #AF002D;\">\n                            <div class=\"h-full p-4\">\n                                Pratik yapmak i\u00e7in gereken lisans\u0131 ald\u0131n\u0131z, pratikte yap\u0131lmas\u0131 gerekenler aras\u0131nda, yeni bir uygulama yapma olana\u011f\u0131n\u0131z da var.\r\n\r\n<strong>Dlatego prosimy veya tylko wtedy ile ileti\u015fime ge\u00e7in<\/strong>, gdy otrzymaj\u0105 Pa\u0144stwo <strong>wypowiedzenie<\/strong> ya\u011f <strong>porozumienie veya rozwi\u0105zaniu umowy<\/strong> lub gdy chodzi veya stosunkowo wysok\u0105 kwot\u0119 dla Pa\u0144stwa ekonomikznie (veya 15.000 euro). \u00c7o\u011fu zaman, pratik yapman\u0131n en iyi yolu budur. Hi\u00e7bir zaman herhangi bir sorunla kar\u015f\u0131la\u015fmay\u0131n ve kaslar\u0131n\u0131z\u0131 \u00e7al\u0131\u015ft\u0131rmay\u0131n.                            <\/div>\n                        <\/div>\n                    <\/div>\n                \n                    \n        \n    <\/div>\n\n<\/div>\n            <\/div>\n                                <div class='mobile-even-row order-5 md:order-none' >\n                \n<div class=\"smart-container\" >\n    \n    <div class=\"flex flex-wrap justify-center\">\n        \n                            \n                                                        <div class=\"w-full lg:w-1\/3 text-start\">\n                        <div class=\"h-full  z-10\">\n                            <div class=\"h-full\">\n                                <div class=\"flex flex-col h-full relative\">\r\n  <div class=\"absolute top-0 left-0 mt-3 ml-4 md:mt-5 md:ml-12\"> <svg xmlns=\"http:\/\/www.w3.org\/2000\/svg\" class=\"text-primary-light fill-current w-12 h-12 md:w-16 md:h-16 opacity-40\" viewbox=\"0 0 24 24\">\r\n      <path d=\"M6.5 10c-.223 0-.437.034-.65.065.069-.232.14-.468.254-.68.114-.308.292-.575.469-.844.148-.291.409-.488.601-.737.201-.242.475-.403.692-.604.213-.21.492-.315.714-.463.232-.133.434-.28.65-.35.208-.086.39-.16.539-.222.302-.125.474-.197.474-.197L9.758 4.03c0 0-.218.052-.597.144C8.97 4.222 8.737 4.278 8.472 4.345c-.271.05-.56.187-.882.312C7.272 4.799 6.904 4.895 6.562 5.123c-.344.218-.741.4-1.091.692C5.132 6.116 4.723 6.377 4.421 6.76c-.33.358-.656.734-.909 1.162C3.219 8.33 3.02 8.778 2.81 9.221c-.19.443-.343.896-.468 1.336-.237.882-.343 1.72-.384 2.437-.034.718-.014 1.315.028 1.747.015.204.043.402.063.539.017.109.025.168.025.168l.026-.006C2.535 17.474 4.338 19 6.5 19c2.485 0 4.5-2.015 4.5-4.5S8.985 10 6.5 10zM17.5 10c-.223 0-.437.034-.65.065.069-.232.14-.468.254-.68.114-.308.292-.575.469-.844.148-.291.409-.488.601-.737.201-.242.475-.403.692-.604.213-.21.492-.315.714-.463.232-.133.434-.28.65-.35.208-.086.39-.16.539-.222.302-.125.474-.197.474-.197L20.758 4.03c0 0-.218.052-.597.144-.191.048-.424.104-.689.171-.271.05-.56.187-.882.312-.317.143-.686.238-1.028.467-.344.218-.741.4-1.091.692-.339.301-.748.562-1.05.944-.33.358-.656.734-.909 1.162C14.219 8.33 14.02 8.778 13.81 9.221c-.19.443-.343.896-.468 1.336-.237.882-.343 1.72-.384 2.437-.034.718-.014 1.315.028 1.747.015.204.043.402.063.539.017.109.025.168.025.168l.026-.006C13.535 17.474 15.338 19 17.5 19c2.485 0 4.5-2.015 4.5-4.5S19.985 10 17.5 10z\"><\/path>\r\n    <\/svg><\/div>\r\n  <div class=\"h-full relative z-10\">\r\n    <div class=\"text-center px-6 md:px-16 pt-10 md:pt-14 text-l sm:text-xl\">\r\n      <p class=\"text-gray-600 serif font-normal italic\">\r\n        Pan \u0141ugowski muhte\u015fem! Bardzo kr\u00f3tkim czasie by stanie zapozna\u0107 si\u0119 z moj\u0105 spraw\u0105, kt\u00f3ra zosta\u0142a kr\u00f3tko opisana with e-mail, sprawdzi\u0107 sytuacj\u0119 prawn\u0105, ve sobiste \u017cyczenie&#039;yi kwestionowania\/okyanusya gitmek i\u00e7in kullanabilirsiniz.\r\n      <\/p>\r\n      <span class=\"text-center font-bold\">Hollanda<\/span> <i class=\"fa-star text-yellow-400\"><\/i> <i class=\"fa-star text-yellow-400\"><\/i> <i class=\"fa-star text-yellow-400\"><\/i> <i class=\"fa-star text-yellow-400\"><\/i> <i class=\"fa-star text-yellow-400\"><\/i>\r\n    <\/div>\r\n  <\/div>\r\n<\/div>                            <\/div>\n                        <\/div>\n                    <\/div>\n                                                        <div class=\"w-full lg:w-1\/3 text-center\">\n                        <div class=\"h-full  z-10\">\n                            <div class=\"h-full\">\n                                <div class=\"flex flex-col h-full relative\">\r\n  <div class=\"absolute top-0 left-0 mt-3 ml-4 md:mt-5 md:ml-12\"> <svg xmlns=\"http:\/\/www.w3.org\/2000\/svg\" class=\"text-primary-light fill-current w-12 h-12 md:w-16 md:h-16 opacity-40\" viewbox=\"0 0 24 24\">\r\n      <path d=\"M6.5 10c-.223 0-.437.034-.65.065.069-.232.14-.468.254-.68.114-.308.292-.575.469-.844.148-.291.409-.488.601-.737.201-.242.475-.403.692-.604.213-.21.492-.315.714-.463.232-.133.434-.28.65-.35.208-.086.39-.16.539-.222.302-.125.474-.197.474-.197L9.758 4.03c0 0-.218.052-.597.144C8.97 4.222 8.737 4.278 8.472 4.345c-.271.05-.56.187-.882.312C7.272 4.799 6.904 4.895 6.562 5.123c-.344.218-.741.4-1.091.692C5.132 6.116 4.723 6.377 4.421 6.76c-.33.358-.656.734-.909 1.162C3.219 8.33 3.02 8.778 2.81 9.221c-.19.443-.343.896-.468 1.336-.237.882-.343 1.72-.384 2.437-.034.718-.014 1.315.028 1.747.015.204.043.402.063.539.017.109.025.168.025.168l.026-.006C2.535 17.474 4.338 19 6.5 19c2.485 0 4.5-2.015 4.5-4.5S8.985 10 6.5 10zM17.5 10c-.223 0-.437.034-.65.065.069-.232.14-.468.254-.68.114-.308.292-.575.469-.844.148-.291.409-.488.601-.737.201-.242.475-.403.692-.604.213-.21.492-.315.714-.463.232-.133.434-.28.65-.35.208-.086.39-.16.539-.222.302-.125.474-.197.474-.197L20.758 4.03c0 0-.218.052-.597.144-.191.048-.424.104-.689.171-.271.05-.56.187-.882.312-.317.143-.686.238-1.028.467-.344.218-.741.4-1.091.692-.339.301-.748.562-1.05.944-.33.358-.656.734-.909 1.162C14.219 8.33 14.02 8.778 13.81 9.221c-.19.443-.343.896-.468 1.336-.237.882-.343 1.72-.384 2.437-.034.718-.014 1.315.028 1.747.015.204.043.402.063.539.017.109.025.168.025.168l.026-.006C13.535 17.474 15.338 19 17.5 19c2.485 0 4.5-2.015 4.5-4.5S19.985 10 17.5 10z\"><\/path>\r\n    <\/svg><\/div>\r\n  <div class=\"h-full relative z-10\">\r\n    <div class=\"text-center px-6 md:px-16 pt-10 md:pt-14 text-l sm:text-xl\">\r\n      <p class=\"text-gray-600 serif font-normal italic\">\r\n      Pan Lugowski kesinlikle m\u00fckemmel de\u011fildir. \u00c7o\u011fu zaman pratik yapmam\u0131 sa\u011flad\u0131m ve hi\u00e7bir \u015fey yapmad\u0131\u011f\u0131mdan emin oldum.\r\n      <\/p>\r\n      <span class=\"text-center font-bold\">EA<\/span> <i class=\"fa-star text-yellow-400\"><\/i> <i class=\"fa-star text-yellow-400\"><\/i> <i class=\"fa-star text-yellow-400\"><\/i> <i class=\"fa-star text-yellow-400\"><\/i> <i class=\"fa-star text-yellow-400\"><\/i>\r\n    <\/div>\r\n  <\/div>\r\n<\/div>                            <\/div>\n                        <\/div>\n                    <\/div>\n                                                        <div class=\"w-full lg:w-1\/3 text-end\">\n                        <div class=\"h-full  z-10\">\n                            <div class=\"h-full\">\n                                <div class=\"flex flex-col h-full relative\">\r\n  <div class=\"absolute top-0 left-0 mt-3 ml-4 md:mt-5 md:ml-12\"> <svg xmlns=\"http:\/\/www.w3.org\/2000\/svg\" class=\"text-primary-light fill-current w-12 h-12 md:w-16 md:h-16 opacity-40\" viewbox=\"0 0 24 24\">\r\n      <path d=\"M6.5 10c-.223 0-.437.034-.65.065.069-.232.14-.468.254-.68.114-.308.292-.575.469-.844.148-.291.409-.488.601-.737.201-.242.475-.403.692-.604.213-.21.492-.315.714-.463.232-.133.434-.28.65-.35.208-.086.39-.16.539-.222.302-.125.474-.197.474-.197L9.758 4.03c0 0-.218.052-.597.144C8.97 4.222 8.737 4.278 8.472 4.345c-.271.05-.56.187-.882.312C7.272 4.799 6.904 4.895 6.562 5.123c-.344.218-.741.4-1.091.692C5.132 6.116 4.723 6.377 4.421 6.76c-.33.358-.656.734-.909 1.162C3.219 8.33 3.02 8.778 2.81 9.221c-.19.443-.343.896-.468 1.336-.237.882-.343 1.72-.384 2.437-.034.718-.014 1.315.028 1.747.015.204.043.402.063.539.017.109.025.168.025.168l.026-.006C2.535 17.474 4.338 19 6.5 19c2.485 0 4.5-2.015 4.5-4.5S8.985 10 6.5 10zM17.5 10c-.223 0-.437.034-.65.065.069-.232.14-.468.254-.68.114-.308.292-.575.469-.844.148-.291.409-.488.601-.737.201-.242.475-.403.692-.604.213-.21.492-.315.714-.463.232-.133.434-.28.65-.35.208-.086.39-.16.539-.222.302-.125.474-.197.474-.197L20.758 4.03c0 0-.218.052-.597.144-.191.048-.424.104-.689.171-.271.05-.56.187-.882.312-.317.143-.686.238-1.028.467-.344.218-.741.4-1.091.692-.339.301-.748.562-1.05.944-.33.358-.656.734-.909 1.162C14.219 8.33 14.02 8.778 13.81 9.221c-.19.443-.343.896-.468 1.336-.237.882-.343 1.72-.384 2.437-.034.718-.014 1.315.028 1.747.015.204.043.402.063.539.017.109.025.168.025.168l.026-.006C13.535 17.474 15.338 19 17.5 19c2.485 0 4.5-2.015 4.5-4.5S19.985 10 17.5 10z\"><\/path>\r\n    <\/svg><\/div>\r\n  <div class=\"h-full relative z-10\">\r\n    <div class=\"text-center px-6 md:px-16 pt-10 md:pt-14 text-l sm:text-xl\">\r\n      <p class=\"text-gray-600 serif font-normal italic\">\r\nMimo trudnych warunk\u00f3w, mecenas \u0141ugowski osi\u0105gn\u0105\u0142 \u00e7o\u011fu zaman s\u00fcre\u00e7 boyunca, ni\u017c si\u0119 podziewa\u0142em. Bu tarz bir modaya uygun olarak, profesyonel profesyoneller ve geni\u015f kapsaml\u0131 i\u015flerle ilgili profesyonel \u00e7al\u0131\u015fmalar yapmak gerekir.\r\n      <\/p>\r\n      <span class=\"text-center font-bold\">TK<\/span> <i class=\"fa-star text-yellow-400\"><\/i> <i class=\"fa-star text-yellow-400\"><\/i> <i class=\"fa-star text-yellow-400\"><\/i> <i class=\"fa-star text-yellow-400\"><\/i> <i class=\"fa-star text-yellow-400\"><\/i>\r\n    <\/div>\r\n  <\/div>\r\n<\/div>                            <\/div>\n                        <\/div>\n                    <\/div>\n                \n                    \n        \n    <\/div>\n\n<\/div>\n            <\/div>\n                                <div class='order-6 md:order-none' >\n                \n<div class=\"smart-container\" >\n            <h2 class=\"font-bold text-center\">\u201cJako prawnik ds. prawa pracy chc\u0119 pom\u00f3c my clientom odnie\u015b\u0107 sukces\u201d<\/h2>\n    \n    <div class=\"flex flex-wrap\">\n        \n                            \n                                                        <div >\n                        <div class=\"h-full  z-10\">\n                            <div class=\"h-full p-2\">\n                                <div class=\"relative overflow-hidden\">\r\n  <svg\r\n    class=\"hidden xl:block absolute top-0 right-0 -mt-20 -mr-20\"\r\n    width=\"300\"\r\n    height=\"600\"\r\n    fill=\"none\"\r\n    viewbox=\"0 0 300 600\"\r\n    aria-hidden=\"true\"\r\n  >\r\n    <defs>\r\n      <pattern\r\n        id=\"pattern_1\"\r\n        x=\"0\"\r\n        y=\"0\"\r\n        width=\"20\"\r\n        height=\"20\"\r\n        patternunits=\"userSpaceOnUse\"\r\n      >\r\n        <rect x=\"0\" y=\"0\" width=\"4\" height=\"4\" class=\"text-gray-200\" fill=\"currentColor\" \/>\r\n      <\/pattern>\r\n    <\/defs>\r\n    <rect width=\"400\" height=\"600\" fill=\"url(#pattern_1)\" \/>\r\n  <\/svg>\r\n  <svg\r\n    class=\"hidden xl:block absolute bottom-0 left-0 -mb-20 -ml-20\"\r\n    width=\"300\"\r\n    height=\"500\"\r\n    fill=\"none\"\r\n    viewbox=\"0 0 300 500\"\r\n    aria-hidden=\"true\"\r\n  >\r\n    <defs>\r\n      <pattern\r\n        id=\"pattern_2\"\r\n        x=\"0\"\r\n        y=\"0\"\r\n        width=\"20\"\r\n        height=\"20\"\r\n        patternunits=\"userSpaceOnUse\"\r\n      >\r\n        <rect x=\"0\" y=\"0\" width=\"4\" height=\"4\" class=\"text-gray-200\" fill=\"currentColor\" \/>\r\n      <\/pattern>\r\n    <\/defs>\r\n    <rect width=\"400\" height=\"500\" fill=\"url(#pattern_2)\" \/>\r\n  <\/svg>\r\n  <div class=\"relative\">\r\n    <p class=\"max-w-3xl mx-auto text-center text-xl text-gray-500\">\r\n      Witam, Raphael Lugowski&#039;nin (38) yan\u0131ndayd\u0131. Chcia\u0142bym si\u0119 kr\u00f3tko przedstawi\u0107, aby\u015bcie wiedzieli ve kim macie do czynienia. Hamburgu&#039;da \u00f6zel olarak haz\u0131rlanm\u0131\u015f pratik uygulamalar sunuyoruz, bireysel olarak iki tane sunuyoruz ve pratik prati\u011fi temsil ediyoruz. Mutlu oldu\u011fun her g\u00fcn, yeniden mutlu olacaks\u0131n.\r\n    <\/p>\r\n  <\/div>\r\n  <div class=\"flex flex-col-reverse lg:block relative mt-6 lg:mt-12 lg:grid lg:grid-cols-2 lg:gap-2 lg:items-center justify-items-center\">\r\n    <div class=\"relative\">\r\n      <p class=\"mt-3\">\r\n       E\u011fer yapmak istiyorsan\u0131z hemen yapabilirsiniz. Egzersiz yaparken veya egzersiz yaparken, tekerlekleri \u00e7al\u0131\u015ft\u0131r\u0131rken veya egzersiz yaparken iki kez birden fazla kez hareket etti\u011finizde, tekerlekleri \u00e7al\u0131\u015ft\u0131r\u0131rs\u0131n\u0131z.\r\n\r\n      <\/p>\r\n\r\n      <p>\r\n       M\u00fc\u015fterime, pratik yapmak ve farkl\u0131 bir poz vermek i\u00e7in yard\u0131m etmek istiyorum. Son zamanlarda m\u00fc\u015fterilerimden \u00e7ok memnun oldum, \u00e7ok g\u00fc\u00e7l\u00fc bir \u015fekilde geni\u015f bir alana yay\u0131ld\u0131m. Her bir uygulama size \u00f6zel olarak pratik yapma ve standart uygulama yapma olana\u011f\u0131 sa\u011flar. M\u00fc\u015fterilerimin birka\u00e7\u0131n\u0131 be\u011fendi\u011fimi d\u00fc\u015f\u00fcn\u00fcyorum.\r\n      <\/p>\r\n\r\n      <p>\r\n        Jako referans\u0131 d\u00fczenli olarak szkol\u0119 rady zak\u0142adowe ve mened\u017cer\u00f3w w zakresie prawa pracy, ancak asla pope\u0142niali b\u0142\u0119d\u00f3w. Yay\u0131nc\u0131l\u0131k, prawniczych ile sanatsal ve podcastach ile pratik prati\u011fin en iyi \u015fekilde yap\u0131lmas\u0131na yard\u0131mc\u0131 oldu.\r\n      <\/p>\r\n\r\n      <p>\r\n        Bir\u00e7ok m\u00fc\u015fterimin bir \u00e7ok m\u00fc\u015fteriyle bulu\u015fmas\u0131n\u0131 sa\u011flad\u0131m. Sakinle\u015fin ve ilginizi \u00e7eken enerjileri toplay\u0131n. Profesyonellik ile birlikte daha \u00e7ok pratik yapmak i\u00e7in bir \u015faka yapt\u0131m.\r\n      <\/p>\r\n    <\/div>\r\n\r\n    <div class=\"my-6 relative lg:my-0\" aria-hidden=\"true\">\r\n      <img loading=\"lazy\" decoding=\"async\"\r\n        class=\"size-full wp-image-6782 relative mx-auto\"\r\n        width=\"600\"\r\n        height=\"337\"\r\n        src=\"\/wp-content\/uploads\/2023\/04\/Raphael_Empfang.jpg\"\r\n        alt=\"Raphael Lugowski empf\u00e4ngt dich herzlich\"\r\n      \/>\r\n    <\/div>\r\n  <\/div>\r\n  <div\r\n    class=\"lg:block relative mt-6 lg:mt-12 lg:grid lg:grid-cols-2 lg:gap-2 lg:items-center justify-items-center\"\r\n  \r\n  >\r\n    <div class=\"my-6 relative lg:my-0\">\r\n      <img loading=\"lazy\" decoding=\"async\"\r\n        src=\"\/wp-content\/uploads\/2023\/02\/Smart_Arbeitsrecht_Kanzlei_Alsterufer.jpg\"\r\n        alt=\"Smart Arbeitsrecht Kanzlei an der Alsterufer\"\r\n        width=\"600\"\r\n        height=\"338\"\r\n        class=\"relative mx-auto size-full wp-image-6484\"\r\n      \/>\r\n    <\/div>\r\n    <div>\r\n      <p class=\"mt-3\">\r\n        Birka\u00e7 kez daha fazla bilgi edinin: pratik yapmak i\u00e7in gerekenleri yap\u0131n, cep telefonunuzla ve daha fazla \u00e7al\u0131\u015fmayla ilgili daha fazla bilgi edinin. Asla sihir yapmay\u0131n. Ale je\u015bli isnieje spos\u00f3b w ramach prawa pracy, to p\u00f3jdziemy nim razem.\r\n      <\/p>\r\n\r\n      <p>\r\n        DNA Ak\u0131ll\u0131 \u0130\u015f Kanunu ile ilgili bilgilerin \u00e7o\u011fu. Misja jest jasna: profesyonel olarak prawie prati\u011fi ve wytrwa\u0142e zaanga\u017cowanie. Bu g\u00fcne kadar d\u00fcnyay\u0131 g\u00f6rebilirsiniz!\r\n      <\/p>\r\n\r\n      <p>\r\n        Ch\u0119tnie m\u00f3g\u0142bym spotka\u0107 si\u0119 z Tob\u0105 osobi\u015bcie. Bu, uygulamayla ilgili daha fazla bilgi edinmenizi sa\u011flayacak en iyi \u015fey.\r\n      <\/p>\r\n      <img loading=\"lazy\" decoding=\"async\"\r\n        src=\"\/wp-content\/uploads\/2022\/01\/Unterschrift.png\"\r\n        alt=\"\"\r\n        width=\"223\"\r\n        height=\"62\"\r\n        class=\"alignnone size-full wp-image-5905 mt-2\"\r\n      \/>\r\n    <\/div>\r\n  <\/div>\r\n<\/div>                            <\/div>\n                        <\/div>\n                    <\/div>\n                \n                    \n        \n    <\/div>\n\n<\/div>\n            <\/div>\n                                <div class='mobile-even-row order-7 md:order-none' >\n                \n<div class=\"smart-container\" >\n    \n    <div class=\"flex flex-wrap\">\n        \n                            \n                                                        <div class=\"w-full lg:w-full\">\n                        <div class=\"h-full  z-10\">\n                            <div class=\"h-full\">\n                                <div class=\"lg:flex lg:items-center lg:justify-between\"><p class=\"text-3xl font-extrabold tracking-tight text-gray-900 sm:text-4xl\"><span class=\"block\">Bu konuda dan\u0131\u015fmak i\u00e7in ba\u015fvurun.<\/span><span class=\"block text-primary-light\">Wysoki poziom doradztwa.<\/span><\/p><div class=\"buttons-block flex flex-wrap justify-center mt-3\"><a class=\"btn-cta mr-3 mt-0 lg:mt-3 flex-grow\" href=\"tel:+4940524717830\"><i class=\"fa fa-phone mr-2\"><\/i>Zadzwo\u0144 teraz<\/a><a class=\"btn-cta mr-3 mt-0 lg:mt-3 flex-grow\" href=\"\/tr\/kontakt\/\"><i class=\"fa fa-envelope mr-2\"><\/i>Opisa\u0107 przypadek<\/a><\/div><\/div>                            <\/div>\n                        <\/div>\n                    <\/div>\n                \n                    \n        \n    <\/div>\n\n<\/div>\n            <\/div>\n                                <div class='order-8 md:order-none' >\n                \n\n<div class=\"smart-container\" id=\"bewertungen\">\n    \n    <div class=\"testimonial-block flex flex-wrap -m-4\">\n        <div class=\"relative w-full md:w-1\/2 py-2 md:py-24 bg-white flex flex-col item-center justify-center\">\n\n            <div class=\"absolute top-0 left-0 z-10 grid-indigo w-16 h-16 md:w-44 md:h-96 md:ml-20 md:mt-24\"><\/div>\n\n            <div class=\"py-2 px-6 md:py-6 md:px-1 md:w-64 md:mx-auto font-semibold leading-tight tracking-tight mb-0 z-20\">\n                <h2 class=\"text-2xl md:text-5xl\">\u00d6yle diyorlar<br>m\u00fc\u015fterilerimiz<\/h2>\n            <\/div>\n        <\/div>\n\n        <div class=\"bg-gray-100 w-full md:w-1\/2\">\n            <div class=\"flex flex-col h-full relative\">\n                <div class=\"absolute top-0 left-0 mt-3 ml-4 md:mt-5 md:ml-12\">\n                    <svg xmlns=\"http:\/\/www.w3.org\/2000\/svg\"\n                         class=\"text-primary-light fill-current w-12 h-12 md:w-16 md:h-16 opacity-40\"\n                         viewbox=\"0 0 24 24\">\n                        <path\n                            d=\"M6.5 10c-.223 0-.437.034-.65.065.069-.232.14-.468.254-.68.114-.308.292-.575.469-.844.148-.291.409-.488.601-.737.201-.242.475-.403.692-.604.213-.21.492-.315.714-.463.232-.133.434-.28.65-.35.208-.086.39-.16.539-.222.302-.125.474-.197.474-.197L9.758 4.03c0 0-.218.052-.597.144C8.97 4.222 8.737 4.278 8.472 4.345c-.271.05-.56.187-.882.312C7.272 4.799 6.904 4.895 6.562 5.123c-.344.218-.741.4-1.091.692C5.132 6.116 4.723 6.377 4.421 6.76c-.33.358-.656.734-.909 1.162C3.219 8.33 3.02 8.778 2.81 9.221c-.19.443-.343.896-.468 1.336-.237.882-.343 1.72-.384 2.437-.034.718-.014 1.315.028 1.747.015.204.043.402.063.539.017.109.025.168.025.168l.026-.006C2.535 17.474 4.338 19 6.5 19c2.485 0 4.5-2.015 4.5-4.5S8.985 10 6.5 10zM17.5 10c-.223 0-.437.034-.65.065.069-.232.14-.468.254-.68.114-.308.292-.575.469-.844.148-.291.409-.488.601-.737.201-.242.475-.403.692-.604.213-.21.492-.315.714-.463.232-.133.434-.28.65-.35.208-.086.39-.16.539-.222.302-.125.474-.197.474-.197L20.758 4.03c0 0-.218.052-.597.144-.191.048-.424.104-.689.171-.271.05-.56.187-.882.312-.317.143-.686.238-1.028.467-.344.218-.741.4-1.091.692-.339.301-.748.562-1.05.944-.33.358-.656.734-.909 1.162C14.219 8.33 14.02 8.778 13.81 9.221c-.19.443-.343.896-.468 1.336-.237.882-.343 1.72-.384 2.437-.034.718-.014 1.315.028 1.747.015.204.043.402.063.539.017.109.025.168.025.168l.026-.006C13.535 17.474 15.338 19 17.5 19c2.485 0 4.5-2.015 4.5-4.5S19.985 10 17.5 10z\"\/>\n                    <\/svg>\n                <\/div>\n\n                <!-- Text -->\n                <div class=\"slider-container\">\n                                    <div class=\"slide-container\">\n                        <div\n                            class=\"slide slide0 px-6 md:px-16 pt-10 md:pt-14 text-lg sm:text-xl\">\n                            <p class=\"text-gray-600 serif font-normal italic\">\n                                Mog\u0119 poleci\u0107 Rafaela \u0141ugowskiego ka\u017cdemu, kto szuka prawnika z do\u015bwiadczeniem ve empati\u0105, asla tylko zawodowo de\u011fil, ama ben osobi\u015bcie. Pencereyi kapat ve pencereyi kapat. Przedstawi\u0142 on the r\u00f3\u017cnorodno\u015b\u0107 swojej dziedziny ve udowodni\u0142, ve baz\u0131 g\u00f6zlemler belirli \u00f6zelliklere g\u00f6re yap\u0131lm\u0131\u015ft\u0131r. Her ne kadar \u00e7ok basit olsa da, teoride herhangi bir stile sahip olmad\u0131\u011f\u0131m\u0131z i\u00e7in, yeni senaryolar ve pratik senaryolar sunuyoruz. Bez zastrze\u017ce\u0144 poleci\u0107 Pana \u0141ugowskiego ve jestem bardzo wdzi\u0119czna za contact!                            <\/p>\n                            <p class=\"text-sm no-space\">De\u011ferlendirme:<\/p>\n                            <div class=\"flex\">\n                                <i class=\"fa-star text-yellow-400\"><\/i>\n                                <i class=\"fa-star text-yellow-400\"><\/i>\n                                <i class=\"fa-star text-yellow-400\"><\/i>\n                                <i class=\"fa-star text-yellow-400\"><\/i>\n                                <i class=\"fa-star text-yellow-400\"><\/i>\n                            <\/div>\n                        <\/div>\n                    <\/div>\n                                    <div class=\"slide-container\">\n                        <div\n                            class=\"slide slide1 px-6 md:px-16 pt-10 md:pt-14 text-lg sm:text-xl\">\n                            <p class=\"text-gray-600 serif font-normal italic\">\n                                Pan \u0141ugowski muhte\u015fem! Bardzo kr\u00f3tkim, stanie zapozna\u0107 si\u0119 z przypadkiem, kt\u00f3ry opisa\u0142ew ile skr\u00f3cie uyu\u015fturucu postas\u0131, sprawdzi\u0107 sytuacj\u0119 prawn\u0105, ve bir \u00e7ok sab\u0131kal\u0131 ara\u00e7la ve krestionowania\/okyanusla birlikte. Telefonla dan\u0131\u015fmanl\u0131k hizmeti al\u0131rken, sistemle uyumlu ve zrozumlu bir \u015fekilde ileti\u015fim kurarak, bir odpowiadac ile \u00e7ok daha fazla ileti\u015fim kurarak, gitmeden \u00f6nce. Pomy\u015bla\u0142 r\u00f3wnie\u017c veya rzeczach veya kt\u00f3rych powinienem pomy\u015ble\u0107. Yeni \u00fcniversite \u00f6\u011frencileriyle birlikte telefonla al\u0131\u015fveri\u015f yapmak i\u00e7in e-posta g\u00f6ndermem gerekiyor \u2013 Wow! Jestem podekscytowana! \ud83e\udd29                             <\/p>\n                            <p class=\"text-sm no-space\">De\u011ferlendirme:<\/p>\n                            <div class=\"flex\">\n                                <i class=\"fa-star text-yellow-400\"><\/i>\n                                <i class=\"fa-star text-yellow-400\"><\/i>\n                                <i class=\"fa-star text-yellow-400\"><\/i>\n                                <i class=\"fa-star text-yellow-400\"><\/i>\n                                <i class=\"fa-star text-yellow-400\"><\/i>\n                            <\/div>\n                        <\/div>\n                    <\/div>\n                                    <div class=\"slide-container\">\n                        <div\n                            class=\"slide slide2 px-6 md:px-16 pt-10 md:pt-14 text-lg sm:text-xl\">\n                            <p class=\"text-gray-600 serif font-normal italic\">\n                                Pan \u0141ugowski, Bardzo&#039;nun enerjisini \u00e7ok iyi temsil ediyor ve pratikte hi\u00e7 spor yapm\u0131yor. Szczeg\u00f3lnie chcia\u0142abym podkre\u015bli\u0107, \u017ce zawsze po\u015bwi\u0119ca\u0142 du\u017co czasu, aby spokojnie, zrozumiale ve pewnie odpowiada\u0107 nawet nawet nawet pytania \u2013 zar\u00f3wno podczas pierwszego spotkania, ve trakcie s\u00fcre\u00e7 devam ediyor. \u015eimdi, pratik yapmak i\u00e7in \u00f6zel olarak haz\u0131rlanm\u0131\u015f \u00f6zel bir \u00fcr\u00fcnle ilgili olarak bir \u00e7ok \u015feyi kullanabilirsiniz!                            <\/p>\n                            <p class=\"text-sm no-space\">De\u011ferlendirme:<\/p>\n                            <div class=\"flex\">\n                                <i class=\"fa-star text-yellow-400\"><\/i>\n                                <i class=\"fa-star text-yellow-400\"><\/i>\n                                <i class=\"fa-star text-yellow-400\"><\/i>\n                                <i class=\"fa-star text-yellow-400\"><\/i>\n                                <i class=\"fa-star text-yellow-400\"><\/i>\n                            <\/div>\n                        <\/div>\n                    <\/div>\n                                    <div class=\"slide-container\">\n                        <div\n                            class=\"slide slide3 px-6 md:px-16 pt-10 md:pt-14 text-lg sm:text-xl\">\n                            <p class=\"text-gray-600 serif font-normal italic\">\n                                Bardzo yetkin ve her t\u00fcrl\u00fc pratik i\u015flemi ger\u00e7ekle\u015ftirmek i\u00e7in iki i\u015flem ger\u00e7ekle\u015ftirdi. Pan \u0141ugowski asla pracodawcy&#039;den uzak durmad\u0131. B\u00f6lgedeki ki\u015fi say\u0131s\u0131na g\u00f6re bize ula\u015f\u0131n. Osi\u0105gn\u0105\u0142 \u00e7ok say\u0131da bardzo dobry wynik&#039;e kat\u0131ld\u0131. \u00c7ok g\u00fczel poleci\u0107 Pana \u0141ugowskiego.                             <\/p>\n                            <p class=\"text-sm no-space\">De\u011ferlendirme:<\/p>\n                            <div class=\"flex\">\n                                <i class=\"fa-star text-yellow-400\"><\/i>\n                                <i class=\"fa-star text-yellow-400\"><\/i>\n                                <i class=\"fa-star text-yellow-400\"><\/i>\n                                <i class=\"fa-star text-yellow-400\"><\/i>\n                                <i class=\"fa-star text-yellow-400\"><\/i>\n                            <\/div>\n                        <\/div>\n                    <\/div>\n                                <\/div>\n\n                <!-- Slide Buttons -->\n                <div class=\"slide-btns flex flex-wrap my-4 justify-center items-center\">\n                                            <button\n                            class=\"text-center font-bold shadow-md h-12 w-12 inline-block rounded-full mx-2 opacity-50 bg-primary-light text-gray-800 active\"\n                            style=\"background-image: url(https:\/\/smart-arbeitsrecht.de\/wp-content\/uploads\/2021\/08\/Martin-Petow-neu.jpg);background-position:center;background-size:cover;\"\n                            aria-labelledby=\"slide0\"\n                        >\n                                                    <\/button>\n                                            <button\n                            class=\"text-center font-bold shadow-md h-12 w-12 inline-block rounded-full mx-2 opacity-50 bg-primary-light text-gray-800\"\n                            style=\"\"\n                            aria-labelledby=\"slide1\"\n                        >\n                            Hollanda                        <\/button>\n                                            <button\n                            class=\"text-center font-bold shadow-md h-12 w-12 inline-block rounded-full mx-2 opacity-50 bg-primary-light text-gray-800\"\n                            style=\"\"\n                            aria-labelledby=\"slide2\"\n                        >\n                            KD                        <\/button>\n                                            <button\n                            class=\"text-center font-bold shadow-md h-12 w-12 inline-block rounded-full mx-2 opacity-50 bg-primary-light text-gray-800\"\n                            style=\"\"\n                            aria-labelledby=\"slide3\"\n                        >\n                            LS                        <\/button>\n                                    <\/div>\n\n                <!-- Name, Job -->\n                <div class=\"slider-container pt-2 pb-6 md:py-6\">\n                                            <div class=\"slide-container\">\n                            <div\n                              id=\"slide0\"\n                              class=\"text-center slide name-slide\">\n                                <p class=\"text-sm md:text-base font-bold text-gray-700 leading-tight no-space\">Martin Petow<\/p>\n                                <small\n                                    class=\"text-gray-500 text-xs md:text-sm truncate\">y\u00f6netici zarz\u0105dzaj\u0105cy InsurConcepts<\/small>\n                            <\/div>\n                        <\/div>\n                                            <div class=\"slide-container\">\n                            <div\n                              id=\"slide1\"\n                              class=\"text-center slide name-slide\">\n                                <p class=\"text-sm md:text-base font-bold text-gray-700 leading-tight no-space\">Hollanda<\/p>\n                                <small\n                                    class=\"text-gray-500 text-xs md:text-sm truncate\">Pracownik<\/small>\n                            <\/div>\n                        <\/div>\n                                            <div class=\"slide-container\">\n                            <div\n                              id=\"slide2\"\n                              class=\"text-center slide name-slide\">\n                                <p class=\"text-sm md:text-base font-bold text-gray-700 leading-tight no-space\">KD<\/p>\n                                <small\n                                    class=\"text-gray-500 text-xs md:text-sm truncate\">Pracownik<\/small>\n                            <\/div>\n                        <\/div>\n                                            <div class=\"slide-container\">\n                            <div\n                              id=\"slide3\"\n                              class=\"text-center slide name-slide\">\n                                <p class=\"text-sm md:text-base font-bold text-gray-700 leading-tight no-space\">LS<\/p>\n                                <small\n                                    class=\"text-gray-500 text-xs md:text-sm truncate\">Pracownik<\/small>\n                            <\/div>\n                        <\/div>\n                                    <\/div>\n            <\/div>\n        <\/div>\n    <\/div>\n\n    <\/div>\n            <\/div>\n                                <div class='mobile-even-row order-9 md:order-none' >\n                \n<div class=\"smart-container\" >\n    \n    <div class=\"flex flex-wrap justify-center\">\n        \n                            \n                                                        <div >\n                        <div class=\"h-full  z-10\">\n                            <div class=\"h-full\">\n                                <section class=\"relative z-10 mt-10\">\r\n  <div class=\"grid grid-cols-1 gap-y-20 lg:grid-cols-3 lg:gap-y-0 lg:gap-x-8\">\r\n    <div class=\"flex flex-col bg-white shadow-xl\">\r\n      <div class=\"flex-1 relative pt-16 px-6 pb-8 md:px-8\">\r\n        <div class=\"absolute top-0 p-5 inline-block bg-primary text-white shadow-lg transform -translate-y-1\/2\">\r\n          <i class=\"text-2xl fa-drink\"><\/i>\r\n        <\/div>\r\n        <h3 class=\"text-xl font-medium text-gray-900\">Bez stresu w prawie pracy<\/h3>\r\n        <p class=\"mt-4 text-base text-gray-500\">Bir \u00e7ok \u015fey var, bu da Ciebie Two&#039;nun yay\u0131l\u0131m\u0131 ve iki tane bronk ile ilgili karma\u015f\u0131k karma\u015f\u0131kl\u0131\u011f\u0131m\u0131n ortaya \u00e7\u0131kmas\u0131na neden oluyor.<\/p>\r\n      <\/div>\r\n    <\/div>\r\n\r\n    <div class=\"flex flex-col bg-white shadow-xl\">\r\n      <div class=\"flex-1 relative pt-16 px-6 pb-8 md:px-8\">\r\n        <div class=\"absolute top-0 p-5 inline-block bg-primary text-white shadow-lg transform -translate-y-1\/2\">\r\n          <i class=\"text-2xl fa-map-signs\"><\/i>\r\n        <\/div>\r\n        <h3 class=\"text-xl font-medium text-gray-900\">Osi\u0105gnij swoje cele<\/h3>\r\n        <p class=\"mt-4 text-base text-gray-500\">To, czego nie mo\u017cesz zrobi\u0107 sam, mo\u017cesz zrobi\u0107 z nami: pokazujemy Ci, jak z nami mo\u017cesz osi\u0105gn\u0105\u0107, cele prawne ve finansowe&#039;da.<\/p>\r\n      <\/div>\r\n\r\n    <\/div>\r\n    <div class=\"flex flex-col bg-white shadow-xl\">\r\n      <div class=\"flex-1 relative pt-16 px-6 pb-8 md:px-8\">\r\n        <div class=\"absolute top-0 p-5 inline-block bg-primary text-white shadow-lg transform -translate-y-1\/2\">\r\n          <i class=\"text-2xl fa-check-square-o\"><\/i>\r\n        <\/div>\r\n        <h3 class=\"text-xl font-medium text-gray-900\">Prawie Pracy ile Wyrazisty J\u0119zyk<\/h3>\r\n        <p class=\"mt-4 text-base text-gray-500\">M\u00f3wimy, prag prati\u011fiyle daha \u00e7ok e\u011flendim, bir co nie. Tob\u0105 i\u00e7in Jasna ve di\u011fer ileti\u015fim oczywisto\u015bci\u0105&#039;dad\u0131r.<\/p>\r\n      <\/div>\r\n    <\/div><\/div>\r\n<\/section><\/div>                            <\/div>\n                        <\/div>\n                    <\/div>\n                \n                    \n        \n    <\/div>\n\n<\/div>\n            <\/div>\n                                <div class='order-10 md:order-none' >\n                \n<div class=\"smart-container text-center\">\n    <h2 class=\"font-bold text-center\">Pa\u0144stwa zalety w skr\u00f3cie<\/h2>\n    <div class=\"benefit-icons-block flex flex-wrap\">\n                                    <div class=\"w-full sm:w-1\/2 lg:w-1\/3 p-3\">\n                \n                                <div class=\"w-16 h-16 mx-auto my-5 mx-auto text-4xl\" >\n                    <i class=\"fa-phone\" style=\"line-height:4rem;font-size:2.5rem;\"><\/i>\n                <\/div>\n                <p class=\"font-bold text-xl\">Dobra dost\u0119pno\u015b\u0107<\/p>\n                                    Dobra, prawa prati\u011finde \u00f6zel uzmanl\u0131klar sunarken, ayn\u0131 zamanda belirli karakteristik stillere tepki g\u00f6sterir.                \n                \n                            <\/div>\n                    <div class=\"w-full sm:w-1\/2 lg:w-1\/3 p-3\">\n                \n                                <div class=\"w-16 h-16 mx-auto my-5 mx-auto text-4xl\" >\n                    <i class=\"fa-eye\" style=\"line-height:4rem;font-size:2.5rem;\"><\/i>\n                <\/div>\n                <p class=\"font-bold text-xl\">Pe\u0142na transparentno\u015b\u0107<\/p>\n                                    \u00dcr\u00fcn \u00fczerinde \u00e7ok fazla bask\u0131 oldu\u011funu, tansiyonun prosed\u00fcrel oldu\u011funu ve maliyetin \u00f6nemli oldu\u011funu belirtmek gerekir.                \n                \n                            <\/div>\n                    <div class=\"w-full sm:w-1\/2 lg:w-1\/3 p-3\">\n                \n                                <div class=\"w-16 h-16 mx-auto my-5 mx-auto text-4xl\" >\n                    <i class=\"fa-users\" style=\"line-height:4rem;font-size:2.5rem;\"><\/i>\n                <\/div>\n                <p class=\"font-bold text-xl\">Uwa\u017cne spotkania<\/p>\n                                    Podczas starrannych rozm\u00f3w przed ve po leczeniu zostan\u0105 Pa\u0144stwo poinformowani ile najlepszy mo\u017cliwy spos\u00f3b ve przygotowani na wszelkie sonno\u015bci.                \n                \n                            <\/div>\n                    <div class=\"w-full sm:w-1\/2 lg:w-1\/3 p-3\">\n                \n                                <div class=\"w-16 h-16 mx-auto my-5 mx-auto text-4xl\" >\n                    <i class=\"fa-comments-o\" style=\"line-height:4rem;font-size:2.5rem;\"><\/i>\n                <\/div>\n                <p class=\"font-bold text-xl\">Komunikacja zrozumia\u0142a<\/p>\n                                    Bu, Pa\u0144stwo&#039;nun size niemieckim&#039;deki standart bilgileri bildirece\u011fi, b\u00f6ylece Pa\u0144stwa&#039;n\u0131n mevcut olaca\u011f\u0131 ve Pa\u0144stwu&#039;nun detayl\u0131 bir \u015fekilde kullan\u0131labilece\u011fi anlam\u0131na gelir.                \n                \n                            <\/div>\n                    <div class=\"w-full sm:w-1\/2 lg:w-1\/3 p-3\">\n                \n                                <div class=\"w-16 h-16 mx-auto my-5 mx-auto text-4xl\" >\n                    <i class=\"fa-shield\" style=\"line-height:4rem;font-size:2.5rem;\"><\/i>\n                <\/div>\n                <p class=\"font-bold text-xl\">Jako\u015b\u0107 w prawie pracy<\/p>\n                                    Baz\u0131 de\u011fi\u015fiklikler, ki\u015fisel konumlarda pratik olarak yap\u0131l\u0131r - koruma, koruma ve ki\u015fisel g\u00fcvenlik \u00f6nlemleri.                \n                \n                            <\/div>\n                    <div class=\"w-full sm:w-1\/2 lg:w-1\/3 p-3\">\n                \n                                <div class=\"w-16 h-16 mx-auto my-5 mx-auto text-4xl\" >\n                    <i class=\"fa-lightbulb-o\" style=\"line-height:4rem;font-size:2.5rem;\"><\/i>\n                <\/div>\n                <p class=\"font-bold text-xl\">Szkolenie ci\u0105g\u0142e<\/p>\n                                    \u0130ki karides \u00e7e\u015fidi. zatrudnienia po\u015bwi\u0119ca with najmniej godzin\u0119 dziennie na dokszta\u0142canie, aby\u015b zawsze by\u0142 veya krok do przodu.                \n                \n                            <\/div>\n            <\/div>\n<\/div>\n            <\/div>\n                                <div class='mobile-even-row order-11 md:order-none' >\n                \n<div class=\"smart-container\" id=\"anwalt_fuer_ar\">\n            <h2 class=\"font-bold text-center\">Niemczech ile zakresie prawa prati\u011fi ile iki adwokat poleski<\/h2>\n    \n    <div class=\"flex flex-wrap\">\n        \n                            \n                                                        <div class=\"w-full lg:w-1\/3 text-start\">\n                        <div class=\"h-full  z-10\">\n                            <div class=\"h-full\">\n                                <figure id=\"attachment_6770\" aria-describedby=\"caption-attachment-6770\" style=\"width: 440px\" class=\"wp-caption alignnone\"><img loading=\"lazy\" decoding=\"async\" src=\"\/wp-content\/uploads\/2023\/04\/Raphael_Lugowski_rechts_blickend_gehend.jpg\" alt=\"Raphael Lugowski mit jahrelanger Erfahrung im Arbeitsrecht\" width=\"440\" height=\"457\" class=\"size-full wp-image-6770\" srcset=\"https:\/\/smart-arbeitsrecht.de\/wp-content\/uploads\/2023\/04\/Raphael_Lugowski_rechts_blickend_gehend.jpg 440w, https:\/\/smart-arbeitsrecht.de\/wp-content\/uploads\/2023\/04\/Raphael_Lugowski_rechts_blickend_gehend-289x300.jpg 289w\" sizes=\"auto, (max-width: 440px) 100vw, 440px\" \/><figcaption id=\"caption-attachment-6770\" class=\"wp-caption-text\">Raphael Lugowski, prati\u011fin spesiyalitesi ve prati\u011fi<\/figcaption><\/figure>                            <\/div>\n                        <\/div>\n                    <\/div>\n                                                        <div class=\"w-full lg:w-2\/3 self-center\">\n                        <div class=\"h-full  z-10\">\n                            <div class=\"h-full\">\n                                <div class=\"flex\">\r\n  <ul class=\"flex flex-col mx-auto\">\r\n    <li class=\"flex bg-white p-4 mb-4 shadow-md\"><i class=\"fa fa-check text-xl text-primary mr-2 pt-1\"><\/i>\r\n      <div>\r\n        <p class=\"text-gray-900 font-semibold no-space\">Wysoki poziom specjalizacji<\/p>\r\n        <div style=\"flex-basis: 100%;\"><\/div>\r\n        <p class=\"text-gray-500 text-sm no-space\">\u0130ki \u00f6zel \u00f6zellik, 100% uzmanl\u0131\u011f\u0131yla birlikte pratik yapman\u0131za olanak sa\u011flar ve bu \u00f6zelliklerin yan\u0131 s\u0131ra bir de sat\u0131n alma i\u015flemi ger\u00e7ekle\u015ftirebilirsiniz.<\/p><\/div>\r\n    <\/li>\r\n    <li class=\"flex bg-white p-4 mb-4 shadow-md\"><i class=\"fa fa-check text-xl text-primary mr-2 pt-1\"><\/i>\r\n      <div>\r\n        <p class=\"text-gray-900 font-semibold no-space\">Pratik Uygulamalarla Wieloletnie Do\u015bwiadczenie<\/p>\r\n        <div style=\"flex-basis: 100%;\"><\/div>\r\n        <p class=\"text-gray-500 text-sm no-space\">Do\u015bwiadczenie prawnika zapewnia rzetelno\u015b\u0107 ve jako\u015b\u0107 us\u0142ug prawnych.<\/p><\/div>\r\n    <\/li>\r\n    <li class=\"flex bg-white p-4 mb-4 shadow-md\"><i class=\"fa fa-check text-xl text-primary mr-2 pt-1\"><\/i>\r\n      <div>\r\n        <p class=\"text-gray-900 font-semibold no-space\">Wyj\u0105tkowe wsparcie doradcze<\/p>\r\n        <div style=\"flex-basis: 100%;\"><\/div>\r\n        <p class=\"text-gray-500 text-sm no-space\">Asla ger\u00e7ek anlamda \u015faka yapmay\u0131n \u2013 \u00c7ok g\u00fczel! Temsilcilik \u0130ki ilgi \u00e7ekici \u015fey.<\/p><\/div>\r\n    <\/li>\r\n    <li class=\"flex bg-white p-4 mb-4 shadow-md\"><i class=\"fa fa-check text-xl text-primary mr-2 pt-1\"><\/i>\r\n      <div>\r\n        <p class=\"text-gray-900 font-semibold no-space\">Kwalifikacje i szkolenia<\/p>\r\n        <div style=\"flex-basis: 100%;\"><\/div>\r\n        <p class=\"text-gray-500 text-sm no-space\">\u0130ki adet yo\u011funla\u015ft\u0131r\u0131lm\u0131\u015f prawnik przechodzi bardziej yo\u011funla\u015ft\u0131r\u0131lm\u0131\u015f su, kt\u00f3re s\u0105 przewidziane with la prawnik\u00f3w - baz\u0131 \u00f6zel \u00fcr\u00fcnlerle birlikte.<\/p><\/div>\r\n    <\/li>\r\n    <li class=\"flex bg-white p-4 mb-4 shadow-md\"><i class=\"fa fa-check text-xl text-primary mr-2 pt-1\"><\/i>\r\n      <div>\r\n        <p class=\"text-gray-900 font-semibold no-space\">\u00d6zel Bilgiler: Psikoloji Negocjacji<\/p>\r\n        <div style=\"flex-basis: 100%;\"><\/div>\r\n        <p class=\"text-gray-500 text-sm no-space\">Psikolojik sorunlar, \u0130ki karides ilgi \u00e7ekicidir.<\/p><\/div>\r\n    <\/li>\r\n  <\/ul>\r\n<\/div>\r\n<div class=\"buttons-block flex flex-wrap justify-center mt-3\"><a class=\"btn-cta mr-3\" href=\"tel:+4940524717830\"><i class=\"fa fa-phone mr-2\"><\/i>Konsultacja wst\u0119pna <\/a><a class=\"btn-cta mr-3\" href=\"\/tr\/kontakt\/\"><i class=\"fa fa-envelope mr-2\"><\/i>Opisz obawy bezpo\u015brednio<\/a><\/div>                            <\/div>\n                        <\/div>\n                    <\/div>\n                \n                    \n        \n    <\/div>\n\n<\/div>\n            <\/div>\n                                <div class='order-12 md:order-none' >\n                \n<div class=\"smart-container text-center\">\n    <h2 class=\"font-bold text-center\">Pratik Uygulamalarla \u0130lgili Kancelari Kullan\u0131m\u0131<\/h2>\n    <div class=\"benefit-icons-block flex flex-wrap\">\n                                    <div class=\"w-full sm:w-1\/2 lg:w-1\/3 p-3\">\n                \n                                    <div class=\"border-2 border-gray-300 hover:border-gray-700 hover:border-4 hover:shadow-lg transition duration-500 bg-white p-4\">\n                                <div class=\"w-16 h-16 mx-auto my-5 mx-auto text-4xl\" >\n                    <i class=\"fa-user-times\" style=\"line-height:4rem;font-size:2.5rem;\"><\/i>\n                <\/div>\n                <p class=\"font-bold text-xl\">Wypowiedzenie umowy o prac\u0119<\/p>\n                \n                                    <\/div>\n                \n                            <\/div>\n                    <div class=\"w-full sm:w-1\/2 lg:w-1\/3 p-3\">\n                \n                                    <div class=\"border-2 border-gray-300 hover:border-gray-700 hover:border-4 hover:shadow-lg transition duration-500 bg-white p-4\">\n                                <div class=\"w-16 h-16 mx-auto my-5 mx-auto text-4xl\" >\n                    <i class=\"fa-file-text\" style=\"line-height:4rem;font-size:2.5rem;\"><\/i>\n                <\/div>\n                <p class=\"font-bold text-xl\">Umowa rozwi\u0105zuj\u0105ca<\/p>\n                \n                                    <\/div>\n                \n                            <\/div>\n                    <div class=\"w-full sm:w-1\/2 lg:w-1\/3 p-3\">\n                \n                                    <div class=\"border-2 border-gray-300 hover:border-gray-700 hover:border-4 hover:shadow-lg transition duration-500 bg-white p-4\">\n                                <div class=\"w-16 h-16 mx-auto my-5 mx-auto text-4xl\" >\n                    <i class=\"fa-hand-stop-o\" style=\"line-height:4rem;font-size:2.5rem;\"><\/i>\n                <\/div>\n                <p class=\"font-bold text-xl\">Ostrze\u017cenie<\/p>\n                \n                                    <\/div>\n                \n                            <\/div>\n                    <div class=\"w-full sm:w-1\/2 lg:w-1\/3 p-3\">\n                \n                                    <div class=\"border-2 border-gray-300 hover:border-gray-700 hover:border-4 hover:shadow-lg transition duration-500 bg-white p-4\">\n                                <div class=\"w-16 h-16 mx-auto my-5 mx-auto text-4xl\" >\n                    <i class=\"fa-certificate\" style=\"line-height:4rem;font-size:2.5rem;\"><\/i>\n                <\/div>\n                <p class=\"font-bold text-xl\">Swiadectwo<\/p>\n                \n                                    <\/div>\n                \n                            <\/div>\n                    <div class=\"w-full sm:w-1\/2 lg:w-1\/3 p-3\">\n                \n                                    <div class=\"border-2 border-gray-300 hover:border-gray-700 hover:border-4 hover:shadow-lg transition duration-500 bg-white p-4\">\n                                <div class=\"w-16 h-16 mx-auto my-5 mx-auto text-4xl\" >\n                    <i class=\"fa-file-text-o\" style=\"line-height:4rem;font-size:2.5rem;\"><\/i>\n                <\/div>\n                <p class=\"font-bold text-xl\">Umowa o prac\u0119<\/p>\n                \n                                    <\/div>\n                \n                            <\/div>\n                    <div class=\"w-full sm:w-1\/2 lg:w-1\/3 p-3\">\n                \n                                    <div class=\"border-2 border-gray-300 hover:border-gray-700 hover:border-4 hover:shadow-lg transition duration-500 bg-white p-4\">\n                                <div class=\"w-16 h-16 mx-auto my-5 mx-auto text-4xl\" >\n                    <i class=\"fa-eur\" style=\"line-height:4rem;font-size:2.5rem;\"><\/i>\n                <\/div>\n                <p class=\"font-bold text-xl\">Wynagrodzenie<\/p>\n                \n                                    <\/div>\n                \n                            <\/div>\n            <\/div>\n<\/div>\n            <\/div>\n                                <div class='mobile-even-row order-13 md:order-none' >\n                \n<div class=\"smart-container\" >\n    \n    <div class=\"flex flex-wrap\">\n        \n                            \n                                                        <div class=\"w-full lg:w-full\">\n                        <div class=\"h-full  z-10\">\n                            <div class=\"h-full p-4\">\n                                <h3>Dalsze us\u0142ugi<\/h3>\r\n<strong>Indywidualne prawo pracy<\/strong>:Niepe\u0142ny etat, niepe\u0142ny etat rodzicielski, ochrona macierzy\u0144stwa, umowa veya prac\u0119 na czas okre\u015blony, urlop, kontynuacja wynagrodzenia\r\n\r\n<strong>Hukuk Konseyi<\/strong>: Wsp\u00f3\u0142decydowanie, umowy sp\u00f3\u0142ki, przeniesienie w\u0142asno\u015bci przedsi\u0119biorstwa, zmiana przedsi\u0119biorstwa, plan socjalny, uzgodnienienie ilgi alanlar\u0131\r\n\r\n<strong>Ochrona danych pracownik\u00f3w<\/strong>: Uygulama kontrol\u00fc, BDSG ve DSGVO, BT y\u00f6netimi                            <\/div>\n                        <\/div>\n                    <\/div>\n                \n                    \n        \n    <\/div>\n\n<\/div>\n            <\/div>\n                                <div class='order-14 md:order-none' >\n                \n<div class=\"smart-container\" >\n            <h2 class=\"font-bold text-center\">\u00c7al\u0131\u015fmalar przypadk\u00f3w ve incelemeler<\/h2>\n    \n    <div class=\"flex flex-wrap justify-center\">\n        \n                            \n                                                        <div class=\"w-full lg:w-1\/2 self-center text-start\">\n                        <div class=\"h-full  z-10\">\n                            <div class=\"h-full\">\n                                <div class=\"flex flex-col h-full relative\">\r\n  <div class=\"absolute top-0 left-0 mt-3 ml-4 md:mt-5 md:ml-12\"> <svg xmlns=\"http:\/\/www.w3.org\/2000\/svg\" class=\"text-primary-light fill-current w-12 h-12 md:w-16 md:h-16 opacity-40\" viewbox=\"0 0 24 24\">\r\n      <path d=\"M6.5 10c-.223 0-.437.034-.65.065.069-.232.14-.468.254-.68.114-.308.292-.575.469-.844.148-.291.409-.488.601-.737.201-.242.475-.403.692-.604.213-.21.492-.315.714-.463.232-.133.434-.28.65-.35.208-.086.39-.16.539-.222.302-.125.474-.197.474-.197L9.758 4.03c0 0-.218.052-.597.144C8.97 4.222 8.737 4.278 8.472 4.345c-.271.05-.56.187-.882.312C7.272 4.799 6.904 4.895 6.562 5.123c-.344.218-.741.4-1.091.692C5.132 6.116 4.723 6.377 4.421 6.76c-.33.358-.656.734-.909 1.162C3.219 8.33 3.02 8.778 2.81 9.221c-.19.443-.343.896-.468 1.336-.237.882-.343 1.72-.384 2.437-.034.718-.014 1.315.028 1.747.015.204.043.402.063.539.017.109.025.168.025.168l.026-.006C2.535 17.474 4.338 19 6.5 19c2.485 0 4.5-2.015 4.5-4.5S8.985 10 6.5 10zM17.5 10c-.223 0-.437.034-.65.065.069-.232.14-.468.254-.68.114-.308.292-.575.469-.844.148-.291.409-.488.601-.737.201-.242.475-.403.692-.604.213-.21.492-.315.714-.463.232-.133.434-.28.65-.35.208-.086.39-.16.539-.222.302-.125.474-.197.474-.197L20.758 4.03c0 0-.218.052-.597.144-.191.048-.424.104-.689.171-.271.05-.56.187-.882.312-.317.143-.686.238-1.028.467-.344.218-.741.4-1.091.692-.339.301-.748.562-1.05.944-.33.358-.656.734-.909 1.162C14.219 8.33 14.02 8.778 13.81 9.221c-.19.443-.343.896-.468 1.336-.237.882-.343 1.72-.384 2.437-.034.718-.014 1.315.028 1.747.015.204.043.402.063.539.017.109.025.168.025.168l.026-.006C13.535 17.474 15.338 19 17.5 19c2.485 0 4.5-2.015 4.5-4.5S19.985 10 17.5 10z\"><\/path>\r\n    <\/svg><\/div>\r\n  <div class=\"h-full relative z-10\">\r\n    <div class=\"text-center px-6 md:px-16 pt-10 md:pt-14 text-l sm:text-xl\">\r\n      <p class=\"text-gray-600 serif font-normal italic\">\r\n     Pan Lugowski asla m\u00fckemmel bir oyuncu de\u011fil. \u00c7o\u011fu zaman pratik yapmam\u0131 sa\u011flad\u0131m ve hi\u00e7bir \u015fey yapmad\u0131\u011f\u0131mdan emin oldum. S\u00fcper yetkinli\u011fe sahip, ustal\u0131kla \u00e7al\u0131\u015f\u0131yor ve harika bir i\u015f yapma f\u0131rsat\u0131na sahip olabiliyorsunuz. \u0130leti\u015fim kurmak istiyorsan\u0131z her zaman d\u00fczenli bir g\u00fcncelleme durumuna sahip olacaks\u0131n\u0131z. E\u011fer k\u00fc\u00e7\u00fck bir beziniz ve bir araban\u0131z varsa, bunu bir sistemle yap\u0131n. En iyi polecic Pana \u0141ugowskiego, dil prati\u011fi yapmak ve kolejde kontrakte olmak i\u00e7in en iyi \u015fekilde \u00e7al\u0131\u015fmak i\u00e7in dil e\u011fitimi ald\u0131k.\r\n      <\/p>\r\n      <span class=\"text-center font-bold\">EK<\/span> <i class=\"fa-star text-yellow-400\"><\/i> <i class=\"fa-star text-yellow-400\"><\/i> <i class=\"fa-star text-yellow-400\"><\/i> <i class=\"fa-star text-yellow-400\"><\/i> <i class=\"fa-star text-yellow-400\"><\/i>\r\n    <\/div>\r\n  <\/div>\r\n<\/div>                            <\/div>\n                        <\/div>\n                    <\/div>\n                                                        <div class=\"w-full lg:w-1\/2 text-end\">\n                        <div class=\"h-full  z-10\">\n                            <div class=\"h-full\">\n                                <strong>Point wyj\u015bcia<\/strong>\r\nM\u00fc\u015fteri firma taraf\u0131ndan &quot;dyrektorem&quot; mi\u0119dzynarodowej. Pracodawca, bir uygulamay\u0131 veya bir i\u015flemi ger\u00e7ekle\u015ftirmeyi veya bir i\u015flemi ger\u00e7ekle\u015ftirmeyi planl\u0131yor.\r\n\r\n<strong>Wyzwanie<\/strong>\r\nM\u00fc\u015fteriler sizinle ileti\u015fime ge\u00e7erek, k\u00f6t\u00fc manzaralar ya\u015famadan skorzystall ve skorzystall yapabilirler. Chcia\u0142a sprawdzi\u0107, czy mo\u017cliwa jest m.in. para \u00f6demesi \u2013 finansowego ile ilgili olarak.\r\n\r\n<strong>Prosed\u00fcr<\/strong>\r\nBadanie przeprowadzone przez adwokata Rafala Lugowskiego wykaza\u0142o, \u017ce istnieje jeszcze mo\u017cliwo\u015b\u0107 uzyskania odprawy. Negocjacjach ve pracodawc\u0105 sukcesywnie karides presj\u0119.\r\n\r\n<strong>Wynik<\/strong>\r\nLugowskiego&#039;ya geri \u00f6deme yap\u0131ld\u0131, m\u00fc\u015fteri taraf\u0131ndan br\u00fct bir \u00fccret kar\u015f\u0131l\u0131\u011f\u0131nda veya 80.000,00 Euro tutar\u0131nda bir \u00f6deme yap\u0131ld\u0131. \u00c7ok say\u0131da m\u00fc\u015fteri, b\u00fcy\u00fck karides ve g\u00fc\u00e7l\u00fc prati\u011fi tercih ediyor.                            <\/div>\n                        <\/div>\n                    <\/div>\n                \n                    \n        \n    <\/div>\n\n<\/div>\n            <\/div>\n                                <div class='mobile-even-row order-15 md:order-none' >\n                \n<div class=\"smart-container\" >\n    \n    <div class=\"flex flex-wrap justify-center\">\n        \n                            \n                                                        <div class=\"w-full lg:w-1\/2 text-end\">\n                        <div class=\"h-full  z-10\">\n                            <div class=\"h-full\">\n                                <strong>Point wyj\u015bcia<\/strong>\r\nM\u00fc\u015fteri pracowa\u0142 jako pilotu. Anonim ba\u011f\u0131\u015flarda pratik yapmak i\u00e7in pratik istemci ve ger\u00e7ek zamanl\u0131 olarak ger\u00e7ek zamanl\u0131 olarak yap\u0131lan uygulamalarla ilgili uygulamalar.\r\n\r\n<strong>Wyzwanie<\/strong>\r\nM\u00fc\u015fteri lisans\u0131 bir kez daha onayland\u0131. Bez y\u00fckseltme t\u00fcr\u00fc, hi\u00e7bir zaman pilotaj s\u0131ras\u0131nda hava kirlili\u011fine neden olmayacak. Client prosi\u0142 veya szybk\u0105 pomoc \u2013 her \u015fey daha da k\u00f6t\u00fcle\u015fti.\r\n\r\n<strong>Przebieg dzia\u0142a\u0144<\/strong>\r\nPolski Rafal Lugowski, geni\u015f bir alana yay\u0131lm\u0131\u015f bir \u015fekilde postaya verildi \u2013 kayak yapmak ve \u00e7ok say\u0131da kontrole sahip olmak. Z\u0142o\u017cy\u0142 r\u00f3wnie\u017c wniosek veya dalsze szkolenie.\r\n\r\n<strong>Wynik<\/strong>\r\nBu \u00e7ok basit bir \u015fey. M. \u0141ugowski broni\u0142, an\u0131nda uyu\u015fturucuyla yenilendi. M\u00fc\u015fteri ayr\u0131ca bir\u00e7ok kontrole ve di\u011fer bilgilere sahiptir.                            <\/div>\n                        <\/div>\n                    <\/div>\n                                                        <div class=\"w-full lg:w-1\/2 self-center text-start\">\n                        <div class=\"h-full  z-10\">\n                            <div class=\"h-full\">\n                                <div class=\"flex flex-col h-full relative\">\r\n  <div class=\"absolute top-0 left-0 mt-3 ml-4 md:mt-5 md:ml-12\"> <svg xmlns=\"http:\/\/www.w3.org\/2000\/svg\" class=\"text-primary-light fill-current w-12 h-12 md:w-16 md:h-16 opacity-40\" viewbox=\"0 0 24 24\">\r\n      <path d=\"M6.5 10c-.223 0-.437.034-.65.065.069-.232.14-.468.254-.68.114-.308.292-.575.469-.844.148-.291.409-.488.601-.737.201-.242.475-.403.692-.604.213-.21.492-.315.714-.463.232-.133.434-.28.65-.35.208-.086.39-.16.539-.222.302-.125.474-.197.474-.197L9.758 4.03c0 0-.218.052-.597.144C8.97 4.222 8.737 4.278 8.472 4.345c-.271.05-.56.187-.882.312C7.272 4.799 6.904 4.895 6.562 5.123c-.344.218-.741.4-1.091.692C5.132 6.116 4.723 6.377 4.421 6.76c-.33.358-.656.734-.909 1.162C3.219 8.33 3.02 8.778 2.81 9.221c-.19.443-.343.896-.468 1.336-.237.882-.343 1.72-.384 2.437-.034.718-.014 1.315.028 1.747.015.204.043.402.063.539.017.109.025.168.025.168l.026-.006C2.535 17.474 4.338 19 6.5 19c2.485 0 4.5-2.015 4.5-4.5S8.985 10 6.5 10zM17.5 10c-.223 0-.437.034-.65.065.069-.232.14-.468.254-.68.114-.308.292-.575.469-.844.148-.291.409-.488.601-.737.201-.242.475-.403.692-.604.213-.21.492-.315.714-.463.232-.133.434-.28.65-.35.208-.086.39-.16.539-.222.302-.125.474-.197.474-.197L20.758 4.03c0 0-.218.052-.597.144-.191.048-.424.104-.689.171-.271.05-.56.187-.882.312-.317.143-.686.238-1.028.467-.344.218-.741.4-1.091.692-.339.301-.748.562-1.05.944-.33.358-.656.734-.909 1.162C14.219 8.33 14.02 8.778 13.81 9.221c-.19.443-.343.896-.468 1.336-.237.882-.343 1.72-.384 2.437-.034.718-.014 1.315.028 1.747.015.204.043.402.063.539.017.109.025.168.025.168l.026-.006C13.535 17.474 15.338 19 17.5 19c2.485 0 4.5-2.015 4.5-4.5S19.985 10 17.5 10z\"><\/path>\r\n    <\/svg><\/div>\r\n  <div class=\"h-full relative z-10\">\r\n    <div class=\"text-center px-6 md:px-16 pt-10 md:pt-14 text-l sm:text-xl\">\r\n      <p class=\"text-gray-600 serif font-normal italic\">\r\n        Panu, LGD Hanower&#039;\u0131n yeni bir hesap olu\u015fturmas\u0131 ve ger\u00e7ekle\u015ftirmesi i\u00e7in yeni bir yol bulmam\u0131 sa\u011flad\u0131. Pan \u0141ugowski, \u00e7ok say\u0131da bardzo ve harika prawnikiem ile \u00e7al\u0131\u015ft\u0131. Jego Bardzo, iki ki\u015filik bir atmosfere sahipti, ancak profesyonel bir profesyonelli\u011fe sahip de\u011fildi. Mog\u0119 poleci\u0107 Pana \u0141ugowskiego bez zastrze\u017ce\u0144.\r\n      <\/p>\r\n      <span class=\"text-center font-bold\">BAY<\/span> <i class=\"fa-star text-yellow-400\"><\/i> <i class=\"fa-star text-yellow-400\"><\/i> <i class=\"fa-star text-yellow-400\"><\/i> <i class=\"fa-star text-yellow-400\"><\/i> <i class=\"fa-star text-yellow-400\"><\/i>\r\n    <\/div>\r\n  <\/div>\r\n<\/div>                            <\/div>\n                        <\/div>\n                    <\/div>\n                \n                    \n        \n    <\/div>\n\n<\/div>\n            <\/div>\n                                <div class='order-16 md:order-none' >\n                \n<div class=\"smart-container\" >\n    \n    <div class=\"flex flex-wrap\">\n        \n                            \n                                                        <div class=\"w-full lg:w-full\">\n                        <div class=\"h-full  z-10\">\n                            <div class=\"h-full\">\n                                <div class=\"relative flex flex-col justify-center items-center\">\r\n   <div class=\"sm:absolute bg-primary text-white text-center p-2 bg-opacity-90\" style=\"max-width:1000px;\">\r\n      <p class=\"text-3xl font-bold\">Zapraszamy, Alsterze ve Hamburgu&#039;da naszym biurze ile odwiedzenia yap\u0131yor.<\/p>\r\n      <p class=\"text-xl font-bold\">Otrzymasz mo\u017cliwo\u015b\u0107 opisania swojej sprawy, benim bilgilendirici Ci\u0119 szczeg\u00f3\u0142owo veya Twoich opcjach prawnych. karides yiyin.<\/p>\r\n      <hr class=\"mb-2 mx-12\">\r\n      <p class=\"no-outer-space\">Raphael Lugowski<\/p>\r\n      <p class=\"no-outer-space\">Specjalista-adwokat ve zakresie prawa pracy<\/p>\r\n   <\/div>\r\n   <div class=\"w-full\">\r\n      <img decoding=\"async\" class=\"mx-auto w-full\" src=\"\/wp-content\/uploads\/2021\/12\/Alsterufer_gray_bg.jpg\" \/>\r\n   <\/div>\r\n<\/div>                            <\/div>\n                        <\/div>\n                    <\/div>\n                \n                    \n        \n    <\/div>\n\n<\/div>\n            <\/div>\n                                <div class='mobile-even-row order-17 md:order-none' >\n                \n<div class=\"smart-container text-center\">\n  <h2 class=\"font-bold\">Pravi prati\u011finde \u00f6zel karides \u00e7e\u015fitleri<\/h2>\n<div class=\"relative block\">\n  <!-- black line -->\n  <div class=\"absolute bg-gray-800 w-px h-full top-0 md:w-full md:h-px md:top-5 left-5 md:left-0\"><\/div>\n\n      <div class=\"relative mt-3 w-auto md:px-3 block md:table-cell\">\n\n      <!-- left cover element -->\n              <div class=\"step-cover-line absolute hidden step-cover-line-horizontal h-px top-5 left-0 md:block\"><\/div>\n      \n      <!-- bubble -->\n      <div class=\"float-left mr-4 h-10 w-10 leading-10 rounded-full text-white bg-gray-800 text-center md:mx-auto md:float-none\">\n        1      <\/div>\n\n      <!-- bubble text -->\n      <div class=\"table-row align-middle text-left md:text-center\">\n        <div class=\"font-bold\">Kontakt i wst\u0119pna ocena<\/div>\n        <div>\u0130leti\u015fim formunu kullanarak ad\u0131n\u0131z ve telefonunuzla bize ula\u015f\u0131n. Wst\u0119pna ocena obejmowa\u0142a.<\/div>\n      <\/div>\n\n      <!-- right cover element -->\n          <\/div>\n      <div class=\"relative mt-3 w-auto md:px-3 block md:table-cell\">\n\n      <!-- left cover element -->\n      \n      <!-- bubble -->\n      <div class=\"float-left mr-4 h-10 w-10 leading-10 rounded-full text-white bg-gray-800 text-center md:mx-auto md:float-none\">\n        2      <\/div>\n\n      <!-- bubble text -->\n      <div class=\"table-row align-middle text-left md:text-center\">\n        <div class=\"font-bold\">Um\u00f3wienie spotkania<\/div>\n        <div>24 g\u00fcn boyunca ak\u0131ll\u0131 ve ak\u0131ll\u0131 bir \u015fekilde bir araya geldik \u2013 her g\u00fcn ayn\u0131 \u015feyi yapt\u0131k.<\/div>\n      <\/div>\n\n      <!-- right cover element -->\n          <\/div>\n      <div class=\"relative mt-3 w-auto md:px-3 block md:table-cell\">\n\n      <!-- left cover element -->\n      \n      <!-- bubble -->\n      <div class=\"float-left mr-4 h-10 w-10 leading-10 rounded-full text-white bg-gray-800 text-center md:mx-auto md:float-none\">\n        3      <\/div>\n\n      <!-- bubble text -->\n      <div class=\"table-row align-middle text-left md:text-center\">\n        <div class=\"font-bold\">Dan\u0131\u015fma<\/div>\n        <div>Kompleksowe omowienie Twojej yayg\u0131n ve yeni stratejiler \u2013 iyi stratejiler.<\/div>\n      <\/div>\n\n      <!-- right cover element -->\n              <div class=\"step-cover-line absolute block left-5 w-px step-cover-line-vertical md:step-cover-line-horizontal md:h-px md:top-5 md:-right-0 md:left-auto\"><\/div>\n          <\/div>\n  <\/div>\n\n\n<div class=\"text-center py-5\">\n    \n<div class=\"buttons-block flex flex-wrap justify-center\">\n            <a class=\"btn-cta mr-0 sm:mr-3\" href=\"tel:+4940524717830\">\n                            <i class=\"fa fa-phone mr-2\"><\/i>\n                        Zadzwo\u0144 teraz        <\/a>\n            <a class=\"btn-cta mr-0 sm:mr-3\" href=\"\/tr\/kontakt\/\">\n                            <i class=\"fa fa-envelope mr-2\"><\/i>\n                        Napisz teraz        <\/a>\n    <\/div>\n<\/div>\n<\/div>\n            <\/div>\n                                <div class='mobile-even-row order-19 md:order-none' >\n                \n<div class=\"smart-container\" >\n            <h2 class=\"font-bold text-center\">Uzyskaj teraz KWALIFIKOWAN\u0104 wst\u0119pn\u0105 ocen\u0119 rozwi\u0105zania umowy<\/h2>\n    \n    <div class=\"flex flex-wrap\">\n        \n                            \n                                                        <div class=\"w-full lg:w-1\/2 p-2\">\n                        <div class=\"h-full  z-10\">\n                            <div class=\"h-full p-1\">\n                                <img loading=\"lazy\" decoding=\"async\" src=\"https:\/\/smart-arbeitsrecht.de\/wp-content\/uploads\/2021\/04\/Kuendigungs-App.jpg\" alt=\"\" width=\"650\" height=\"432\" class=\"alignnone size-full wp-image-4155\" srcset=\"https:\/\/smart-arbeitsrecht.de\/wp-content\/uploads\/2021\/04\/Kuendigungs-App.jpg 650w, https:\/\/smart-arbeitsrecht.de\/wp-content\/uploads\/2021\/04\/Kuendigungs-App-300x199.jpg 300w\" sizes=\"auto, (max-width: 650px) 100vw, 650px\" \/>                            <\/div>\n                        <\/div>\n                    <\/div>\n                                                        <div class=\"w-full lg:w-1\/2 self-center text-start p-2\">\n                        <div class=\"h-full  z-10\">\n                            <div class=\"h-full p-1\">\n                                <strong>Program, iki veya daha fazla uygulama i\u00e7in bir program olu\u015fturman\u0131za olanak tan\u0131r.<\/strong>\r\n\r\nEn iyi uygulamalar\u0131 yapmak i\u00e7in, \u00f6zel olarak haz\u0131rlanm\u0131\u015f baz\u0131 \u00f6zel uygulamalarla ilgili daha fazla bilgi edinin. prawa prati\u011fi. Bir ba\u015fka deyi\u015fle, bir \u00e7ok uygulamayla birlikte bir dosya sat\u0131n alma i\u015flemi ger\u00e7ekle\u015ftirin <strong>Doradzi\u0107 Ci, ukierunkowany ve zorganizowany ile birlikte <\/strong>(hi\u00e7bir \u015fey yap\u0131lmad\u0131) bu konuda dan\u0131\u015fmanl\u0131k hizmeti verilmedi.\r\n<div class=\"text-center\"><div class=\"buttons-block flex flex-wrap justify-center\"> <a class=\"btn-cta\" href=\"\/tr\/kuendigungs-app\/\">Tak, ba\u015fka bir \u015fey de\u011fil, o zaman bir \u015fey oldu<\/a><\/div><\/div>                            <\/div>\n                        <\/div>\n                    <\/div>\n                \n                    \n        \n    <\/div>\n\n<\/div>\n            <\/div>\n                                <div class='order-20 md:order-none' >\n                \n<div class=\"smart-container\" >\n            <h2 class=\"font-bold text-center\">Koszty naszego zaanga\u017cowania<\/h2>\n    \n    <div class=\"flex flex-wrap\">\n        \n                            \n                                                        <div class=\"w-full lg:w-2\/3\">\n                        <div class=\"h-full  z-10\">\n                            <div class=\"h-full p-4\">\n                                Podstaw\u0105 naszych op\u0142at s\u0105 <strong>op\u0142aty ustawowe (RVG)<\/strong>. Bir asgari \u00fccret kar\u015f\u0131l\u0131\u011f\u0131nda, karidesleri d\u00fczenli olarak sat\u0131n almak i\u00e7in bir miktar \u00fccret \u00f6denir. <strong>Wst\u0119pna ocena is bezp\u0142atna<\/strong>. Naszym, yeni bir \u015fey yapmak i\u00e7in bir \u015fey yapmad\u0131. Oznacza, wszystkim&#039;i tercih edecek, \u017ce otrzymaj\u0105 Pa\u0144stwo <strong>daha fazla bilgi edinin<\/strong>. Dostluk ve szybki, bardzo wa\u017cne&#039;ye tepki g\u00f6sterdi. Jednocze\u015bnie mog\u0105 Pa\u0144stwo oczekiwa\u0107 ve nas <strong>wysokiej jako\u015bci doradztwa prawnego<\/strong>, iyi organize edilmi\u015f bir organizasyon, birka\u00e7 ki\u015fiyle birlikte, ayn\u0131 zamanda geni\u015f kapsaml\u0131 bir \u00fcr\u00fcn ve hizmet sunan bir \u015firketle birlikte. Bu, m\u00fc\u015fterilerinizle ilgili yeni bir yap\u0131 olu\u015fturman\u0131z\u0131 sa\u011flar.\r\n\r\n<strong>Stosujemy te\u017c zasad\u0119: \u201cStary mandate, art\u0131k mandatem&#039;dir\u201d.<\/strong>\r\n\r\nJe\u015bli jeste\u015bmy ile trakcie starannego przygotowywania Pa\u0144stwa roszczenia lub brifing, \u015fimdi de zapytania b\u0119d\u0105 musia\u0142y poczeka\u0107. Her a\u00e7\u0131dan g\u00fczel standartlarda \u015fakalar. Baz\u0131 konseptler, \u00e7ok say\u0131da ve \u00e7ok say\u0131da m\u00fc\u015fteriyle birlikte hareket ediyor.                            <\/div>\n                        <\/div>\n                    <\/div>\n                                                        <div class=\"w-full lg:w-1\/3\">\n                        <div class=\"h-full  hasBorder z-10\" style=\"border: 5px solid #5E5E5E;\">\n                            <div class=\"h-full p-4\">\n                                Koncepcja naszej kancelarii pozwala nam po\u015bwi\u0119ci\u0107 si\u0119 Pa\u0144stwa wie ve niezwyk\u0142\u0105 staranno\u015bci\u0105 ve precyzj\u0105. Bu, en iyi ve en g\u00fc\u00e7l\u00fc y\u0131ld\u0131zlara sahip olman\u0131z\u0131 sa\u011flar ve d\u00fczenli olarak ekonomik sistemle daha iyi bir \u015fekilde \u00e7al\u0131\u015fabilmenizi sa\u011flar.\r\n\r\n<strong>Powinni\u015bcie Pa\u0144stowa\u0107 nasze zlecenie raczej jako inwestycj\u0119.<\/strong>\r\n\r\nPrawie prati\u011fiyle, daha iyi bir sonu\u00e7 elde etmek i\u00e7in bir \u015feyler yap\u0131n.                            <\/div>\n                        <\/div>\n                    <\/div>\n                \n                    \n        \n    <\/div>\n\n<\/div>\n            <\/div>\n                                <div class='mobile-even-row order-21 md:order-none' >\n                \n<div class=\"smart-container\" >\n            <h2 class=\"font-bold text-center\">Uwaga: Prati\u011fi asla sonland\u0131rmay\u0131n<\/h2>\n    \n    <div class=\"flex flex-wrap justify-center\">\n        \n                            \n                                                        <div class=\"text-center\">\n                        <div class=\"h-full  hasBorder z-10\" style=\"border: 5px solid #AF002D;\">\n                            <div class=\"h-full p-4\">\n                                Bunu yapmak i\u00e7in pratik yap\u0131n. <strong>Roszczenia ve prawa wygasaj\u0105 po kr\u00f3tkim czasie, je\u015bli ve asla nochodzisz<\/strong>. Prosed\u00fcrle ilgili baz\u0131 terminolojiyi uygulamak veya uygulamak i\u00e7in \u00f6n \u00f6demeli kr\u00f3tkich&#039;i kullan\u0131n, np. w przypadku zwolnienia z pracy. Son olarak, \u00e7ok az karides, Ciebie zrobi\u0107 ile daha fazla vakit ge\u00e7irmeden pratik yapabilir. Dlatego hi\u00e7bir zaman onunla ileti\u015fime ge\u00e7mez. Skorzystaj ve mo\u017cliwo\u015bci przeprowadzenia, yeni bir manzaraya neden oldu.                            <\/div>\n                        <\/div>\n                    <\/div>\n                \n                    \n        \n    <\/div>\n\n<\/div>\n            <\/div>\n                                <div class='order-22 md:order-none' >\n                \n<div class=\"smart-container\" >\n    \n    <div class=\"flex flex-wrap\">\n        \n                            \n                                                        <div class=\"w-full lg:w-1\/3\">\n                        <div class=\"h-full  z-10\">\n                            <div class=\"h-full p-1\">\n                                <img loading=\"lazy\" decoding=\"async\" class=\"aligncenter wp-image-880 size-full\" src=\"\/wp-content\/uploads\/2020\/05\/Fragezeichen.png\" alt=\"\" width=\"250\" height=\"350\" srcset=\"https:\/\/smart-arbeitsrecht.de\/wp-content\/uploads\/2020\/05\/Fragezeichen.png 250w, https:\/\/smart-arbeitsrecht.de\/wp-content\/uploads\/2020\/05\/Fragezeichen-214x300.png 214w\" sizes=\"auto, (max-width: 250px) 100vw, 250px\" \/>                            <\/div>\n                        <\/div>\n                    <\/div>\n                \n                    \n                                            <div class=\"w-full lg:w-2\/3\">\n                    <div class=\"h-full\">\n                        <div class=\"h-full p-1\">\n                        \n<div class=\"mx-auto\">\n            <div class=\"mb-4\">\n            <div class=\"faq-question flex items-center justify-between bg-gray-200 pl-3 pr-2 py-3 w-full rounded text-gray-600 font-bold cursor-pointer hover:bg-gray-300\">\n                Peki, polskim&#039;de ne kadar \u00e7ok karides var?                <span class=\"h-6 w-6 flex items-center justify-center text-teal-500\"><i class=\"fa-add\"><\/i><\/span>\n            <\/div>\n            <div class=\"faq-answer hidden p-3\">\n                <div class=\"text-gray-600 mb-3\">\n                    Prawnik Rafal Lugowski, Stanie Udzieli\u0107 Ci porady ile jezyku polskim&#039;de. J\u0119zyk polski, \u00e7ok iyi bir \u015feydi.                <\/div>\n            <\/div>\n        <\/div>\n\n                    <div class=\"mb-4\">\n            <div class=\"faq-question flex items-center justify-between bg-gray-200 pl-3 pr-2 py-3 w-full rounded text-gray-600 font-bold cursor-pointer hover:bg-gray-300\">\n                Hamburg&#039;da ne t\u00fcr bir ofis var ve iyi durumda, peki ya terenie ca\u0142ych Niemiec?                <span class=\"h-6 w-6 flex items-center justify-center text-teal-500\"><i class=\"fa-add\"><\/i><\/span>\n            <\/div>\n            <div class=\"faq-answer hidden p-3\">\n                <div class=\"text-gray-600 mb-3\">\n                    Niemiec&#039;te d\u00fczenli olarak yeni moda uygulamalar\u0131 yap\u0131n. Bunun i\u00e7in, m\u00fc\u015fterilerinizle ilgili daha fazla bilgi sahibi olabilirsiniz. w Monachium, betonun daha iyi i\u015flenmesini sa\u011flar. Duyusal olmayan bir \u015fekilde yay\u0131lan bu ses, Niemiec ile ilgi \u00e7ekici bir \u015fekilde temsil ediliyor ve bu, Pa\u0144stwa zbyt wysokie ile \u00e7ok daha kolay bir \u015fekilde ilgileniyor. Karides sporlar\u0131 ile ilgili olarak, np. Zwolnienie zwolnienie ve pratik yapmak, bir \u015fekilde veya pratik olarak, zwolnie podejmjemy, ilgi \u00e7ekici temsillerle birlikte, baz\u0131 ilgi \u00e7ekici \u015feylerle birlikte gelir.                <\/div>\n            <\/div>\n        <\/div>\n\n                    <div class=\"mb-4\">\n            <div class=\"faq-question flex items-center justify-between bg-gray-200 pl-3 pr-2 py-3 w-full rounded text-gray-600 font-bold cursor-pointer hover:bg-gray-300\">\n                Ne arad\u0131\u011f\u0131n\u0131z\u0131 asla bilmek istemem - bundan sonra benim i\u00e7in ne olacak?                <span class=\"h-6 w-6 flex items-center justify-center text-teal-500\"><i class=\"fa-add\"><\/i><\/span>\n            <\/div>\n            <div class=\"faq-answer hidden p-3\">\n                <div class=\"text-gray-600 mb-3\">\n                    Prawa ile ilgili spesifikasyonlar\u0131 kontrol edin. Prati\u011fin uygulanmas\u0131yla ilgili iki \u00f6zel \u00f6zellik, uygulamada sorunlarla kar\u015f\u0131la\u015faca\u011f\u0131m\u0131z\u0131 g\u00f6steriyor. Hi\u00e7bir \u015fey yapmad\u0131m, bir \u015fey yapmad\u0131m veya pratik yapmad\u0131m, \u00e7\u00fcnk\u00fc bir \u015fey yapmad\u0131\u011f\u0131m i\u00e7in bir \u015fey yapmad\u0131m ve bir \u015fey yapmad\u0131\u011f\u0131m i\u00e7in pratik yapt\u0131m. Jeste\u015bmy r\u00f3wnie\u017c do Pa\u0144stwa dispozycji, np. Mobbing, Diskryminacji, Ograniczenia\/Roswi\u0105zania Stosunku Uygulamalar\u0131na Y\u00f6nelik Referanslar.                <\/div>\n            <\/div>\n        <\/div>\n\n                    <div class=\"mb-4\">\n            <div class=\"faq-question flex items-center justify-between bg-gray-200 pl-3 pr-2 py-3 w-full rounded text-gray-600 font-bold cursor-pointer hover:bg-gray-300\">\n                Yap\u0131lacak di\u011fer \u015feyler \u00f6nemli ve pratiktir. Zrobi\u0107&#039;i nas\u0131l buldunuz?                <span class=\"h-6 w-6 flex items-center justify-center text-teal-500\"><i class=\"fa-add\"><\/i><\/span>\n            <\/div>\n            <div class=\"faq-answer hidden p-3\">\n                <div class=\"text-gray-600 mb-3\">\n                    Daha fazla bilgi edinin, g\u00fc\u00e7 verin (1) birka\u00e7 ad\u0131m at\u0131n (2) hi\u00e7bir \u015fey yapmay\u0131n 3-\u00fc\u00e7l\u00fc sonland\u0131rma, zwolnie pozwu veya niesprawiedliwe zwolnienie z wolnienie z pracy ve (3) skorzysta\u0107 ve naszej yeni bir manzara yok. Ci zrobi\u0107&#039;i yeniden canland\u0131rmak i\u00e7in.                <\/div>\n            <\/div>\n        <\/div>\n\n                    <div class=\"mb-4\">\n            <div class=\"faq-question flex items-center justify-between bg-gray-200 pl-3 pr-2 py-3 w-full rounded text-gray-600 font-bold cursor-pointer hover:bg-gray-300\">\n                Je\u015bli wygram, uyu\u015fturucu kullan\u0131m\u0131yla birlikte yeni \u00fcr\u00fcnler, tamam m\u0131?                <span class=\"h-6 w-6 flex items-center justify-center text-teal-500\"><i class=\"fa-add\"><\/i><\/span>\n            <\/div>\n            <div class=\"faq-answer hidden p-3\">\n                <div class=\"text-gray-600 mb-3\">\n                    Asla hap\u015f\u0131rmaz. Bu g\u00f6nderi, daha iyi bir uygulama i\u00e7in daha g\u00fc\u00e7l\u00fc bir uygulama olarak \u00f6ne \u00e7\u0131k\u0131yor. Bu nedenle, klasik uygulamalar ve klasik uygulamalarla ilgili daha fazla bilgi edinmek i\u00e7in zaman ay\u0131r\u0131n. Dobra wiadomo\u015b\u0107 jest taka, \u017ce je\u015bli przegrasz, nie musisz p\u0142aci\u0107 koszt\u00f3w prawnych pracodawcy.                <\/div>\n            <\/div>\n        <\/div>\n\n                    <div class=\"mb-4\">\n            <div class=\"faq-question flex items-center justify-between bg-gray-200 pl-3 pr-2 py-3 w-full rounded text-gray-600 font-bold cursor-pointer hover:bg-gray-300\">\n                Peki, pratik yapmak i\u00e7in ne yapmal\u0131?                <span class=\"h-6 w-6 flex items-center justify-center text-teal-500\"><i class=\"fa-add\"><\/i><\/span>\n            <\/div>\n            <div class=\"faq-answer hidden p-3\">\n                <div class=\"text-gray-600 mb-3\">\n                    S\u00fcre\u00e7lerin s\u0131k s\u0131k ya\u015fanmas\u0131, bir uygulamadan sonra yap\u0131lmas\u0131 gereken bir i\u015flemdir. Roszczenie veya odpraw\u0119 with przypadku zwolnienia ve odpraw\u0119, wyj\u0105tkowych przypadkach ile g\u00fczel bir uygulamad\u0131r. Evet, sosyal olarak herhangi bir plan yok, przez rad\u0119 zak\u0142adow\u0105. Mimo, \u00e7ok pratik bir \u015fekilde, her zaman pratik bir \u015fekilde, daha sonra pratik olarak pratik bir \u015fekilde pratik olarak kullan\u0131labilir.                <\/div>\n            <\/div>\n        <\/div>\n\n                    <div class=\"mb-4\">\n            <div class=\"faq-question flex items-center justify-between bg-gray-200 pl-3 pr-2 py-3 w-full rounded text-gray-600 font-bold cursor-pointer hover:bg-gray-300\">\n                Bu spesifikasyonu prati\u011finizde nas\u0131l kullanmak istiyorsunuz?                <span class=\"h-6 w-6 flex items-center justify-center text-teal-500\"><i class=\"fa-add\"><\/i><\/span>\n            <\/div>\n            <div class=\"faq-answer hidden p-3\">\n                <div class=\"text-gray-600 mb-3\">\n                    Prawnik \u00f6zellikleri, iki g\u00fcnl\u00fck kullan\u0131m, temizlik ve mo\u017cliwo\u015bci ile ilgili olarak pratik ve pratik uygulamalarla donat\u0131lm\u0131\u015ft\u0131r. Stratejik olarak, iki y\u00f6nl\u00fc bir kompleks olu\u015fturman\u0131n yan\u0131 s\u0131ra, \u00e7ok say\u0131da karma\u015f\u0131kl\u0131\u011f\u0131 da g\u00f6z \u00f6n\u00fcnde bulundurun. Asla m\u00fczik \u00e7almay\u0131z ya da \u00e7almay\u0131z ve \u00e7ok parlak bir \u015fekilde i\u00e7imize girmeyiz.                <\/div>\n            <\/div>\n        <\/div>\n\n                    <div class=\"mb-4\">\n            <div class=\"faq-question flex items-center justify-between bg-gray-200 pl-3 pr-2 py-3 w-full rounded text-gray-600 font-bold cursor-pointer hover:bg-gray-300\">\n                Panem\u2019de s\u00fcre\u00e7 nas\u0131l i\u015fliyor?                <span class=\"h-6 w-6 flex items-center justify-center text-teal-500\"><i class=\"fa-add\"><\/i><\/span>\n            <\/div>\n            <div class=\"faq-answer hidden p-3\">\n                <div class=\"text-gray-600 mb-3\">\n                    Podczas dan\u0131\u015fmanl\u0131k hizmetleri. Uygulamal\u0131 sistemle ilgili olarak bir tak\u0131m uygulamalar yap\u0131n ve bunlar\u0131 uygulay\u0131n. Najpierw b\u0119dziesz mia\u0142 mo\u017cliwo\u015b\u0107 spokojnego przedstawienia swoich obaw. \u00d6zel bir ticari faaliyette, baz\u0131 ticari ve ticari faaliyetlerde bulunulurken, en iyi \u00f6demeler ve finans programlar\u0131 ile ilgili \u00f6demeler yap\u0131l\u0131r. Je\u015bli sobie tego \u017cyczysz, \u0130ki karides opowie Ci rownie\u017c ve s\u0131k\u0131 bir \u015fekilde karides prati\u011fi yap\u0131n.                <\/div>\n            <\/div>\n        <\/div>\n\n                    <div class=\"mb-4\">\n            <div class=\"faq-question flex items-center justify-between bg-gray-200 pl-3 pr-2 py-3 w-full rounded text-gray-600 font-bold cursor-pointer hover:bg-gray-300\">\n                \u0130\u015fi nas\u0131l yap\u0131yorsunuz?                <span class=\"h-6 w-6 flex items-center justify-center text-teal-500\"><i class=\"fa-add\"><\/i><\/span>\n            <\/div>\n            <div class=\"faq-answer hidden p-3\">\n                <div class=\"text-gray-600 mb-3\">\n                    Adwokjat \u0141ugowski, enlem 36 ya\u015f\u0131nda. Uygulamayla ilgili \u00f6zel bilgiler; pratik uygulamalarda \u015fu \u00f6zellikleri kullanabilirsiniz; prowadzi\u0142 setki yay\u0131lma sadowych ve rzecz pracownik\u00f3w, rad zak\u0142adowych ve pracodawc\u00f3w; \u015fakayd\u0131 karides ve eski tekerlek zak\u0142adowych; Prowadzi\u0142 uluyan bir \u015fekilde, bir s\u00fcr\u00fc \u015feyle me\u015fgul oldunuz.                <\/div>\n            <\/div>\n        <\/div>\n\n            <\/div>\n\n    <script type=\"application\/ld+json\">\n    {\n        \"@context\": \"https:\/\/schema.org\",\n        \"@type\": \"FAQPage\",\n        \"mainEntity\": [\n            {\n    \"@type\": \"Question\",\n    \"name\": \"Czy porady prawne mog\u0105 by\u0107 udzielane w j\u0119zyku polskim?\",\n    \"acceptedAnswer\": {\n        \"@type\": \"Answer\",\n        \"text\": \"Tak, prawnik Rafal Lugowski jest w stanie udzieli\u0107 Ci porady w j\u0119zyku polskim. J\u0119zyk polski jest jego j\u0119zykiem ojczystym.\"\n    }\n},{\n    \"@type\": \"Question\",\n    \"name\": \"Czy kancelaria \u015bwiadczy us\u0142ugi tylko w Hamburgu i okolicach, czy r\u00f3wnie\u017c na terenie ca\u0142ych Niemiec?\",\n    \"acceptedAnswer\": {\n        \"@type\": \"Answer\",\n        \"text\": \"Z regu\u0142y pracujemy dla naszych klient\u00f3w na terenie ca\u0142ych Niemiec. To, czy podejmiemy si\u0119 r\u00f3wnie\u017c obs\u0142ugi klienta np. w Monachium, zale\u017cy od okoliczno\u015bci konkretnego przypadku. W przypadku drobnych spraw nie ma sensu, aby\u015bmy reprezentowali Pa\u0144stwa interesy na po\u0142udniu Niemiec, poniewa\u017c koszty mog\u0142yby by\u0107 dla Pa\u0144stwa zbyt wysokie. W przypadku wi\u0119kszych spor\u00f3w prawnych, jak np. zwolnienie z pracy lub wypowiedzenie umowy o prac\u0119, z regu\u0142y podejmujemy si\u0119 reprezentowania interes\u00f3w przed wszystkimi niemieckimi s\u0105dami.\"\n    }\n},{\n    \"@type\": \"Question\",\n    \"name\": \"Nie mog\u0119 znale\u017a\u0107 mojego wniosku - czy kancelaria mo\u017ce mi pom\u00f3c?\",\n    \"acceptedAnswer\": {\n        \"@type\": \"Answer\",\n        \"text\": \"Jeste\u015bmy wyspecjalizowan\u0105 kancelari\u0105 prawa pracy. Tw\u00f3j prawnik specjalizuj\u0105cy si\u0119 w prawie pracy mo\u017ce pom\u00f3c Ci we wszystkich problemach z zakresu prawa pracy. Nie ma znaczenia, czy chodzi o umow\u0119 o prac\u0119, czy o prac\u0119 w niepe\u0142nym wymiarze godzin lub prac\u0119 rodzicielsk\u0105 w niepe\u0142nym wymiarze godzin. Jeste\u015bmy r\u00f3wnie\u017c do Pa\u0144stwa dyspozycji, np. w sprawach dotycz\u0105cych mobbingu, dyskryminacji, referencji pracodawcy lub ograniczenia\/rozwi\u0105zania stosunku pracy.\"\n    }\n},{\n    \"@type\": \"Question\",\n    \"name\": \"Otrzyma\u0142em wypowiedzenie umowy o prac\u0119. Co powinienem zrobi\u0107?\",\n    \"acceptedAnswer\": {\n        \"@type\": \"Answer\",\n        \"text\": \"Je\u015bli otrzyma\u0142e\u015b wypowiedzenie, powiniene\u015b (1) zachowa\u0107 spok\u00f3j (2) nie przegapi\u0107 3-tygodniowego terminu na z\u0142o\u017cenie pozwu o niesprawiedliwe zwolnienie z pracy i (3) skorzysta\u0107 z naszej niewi\u0105\u017c\u0105cej oceny wst\u0119pnej.To pomo\u017ce Ci zrobi\u0107 wiele rzeczy dobrze.\"\n    }\n},{\n    \"@type\": \"Question\",\n    \"name\": \"Je\u015bli wygram, druga strona zwr\u00f3ci mi koszty adwokata, prawda?\",\n    \"acceptedAnswer\": {\n        \"@type\": \"Answer\",\n        \"text\": \"Niestety nie. W post\u0119powaniu przed s\u0105dem pracy ka\u017cda ze stron ponosi koszty w\u0142asnego adwokata. W tym zakresie odr\u00f3\u017cnia to post\u0119powanie przed s\u0105dem pracy od klasycznego post\u0119powania przed s\u0105dem cywilnym.Dobra wiadomo\u015b\u0107 jest taka, \u017ce je\u015bli przegrasz, nie musisz p\u0142aci\u0107 koszt\u00f3w prawnych pracodawcy.\"\n    }\n},{\n    \"@type\": \"Question\",\n    \"name\": \"Czy mam prawo do odprawy w przypadku zwolnienia z pracy?\",\n    \"acceptedAnswer\": {\n        \"@type\": \"Answer\",\n        \"text\": \"Proces ochrony przed wypowiedzeniem ma zawsze na celu odzyskanie pracy. Roszczenie o odpraw\u0119 w przypadku zwolnienia z pracy istnieje tylko w wyj\u0105tkowych przypadkach. Na przyk\u0142ad, je\u015bli istnieje plan socjalny wynegocjowany przez rad\u0119 zak\u0142adow\u0105.Mimo to pracodawcy cz\u0119sto godz\u0105 si\u0119 na odprawy, aby w przypadku istniej\u0105cej ochrony przed zwolnieniem uzyska\u0107 bezpieczne pod wzgl\u0119dem prawnym rozwi\u0105zanie umowy.\"\n    }\n},{\n    \"@type\": \"Question\",\n    \"name\": \"Co mo\u017ce dla mnie zrobi\u0107 prawnik specjalizuj\u0105cy si\u0119 w prawie pracy?\",\n    \"acceptedAnswer\": {\n        \"@type\": \"Answer\",\n        \"text\": \"Prawnik specjalizuj\u0105cy si\u0119 w prawie pracy udzieli Ci rzetelnej i precyzyjnej porady na temat Twoich praw, roszcze\u0144 i mo\u017cliwo\u015bci. On poka\u017ce Ci strategiczne opcje i, je\u015bli sobie tego \u017cyczysz, przejmie kompleksow\u0105 reprezentacj\u0119 Twojej sprawy.Wtedy nie musisz si\u0119 martwi\u0107 o nic innego i masz g\u0142ow\u0119 woln\u0105 na inne rzeczy.\"\n    }\n},{\n    \"@type\": \"Question\",\n    \"name\": \"Jak wygl\u0105da proces umawiania si\u0119 na spotkanie z Panem?\",\n    \"acceptedAnswer\": {\n        \"@type\": \"Answer\",\n        \"text\": \"Podczas konsultacji adwokat ds. pracy udzieli Pa\u0144stwu wyczerpuj\u0105cej i dok\u0142adnej porady na temat sytuacji prawnej. Najpierw b\u0119dziesz mia\u0142 mo\u017cliwo\u015b\u0107 spokojnego przedstawienia swoich obaw. Nast\u0119pnie wyspecjalizowany prawnik dokona oceny prawnej i przedstawi Pa\u0144stwu mo\u017cliwe sposoby najlepszego osi\u0105gni\u0119cia celu prawnego lub finansowego.Je\u015bli sobie tego \u017cyczysz, Tw\u00f3j prawnik opowie Ci r\u00f3wnie\u017c co\u015b o firmie w og\u00f3le i o swojej pracy jako prawnika.\"\n    }\n},{\n    \"@type\": \"Question\",\n    \"name\": \"Jak du\u017ce do\u015bwiadczenie ma kancelarja?\",\n    \"acceptedAnswer\": {\n        \"@type\": \"Answer\",\n        \"text\": \"Adwokjat \u0141ugowski ma 36 lat. Jest specjalist\u0105 w zakresie prawa pracy; od wielu lat specjalizuje si\u0119 w prawie pracy; prowadzi\u0142 setki spraw s\u0105dowych na rzecz pracownik\u00f3w, rad zak\u0142adowych i pracodawc\u00f3w; jest doradc\u0105 prawnym i prelegentem rad zak\u0142adowych; prowadzi\u0142 wiele du\u017cych negocjacji na stronie radach zak\u0142adowych.\"\n    }\n}\n        ]\n    }\n    <\/script>                        <\/div>\n                    <\/div>\n                <\/div>\n                    \n        \n    <\/div>\n\n<\/div>\n            <\/div>\n            <\/div>","protected":false},"excerpt":{"rendered":"","protected":false},"author":1,"featured_media":0,"parent":0,"menu_order":0,"comment_status":"closed","ping_status":"closed","template":"page-templates\/landingpage.php","meta":{"footnotes":""},"class_list":["post-5842","page","type-page","status-publish","hentry"],"acf":[],"yoast_head":"<!-- This site is optimized with the Yoast SEO plugin v26.5 - https:\/\/yoast.com\/wordpress\/plugins\/seo\/ -->\n<title>Adwokat polski prawo pracy<\/title>\n<meta name=\"description\" content=\"Tw\u00f3j adwokat polski prawo pracy \u2713 Specjalizacja i do\u015bwiadczenie w zakresie prawa pracy \u2713 Hamburg i Niemcy \u2713\" \/>\n<meta name=\"robots\" content=\"index, follow, max-snippet:-1, max-image-preview:large, max-video-preview:-1\" \/>\n<link rel=\"canonical\" href=\"https:\/\/smart-arbeitsrecht.de\/tr\/adwokat-od-prawa-pracy-w-hamburgu-niemczech\/\" \/>\n<meta property=\"og:locale\" content=\"tr_TR\" \/>\n<meta property=\"og:type\" content=\"article\" \/>\n<meta property=\"og:title\" content=\"Adwokat polski prawo pracy\" \/>\n<meta property=\"og:description\" content=\"Tw\u00f3j adwokat polski prawo pracy \u2713 Specjalizacja i do\u015bwiadczenie w zakresie prawa pracy \u2713 Hamburg i Niemcy \u2713\" \/>\n<meta property=\"og:url\" content=\"https:\/\/smart-arbeitsrecht.de\/tr\/adwokat-od-prawa-pracy-w-hamburgu-niemczech\/\" \/>\n<meta property=\"og:site_name\" content=\"Smart-Arbeitsrecht\" \/>\n<meta property=\"article:modified_time\" content=\"2023-10-04T07:44:08+00:00\" \/>\n<meta name=\"twitter:card\" content=\"summary_large_image\" \/>\n<script type=\"application\/ld+json\" class=\"yoast-schema-graph\">{\"@context\":\"https:\/\/schema.org\",\"@graph\":[{\"@type\":\"WebPage\",\"@id\":\"https:\/\/smart-arbeitsrecht.de\/adwokat-od-prawa-pracy-w-hamburgu-niemczech\/\",\"url\":\"https:\/\/smart-arbeitsrecht.de\/adwokat-od-prawa-pracy-w-hamburgu-niemczech\/\",\"name\":\"Adwokat polski prawo pracy\",\"isPartOf\":{\"@id\":\"https:\/\/smart-arbeitsrecht.de\/#website\"},\"description\":\"Tw\u00f3j adwokat polski prawo pracy \u2713 Specjalizacja i do\u015bwiadczenie w zakresie prawa pracy \u2713 Hamburg i Niemcy \u2713\",\"breadcrumb\":{\"@id\":\"https:\/\/smart-arbeitsrecht.de\/adwokat-od-prawa-pracy-w-hamburgu-niemczech\/#breadcrumb\"},\"inLanguage\":\"tr\",\"potentialAction\":[{\"@type\":\"ReadAction\",\"target\":[\"https:\/\/smart-arbeitsrecht.de\/adwokat-od-prawa-pracy-w-hamburgu-niemczech\/\"]}]},{\"@type\":\"BreadcrumbList\",\"@id\":\"https:\/\/smart-arbeitsrecht.de\/adwokat-od-prawa-pracy-w-hamburgu-niemczech\/#breadcrumb\",\"itemListElement\":[{\"@type\":\"ListItem\",\"position\":1,\"name\":\"Startseite\",\"item\":\"https:\/\/smart-arbeitsrecht.de\/\"},{\"@type\":\"ListItem\",\"position\":2,\"name\":\"Adwokat polski prawo pracy Hamburg | Niemcy\"}]},{\"@type\":\"WebSite\",\"@id\":\"https:\/\/smart-arbeitsrecht.de\/#website\",\"url\":\"https:\/\/smart-arbeitsrecht.de\/\",\"name\":\"Smart-Arbeitsrecht\",\"description\":\"Kanzlei f\u00fcr Arbeitsrecht\",\"potentialAction\":[{\"@type\":\"SearchAction\",\"target\":{\"@type\":\"EntryPoint\",\"urlTemplate\":\"https:\/\/smart-arbeitsrecht.de\/?s={search_term_string}\"},\"query-input\":{\"@type\":\"PropertyValueSpecification\",\"valueRequired\":true,\"valueName\":\"search_term_string\"}}],\"inLanguage\":\"tr\"}]}<\/script>\n<!-- \/ Yoast SEO plugin. -->","yoast_head_json":{"title":"Adwokat polski prawo pracy","description":"\u0130ki g\u00fcnl\u00fck pratik prati\u011fi \u2713 Prawa prati\u011fi ile \u00f6zel ve ki\u015fiselle\u015ftirilmi\u015f uygulamalar \u2713 Hamburg ve Niemcy \u2713","robots":{"index":"index","follow":"follow","max-snippet":"max-snippet:-1","max-image-preview":"max-image-preview:large","max-video-preview":"max-video-preview:-1"},"canonical":"https:\/\/smart-arbeitsrecht.de\/tr\/adwokat-od-prawa-pracy-w-hamburgu-niemczech\/","og_locale":"tr_TR","og_type":"article","og_title":"Adwokat polski prawo pracy","og_description":"Tw\u00f3j adwokat polski prawo pracy \u2713 Specjalizacja i do\u015bwiadczenie w zakresie prawa pracy \u2713 Hamburg i Niemcy \u2713","og_url":"https:\/\/smart-arbeitsrecht.de\/tr\/adwokat-od-prawa-pracy-w-hamburgu-niemczech\/","og_site_name":"Smart-Arbeitsrecht","article_modified_time":"2023-10-04T07:44:08+00:00","twitter_card":"summary_large_image","schema":{"@context":"https:\/\/schema.org","@graph":[{"@type":"WebPage","@id":"https:\/\/smart-arbeitsrecht.de\/adwokat-od-prawa-pracy-w-hamburgu-niemczech\/","url":"https:\/\/smart-arbeitsrecht.de\/adwokat-od-prawa-pracy-w-hamburgu-niemczech\/","name":"Adwokat polski prawo pracy","isPartOf":{"@id":"https:\/\/smart-arbeitsrecht.de\/#website"},"description":"\u0130ki g\u00fcnl\u00fck pratik prati\u011fi \u2713 Prawa prati\u011fi ile \u00f6zel ve ki\u015fiselle\u015ftirilmi\u015f uygulamalar \u2713 Hamburg ve Niemcy \u2713","breadcrumb":{"@id":"https:\/\/smart-arbeitsrecht.de\/adwokat-od-prawa-pracy-w-hamburgu-niemczech\/#breadcrumb"},"inLanguage":"tr","potentialAction":[{"@type":"ReadAction","target":["https:\/\/smart-arbeitsrecht.de\/adwokat-od-prawa-pracy-w-hamburgu-niemczech\/"]}]},{"@type":"BreadcrumbList","@id":"https:\/\/smart-arbeitsrecht.de\/adwokat-od-prawa-pracy-w-hamburgu-niemczech\/#breadcrumb","itemListElement":[{"@type":"ListItem","position":1,"name":"Startseite","item":"https:\/\/smart-arbeitsrecht.de\/"},{"@type":"ListItem","position":2,"name":"Adwokat polski prawo pracy Hamburg | Niemcy"}]},{"@type":"WebSite","@id":"https:\/\/smart-arbeitsrecht.de\/#website","url":"https:\/\/smart-arbeitsrecht.de\/","name":"Ak\u0131ll\u0131 i\u015f hukuku","description":"\u0130\u015f hukuku firmas\u0131","potentialAction":[{"@type":"SearchAction","target":{"@type":"EntryPoint","urlTemplate":"https:\/\/smart-arbeitsrecht.de\/?s={search_term_string}"},"query-input":{"@type":"PropertyValueSpecification","valueRequired":true,"valueName":"search_term_string"}}],"inLanguage":"tr"}]}},"_links":{"self":[{"href":"https:\/\/smart-arbeitsrecht.de\/tr\/wp-json\/wp\/v2\/pages\/5842","targetHints":{"allow":["GET"]}}],"collection":[{"href":"https:\/\/smart-arbeitsrecht.de\/tr\/wp-json\/wp\/v2\/pages"}],"about":[{"href":"https:\/\/smart-arbeitsrecht.de\/tr\/wp-json\/wp\/v2\/types\/page"}],"author":[{"embeddable":true,"href":"https:\/\/smart-arbeitsrecht.de\/tr\/wp-json\/wp\/v2\/users\/1"}],"replies":[{"embeddable":true,"href":"https:\/\/smart-arbeitsrecht.de\/tr\/wp-json\/wp\/v2\/comments?post=5842"}],"version-history":[{"count":46,"href":"https:\/\/smart-arbeitsrecht.de\/tr\/wp-json\/wp\/v2\/pages\/5842\/revisions"}],"predecessor-version":[{"id":7899,"href":"https:\/\/smart-arbeitsrecht.de\/tr\/wp-json\/wp\/v2\/pages\/5842\/revisions\/7899"}],"wp:attachment":[{"href":"https:\/\/smart-arbeitsrecht.de\/tr\/wp-json\/wp\/v2\/media?parent=5842"}],"curies":[{"name":"wp","href":"https:\/\/api.w.org\/{rel}","templated":true}]}}