{"id":6462,"date":"2023-02-23T19:20:42","date_gmt":"2023-02-23T18:20:42","guid":{"rendered":"https:\/\/smart-arbeitsrecht.de\/?page_id=6462"},"modified":"2025-07-04T10:55:30","modified_gmt":"2025-07-04T08:55:30","slug":"fachanwalt-fuer-arbeitsrecht-vorteile-fuer-arbeitnehmer","status":"publish","type":"page","link":"https:\/\/smart-arbeitsrecht.de\/tr\/fachanwalt-fuer-arbeitsrecht-vorteile-fuer-arbeitnehmer\/","title":{"rendered":"\u0130\u015f hukuku alan\u0131nda uzman avukat \u2013 \u00e7al\u0131\u015fanlar i\u00e7in avantajlar \u015funlard\u0131r"},"content":{"rendered":"<div class=\"wp-block-image\">\n<figure class=\"aligncenter size-large\"><img loading=\"lazy\" decoding=\"async\" width=\"1024\" height=\"512\" src=\"https:\/\/smart-arbeitsrecht.de\/wp-content\/uploads\/2023\/02\/Fachanwalt-Arbeitsrecht-Hamburg-1-1024x512.jpg\" alt=\"Fachanwalt f\u00fcr Arbeitsrecht\" class=\"wp-image-6453\" title=\"\u0130\u015f hukuku konusunda uzman avukat\" srcset=\"https:\/\/smart-arbeitsrecht.de\/wp-content\/uploads\/2023\/02\/Fachanwalt-Arbeitsrecht-Hamburg-1-1024x512.jpg 1024w, https:\/\/smart-arbeitsrecht.de\/wp-content\/uploads\/2023\/02\/Fachanwalt-Arbeitsrecht-Hamburg-1-300x150.jpg 300w, https:\/\/smart-arbeitsrecht.de\/wp-content\/uploads\/2023\/02\/Fachanwalt-Arbeitsrecht-Hamburg-1-768x384.jpg 768w, https:\/\/smart-arbeitsrecht.de\/wp-content\/uploads\/2023\/02\/Fachanwalt-Arbeitsrecht-Hamburg-1-1536x768.jpg 1536w, https:\/\/smart-arbeitsrecht.de\/wp-content\/uploads\/2023\/02\/Fachanwalt-Arbeitsrecht-Hamburg-1-2048x1024.jpg 2048w\" sizes=\"auto, (max-width: 1024px) 100vw, 1024px\" \/><\/figure><\/div>\n\n\n<p>\u00c7al\u0131\u015fanlar\u0131n i\u015f hukukuyla ilgili bir sorunlar\u0131 varsa, a\u015fa\u011f\u0131daki tavsiye hemen verilir: <strong><a href=\"https:\/\/smart-arbeitsrecht.de\/tr\/\">\u0130\u015f hukuku konusunda uzman avukat<\/a><\/strong>B\u00f6yle bir avukat, unvan\u0131n\u0131 sebepsiz yere ta\u015f\u0131mayacakt\u0131r. &quot;\u0130\u015f Hukuku Uzman\u0131 Avukat&quot; unvan\u0131, onun <strong>uzmanl\u0131k<\/strong> i\u015f hukuku ve kapsaml\u0131 <strong>Deneyim de\u011ferleri<\/strong>.<\/p>\n\n\n\n<p>Peki \u00e7al\u0131\u015fanlar\u0131n iyi bir avukat, i\u015f hukuku uzman\u0131 tutma umutlar\u0131 ger\u00e7ekten hakl\u0131 m\u0131? Bu yaz\u0131da bunu sizin i\u00e7in a\u00e7\u0131kl\u0131\u011fa kavu\u015fturmak istiyorum. Bu yaz\u0131da size \u015funlar\u0131 g\u00f6sterece\u011fim:<\/p>\n\n\n\n<ul class=\"wp-block-list\">\n<li>ne <strong>\u0130\u015f hukuku konusunda uzman avukat<\/strong> g\u00f6sterir,<\/li>\n\n\n\n<li>Nas\u0131l <strong>Avukatlar<\/strong> unvan\u0131 alabilir,<\/li>\n\n\n\n<li>Hangi <strong>potansiyel faydalar<\/strong> b\u00f6yle bir avukat &quot;normal&quot; bir avukatla kar\u015f\u0131la\u015ft\u0131r\u0131lm\u0131\u015ft\u0131r ve<\/li>\n\n\n\n<li>\u0130\u015f hukuku davan\u0131zda ba\u015fl\u0131\u011fa g\u00fcvenip g\u00fcvenemeyece\u011finiz.<\/li>\n<\/ul>\n\n\n\n<p>Bu makaleyi dikkatlice okuduktan sonra, ba\u015fl\u0131\u011f\u0131n tam olarak ne hakk\u0131nda oldu\u011funu anlayacaks\u0131n\u0131z. Ayr\u0131ca, i\u015f hukukuyla ilgili bir sorununuz varsa hangi avukata dan\u0131\u015fman\u0131z gerekti\u011fini de bileceksiniz. <\/p>\n\n\n\n<p><strong>Bir bildirim:<\/strong> A\u015fa\u011f\u0131daki yaz\u0131 benim ki\u015fisel de\u011ferlendirmemi yans\u0131tmakta olup, deneyimime dayanmaktad\u0131r.<\/p>\n\n\n\n<div class=\"cta-1\">\n  <h3>Birini ar\u0131yorsunuz <span class=\"orange-accent\">\u0130\u015f hukuku konusunda uzman avukat<\/span>?<\/h3>\n\n  <p><strong>\u0130ster fesih, ister k\u0131dem tazminat\u0131, ister fesih s\u00f6zle\u015fmesi ar\u0131yor olun, do\u011fru yerdesiniz.<\/strong><\/p>\n  <p><em>\u00dclke \u00e7ap\u0131ndaki \u00e7al\u0131\u015fanlar\u0131m\u0131z\u0131 \u00f6zverili, \u015feffaf ve deneyimli bir \u015fekilde temsil ediyoruz. \u0130\u015fyerindeki haklar\u0131n\u0131z bizimle emin ellerde.<\/em><\/p>\n\n  <div class=\"buttons-block flex flex-wrap justify-center mt-12\">\n    <a class=\"btn-cta mr-0 sm:mr-3 text-dark\" href=\"tel:+4940524717830\">\n      <i class=\"fa fa-phone mr-2\"><\/i> Hemen aray\u0131n\n    <\/a>\n    <a class=\"btn-cta mr-0 sm:mr-3 text-dark\" href=\"\/tr\/kontakt\/\">\n      <i class=\"fa fa-envelope mr-2\"><\/i> \u00dccretsiz ilk de\u011ferlendirme\n    <\/a>\n  <\/div>\n<\/div>\n\n\n\n\n<div style=\"height:32px\" aria-hidden=\"true\" class=\"wp-block-spacer\"><\/div>\n\n\n\n<div class=\"toc\">\n<h3>\u0130\u00e7indekiler<\/h3>\n<ol>\n<li><a href=\"#fachanwalt_f\u00fcr_arbeitsrecht\">Uzman i\u015f hukuku avukat\u0131 nedir?<\/a><\/li>\n<li><a href=\"#wie_fachanwalt_arbeitsrecht\">Bir avukat i\u015f hukuku uzman\u0131 nas\u0131l olur?<\/a><\/li>\n<li><a href=\"#fachanw\u00e4lte_bessere_arbeitsrechtler\">Uzman avukatlar daha iyi i\u015f hukuku avukatlar\u0131 m\u0131d\u0131r?<\/a><\/li>\n<li><a href=\"#verlass_auf_fachanwalt_arbeitsrecht\">Bir \u00e7al\u0131\u015fan olarak, kalite g\u00f6stergesi olarak \u00fcnvana g\u00fcvenebilir miyim?<\/a><\/li>\n<li><a href=\"#\u00fcberblick_arbeitsrecht_fachanwalt\">Uzman avukatlar i\u015f hukukunun t\u00fcm y\u00f6nlerine hakim midir?<\/a><\/li>\n<li><a href=\"#was_macht_guten_fachanwalt_aus\">\u0130yi bir i\u015f hukuku uzman\u0131n\u0131 ne olu\u015fturur?<\/a><\/li>\n<li><a href=\"#wo_fachanwalt_arbeitsrecht\">Uzman i\u015f hukuku avukatlar\u0131n\u0131 nerede bulabilirim?<\/a><\/li>\n<\/ol>\n<\/div>\n\n\n\n<h2 class=\"wp-block-heading\" id=\"fachanwalt_f\u00fcr_arbeitsrecht\">Uzman i\u015f hukuku avukat\u0131 nedir?<\/h2>\n\n\n\n<p>Bir &quot;<strong>\u0130\u015f hukuku konusunda uzman avukat<\/strong>&quot;Her \u015feyden \u00f6nce bir <strong>ba\u015fl\u0131k<\/strong>Avukatlar taraf\u0131ndan y\u00f6netilen ve yetkili makamlar taraf\u0131ndan y\u00f6netilen <strong>Baro Birli\u011fi<\/strong> ba\u015fvuru \u00fczerine verilir (<a href=\"https:\/\/www.rak-hamburg.de\/f\/b690ad8373.pdf\" target=\"_blank\" rel=\"noreferrer noopener\">Hamburg Barosu&#039;ndan bilgi formu<\/a>Bu \u00fcnvan, bir avukat\u0131n i\u015f hukuku alan\u0131nda uzmanla\u015ft\u0131\u011f\u0131n\u0131 ve ek yeterlilikler kazand\u0131\u011f\u0131n\u0131 d\u0131\u015f d\u00fcnyaya g\u00f6sterir.<\/p>\n\n\n\n<p>Avukatlar\u0131n \u201c\u0130\u015f Hukuku Uzman\u0131 Avukat\u201d unvan\u0131n\u0131 kullanabilmeleri i\u00e7in belirli yasal yeterliliklere sahip olmalar\u0131 gerekmektedir. <strong>Gereksinimler<\/strong> Tam \u00f6zellikler \u015furada yer almaktad\u0131r: <a href=\"https:\/\/www.brak.de\/fileadmin\/02_fuer_anwaelte\/berufsrecht\/fao-stand-01.06.2022.pdf\" target=\"_blank\" rel=\"noreferrer noopener\">\u0130\u015f Hukuku Alan\u0131nda Uzman Avukatlar<\/a> Avukatlar\u0131n prensip olarak a\u015fa\u011f\u0131daki kriterleri kar\u015f\u0131lamalar\u0131 gerekmektedir:<\/p>\n\n\n\n<ul class=\"wp-block-list\">\n<li>Mecbursun <strong>en az 3 y\u0131l avukatl\u0131k<\/strong> onaylanmak.<\/li>\n\n\n\n<li>Ayr\u0131ca \u015funlar\u0131 da yapmal\u0131s\u0131n\u0131z: <strong>\u0130\u015f hukuku alan\u0131nda uzman avukat kursu<\/strong> ba\u015far\u0131yla tamamland\u0131.<\/li>\n\n\n\n<li>Son olarak, belirli bir <strong>Vaka say\u0131s\u0131<\/strong> i\u015f hukukunda.<\/li>\n<\/ul>\n\n\n\n<p>Tam gerekliliklere birazdan de\u011finece\u011fiz. Bu noktada, i\u015f hukuku alan\u0131nda uzman bir avukat olman\u0131n pek \u00e7ok \u015feyi gerektirdi\u011fini s\u00f6yleyebiliriz. Her \u015feyden \u00f6nce, avukatlar\u0131n \u015funlar\u0131 yapmas\u0131 gerekir: <strong>Karar<\/strong> i\u015f hukukunun hukuki \u00e7al\u0131\u015fmalar\u0131nda belirleyici bir rol oynamas\u0131 gerekti\u011fine karar verirler.<\/p>\n\n\n\n<p>Benim a\u00e7\u0131mdan, ben <strong><a href=\"https:\/\/smart-arbeitsrecht.de\/tr\/kanzlei\/\" target=\"_blank\" rel=\"noreferrer noopener\">\u00e7ok erken bir d\u00f6nemde i\u015f hukuku konusunda uzmanla\u015fm\u0131\u015f<\/a><\/strong>Benim i\u00e7in baroya kabul edildikten hemen sonra i\u015f hukuku alan\u0131nda uzmanl\u0131k e\u011fitimini tamamlay\u0131p, \u00fc\u00e7 y\u0131l sonra da i\u015f hukuku alan\u0131nda uzmanl\u0131k avukat\u0131 olarak ba\u015fvuruda bulunmak ka\u00e7\u0131n\u0131lmazd\u0131.<\/p>\n\n\n\n<p>Ancak, &quot;\u0130\u015f Hukuku Uzman\u0131&quot; unvan\u0131 tek ba\u015f\u0131na avukatlar\u0131n yaln\u0131zca bu alanda \u00e7al\u0131\u015fmas\u0131 gerekti\u011fi anlam\u0131na gelmez. Onlar da avukatt\u0131r ve di\u011fer hukuk alanlar\u0131n\u0131 da y\u00f6netebilirler. Hatta baz\u0131 avukatlar\u0131n <strong>birka\u00e7 uzman avukat unvan\u0131<\/strong>.<\/p>\n\n\n\n<p><strong>Benim i\u00e7in s\u00f6z konusu bile olamaz<\/strong>Hukukun di\u011fer alanlar\u0131nda da \u00e7al\u0131\u015fmak istiyorum. \u0130\u015f hukuku alan\u0131nda uzman bir avukat\u0131m ve yaln\u0131zca bu alanda \u00e7al\u0131\u015fmaya karar verdim. \u00c7\u00fcnk\u00fc i\u015f hukuku, <strong>\u00e7ok y\u00f6nl\u00fc<\/strong> Ve <strong>karma\u015f\u0131k<\/strong> Bir avukat olarak beni tatmin etmeye yeter. Ve: En \u00e7ok bundan zevk al\u0131yorum.<\/p>\n\n\n\n<h2 class=\"wp-block-heading\" id=\"wie_fachanwalt_arbeitsrecht\">Bir avukat i\u015f hukuku uzman\u0131 nas\u0131l olur?<\/h2>\n\n\n\n<p>Daha \u00f6nce de belirtildi\u011fi gibi, avukatlar\u0131n belirli \u00f6zelliklere sahip olmas\u0131 gerekir. <strong>Gereksinimler<\/strong> \u0130\u015f hukuku alan\u0131nda uzman avukat olmak i\u00e7in. Avukatlar\u0131n ba\u015fvuruda bulunabilmeleri i\u00e7in en az \u00fc\u00e7 y\u0131ld\u0131r baroya kay\u0131tl\u0131 olmalar\u0131 gerekti\u011fini daha \u00f6nce yazm\u0131\u015ft\u0131m. Ancak, \u00f6nceden gerekli \u015fartlar\u0131 yerine getirebilirler, yani: <strong>teorik k\u0131s\u0131m<\/strong> tam ve gerekli <strong>Vaka say\u0131s\u0131<\/strong> TOPLAMAK.<\/p>\n\n\n\n<h3 class=\"wp-block-heading\">Teorik k\u0131s\u0131m<\/h3>\n\n\n\n<p>\u0130\u015f hukuku alan\u0131nda uzman avukat unvan\u0131n\u0131 elde etmenin \u00f6n ko\u015fulu, bir staj\u0131n ba\u015far\u0131yla tamamlanmas\u0131d\u0131r. <strong>\u0130\u015f hukuku alan\u0131nda uzman avukat kursu<\/strong>Uzman avukatl\u0131k e\u011fitim program\u0131 sunan sertifikal\u0131 sa\u011flay\u0131c\u0131lar mevcut. Ben de tan\u0131nm\u0131\u015f sa\u011flay\u0131c\u0131 DeutscheAnwaltAkademie&#039;yi se\u00e7tim ve birinci s\u0131n\u0131f e\u011fitmenlerden faydaland\u0131m.<\/p>\n\n\n\n<p>\u0130\u015f hukuku alan\u0131nda uzman bir avukat olmak i\u00e7in gereken kurs en az bir dersi i\u00e7ermelidir <strong>120 saatlik s\u00fcre<\/strong> Bu uzman avukat e\u011fitim kursu, i\u015f hukukunun t\u00fcm \u00f6nemli alanlar\u0131nda bilgi sa\u011flamal\u0131d\u0131r. Bunlara \u015funlar dahildir: <strong>Bireysel i\u015f hukuku<\/strong> t\u0131pk\u0131 <strong>Toplu i\u015f hukuku<\/strong> veya <strong>Sosyal g\u00fcvenlik hukuku<\/strong>Verilen bilgi kapsaml\u0131 ve kusursuzdu. En az\u0131ndan benim i\u00e7in \u00f6yleydi.<\/p>\n\n\n\n<p>\u00c7e\u015fitli mod\u00fclleri tamamlad\u0131ktan sonra, i\u015f hukuku alan\u0131nda uzman avukat unvan\u0131na aday olanlar <strong>\u00fc\u00e7 be\u015f saatlik s\u0131nav<\/strong> yaz - ve tabii ki ge\u00e7.<\/p>\n\n\n\n<h3 class=\"wp-block-heading\">Pratik k\u0131s\u0131m<\/h3>\n\n\n\n<p>Uzman avukatl\u0131k e\u011fitimini tamamlaman\u0131n yan\u0131 s\u0131ra, avukatlar ilgili baroya ba\u015fvuruda bulunabilmek i\u00e7in i\u015f hukuku alan\u0131nda gerekli dosyalar\u0131 toplarlar. \u0130\u015f hukuku alan\u0131nda toplam olarak; <strong>100 vaka i\u015flendi<\/strong> \u00e7e\u015fitli b\u00f6lgelerden. <\/p>\n\n\n\n<p>Di\u011fer \u015feylerin yan\u0131 s\u0131ra, ayn\u0131 zamanda gereklidir <strong>Toplu i\u015f hukukundan davalar<\/strong> ve emeklilik hukuku. Bu, baz\u0131 avukatlar i\u00e7in o kadar kolay de\u011fil. Benim i\u00e7in sorun de\u011fildi \u00e7\u00fcnk\u00fc <strong>kolektif hukuki odak<\/strong> Tavsiye ediyorum ve temsil ediyorum <strong>\u0130\u015f konseyleri<\/strong> \u00f6ncelikle hukuk b\u00fcromla. <\/p>\n\n\n\n<p>Ba\u015fvurumu yapt\u0131\u011f\u0131mda 100&#039;den fazla davay\u0131 ele alm\u0131\u015f ve yakla\u015f\u0131k 130 dava sunmu\u015ftum; tedbirli olmakta fayda var.<\/p>\n\n\n\n<h2 class=\"wp-block-heading\" id=\"fachanw\u00e4lte_bessere_arbeitsrechtler\">Uzman avukatlar daha iyi i\u015f hukuku avukatlar\u0131 m\u0131d\u0131r?<\/h2>\n\n\n<div class=\"wp-block-image\">\n<figure class=\"aligncenter size-large\"><img loading=\"lazy\" decoding=\"async\" width=\"1024\" height=\"512\" src=\"https:\/\/smart-arbeitsrecht.de\/wp-content\/uploads\/2023\/02\/Fachanwalt-fuer-Arbeitsrecht-besser-1024x512.jpg\" alt=\"Fachanwalt Arbeitsrecht Vorteile\" class=\"wp-image-6454\" title=\"Uzman i\u015f hukuku avukat\u0131n\u0131n avantajlar\u0131\" srcset=\"https:\/\/smart-arbeitsrecht.de\/wp-content\/uploads\/2023\/02\/Fachanwalt-fuer-Arbeitsrecht-besser-1024x512.jpg 1024w, https:\/\/smart-arbeitsrecht.de\/wp-content\/uploads\/2023\/02\/Fachanwalt-fuer-Arbeitsrecht-besser-300x150.jpg 300w, https:\/\/smart-arbeitsrecht.de\/wp-content\/uploads\/2023\/02\/Fachanwalt-fuer-Arbeitsrecht-besser-768x384.jpg 768w, https:\/\/smart-arbeitsrecht.de\/wp-content\/uploads\/2023\/02\/Fachanwalt-fuer-Arbeitsrecht-besser-1536x768.jpg 1536w, https:\/\/smart-arbeitsrecht.de\/wp-content\/uploads\/2023\/02\/Fachanwalt-fuer-Arbeitsrecht-besser-2048x1024.jpg 2048w\" sizes=\"auto, (max-width: 1024px) 100vw, 1024px\" \/><\/figure><\/div>\n\n\n<p>Art\u0131k &quot;Elbette, uzman i\u015f hukuku avukatlar\u0131 daha iyidir,&quot; diyebilirim, \u00e7\u00fcnk\u00fc ben de bu unvan\u0131 ta\u015f\u0131yorum. Ancak amac\u0131m, bir \u00e7al\u0131\u015fan olarak size m\u00fcmk\u00fcn olan en iyi bilgiyi ve deneyimi sunmakt\u0131r. <strong>\u015feffafl\u0131k<\/strong> O halde, en ba\u015ftan \u015funu a\u00e7\u0131k\u00e7a belirteyim: Birinin i\u015f hukuku uzman\u0131 olmas\u0131, onun i\u015f hukukunda di\u011fer avukatlardan daha iyi oldu\u011fu anlam\u0131na gelmez.<\/p>\n\n\n\n<p>\u0130\u015f hukuku konusunda uzman olmayan, ancak yine de \u00e7al\u0131\u015fanlara i\u015f hukuku konusunda sunabilece\u011fi \u00e7ok \u015fey olan avukatlar tan\u0131yorum. Ancak \u015funu kesinlikle s\u00f6yleyebilirim: E\u011fer biri i\u015f hukuku alan\u0131nda uzman avukat unvan\u0131na sahipse, o zaman <strong>olas\u0131l\u0131k<\/strong> zaten olduk\u00e7a y\u00fcksek bir seviyede <strong>i\u015f hukukuna ger\u00e7ek ilgi<\/strong> ve bu alanda \u00e7ok say\u0131da dava haz\u0131rlam\u0131\u015ft\u0131r.<\/p>\n\n\n\n<p><strong>Ba\u015fka bir deyi\u015fle: <\/strong>B\u00f6yle bir avukat\u0131n muhtemelen \u00e7ok fazla <strong>Deneyim<\/strong> i\u015f hukukunda ve <strong>uzmanla\u015fm\u0131\u015f<\/strong>Bir di\u011fer \u00f6nemli ayr\u0131nt\u0131 ise: \u0130\u015f hukuku alan\u0131nda uzman avukatlar, en az\u0131ndan bir y\u0131l e\u011fitim alm\u0131\u015flarsa bu unvan\u0131 koruyabilirler. <strong>15 saatlik i\u015f hukuku e\u011fitimi<\/strong>Bunu Baro&#039;ya kan\u0131tlamalar\u0131 gerekiyor.<\/p>\n\n\n\n<p>On be\u015f saat \u00e7ok uzun bir s\u00fcre gibi g\u00f6r\u00fcnm\u00fcyor mu? Belki, ama bir avukat\u0131n yo\u011fun kariyerinde \u00e7ok fazla. Bense bu s\u0131n\u0131r\u0131n \u00e7ok \u00f6tesinde bir s\u00fcrekli e\u011fitim al\u0131yorum. <strong>Antrenmanlar\u0131ma g\u00fcnde yakla\u015f\u0131k bir saat ay\u0131r\u0131yorum<\/strong> ve uzman makaleleri okuyorum. Ayr\u0131ca ayda bir kez i\u015f hukuku ve i\u015f anayasas\u0131 hukuku konusunda i\u015f konseylerine e\u011fitim veriyorum.<\/p>\n\n\n\n<p>Neyse konumuza d\u00f6nelim. Bir \u00e7al\u0131\u015fan olarak, &quot;\u0130\u015f Hukuku Uzman\u0131&quot; unvan\u0131n\u0131n bir avukata destek veya kar\u015f\u0131 karar\u0131n\u0131z\u0131 y\u00f6nlendirmesine izin verebilece\u011finize inan\u0131yorum. Ama bu ger\u00e7ekten yeterli mi? Birazdan buna de\u011finece\u011fim.<\/p>\n\n\n\n<h2 class=\"wp-block-heading\" id=\"verlass_auf_fachanwalt_arbeitsrecht\">Bir \u00e7al\u0131\u015fan olarak, kalite g\u00f6stergesi olarak \u00fcnvana g\u00fcvenebilir miyim?<\/h2>\n\n\n<div class=\"wp-block-image\">\n<figure class=\"aligncenter size-large\"><img loading=\"lazy\" decoding=\"async\" width=\"1024\" height=\"512\" src=\"https:\/\/smart-arbeitsrecht.de\/wp-content\/uploads\/2023\/02\/Ist-Verlass-auf-Fachanwalt-fuer-Arbeitsrecht-1024x512.jpg\" alt=\"Fachanwalt Arbeitsrecht Titel\" class=\"wp-image-6455\" title=\"\u0130\u015f hukuku alan\u0131nda uzman avukat unvan\u0131\" srcset=\"https:\/\/smart-arbeitsrecht.de\/wp-content\/uploads\/2023\/02\/Ist-Verlass-auf-Fachanwalt-fuer-Arbeitsrecht-1024x512.jpg 1024w, https:\/\/smart-arbeitsrecht.de\/wp-content\/uploads\/2023\/02\/Ist-Verlass-auf-Fachanwalt-fuer-Arbeitsrecht-300x150.jpg 300w, https:\/\/smart-arbeitsrecht.de\/wp-content\/uploads\/2023\/02\/Ist-Verlass-auf-Fachanwalt-fuer-Arbeitsrecht-768x384.jpg 768w, https:\/\/smart-arbeitsrecht.de\/wp-content\/uploads\/2023\/02\/Ist-Verlass-auf-Fachanwalt-fuer-Arbeitsrecht-1536x768.jpg 1536w, https:\/\/smart-arbeitsrecht.de\/wp-content\/uploads\/2023\/02\/Ist-Verlass-auf-Fachanwalt-fuer-Arbeitsrecht-2048x1024.jpg 2048w\" sizes=\"auto, (max-width: 1024px) 100vw, 1024px\" \/><\/figure><\/div>\n\n\n<p>\u0130\u015f hukuku avukat\u0131 arayan bir \u00e7al\u0131\u015fan olarak (<a href=\"\/tr\/\" target=\"_blank\" rel=\"noreferrer noopener\">Bu arada, birini tan\u0131yorum<\/a> \ud83d\ude09), bir zorlukla kar\u015f\u0131 kar\u015f\u0131yas\u0131n\u0131z. Hangi avukat\u0131n iyi oldu\u011funu bilmiyorsunuz ve bu konuda size yard\u0131mc\u0131 olabilecek kriterleri de bilmiyorsunuz. Ancak bir avukat\u0131n &quot;\u0130\u015f Hukuku Uzman\u0131&quot; unvan\u0131 varsa, \u00e7al\u0131\u015fanlar buna g\u00fcvenebilir, de\u011fil mi?<\/p>\n\n\n\n<p><strong>Ben derim ki:<\/strong> Evet ve hay\u0131r. B\u00f6yle bir unvana sahip bir avukat, <strong>engin<\/strong> i\u015f hukuku ve <strong>\u00e7ok say\u0131da dava i\u015flendi<\/strong> Ve prensip olarak, daha fazla vaka daha fazla deneyim ve rutin anlam\u0131na gelir. Bir bak\u0131ma, ba\u015fl\u0131k kesinlikle bir <strong>Kaliteli vekil<\/strong>.<\/p>\n\n\n\n<p>\u00d6te yandan, bu her a\u00e7\u0131dan do\u011fru olmayabilir. Bir avukat\u0131n unvan\u0131 &quot;kapmas\u0131&quot;, s\u0131cak tutmas\u0131, ancak asl\u0131nda \u00f6rne\u011fin \u00f6ncelikle kira hukuku davalar\u0131yla ilgilenmesi kesinlikle m\u00fcmk\u00fcn. Ayr\u0131ca noter olarak \u00e7al\u0131\u015fan ve a\u011f\u0131rl\u0131kl\u0131 olarak noterlik hizmetleri veren avukatlar da tan\u0131yorum.<\/p>\n\n\n\n<p>Dolay\u0131s\u0131yla ben bir \u00e7al\u0131\u015fan olsayd\u0131m, sadece unvana g\u00fcvenmezdim. <strong>Daha hedefli<\/strong> Bir avukat veya hukuk b\u00fcrosuyla ileti\u015fime ge\u00e7mek en iyisi olabilir. <strong>sadece i\u015f hukuku<\/strong> Bu, iyi ellerde oldu\u011funuzun iyi bir g\u00f6stergesi. <\/p>\n\n\n\n<p>Dedi\u011fim gibi, <strong>\u0130\u015f hukuku kendi ba\u015f\u0131na bir evrendir<\/strong>, i\u00e7tihatlardan b\u00fcy\u00fck \u00f6l\u00e7\u00fcde etkilenir. \u0130yi bir genel bak\u0131\u015fa sahip olmak ve bulmacan\u0131n par\u00e7alar\u0131n\u0131 bilmek, <strong>\u00e7ok yo\u011fun s\u00fcrekli kat\u0131l\u0131m<\/strong> Hukukun bu son derece dinamik alan\u0131yla. Emeklilik, i\u015f hukuku ile avukatlar\u0131 ay\u0131rana kadar -ya da ay\u0131rmayana kadar.<\/p>\n\n\n\n<p><strong>Benim ki\u015fisel g\u00f6r\u00fc\u015f\u00fcm<\/strong> \u0130\u015f hukukunun bir avukat\u0131 tam anlam\u0131yla tatmin etmesidir. En az\u0131ndan ama\u00e7 m\u00fcvekkillere s\u00fcrekli olarak y\u00fcksek kaliteli i\u015fler sunmak oldu\u011funda. \u0130ster i\u015fverenleri, ister \u00e7al\u0131\u015fanlar\u0131 veya i\u015f konseylerini temsil ediyor olsunlar. Ancak, dengeyi iyi kuran ve \u00e7ok yetenekli avukatlar da olabilir. Kendim ve i\u015f hukuku becerilerim \u00fczerinde s\u0131k\u0131 \u00e7al\u0131\u015fmay\u0131 ve s\u00fcrekli e\u011fitim almay\u0131 tercih ederim.<\/p>\n\n\n\n<div class=\"wp-block-columns cta-2 is-layout-flex wp-container-core-columns-is-layout-9d6595d7 wp-block-columns-is-layout-flex\">\n<div class=\"wp-block-column is-vertically-aligned-center is-layout-flow wp-block-column-is-layout-flow\" style=\"flex-basis:40%\">\n<figure class=\"wp-block-image size-full\"><img loading=\"lazy\" decoding=\"async\" width=\"1700\" height=\"1275\" src=\"https:\/\/smart-arbeitsrecht.de\/wp-content\/uploads\/2023\/04\/Raphael_Lugowski_Schreibtisch_abstuetzend.webp\" alt=\"Raphael_Lugowski_Schreibtisch\" class=\"wp-image-6862\" srcset=\"https:\/\/smart-arbeitsrecht.de\/wp-content\/uploads\/2023\/04\/Raphael_Lugowski_Schreibtisch_abstuetzend.webp 1700w, https:\/\/smart-arbeitsrecht.de\/wp-content\/uploads\/2023\/04\/Raphael_Lugowski_Schreibtisch_abstuetzend-300x225.webp 300w, https:\/\/smart-arbeitsrecht.de\/wp-content\/uploads\/2023\/04\/Raphael_Lugowski_Schreibtisch_abstuetzend-1024x768.webp 1024w, https:\/\/smart-arbeitsrecht.de\/wp-content\/uploads\/2023\/04\/Raphael_Lugowski_Schreibtisch_abstuetzend-768x576.webp 768w, https:\/\/smart-arbeitsrecht.de\/wp-content\/uploads\/2023\/04\/Raphael_Lugowski_Schreibtisch_abstuetzend-1536x1152.webp 1536w\" sizes=\"auto, (max-width: 1700px) 100vw, 1700px\" \/><\/figure>\n<\/div>\n\n\n\n<div class=\"wp-block-column is-vertically-aligned-center is-layout-flow wp-block-column-is-layout-flow\" style=\"flex-basis:50%\">\n<p class=\"has-text-align-left has-medium-font-size\"><strong>\u0130\u015f hukuku konusunda uzman bir avukat m\u0131 ar\u0131yorsunuz?<\/strong><\/p>\n\n\n\n<p>Raphael Lugowski, i\u015f hukuku alan\u0131nda uzmand\u0131r ve \u00fclke genelindeki \u00e7al\u0131\u015fanlara yetkin ve kararl\u0131 bir \u015fekilde, sizin i\u00e7in m\u00fcmk\u00fcn olan en iyi sonucu elde etme hedefiyle destek vermektedir. \u0130ster fesih, ister k\u0131dem tazminat\u0131, ister fesih s\u00f6zle\u015fmesi olsun: uzmanl\u0131\u011f\u0131ndan ve y\u0131llar\u0131n deneyiminden faydalanacaks\u0131n\u0131z.<\/p>\n\n\n\n<div class=\"buttons-block flex flex-wrap justify-center mt-12\"> <a class=\"btn-cta mr-0 sm:mr-3 text-dark\" href=\"tel:+4940524717830\"> <i class=\"fa fa-phone mr-2\"><\/i> Hemen aray\u0131n <\/a> <a class=\"btn-cta mr-0 sm:mr-3 text-dark\" href=\"\/tr\/kontakt\/\"> <i class=\"fa fa-envelope mr-2\"><\/i> \u00dccretsiz ilk de\u011ferlendirme<\/a><\/div>\n<\/div>\n<\/div>\n\n\n\n<h2 class=\"wp-block-heading\" id=\"\u00fcberblick_arbeitsrecht_fachanwalt\">Uzman avukatlar i\u015f hukukunun t\u00fcm y\u00f6nlerine hakim midir?<\/h2>\n\n\n\n<p>\u0130\u015f hukuku, hukukun geni\u015f bir alan\u0131d\u0131r. Bir\u00e7ok y\u00f6n\u00fc vard\u0131r ve uzman bir i\u015f hukuku avukat\u0131n\u0131n i\u015f hukukunun her alan\u0131nda g\u00fcvenle hareket edebilece\u011finden \u015f\u00fcpheliyim. Avukatlar, tekrar tekrar ortaya \u00e7\u0131kan ve belirli bir deneyim birikiminin geli\u015ftirilebilece\u011fi belirli dava senaryolar\u0131yla kar\u015f\u0131la\u015f\u0131rlar. Sonra... <strong>atipik tak\u0131my\u0131ld\u0131zlar<\/strong>Deneyimli bir i\u015f hukuku avukat\u0131n\u0131n bile yolunu bulmas\u0131 gereken bir konu. Ayr\u0131ca, bir i\u015f hukuku avukat\u0131n\u0131n daha az a\u015fina olabilece\u011fi i\u015f hukuku alanlar\u0131 da var.<\/p>\n\n\n\n<p>\u00d6rne\u011fin benim i\u00e7in, esas olarak durum \u015fudur: <strong>\u00c7al\u0131\u015fanlar ve i\u015f\u00e7i konseyleri<\/strong> Alan\u0131mda derinlemesine bilgi ve deneyime sahibim <strong><a href=\"https:\/\/smart-arbeitsrecht.de\/tr\/anwalt-kuendigung-arbeitsrecht\/\">Fesih<\/a>, <a href=\"https:\/\/smart-arbeitsrecht.de\/tr\/anwalt-aufhebungsvertrag\/\">Fesih s\u00f6zle\u015fmeleri<\/a> ve \u00fccretlendirme<\/strong>Toplu i\u015f hukuku, i\u015f\u00e7i konseyleri i\u00e7in end\u00fcstriyel anayasa yasas\u0131 s\u00f6z konusu oldu\u011funda kimse beni bu kadar kolay kand\u0131ramaz. <\/p>\n\n\n\n<p>\u00d6te yandan, \u00f6rne\u011fin mesleki emeklilik hukukundan uzak duruyorum. Uzmanl\u0131k alan\u0131m de\u011fil; pek ilgimi \u00e7ekmiyor. Ayn\u0131 zamanda, do\u011fal olarak bir avukat olmaya \u00e7al\u0131\u015f\u0131yorum. <strong>m\u00fcmk\u00fcn oldu\u011funca kapsaml\u0131 bilgi<\/strong> kurmak istiyorum ve yeni olan her \u015feye kar\u015f\u0131 \u00e7ok ilgim var.<\/p>\n\n\n\n<p>\u0130\u015f hukukunda, m\u00fcvekkillerin ilerlemesi ve \u00e7ok \u015fey ba\u015farmas\u0131 i\u00e7in, sonunda &quot;Bununla ilgili bir \u015fey duydum&quot; veya &quot;Bununla ilgili bir karar vard\u0131&quot; diyebilmek iyi bir temeldir.<\/p>\n\n\n\n<h2 class=\"wp-block-heading\" id=\"was_macht_guten_fachanwalt_aus\">\u0130yi bir i\u015f hukuku uzman\u0131n\u0131 ne olu\u015fturur?<\/h2>\n\n\n<div class=\"wp-block-image\">\n<figure class=\"aligncenter size-large\"><img loading=\"lazy\" decoding=\"async\" width=\"1024\" height=\"512\" src=\"https:\/\/smart-arbeitsrecht.de\/wp-content\/uploads\/2023\/02\/Was-zeichnet-einen-guten-Fachanwalt-fuer-Arbeitsrecht-aus-1024x512.jpg\" alt=\"Fachanwalt Arbeitsrecht Eigenschaften\" class=\"wp-image-6456\" title=\"\u0130\u015f hukuku konusunda uzman avukat \u00f6zellikleri\" srcset=\"https:\/\/smart-arbeitsrecht.de\/wp-content\/uploads\/2023\/02\/Was-zeichnet-einen-guten-Fachanwalt-fuer-Arbeitsrecht-aus-1024x512.jpg 1024w, https:\/\/smart-arbeitsrecht.de\/wp-content\/uploads\/2023\/02\/Was-zeichnet-einen-guten-Fachanwalt-fuer-Arbeitsrecht-aus-300x150.jpg 300w, https:\/\/smart-arbeitsrecht.de\/wp-content\/uploads\/2023\/02\/Was-zeichnet-einen-guten-Fachanwalt-fuer-Arbeitsrecht-aus-768x384.jpg 768w, https:\/\/smart-arbeitsrecht.de\/wp-content\/uploads\/2023\/02\/Was-zeichnet-einen-guten-Fachanwalt-fuer-Arbeitsrecht-aus-1536x768.jpg 1536w, https:\/\/smart-arbeitsrecht.de\/wp-content\/uploads\/2023\/02\/Was-zeichnet-einen-guten-Fachanwalt-fuer-Arbeitsrecht-aus-2048x1024.jpg 2048w\" sizes=\"auto, (max-width: 1024px) 100vw, 1024px\" \/><\/figure><\/div>\n\n\n<p>Bana g\u00f6re, iyi bir i\u015f hukuku uzman\u0131n\u0131 olu\u015fturan \u015fey, her iyi avukat\u0131 olu\u015fturan \u015feydir. Elbette, avukat\u0131n... <strong>i\u015f hukukuna b\u00fcy\u00fck ilgi duyuyorlar<\/strong>O bir tane olmal\u0131 <strong>i\u015f hukuku konusunda zengin bilgi<\/strong> ve g\u00fcncel tutun. Ayr\u0131ca, <strong>g\u00fcnl\u00fck hukuk uygulamas\u0131 <\/strong>M\u00fcvekkillerimize i\u015f hukuku konusunda her g\u00fcn dan\u0131\u015fmanl\u0131k ve temsil hizmeti veriyoruz.<\/p>\n\n\n\n<p>Bu, uzman istihdam avukat\u0131na bir <strong>iyi profesyonel temel<\/strong> yarat\u0131ld\u0131. Ancak iyi bir avukat olman\u0131n \u00e7ok daha fazlas\u0131 var. Bir avukat\u0131n uzmanl\u0131\u011f\u0131 tek ba\u015f\u0131na ancak bir yere kadar i\u015fe yarar; daha do\u011frusu, m\u00fcvekkilini yaln\u0131zca k\u0131smen ba\u015far\u0131ya g\u00f6t\u00fcr\u00fcr. \u00d6zellikle kar\u015f\u0131 tarafla yap\u0131lan m\u00fczakerelerde veya mahkemede, genellikle olduk\u00e7a dinamik durumlar ya\u015fan\u0131r. <strong>\u0130leti\u015fim ve m\u00fczakere psikolojisi s\u00fcre\u00e7leri<\/strong> Avukat fark\u0131nda de\u011filse ve fark\u0131nda de\u011filse, bilin\u00e7alt\u0131nda ortaya \u00e7\u0131kabilir. Bu nedenle, uzman bir i\u015f hukuku avukat\u0131n\u0131n ileti\u015fim ve m\u00fczakere psikolojisi konusunda da bilgi sahibi olmas\u0131 \u00f6nemlidir.<\/p>\n\n\n\n<p>Deneyimlerime g\u00f6re, m\u00fc\u015fteriler de olduk\u00e7a hakl\u0131 olarak bir <strong>iyi hizmet odakl\u0131l\u0131k<\/strong> Avukat\u0131n. \u00c7al\u0131\u015fanlar, iyi bir i\u015f hukuku avukat\u0131n\u0131n kendilerine istedikleri alan\u0131 vermesini bekler. Bu, \u00e7al\u0131\u015fanlara <strong>Davay\u0131 sakin bir \u015fekilde anlatmak i\u00e7in<\/strong> ve onlar\u0131n <strong>ilgi alanlar\u0131n\u0131 iletmek<\/strong>\u00c7al\u0131\u015fanlar, avukat\u0131n \u00e7al\u0131\u015fmalar\u0131 ve davan\u0131n durumu hakk\u0131nda bilgilendirilmek ister. Bu nedenle, iyi bir avukat, m\u00fcvekkil beklentilerini kar\u015f\u0131lamaya y\u00f6nelik t\u00fcm \u00f6zelliklere sahip olmal\u0131d\u0131r.<\/p>\n\n\n\n<p>\u00d6zellikle son noktada, m\u00fc\u015fterilerimle yapt\u0131\u011f\u0131m g\u00f6r\u00fc\u015fmelerde defalarca deneyimledi\u011fim gibi, bazen \u00f6nemli farkl\u0131l\u0131klar olabiliyor. Benim a\u00e7\u0131mdan, m\u00fc\u015fterilerime destek olmak ve onlar\u0131 g\u00fcncel tutmak \u00e7ok \u00f6nemli. Daha da \u00f6nemlisi, <strong>onlara ve onlar\u0131n ger\u00e7ek \u00e7\u0131karlar\u0131na<\/strong> \u2013 \u00e7\u00fcnk\u00fc ancak \u00e7\u0131karlar masaya yat\u0131r\u0131ld\u0131\u011f\u0131nda, bir avukat olarak davay\u0131 hangi y\u00f6ne y\u00f6nlendirmem gerekti\u011fini biliyorum. <\/p>\n\n\n\n<p>Ayr\u0131ca, \u00e7\u0131karlar\u0131n de\u011fi\u015febilece\u011finin her zaman fark\u0131nday\u0131m. <strong>yeni geli\u015fmeler<\/strong> verebilir. Bu y\u00fczden sadece bir kez konu\u015fmak de\u011fil, konu\u015fmay\u0131 birka\u00e7 kez denemek \u00f6nemlidir. Bu zaman al\u0131r, ama bence buna de\u011fer. Elbette bir s\u0131n\u0131r var; g\u00fcnde be\u015f g\u00f6r\u00fc\u015fme \u00e7ok fazla. Ama iyi bir avukat\u0131 di\u011ferlerinden ay\u0131ran da budur: \u00d6nemli hukuki meselelerin dikkatlice ele al\u0131nabilmesi i\u00e7in s\u0131n\u0131rlar koymak.<\/p>\n\n\n\n<h2 class=\"wp-block-heading\" id=\"wo_fachanwalt_arbeitsrecht\">Uzman i\u015f hukuku avukatlar\u0131n\u0131 nerede bulabilirim?<\/h2>\n\n\n\n<p>\u0130\u015f hukuku konusunda uzman bir avukat bulmak zor de\u011fildir. <strong>ilgili internet aramas\u0131<\/strong> Size say\u0131s\u0131z sonu\u00e7 getirecek. Sonras\u0131nda se\u00e7im yapmakta zorlanacaks\u0131n\u0131z: Hangi uzman avukat\u0131 se\u00e7melisiniz? Karar verme s\u00fcrecinizde size yard\u0131mc\u0131 olabilecek baz\u0131 noktalar\u0131 zaten \u00f6zetledim. Bir hukuk firmas\u0131yla ilgileniyorsan\u0131z, telefonu a\u00e7\u0131p bir avukat isteyin. <strong>avukatla k\u0131sa bir sohbet<\/strong>Se\u00e7ti\u011finizi hemen g\u00f6receksiniz. <strong>insan ve profesyonel<\/strong> uyuyor.<\/p>\n\n\n\n<p>\u0130lgili arama portallar\u0131nda \u00f6rne\u011fin <a href=\"http:\/\/www.anwalt.de\" target=\"_blank\" rel=\"noreferrer noopener\">anwalt.de<\/a> Hedefli bir \u015fekilde avukatlar\u0131 arayabilir ve bir avukat bulabilirsiniz. <strong>adaylar\u0131n yo\u011funla\u015ft\u0131r\u0131lm\u0131\u015f se\u00e7imi<\/strong>Se\u00e7iminizi yapman\u0131za yard\u0131mc\u0131 olmas\u0131 i\u00e7in genellikle bireysel avukatlar\u0131n yorumlar\u0131n\u0131 da bulacaks\u0131n\u0131z.<\/p>\n\n\n\n<p>Aksi takdirde, elbette, sizin <strong>Aile ve arkada\u015flar<\/strong> \u0130\u015f hukuku alan\u0131nda iyi bir uzman bulma konusunda de\u011ferli bir kaynak. \u00d6rne\u011fin, bir avukat bir arkada\u015f\u0131 i\u00e7in \u00e7ok iyi bir sonu\u00e7 elde etmi\u015f ve \u00f6vg\u00fcler ya\u011fd\u0131r\u0131yorsa, bu, uzman\u0131n i\u015finin kalitesinin iyi bir g\u00f6stergesidir.<\/p>","protected":false},"excerpt":{"rendered":"<p>\u00c7al\u0131\u015fanlar i\u015f hukukuyla ilgili bir sorunla kar\u015f\u0131la\u015ft\u0131klar\u0131nda, hemen \u015fu tavsiyede bulunulur: Uzman bir i\u015f hukuku avukat\u0131na dan\u0131\u015f\u0131n. B\u00f6yle bir avukat...<\/p>","protected":false},"author":1,"featured_media":6453,"parent":0,"menu_order":0,"comment_status":"closed","ping_status":"closed","template":"","meta":{"footnotes":""},"class_list":["post-6462","page","type-page","status-publish","has-post-thumbnail","hentry"],"acf":[],"yoast_head":"<!-- This site is optimized with the Yoast SEO plugin v26.5 - https:\/\/yoast.com\/wordpress\/plugins\/seo\/ -->\n<title>Fachanwalt f\u00fcr Arbeitsrecht - Vorteile f\u00fcr Arbeitnehmer<\/title>\n<meta name=\"description\" content=\"Ein Fachanwalt f\u00fcr Arbeitsrecht kann bei einem arbeitsrechtlichen Thema weiterhelfen - ich zeige Dir die Vorteile des Fachanwalts auf.\" \/>\n<meta name=\"robots\" content=\"index, follow, max-snippet:-1, max-image-preview:large, max-video-preview:-1\" \/>\n<link rel=\"canonical\" href=\"https:\/\/smart-arbeitsrecht.de\/tr\/fachanwalt-fuer-arbeitsrecht-vorteile-fuer-arbeitnehmer\/\" \/>\n<meta property=\"og:locale\" content=\"tr_TR\" \/>\n<meta property=\"og:type\" content=\"article\" \/>\n<meta property=\"og:title\" content=\"Fachanwalt f\u00fcr Arbeitsrecht - Vorteile f\u00fcr Arbeitnehmer\" \/>\n<meta property=\"og:description\" content=\"Ein Fachanwalt f\u00fcr Arbeitsrecht kann bei einem arbeitsrechtlichen Thema weiterhelfen - ich zeige Dir die Vorteile des Fachanwalts auf.\" \/>\n<meta property=\"og:url\" content=\"https:\/\/smart-arbeitsrecht.de\/tr\/fachanwalt-fuer-arbeitsrecht-vorteile-fuer-arbeitnehmer\/\" \/>\n<meta property=\"og:site_name\" content=\"Smart-Arbeitsrecht\" \/>\n<meta property=\"article:modified_time\" content=\"2025-07-04T08:55:30+00:00\" \/>\n<meta property=\"og:image\" content=\"https:\/\/smart-arbeitsrecht.de\/wp-content\/uploads\/2023\/02\/Fachanwalt-Arbeitsrecht-Hamburg-1.jpg\" \/>\n\t<meta property=\"og:image:width\" content=\"2312\" \/>\n\t<meta property=\"og:image:height\" content=\"1156\" \/>\n\t<meta property=\"og:image:type\" content=\"image\/jpeg\" \/>\n<meta name=\"twitter:card\" content=\"summary_large_image\" \/>\n<meta name=\"twitter:label1\" content=\"Tahmini okuma s\u00fcresi\" \/>\n\t<meta name=\"twitter:data1\" content=\"14 dakika\" \/>\n<script type=\"application\/ld+json\" class=\"yoast-schema-graph\">{\"@context\":\"https:\/\/schema.org\",\"@graph\":[{\"@type\":\"WebPage\",\"@id\":\"https:\/\/smart-arbeitsrecht.de\/fachanwalt-fuer-arbeitsrecht-vorteile-fuer-arbeitnehmer\/\",\"url\":\"https:\/\/smart-arbeitsrecht.de\/fachanwalt-fuer-arbeitsrecht-vorteile-fuer-arbeitnehmer\/\",\"name\":\"Fachanwalt f\u00fcr Arbeitsrecht - Vorteile f\u00fcr Arbeitnehmer\",\"isPartOf\":{\"@id\":\"https:\/\/smart-arbeitsrecht.de\/#website\"},\"primaryImageOfPage\":{\"@id\":\"https:\/\/smart-arbeitsrecht.de\/fachanwalt-fuer-arbeitsrecht-vorteile-fuer-arbeitnehmer\/#primaryimage\"},\"image\":{\"@id\":\"https:\/\/smart-arbeitsrecht.de\/fachanwalt-fuer-arbeitsrecht-vorteile-fuer-arbeitnehmer\/#primaryimage\"},\"thumbnailUrl\":\"https:\/\/smart-arbeitsrecht.de\/wp-content\/uploads\/2023\/02\/Fachanwalt-Arbeitsrecht-Hamburg-1.jpg\",\"description\":\"Ein Fachanwalt f\u00fcr Arbeitsrecht kann bei einem arbeitsrechtlichen Thema weiterhelfen - ich zeige Dir die Vorteile des Fachanwalts auf.\",\"breadcrumb\":{\"@id\":\"https:\/\/smart-arbeitsrecht.de\/fachanwalt-fuer-arbeitsrecht-vorteile-fuer-arbeitnehmer\/#breadcrumb\"},\"inLanguage\":\"tr\",\"potentialAction\":[{\"@type\":\"ReadAction\",\"target\":[\"https:\/\/smart-arbeitsrecht.de\/fachanwalt-fuer-arbeitsrecht-vorteile-fuer-arbeitnehmer\/\"]}]},{\"@type\":\"ImageObject\",\"inLanguage\":\"tr\",\"@id\":\"https:\/\/smart-arbeitsrecht.de\/fachanwalt-fuer-arbeitsrecht-vorteile-fuer-arbeitnehmer\/#primaryimage\",\"url\":\"https:\/\/smart-arbeitsrecht.de\/wp-content\/uploads\/2023\/02\/Fachanwalt-Arbeitsrecht-Hamburg-1.jpg\",\"contentUrl\":\"https:\/\/smart-arbeitsrecht.de\/wp-content\/uploads\/2023\/02\/Fachanwalt-Arbeitsrecht-Hamburg-1.jpg\",\"width\":2312,\"height\":1156,\"caption\":\"Fachanwalt Arbeitsrecht Vorteile\"},{\"@type\":\"BreadcrumbList\",\"@id\":\"https:\/\/smart-arbeitsrecht.de\/fachanwalt-fuer-arbeitsrecht-vorteile-fuer-arbeitnehmer\/#breadcrumb\",\"itemListElement\":[{\"@type\":\"ListItem\",\"position\":1,\"name\":\"Startseite\",\"item\":\"https:\/\/smart-arbeitsrecht.de\/\"},{\"@type\":\"ListItem\",\"position\":2,\"name\":\"Fachanwalt f\u00fcr Arbeitsrecht &#8211; Das sind die Vorteile f\u00fcr Arbeitnehmer\"}]},{\"@type\":\"WebSite\",\"@id\":\"https:\/\/smart-arbeitsrecht.de\/#website\",\"url\":\"https:\/\/smart-arbeitsrecht.de\/\",\"name\":\"Smart-Arbeitsrecht\",\"description\":\"Kanzlei f\u00fcr Arbeitsrecht\",\"potentialAction\":[{\"@type\":\"SearchAction\",\"target\":{\"@type\":\"EntryPoint\",\"urlTemplate\":\"https:\/\/smart-arbeitsrecht.de\/?s={search_term_string}\"},\"query-input\":{\"@type\":\"PropertyValueSpecification\",\"valueRequired\":true,\"valueName\":\"search_term_string\"}}],\"inLanguage\":\"tr\"}]}<\/script>\n<!-- \/ Yoast SEO plugin. -->","yoast_head_json":{"title":"\u0130\u015f hukuku konusunda uzman avukat - \u00e7al\u0131\u015fanlar i\u00e7in avantajlar","description":"Uzman bir i\u015f hukuku avukat\u0131, i\u015f hukuku ile ilgili her t\u00fcrl\u00fc konuda size yard\u0131mc\u0131 olabilir. Size uzman bir avukat\u0131n avantajlar\u0131n\u0131 g\u00f6sterece\u011fim.","robots":{"index":"index","follow":"follow","max-snippet":"max-snippet:-1","max-image-preview":"max-image-preview:large","max-video-preview":"max-video-preview:-1"},"canonical":"https:\/\/smart-arbeitsrecht.de\/tr\/fachanwalt-fuer-arbeitsrecht-vorteile-fuer-arbeitnehmer\/","og_locale":"tr_TR","og_type":"article","og_title":"Fachanwalt f\u00fcr Arbeitsrecht - Vorteile f\u00fcr Arbeitnehmer","og_description":"Ein Fachanwalt f\u00fcr Arbeitsrecht kann bei einem arbeitsrechtlichen Thema weiterhelfen - ich zeige Dir die Vorteile des Fachanwalts auf.","og_url":"https:\/\/smart-arbeitsrecht.de\/tr\/fachanwalt-fuer-arbeitsrecht-vorteile-fuer-arbeitnehmer\/","og_site_name":"Smart-Arbeitsrecht","article_modified_time":"2025-07-04T08:55:30+00:00","og_image":[{"width":2312,"height":1156,"url":"https:\/\/smart-arbeitsrecht.de\/wp-content\/uploads\/2023\/02\/Fachanwalt-Arbeitsrecht-Hamburg-1.jpg","type":"image\/jpeg"}],"twitter_card":"summary_large_image","twitter_misc":{"Tahmini okuma s\u00fcresi":"14 dakika"},"schema":{"@context":"https:\/\/schema.org","@graph":[{"@type":"WebPage","@id":"https:\/\/smart-arbeitsrecht.de\/fachanwalt-fuer-arbeitsrecht-vorteile-fuer-arbeitnehmer\/","url":"https:\/\/smart-arbeitsrecht.de\/fachanwalt-fuer-arbeitsrecht-vorteile-fuer-arbeitnehmer\/","name":"\u0130\u015f hukuku konusunda uzman avukat - \u00e7al\u0131\u015fanlar i\u00e7in avantajlar","isPartOf":{"@id":"https:\/\/smart-arbeitsrecht.de\/#website"},"primaryImageOfPage":{"@id":"https:\/\/smart-arbeitsrecht.de\/fachanwalt-fuer-arbeitsrecht-vorteile-fuer-arbeitnehmer\/#primaryimage"},"image":{"@id":"https:\/\/smart-arbeitsrecht.de\/fachanwalt-fuer-arbeitsrecht-vorteile-fuer-arbeitnehmer\/#primaryimage"},"thumbnailUrl":"https:\/\/smart-arbeitsrecht.de\/wp-content\/uploads\/2023\/02\/Fachanwalt-Arbeitsrecht-Hamburg-1.jpg","description":"Uzman bir i\u015f hukuku avukat\u0131, i\u015f hukuku ile ilgili her t\u00fcrl\u00fc konuda size yard\u0131mc\u0131 olabilir. Size uzman bir avukat\u0131n avantajlar\u0131n\u0131 g\u00f6sterece\u011fim.","breadcrumb":{"@id":"https:\/\/smart-arbeitsrecht.de\/fachanwalt-fuer-arbeitsrecht-vorteile-fuer-arbeitnehmer\/#breadcrumb"},"inLanguage":"tr","potentialAction":[{"@type":"ReadAction","target":["https:\/\/smart-arbeitsrecht.de\/fachanwalt-fuer-arbeitsrecht-vorteile-fuer-arbeitnehmer\/"]}]},{"@type":"ImageObject","inLanguage":"tr","@id":"https:\/\/smart-arbeitsrecht.de\/fachanwalt-fuer-arbeitsrecht-vorteile-fuer-arbeitnehmer\/#primaryimage","url":"https:\/\/smart-arbeitsrecht.de\/wp-content\/uploads\/2023\/02\/Fachanwalt-Arbeitsrecht-Hamburg-1.jpg","contentUrl":"https:\/\/smart-arbeitsrecht.de\/wp-content\/uploads\/2023\/02\/Fachanwalt-Arbeitsrecht-Hamburg-1.jpg","width":2312,"height":1156,"caption":"Fachanwalt Arbeitsrecht Vorteile"},{"@type":"BreadcrumbList","@id":"https:\/\/smart-arbeitsrecht.de\/fachanwalt-fuer-arbeitsrecht-vorteile-fuer-arbeitnehmer\/#breadcrumb","itemListElement":[{"@type":"ListItem","position":1,"name":"Startseite","item":"https:\/\/smart-arbeitsrecht.de\/"},{"@type":"ListItem","position":2,"name":"Fachanwalt f\u00fcr Arbeitsrecht &#8211; Das sind die Vorteile f\u00fcr Arbeitnehmer"}]},{"@type":"WebSite","@id":"https:\/\/smart-arbeitsrecht.de\/#website","url":"https:\/\/smart-arbeitsrecht.de\/","name":"Ak\u0131ll\u0131 i\u015f hukuku","description":"\u0130\u015f hukuku firmas\u0131","potentialAction":[{"@type":"SearchAction","target":{"@type":"EntryPoint","urlTemplate":"https:\/\/smart-arbeitsrecht.de\/?s={search_term_string}"},"query-input":{"@type":"PropertyValueSpecification","valueRequired":true,"valueName":"search_term_string"}}],"inLanguage":"tr"}]}},"_links":{"self":[{"href":"https:\/\/smart-arbeitsrecht.de\/tr\/wp-json\/wp\/v2\/pages\/6462","targetHints":{"allow":["GET"]}}],"collection":[{"href":"https:\/\/smart-arbeitsrecht.de\/tr\/wp-json\/wp\/v2\/pages"}],"about":[{"href":"https:\/\/smart-arbeitsrecht.de\/tr\/wp-json\/wp\/v2\/types\/page"}],"author":[{"embeddable":true,"href":"https:\/\/smart-arbeitsrecht.de\/tr\/wp-json\/wp\/v2\/users\/1"}],"replies":[{"embeddable":true,"href":"https:\/\/smart-arbeitsrecht.de\/tr\/wp-json\/wp\/v2\/comments?post=6462"}],"version-history":[{"count":5,"href":"https:\/\/smart-arbeitsrecht.de\/tr\/wp-json\/wp\/v2\/pages\/6462\/revisions"}],"predecessor-version":[{"id":9574,"href":"https:\/\/smart-arbeitsrecht.de\/tr\/wp-json\/wp\/v2\/pages\/6462\/revisions\/9574"}],"wp:featuredmedia":[{"embeddable":true,"href":"https:\/\/smart-arbeitsrecht.de\/tr\/wp-json\/wp\/v2\/media\/6453"}],"wp:attachment":[{"href":"https:\/\/smart-arbeitsrecht.de\/tr\/wp-json\/wp\/v2\/media?parent=6462"}],"curies":[{"name":"wp","href":"https:\/\/api.w.org\/{rel}","templated":true}]}}