{"id":6553,"date":"2023-04-12T08:52:14","date_gmt":"2023-04-12T06:52:14","guid":{"rendered":"https:\/\/smart-arbeitsrecht.de\/?page_id=6553"},"modified":"2025-07-02T11:56:03","modified_gmt":"2025-07-02T09:56:03","slug":"abfindung-bei-kuendigung","status":"publish","type":"page","link":"https:\/\/smart-arbeitsrecht.de\/tr\/abfindung-bei-kuendigung\/","title":{"rendered":"Fesih halinde k\u0131dem tazminat\u0131 \u2013 bilmeniz gereken her \u015fey"},"content":{"rendered":"<p>The <strong>Fesih halinde k\u0131dem tazminat\u0131<\/strong> Bir\u00e7ok \u00e7al\u0131\u015fan i\u00e7in i\u015fverenlerinden k\u0131dem tazminat\u0131 almak ka\u00e7\u0131n\u0131lmazd\u0131r. Ancak bu genellikle yanl\u0131\u015f bir kan\u0131d\u0131r, \u00e7\u00fcnk\u00fc Alman yasalar\u0131na g\u00f6re i\u015fverenlerin her zaman uymakla y\u00fck\u00fcml\u00fc oldu\u011fu yasal bir hak yoktur. Bu durum \u00e7al\u0131\u015fanlar i\u00e7in \u015fok edici olabilir. Ancak bu, \u00e7al\u0131\u015fanlar\u0131n i\u015fverenleri taraf\u0131ndan i\u015ften \u00e7\u0131kar\u0131ld\u0131ktan sonra k\u0131dem tazminat\u0131 alamayaca\u011f\u0131 anlam\u0131na gelmez. Bu genellikle belirli bir m\u00fczakere becerisine ve her bir davan\u0131n kendine \u00f6zg\u00fc ko\u015fullar\u0131na ba\u011fl\u0131d\u0131r.<\/p>\n\n\n<div class=\"wp-block-image\">\n<figure class=\"alignright size-large is-resized\"><img loading=\"lazy\" decoding=\"async\" width=\"1024\" height=\"512\" src=\"https:\/\/smart-arbeitsrecht.de\/wp-content\/uploads\/2023\/04\/abfindung_bei_kuendigung-1-1024x512.jpg\" alt=\"Abfindung bei K\u00fcndigung\" class=\"wp-image-6593\" style=\"width:441px;height:auto\" title=\"Fesih halinde k\u0131dem tazminat\u0131\" srcset=\"https:\/\/smart-arbeitsrecht.de\/wp-content\/uploads\/2023\/04\/abfindung_bei_kuendigung-1-1024x512.jpg 1024w, https:\/\/smart-arbeitsrecht.de\/wp-content\/uploads\/2023\/04\/abfindung_bei_kuendigung-1-300x150.jpg 300w, https:\/\/smart-arbeitsrecht.de\/wp-content\/uploads\/2023\/04\/abfindung_bei_kuendigung-1-768x384.jpg 768w, https:\/\/smart-arbeitsrecht.de\/wp-content\/uploads\/2023\/04\/abfindung_bei_kuendigung-1-1536x768.jpg 1536w, https:\/\/smart-arbeitsrecht.de\/wp-content\/uploads\/2023\/04\/abfindung_bei_kuendigung-1-2048x1024.jpg 2048w\" sizes=\"auto, (max-width: 1024px) 100vw, 1024px\" \/><figcaption class=\"wp-element-caption\"><strong>Fesih halinde k\u0131dem tazminat\u0131 hakk\u0131nda sorular\u0131n\u0131z m\u0131 var?<\/strong><br>Beni do\u011frudan aray\u0131n <strong><a href=\"tel:040524717830\">040 524 717 830<\/a><\/strong> \u2013 Size \u015fahsen yard\u0131mc\u0131 olaca\u011f\u0131m. Veya bana \u015fu adresten mesaj g\u00f6nderin: <strong><a href=\"https:\/\/smart-arbeitsrecht.de\/tr\/kontakt\/\">\u0130leti\u015fim formu<\/a><\/strong>.<\/figcaption><\/figure><\/div>\n\n\n<p>Bu makale \u015funlar\u0131 vurgulamaktad\u0131r: <strong>en \u00f6nemli hususlar<\/strong> K\u0131dem tazminat\u0131 konusuna de\u011finiyor. K\u0131dem tazminat\u0131n\u0131n ne zaman dikkate al\u0131nd\u0131\u011f\u0131n\u0131, yasal olarak nas\u0131l d\u00fczenlendi\u011fini ve neden otomatik olarak k\u0131dem tazminat\u0131 alma hakk\u0131 tan\u0131nmad\u0131\u011f\u0131n\u0131 a\u00e7\u0131kl\u0131yor. Makale ayr\u0131ca hangi durumlarda <strong>Gereksinimler<\/strong> K\u0131dem tazminat\u0131 m\u00fczakeresi nas\u0131l yap\u0131l\u0131r ve bu miktar\u0131 hangi fakt\u00f6rler etkileyebilir.<\/p>\n\n\n\n<p>Ayr\u0131ca, makale \u015fu konular\u0131 ele almaktad\u0131r: <strong>vergi ve sosyal g\u00fcvenlik d\u00fczenlemeleri<\/strong> ve k\u0131dem tazminat\u0131n\u0131n i\u015fsizlik \u00f6dene\u011fi al\u0131m\u0131 \u00fczerindeki olas\u0131 etkilerini a\u00e7\u0131klamaktad\u0131r. Bir \u00e7al\u0131\u015fan olarak, k\u0131dem tazminatlar\u0131n\u0131n pratikte nas\u0131l ve hangi ko\u015fullar alt\u0131nda m\u00fczakere edildi\u011fine dair kapsaml\u0131 bir genel bak\u0131\u015f elde edeceksiniz.<\/p>\n\n\n\n<div class=\"toc\">\n<h3>Genel Bak\u0131\u015f<\/h3>\n<ol>\n<li><a href=\"#1\">K\u0131dem tazminat\u0131 nedir?<\/a><\/li>\n<li><a href=\"#2\">K\u0131dem tazminat\u0131na ne zaman hak kazan\u0131r\u0131m?<\/a><\/li>\n<li><a href=\"#3\">\u0130\u015fverenin k\u0131dem tazminat\u0131 \u00f6demesi neden mant\u0131kl\u0131d\u0131r?<\/a><\/li>\n<li><a href=\"#4\">Hangi fesihler k\u0131dem tazminat\u0131na yol a\u00e7ar?<\/a><\/li>\n<li><a href=\"#5\">Hangi durumlarda \u00e7al\u0131\u015fanlar k\u0131dem tazminat\u0131na hak kazan\u0131r?<\/a><\/li>\n<li><a href=\"#6\">\u0130\u015ften \u00e7\u0131kar\u0131ld\u0131ktan sonra ne kadar k\u0131dem tazminat\u0131 al\u0131rs\u0131n\u0131z?<\/a><\/li>\n<li><a href=\"#7\">\u00c7al\u0131\u015fanlar i\u015ften \u00e7\u0131kar\u0131ld\u0131ktan sonra nas\u0131l davranmamal\u0131?<\/a><\/li>\n<li><a href=\"#8\">K\u0131dem tazminat\u0131nda sosyal g\u00fcvenlik katk\u0131 pay\u0131 ne kadard\u0131r?<\/a><\/li>\n<li><a href=\"#9\">K\u0131dem tazminat\u0131 vergiden muaf m\u0131d\u0131r?<\/a><\/li>\n<li><a href=\"#10\">\u0130\u015fsizlik maa\u015f\u0131 al\u0131rken k\u0131dem tazminat\u0131 hesaba kat\u0131l\u0131r m\u0131?<\/a><\/li>\n<li><a href=\"#11\">\u00c7\u00f6z\u00fcm<\/a><\/li>\n<li><a href=\"#12\">SSS<\/a><\/li>\n<\/ol>\n<\/div>\n\n\n\n<h2 class=\"wp-block-heading\" id=\"1\">K\u0131dem tazminat\u0131 nedir?<\/h2>\n\n\n\n<p>K\u0131dem tazminat\u0131, i\u015fverenin \u00e7al\u0131\u015fana sa\u011flad\u0131\u011f\u0131 bir menfaattir. <strong>\u0130\u015f kayb\u0131<\/strong>K\u0131dem tazminat\u0131 genellikle i\u015fverenin i\u015f akdini feshetmesi veya k\u0131dem tazminat\u0131 i\u00e7eren bir fesih s\u00f6zle\u015fmesinin bulunmas\u0131 durumunda dikkate al\u0131n\u0131r. <strong>\u00dccretlendirme<\/strong> i\u015fverenin, ancak \u00fccret \u00f6denmedi\u011fini.<\/p>\n\n\n<div class=\"wp-block-image\">\n<figure class=\"alignright size-large is-resized\"><img loading=\"lazy\" decoding=\"async\" width=\"1024\" height=\"512\" src=\"https:\/\/smart-arbeitsrecht.de\/wp-content\/uploads\/2023\/04\/was_ist_eine_abfindung-1024x512.jpg\" alt=\"Was ist eine Abfindung im Arbeitsverh\u00e4ltnis?\" class=\"wp-image-6592\" style=\"width:566px;height:auto\" title=\"\u0130\u015ften \u00e7\u0131kar\u0131lma tazminat\u0131\" srcset=\"https:\/\/smart-arbeitsrecht.de\/wp-content\/uploads\/2023\/04\/was_ist_eine_abfindung-1024x512.jpg 1024w, https:\/\/smart-arbeitsrecht.de\/wp-content\/uploads\/2023\/04\/was_ist_eine_abfindung-300x150.jpg 300w, https:\/\/smart-arbeitsrecht.de\/wp-content\/uploads\/2023\/04\/was_ist_eine_abfindung-768x384.jpg 768w, https:\/\/smart-arbeitsrecht.de\/wp-content\/uploads\/2023\/04\/was_ist_eine_abfindung-1536x768.jpg 1536w, https:\/\/smart-arbeitsrecht.de\/wp-content\/uploads\/2023\/04\/was_ist_eine_abfindung-2048x1024.jpg 2048w\" sizes=\"auto, (max-width: 1024px) 100vw, 1024px\" \/><\/figure><\/div>\n\n\n<p>Genel kullan\u0131mda k\u0131dem tazminat\u0131, a\u015fa\u011f\u0131dakilerle yak\u0131ndan ili\u015fkilidir:<strong> Fesih<\/strong> \u00c7al\u0131\u015fanlar, i\u015ften \u00e7\u0131kar\u0131lma nedeniyle i\u015flerini kaybettiklerinde k\u0131dem tazminat\u0131 al\u0131rlar. Bu, \u00e7al\u0131\u015fan\u0131n sosyal g\u00fcvenlik haklar\u0131n\u0131 kaybetmesi ve i\u015fsiz kalma riskiyle kar\u015f\u0131 kar\u015f\u0131ya kalmas\u0131 anlam\u0131na gelir.<\/p>\n\n\n\n<p>Bu nedenle mahkeme kararlar\u0131 ve fesih s\u00f6zle\u015fmelerinde k\u0131dem tazminat\u0131na ili\u015fkin olarak s\u0131kl\u0131kla \u015fu ifadelere yer verilmektedir:<\/p>\n\n\n\n<blockquote class=\"wp-block-quote is-layout-flow wp-block-quote-is-layout-flow\">\n<p>&quot;\u00c7al\u0131\u015fan, i\u015f kayb\u0131 nedeniyle 1. B\u00f6l\u00fcm uyar\u0131nca tazminat alacakt\u0131r.<a href=\"https:\/\/www.gesetze-im-internet.de\/kschg\/__9.html\">\u00a7 9<\/a>, <a href=\"https:\/\/www.gesetze-im-internet.de\/kschg\/__10.html\">B\u00f6l\u00fcm 10 T\u00fcketiciyi Koruma Yasas\u0131<\/a> miktar\u0131nda\u2026\u201d<\/p>\n<\/blockquote>\n\n\n\n<p>Bu nedenle k\u0131dem tazminat\u0131 bir <strong>\u00d6zel hizmet<\/strong> i\u015f kayb\u0131n\u0131n telafisi olarak.<\/p>\n\n\n\n<div class=\"container p-6 my-5 mx-auto border border-cta\">\n  <div class=\"flex flex-col sm:flex-row sm:items-center items-start mx-auto\">\n    <p class=\"flex-grow sm:pr-16 text-2xl font-medium title-font text-gray-900 sm:no-outer-space\">\u0130\u015ften \u00e7\u0131kar\u0131ld\u0131n\u0131z m\u0131 veya k\u0131dem tazminat\u0131 konusunda sorular\u0131n\u0131z m\u0131 var?<\/p><a class=\"btn-cta no-outer-space text-dark\" href=\"\/tr\/kontakt\/\" target=\"_blank\" rel=\"noopener\"> \u015eimdi bizimle ileti\u015fime ge\u00e7in<\/a>\n  <\/div>\n<\/div>\n\n\n\n<h2 class=\"wp-block-heading\" id=\"2\">K\u0131dem tazminat\u0131na ne zaman hak kazan\u0131r\u0131m?<\/h2>\n\n\n\n<p>Yayg\u0131n bir yanl\u0131\u015f anlama, \u00e7al\u0131\u015fanlar\u0131n &quot;<strong>otomatik olarak<\/strong>&quot;\u0130\u015fveren i\u015f akdini feshederse k\u0131dem tazminat\u0131na hak kazan\u0131rlar. Yasal olarak, \u00e7al\u0131\u015fanlar genellikle <strong>hi\u00e7bir talep yok<\/strong> Bunu zorunlu k\u0131lan herhangi bir yasal d\u00fczenleme bulunmamaktad\u0131r. Ne Alman Medeni Kanunu (BGB) ne de Alman \u0130\u015ften \u00c7\u0131karma Koruma Yasas\u0131 (KSchG), k\u0131dem tazminat\u0131n\u0131 zorunlu k\u0131lan h\u00fck\u00fcmler i\u00e7ermektedir \u2013 en az\u0131ndan genel bir kural olarak. <strong>operasyonel nedenlerle i\u015ften \u00e7\u0131kar\u0131lma<\/strong> sonras\u0131nda <a href=\"https:\/\/www.gesetze-im-internet.de\/kschg\/__1a.html\">\u00a7 1a KSchG<\/a> Detaylar\u0131 a\u015fa\u011f\u0131da bulabilirsiniz.<\/p>\n\n\n<div class=\"wp-block-image\">\n<figure class=\"alignleft size-large is-resized\"><img loading=\"lazy\" decoding=\"async\" width=\"1024\" height=\"512\" src=\"https:\/\/smart-arbeitsrecht.de\/wp-content\/uploads\/2023\/04\/anspruch_auf_abfindung_nach_kuendigung-1024x512.jpg\" alt=\"Anspruch auf Abfindung\" class=\"wp-image-6594\" style=\"width:416px;height:auto\" title=\"K\u0131dem tazminat\u0131 hakk\u0131\" srcset=\"https:\/\/smart-arbeitsrecht.de\/wp-content\/uploads\/2023\/04\/anspruch_auf_abfindung_nach_kuendigung-1024x512.jpg 1024w, https:\/\/smart-arbeitsrecht.de\/wp-content\/uploads\/2023\/04\/anspruch_auf_abfindung_nach_kuendigung-300x150.jpg 300w, https:\/\/smart-arbeitsrecht.de\/wp-content\/uploads\/2023\/04\/anspruch_auf_abfindung_nach_kuendigung-768x384.jpg 768w, https:\/\/smart-arbeitsrecht.de\/wp-content\/uploads\/2023\/04\/anspruch_auf_abfindung_nach_kuendigung-1536x768.jpg 1536w, https:\/\/smart-arbeitsrecht.de\/wp-content\/uploads\/2023\/04\/anspruch_auf_abfindung_nach_kuendigung-2048x1024.jpg 2048w\" sizes=\"auto, (max-width: 1024px) 100vw, 1024px\" \/><\/figure><\/div>\n\n\n<p>The <strong>\u0130\u015ften \u00c7\u0131karma Koruma Yasas\u0131<\/strong> \u00d6ncelikle haks\u0131z fesihlere kar\u015f\u0131 koruma sa\u011flamay\u0131 ve i\u015f ili\u015fkisini s\u00fcrd\u00fcrmeyi ama\u00e7lar. \u00c7al\u0131\u015fan\u0131 a\u015fa\u011f\u0131daki durumlardan korur: <strong>toplumsal olarak haks\u0131z yere i\u015ften \u00e7\u0131kar\u0131lmalar<\/strong>B\u00f6ylece haks\u0131z yere i\u015ften \u00e7\u0131kar\u0131lma durumunda i\u015fe devam i\u00e7in dava a\u00e7abilir ve otomatik olarak k\u0131dem tazminat\u0131 almaz.<\/p>\n\n\n\n<p>Yani Almanya&#039;da var <strong>k\u0131dem tazminat\u0131 talebi yok<\/strong> Fesih durumunda. Ancak Almanya&#039;da sahip oldu\u011fumuz \u015fey \u015fu: <strong>Mevcut haklar\u0131n korunmas\u0131<\/strong>Bu, i\u015ften \u00e7\u0131kar\u0131lman\u0131z durumunda t\u00fcm s\u00fcrecin ba\u015flang\u0131\u00e7ta i\u015finizi geri almaya y\u00f6nelik oldu\u011fu anlam\u0131na gelir. \u00c7\u00fcnk\u00fc bir \u00e7al\u0131\u015fan olarak hakl\u0131ysan\u0131z ve haks\u0131z yere i\u015ften \u00e7\u0131kar\u0131lma davas\u0131n\u0131 kazan\u0131rsan\u0131z, i\u015finizi geri al\u0131rs\u0131n\u0131z ve k\u0131dem tazminat\u0131 almazs\u0131n\u0131z.<\/p>\n\n\n\n<h3 class=\"wp-block-heading\">\u0130\u015ften \u00e7\u0131kar\u0131lma koruma i\u015flemleri genellikle bir anla\u015fma ve k\u0131dem tazminat\u0131 ile sonu\u00e7lan\u0131r<\/h3>\n\n\n\n<p>Ancak i\u015f mahkemesi prosed\u00fcr\u00fc, hi\u00e7bir h\u00fck\u00fcm verilmeyecek \u015fekilde tasarlanm\u0131\u015ft\u0131r; bunun yerine \u00e7al\u0131\u015fan ve i\u015fverenin<strong> \u00f6nceden dostane bir anla\u015fmaya varmak<\/strong>Bu nedenle, i\u015ften \u00e7\u0131kar\u0131lma koruma s\u00fcreci bir <strong>Uzla\u015fma duru\u015fmas\u0131<\/strong>, yaln\u0131zca dostane bir \u00e7\u00f6z\u00fcm\u00fc te\u015fvik etmeyi ama\u00e7lamaktad\u0131r. Ayr\u0131ca, dostane bir \u00e7\u00f6z\u00fcme var\u0131lmas\u0131 ve davan\u0131n uzla\u015fmayla sona erdirilmesi durumunda, mahkeme masraflar\u0131 do\u011fmaz.<\/p>\n\n\n\n<p>Deneyimlerimize dayanarak, i\u015ften \u00e7\u0131karma anla\u015fmazl\u0131klar\u0131n\u0131n \u00e7o\u011funun, \u00e7al\u0131\u015fan\u0131n kazand\u0131\u011f\u0131 ve sonra kaybetti\u011fini (alg\u0131lad\u0131\u011f\u0131) bir kararla sonu\u00e7lanmad\u0131\u011f\u0131 s\u00f6ylenebilir. \u00c7o\u011fu durumda, nihai sonu\u00e7 dostane ve kar\u015f\u0131l\u0131kl\u0131 bir fesihtir. <strong>Kar\u015f\u0131la\u015ft\u0131rmak.<\/strong> Ve bu kar\u015f\u0131la\u015ft\u0131rmada, istihdam ili\u015fkisi nihayet d\u00fczenlenir ve genellikle de <strong>bitmi\u015f<\/strong>\u0130\u015fveren, \u00f6zellikle i\u015ften \u00e7\u0131karma nedenleri a\u00e7\u0131k de\u011filse ve mahkemede kan\u0131tlanam\u0131yorsa, k\u0131dem tazminat\u0131 \u00f6demeye \u00e7o\u011fu zaman raz\u0131 olur.<\/p>\n\n\n\n<div class=\"wp-block-media-text is-stacked-on-mobile\" style=\"grid-template-columns:33% auto\"><figure class=\"wp-block-media-text__media\"><img loading=\"lazy\" decoding=\"async\" width=\"912\" height=\"608\" src=\"https:\/\/smart-arbeitsrecht.de\/wp-content\/uploads\/2024\/07\/Anwalt-Kuendigungsschutzklage.jpg\" alt=\"Anwalt K\u00fcndigungsschutzklage\" class=\"wp-image-8391 size-full\" srcset=\"https:\/\/smart-arbeitsrecht.de\/wp-content\/uploads\/2024\/07\/Anwalt-Kuendigungsschutzklage.jpg 912w, https:\/\/smart-arbeitsrecht.de\/wp-content\/uploads\/2024\/07\/Anwalt-Kuendigungsschutzklage-300x200.jpg 300w, https:\/\/smart-arbeitsrecht.de\/wp-content\/uploads\/2024\/07\/Anwalt-Kuendigungsschutzklage-768x512.jpg 768w\" sizes=\"auto, (max-width: 912px) 100vw, 912px\" \/><\/figure><div class=\"wp-block-media-text__content\">\n<p>Daha fazlas\u0131 hakk\u0131nda <a href=\"https:\/\/smart-arbeitsrecht.de\/tr\/anwalt-kuendigungsschutzklage\/\">\u0130\u015ften \u00e7\u0131kar\u0131lma koruma davas\u0131<\/a> Daha fazlas\u0131n\u0131 bu yaz\u0131m\u0131zda bulabilirsiniz.<\/p>\n<\/div><\/div>\n\n\n\n<div style=\"height:20px\" aria-hidden=\"true\" class=\"wp-block-spacer\"><\/div>\n\n\n\n<h2 class=\"wp-block-heading\" id=\"3\">\u0130\u015fverenin k\u0131dem tazminat\u0131 \u00f6demesi neden mant\u0131kl\u0131d\u0131r?<\/h2>\n\n\n\n<p><strong>Ama \u015fimdi as\u0131l konuya gelelim:<\/strong> \u0130\u015fverenler, yasal olarak y\u00fck\u00fcml\u00fcl\u00fckleri yoksa, neden \u00e7al\u0131\u015fanlar\u0131na i\u015ften \u00e7\u0131karmalar s\u0131ras\u0131nda k\u0131dem tazminat\u0131 \u00f6d\u00fcyorlar? Haks\u0131z yere i\u015ften \u00e7\u0131kar\u0131lma davas\u0131n\u0131 kaybetseler bile, (bir istisna d\u0131\u015f\u0131nda) k\u0131dem tazminat\u0131 \u00f6demek zorunda kalmazlar. <strong>K\u00fc\u00e7\u00fck bir hat\u0131rlatma: <\/strong>Alman fesih hukuku, i\u015f ili\u015fkisinin devaml\u0131l\u0131\u011f\u0131n\u0131 korur ve genel olarak k\u0131dem tazminat\u0131na kar\u015f\u0131 herhangi bir koruma sa\u011flamaz!<\/p>\n\n\n<div class=\"wp-block-image\">\n<figure class=\"alignright size-large is-resized\"><img loading=\"lazy\" decoding=\"async\" width=\"1024\" height=\"512\" src=\"https:\/\/smart-arbeitsrecht.de\/wp-content\/uploads\/2023\/04\/arbeitgeber_abfindung_kuendigung-1024x512.jpg\" alt=\"Gr\u00fcnde f\u00fcr Auszahlung einer Abfindung\" class=\"wp-image-6606\" style=\"width:444px;height:auto\" title=\"K\u0131dem tazminat\u0131n\u0131n \u00f6denme nedenleri\" srcset=\"https:\/\/smart-arbeitsrecht.de\/wp-content\/uploads\/2023\/04\/arbeitgeber_abfindung_kuendigung-1024x512.jpg 1024w, https:\/\/smart-arbeitsrecht.de\/wp-content\/uploads\/2023\/04\/arbeitgeber_abfindung_kuendigung-300x150.jpg 300w, https:\/\/smart-arbeitsrecht.de\/wp-content\/uploads\/2023\/04\/arbeitgeber_abfindung_kuendigung-768x384.jpg 768w, https:\/\/smart-arbeitsrecht.de\/wp-content\/uploads\/2023\/04\/arbeitgeber_abfindung_kuendigung-1536x768.jpg 1536w, https:\/\/smart-arbeitsrecht.de\/wp-content\/uploads\/2023\/04\/arbeitgeber_abfindung_kuendigung-2048x1024.jpg 2048w\" sizes=\"auto, (max-width: 1024px) 100vw, 1024px\" \/><\/figure><\/div>\n\n\n<p>Ancak i\u015fverenler i\u00e7in bu genellikle <strong>daha az k\u00f6t\u00fcl\u00fckler<\/strong>, k\u0131dem tazminat\u0131 \u00f6demek. Yasal ve mali a\u00e7\u0131dan basittir <strong>daha g\u00fcvenli ve daha h\u0131zl\u0131<\/strong> K\u0131dem tazminat\u0131 olmayan yoldan daha iyidir. Bunun iki temel nedeni vard\u0131r:<\/p>\n\n\n\n<h3 class=\"wp-block-heading\">Fesih sonras\u0131 kabul\u00fcn temerr\u00fcde d\u00fc\u015fme riski<\/h3>\n\n\n\n<p>\u0130\u015fveren taraf\u0131ndan fesih bildirimi yap\u0131ld\u0131ktan sonra, \u00e7al\u0131\u015fanlar genellikle bir \u015fikayette bulunurlar. <strong>\u00fc\u00e7 hafta<\/strong> Bu bir \u015feye yol a\u00e7ar <strong>genellikle uzun s\u00fcren hukuki anla\u015fmazl\u0131klar<\/strong>en az\u0131ndan <strong>birka\u00e7 ay<\/strong>Ancak, \u00f6zellikle dava ikinci derece mahkeme olan Eyalet \u0130\u015f Mahkemesi&#039;ne giderse, bir y\u0131ldan fazla s\u00fcrebilir. Bu arada, ihbar s\u00fcresi sona erer ve \u00e7al\u0131\u015fan genellikle yeniden i\u015fe al\u0131nmaz.<\/p>\n\n\n\n<p>\u0130\u015fveren i\u00e7in risk, feshin haks\u0131z oldu\u011fudur. <strong>etkisiz<\/strong> \u00d6rne\u011fin, resmi hatalar veya fesih i\u00e7in yetersiz gerek\u00e7eler nedeniyle as\u0131ls\u0131z oldu\u011fu ortaya \u00e7\u0131karsa ve i\u015f ili\u015fkisi sonland\u0131r\u0131lmam\u0131\u015fsa. Bu durumda, i\u015fveren <strong>Kabulde gecikme<\/strong> Bu, mevcut i\u015f ili\u015fkisine ra\u011fmen \u00e7al\u0131\u015fan\u0131n i\u015fini kabul etmeyece\u011fi anlam\u0131na gelir. \u0130\u015fveren, bu durumda t\u00fcm s\u00fcre boyunca \u00fccreti \u00f6demek zorunda kal\u0131r. <strong>saymak<\/strong>, \u00e7al\u0131\u015fmad\u0131\u011f\u0131 halde.<\/p>\n\n\n\n<p>Bu mali riski \u00f6nlemek i\u00e7in i\u015fverenler genellikle <strong>g\u00f6n\u00fcll\u00fc \u00f6deme<\/strong> i\u015f ili\u015fkisinin g\u00fcvenli bir \u015fekilde sonland\u0131r\u0131lmas\u0131 i\u00e7in k\u0131dem tazminat\u0131 ve i\u015ften \u00e7\u0131karma koruma s\u00fcreci.<\/p>\n\n\n\n<div class=\"cta-1\">\n<h3>Biz biliyoruz ki <span class=\"orange-accent\">\u0130\u015fverenlerin stratejileri<\/span> \u2013 ve e\u015fit \u015fartlarda m\u00fczakere edin.<\/h3>\n<p><strong>K\u0131dem tazminat\u0131 bir hediye de\u011fil, sa\u011fduyulu bir m\u00fczakerenin sonucudur.<\/strong><\/p>\n<p><em>\u0130\u015fverenlerin neden \u00f6deme yapt\u0131\u011f\u0131n\u0131 ve bu f\u0131rsattan en iyi \u015fekilde nas\u0131l yararlanabilece\u011finizi biliyoruz. Deneyimli uzman avukatlar\u0131m\u0131z, Almanya genelinde sizi tutarl\u0131 ve orant\u0131l\u0131 bir \u015fekilde temsil ediyor.<\/em><\/p>\n<div class=\"buttons-block flex flex-wrap justify-center mt-12\"> <a class=\"btn-cta mr-0 sm:mr-3 text-dark\" href=\"tel:+4940524717830\"> <i class=\"fa fa-phone mr-2\"><\/i> Hemen aray\u0131n <\/a> <a class=\"btn-cta mr-0 sm:mr-3 text-dark\" href=\"\/tr\/kontakt\/\"> <i class=\"fa fa-envelope mr-2\"><\/i> \u00dccretsiz ilk de\u011ferlendirme<\/a><\/div>\n<\/div>\n\n\n\n<h3 class=\"wp-block-heading\">\u0130\u015f\u00e7ilerin yeniden istihdam\u0131<\/h3>\n\n\n\n<p>\u0130\u015fverenlerin fesih durumunda \u00e7al\u0131\u015fanlara k\u0131dem tazminat\u0131 \u00f6demesine neden olan bir di\u011fer risk ise a\u00e7\u0131kt\u0131r: Mahkemede bir kay\u0131p ya\u015fanmas\u0131 durumunda, <strong>sadece mali dezavantajlar de\u011fil<\/strong>Bu durumda, i\u015f ili\u015fkisinin hukuken de sabit oldu\u011fu ortaya \u00e7\u0131kmaktad\u0131r. <strong>devam ediyor<\/strong> \u2013 en az\u0131ndan ikinci a\u015famada ba\u015fka bir karar al\u0131nana kadar.<\/p>\n\n\n\n<p>Bu, i\u015fverenin genellikle <strong>y\u00fck\u00fcml\u00fc<\/strong> \u00e7al\u0131\u015fan\u0131 istihdam etmeye devam etmektir. Ve iyi bir <a href=\"https:\/\/smart-arbeitsrecht.de\/tr\/kontakt\/\">\u0130\u015f hukuku konusunda uzman avukat<\/a> Ayr\u0131ca, m\u00fcvekkili ad\u0131na ek bir ba\u015fvuru olarak d\u00fczenli olarak i\u015fe devam talebinde bulunacakt\u0131r. Feshin ge\u00e7ersiz oldu\u011fu ortaya \u00e7\u0131karsa, \u00e7al\u0131\u015fan genellikle i\u015fe devam talebiyle bile kazan\u0131r. <strong>Sonu\u00e7:<\/strong> \u00c7al\u0131\u015fan, yapt\u0131r\u0131m tedbirleri yoluyla bile istihdam\u0131 zorlayabilir.<\/p>\n\n\n\n<p>Bu, i\u015fverenin \u00e7\u0131kar\u0131na pek uygun de\u011fil. Hatta i\u015fverenin operasyonel, davran\u0131\u015fsal veya ki\u015fisel nedenlerle ge\u00e7erli bir sebep olmaks\u0131z\u0131n i\u015ften \u00e7\u0131karma yapmamas\u0131, i\u015fverenin \u00e7\u0131karlar\u0131na bile ayk\u0131r\u0131.<\/p>\n\n\n\n<h3 class=\"wp-block-heading\">\u0130\u015fverenin \u00e7\u0131karlar\u0131 k\u0131dem tazminat\u0131 lehine konu\u015fabilir<\/h3>\n\n\n\n<p>\u0130\u015fveren, i\u015f akdini feshederek \u00e7\u0131karlar\u0131n\u0131 a\u00e7\u0131k\u00e7a ifade etmi\u015ftir: \u0130\u015f ili\u015fkisini sonland\u0131rmak istemektedir. <strong>sona ermek<\/strong> ve \u00e7al\u0131\u015fan <strong>art\u0131k geri alma<\/strong>Bu \u00e7\u0131kar durumu, fesih i\u00e7in olas\u0131 \u00fc\u00e7 nedenin t\u00fcm\u00fc i\u00e7in ge\u00e7erlidir: <strong>davran\u0131\u015fsal<\/strong>, <strong>ki\u015fisel<\/strong> Ve <strong>operasyonel nedenler<\/strong> \u2013 benzer, ancak farkl\u0131 sebeplerden dolay\u0131.<\/p>\n\n\n\n<p>Ancak, i\u015ften \u00e7\u0131karma koruma s\u00fcrecinde olas\u0131 bir olumlu karar, i\u015fe devam etmeyi zorunlu k\u0131labilece\u011finden, i\u015fveren \u00e7al\u0131\u015fandan yasal olarak g\u00fcvenli ve h\u0131zl\u0131 bir \u015fekilde ayr\u0131lmak isteyecektir. Bu, i\u015f s\u00f6zle\u015fmesinin her iki taraf\u0131n\u0131n da anla\u015ft\u0131\u011f\u0131 bir uzla\u015fma yoluyla m\u00fcmk\u00fcnd\u00fcr. <strong>kabul etmek<\/strong> Ayr\u0131lma iste\u011fi ne kadar fazlaysa, i\u015fverenin anla\u015fma yoluyla y\u00fcksek bir k\u0131dem tazminat\u0131 \u00f6demeyi kabul etme olas\u0131l\u0131\u011f\u0131 da o kadar y\u00fcksek olacakt\u0131r.<\/p>\n\n\n\n<h2 class=\"wp-block-heading\" id=\"4\">Hangi fesihler k\u0131dem tazminat\u0131na yol a\u00e7ar?<\/h2>\n\n\n\n<p>Bir anda <strong>operasyonel nedenlerle i\u015ften \u00e7\u0131kar\u0131lma<\/strong> \u00c7al\u0131\u015fanlar genellikle k\u0131dem tazminat\u0131 alma konusunda en iyi \u015fansa sahiptirler, \u00e7\u00fcnk\u00fc i\u015ften \u00e7\u0131kar\u0131lman\u0131n onlar\u0131n davran\u0131\u015flar\u0131 veya ki\u015filikleriyle hi\u00e7bir ilgisi yoktur, daha \u00e7ok <strong>operasyonel nedenler<\/strong> Ancak i\u015fverenlerin operasyonel nedenlerle i\u015ften \u00e7\u0131karmalar\u0131 mahkemede savunmalar\u0131 \u00e7o\u011fu zaman zordur, \u00e7\u00fcnk\u00fc <strong>kan\u0131tlamak<\/strong> \u0130\u015fin ortadan kald\u0131r\u0131ld\u0131\u011f\u0131 ve alternatif istihdam olanaklar\u0131n\u0131n bulunmad\u0131\u011f\u0131 tespit edilmelidir. Ayr\u0131ca, i\u015fverenin etkilenen \u00e7al\u0131\u015fanlar aras\u0131nda hataya a\u00e7\u0131k olabilecek bir sosyal se\u00e7im s\u00fcreci y\u00fcr\u00fctmesi gerekmektedir.<\/p>\n\n\n\n<div class=\"wp-block-media-text is-stacked-on-mobile\" style=\"grid-template-columns:33% auto\"><figure class=\"wp-block-media-text__media\"><img loading=\"lazy\" decoding=\"async\" width=\"688\" height=\"458\" src=\"https:\/\/smart-arbeitsrecht.de\/wp-content\/uploads\/2024\/09\/Betriebsbedingte-Kuendigung.jpg\" alt=\"Betriebsbedingte K\u00fcndigung\" class=\"wp-image-8489 size-full\" srcset=\"https:\/\/smart-arbeitsrecht.de\/wp-content\/uploads\/2024\/09\/Betriebsbedingte-Kuendigung.jpg 688w, https:\/\/smart-arbeitsrecht.de\/wp-content\/uploads\/2024\/09\/Betriebsbedingte-Kuendigung-300x200.jpg 300w\" sizes=\"auto, (max-width: 688px) 100vw, 688px\" \/><\/figure><div class=\"wp-block-media-text__content\">\n<p>Konuyla ilgili daha fazla bilgi <a href=\"https:\/\/smart-arbeitsrecht.de\/tr\/betriebsbedingte-kuendigung-wichtige-informationen\/\">Operasyonel nedenlerle i\u015ften \u00e7\u0131karma<\/a>, buradan okuyun.<\/p>\n<\/div><\/div>\n\n\n\n<div style=\"height:20px\" aria-hidden=\"true\" class=\"wp-block-spacer\"><\/div>\n\n\n\n<p>Bir anda <strong><a href=\"https:\/\/smart-arbeitsrecht.de\/tr\/verhaltensbedingte-kuendigung-grosser-ratgeber\/\">uygunsuz davran\u0131\u015f nedeniyle i\u015ften \u00e7\u0131kar\u0131lma<\/a><\/strong>, \u00e7al\u0131\u015fan\u0131n <strong>g\u00f6revlerini ihlal etti<\/strong> K\u0131dem tazminat\u0131 alma \u015fans\u0131, \u00f6zellikle ciddi ihlaller s\u00f6z konusu oldu\u011funda genellikle daha d\u00fc\u015f\u00fckt\u00fcr. Ancak, i\u015fverenin fesih s\u0131ras\u0131nda yapt\u0131\u011f\u0131 hatalar (\u00f6rne\u011fin yetersiz uyar\u0131lar veya bi\u00e7imsel hatalar), k\u0131dem tazminat\u0131 alma \u015fans\u0131n\u0131 art\u0131rabilir.<\/p>\n\n\n\n<p>Bir anda <strong><a href=\"https:\/\/smart-arbeitsrecht.de\/tr\/ordentliche-personenbedingte-kuendigung\/\">ki\u015fisel nedenlerle i\u015ften \u00e7\u0131kar\u0131lma<\/a><\/strong> sebep yat\u0131yor <strong>ki\u015fide<\/strong> \u00d6rne\u011fin, hastal\u0131k nedeniyle devams\u0131zl\u0131k veya yetersiz performans gibi durumlarda \u00e7al\u0131\u015fan\u0131n performans\u0131 olumsuz etkilenebilir. \u0130\u015fveren, i\u015f performans\u0131 ile tazminat aras\u0131ndaki ili\u015fkinin bozuldu\u011funu alg\u0131lar ve i\u015ften \u00e7\u0131karma yoluyla mali y\u00fcklerden veya operasyonel aksakl\u0131klardan ka\u00e7\u0131nmak ister. Ancak, hastal\u0131k nedeniyle i\u015ften \u00e7\u0131karmalarda yasal engeller \u00f6zellikle y\u00fcksektir ve prognoz olumluysa i\u015fverenlerin k\u0131dem tazminat\u0131 \u00f6deme olas\u0131l\u0131\u011f\u0131 daha y\u00fcksektir.<\/p>\n\n\n\n<p>Hastal\u0131k nedenlerinin yan\u0131 s\u0131ra ki\u015fisel nedenlerle de i\u015ften \u00e7\u0131kar\u0131lma, \u201c<strong>D\u00fc\u015f\u00fck performans g\u00f6sterenler<\/strong>&quot;veya hapis cezas\u0131 veya ehliyetlerinin iptali nedeniyle i\u015flerini yapamayan \u00e7al\u0131\u015fanlar i\u00e7in. Bu net vakalarda k\u0131dem tazminat\u0131na pek ilgi duyulmaz. Ancak daha az net vakalarda, k\u0131dem tazminat\u0131 ile bir anla\u015fma m\u00fczakeresi i\u00e7in genellikle f\u0131rsat vard\u0131r. Deneyimler, d\u00fc\u015f\u00fck performans g\u00f6sterenleri i\u015ften \u00e7\u0131karman\u0131n i\u015fverenler i\u00e7in \u00f6zellikle zor bir giri\u015fim oldu\u011funu g\u00f6stermi\u015ftir.<\/p>\n\n\n\n<p>\u00d6zetle, k\u0131dem tazminat\u0131 alma olas\u0131l\u0131\u011f\u0131 b\u00fcy\u00fck \u00f6l\u00e7\u00fcde a\u015fa\u011f\u0131dakilere ba\u011fl\u0131d\u0131r: <strong>Fesih t\u00fcr\u00fc ve ko\u015fullar\u0131 <\/strong>\u0130\u015fletmesel nedenlerle i\u015ften \u00e7\u0131karmalarda bu olas\u0131l\u0131k daha y\u00fcksekken, davran\u0131\u015fla ilgili veya ki\u015fisel nedenlerle yap\u0131lan i\u015ften \u00e7\u0131karmalar k\u0131dem tazminat\u0131 a\u00e7\u0131s\u0131ndan daha karma\u015f\u0131kt\u0131r ve k\u0131dem tazminat\u0131n\u0131n ba\u015far\u0131 \u015fans\u0131, her bir olay\u0131n yasal ve resmi ayr\u0131nt\u0131lar\u0131na ba\u011fl\u0131d\u0131r.<\/p>\n\n\n\n<h2 class=\"wp-block-heading\" id=\"5\">Hangi durumlarda \u00e7al\u0131\u015fanlar k\u0131dem tazminat\u0131na hak kazan\u0131r?<\/h2>\n\n\n\n<p>K\u0131dem tazminat\u0131na ili\u015fkin genel bir yasal hak bulunmamakla birlikte, b\u00f6yle bir talebin ortaya \u00e7\u0131kabilece\u011fi durumlar her zaman mevcuttur. Bunlar, i\u015fveren taraf\u0131ndan yap\u0131lan her fesih i\u00e7in ge\u00e7erli olmayan, \u00f6zel ve bireysel durumlard\u0131r.<\/p>\n\n\n<div class=\"wp-block-image\">\n<figure class=\"alignleft size-large is-resized\"><img loading=\"lazy\" decoding=\"async\" width=\"1024\" height=\"512\" src=\"https:\/\/smart-arbeitsrecht.de\/wp-content\/uploads\/2023\/04\/ausnahme_abfindung_kuendigung-1024x512.jpg\" alt=\"Ausnahmen f\u00fcr den gesetzlichen Anspruch auf Abfindung nach einer K\u00fcndigung\" class=\"wp-image-6598\" style=\"width:423px;height:auto\" title=\"Fesih sonras\u0131 k\u0131dem tazminat\u0131na ili\u015fkin yasal hakta istisnalar\" srcset=\"https:\/\/smart-arbeitsrecht.de\/wp-content\/uploads\/2023\/04\/ausnahme_abfindung_kuendigung-1024x512.jpg 1024w, https:\/\/smart-arbeitsrecht.de\/wp-content\/uploads\/2023\/04\/ausnahme_abfindung_kuendigung-300x150.jpg 300w, https:\/\/smart-arbeitsrecht.de\/wp-content\/uploads\/2023\/04\/ausnahme_abfindung_kuendigung-768x384.jpg 768w, https:\/\/smart-arbeitsrecht.de\/wp-content\/uploads\/2023\/04\/ausnahme_abfindung_kuendigung-1536x768.jpg 1536w, https:\/\/smart-arbeitsrecht.de\/wp-content\/uploads\/2023\/04\/ausnahme_abfindung_kuendigung-2048x1024.jpg 2048w\" sizes=\"auto, (max-width: 1024px) 100vw, 1024px\" \/><\/figure><\/div>\n\n\n<p>\u00d6rne\u011fin, i\u015fveren taraf\u0131ndan fesih halinde, kararla\u015ft\u0131r\u0131lan tutarda k\u0131dem tazminat\u0131 \u00f6denece\u011fi kararla\u015ft\u0131r\u0131lm\u0131\u015f i\u015f s\u00f6zle\u015fmeleri vard\u0131r. \u00c7al\u0131\u015fan daha sonra i\u015fveren taraf\u0131ndan i\u015ften \u00e7\u0131kar\u0131l\u0131rsa, \u00e7al\u0131\u015fan b\u00f6yle bir tazminata hak kazan\u0131r. <strong>\u0130\u015f s\u00f6zle\u015fmesinde madde<\/strong> K\u0131dem tazminat\u0131 talebi. Ancak ancak o zaman. Bu t\u00fcr maddeler, \u00f6rne\u011fin, <strong>Genel m\u00fcd\u00fcr istihdam s\u00f6zle\u015fmeleri<\/strong> Zira i\u015ften \u00e7\u0131kar\u0131lma durumunda sosyal g\u00fcvence sa\u011flanmas\u0131 ola\u011fan bir durumdur.<\/p>\n\n\n\n<p>Di\u011fer durumlar \u015funlard\u0131r:<\/p>\n\n\n\n<ul class=\"wp-block-list\">\n<li>Bir k\u0131dem tazminat\u0131 talebi a\u015fa\u011f\u0131daki durumlardan kaynaklanabilir: <strong>Sosyal plan<\/strong> , i\u015fveren ve i\u015f konseyi aras\u0131nda, b\u00fcy\u00fck operasyonel de\u011fi\u015fiklikler durumunda \u00e7al\u0131\u015fanlar\u0131n ekonomik dezavantajlar\u0131n\u0131 azaltmak i\u00e7in m\u00fczakere edilen bir pland\u0131r. Bu operasyonel de\u011fi\u015fiklikler aras\u0131nda fabrika kapan\u0131\u015flar\u0131, b\u00f6l\u00fcmler, personel azaltmalar\u0131 veya yer de\u011fi\u015ftirmeler yer alabilir. Sosyal plan, etkilenen \u00e7al\u0131\u015fanlar\u0131n maddi kay\u0131plar\u0131n\u0131 k\u0131dem tazminatlar\u0131 yoluyla telafi etmeyi veya azaltmay\u0131 ama\u00e7lamaktad\u0131r. Baz\u0131 durumlarda, bir sendika toplu bir sosyal plan da m\u00fczakere edebilir.<\/li>\n\n\n\n<li>Ayr\u0131ca, i\u015fveren, KSchG&#039;nin 1a maddesi uyar\u0131nca i\u015fletmesel nedenlerle i\u015ften \u00e7\u0131kar\u0131lma durumunda, \u00e7al\u0131\u015fan\u0131n kar\u015f\u0131l\u0131\u011f\u0131nda k\u0131dem tazminat\u0131 teklif edebilir. <strong>HAYIR<\/strong> Bu durum fesih bildiriminde a\u00e7\u0131k\u00e7a belirtilmelidir ve \u00e7al\u0131\u015fan, dava a\u00e7mad\u0131\u011f\u0131 takdirde yasal olarak k\u0131dem tazminat\u0131 alma hakk\u0131na sahiptir. Ancak bu, yaln\u0131zca fesih mektubunda k\u0131dem tazminat\u0131 teklif edilmesi halinde ge\u00e7erlidir; aksi takdirde ge\u00e7erli de\u011fildir.<\/li>\n\n\n\n<li>\u0130\u015ften \u00e7\u0131kar\u0131lma koruma i\u015flemleri her zaman sorunsuz ilerlemez. S\u00fcre\u00e7 boyunca haks\u0131z davranan ve \u00e7al\u0131\u015fan\u0131n kendileriyle \u00e7al\u0131\u015fmaya devam etmesini mant\u0131ks\u0131z hale getiren i\u015fverenler elbette vard\u0131r. \u0130\u015ften \u00e7\u0131kar\u0131lman\u0131n etkisiz olmas\u0131 durumunda, \u00e7al\u0131\u015fan\u0131n Alman \u0130\u015ften \u00c7\u0131kar\u0131lma Koruma Yasas\u0131&#039;n\u0131n (KSchG) 9. Maddesi uyar\u0131nca \u015fikayette bulunma se\u00e7ene\u011fi vard\u0131r. <strong>Fesih ba\u015fvurusu<\/strong> \u0130\u015f ili\u015fkisi makul de\u011filse, i\u015f mahkemesi i\u015f ili\u015fkisini sona erdirecek ve i\u015fverenin makul bir k\u0131dem tazminat\u0131 \u00f6demesini emredecektir. <strong>12 br\u00fct ayl\u0131k maa\u015fa kadar<\/strong>Benzer bir k\u0131dem tazminat\u0131 talebi, haks\u0131z veya ahlaka ayk\u0131r\u0131 olarak yap\u0131lan ve bildirim yap\u0131lmaks\u0131z\u0131n yap\u0131lan ola\u011fan\u00fcst\u00fc fesih halinde de ge\u00e7erlidir (<a href=\"https:\/\/www.gesetze-im-internet.de\/kschg\/__13.html\">B\u00f6l\u00fcm 13 paragraf. 1 ve 2 KSchG)<\/a>.<\/li>\n\n\n\n<li>Ayr\u0131ca bir \u00e7al\u0131\u015fan \u015funlar\u0131 yapabilir: <strong>zararlar <\/strong>sonras\u0131nda <a href=\"https:\/\/www.gesetze-im-internet.de\/bgb\/__628.html\">Alman Medeni Kanunu&#039;nun 628. maddesinin 2. f\u0131kras\u0131<\/a> \u00c7al\u0131\u015fan, i\u015fverenin s\u00f6zle\u015fmeye ayk\u0131r\u0131 davranmas\u0131 nedeniyle i\u015f ili\u015fkisini bildirimsiz olarak feshederse. Ancak bu durumda, s\u00f6z konusu tazminat geleneksel bir k\u0131dem tazminat\u0131 de\u011fil, i\u015fverenin s\u00f6zle\u015fmeye ayk\u0131r\u0131 davran\u0131\u015f\u0131ndan do\u011fan bir tazminatt\u0131r.<\/li>\n<\/ul>\n\n\n\n<div class=\"wp-block-columns cta-2 is-layout-flex wp-container-core-columns-is-layout-9d6595d7 wp-block-columns-is-layout-flex\">\n<div class=\"wp-block-column is-layout-flow wp-block-column-is-layout-flow\" style=\"flex-basis:40%\">\n<figure class=\"wp-block-image size-full\"><img loading=\"lazy\" decoding=\"async\" width=\"779\" height=\"605\" src=\"https:\/\/smart-arbeitsrecht.de\/wp-content\/uploads\/2025\/07\/Raphael_Lugowski_Hamza_Guelbas_Anwaelte.webp\" alt=\"\" class=\"wp-image-9489\" srcset=\"https:\/\/smart-arbeitsrecht.de\/wp-content\/uploads\/2025\/07\/Raphael_Lugowski_Hamza_Guelbas_Anwaelte.webp 779w, https:\/\/smart-arbeitsrecht.de\/wp-content\/uploads\/2025\/07\/Raphael_Lugowski_Hamza_Guelbas_Anwaelte-300x233.webp 300w, https:\/\/smart-arbeitsrecht.de\/wp-content\/uploads\/2025\/07\/Raphael_Lugowski_Hamza_Guelbas_Anwaelte-768x596.webp 768w\" sizes=\"auto, (max-width: 779px) 100vw, 779px\" \/><\/figure>\n<\/div>\n\n\n\n<div class=\"wp-block-column is-vertically-aligned-center is-layout-flow wp-block-column-is-layout-flow\" style=\"flex-basis:50%\">\n<p class=\"has-text-align-left has-medium-font-size\"><strong>Fesih ve k\u0131dem tazminat\u0131 i\u00e7in irtibat ki\u015fileriniz<\/strong><\/p>\n\n\n\n<p>Avukatlar <strong>Raphael Lugowski<\/strong> Ve <strong>Hamza G\u00fclba\u015f<\/strong> M\u00fc\u015fterilerimizi \u00fclke \u00e7ap\u0131nda temsil ediyoruz - \u00f6zellikle k\u0131dem tazminat\u0131, i\u015ften \u00e7\u0131kar\u0131lmaya kar\u015f\u0131 koruma ve fesih anla\u015fmalar\u0131na odaklan\u0131yoruz.<\/p>\n\n\n\n<div class=\"buttons-block flex flex-wrap justify-center mt-12\"> <a class=\"btn-cta mr-0 sm:mr-3 text-dark\" href=\"tel:+4940524717830\"> <i class=\"fa fa-phone mr-2\"><\/i> Hemen aray\u0131n <\/a> <a class=\"btn-cta mr-0 sm:mr-3 text-dark\" href=\"\/tr\/kontakt\/\"> <i class=\"fa fa-envelope mr-2\"><\/i> \u00dccretsiz ilk de\u011ferlendirme<\/a><\/div>\n<\/div>\n<\/div>\n\n\n\n<h2 class=\"wp-block-heading\" id=\"6\">\u0130\u015ften \u00e7\u0131kar\u0131ld\u0131ktan sonra ne kadar k\u0131dem tazminat\u0131 al\u0131rs\u0131n\u0131z?<\/h2>\n\n\n\n<p>The <a href=\"https:\/\/www.lexware.de\/tools\/abfindungsrechner\/\">K\u0131dem tazminat\u0131 tutar\u0131<\/a> ba\u011fl\u0131d\u0131r <strong>\u00e7e\u015fitli fakt\u00f6rler<\/strong> S\u00f6zde <strong>Standart k\u0131dem tazminat\u0131<\/strong>KSchG&#039;nin 1a maddesi uyar\u0131nca operasyonel nedenlerle i\u015ften \u00e7\u0131kar\u0131lma durumunda, her \u00e7al\u0131\u015fma y\u0131l\u0131 i\u00e7in br\u00fct ayl\u0131k maa\u015f\u0131n yar\u0131s\u0131n\u0131n \u00f6denmesini \u00f6ng\u00f6ren bir d\u00fczenlemedir. Ancak, bu standart k\u0131dem tazminat\u0131 kanunla \u00f6ng\u00f6r\u00fclmemi\u015ftir ve yaln\u0131zca ilk \u00f6deme olarak hizmet vermektedir. <strong>d\u00f6n\u00fcm noktas\u0131<\/strong>K\u0131dem tazminat\u0131n\u0131n \u00f6denip \u00f6denmeyece\u011fi ve ne \u00f6l\u00e7\u00fcde \u00f6denece\u011fi \u00e7e\u015fitli fakt\u00f6rlere ba\u011fl\u0131d\u0131r.<\/p>\n\n\n\n<p>Bunlara \u015funlar dahildir:<\/p>\n\n\n\n<ul class=\"wp-block-list\">\n<li><strong>Hizmet s\u00fcresi <\/strong>Ve<strong> Maa\u015f miktar\u0131<\/strong>: Hizmet s\u00fcresi genellikle k\u0131dem tazminat\u0131n\u0131 art\u0131r\u0131r. Bunun nedeni, hizmet s\u00fcresinin fiili k\u0131dem tazminat\u0131n\u0131n hesaplanmas\u0131nda bir k\u0131stas g\u00f6revi g\u00f6rmesidir. Maa\u015f, hizmet s\u00fcresi gibi, k\u0131dem tazminat\u0131 i\u00e7in temel referanst\u0131r. Bunun ba\u015fl\u0131ca nedeni, artan maa\u015fla birlikte i\u015f ili\u015fkisinin de\u011ferinin artmas\u0131d\u0131r.<\/li>\n\n\n\n<li><strong>\u0130\u015fg\u00fcc\u00fc piyasas\u0131 durumu ve i\u015fg\u00fcc\u00fc piyasas\u0131 f\u0131rsatlar\u0131<\/strong>\u00c7al\u0131\u015fan\u0131n i\u015fveren taraf\u0131ndan i\u015ften \u00e7\u0131kar\u0131ld\u0131ktan sonra \u00f6ng\u00f6r\u00fclebilir gelecekte yeni (e\u015fde\u011fer) bir i\u015f bulma \u015fans\u0131 y\u00fcksekse, bu durum muhtemelen k\u0131dem tazminat\u0131 miktar\u0131 \u00fczerinde olumsuz bir etkiye sahip olacakt\u0131r. Tersine, uzun s\u00fcredir i\u015fsizlik ya\u015fayan ve \u00f6nemli mali dezavantajlara sahip \u00e7al\u0131\u015fanlar, i\u015fsizlik oran\u0131 i\u015fsizlik nedeniyle y\u00fcksekse daha y\u00fcksek k\u0131dem tazminat\u0131 talep edebilirler.<\/li>\n\n\n\n<li><strong>Sanayi<\/strong>Deneyimler, baz\u0131 sekt\u00f6rlerde k\u0131dem tazminatlar\u0131n\u0131n di\u011ferlerine g\u00f6re daha y\u00fcksek oldu\u011funu g\u00f6stermi\u015ftir. \u00d6rne\u011fin, t\u0131p sekt\u00f6r\u00fcnde 1,0 fakt\u00f6r\u00fcn\u00fcn \u00fczerinde k\u0131dem tazminatlar\u0131 d\u00fczenli olarak \u00f6denmektedir. Bu durum, \u00f6zellikle b\u00fcy\u00fck \u015firketler i\u00e7in bankac\u0131l\u0131k sekt\u00f6r\u00fc, otomotiv sekt\u00f6r\u00fc ve kimya sekt\u00f6r\u00fc i\u00e7in de ge\u00e7erlidir. Ancak, yiyecek-i\u00e7ecek sekt\u00f6r\u00fc, kalifiye elemanlar veya lojistik gibi di\u011fer sekt\u00f6rlerde k\u0131dem tazminatlar\u0131 her zaman bu kadar y\u00fcksek olmayabilir ve hatta baz\u0131 durumlarda \u00e7ok daha d\u00fc\u015f\u00fck olabilir. Ancak, bundan genel bir kural \u00e7\u0131karmak zordur. Her bir vakan\u0131n kendine \u00f6zg\u00fc durumu \u00e7ok \u00f6nemlidir.<\/li>\n\n\n\n<li><strong>M\u00fczakere becerileri ve m\u00fczakere psikolojisi<\/strong>\u0130\u015f hukuku uzman\u0131n\u0131n ve m\u00fcvekkilin m\u00fczakere becerileri, k\u0131dem tazminat\u0131 miktar\u0131n\u0131n belirlenmesinde belirleyici bir rol oynar. \u0130\u015fverene sadece hukuki de\u011fil, ayn\u0131 zamanda duygusal ve psikolojik olarak da yakla\u015fmak ve \u00e7\u0131karlar\u0131n\u0131 ve motivasyonlar\u0131n\u0131 anlamak \u00f6nemlidir. \u0130\u015fverenin ihtiya\u00e7 ve beklentilerini kar\u015f\u0131layan hedef odakl\u0131 bir ileti\u015fim, i\u015fvereni ikna etmeye yard\u0131mc\u0131 olabilir.<\/li>\n<\/ul>\n\n\n\n<div style=\"height:10px\" aria-hidden=\"true\" class=\"wp-block-spacer\"><\/div>\n\n\n\n<div class=\"gradient-border blue-gradient p-4 mb-3\"><em>Hukuki gerek\u00e7eler \u00e7o\u011fu zaman tek ba\u015f\u0131na yeterli de\u011fildir; k\u0131dem tazminat\u0131n\u0131n faydalar\u0131n\u0131n da a\u00e7\u0131k\u00e7a iletilmesi ve ikna edici bir \u015fekilde sunulmas\u0131 gerekir. K\u0131dem tazminat\u0131 i\u015fveren taraf\u0131ndan sa\u011flanan g\u00f6n\u00fcll\u00fc bir hak oldu\u011fundan, i\u015fvereni uygun bir \u00f6deme sa\u011flaman\u0131n gereklili\u011fine ikna etmek \u00e7ok \u00f6nemlidir.<\/em><\/div>\n\n\n\n<h2 class=\"wp-block-heading\" id=\"7\">\u00c7al\u0131\u015fanlar i\u015ften \u00e7\u0131kar\u0131ld\u0131ktan sonra nas\u0131l davranmamal\u0131? <\/h2>\n\n\n\n<p>\u00c7al\u0131\u015fanlar i\u00e7in fesih her zaman bir <strong>stresli durum<\/strong> \u0130\u015ften \u00e7\u0131kar\u0131lma nedenine ba\u011fl\u0131 olarak ki\u015fi k\u0131rg\u0131nl\u0131k duyabilir, performans\u0131ndan ve yeteneklerinden \u015f\u00fcphe duyabilir, \u00f6fkelenebilir veya sadece hayal k\u0131r\u0131kl\u0131\u011f\u0131na u\u011frayabilir.<\/p>\n\n\n\n<p>Bunlar\u0131n hepsi i\u015ften \u00e7\u0131kar\u0131lmaya kar\u015f\u0131 insani ve anla\u015f\u0131labilir tepkilerdir. Ancak, size \u00f6nceden haber verilmeden bildirimde bulunulduysa veya i\u015ften \u00e7\u0131kar\u0131lman\u0131z kal\u0131c\u0131 ise, bildirim s\u00fcresi boyunca \u00e7al\u0131\u015fmaya devam etmeniz gerekir. \u00d6zellikle i\u015fvereninize k\u0131zg\u0131nsan\u0131z, bildirim s\u00fcresi boyunca \u00f6zellikle k\u00f6t\u00fc i\u015f yapmay\u0131, i\u015f arkada\u015flar\u0131n\u0131za veya m\u00fc\u015fterilerinize kar\u015f\u0131 a\u015f\u0131r\u0131 kaba davranmay\u0131, \u015firket e-postalar\u0131n\u0131 veya m\u00fc\u015fteri listelerini &quot;yedeklemeyi&quot; veya ki\u015filere onlar hakk\u0131nda ger\u00e7ekten ne d\u00fc\u015f\u00fcnd\u00fc\u011f\u00fcn\u00fcz\u00fc a\u00e7\u0131k\u00e7a belirtmeyi d\u00fc\u015f\u00fcnebilirsiniz.<\/p>\n\n\n\n<h3 class=\"wp-block-heading\">Bildirim yap\u0131lmaks\u0131z\u0131n sonraki fesih<\/h3>\n\n\n\n<p>Ancak, bu t\u00fcr davran\u0131\u015flarda bulunmamak daha iyidir. Bir yandan, i\u015fvereni kal\u0131c\u0131 olarak rahats\u0131z edebilir ve haks\u0131z fesih davas\u0131nda k\u0131dem tazminat\u0131 alma \u015fans\u0131n\u0131 mahvedebilir. Di\u011fer yandan, su\u00e7un ciddiyetine ba\u011fl\u0131 olarak, i\u015fverene tazminat \u00f6deme hakk\u0131 tan\u0131yabilir. <strong>ihbars\u0131z ola\u011fan\u00fcst\u00fc fesih<\/strong> Haks\u0131z fesih davas\u0131nda art\u0131k k\u0131dem tazminat\u0131 de\u011fil, ihbar s\u00fcresi g\u00f6zetilmeksizin feshin ortadan kald\u0131r\u0131lmas\u0131 tart\u0131\u015f\u0131lacak.<\/p>\n\n\n<div class=\"wp-block-image\">\n<figure class=\"alignleft size-large is-resized\"><img loading=\"lazy\" decoding=\"async\" width=\"1024\" height=\"512\" src=\"https:\/\/smart-arbeitsrecht.de\/wp-content\/uploads\/2023\/04\/abfindung_erhalten_taktik-1024x512.jpg\" alt=\"Das sollten Arbeitnehmer tun, wenn sie eine Abfindung nach K\u00fcndigung erhalten m\u00f6chten\" class=\"wp-image-6600\" style=\"width:455px;height:auto\" title=\"\u0130\u015fte \u00e7al\u0131\u015fanlar\u0131n i\u015ften \u00e7\u0131kar\u0131lma sonras\u0131 k\u0131dem tazminat\u0131 almak istemeleri durumunda yapmalar\u0131 gerekenler\" srcset=\"https:\/\/smart-arbeitsrecht.de\/wp-content\/uploads\/2023\/04\/abfindung_erhalten_taktik-1024x512.jpg 1024w, https:\/\/smart-arbeitsrecht.de\/wp-content\/uploads\/2023\/04\/abfindung_erhalten_taktik-300x150.jpg 300w, https:\/\/smart-arbeitsrecht.de\/wp-content\/uploads\/2023\/04\/abfindung_erhalten_taktik-768x384.jpg 768w, https:\/\/smart-arbeitsrecht.de\/wp-content\/uploads\/2023\/04\/abfindung_erhalten_taktik-1536x768.jpg 1536w, https:\/\/smart-arbeitsrecht.de\/wp-content\/uploads\/2023\/04\/abfindung_erhalten_taktik-2048x1024.jpg 2048w\" sizes=\"auto, (max-width: 1024px) 100vw, 1024px\" \/><\/figure><\/div>\n\n\n<p><strong>\u00d6yleyse<\/strong>Fesih bildirimini ald\u0131ktan sonra, sizi savunmas\u0131z b\u0131rakabilecek davran\u0131\u015flardan ka\u00e7\u0131n\u0131n. Avukat\u0131n\u0131z\u0131n duru\u015fma s\u0131ras\u0131nda do\u011frulanabilir olmayan veya i\u015fverenin iftira veya karalama olarak alg\u0131layabilece\u011fi hi\u00e7bir ger\u00e7e\u011fi sunmamas\u0131 da \u00f6nemlidir. Ayr\u0131ca, ate\u015fe gereksiz yere benzin d\u00f6kmemelisiniz. Bu, i\u015fverenin duru\u015fma s\u0131ras\u0131nda fesih talebinde bulunma veya meydan okuyan bir tav\u0131r tak\u0131nma hakk\u0131n\u0131 do\u011furabilir.<\/p>\n\n\n\n<p><\/p>\n\n\n\n<h3 class=\"wp-block-heading\">Ger\u00e7ek niyetlerinizi kendinize saklay\u0131n!<\/h3>\n\n\n\n<p>Bir di\u011fer &quot;<strong>K\u0131dem tazminat\u0131 katili<\/strong>&quot;Bir \u00e7al\u0131\u015fan olarak ger\u00e7ek niyetlerinizin if\u015fas\u0131d\u0131r. Art\u0131k i\u015fveren i\u00e7in \u00e7al\u0131\u015fmakla ilgilenmeseniz bile, bunu \u015fimdilik kendinize saklamal\u0131s\u0131n\u0131z. Bu, ba\u015fka kimsenin bilmemesi gereken bir bilgidir. <a href=\"https:\/\/smart-arbeitsrecht.de\/tr\/fachanwalt-fuer-arbeitsrecht-vorteile-fuer-arbeitnehmer\/\">\u0130\u015f hukuku avukat\u0131<\/a>, elbette - aksi takdirde i\u015ften \u00e7\u0131karma koruma s\u00fcrecinde sizin \u00e7\u0131karlar\u0131n\u0131za ayk\u0131r\u0131 davranabilir.<\/p>\n\n\n\n<p>Bunun sizin ve davran\u0131\u015flar\u0131n\u0131z a\u00e7\u0131s\u0131ndan somut olarak anlam\u0131 nedir?<\/p>\n\n\n\n<ul class=\"wp-block-list\">\n<li>Fesih bildiriminizi ald\u0131ktan sonra, i\u015fvereninize art\u0131k i\u015fe ilgi duymad\u0131\u011f\u0131n\u0131z\u0131 ve geri d\u00f6nmeyece\u011finizi s\u00f6ylememelisiniz.<\/li>\n\n\n\n<li>Ger\u00e7ek niyetinizi meslekta\u015flar\u0131n\u0131za da belli etmemelisiniz.<\/li>\n\n\n\n<li>Haks\u0131z yere i\u015ften \u00e7\u0131kar\u0131lma s\u00fcrecinde yeni bir i\u015f bulduysan\u0131z, bunu \u015fimdilik kendinize saklay\u0131n.<\/li>\n<\/ul>\n\n\n\n<p>Haks\u0131z yere i\u015ften \u00e7\u0131kar\u0131lma s\u00fcrecinde sizin ad\u0131n\u0131za konu\u015fan tek bir ki\u015fi vard\u0131r: <strong>Avukat\u0131n\u0131z<\/strong>Bir\u00e7ok ifade (&quot;Art\u0131k kesinlikle orada \u00e7al\u0131\u015fmak istemiyorum&quot;; &quot;A i\u015fvereniyle \u00e7al\u0131\u015fmaya devam m\u0131 edeyim? Cesedimi \u00e7i\u011fneyerek mi?&quot;; &quot;Zaten yeni bir \u015feyim var&quot;) her \u015feyinizi kaybetmenize yol a\u00e7abilir. Ve bu, duygular y\u00fckseldi\u011finde nispeten h\u0131zl\u0131 bir \u015fekilde ger\u00e7ekle\u015fir.<\/p>\n\n\n\n<h2 class=\"wp-block-heading\" id=\"8\">K\u0131dem tazminat\u0131nda sosyal g\u00fcvenlik katk\u0131 pay\u0131 ne kadard\u0131r?<\/h2>\n\n\n\n<p>K\u0131dem tazminat\u0131n\u0131n avantaj\u0131 \u015fudur: <strong>sosyal g\u00fcvenlik katk\u0131lar\u0131ndan muaf<\/strong> \u00e7\u00fcnk\u00fc kendilerinden herhangi bir sosyal g\u00fcvenlik primi al\u0131nm\u0131yor. <\/p>\n\n\n<div class=\"wp-block-image\">\n<figure class=\"alignright size-large is-resized\"><img loading=\"lazy\" decoding=\"async\" width=\"1024\" height=\"512\" src=\"https:\/\/smart-arbeitsrecht.de\/wp-content\/uploads\/2023\/04\/sozialabgaben_auf_abfindung-1024x512.jpg\" alt=\"Sozialabgaben auf die Abfindung\" class=\"wp-image-6602\" style=\"width:462px;height:auto\" title=\"K\u0131dem tazminat\u0131na ili\u015fkin sosyal g\u00fcvenlik katk\u0131lar\u0131\" srcset=\"https:\/\/smart-arbeitsrecht.de\/wp-content\/uploads\/2023\/04\/sozialabgaben_auf_abfindung-1024x512.jpg 1024w, https:\/\/smart-arbeitsrecht.de\/wp-content\/uploads\/2023\/04\/sozialabgaben_auf_abfindung-300x150.jpg 300w, https:\/\/smart-arbeitsrecht.de\/wp-content\/uploads\/2023\/04\/sozialabgaben_auf_abfindung-768x384.jpg 768w, https:\/\/smart-arbeitsrecht.de\/wp-content\/uploads\/2023\/04\/sozialabgaben_auf_abfindung-1536x768.jpg 1536w, https:\/\/smart-arbeitsrecht.de\/wp-content\/uploads\/2023\/04\/sozialabgaben_auf_abfindung-2048x1024.jpg 2048w\" sizes=\"auto, (max-width: 1024px) 100vw, 1024px\" \/><\/figure><\/div>\n\n\n<p>Sosyal g\u00fcvenlik primleri yaln\u0131zca yap\u0131lan i\u015f kar\u015f\u0131l\u0131\u011f\u0131nda \u00f6denen \u00fccret \u00fczerinden \u00f6denir. Ancak, k\u0131dem tazminat\u0131 ge\u00e7mi\u015f \u00e7al\u0131\u015fmalar\u0131n bir kar\u015f\u0131l\u0131\u011f\u0131 de\u011fil, bir tazminatt\u0131r. <strong>Tazminat ve k\u00f6pr\u00fcleme<\/strong> \u0130\u015f ili\u015fkisinin sona ermesinden sonra gelecekteki gelir kayb\u0131 i\u00e7in. \u00c7al\u0131\u015fan, k\u0131dem tazminat\u0131n\u0131 ge\u00e7mi\u015f hizmetlerinin bir kar\u015f\u0131l\u0131\u011f\u0131 olarak g\u00f6rebilir, ancak bu hizmet kar\u015f\u0131l\u0131\u011f\u0131nda zaten \u00fccret alm\u0131\u015ft\u0131r.<\/p>\n\n\n\n<h2 class=\"wp-block-heading\" id=\"9\">K\u0131dem tazminat\u0131 vergiden muaf m\u0131d\u0131r?<\/h2>\n\n\n\n<p>K\u0131dem tazminat\u0131 sosyal g\u00fcvenlik primlerine tabi olmasa da, <strong>genellikle vergiye tabidir<\/strong>2006&#039;dan bu yana k\u0131dem tazminat\u0131 vergi indirimine tabi tutuluyor <strong>normal bir maa\u015f \u00f6demesi gibi<\/strong> ve al\u0131c\u0131n\u0131n bireysel vergi oran\u0131 \u00fczerinden vergilendirilir. Bu, k\u0131dem tazminat\u0131n\u0131n tamam\u0131n\u0131n gelir vergisine tabi oldu\u011fu ve bunun da \u00f6nemli bir vergi y\u00fck\u00fcne yol a\u00e7abilece\u011fi anlam\u0131na gelir.<\/p>\n\n\n\n<p>Ancak s\u00f6zde <strong>Be\u015finci kural<\/strong> sonras\u0131nda <a href=\"https:\/\/www.gesetze-im-internet.de\/estg\/__34.html\">B\u00f6l\u00fcm 34 (2) No. 2 Gelir Vergisi Kanunu (EStG)<\/a>Bu y\u00f6netmelik, k\u0131dem tazminat\u0131n\u0131n; <strong>ola\u011fan\u00fcst\u00fc gelir<\/strong> ve b\u00f6ylece ayr\u0131cal\u0131kl\u0131 vergi muamelesi g\u00f6r\u00fcr. Be\u015fte bir kural\u0131 uyar\u0131nca, k\u0131dem tazminat\u0131 be\u015f k\u0131sma b\u00f6l\u00fcn\u00fcr ve be\u015f y\u0131l boyunca vergilendirilir. K\u0131dem tazminat\u0131n\u0131n be\u015fte biri, bu k\u0131sma uygulanacak vergi oran\u0131n\u0131 belirlemek i\u00e7in d\u00fczenli y\u0131ll\u0131k gelire eklenir. Bu vergi oran\u0131, be\u015fte birin be\u015fle \u00e7arp\u0131lmas\u0131yla toplam k\u0131dem tazminat\u0131na uygulan\u0131r.<\/p>\n\n\n\n<p>Bu y\u00f6ntem, vergi etkisini k\u0131dem tazminat\u0131 \u00f6demelerine da\u011f\u0131t\u0131r; bu da \u00f6zellikle k\u0131dem tazminat\u0131n\u0131n tek seferde \u00f6denmesi ve aksi takdirde orant\u0131s\u0131z derecede y\u00fcksek bir vergi y\u00fck\u00fcne yol a\u00e7mas\u0131 durumunda faydal\u0131d\u0131r. Be\u015finci kural, Alman vergi sisteminin geli\u015fimini yava\u015flatarak k\u0131dem tazminat\u0131 \u00f6demeleri \u00fczerindeki vergi y\u00fck\u00fcn\u00fcn azalt\u0131lmas\u0131na yard\u0131mc\u0131 olabilir.<\/p>\n\n\n\n<div class=\"cta-1\">\n<h3>Vergi y\u00fck\u00fc <span class=\"orange-accent\">K\u0131dem tazminat\u0131n\u0131 ak\u0131ll\u0131ca azalt\u0131n<\/span> \u2013 be\u015finci kuralla.<\/h3>\n<p><strong>Do\u011fru vergi planlamas\u0131 binlerce avro tasarruf sa\u011flayabilir.<\/strong><\/p>\n<p><em>Be\u015finci kural\u0131n\u0131 yasal olarak nas\u0131l kullanaca\u011f\u0131n\u0131z ve gereksiz vergi y\u00fcklerinden nas\u0131l ka\u00e7\u0131naca\u011f\u0131n\u0131z konusunda size dan\u0131\u015fmanl\u0131k yap\u0131yoruz. Firmam\u0131z, mevcut esnekli\u011fin fark\u0131ndad\u0131r ve bunu \u00f6zellikle sizin yarar\u0131n\u0131za kullan\u0131r.<\/em><\/p>\n<div class=\"buttons-block flex flex-wrap justify-center mt-12\">\n  <a class=\"btn-cta mr-0 sm:mr-3 text-dark\" href=\"tel:+4940524717830\">\n    <i class=\"fa fa-phone mr-2\"><\/i> Hemen aray\u0131n\n  <\/a>\n  <a class=\"btn-cta mr-0 sm:mr-3 text-dark\" href=\"\/tr\/kontakt\/\">\n    <i class=\"fa fa-envelope mr-2\"><\/i> \u00dccretsiz ilk de\u011ferlendirme\n  <\/a>\n<\/div>\n\n<\/div>\n\n\n\n<h2 class=\"wp-block-heading\" id=\"10\">\u0130\u015fsizlik maa\u015f\u0131 al\u0131rken k\u0131dem tazminat\u0131 hesaba kat\u0131l\u0131r m\u0131?<\/h2>\n\n\n\n<p>\u0130\u015f hukuku avukatlar\u0131 olarak, \u00e7al\u0131\u015fanlar taraf\u0131ndan k\u0131dem tazminatlar\u0131n\u0131n i\u015fsizlik \u00f6dene\u011fine eklenip eklenmeyece\u011fi konusunda s\u00fcrekli olarak sorulmaktad\u0131r. \u00c7al\u0131\u015fanlar, bunun olabilece\u011finden ve e\u011fer \u00f6yleyse, k\u0131dem tazminatlar\u0131n\u0131n aylar ge\u00e7tik\u00e7e azalaca\u011f\u0131ndan korkmaktad\u0131r.<\/p>\n\n\n\n<p><strong>Ama endi\u015felenmeyin: <\/strong>K\u0131dem tazminat\u0131, kural olarak, i\u015fsizlik \u00f6dene\u011fi alma hakk\u0131n\u0131za mahsup edilmez veya bu haktan mahsup edilmez. Ancak, bilmeniz gereken bir istisna vard\u0131r: \u0130\u015f s\u00f6zle\u015fmenizdeki ihbar s\u00fcresini a\u015farsan\u0131z, bu tazminat i\u015fsizlik \u00f6dene\u011fi alma hakk\u0131n\u0131zdan mahsup edilecektir. <strong>k\u0131salt\u0131lm\u0131\u015f<\/strong> Bu durumda kanun, k\u0131dem tazminat\u0131n\u0131n ihbar s\u00fcresinin k\u0131salt\u0131lmas\u0131yla tasarruf edilen maa\u015ftan finanse edilen bir fesih tazminat\u0131 oldu\u011funu varsayar.<\/p>\n\n\n\n<div class=\"gradient-border blue-gradient p-4 mb-3\"><em>\u00d6rnek: 6 ayl\u0131k bir ihbar s\u00fcreniz var. \u0130\u015fvereninizle 3 ay i\u00e7inde i\u015ften ayr\u0131lmay\u0131 kabul ediyorsunuz; kalan 3 ay boyunca k\u0131dem tazminat\u0131 alacaks\u0131n\u0131z. Ard\u0131ndan i\u015fsiz olarak kaydolup i\u015fsizlik \u00f6dene\u011fi I&#039;e ba\u015fvuruyorsunuz. \u0130\u015fsizlik \u00f6dene\u011fi I&#039;i ne zaman almaya ba\u015flayacaks\u0131n\u0131z? Evet, 6 ayl\u0131k normal ihbar s\u00fcresi dolduktan sonra. Bu, bu s\u00fcre zarf\u0131nda -3 ila 6 ay aras\u0131nda- hi\u00e7 i\u015fsizlik \u00f6dene\u011fi almayaca\u011f\u0131n\u0131z veya yaln\u0131zca k\u0131smi bir i\u015fsizlik \u00f6dene\u011fi alaca\u011f\u0131n\u0131z anlam\u0131na gelir.<\/em><\/div>\n\n\n\n<div class=\"gradient-border blue-gradient p-4 mb-3\"><em> Not: \u015eirketteki hizmet s\u00fcrenize ve ya\u015f\u0131n\u0131za ba\u011fl\u0131 olarak, i\u015fsizlik \u00f6dene\u011fi olarak hak kazand\u0131\u011f\u0131n\u0131z k\u0131dem tazminat\u0131 miktar\u0131 de\u011fi\u015fiklik g\u00f6sterebilir. \u015eirkette \u00e7al\u0131\u015ft\u0131\u011f\u0131n\u0131z her be\u015f y\u0131l ve 35 ya\u015f\u0131na ula\u015ft\u0131ktan sonraki her be\u015f y\u0131l i\u00e7in bu miktar %5 oran\u0131nda azalt\u0131l\u0131r.<\/em><\/div>\n\n\n\n<p>\u00c7al\u0131\u015fanlar i\u015ften \u00e7\u0131kar\u0131lma veya i\u015ften \u00e7\u0131kar\u0131lma riskiyle kar\u015f\u0131 kar\u015f\u0131yad\u0131r <a href=\"https:\/\/smart-arbeitsrecht.de\/tr\/aufhebungsvertrag-wertvolle-informationen-fuer-arbeitnehmer\/\">fesih s\u00f6zle\u015fmesi<\/a> Ancak i\u015fsizlik yard\u0131mlar\u0131 i\u00e7in ba\u015fka bir tehdit daha var. \u0130\u015f s\u00f6zle\u015fmesini toplumsal olarak kabul edilemez bir \u015fekilde fesheden herkes, <strong>Kilitlenme s\u00fcresi<\/strong> i\u015fsizlik yard\u0131mlar\u0131nda ve haklarda azalmada.<\/p>\n\n\n\n<h2 class=\"wp-block-heading\" id=\"11\">\u00c7\u00f6z\u00fcm<\/h2>\n\n\n\n<ul class=\"wp-block-list\">\n<li><strong>Yasal bir talep yok<\/strong>: Genellikle k\u0131dem tazminat\u0131na yasal olarak hak kazan\u0131lmaz. K\u0131dem tazminat\u0131, s\u00f6zle\u015fmeyle kararla\u015ft\u0131r\u0131lmal\u0131, bir sosyal plan kapsam\u0131nda kararla\u015ft\u0131r\u0131lmal\u0131 veya i\u015ften \u00e7\u0131kar\u0131lma koruma s\u00fcreci kapsam\u0131nda bir uzla\u015fma yoluyla m\u00fczakere edilmelidir.<\/li>\n\n\n\n<li><strong>K\u0131dem tazminat\u0131 genellikle bir m\u00fczakere meselesidir<\/strong>K\u0131dem tazminatlar\u0131, genellikle i\u015fveren i\u00e7in riskleri en aza indirmek amac\u0131yla m\u00fczakere edilir; \u00f6rne\u011fin, gecikmi\u015f istihdam nedeniyle geriye d\u00f6n\u00fck \u00f6deme riski veya kaybedilen bir dava sonras\u0131nda i\u015ften \u00e7\u0131kar\u0131lan \u00e7al\u0131\u015fan\u0131n istihdam\u0131n\u0131n devam\u0131 gibi. K\u0131dem tazminat\u0131 \u00f6deme zorunlulu\u011fu olmasa da, i\u015fverenler genellikle i\u015f ili\u015fkisini yasal olarak sonland\u0131rmak i\u00e7in k\u0131dem tazminat\u0131 \u00f6demeyi kabul ederler.<\/li>\n\n\n\n<li><strong>K\u0131dem tazminat\u0131 tutar\u0131<\/strong>K\u0131dem tazminat\u0131 tutar\u0131 \u00e7e\u015fitli fakt\u00f6rlere ba\u011fl\u0131 olup, Alman \u0130\u015ften \u00c7\u0131karma Koruma Yasas\u0131&#039;n\u0131n (KSchG) 1a maddesi uyar\u0131nca, her \u00e7al\u0131\u015fma y\u0131l\u0131 i\u00e7in br\u00fct ayl\u0131k maa\u015f\u0131n yar\u0131s\u0131 olan standart k\u0131dem tazminat\u0131 bir k\u0131lavuz niteli\u011findedir. Ancak, bu h\u00fck\u00fcm ba\u011flay\u0131c\u0131 olmay\u0131p yaln\u0131zca m\u00fczakere temeli olarak hizmet vermektedir.<\/li>\n\n\n\n<li><strong>Etkileyen fakt\u00f6rler<\/strong>:K\u0131dem tazminat\u0131n\u0131n miktar\u0131, hizmet s\u00fcresi, maa\u015f, sekt\u00f6r ve pazarl\u0131k olanaklar\u0131 gibi \u00e7e\u015fitli fakt\u00f6rlere ba\u011fl\u0131d\u0131r.<\/li>\n\n\n\n<li><strong>Vergiler ve sosyal g\u00fcvenlik katk\u0131lar\u0131<\/strong>K\u0131dem tazminatlar\u0131 sosyal g\u00fcvenlik primlerine tabi de\u011fildir, ancak vergiye tabidir. Be\u015finci kural, vergi y\u00fck\u00fcn\u00fcn da\u011f\u0131t\u0131lmas\u0131na ve azalt\u0131lmas\u0131na olanak tan\u0131r; bu da daha b\u00fcy\u00fck k\u0131dem tazminatlar\u0131 i\u00e7in avantajl\u0131d\u0131r ve vergi art\u0131\u015f\u0131n\u0131 azalt\u0131r.<\/li>\n\n\n\n<li><strong>\u0130\u015fsizlik \u00f6dene\u011fi<\/strong>K\u0131dem tazminatlar\u0131, ihbar s\u00fcresi k\u0131salt\u0131lmad\u0131\u011f\u0131 s\u00fcrece genellikle i\u015fsizlik \u00f6dene\u011fine say\u0131lmaz.<\/li>\n<\/ul>\n\n\n\n<div style=\"height:10px\" aria-hidden=\"true\" class=\"wp-block-spacer\"><\/div>\n\n\n\n<h2 class=\"wp-block-heading\" id=\"12\">SSS<\/h2>\n\n\n\n\n<div id=\"smart-column-block_53cb44da2076f7017a959773be4aaf0f\" class=\"smart-column flex flex-col\">\n                                    <div class='mobile-even-row order-1 md:order-none' >\n                \n<div class=\"smart-container\" >\n    \n    <div class=\"flex flex-wrap\">\n        \n                                            <div class=\"w-full lg:w-full\">\n                    <div class=\"h-full\">\n                        <div class=\"h-full p-1\">\n                        \n<div class=\"mx-auto\">\n            <div class=\"mb-4\">\n            <div class=\"faq-question flex items-center justify-between bg-gray-200 pl-3 pr-2 py-3 w-full rounded text-gray-600 font-bold cursor-pointer hover:bg-gray-300\">\n                K\u0131dem tazminat\u0131 nedir?                <span class=\"h-6 w-6 flex items-center justify-center text-teal-500\"><i class=\"fa-add\"><\/i><\/span>\n            <\/div>\n            <div class=\"faq-answer hidden p-3\">\n                <div class=\"text-gray-600 mb-3\">\n                    K\u0131dem tazminat\u0131, i\u015fverenlerin genellikle i\u015ften \u00e7\u0131karma sonras\u0131nda \u00e7al\u0131\u015fanlara \u00f6dedi\u011fi maddi bir tazminatt\u0131r. \u00c7al\u0131\u015fan\u0131n i\u015fini kaybetmesi durumunda maddi olarak tazmin edilmesini sa\u011flar. K\u0131dem tazminat\u0131 genellikle mahkeme karar\u0131yla veya fesih\/uzla\u015fma s\u00f6zle\u015fmesiyle garanti alt\u0131na al\u0131n\u0131r.                <\/div>\n            <\/div>\n        <\/div>\n\n                    <div class=\"mb-4\">\n            <div class=\"faq-question flex items-center justify-between bg-gray-200 pl-3 pr-2 py-3 w-full rounded text-gray-600 font-bold cursor-pointer hover:bg-gray-300\">\n                \u0130\u015ften \u00e7\u0131kar\u0131lma durumunda k\u0131dem tazminat\u0131na hak kazan\u0131r m\u0131y\u0131m?                <span class=\"h-6 w-6 flex items-center justify-center text-teal-500\"><i class=\"fa-add\"><\/i><\/span>\n            <\/div>\n            <div class=\"faq-answer hidden p-3\">\n                <div class=\"text-gray-600 mb-3\">\n                    Genellikle k\u0131dem tazminat\u0131na hak kazanmazs\u0131n\u0131z. Sadece birka\u00e7 yasal davada, fesih sonras\u0131nda i\u015fvereninizin k\u0131dem tazminat\u0131 \u00f6demesi gerekir. Bu, i\u015fveren taraf\u0131ndan sa\u011flanan g\u00f6n\u00fcll\u00fc bir hakt\u0131r ve esasen i\u015f s\u00f6zle\u015fmenizi sat\u0131n al\u0131r.                <\/div>\n            <\/div>\n        <\/div>\n\n                    <div class=\"mb-4\">\n            <div class=\"faq-question flex items-center justify-between bg-gray-200 pl-3 pr-2 py-3 w-full rounded text-gray-600 font-bold cursor-pointer hover:bg-gray-300\">\n                K\u0131dem tazminat\u0131na yasal olarak ne zaman hak kazan\u0131r\u0131m?                <span class=\"h-6 w-6 flex items-center justify-center text-teal-500\"><i class=\"fa-add\"><\/i><\/span>\n            <\/div>\n            <div class=\"faq-answer hidden p-3\">\n                <div class=\"text-gray-600 mb-3\">\n                    Kanun kapsam\u0131nda k\u0131dem tazminat\u0131 yaln\u0131zca istisnai durumlarda ge\u00e7erlidir. \u00d6rne\u011fin, i\u015fvereniniz operasyonel nedenlerle i\u015f akdinizi feshedip ayn\u0131 anda size k\u0131dem tazminat\u0131 teklif ederse. Bu durumda, haks\u0131z fesih davas\u0131 a\u00e7mazsan\u0131z k\u0131dem tazminat\u0131 almaya hak kazan\u0131rs\u0131n\u0131z. \u0130\u015f mahkemesi fesih ba\u015fvurunuzu kabul etse bile, yine de k\u0131dem tazminat\u0131 almaya hak kazan\u0131rs\u0131n\u0131z.                <\/div>\n            <\/div>\n        <\/div>\n\n                    <div class=\"mb-4\">\n            <div class=\"faq-question flex items-center justify-between bg-gray-200 pl-3 pr-2 py-3 w-full rounded text-gray-600 font-bold cursor-pointer hover:bg-gray-300\">\n                \u0130\u015ften \u00e7\u0131kar\u0131ld\u0131ktan sonra k\u0131dem tazminat\u0131n\u0131 alma \u015fans\u0131m ne zaman olur?                <span class=\"h-6 w-6 flex items-center justify-center text-teal-500\"><i class=\"fa-add\"><\/i><\/span>\n            <\/div>\n            <div class=\"faq-answer hidden p-3\">\n                <div class=\"text-gray-600 mb-3\">\n                    \u0130\u015ften \u00c7\u0131karma Koruma Yasas\u0131 davan\u0131za uygulan\u0131yorsa, \u00f6zellikle y\u00fcksek bir \u015fans\u0131n\u0131z var. Bu, \u015firkette alt\u0131 aydan uzun s\u00fcredir \u00e7al\u0131\u015f\u0131yor olman\u0131z gerekti\u011fi anlam\u0131na gelir. Ayr\u0131ca, \u015firketin 10&#039;dan fazla tam zamanl\u0131 \u00e7al\u0131\u015fan\u0131 olmas\u0131 gerekir. Bu durumda, k\u0131dem tazminat\u0131 i\u00e7in temel ko\u015fullar kar\u015f\u0131lanm\u0131\u015f olur. \u0130\u015fverenin fesih gerek\u00e7esi sunmas\u0131 gerekir.                <\/div>\n            <\/div>\n        <\/div>\n\n                    <div class=\"mb-4\">\n            <div class=\"faq-question flex items-center justify-between bg-gray-200 pl-3 pr-2 py-3 w-full rounded text-gray-600 font-bold cursor-pointer hover:bg-gray-300\">\n                K\u0131dem tazminat\u0131 alabilmek i\u00e7in ne yapmam gerekiyor?                <span class=\"h-6 w-6 flex items-center justify-center text-teal-500\"><i class=\"fa-add\"><\/i><\/span>\n            <\/div>\n            <div class=\"faq-answer hidden p-3\">\n                <div class=\"text-gray-600 mb-3\">\n                    K\u0131dem tazminat\u0131 al\u0131p almayaca\u011f\u0131n\u0131z\u0131 etkileyen bir\u00e7ok fakt\u00f6r var. Her \u015feyden \u00f6nce, haks\u0131z fesih davas\u0131 a\u00e7\u0131p a\u00e7mad\u0131\u011f\u0131n\u0131z \u00f6nemlidir. Fesih bildirimini ald\u0131ktan sonra dava a\u00e7mak i\u00e7in yaln\u0131zca \u00fc\u00e7 haftan\u0131z var. Yaln\u0131zca mahkeme s\u00fcreci, i\u015fveren i\u00e7in hukuki ve finansal riskler yarat\u0131r ve bu da size potansiyel olarak k\u0131dem tazminat\u0131 \u00f6deme te\u015fvikini sa\u011flar. \u0130\u015fverenler neden k\u0131dem tazminat\u0131 \u00f6der? Bunu, yasal olarak g\u00fcvenli bir fesih sa\u011flamak i\u00e7in yaparlar. Feshin mahkemede ge\u00e7erli olup olmayaca\u011f\u0131 ise \u00e7o\u011fu durumda kesin de\u011fildir.                <\/div>\n            <\/div>\n        <\/div>\n\n                    <div class=\"mb-4\">\n            <div class=\"faq-question flex items-center justify-between bg-gray-200 pl-3 pr-2 py-3 w-full rounded text-gray-600 font-bold cursor-pointer hover:bg-gray-300\">\n                \u0130\u015ften \u00e7\u0131kar\u0131lma durumunda ne kadar k\u0131dem tazminat\u0131 alaca\u011f\u0131m?                <span class=\"h-6 w-6 flex items-center justify-center text-teal-500\"><i class=\"fa-add\"><\/i><\/span>\n            <\/div>\n            <div class=\"faq-answer hidden p-3\">\n                <div class=\"text-gray-600 mb-3\">\n                    Mahkemelerde, standart k\u0131dem tazminat\u0131 olarak adland\u0131r\u0131lan tazminat s\u0131kl\u0131kla tart\u0131\u015f\u0131l\u0131r. Bu, her \u00e7al\u0131\u015fma y\u0131l\u0131 i\u00e7in br\u00fct ayl\u0131k maa\u015f\u0131n yar\u0131s\u0131d\u0131r. Ancak bu yaln\u0131zca bir \u00f6n k\u0131lavuzdur. Mahkemenin haks\u0131z fesih davas\u0131n\u0131n ba\u015far\u0131 \u015fans\u0131ndan emin olmad\u0131\u011f\u0131 durumlarda devreye girer. Genel kural \u015fudur: Feshin ge\u00e7erlili\u011fine kar\u015f\u0131 ne kadar \u00e7ok arg\u00fcman varsa, \u00e7al\u0131\u015fan\u0131n hukuki durumu o kadar iyi olur. Ve k\u0131dem tazminat\u0131 da nihayetinde o kadar y\u00fcksek olabilir.                <\/div>\n            <\/div>\n        <\/div>\n\n                    <div class=\"mb-4\">\n            <div class=\"faq-question flex items-center justify-between bg-gray-200 pl-3 pr-2 py-3 w-full rounded text-gray-600 font-bold cursor-pointer hover:bg-gray-300\">\n                K\u0131dem tazminat\u0131 i\u015fsizlik \u00f6dene\u011fi I&#039;den mahsup edilir mi?                <span class=\"h-6 w-6 flex items-center justify-center text-teal-500\"><i class=\"fa-add\"><\/i><\/span>\n            <\/div>\n            <div class=\"faq-answer hidden p-3\">\n                <div class=\"text-gray-600 mb-3\">\n                    Hay\u0131r, k\u0131dem tazminat\u0131 ve i\u015fsizlik \u00f6dene\u011fi I&#039;in mahsup edilmesi\/kredilendirilmesi s\u00f6z konusu de\u011fildir. Sadece taraflar\u0131n bireysel ihbar s\u00fcresini k\u0131saltmas\u0131 ve \u00e7al\u0131\u015fan\u0131n biriktirdi\u011fi maa\u015f\u0131 k\u0131dem tazminat\u0131 (i\u015ften \u00e7\u0131karma tazminat\u0131) olarak almas\u0131 durumunda istisna uygulan\u0131r.                <\/div>\n            <\/div>\n        <\/div>\n\n                    <div class=\"mb-4\">\n            <div class=\"faq-question flex items-center justify-between bg-gray-200 pl-3 pr-2 py-3 w-full rounded text-gray-600 font-bold cursor-pointer hover:bg-gray-300\">\n                K\u0131dem tazminat\u0131na sosyal g\u00fcvenlik primi eklenir mi?                <span class=\"h-6 w-6 flex items-center justify-center text-teal-500\"><i class=\"fa-add\"><\/i><\/span>\n            <\/div>\n            <div class=\"faq-answer hidden p-3\">\n                <div class=\"text-gray-600 mb-3\">\n                    Hay\u0131r, k\u0131dem tazminat\u0131na sosyal g\u00fcvenlik primi \u00f6denmez.                <\/div>\n            <\/div>\n        <\/div>\n\n                    <div class=\"mb-4\">\n            <div class=\"faq-question flex items-center justify-between bg-gray-200 pl-3 pr-2 py-3 w-full rounded text-gray-600 font-bold cursor-pointer hover:bg-gray-300\">\n                K\u0131dem tazminat\u0131 vergiye tabi midir?                <span class=\"h-6 w-6 flex items-center justify-center text-teal-500\"><i class=\"fa-add\"><\/i><\/span>\n            <\/div>\n            <div class=\"faq-answer hidden p-3\">\n                <div class=\"text-gray-600 mb-3\">\n                    Evet, k\u0131dem tazminat\u0131, ki\u015finin vergi oran\u0131 \u00fczerinden vergilendirilir. Vergi hukuku a\u00e7\u0131s\u0131ndan ayr\u0131cal\u0131kl\u0131d\u0131r \u00e7\u00fcnk\u00fc k\u0131dem tazminat\u0131na be\u015fte bir kural\u0131 uygulan\u0131r.                <\/div>\n            <\/div>\n        <\/div>\n\n                    <div class=\"mb-4\">\n            <div class=\"faq-question flex items-center justify-between bg-gray-200 pl-3 pr-2 py-3 w-full rounded text-gray-600 font-bold cursor-pointer hover:bg-gray-300\">\n                Anla\u015fmaya varmak i\u00e7in bir avukata ihtiyac\u0131m var m\u0131?                <span class=\"h-6 w-6 flex items-center justify-center text-teal-500\"><i class=\"fa-add\"><\/i><\/span>\n            <\/div>\n            <div class=\"faq-answer hidden p-3\">\n                <div class=\"text-gray-600 mb-3\">\n                    Deneyimlerime g\u00f6re, \u00e7al\u0131\u015fanlar k\u0131dem tazminat\u0131 m\u00fczakerelerinde \u00e7ok saf\u00e7a davran\u0131yorlar. \u0130\u015fverenler bunu istismar ederek k\u0131dem tazminat\u0131n\u0131 d\u00fc\u015f\u00fcr\u00fcyorlar. Ancak soruyu cevaplamak gerekirse: Hay\u0131r, m\u00fczakereler i\u00e7in bir avukata ihtiyac\u0131n\u0131z yok. Hatta ilk etapta i\u015f mahkemesinde bile. Ancak bir avukat olmadan, \u00e7al\u0131\u015fan kendini h\u0131zla kaybeden bir konumda bulur. \u00d6nemli bir k\u0131dem tazminat\u0131 potansiyeli kaybedilebilir.                <\/div>\n            <\/div>\n        <\/div>\n\n                    <div class=\"mb-4\">\n            <div class=\"faq-question flex items-center justify-between bg-gray-200 pl-3 pr-2 py-3 w-full rounded text-gray-600 font-bold cursor-pointer hover:bg-gray-300\">\n                \u0130stifa ettim, k\u0131dem tazminat\u0131 alabilir miyim?                <span class=\"h-6 w-6 flex items-center justify-center text-teal-500\"><i class=\"fa-add\"><\/i><\/span>\n            <\/div>\n            <div class=\"faq-answer hidden p-3\">\n                <div class=\"text-gray-600 mb-3\">\n                    Kendi iste\u011finizle istifa ederseniz, i\u015fvereninizin size k\u0131dem tazminat\u0131 \u00f6demesi neredeyse imkans\u0131zd\u0131r. Bunu yapmalar\u0131 i\u00e7in hi\u00e7bir yasal veya mali te\u015fvikleri olmayacakt\u0131r. \u0130\u015f ili\u015fkisi, onlar\u0131n eylemlerinden ba\u011f\u0131ms\u0131z olarak sona erecektir.                <\/div>\n            <\/div>\n        <\/div>\n\n            <\/div>\n\n    <script type=\"application\/ld+json\">\n    {\n        \"@context\": \"https:\/\/schema.org\",\n        \"@type\": \"FAQPage\",\n        \"mainEntity\": [\n            {\n    \"@type\": \"Question\",\n    \"name\": \"Was ist eine Abfindung?\",\n    \"acceptedAnswer\": {\n        \"@type\": \"Answer\",\n        \"text\": \"Eine Abfindung ist eine finanzielle Kompensation, die Arbeitgeber an Arbeitnehmer nicht selten nach einer K\u00fcndigung zahlen. Sie dient dem finanziellen Ausgleich des Arbeitnehmers f\u00fcr den Verlust des Arbeitsplatzes. Meist wird eine Abfindung in einem gerichtlichen Vergleich zugesichert oder in einem Aufhebungsvertrag\/Abwicklungsvertrag.\"\n    }\n},{\n    \"@type\": \"Question\",\n    \"name\": \"Habe ich Anspruch auf eine Abfindung nach K\u00fcndigung?\",\n    \"acceptedAnswer\": {\n        \"@type\": \"Answer\",\n        \"text\": \"Ganz grunds\u00e4tzlich hast Du keinen Anspruch auf eine Abfindung. Nur in wenigen gesetzlichen F\u00e4llen ist die Zahlung einer Abfindung durch den Arbeitgeber nach einer K\u00fcndigung vorgeschrieben. Es handelt sich um eine freiwillige Leistung des Arbeitgebers, mit der er Dir dein Arbeitsverh\u00e4ltnis quasi abkauft.\"\n    }\n},{\n    \"@type\": \"Question\",\n    \"name\": \"Wann steht mir nach dem Gesetz eine Abfindung zu?\",\n    \"acceptedAnswer\": {\n        \"@type\": \"Answer\",\n        \"text\": \"Eine Abfindung nach dem Gesetz gibt es nur ausnahmsweise. Etwa dann, wenn der Arbeitgeber Dir betriebsbedingt k\u00fcndigt und Dir gleichzeitig eine Abfindung anbietet. Dann hast Du einen Anspruch darauf, wenn Du keine K\u00fcndigungsschutzklage erhebst. Auch wenn das Arbeitsgericht einem Aufl\u00f6sungsantrag stattgibt, h\u00e4ttest Du einen Anspruch auf eine Abfindung.\"\n    }\n},{\n    \"@type\": \"Question\",\n    \"name\": \"Wann habe ich eine Chance darauf, nach einer K\u00fcndigung eine Abfindung zu bekommen?\",\n    \"acceptedAnswer\": {\n        \"@type\": \"Answer\",\n        \"text\": \"Du hast insbesondere dann Chancen, wenn in Deinem Fall das K\u00fcndigungsschutzgesetz anwendbar ist. Das hei\u00dft, du musst l\u00e4nger als 6 Monate im Unternehmen t\u00e4tig sein. Zus\u00e4tzlich m\u00fcssen im Betrieb mehr als 10 Arbeitnehmer in Vollzeit besch\u00e4ftigt sein. Dann sind schon mal die Grundbedingungen f\u00fcr eine Abfindung erf\u00fcllt. Denn dann ben\u00f6tigt der Arbeitgeber einen K\u00fcndigungsgrund f\u00fcr die K\u00fcndigung.\"\n    }\n},{\n    \"@type\": \"Question\",\n    \"name\": \"Was muss ich tun, um eine Abfindung zu erhalten?\",\n    \"acceptedAnswer\": {\n        \"@type\": \"Answer\",\n        \"text\": \"Es gibt viele Verhaltensweisen, die beeinflussen, ob Du eine Abfindung bekommst. Allen voran die Frage, ob Du eine K\u00fcndigungsschutzklage eingelegt hast. Daf\u00fcr hast Du nur 3 Wochen nach Zugang der K\u00fcndigung Zeit. Erst das gerichtliche Verfahren bringt f\u00fcr den Arbeitgeber rechtliche und finanzielle Risiken - und damit den Anreiz, Dir m\u00f6glicherweise eine Abfindung zu zahlen. Denn warum zahlen Arbeitgeber eine Abfindung? Sie tun das deshalb, um eine rechtssichere Beendigung zu bekommen. Ob die K\u00fcndigung vor Gericht standh\u00e4lt, ist n\u00e4mlich in vielen F\u00e4llen gar nicht so sicher.\"\n    }\n},{\n    \"@type\": \"Question\",\n    \"name\": \"Wie hoch ist die Abfindung, die ich nach einer K\u00fcndigung bekomme?\",\n    \"acceptedAnswer\": {\n        \"@type\": \"Answer\",\n        \"text\": \"Vor Gericht ist h\u00e4ufig von der sogenannten Regelabfindung die Rede. Das ist ein halbes Bruttomonatsgehalt pro Besch\u00e4ftigungsjahr. Aber: Das ist nur eine erste Orientierung. Die kommt dann zum Tragen, wenn das Gericht die Erfolgsaussichten einer K\u00fcndigungsschutzklage nicht so recht einsch\u00e4tzen kann. Grunds\u00e4tzlich gilt: Je mehr Argumente gegen die Wirksamkeit der K\u00fcndigung sprechen, desto besser ist die Prozesssituation des Arbeitnehmers. Und desto h\u00f6her k\u00f6nnte am Ende die Abfindung ausfallen.\"\n    }\n},{\n    \"@type\": \"Question\",\n    \"name\": \"Wird die Abfindung mit dem Arbeitslosengeld I verrechnet?\",\n    \"acceptedAnswer\": {\n        \"@type\": \"Answer\",\n        \"text\": \"Nein, es findet keine Verrechnung\/Anrechnung von Abfindung und das Arbeitslosengeld I statt. Eine Ausnahme gilt nur f\u00fcr den Fall, dass die Parteien die individuelle K\u00fcndigungsfrist abk\u00fcrzen und der Arbeitnehmer die eingesparten Geh\u00e4lter als Abfindung bekommt (Entlassungsentsch\u00e4digung).\"\n    }\n},{\n    \"@type\": \"Question\",\n    \"name\": \"Fallen auf die Abfindung Sozialabgaben an?\",\n    \"acceptedAnswer\": {\n        \"@type\": \"Answer\",\n        \"text\": \"Nein, Sozialabgaben werden auf die Abfindung nicht f\u00e4llig.\"\n    }\n},{\n    \"@type\": \"Question\",\n    \"name\": \"Ist die Abfindung zu versteuern?\",\n    \"acceptedAnswer\": {\n        \"@type\": \"Answer\",\n        \"text\": \"Ja, die Abfindung ist mit dem individuellen Steuersatz zu versteuern. Sie ist insofern steuerrechtlich privilegiert, als auf die Abfindung die sogenannte F\u00fcnftelregelung Anwendung findet.\"\n    }\n},{\n    \"@type\": \"Question\",\n    \"name\": \"Ben\u00f6tige ich einen Anwalt, um eine Abfindung zu erzielen?\",\n    \"acceptedAnswer\": {\n        \"@type\": \"Answer\",\n        \"text\": \"Nach meiner Erfahrung agieren Arbeitnehmer sehr unbedarft bei der Verhandlung von Abfindungen. Das nutzen Arbeitgeber aus und dr\u00fccken damit die Abfindungssumme. Aber um die Frage zu beantworten: Nein, einen Anwalt ben\u00f6tigst Du f\u00fcr die Verhandlungen nicht. Auch nicht in der 1. Instanz vor dem Arbeitsgericht. Doch ohne Anwalt steht ein Arbeitnehmer schnell auf verlorenem Posten. Es gehen wom\u00f6glich erhebliche Abfindungspotenziale verloren.\"\n    }\n},{\n    \"@type\": \"Question\",\n    \"name\": \"Ich habe selbst gek\u00fcndigt - bekomme ich nun eine Abfindung?\",\n    \"acceptedAnswer\": {\n        \"@type\": \"Answer\",\n        \"text\": \"Bei einer Eigenk\u00fcndigung ist es nahezu ausgeschlossen, dass der Arbeitgeber Dir eine Abfindung zahlt. Er h\u00e4tte dazu \u00fcberhaupt keinen rechtlichen oder finanziellen Anreiz. Das Arbeitsverh\u00e4ltnis wird auch ohne sein Zutun enden.\"\n    }\n}\n        ]\n    }\n    <\/script>                        <\/div>\n                    <\/div>\n                <\/div>\n                    \n        \n    <\/div>\n\n<\/div>\n            <\/div>\n            <\/div>","protected":false},"excerpt":{"rendered":"<p>\u0130\u015fveren taraf\u0131ndan i\u015ften \u00e7\u0131kar\u0131lma durumunda k\u0131dem tazminat\u0131 almak, bir\u00e7ok \u00e7al\u0131\u015fan\u0131n hafife ald\u0131\u011f\u0131 bir \u015feydir. Ancak bu genellikle yanl\u0131\u015f bir kan\u0131d\u0131r...<\/p>","protected":false},"author":1,"featured_media":6591,"parent":0,"menu_order":0,"comment_status":"closed","ping_status":"closed","template":"","meta":{"footnotes":""},"class_list":["post-6553","page","type-page","status-publish","has-post-thumbnail","hentry"],"acf":[],"yoast_head":"<!-- This site is optimized with the Yoast SEO plugin v26.5 - https:\/\/yoast.com\/wordpress\/plugins\/seo\/ -->\n<title>Abfindung bei K\u00fcndigung - Wir beleuchten die wichtigsten Aspekte!<\/title>\n<meta name=\"description\" content=\"Du suchst nach Informationen zum Thema Abfindung bei K\u00fcndigung? In diesem Ratgeber findest Du fundierte Hinweise, die Dich weiterbringen.\" \/>\n<meta name=\"robots\" content=\"index, follow, max-snippet:-1, max-image-preview:large, max-video-preview:-1\" \/>\n<link rel=\"canonical\" href=\"https:\/\/smart-arbeitsrecht.de\/tr\/abfindung-bei-kuendigung\/\" \/>\n<meta property=\"og:locale\" content=\"tr_TR\" \/>\n<meta property=\"og:type\" content=\"article\" \/>\n<meta property=\"og:title\" content=\"Abfindung bei K\u00fcndigung - Wir beleuchten die wichtigsten Aspekte!\" \/>\n<meta property=\"og:description\" content=\"Du suchst nach Informationen zum Thema Abfindung bei K\u00fcndigung? In diesem Ratgeber findest Du fundierte Hinweise, die Dich weiterbringen.\" \/>\n<meta property=\"og:url\" content=\"https:\/\/smart-arbeitsrecht.de\/tr\/abfindung-bei-kuendigung\/\" \/>\n<meta property=\"og:site_name\" content=\"Smart-Arbeitsrecht\" \/>\n<meta property=\"article:modified_time\" content=\"2025-07-02T09:56:03+00:00\" \/>\n<meta property=\"og:image\" content=\"https:\/\/smart-arbeitsrecht.de\/wp-content\/uploads\/2023\/04\/abfindung_bei_kuendigung.jpg\" \/>\n\t<meta property=\"og:image:width\" content=\"2312\" \/>\n\t<meta property=\"og:image:height\" content=\"1156\" \/>\n\t<meta property=\"og:image:type\" content=\"image\/jpeg\" \/>\n<meta name=\"twitter:card\" content=\"summary_large_image\" \/>\n<meta name=\"twitter:label1\" content=\"Tahmini okuma s\u00fcresi\" \/>\n\t<meta name=\"twitter:data1\" content=\"23 dakika\" \/>\n<script type=\"application\/ld+json\" class=\"yoast-schema-graph\">{\"@context\":\"https:\/\/schema.org\",\"@graph\":[{\"@type\":\"WebPage\",\"@id\":\"https:\/\/smart-arbeitsrecht.de\/abfindung-bei-kuendigung\/\",\"url\":\"https:\/\/smart-arbeitsrecht.de\/abfindung-bei-kuendigung\/\",\"name\":\"Abfindung bei K\u00fcndigung - Wir beleuchten die wichtigsten Aspekte!\",\"isPartOf\":{\"@id\":\"https:\/\/smart-arbeitsrecht.de\/#website\"},\"primaryImageOfPage\":{\"@id\":\"https:\/\/smart-arbeitsrecht.de\/abfindung-bei-kuendigung\/#primaryimage\"},\"image\":{\"@id\":\"https:\/\/smart-arbeitsrecht.de\/abfindung-bei-kuendigung\/#primaryimage\"},\"thumbnailUrl\":\"https:\/\/smart-arbeitsrecht.de\/wp-content\/uploads\/2023\/04\/abfindung_bei_kuendigung.jpg\",\"description\":\"Du suchst nach Informationen zum Thema Abfindung bei K\u00fcndigung? In diesem Ratgeber findest Du fundierte Hinweise, die Dich weiterbringen.\",\"breadcrumb\":{\"@id\":\"https:\/\/smart-arbeitsrecht.de\/abfindung-bei-kuendigung\/#breadcrumb\"},\"inLanguage\":\"tr\",\"potentialAction\":[{\"@type\":\"ReadAction\",\"target\":[\"https:\/\/smart-arbeitsrecht.de\/abfindung-bei-kuendigung\/\"]}]},{\"@type\":\"ImageObject\",\"inLanguage\":\"tr\",\"@id\":\"https:\/\/smart-arbeitsrecht.de\/abfindung-bei-kuendigung\/#primaryimage\",\"url\":\"https:\/\/smart-arbeitsrecht.de\/wp-content\/uploads\/2023\/04\/abfindung_bei_kuendigung.jpg\",\"contentUrl\":\"https:\/\/smart-arbeitsrecht.de\/wp-content\/uploads\/2023\/04\/abfindung_bei_kuendigung.jpg\",\"width\":2312,\"height\":1156,\"caption\":\"Abfindung bei K\u00fcndigung\"},{\"@type\":\"BreadcrumbList\",\"@id\":\"https:\/\/smart-arbeitsrecht.de\/abfindung-bei-kuendigung\/#breadcrumb\",\"itemListElement\":[{\"@type\":\"ListItem\",\"position\":1,\"name\":\"Startseite\",\"item\":\"https:\/\/smart-arbeitsrecht.de\/\"},{\"@type\":\"ListItem\",\"position\":2,\"name\":\"Abfindung bei K\u00fcndigung &#8211; Alles, was Du dazu wissen musst\"}]},{\"@type\":\"WebSite\",\"@id\":\"https:\/\/smart-arbeitsrecht.de\/#website\",\"url\":\"https:\/\/smart-arbeitsrecht.de\/\",\"name\":\"Smart-Arbeitsrecht\",\"description\":\"Kanzlei f\u00fcr Arbeitsrecht\",\"potentialAction\":[{\"@type\":\"SearchAction\",\"target\":{\"@type\":\"EntryPoint\",\"urlTemplate\":\"https:\/\/smart-arbeitsrecht.de\/?s={search_term_string}\"},\"query-input\":{\"@type\":\"PropertyValueSpecification\",\"valueRequired\":true,\"valueName\":\"search_term_string\"}}],\"inLanguage\":\"tr\"}]}<\/script>\n<!-- \/ Yoast SEO plugin. -->","yoast_head_json":{"title":"Fesih Halinde K\u0131dem Tazminat\u0131 - En \u00f6nemli hususlar\u0131 vurguluyoruz!","description":"Fesih halinde k\u0131dem tazminat\u0131 hakk\u0131nda bilgi mi ar\u0131yorsunuz? Bu rehber size yard\u0131mc\u0131 olacak sa\u011flam tavsiyeler sunuyor.","robots":{"index":"index","follow":"follow","max-snippet":"max-snippet:-1","max-image-preview":"max-image-preview:large","max-video-preview":"max-video-preview:-1"},"canonical":"https:\/\/smart-arbeitsrecht.de\/tr\/abfindung-bei-kuendigung\/","og_locale":"tr_TR","og_type":"article","og_title":"Abfindung bei K\u00fcndigung - Wir beleuchten die wichtigsten Aspekte!","og_description":"Du suchst nach Informationen zum Thema Abfindung bei K\u00fcndigung? In diesem Ratgeber findest Du fundierte Hinweise, die Dich weiterbringen.","og_url":"https:\/\/smart-arbeitsrecht.de\/tr\/abfindung-bei-kuendigung\/","og_site_name":"Smart-Arbeitsrecht","article_modified_time":"2025-07-02T09:56:03+00:00","og_image":[{"width":2312,"height":1156,"url":"https:\/\/smart-arbeitsrecht.de\/wp-content\/uploads\/2023\/04\/abfindung_bei_kuendigung.jpg","type":"image\/jpeg"}],"twitter_card":"summary_large_image","twitter_misc":{"Tahmini okuma s\u00fcresi":"23 dakika"},"schema":{"@context":"https:\/\/schema.org","@graph":[{"@type":"WebPage","@id":"https:\/\/smart-arbeitsrecht.de\/abfindung-bei-kuendigung\/","url":"https:\/\/smart-arbeitsrecht.de\/abfindung-bei-kuendigung\/","name":"Fesih Halinde K\u0131dem Tazminat\u0131 - En \u00f6nemli hususlar\u0131 vurguluyoruz!","isPartOf":{"@id":"https:\/\/smart-arbeitsrecht.de\/#website"},"primaryImageOfPage":{"@id":"https:\/\/smart-arbeitsrecht.de\/abfindung-bei-kuendigung\/#primaryimage"},"image":{"@id":"https:\/\/smart-arbeitsrecht.de\/abfindung-bei-kuendigung\/#primaryimage"},"thumbnailUrl":"https:\/\/smart-arbeitsrecht.de\/wp-content\/uploads\/2023\/04\/abfindung_bei_kuendigung.jpg","description":"Fesih halinde k\u0131dem tazminat\u0131 hakk\u0131nda bilgi mi ar\u0131yorsunuz? Bu rehber size yard\u0131mc\u0131 olacak sa\u011flam tavsiyeler sunuyor.","breadcrumb":{"@id":"https:\/\/smart-arbeitsrecht.de\/abfindung-bei-kuendigung\/#breadcrumb"},"inLanguage":"tr","potentialAction":[{"@type":"ReadAction","target":["https:\/\/smart-arbeitsrecht.de\/abfindung-bei-kuendigung\/"]}]},{"@type":"ImageObject","inLanguage":"tr","@id":"https:\/\/smart-arbeitsrecht.de\/abfindung-bei-kuendigung\/#primaryimage","url":"https:\/\/smart-arbeitsrecht.de\/wp-content\/uploads\/2023\/04\/abfindung_bei_kuendigung.jpg","contentUrl":"https:\/\/smart-arbeitsrecht.de\/wp-content\/uploads\/2023\/04\/abfindung_bei_kuendigung.jpg","width":2312,"height":1156,"caption":"Abfindung bei K\u00fcndigung"},{"@type":"BreadcrumbList","@id":"https:\/\/smart-arbeitsrecht.de\/abfindung-bei-kuendigung\/#breadcrumb","itemListElement":[{"@type":"ListItem","position":1,"name":"Startseite","item":"https:\/\/smart-arbeitsrecht.de\/"},{"@type":"ListItem","position":2,"name":"Abfindung bei K\u00fcndigung &#8211; Alles, was Du dazu wissen musst"}]},{"@type":"WebSite","@id":"https:\/\/smart-arbeitsrecht.de\/#website","url":"https:\/\/smart-arbeitsrecht.de\/","name":"Ak\u0131ll\u0131 i\u015f hukuku","description":"\u0130\u015f hukuku firmas\u0131","potentialAction":[{"@type":"SearchAction","target":{"@type":"EntryPoint","urlTemplate":"https:\/\/smart-arbeitsrecht.de\/?s={search_term_string}"},"query-input":{"@type":"PropertyValueSpecification","valueRequired":true,"valueName":"search_term_string"}}],"inLanguage":"tr"}]}},"_links":{"self":[{"href":"https:\/\/smart-arbeitsrecht.de\/tr\/wp-json\/wp\/v2\/pages\/6553","targetHints":{"allow":["GET"]}}],"collection":[{"href":"https:\/\/smart-arbeitsrecht.de\/tr\/wp-json\/wp\/v2\/pages"}],"about":[{"href":"https:\/\/smart-arbeitsrecht.de\/tr\/wp-json\/wp\/v2\/types\/page"}],"author":[{"embeddable":true,"href":"https:\/\/smart-arbeitsrecht.de\/tr\/wp-json\/wp\/v2\/users\/1"}],"replies":[{"embeddable":true,"href":"https:\/\/smart-arbeitsrecht.de\/tr\/wp-json\/wp\/v2\/comments?post=6553"}],"version-history":[{"count":59,"href":"https:\/\/smart-arbeitsrecht.de\/tr\/wp-json\/wp\/v2\/pages\/6553\/revisions"}],"predecessor-version":[{"id":9504,"href":"https:\/\/smart-arbeitsrecht.de\/tr\/wp-json\/wp\/v2\/pages\/6553\/revisions\/9504"}],"wp:featuredmedia":[{"embeddable":true,"href":"https:\/\/smart-arbeitsrecht.de\/tr\/wp-json\/wp\/v2\/media\/6591"}],"wp:attachment":[{"href":"https:\/\/smart-arbeitsrecht.de\/tr\/wp-json\/wp\/v2\/media?parent=6553"}],"curies":[{"name":"wp","href":"https:\/\/api.w.org\/{rel}","templated":true}]}}