{"id":8801,"date":"2025-03-16T19:54:26","date_gmt":"2025-03-16T18:54:26","guid":{"rendered":"https:\/\/smart-arbeitsrecht.de\/?page_id=8801"},"modified":"2025-06-17T10:11:37","modified_gmt":"2025-06-17T08:11:37","slug":"employment-lawyer-in-germany-based-in-hamburg","status":"publish","type":"page","link":"https:\/\/smart-arbeitsrecht.de\/tr\/employment-lawyer-in-germany-based-in-hamburg\/","title":{"rendered":"Almanya&#039;da \u0130\u015f Hukuku Avukat\u0131 \u2013 Hamburg&#039;da ikamet ediyor"},"content":{"rendered":"<div id=\"smart-column-block_9fa7e0edf17945b9cde76d5b8956a221\" class=\"smart-column flex flex-col\">\n                                    <div class='mobile-even-row order-1 md:order-none' >\n                \n<div class=\"relative flex flex-wrap\">\r\n  <div class=\"relative w-full lg:w-1\/2 h-64 sm:h-72 md:h-96 lg:h-auto order-last lg:order-none\">\r\n    <picture>\r\n      <source srcset=\"\/wp-content\/webp-express\/webp-images\/uploads\/2024\/09\/Raphael_Lugowski_Hamza_Guelbas.jpg.webp\" type=\"image\/webp\" \/>\r\n      <source srcset=\"\/wp-content\/uploads\/2024\/09\/Raphael_Lugowski_Hamza_Guelbas.jpg\" type=\"image\/jpeg\" \/>\r\n      <img decoding=\"async\"\r\n        class=\"absolute object-cover w-full h-full\"\r\n        src=\"\/wp-content\/uploads\/2024\/09\/Raphael_Lugowski_Hamza_Guelbas.jpg\"\r\n        alt=\"Anwalt Arbeitsrecht Hamburg - Ihre Experten f\u00fcr Arbeitsrecht in 22767 Hamburg\"\r\n        style=\"object-position: 50% 30%\"\r\n      \/>\r\n    <\/picture>\r\n  <\/div>\r\n\r\n  <div class=\"w-full lg:w-1\/2 py-8 text-center lg:py-32 lg:text-left\" style=\"background-color: #f4f4f4\">\r\n    <div class=\"px-4 max-w-5xl mx-auto lg:mx-0 sm:px-8 xl:pl-16\">\r\n      <h1 class=\"text-4xl tracking-tight font-extrabold text-gray-900 sm:text-5xl md:text-6xl lg:text-5xl xl:text-6xl\">\r\n        <span class=\"block xl:inline\">Almanya&#039;da \u0130\u015f\u00e7i Avukat\u0131<\/span>\r\n      <\/h1>\r\n      <span\r\n        class=\"block text-3xl tracking-tight font-extrabold sm:text-4xl md:text-5xl lg:text-4xl xl:text-5xl\"\r\n        style=\"color: #edc273\"\r\n        ><span style=\"color: #000\">\u00c7\u00f6z\u00fcm Odakl\u0131 <\/span> \u0130\u015f Hukuku  <span style=\"color: #000\">Ba\u015far\u0131n\u0131z i\u00e7in<\/span><\/span>\r\n      <p class=\"mt-3 text-lg text-gray-500 sm:text-xl md:mt-5 md:max-w-3xl\">\r\n       \u0130\u015f hukuku ile ilgili strese son: \u0130\u015f hukuku b\u00fcromuzla profesyonel ve etkili bir \u015fekilde yan\u0131n\u0131zday\u0131z. \u0130\u015f hukuku avukat\u0131n\u0131z, endi\u015felerinizi yetkin ve g\u00fcvenilir bir \u015fekilde ele al\u0131r. Yakla\u015f\u0131m\u0131m\u0131z: Kaliteli ve h\u0131zl\u0131 \u00e7al\u0131\u015fma - h\u0131zl\u0131 sonu\u00e7lar i\u00e7in.<\/p>\r\n<p class=\"mt-3 text-lg text-gray-500 sm:text-xl md:mt-5 md:max-w-3xl\">\r\n\u00dclke \u00e7ap\u0131ndaki m\u00fc\u015fterilerimizle \u00e7al\u0131\u015f\u0131yor ve t\u00fcm Alman i\u015f hukuku konular\u0131nda g\u00fc\u00e7l\u00fc bir hukuki temsil sa\u011fl\u0131yoruz. Hamburg&#039;daki merkezi konumumuz sayesinde m\u00fc\u015fterilerimize \u015fahsen yard\u0131mc\u0131 olabiliyoruz, ancak Almanya genelindeki bireyler ve i\u015fletmeler i\u00e7in uzaktan hukuki hizmetler de sunuyoruz.\r\n      <\/p>\r\n      <div class=\"iconlist\">\r\n        <p class=\"p-4 font-bold text-xl\">\r\n          \u0130\u015f hukukundaki zorluklar\u0131n \u00fcstesinden gelmek, iddialar\u0131 ba\u015far\u0131yla uygulamak \u2013 i\u015fte alaca\u011f\u0131n\u0131z hizmet:\r\n        <\/p>\r\n        <ul>\r\n          <li class=\"flex\">\r\n            <span class=\"fa fa-check mr-2 pt-1 text-green-500\"><\/span>\u0130\u015f hukukunda y\u00fcksek uzmanl\u0131k \u2013 hizmetlerin kalitesini ve g\u00fcvenilirli\u011fini garanti alt\u0131na almak\r\n          <\/li>\r\n          <li class=\"flex\">\r\n            <span class=\"fa fa-check mr-2 pt-1 text-green-500\"><\/span>Y\u00fczlerce dava, 20 y\u0131ll\u0131k i\u015f hukuku deneyimi - kan\u0131tlanm\u0131\u015f stratejiler sizi \u00f6ne \u00e7\u0131kar\u0131r\r\n          <\/li>\r\n          <li class=\"flex\">\r\n            <span class=\"fa fa-check mr-2 pt-1 text-green-500\"><\/span>\u0130ster i\u015ften \u00e7\u0131karma, ister fesih s\u00f6zle\u015fmesi, isterse tazminat olsun - i\u015f hukuku alan\u0131ndaki kapsaml\u0131 uzmanl\u0131\u011f\u0131m\u0131za g\u00fcvenebilirsiniz\r\n          <\/li>\r\n          <li class=\"flex\">\r\n            <span class=\"fa fa-check mr-2 pt-1 text-green-500\"><\/span>Dikkatli se\u00e7enekleriniz ve etkili bir strateji geli\u015ftirmeniz konusunda nitelikli tavsiyeler verilmektedir\r\n          <\/li>\r\n          <li class=\"flex\">\r\n            <span class=\"fa fa-check mr-2 pt-1 text-green-500\"><\/span>Art\u0131k i\u015f hukuku sizin i\u00e7in bir stres unsuru de\u011fil; hukuki y\u00f6nlerini biz hallediyoruz, gerisini siz halledin.\r\n          <\/li>\r\n        <\/ul>\r\n      <\/div>\r\n      <div class=\"buttons-block flex flex-wrap justify-center mt-12\">\r\n        <a class=\"btn-cta mr-0 sm:mr-3\" href=\"tel:+4940524717830\"> <i class=\"fa fa-phone mr-2\"><\/i> Hemen aray\u0131n! <\/a>\r\n        <a class=\"btn-cta mr-0 sm:mr-3\" href=\"\/tr\/kontakt\/\">\r\n          <i class=\"fa fa-envelope mr-2\"><\/i> Bizimle ileti\u015fime ge\u00e7mekten \u00e7ekinmeyin<\/a\r\n>\r\n      <\/div>\r\n    <\/div>\r\n  <\/div>\r\n<\/div>            <\/div>\n                                <div class='order-2 md:order-none' >\n                \n<div class=\"smart-container logo\" >\n    \n    <div class=\"flex flex-wrap justify-around\">\n        \n                            \n                                                        <div >\n                        <div class=\"h-full  z-10\">\n                            <div class=\"h-full\">\n                                <img loading=\"lazy\" decoding=\"async\" src=\"\/wp-content\/uploads\/2021\/01\/logo_mitglied_arge_arbeitsrecht_1.jpg\" alt=\"Mitglied der Arbeitsgemeinschaft Arbeitsrecht\" width=\"300\" height=\"73\" class=\"alignnone size-full wp-image-2280\" \/>                            <\/div>\n                        <\/div>\n                    <\/div>\n                                                        <div >\n                        <div class=\"h-full  z-10\">\n                            <div class=\"h-full\">\n                                <img loading=\"lazy\" decoding=\"async\" class=\"alignnone size-full wp-image-859\" src=\"\/wp-content\/uploads\/2020\/05\/dav-mitglied.png\" alt=\"Mitglied im AnwaltVerein\" width=\"220\" height=\"80\" \/>\r\n\r\n                            <\/div>\n                        <\/div>\n                    <\/div>\n                                                        <div >\n                        <div class=\"h-full  z-10\">\n                            <div class=\"h-full\">\n                                <a href=\"https:\/\/www.fachanwalt.de\/raphael-lugowski\" rel=\"noopener nofollow\" target=\"_blank\"><img loading=\"lazy\" decoding=\"async\" src=\"https:\/\/smart-arbeitsrecht.de\/wp-content\/uploads\/2024\/04\/Fachanwalt-Siegel-300x67.png\" alt=\"RA Lugowski - anwalt arbeitsrecht in hamburg\" width=\"300\" height=\"67\" class=\"alignnone size-medium wp-image-8187\" srcset=\"https:\/\/smart-arbeitsrecht.de\/wp-content\/uploads\/2024\/04\/Fachanwalt-Siegel-300x67.png 300w, https:\/\/smart-arbeitsrecht.de\/wp-content\/uploads\/2024\/04\/Fachanwalt-Siegel.png 560w\" sizes=\"auto, (max-width: 300px) 100vw, 300px\" \/><\/a>                            <\/div>\n                        <\/div>\n                    <\/div>\n                \n                    \n        \n    <\/div>\n\n<\/div>\n            <\/div>\n                                <div class='mobile-even-row order-3 md:order-none' >\n                \n<div class=\"smart-container\" >\n            <h2 class=\"font-bold text-center\">Nitelikli \u0130lk De\u011ferlendirme \u2013 Hamburg&#039;daki \u0130\u015f Hukuku Uzman\u0131 Taraf\u0131ndan<\/h2>\n    \n    <div class=\"flex flex-wrap\">\n        \n                            \n                                                        <div class=\"text-center  hidden lg:block\">\n                        <div class=\"h-full  z-10\">\n                            <div class=\"h-full p-1\">\n                                G\u00fcvenli bir \u015fekilde <strong>i\u015f hukukunda nitelikli ilk de\u011ferlendirme<\/strong> \u015eimdi \u2013 tamamen \u00fccretsiz. \u0130\u015f hukuku ve davan\u0131z a\u00e7\u0131s\u0131ndan \u00f6nemli olan verileri yap\u0131land\u0131r\u0131lm\u0131\u015f ve ad\u0131m ad\u0131m iletin.                            <\/div>\n                        <\/div>\n                    <\/div>\n                                                        <div class=\"w-full lg:w-full\">\n                        <div class=\"h-full  z-10\">\n                            <div class=\"h-full p-1\">\n                                <div class=\"flex flex-col border-2 border-gray-300 bg-white p-4 mt-6\" style=\"min-height: 350px;\">\r\n    \n<div class=\"wpcf7 no-js\" id=\"wpcf7-f9257-o1\" lang=\"de-DE\" dir=\"ltr\" data-wpcf7-id=\"9257\">\n<div class=\"screen-reader-response\"><p role=\"status\" aria-live=\"polite\" aria-atomic=\"true\"><\/p> <ul><\/ul><\/div>\n<form action=\"\/tr\/wp-json\/wp\/v2\/pages\/8801#wpcf7-f9257-o1\" method=\"post\" class=\"wpcf7-form init\" aria-label=\"\u0130leti\u015fim formu\" enctype=\"multipart\/form-data\" novalidate=\"novalidate\" data-status=\"init\" data-trp-original-action=\"\/tr\/wp-json\/wp\/v2\/pages\/8801#wpcf7-f9257-o1\">\n<fieldset class=\"hidden-fields-container\"><input type=\"hidden\" name=\"_wpcf7\" value=\"9257\" \/><input type=\"hidden\" name=\"_wpcf7_version\" value=\"6.1.4\" \/><input type=\"hidden\" name=\"_wpcf7_locale\" value=\"de_DE\" \/><input type=\"hidden\" name=\"_wpcf7_unit_tag\" value=\"wpcf7-f9257-o1\" \/><input type=\"hidden\" name=\"_wpcf7_container_post\" value=\"0\" \/><input type=\"hidden\" name=\"_wpcf7_posted_data_hash\" value=\"\" \/>\n<\/fieldset>\n<div class=\"custom-contact-form max-w-3xl\">\n\t<div class=\"form-row\">\n\t\t<div class=\"form-field\">\n\t\t\t<p><span class=\"wpcf7-form-control-wrap\" data-name=\"first-name\"><input size=\"40\" maxlength=\"400\" class=\"wpcf7-form-control wpcf7-text wpcf7-validates-as-required\" aria-required=\"true\" aria-invalid=\"false\" placeholder=\"ilk ad\u0131\" value=\"\" type=\"text\" name=\"first-name\" \/><\/span>\n\t\t\t<\/p>\n\t\t<\/div>\n\t\t<div class=\"form-field\">\n\t\t\t<p><span class=\"wpcf7-form-control-wrap\" data-name=\"last-name\"><input size=\"40\" maxlength=\"400\" class=\"wpcf7-form-control wpcf7-text wpcf7-validates-as-required\" aria-required=\"true\" aria-invalid=\"false\" placeholder=\"Soy isim\" value=\"\" type=\"text\" name=\"last-name\" \/><\/span>\n\t\t\t<\/p>\n\t\t<\/div>\n\t<\/div>\n\t<div class=\"form-row\">\n\t\t<div class=\"form-field\">\n\t\t\t<p><span class=\"wpcf7-form-control-wrap\" data-name=\"email\"><input size=\"40\" maxlength=\"400\" class=\"wpcf7-form-control wpcf7-email wpcf7-validates-as-required wpcf7-text wpcf7-validates-as-email\" aria-required=\"true\" aria-invalid=\"false\" placeholder=\"E-posta\" value=\"\" type=\"email\" name=\"email\" \/><\/span>\n\t\t\t<\/p>\n\t\t<\/div>\n\t\t<div class=\"form-field\">\n\t\t\t<p><span class=\"wpcf7-form-control-wrap\" data-name=\"phone\"><input size=\"40\" maxlength=\"400\" class=\"wpcf7-form-control wpcf7-tel wpcf7-text wpcf7-validates-as-tel\" aria-invalid=\"false\" placeholder=\"Telefon\" value=\"\" type=\"tel\" name=\"phone\" \/><\/span>\n\t\t\t<\/p>\n\t\t<\/div>\n\t<\/div>\n\t<div class=\"form-row\">\n\t\t<div class=\"form-field full-width\">\n\t\t\t<p><span class=\"wpcf7-form-control-wrap\" data-name=\"message\"><textarea cols=\"40\" rows=\"10\" maxlength=\"2000\" class=\"wpcf7-form-control wpcf7-textarea\" aria-invalid=\"false\" placeholder=\"Mesaj\" name=\"message\"><\/textarea><\/span>\n\t\t\t<\/p>\n\t\t<\/div>\n\t<\/div>\n\t<div class=\"form-row\">\n\t\t<div class=\"form-field full-width\">\n\t\t\t<p><span class=\"wpcf7-form-control-wrap\" data-name=\"file-upload\"><input size=\"40\" class=\"wpcf7-form-control wpcf7-file\" accept=\".doc,.zip,.pdf,.docx,.jpg,.png,.jpeg\" aria-invalid=\"false\" type=\"file\" name=\"file-upload\" \/><\/span>\n\t\t\t<\/p>\n\t\t<\/div>\n\t<\/div>\n\t<div class=\"form-row\">\n\t\t<div class=\"form-field full-width\">\n\t\t\t<p><span class=\"wpcf7-form-control-wrap\" data-name=\"privacy-policy\"><span class=\"wpcf7-form-control wpcf7-acceptance\"><span class=\"wpcf7-list-item\"><label><input type=\"checkbox\" name=\"privacy-policy\" value=\"1\" aria-invalid=\"false\" \/><span class=\"wpcf7-list-item-label\">Evet, okudum <a href='\/tr\/datenschutzerklaerung\/' target=\"_blank\">gizlilik politikas\u0131<\/a>Sorular\u0131ma yan\u0131t vermek ve spam isteklerini \u00f6nlemek amac\u0131yla verilerimin elektronik olarak toplanmas\u0131n\u0131 ve saklanmas\u0131n\u0131 kabul ediyorum.<\/span><\/label><\/span><\/span><\/span>\n\t\t\t<\/p>\n\t\t<\/div>\n\t<\/div>\n\t<div class=\"form-row\">\n\t\t<div class=\"form-field\">\n\t\t\t<p><span class=\"wpcf7-form-control-wrap\" data-name=\"hcap-cf7\">\t\t<input\n\t\t\t\ttype=\"hidden\"\n\t\t\t\tclass=\"hcaptcha-widget-id\"\n\t\t\t\tname=\"hcaptcha-widget-id\"\n\t\t\t\tvalue=\"eyJzb3VyY2UiOlsiY29udGFjdC1mb3JtLTdcL3dwLWNvbnRhY3QtZm9ybS03LnBocCJdLCJmb3JtX2lkIjo1fQ==-4acb50ae66cce08f18effc1f4401fc28\">\n\t\t\t\t<span id=\"hcap_cf7-69f485c1459e74.93101362\" class=\"wpcf7-form-control h-captcha\"\n\t\t\tdata-sitekey=\"cd993280-bbb5-41ab-8590-7dd22ef48023\"\n\t\t\tdata-theme=\"light\"\n\t\t\tdata-size=\"normal\"\n\t\t\tdata-auto=\"false\"\n\t\t\tdata-ajax=\"false\"\n\t\t\tdata-force=\"false\">\n\t\t<\/span>\n\t\t<input type=\"hidden\" id=\"_wpnonce\" name=\"_wpnonce\" value=\"7444f8662c\" \/><input type=\"hidden\" name=\"_wp_http_referer\" value=\"\/tr\/wp-json\/wp\/v2\/pages\/8801\" \/><\/span><input class=\"wpcf7-form-control wpcf7-submit has-spinner\" type=\"submit\" value=\"G\u00f6ndermek\" \/>\n\t\t\t<\/p>\n\t\t<\/div>\n\t<\/div>\n<\/div><div class=\"wpcf7-response-output\" aria-hidden=\"true\"><\/div>\n<input type=\"hidden\" name=\"trp-form-language\" value=\"tr\"\/><\/form>\n<\/div>\n\r\n    <div class=\"flex flex-wrap space-x-10 justify-center lg:justify-around md:mt-auto mt-2\">\r\n        <div class=\"flex items-center space-x-2 lg:space-x-3\">\r\n            <img decoding=\"async\" class=\"w-16 h-16 rounded-full lg:w-20 lg:h-20\" src=\"\/wp-content\/uploads\/2023\/05\/Raphael_Lugowski_K\u00fc\u00e7\u00fck Resim.jpeg\" alt=\"Raphael Lugowski\">\r\n            <div class=\"font-medium text-lg leading-6\">\r\n                <p class=\"font-bold m-0\">Raphael Lugowski<\/p>\r\n                <p class=\"text-sm m-0 text-gray-500\">\u0130\u015f hukuku konusunda uzman avukat<\/p>\r\n            <\/div>\r\n        <\/div>\r\n        <div class=\"flex items-center text-green-400\">\r\n            <div>\r\n                <i class=\"fa-shield\" style=\"line-height:4rem;font-size:2.5rem;\"><\/i>\r\n            <\/div>\r\n            <p class=\"ml-4 mb-0\">G\u00fcvenli ileti\u015fim<\/p>\r\n        <\/div>\r\n    <\/div>\r\n<\/div>                            <\/div>\n                        <\/div>\n                    <\/div>\n                \n                    \n        \n    <\/div>\n\n<\/div>\n            <\/div>\n                                <div class='mobile-even-row order-4 md:order-none' >\n                \n<div class=\"smart-container\" >\n    \n    <div class=\"flex flex-wrap\">\n        \n                            \n                                                        <div class=\"p-2\">\n                        <div class=\"h-full  z-10  overflow-hidden\">\n                            <div class=\"h-full p-1\">\n                                <h2 class=\"font-bold text-center\">Almanya&#039;daki \u0130\u015f Hukuku Avukat\u0131n\u0131z<\/h2>\r\n<div class=\"relative z-10 text-base lg:max-w-5xl lg:pr-72\">\r\n  <p class=\"text-lg text-gray-500\">\r\n \u0130\u015f hukuku alan\u0131nda uzmanla\u015fm\u0131\u015f, yetkin ve iddial\u0131 bir hukuk b\u00fcrosu mu ar\u0131yorsunuz? \u0130\u015f hukuku alan\u0131ndaki hukuki ve finansal hedeflerinize ula\u015fman\u0131zda size destek oluyoruz.\r\n  <\/p>\r\n<\/div>\r\n<div class=\"lg:grid lg:grid-cols-2 lg:gap-8 lg:items-start\">\r\n  <div class=\"relative z-10\">\r\n    <h3 class=\"font-bold text-center\">\u0130\u015f Hukuku Avukat\u0131n\u0131z \u2013 Ba\u015far\u0131ya Giden Yolunuz<\/h3>\r\n    <p>\r\n      \u0130\u015f hukukunda bizim i\u00e7in tek bir \u015fey \u00f6nemlidir: <strong>m\u00fcmk\u00fcn olan en iyi sonu\u00e7<\/strong> Sizin i\u00e7in! Bu nedenle, i\u015fimizde y\u00fcksek standartlar belirliyoruz. \u0130\u015f hukuku avukat\u0131n\u0131z, haklar\u0131n\u0131z konusunda nitelikli tavsiyelerde bulunur ve davan\u0131zda kapsaml\u0131 bir temsil \u00fcstlenir. \u0130ster i\u015f s\u00f6zle\u015fmenizin incelenmesini isteyin, ister uyar\u0131 al\u0131n, ister i\u015ften \u00e7\u0131kar\u0131ld\u0131ysan\u0131z - sizin i\u00e7in buraday\u0131z!\r\n    <\/p>\r\n\r\n<p> Sen bir misin? <strong>\u00e7al\u0131\u015fan<\/strong>? \u0130\u015ften \u00e7\u0131kar\u0131lma, fesih s\u00f6zle\u015fmeleri veya tazminat gibi konularda size destek oluyoruz. <strong>i\u015f veren<\/strong>, t\u00fcm i\u015f hukuku konular\u0131nda uzmanl\u0131\u011f\u0131m\u0131za g\u00fcvenebilirsiniz.\r\n<\/p>\r\n    <h3 class=\"font-bold text-center\">\u00c7\u0131karlar\u0131n\u0131z\u0131n s\u00fcrekli temsili<\/h3>\r\n    <p>\r\n      Bizi farkl\u0131 k\u0131lan nedir? Birincisi, yaln\u0131zca i\u015f hukukuna odaklan\u0131yoruz - ba\u015fka hi\u00e7bir \u015feye de\u011fil! Bilgi birikimimiz ve 20 y\u0131ll\u0131k deneyimimizle yan\u0131n\u0131zday\u0131z ve hukuki \u00e7\u0131karlar\u0131n\u0131z\u0131 \u0131srarla temsil ediyoruz. Standart i\u015f hukuku mu? Bizimle de\u011fil - davan\u0131z\u0131 bireysel ve stratejik olarak analiz ediyoruz. Garanti ediyoruz <strong>kalite, g\u00fcvenilirlik ve \u015feffafl\u0131k<\/strong>.\r\n    <\/p>\r\n  <\/div>\r\n  <div class=\"mt-12 relative lg:mt-0 px-2\">\r\n    <svg\r\n      class=\"absolute top-0 right-0 -mt-20 -mr-20 lg:top-auto lg:right-auto lg:bottom-1\/2 lg:left-1\/2 lg:mt-0 lg:mr-0 xl:top-0 xl:right-0 xl:-mt-20 xl:-mr-20\"\r\n      width=\"404\"\r\n      height=\"384\"\r\n      fill=\"none\"\r\n      viewbox=\"0 0 404 384\"\r\n      aria-hidden=\"true\"\r\n    >\r\n      <defs>\r\n        <pattern\r\n          id=\"pattern\"\r\n          x=\"0\"\r\n          y=\"0\"\r\n          width=\"20\"\r\n          height=\"20\"\r\n          patternunits=\"userSpaceOnUse\"\r\n        >\r\n          <rect x=\"0\" y=\"0\" width=\"4\" height=\"4\" class=\"text-gray-200\" fill=\"currentColor\" \/>\r\n        <\/pattern>\r\n      <\/defs>\r\n      <rect width=\"404\" height=\"384\" fill=\"url(#pattern)\" \/>\r\n    <\/svg>\r\n    <blockquote class=\"relative bg-white shadow-lg\">\r\n      <div class=\"px-6 py-8 sm:px-10 sm:pt-10 sm:pb-8\">\r\n        <img loading=\"lazy\" decoding=\"async\"\r\n          src=\"\/wp-content\/themes\/tailpress\/img\/smart_arbeitsrecht_logo_blau.svg\"\r\n          alt=\"Smart Arbeitsrecht Logo\"\r\n          width=\"120\"\r\n          height=\"39\"\r\n        \/>\r\n        <div class=\"relative text-lg text-gray-700 font-medium mt-8\">\r\n          <svg\r\n            class=\"absolute top-0 left-0 transform -translate-x-3 -translate-y-2 h-8 w-8 text-gray-200\"\r\n            fill=\"currentColor\"\r\n            viewbox=\"0 0 32 32\"\r\n            aria-hidden=\"true\"\r\n          >\r\n            <path\r\n              d=\"M9.352 4C4.456 7.456 1 13.12 1 19.36c0 5.088 3.072 8.064 6.624 8.064 3.36 0 5.856-2.688 5.856-5.856 0-3.168-2.208-5.472-5.088-5.472-.576 0-1.344.096-1.536.192.48-3.264 3.552-7.104 6.624-9.024L9.352 4zm16.512 0c-4.8 3.456-8.256 9.12-8.256 15.36 0 5.088 3.072 8.064 6.624 8.064 3.264 0 5.856-2.688 5.856-5.856 0-3.168-2.304-5.472-5.184-5.472-.576 0-1.248.096-1.44.192.48-3.264 3.456-7.104 6.528-9.024L25.864 4z\"\r\n            \/>\r\n          <\/svg>\r\n          <p class=\"relative\">\r\n           Bizimle, i\u015f hukuku alan\u0131ndaki y\u00fcksek uzmanl\u0131k ve kapsaml\u0131 deneyimimizden faydalan\u0131rs\u0131n\u0131z. \u0130\u015f hukukunun t\u00fcm konular\u0131nda size \u00f6zel dan\u0131\u015fmanl\u0131k ve temsil hizmeti sunuyoruz. Sizinle ileti\u015fimimiz \u00fc\u00e7 temel ilkeye dayanmaktad\u0131r: a\u00e7\u0131kl\u0131k, d\u00fcr\u00fcstl\u00fck ve a\u00e7\u0131k bir dil. \u0130\u015f hukuku b\u00fcromuzda, ba\u015far\u0131n\u0131za yard\u0131mc\u0131 olmaya kendimizi adad\u0131\u011f\u0131m\u0131z i\u00e7in \u00e7al\u0131\u015fmalar\u0131m\u0131zda y\u00fcksek kalite standartlar\u0131 belirliyoruz. \u0130\u015f hukuku alan\u0131nda yetkin ve g\u00fc\u00e7l\u00fc bir hukuki destek ar\u0131yorsan\u0131z, yan\u0131n\u0131zday\u0131z!\r\n          <\/p>\r\n        <\/div>\r\n      <\/div>\r\n      <cite\r\n        class=\"relative flex items-center sm:items-start bg-primary not-italic py-5 px-6 sm:py-5 sm:pl-12 sm:pr-10 sm:mt-10\"\r\n        ><span\r\n          class=\"block relative rounded-full border-2 border-white sm:absolute sm:top-0 sm:transform sm:-translate-y-1\/2\"\r\n        >\r\n          <img loading=\"lazy\" decoding=\"async\"\r\n            src=\"\/wp-content\/uploads\/2023\/05\/Raphael_Lugowski_K\u00fc\u00e7\u00fck Resim.jpeg\"\r\n            alt=\"RA Lugowski - anwalt arbeitsrecht hamburg\"\r\n            width=\"90\"\r\n            height=\"90\"\r\n            class=\"w-12 h-12 sm:w-20 sm:h-20 rounded-full alignnone size-full wp-image-6178\"\r\n          \/>\r\n        <\/span>\r\n        <span class=\"relative ml-4 font-semibold leading-6 sm:ml-24 sm:pl-1\"\r\n          ><span class=\"text-white font-semibold sm:inline\">Raphael Lugowski<\/span><\/span\r\n><\/cite\r\n>\r\n    <\/blockquote>\r\n  <\/div>\r\n<\/div>\r\n                            <\/div>\n                        <\/div>\n                    <\/div>\n                \n                    \n        \n    <\/div>\n\n<\/div>\n            <\/div>\n                                <div class='order-8 md:order-none' >\n                \n<div class=\"smart-container\" >\n    \n    <div class=\"flex flex-wrap justify-center\">\n        \n                            \n                                                        <div class=\"w-full lg:w-1\/3 text-start\">\n                        <div class=\"h-full  z-10\">\n                            <div class=\"h-full\">\n                                <div class=\"flex flex-col h-full relative\">\r\n  <div class=\"absolute top-0 left-0 mt-3 ml-4 md:mt-5 md:ml-12\"> <svg xmlns=\"http:\/\/www.w3.org\/2000\/svg\" class=\"text-primary-light fill-current w-12 h-12 md:w-16 md:h-16 opacity-40\" viewbox=\"0 0 24 24\">\r\n      <path d=\"M6.5 10c-.223 0-.437.034-.65.065.069-.232.14-.468.254-.68.114-.308.292-.575.469-.844.148-.291.409-.488.601-.737.201-.242.475-.403.692-.604.213-.21.492-.315.714-.463.232-.133.434-.28.65-.35.208-.086.39-.16.539-.222.302-.125.474-.197.474-.197L9.758 4.03c0 0-.218.052-.597.144C8.97 4.222 8.737 4.278 8.472 4.345c-.271.05-.56.187-.882.312C7.272 4.799 6.904 4.895 6.562 5.123c-.344.218-.741.4-1.091.692C5.132 6.116 4.723 6.377 4.421 6.76c-.33.358-.656.734-.909 1.162C3.219 8.33 3.02 8.778 2.81 9.221c-.19.443-.343.896-.468 1.336-.237.882-.343 1.72-.384 2.437-.034.718-.014 1.315.028 1.747.015.204.043.402.063.539.017.109.025.168.025.168l.026-.006C2.535 17.474 4.338 19 6.5 19c2.485 0 4.5-2.015 4.5-4.5S8.985 10 6.5 10zM17.5 10c-.223 0-.437.034-.65.065.069-.232.14-.468.254-.68.114-.308.292-.575.469-.844.148-.291.409-.488.601-.737.201-.242.475-.403.692-.604.213-.21.492-.315.714-.463.232-.133.434-.28.65-.35.208-.086.39-.16.539-.222.302-.125.474-.197.474-.197L20.758 4.03c0 0-.218.052-.597.144-.191.048-.424.104-.689.171-.271.05-.56.187-.882.312-.317.143-.686.238-1.028.467-.344.218-.741.4-1.091.692-.339.301-.748.562-1.05.944-.33.358-.656.734-.909 1.162C14.219 8.33 14.02 8.778 13.81 9.221c-.19.443-.343.896-.468 1.336-.237.882-.343 1.72-.384 2.437-.034.718-.014 1.315.028 1.747.015.204.043.402.063.539.017.109.025.168.025.168l.026-.006C13.535 17.474 15.338 19 17.5 19c2.485 0 4.5-2.015 4.5-4.5S19.985 10 17.5 10z\"><\/path>\r\n    <\/svg><\/div>\r\n  <div class=\"h-full relative z-10\">\r\n    <div class=\"text-center px-6 md:px-16 pt-10 md:pt-14 text-l sm:text-xl\">\r\n      <p class=\"text-gray-600 serif font-normal italic\">\r\n       Bay Lugowski harika! \u00c7ok k\u0131sa bir s\u00fcre i\u00e7inde, e-posta yoluyla k\u0131saca anlatt\u0131\u011f\u0131m davay\u0131 anlayabildi, hukuki durumu de\u011ferlendirebildi ve ki\u015fisel talebimi sorgulamadan veya de\u011ferlendirmeden anlayabildi.\r\n      <\/p>\r\n      <span class=\"text-center font-bold\">Hollanda<\/span> <i class=\"fa-star text-yellow-400\"><\/i> <i class=\"fa-star text-yellow-400\"><\/i> <i class=\"fa-star text-yellow-400\"><\/i> <i class=\"fa-star text-yellow-400\"><\/i> <i class=\"fa-star text-yellow-400\"><\/i>\r\n    <\/div>\r\n  <\/div>\r\n<\/div>                            <\/div>\n                        <\/div>\n                    <\/div>\n                                                        <div class=\"w-full lg:w-1\/3 text-center\">\n                        <div class=\"h-full  z-10\">\n                            <div class=\"h-full\">\n                                <div class=\"flex flex-col h-full relative\">\r\n  <div class=\"absolute top-0 left-0 mt-3 ml-4 md:mt-5 md:ml-12\"> <svg xmlns=\"http:\/\/www.w3.org\/2000\/svg\" class=\"text-primary-light fill-current w-12 h-12 md:w-16 md:h-16 opacity-40\" viewbox=\"0 0 24 24\">\r\n      <path d=\"M6.5 10c-.223 0-.437.034-.65.065.069-.232.14-.468.254-.68.114-.308.292-.575.469-.844.148-.291.409-.488.601-.737.201-.242.475-.403.692-.604.213-.21.492-.315.714-.463.232-.133.434-.28.65-.35.208-.086.39-.16.539-.222.302-.125.474-.197.474-.197L9.758 4.03c0 0-.218.052-.597.144C8.97 4.222 8.737 4.278 8.472 4.345c-.271.05-.56.187-.882.312C7.272 4.799 6.904 4.895 6.562 5.123c-.344.218-.741.4-1.091.692C5.132 6.116 4.723 6.377 4.421 6.76c-.33.358-.656.734-.909 1.162C3.219 8.33 3.02 8.778 2.81 9.221c-.19.443-.343.896-.468 1.336-.237.882-.343 1.72-.384 2.437-.034.718-.014 1.315.028 1.747.015.204.043.402.063.539.017.109.025.168.025.168l.026-.006C2.535 17.474 4.338 19 6.5 19c2.485 0 4.5-2.015 4.5-4.5S8.985 10 6.5 10zM17.5 10c-.223 0-.437.034-.65.065.069-.232.14-.468.254-.68.114-.308.292-.575.469-.844.148-.291.409-.488.601-.737.201-.242.475-.403.692-.604.213-.21.492-.315.714-.463.232-.133.434-.28.65-.35.208-.086.39-.16.539-.222.302-.125.474-.197.474-.197L20.758 4.03c0 0-.218.052-.597.144-.191.048-.424.104-.689.171-.271.05-.56.187-.882.312-.317.143-.686.238-1.028.467-.344.218-.741.4-1.091.692-.339.301-.748.562-1.05.944-.33.358-.656.734-.909 1.162C14.219 8.33 14.02 8.778 13.81 9.221c-.19.443-.343.896-.468 1.336-.237.882-.343 1.72-.384 2.437-.034.718-.014 1.315.028 1.747.015.204.043.402.063.539.017.109.025.168.025.168l.026-.006C13.535 17.474 15.338 19 17.5 19c2.485 0 4.5-2.015 4.5-4.5S19.985 10 17.5 10z\"><\/path>\r\n    <\/svg><\/div>\r\n  <div class=\"h-full relative z-10\">\r\n    <div class=\"text-center px-6 md:px-16 pt-10 md:pt-14 text-l sm:text-xl\">\r\n      <p class=\"text-gray-600 serif font-normal italic\">\r\n       Bay Lugowski ger\u00e7ekten harika bir avukat. \u0130\u015fverenimle ya\u015fad\u0131\u011f\u0131m olduk\u00e7a karma\u015f\u0131k bir davada bana yard\u0131mc\u0131 oldu ve ba\u015flang\u0131\u00e7ta teklif edilenden \u00e7ok daha y\u00fcksek bir k\u0131dem tazminat\u0131 almay\u0131 ba\u015fard\u0131.\r\n      <\/p>\r\n      <span class=\"text-center font-bold\">EA<\/span> <i class=\"fa-star text-yellow-400\"><\/i> <i class=\"fa-star text-yellow-400\"><\/i> <i class=\"fa-star text-yellow-400\"><\/i> <i class=\"fa-star text-yellow-400\"><\/i> <i class=\"fa-star text-yellow-400\"><\/i>\r\n    <\/div>\r\n  <\/div>\r\n<\/div>                            <\/div>\n                        <\/div>\n                    <\/div>\n                                                        <div class=\"w-full lg:w-1\/3 text-end\">\n                        <div class=\"h-full  z-10\">\n                            <div class=\"h-full\">\n                                <div class=\"flex flex-col h-full relative\">\r\n  <div class=\"absolute top-0 left-0 mt-3 ml-4 md:mt-5 md:ml-12\"> <svg xmlns=\"http:\/\/www.w3.org\/2000\/svg\" class=\"text-primary-light fill-current w-12 h-12 md:w-16 md:h-16 opacity-40\" viewbox=\"0 0 24 24\">\r\n      <path d=\"M6.5 10c-.223 0-.437.034-.65.065.069-.232.14-.468.254-.68.114-.308.292-.575.469-.844.148-.291.409-.488.601-.737.201-.242.475-.403.692-.604.213-.21.492-.315.714-.463.232-.133.434-.28.65-.35.208-.086.39-.16.539-.222.302-.125.474-.197.474-.197L9.758 4.03c0 0-.218.052-.597.144C8.97 4.222 8.737 4.278 8.472 4.345c-.271.05-.56.187-.882.312C7.272 4.799 6.904 4.895 6.562 5.123c-.344.218-.741.4-1.091.692C5.132 6.116 4.723 6.377 4.421 6.76c-.33.358-.656.734-.909 1.162C3.219 8.33 3.02 8.778 2.81 9.221c-.19.443-.343.896-.468 1.336-.237.882-.343 1.72-.384 2.437-.034.718-.014 1.315.028 1.747.015.204.043.402.063.539.017.109.025.168.025.168l.026-.006C2.535 17.474 4.338 19 6.5 19c2.485 0 4.5-2.015 4.5-4.5S8.985 10 6.5 10zM17.5 10c-.223 0-.437.034-.65.065.069-.232.14-.468.254-.68.114-.308.292-.575.469-.844.148-.291.409-.488.601-.737.201-.242.475-.403.692-.604.213-.21.492-.315.714-.463.232-.133.434-.28.65-.35.208-.086.39-.16.539-.222.302-.125.474-.197.474-.197L20.758 4.03c0 0-.218.052-.597.144-.191.048-.424.104-.689.171-.271.05-.56.187-.882.312-.317.143-.686.238-1.028.467-.344.218-.741.4-1.091.692-.339.301-.748.562-1.05.944-.33.358-.656.734-.909 1.162C14.219 8.33 14.02 8.778 13.81 9.221c-.19.443-.343.896-.468 1.336-.237.882-.343 1.72-.384 2.437-.034.718-.014 1.315.028 1.747.015.204.043.402.063.539.017.109.025.168.025.168l.026-.006C13.535 17.474 15.338 19 17.5 19c2.485 0 4.5-2.015 4.5-4.5S19.985 10 17.5 10z\"><\/path>\r\n    <\/svg><\/div>\r\n  <div class=\"h-full relative z-10\">\r\n    <div class=\"text-center px-6 md:px-16 pt-10 md:pt-14 text-l sm:text-xl\">\r\n      <p class=\"text-gray-600 serif font-normal italic\">\r\n  Zorlu ko\u015fullara ra\u011fmen, Avukat Lugowski bu davada benim i\u00e7in bekledi\u011fimden fazlas\u0131n\u0131 ba\u015fard\u0131. Bu davan\u0131n son derece profesyonel ve her zaman \u015feffaf bir \u015fekilde y\u00fcr\u00fct\u00fclmesinden dolay\u0131 i\u00e7tenlikle minnettarl\u0131\u011f\u0131m\u0131 ifade etmek isterim.\r\n      <\/p>\r\n      <span class=\"text-center font-bold\">TK<\/span> <i class=\"fa-star text-yellow-400\"><\/i> <i class=\"fa-star text-yellow-400\"><\/i> <i class=\"fa-star text-yellow-400\"><\/i> <i class=\"fa-star text-yellow-400\"><\/i> <i class=\"fa-star text-yellow-400\"><\/i>\r\n    <\/div>\r\n  <\/div>\r\n<\/div>                            <\/div>\n                        <\/div>\n                    <\/div>\n                \n                    \n        \n    <\/div>\n\n<\/div>\n            <\/div>\n                                <div class='order-4 md:order-none' >\n                \n<div class=\"smart-container\" >\n            <h2 class=\"font-bold text-center\">SSS<\/h2>\n    \n    <div class=\"flex flex-wrap\">\n        \n                                            <div class=\"w-full lg:w-full\">\n                    <div class=\"h-full\">\n                        <div class=\"h-full p-1\">\n                        \n<div class=\"mx-auto\">\n            <div class=\"mb-4\">\n            <div class=\"faq-question flex items-center justify-between bg-gray-200 pl-3 pr-2 py-3 w-full rounded text-gray-600 font-bold cursor-pointer hover:bg-gray-300\">\n                Neden sizinle \u00e7al\u0131\u015fmay\u0131 se\u00e7meliyim?                <span class=\"h-6 w-6 flex items-center justify-center text-teal-500\"><i class=\"fa-add\"><\/i><\/span>\n            <\/div>\n            <div class=\"faq-answer hidden p-3\">\n                <div class=\"text-gray-600 mb-3\">\n                    Kendiniz \u00f6\u011frenin! \u0130\u015f hukuku davan\u0131z\u0131n \u00fcst d\u00fczey profesyonel bir d\u00fczeyde ele al\u0131nmas\u0131n\u0131 m\u0131 istiyorsunuz? \u0130\u015f hukukunda h\u0131zl\u0131 bir hukuki s\u00fcrece mi ihtiyac\u0131n\u0131z var? H\u0131zl\u0131 sonu\u00e7lar m\u0131 ar\u0131yorsunuz? Sizinle a\u00e7\u0131k s\u00f6zl\u00fc bir \u015fekilde konu\u015fan bir avukatla empatik ve d\u00fcr\u00fcst bir ileti\u015fimin avantajlar\u0131na de\u011fer veriyor musunuz? Biz &quot;s\u0131radan&quot; bir i\u015f hukuku firmas\u0131 de\u011filiz. Siz de &quot;s\u0131radan&quot; bir m\u00fcvekkil de\u011filsiniz. Birbirimize uygunsak, i\u015f hukukunda birlikte \u00e7ok \u015fey ba\u015farabiliriz.                <\/div>\n            <\/div>\n        <\/div>\n\n                    <div class=\"mb-4\">\n            <div class=\"faq-question flex items-center justify-between bg-gray-200 pl-3 pr-2 py-3 w-full rounded text-gray-600 font-bold cursor-pointer hover:bg-gray-300\">\n                Hukuk b\u00fcrosu i\u015f hukuku konusunda bana nas\u0131l destek olabilir?                <span class=\"h-6 w-6 flex items-center justify-center text-teal-500\"><i class=\"fa-add\"><\/i><\/span>\n            <\/div>\n            <div class=\"faq-answer hidden p-3\">\n                <div class=\"text-gray-600 mb-3\">\n                    Her \u015feyden \u00f6nce, amac\u0131m\u0131z i\u015f hukuku davan\u0131z\u0131 h\u0131zl\u0131, do\u011frudan ve sizin i\u00e7in olumlu bir sonu\u00e7la \u00e7\u00f6zmektir. \u00d6ncelikle, haklar\u0131n\u0131z, talepleriniz ve stratejik se\u00e7enekleriniz konusunda size kapsaml\u0131 ve net tavsiyelerde bulunuyoruz. Dilerseniz, davan\u0131z\u0131n kapsaml\u0131 temsilini de \u00fcstlenebiliriz. Size dan\u0131\u015fmanl\u0131k ve temsil hizmeti sunarak, bu s\u00fcre\u00e7te arkan\u0131za yaslan\u0131p rahatlaman\u0131z\u0131 sa\u011fl\u0131yoruz.                <\/div>\n            <\/div>\n        <\/div>\n\n                    <div class=\"mb-4\">\n            <div class=\"faq-question flex items-center justify-between bg-gray-200 pl-3 pr-2 py-3 w-full rounded text-gray-600 font-bold cursor-pointer hover:bg-gray-300\">\n                Hukuk b\u00fcrosunun deneyimi nedir?                <span class=\"h-6 w-6 flex items-center justify-center text-teal-500\"><i class=\"fa-add\"><\/i><\/span>\n            <\/div>\n            <div class=\"faq-answer hidden p-3\">\n                <div class=\"text-gray-600 mb-3\">\n                    \u0130\u015f hukuku alan\u0131ndaki deneyimimiz, hem derinlemesine hem de kapsaml\u0131 olarak kapsaml\u0131d\u0131r. Sadece i\u015f hukukuna odaklan\u0131yor ve \u00e7ok say\u0131da davay\u0131 ele al\u0131yoruz. \u00c7al\u0131\u015fanlara, i\u015f\u00e7i sendikalar\u0131na ve i\u015fverenlere i\u015f hukukunun t\u00fcm alanlar\u0131nda dan\u0131\u015fmanl\u0131k ve temsil hizmeti sunuyoruz. Y\u00fczlerce i\u015f mahkemesi davas\u0131 ve i\u015f\u00e7i sendikalar\u0131yla birlikte y\u00fcr\u00fct\u00fclen say\u0131s\u0131z m\u00fczakere, sizin de b\u00fcy\u00fck fayda sa\u011flayaca\u011f\u0131n\u0131z deneyimimizi ortaya koymaktad\u0131r.                <\/div>\n            <\/div>\n        <\/div>\n\n                    <div class=\"mb-4\">\n            <div class=\"faq-question flex items-center justify-between bg-gray-200 pl-3 pr-2 py-3 w-full rounded text-gray-600 font-bold cursor-pointer hover:bg-gray-300\">\n                \u0130\u015f hukuku konusunda uzman bir avukat\u0131n faydalar\u0131 nelerdir?                <span class=\"h-6 w-6 flex items-center justify-center text-teal-500\"><i class=\"fa-add\"><\/i><\/span>\n            <\/div>\n            <div class=\"faq-answer hidden p-3\">\n                <div class=\"text-gray-600 mb-3\">\n                    Her avukat\u0131n kendisine &quot;\u0130\u015f Hukuku Uzman\u0131 Avukat&quot; demesine izin verilmez. Bu unvan, Baro taraf\u0131ndan i\u015f hukuku alan\u0131nda kan\u0131tlanm\u0131\u015f teorik ve pratik uzmanl\u0131k i\u00e7in verilir. Bu unvan\u0131 korumak i\u00e7in uzman avukatlar\u0131n her y\u0131l ek e\u011fitim almalar\u0131 veya Avukat Lugowski gibi i\u015f hukuku \u00fczerine dersler almalar\u0131 gerekir. Avukat Lugowski bu alanda uzman bir avukatt\u0131r. Ancak, onun i\u00e7in \u00f6nemli olan unvan\u0131n kendisi de\u011fildir. As\u0131l \u00f6nemli olan, i\u015f hukuku alan\u0131ndaki tavizsiz uzmanl\u0131\u011f\u0131, g\u00fcncel kalma konusundaki kararl\u0131l\u0131\u011f\u0131, hukuki geli\u015fmeleri yak\u0131ndan takip etmesi ve i\u015f hukuku alan\u0131ndaki uzmanl\u0131\u011f\u0131n\u0131 s\u00fcrekli geli\u015ftirmesidir. K\u0131sacas\u0131: M\u00fcvekkillerimizin gelecekte de bizimle ba\u015far\u0131 hikayelerini yazmaya devam etmeleri i\u00e7in gereken her \u015feyi yapmak.                <\/div>\n            <\/div>\n        <\/div>\n\n                    <div class=\"mb-4\">\n            <div class=\"faq-question flex items-center justify-between bg-gray-200 pl-3 pr-2 py-3 w-full rounded text-gray-600 font-bold cursor-pointer hover:bg-gray-300\">\n                Sizinle bir dan\u0131\u015fmanl\u0131k g\u00f6r\u00fc\u015fmesi nas\u0131l i\u015fliyor?                <span class=\"h-6 w-6 flex items-center justify-center text-teal-500\"><i class=\"fa-add\"><\/i><\/span>\n            <\/div>\n            <div class=\"faq-answer hidden p-3\">\n                <div class=\"text-gray-600 mb-3\">\n                    Dan\u0131\u015fmanl\u0131k s\u0131ras\u0131nda, i\u015f hukuku avukat\u0131n\u0131z size hukuki durum hakk\u0131nda kapsaml\u0131 ve kapsaml\u0131 tavsiyelerde bulunacakt\u0131r. \u0130lk olarak, endi\u015fenizi ayr\u0131nt\u0131l\u0131 olarak sunma f\u0131rsat\u0131n\u0131z olacak. Ard\u0131ndan, uzman avukat\u0131n\u0131z hukuki bir de\u011ferlendirme yapacakt\u0131r. \u0130\u015f hukuku uzman\u0131 avukat, hukuki veya mali hedefinize en iyi \u015fekilde ula\u015fman\u0131z i\u00e7in olas\u0131 yakla\u015f\u0131mlar\u0131 size sunacakt\u0131r. Dilerseniz avukat\u0131n\u0131z size hukuk b\u00fcrosu ve avukatl\u0131k faaliyetleri hakk\u0131nda da bilgi verecektir.                <\/div>\n            <\/div>\n        <\/div>\n\n                    <div class=\"mb-4\">\n            <div class=\"faq-question flex items-center justify-between bg-gray-200 pl-3 pr-2 py-3 w-full rounded text-gray-600 font-bold cursor-pointer hover:bg-gray-300\">\n                Fesih ve k\u0131dem tazminat\u0131 s\u00f6zle\u015fmeleri i\u00e7in en \u00f6nemli ipucu nedir?                <span class=\"h-6 w-6 flex items-center justify-center text-teal-500\"><i class=\"fa-add\"><\/i><\/span>\n            <\/div>\n            <div class=\"faq-answer hidden p-3\">\n                <div class=\"text-gray-600 mb-3\">\n                    Fesih: Fesih bildirimini ald\u0131\u011f\u0131n\u0131z tarihten itibaren haks\u0131z yere i\u015ften \u00e7\u0131kar\u0131lma davas\u0131 a\u00e7mak i\u00e7in yaln\u0131zca \u00fc\u00e7 haftan\u0131z var. Fesih bildirimi uygun yetki olmadan yap\u0131lm\u0131\u015fsa, bir hafta i\u00e7inde itiraz etmelisiniz. Bu son tarihleri ka\u00e7\u0131rmay\u0131n! Fesih S\u00f6zle\u015fmesi: \u0130mzalamay\u0131n! \u0130mzaland\u0131ktan sonra, ciddi bir s\u00f6zle\u015fmenin iptali \u00e7ok zordur. Ayr\u0131ca sosyal g\u00fcvenlik a\u00e7\u0131s\u0131ndan dezavantajlara da yol a\u00e7abilir.                <\/div>\n            <\/div>\n        <\/div>\n\n                    <div class=\"mb-4\">\n            <div class=\"faq-question flex items-center justify-between bg-gray-200 pl-3 pr-2 py-3 w-full rounded text-gray-600 font-bold cursor-pointer hover:bg-gray-300\">\n                \u0130lk g\u00f6r\u00fc\u015fme \u00fccretsiz mi?                <span class=\"h-6 w-6 flex items-center justify-center text-teal-500\"><i class=\"fa-add\"><\/i><\/span>\n            <\/div>\n            <div class=\"faq-answer hidden p-3\">\n                <div class=\"text-gray-600 mb-3\">\n                    Evet, bu ka\u00e7\u0131n\u0131lmaz: Hizmetlerin bir bedeli var ve kaliteli hizmetlerin biraz daha fazlas\u0131 var. Her zaman en az\u0131ndan Alman Avukatlar Tazminat Yasas\u0131 (RVG) taraf\u0131ndan belirlenen \u00fccreti al\u0131yoruz. Daha az\u0131na \u00e7al\u0131\u015famay\u0131z (ve \u00e7al\u0131\u015fmak da istemiyoruz). \u00d6nceliklerimiz: Y\u00fcksek kalite, a\u00e7\u0131k ileti\u015fim ve her dava i\u00e7in ayr\u0131lm\u0131\u015f zaman. M\u00fcmk\u00fcn oldu\u011funca \u00e7ok davay\u0131 ele almaya de\u011fil, ger\u00e7ekten \u00f6nemli olan de\u011ferli davalarla \u00e7al\u0131\u015fmaya odaklan\u0131yoruz. Kaliteli hukuk hizmetleri ucuza gelmez. Bu nedenle \u00fccretsiz ilk dan\u0131\u015fmanl\u0131k hizmeti sunmuyoruz. Bunun yerine, net ve konuya odakl\u0131, nitelikli ve sa\u011flam temellere dayanan hukuki dan\u0131\u015fmanl\u0131k hizmeti al\u0131rs\u0131n\u0131z. Ayr\u0131ca, &quot;\u00fccretsiz&quot; ilk dan\u0131\u015fmanl\u0131klar ger\u00e7ekten \u00fccretsiz mi? Bir d\u00fc\u015f\u00fcn\u00fcn...                <\/div>\n            <\/div>\n        <\/div>\n\n            <\/div>\n\n    <script type=\"application\/ld+json\">\n    {\n        \"@context\": \"https:\/\/schema.org\",\n        \"@type\": \"FAQPage\",\n        \"mainEntity\": [\n            {\n    \"@type\": \"Question\",\n    \"name\": \"Why should I choose to work with you?\",\n    \"acceptedAnswer\": {\n        \"@type\": \"Answer\",\n        \"text\": \"Find out for yourself! Do you want your employment law matter to be handled at a high professional level? Do you need swift legal action in employment law? Are you looking for fast results? Do you value the benefits of empathetic and honest communication with a lawyer who speaks plainly with you?We are not \\\"just another\\\" labour law firm. And you are not \\\"just any\\\" client. If we are a good fit, we can achieve a lot together in employment law.\"\n    }\n},{\n    \"@type\": \"Question\",\n    \"name\": \"How can the law firm support me in labour law?\",\n    \"acceptedAnswer\": {\n        \"@type\": \"Answer\",\n        \"text\": \"First and foremost: Our goal is to resolve your employment law matter promptly, straightforwardly, and with a favorable outcome for you.First, we provide you with thorough and precise advice on your rights, claims, and strategic options. If you wish, we can then take over the comprehensive representation of your case.We advise and represent you, allowing you to sit back and relax in the meantime.\"\n    }\n},{\n    \"@type\": \"Question\",\n    \"name\": \"What experience does the law firm have?\",\n    \"acceptedAnswer\": {\n        \"@type\": \"Answer\",\n        \"text\": \"Our experience in employment law is extensive, both in depth and breadth. We focus exclusively on employment law and handle a high volume of cases.We advise and represent employees, works councils, and employers across the entire spectrum of employment law. Hundreds of employment court cases and numerous negotiations alongside works councils demonstrate our experience, which you will greatly benefit from.\"\n    }\n},{\n    \"@type\": \"Question\",\n    \"name\": \"What are the benefits of a specialist lawyer for employment law?\",\n    \"acceptedAnswer\": {\n        \"@type\": \"Answer\",\n        \"text\": \"Not all lawyers are permitted to call themselves \\\"Specialist Lawyers for Employment Law.\\\" This title is awarded by the Bar Association for proven theoretical and practical expertise in labour law. To maintain it, specialist lawyers must undergo annual further training or, like Attorney Lugowski, lecture on employment law.Attorney Lugowski is a specialist lawyer in this field. However, the title itself is not what matters to him. What truly counts is the uncompromising specialization in employment law, the commitment to staying up-to-date, closely following legal developments, and continuously advancing his expertise in employment law.In short: Doing everything necessary to ensure that our clients continue to write their success stories with us in the future.\"\n    }\n},{\n    \"@type\": \"Question\",\n    \"name\": \"How does a consultation with you work?\",\n    \"acceptedAnswer\": {\n        \"@type\": \"Answer\",\n        \"text\": \"During the consultation, your employment lawyer will provide you with comprehensive and thorough advice on the legal situation.You will first have the opportunity to present your concern in detail. Afterwards, your specialist lawyer will provide a legal assessment.The specialist lawyer for employment law will present you with possible approaches to achieving your legal or financial goal in the best way possible.If you wish, your lawyer will also tell you about the firm and their work as an attorney.\"\n    }\n},{\n    \"@type\": \"Question\",\n    \"name\": \"The most important tip for termination and severance agreements?\",\n    \"acceptedAnswer\": {\n        \"@type\": \"Answer\",\n        \"text\": \"Termination: You only have three weeks from the date you receive the termination to file an unfair dismissal claim. If the termination was issued without proper authorization, you must object within one week. Do not miss these deadlines!Severance Agreement: Do not sign! Once signed, a severance agreement is very difficult to revoke. It may also lead to social security disadvantages.\"\n    }\n},{\n    \"@type\": \"Question\",\n    \"name\": \"Is the initial consultation free of charge?\",\n    \"acceptedAnswer\": {\n        \"@type\": \"Answer\",\n        \"text\": \"Yes, that is inevitable: Services come at a cost \u2013 and high-quality services a little more.We always charge at least the fees set by the German Lawyers Compensation Act (RVG). We cannot (and do not want to) work for less.Our priorities: High quality, clear communication, and dedicated time for each case. We focus not on handling as many cases as possible, but on working with valuable cases that truly matter. Quality legal services do not come at a bargain price.For this reason, we do not offer free initial consultations. Instead, you receive qualified and well-founded legal advice that is precise and to the point.Moreover, are \\\"free\\\" initial consultations really free? Think about it...\"\n    }\n}\n        ]\n    }\n    <\/script>                        <\/div>\n                    <\/div>\n                <\/div>\n                    \n        \n    <\/div>\n\n<\/div>\n            <\/div>\n                                <div class='mobile-even-row order-4 md:order-none' >\n                \n<div class=\"smart-container\" >\n    \n    <div class=\"flex flex-wrap\">\n        \n                            \n                                                        <div class=\"w-full lg:w-full\">\n                        <div class=\"h-full  z-10\">\n                            <div class=\"h-full\">\n                                <div class=\"lg:flex lg:items-center lg:justify-between\"><p class=\"text-3xl font-extrabold tracking-tight text-gray-900 sm:text-4xl\"><span class=\"block\">\u00dccretsiz \u0130lk De\u011ferlendirme<\/span><span class=\"block text-primary-light\">Hukuki a\u00e7\u0131dan konuya tam olarak hakim.<\/span><\/p><div class=\"buttons-block flex flex-wrap justify-center mt-3\"><a class=\"btn-cta mr-3 mt-0 lg:mt-3 xl:mt-0\" href=\"tel:+4940524717830\"><i class=\"fa fa-phone mr-2\"><\/i>Hemen aray\u0131n!<\/a><a class=\"btn-cta mr-3 mt-0 lg:mt-3 xl:mt-0\" href=\"\/tr\/kontakt\/\"><i class=\"fa fa-envelope mr-2\"><\/i>Davan\u0131z\u0131 sunun<\/a><\/div><\/div>                            <\/div>\n                        <\/div>\n                    <\/div>\n                \n                    \n        \n    <\/div>\n\n<\/div>\n            <\/div>\n                                <div class='mobile-even-row order-8 md:order-none' >\n                \n<div class=\"smart-container\" >\n            <h2 class=\"font-bold text-center\">\u201c\u0130\u015f hukuku avukatlar\u0131 olarak tek bir \u015fey istiyoruz: M\u00fcvekkillerimizin ba\u015far\u0131s\u0131\u201d<\/h2>\n    \n    <div class=\"flex flex-wrap\">\n        \n                            \n                                                        <div >\n                        <div class=\"h-full  z-10\">\n                            <div class=\"h-full p-2\">\n                                <div class=\"relative overflow-hidden\">\r\n  <svg\r\n    class=\"hidden xl:block absolute top-0 right-0 -mt-20 -mr-20\"\r\n    width=\"300\"\r\n    height=\"600\"\r\n    fill=\"none\"\r\n    viewbox=\"0 0 300 600\"\r\n    aria-hidden=\"true\"\r\n  >\r\n    <defs>\r\n      <pattern\r\n        id=\"pattern_1\"\r\n        x=\"0\"\r\n        y=\"0\"\r\n        width=\"20\"\r\n        height=\"20\"\r\n        patternunits=\"userSpaceOnUse\"\r\n      >\r\n        <rect x=\"0\" y=\"0\" width=\"4\" height=\"4\" class=\"text-gray-200\" fill=\"currentColor\" \/>\r\n      <\/pattern>\r\n    <\/defs>\r\n    <rect width=\"400\" height=\"600\" fill=\"url(#pattern_1)\" \/>\r\n  <\/svg>\r\n  <svg\r\n    class=\"hidden xl:block absolute bottom-0 left-0 -mb-20 -ml-20\"\r\n    width=\"300\"\r\n    height=\"500\"\r\n    fill=\"none\"\r\n    viewbox=\"0 0 300 500\"\r\n    aria-hidden=\"true\"\r\n  >\r\n    <defs>\r\n      <pattern\r\n        id=\"pattern_2\"\r\n        x=\"0\"\r\n        y=\"0\"\r\n        width=\"20\"\r\n        height=\"20\"\r\n        patternunits=\"userSpaceOnUse\"\r\n      >\r\n        <rect x=\"0\" y=\"0\" width=\"4\" height=\"4\" class=\"text-gray-200\" fill=\"currentColor\" \/>\r\n      <\/pattern>\r\n    <\/defs>\r\n    <rect width=\"400\" height=\"500\" fill=\"url(#pattern_2)\" \/>\r\n  <\/svg>\r\n  <div class=\"relative\">\r\n    <p class=\"max-w-3xl mx-auto text-center text-xl text-gray-500\">\r\n  Biz Hamburg&#039;da ya\u015fayan i\u015f hukuku avukatlar\u0131 Hamza G\u00fclbas ve Raphael Lugowski&#039;yiz. Y\u0131llard\u0131r m\u00fcvekkillerimize dan\u0131\u015fmanl\u0131k ve temsil hizmeti veriyoruz. <strong>y\u00fcksek d\u00fczeyde deneyim ve uzmanl\u0131k<\/strong>Tutkumuz i\u015f hukuku, hedefimiz ise sizin hak ve \u00e7\u0131karlar\u0131n\u0131z\u0131 en iyi \u015fekilde g\u00f6zetmektir.\r\n    <\/p>\r\n  <\/div>\r\n  <div class=\"flex flex-col-reverse lg:block relative mt-6 lg:mt-12 lg:grid lg:grid-cols-2 lg:gap-2 lg:items-center justify-items-center\">\r\n    <div class=\"relative\">\r\n      <p class=\"mt-3\">\r\n      Haks\u0131z fesih davalar\u0131, k\u0131dem tazminat\u0131 anla\u015fmalar\u0131n\u0131n m\u00fczakere edilmesi veya i\u015f s\u00f6zle\u015fmeleri ve \u015firket anla\u015fmalar\u0131n\u0131n haz\u0131rlanmas\u0131 gibi i\u015f hukukundaki t\u00fcm zorluklarda size rehberlik ediyoruz. Tutarl\u0131 bir \u015fekilde \u00e7al\u0131\u015f\u0131yoruz ve <strong>en \u00fcst d\u00fczeyde<\/strong> \u2014 her g\u00fcn. M\u00fcvekkillerimiz y\u0131llard\u0131r en \u00f6nemli davalar\u0131n\u0131 bize emanet ediyorlar \u00e7\u00fcnk\u00fc onlar\u0131n \u00e7\u0131karlar\u0131 i\u00e7in m\u00fccadele etti\u011fimizi biliyorlar.\r\n\r\n      <\/p>\r\n\r\n      <p>\r\n     As <strong>i\u015f hukuku uzmanlar\u0131<\/strong>\u0130\u015fveren konseylerine d\u00fczenli olarak e\u011fitim veriyor, hukuki makaleler yay\u0131nl\u0131yor ve i\u015f hukukundaki g\u00fcncel konular\u0131 ele ald\u0131\u011f\u0131m\u0131z bir podcast yay\u0131nl\u0131yoruz. Size m\u00fcmk\u00fcn olan en iyi \u00e7\u00f6z\u00fcmleri sunmak i\u00e7in her zaman g\u00fcncel kal\u0131yoruz.\r\n      <\/p>\r\n\r\n    <\/div>\r\n\r\n    <div class=\"my-6 relative lg:my-0\" aria-hidden=\"true\">\r\n      <video id=\"walking-video\" width=\"600\" height=\"400\" muted playsinline poster=\"\/wp-content\/uploads\/2024\/10\/Raphael_Hamza_gehend_poster.jpg\">\r\n        <source data-src=\"\/wp-content\/uploads\/2024\/10\/Raphael_Hamza_gehend_480p.mp4\" type=\"video\/mp4\">\r\n        Taray\u0131c\u0131n\u0131z HTML videolar\u0131n\u0131 desteklemiyor.\r\n      <\/video>\r\n    <\/div>\r\n  <\/div>\r\n  <div\r\n    class=\"lg:block relative mt-6 lg:mt-12 lg:grid lg:grid-cols-2 lg:gap-2 lg:items-center justify-items-center\"\r\n  \r\n  >\r\n    <div class=\"my-6 relative lg:my-0\">\r\n      <img loading=\"lazy\" decoding=\"async\"\r\n        src=\"\/wp-content\/uploads\/2023\/02\/Smart_Arbeitsrecht_Kanzlei_Alsterufer.jpg\"\r\n        alt=\"Smart Arbeitsrecht Kanzlei an der Alsterufer\"\r\n        width=\"600\"\r\n        height=\"338\"\r\n        class=\"relative mx-auto size-full wp-image-6484\"\r\n      \/>\r\n    <\/div>\r\n    <div>\r\n      <p class=\"mt-3\">\r\n        Bizim i\u00e7in \u00f6nemli olan <strong>M\u00fc\u015fterilerimize zaman ay\u0131r\u0131n<\/strong>Sizi dikkatle dinliyor, durumunuzu analiz ediyor ve ard\u0131ndan \u00e7\u0131karlar\u0131n\u0131z\u0131 korumak i\u00e7in t\u00fcm g\u00fcc\u00fcm\u00fcz\u00fc kullan\u0131yoruz. \u00c7\u00fcnk\u00fc her i\u015f hukuku sorununun bir \u00e7\u00f6z\u00fcm\u00fc oldu\u011funa inan\u0131yoruz ve birlikte sizin i\u00e7in en iyi yolu bulaca\u011f\u0131z.\r\n      <\/p>\r\n\r\n      <p>\r\n        Bizden m\u00fcmk\u00fcn oldu\u011funca net, h\u0131zl\u0131 ve stressiz bir destek bekleyebilirsiniz. Adalet ve hakkaniyet bizi motive eden \u015feydir ve <strong>uzman kalitesi ve s\u00fcrekli ba\u011fl\u0131l\u0131k<\/strong> size verdi\u011fimiz s\u00f6zd\u00fcr.\r\n      <\/p>\r\n\r\n      <p>\r\n       Birbirimizi \u015fahsen tan\u0131yal\u0131m. \u0130\u015f hukuku konusunda size m\u00fcmk\u00fcn olan en iyi deste\u011fi sa\u011flayabilmemiz i\u00e7in bizi aray\u0131n veya randevu al\u0131n.\r\n      <\/p>\r\n      <img loading=\"lazy\" decoding=\"async\"\r\n        src=\"\/wp-content\/uploads\/2022\/01\/Unterschrift.png\"\r\n        alt=\"\"\r\n        width=\"223\"\r\n        height=\"62\"\r\n        class=\"alignnone size-full wp-image-5905 mt-2\"\r\n      \/>\r\n    <\/div>\r\n  <\/div>\r\n<\/div>                            <\/div>\n                        <\/div>\n                    <\/div>\n                \n                    \n        \n    <\/div>\n\n<\/div>\n            <\/div>\n                                <div class='order-9 md:order-none' >\n                \n<div class=\"smart-container\" >\n            <h2 class=\"font-bold text-center\">Bizimle \u00c7al\u0131\u015fman\u0131n Faydalar\u0131<\/h2>\n    \n    <div class=\"flex flex-wrap justify-center\">\n        \n                            \n                                                        <div >\n                        <div class=\"h-full  z-10\">\n                            <div class=\"h-full\">\n                                <section class=\"relative z-10 mt-10\">\r\n  <div class=\"grid grid-cols-1 gap-y-20 lg:grid-cols-3 lg:gap-y-0 lg:gap-x-8\">\r\n    <div class=\"flex flex-col bg-white shadow-xl\">\r\n      <div class=\"flex-1 relative pt-16 px-6 pb-8 md:px-8\">\r\n        <div class=\"absolute top-0 p-5 inline-block bg-primary text-white shadow-lg transform -translate-y-1\/2\">\r\n          <i class=\"text-2xl fa-drink\"><\/i>\r\n        <\/div>\r\n        <h3 class=\"text-xl font-medium text-gray-900\">\u0130\u015f hukuku ile ilgili stres yok<\/h3>\r\n        <p class=\"mt-4 text-base text-gray-500\">Davan\u0131z\u0131 kapsaml\u0131 bir \u015fekilde ele al\u0131p haklar\u0131n\u0131z\u0131 etkili bir \u015fekilde uygularken siz de g\u00f6n\u00fcl rahatl\u0131\u011f\u0131yla davan\u0131z\u0131 y\u00fcr\u00fctebilirsiniz.<\/p>\r\n      <\/div>\r\n    <\/div>\r\n\r\n    <div class=\"flex flex-col bg-white shadow-xl\">\r\n      <div class=\"flex-1 relative pt-16 px-6 pb-8 md:px-8\">\r\n        <div class=\"absolute top-0 p-5 inline-block bg-primary text-white shadow-lg transform -translate-y-1\/2\">\r\n          <i class=\"text-2xl fa-map-signs\"><\/i>\r\n        <\/div>\r\n        <h3 class=\"text-xl font-medium text-gray-900\">Hedeflerinize ula\u015f\u0131rs\u0131n\u0131z<\/h3>\r\n        <p class=\"mt-4 text-base text-gray-500\">Tek ba\u015f\u0131n\u0131za ba\u015faramayaca\u011f\u0131n\u0131z\u0131 bizimle ba\u015farabilirsiniz. Deste\u011fimizle, hukuki ve finansal hedeflerinize ba\u015far\u0131yla ula\u015fman\u0131z\u0131n yollar\u0131n\u0131 g\u00f6steriyoruz.<\/p>\r\n      <\/div>\r\n\r\n    <\/div>\r\n    <div class=\"flex flex-col bg-white shadow-xl\">\r\n      <div class=\"flex-1 relative pt-16 px-6 pb-8 md:px-8\">\r\n        <div class=\"absolute top-0 p-5 inline-block bg-primary text-white shadow-lg transform -translate-y-1\/2\">\r\n          <i class=\"text-2xl fa-check-square-o\"><\/i>\r\n        <\/div>\r\n        <h3 class=\"text-xl font-medium text-gray-900\">\u0130\u015f hukukunda a\u00e7\u0131k s\u00f6zl\u00fcl\u00fck<\/h3>\r\n        <p class=\"mt-4 text-base text-gray-500\">\u0130\u015f hukukunda yasal olarak neyin m\u00fcmk\u00fcn oldu\u011funu ve neyin m\u00fcmk\u00fcn olmad\u0131\u011f\u0131n\u0131 size anlat\u0131yoruz. Sizinle a\u00e7\u0131k ve net ileti\u015fim kurmak bizim i\u00e7in olmazsa olmazd\u0131r.<\/p>\r\n      <\/div>\r\n    <\/div><\/div>\r\n<\/section>                            <\/div>\n                        <\/div>\n                    <\/div>\n                \n                    \n        \n    <\/div>\n\n<\/div>\n            <\/div>\n                                <div class='order-3 md:order-none' >\n                \n\n<div class=\"smart-container\" id=\"bewertungen\">\n    \n    <div class=\"testimonial-block flex flex-wrap -m-4\">\n        <div class=\"relative w-full md:w-1\/2 py-2 md:py-24 bg-white flex flex-col item-center justify-center\">\n\n            <div class=\"absolute top-0 left-0 z-10 grid-indigo w-16 h-16 md:w-44 md:h-96 md:ml-20 md:mt-24\"><\/div>\n\n            <div class=\"py-2 px-6 md:py-6 md:px-1 md:w-64 md:mx-auto font-semibold leading-tight tracking-tight mb-0 z-20\">\n                <h2 class=\"text-2xl md:text-5xl\">\u00d6yle diyorlar<br>m\u00fc\u015fterilerimiz<\/h2>\n            <\/div>\n        <\/div>\n\n        <div class=\"bg-gray-100 w-full md:w-1\/2\">\n            <div class=\"flex flex-col h-full relative\">\n                <div class=\"absolute top-0 left-0 mt-3 ml-4 md:mt-5 md:ml-12\">\n                    <svg xmlns=\"http:\/\/www.w3.org\/2000\/svg\"\n                         class=\"text-primary-light fill-current w-12 h-12 md:w-16 md:h-16 opacity-40\"\n                         viewbox=\"0 0 24 24\">\n                        <path\n                            d=\"M6.5 10c-.223 0-.437.034-.65.065.069-.232.14-.468.254-.68.114-.308.292-.575.469-.844.148-.291.409-.488.601-.737.201-.242.475-.403.692-.604.213-.21.492-.315.714-.463.232-.133.434-.28.65-.35.208-.086.39-.16.539-.222.302-.125.474-.197.474-.197L9.758 4.03c0 0-.218.052-.597.144C8.97 4.222 8.737 4.278 8.472 4.345c-.271.05-.56.187-.882.312C7.272 4.799 6.904 4.895 6.562 5.123c-.344.218-.741.4-1.091.692C5.132 6.116 4.723 6.377 4.421 6.76c-.33.358-.656.734-.909 1.162C3.219 8.33 3.02 8.778 2.81 9.221c-.19.443-.343.896-.468 1.336-.237.882-.343 1.72-.384 2.437-.034.718-.014 1.315.028 1.747.015.204.043.402.063.539.017.109.025.168.025.168l.026-.006C2.535 17.474 4.338 19 6.5 19c2.485 0 4.5-2.015 4.5-4.5S8.985 10 6.5 10zM17.5 10c-.223 0-.437.034-.65.065.069-.232.14-.468.254-.68.114-.308.292-.575.469-.844.148-.291.409-.488.601-.737.201-.242.475-.403.692-.604.213-.21.492-.315.714-.463.232-.133.434-.28.65-.35.208-.086.39-.16.539-.222.302-.125.474-.197.474-.197L20.758 4.03c0 0-.218.052-.597.144-.191.048-.424.104-.689.171-.271.05-.56.187-.882.312-.317.143-.686.238-1.028.467-.344.218-.741.4-1.091.692-.339.301-.748.562-1.05.944-.33.358-.656.734-.909 1.162C14.219 8.33 14.02 8.778 13.81 9.221c-.19.443-.343.896-.468 1.336-.237.882-.343 1.72-.384 2.437-.034.718-.014 1.315.028 1.747.015.204.043.402.063.539.017.109.025.168.025.168l.026-.006C13.535 17.474 15.338 19 17.5 19c2.485 0 4.5-2.015 4.5-4.5S19.985 10 17.5 10z\"\/>\n                    <\/svg>\n                <\/div>\n\n                <!-- Text -->\n                <div class=\"slider-container\">\n                                    <div class=\"slide-container\">\n                        <div\n                            class=\"slide slide0 px-6 md:px-16 pt-10 md:pt-14 text-lg sm:text-xl\">\n                            <p class=\"text-gray-600 serif font-normal italic\">\n                                Raphael Lugowski&#039;yi sadece uzmanl\u0131\u011f\u0131 i\u00e7in de\u011fil, ayn\u0131 zamanda empatik yakla\u015f\u0131m\u0131 i\u00e7in de i\u00e7tenlikle tavsiye edebilirim; hem beceri hem de anlay\u0131\u015fa sahip bir avukat arayan herkes i\u00e7in m\u00fckemmel. Bilgisinin teorinin \u00f6tesine ge\u00e7ti\u011fi ve \u00e7e\u015fitli ger\u00e7ek d\u00fcnya senaryolar\u0131nda etkili bir \u015fekilde uyguland\u0131\u011f\u0131 hemen anla\u015f\u0131ld\u0131. Bay Lugowski&#039;yi \u015fiddetle tavsiye edebilirim ve ba\u011flant\u0131m\u0131z i\u00e7in \u00e7ok minnettar\u0131m!                            <\/p>\n                            <p class=\"text-sm no-space\">De\u011ferlendirme:<\/p>\n                            <div class=\"flex\">\n                                <i class=\"fa-star text-yellow-400\"><\/i>\n                                <i class=\"fa-star text-yellow-400\"><\/i>\n                                <i class=\"fa-star text-yellow-400\"><\/i>\n                                <i class=\"fa-star text-yellow-400\"><\/i>\n                                <i class=\"fa-star text-yellow-400\"><\/i>\n                            <\/div>\n                        <\/div>\n                    <\/div>\n                                    <div class=\"slide-container\">\n                        <div\n                            class=\"slide slide1 px-6 md:px-16 pt-10 md:pt-14 text-lg sm:text-xl\">\n                            <p class=\"text-gray-600 serif font-normal italic\">\n                                Bay Lugowski harika! \u00c7ok k\u0131sa bir s\u00fcrede, e-postayla k\u0131saca anlatt\u0131\u011f\u0131m davay\u0131 kavrayabildi, hukuki durumu de\u011ferlendirdi ve ki\u015fisel talebimi sorgulamadan veya de\u011ferlendirmeden anlayabildi. K\u0131sa bir telefon g\u00f6r\u00fc\u015fmesinde durumu bana samimi ve anla\u015f\u0131l\u0131r bir \u015fekilde a\u00e7\u0131klad\u0131 ve olas\u0131 bir \u00e7\u00f6z\u00fcm\u00fc de \u00f6zetledi... Vay can\u0131na! Etkilendim! \ud83e\udd29                            <\/p>\n                            <p class=\"text-sm no-space\">De\u011ferlendirme:<\/p>\n                            <div class=\"flex\">\n                                <i class=\"fa-star text-yellow-400\"><\/i>\n                                <i class=\"fa-star text-yellow-400\"><\/i>\n                                <i class=\"fa-star text-yellow-400\"><\/i>\n                                <i class=\"fa-star text-yellow-400\"><\/i>\n                                <i class=\"fa-star text-yellow-400\"><\/i>\n                            <\/div>\n                        <\/div>\n                    <\/div>\n                                    <div class=\"slide-container\">\n                        <div\n                            class=\"slide slide2 px-6 md:px-16 pt-10 md:pt-14 text-lg sm:text-xl\">\n                            <p class=\"text-gray-600 serif font-normal italic\">\n                                Bay Lugowski, son derece stresli ve genel olarak zorlu bir i\u015f hukuku anla\u015fmazl\u0131\u011f\u0131nda beni ola\u011fan\u00fcst\u00fc bir \u015fekilde temsil etti ve bana her zaman sa\u011flam hukuki tavsiyelerde bulundu. En \u00f6nemlisi, hem ilk g\u00f6r\u00fc\u015fme s\u0131ras\u0131nda hem de t\u00fcm s\u00fcre\u00e7 boyunca karma\u015f\u0131k sorular\u0131 bile sakin, a\u00e7\u0131k ve kendinden emin bir \u015fekilde yan\u0131tlamaya zaman ay\u0131rmas\u0131yd\u0131. Uzmanl\u0131\u011f\u0131 ve g\u00fcler y\u00fczl\u00fc tavr\u0131 sayesinde, Bay Lugowski&#039;yi uzman bir i\u015f hukuku avukat\u0131 olarak \u015fiddetle tavsiye ediyorum!                            <\/p>\n                            <p class=\"text-sm no-space\">De\u011ferlendirme:<\/p>\n                            <div class=\"flex\">\n                                <i class=\"fa-star text-yellow-400\"><\/i>\n                                <i class=\"fa-star text-yellow-400\"><\/i>\n                                <i class=\"fa-star text-yellow-400\"><\/i>\n                                <i class=\"fa-star text-yellow-400\"><\/i>\n                                <i class=\"fa-star text-yellow-400\"><\/i>\n                            <\/div>\n                        <\/div>\n                    <\/div>\n                                    <div class=\"slide-container\">\n                        <div\n                            class=\"slide slide3 px-6 md:px-16 pt-10 md:pt-14 text-lg sm:text-xl\">\n                            <p class=\"text-gray-600 serif font-normal italic\">\n                                \u0130\u015ften \u00e7\u0131kar\u0131lmam\u0131n ard\u0131ndan son derece yetkin ve \u00f6zverili hukuki dan\u0131\u015fmanl\u0131k ve temsil hizmeti ald\u0131m. Bay Lugowski, i\u015fverenimle olan ili\u015fkilerinde \u0131srarc\u0131yd\u0131 ve geri ad\u0131m atmad\u0131. \u0130leti\u015fim her zaman keyifli ve bilgilendiriciydi ve benim i\u00e7in m\u00fckemmel bir sonu\u00e7 elde etti. Bay Lugowski&#039;yi \u015fiddetle tavsiye edebilirim!                            <\/p>\n                            <p class=\"text-sm no-space\">De\u011ferlendirme:<\/p>\n                            <div class=\"flex\">\n                                <i class=\"fa-star text-yellow-400\"><\/i>\n                                <i class=\"fa-star text-yellow-400\"><\/i>\n                                <i class=\"fa-star text-yellow-400\"><\/i>\n                                <i class=\"fa-star text-yellow-400\"><\/i>\n                                <i class=\"fa-star text-yellow-400\"><\/i>\n                            <\/div>\n                        <\/div>\n                    <\/div>\n                                    <div class=\"slide-container\">\n                        <div\n                            class=\"slide slide4 px-6 md:px-16 pt-10 md:pt-14 text-lg sm:text-xl\">\n                            <p class=\"text-gray-600 serif font-normal italic\">\n                                Smart Labor Law hukuk b\u00fcrosu \u015fiddetle tavsiye edilir. Bay Lugowski, m\u00fcvekkillerine ola\u011fan\u00fcst\u00fc bir empatiyle yakla\u015fan harika bir avukatt\u0131r.                            <\/p>\n                            <p class=\"text-sm no-space\">De\u011ferlendirme:<\/p>\n                            <div class=\"flex\">\n                                <i class=\"fa-star text-yellow-400\"><\/i>\n                                <i class=\"fa-star text-yellow-400\"><\/i>\n                                <i class=\"fa-star text-yellow-400\"><\/i>\n                                <i class=\"fa-star text-yellow-400\"><\/i>\n                                <i class=\"fa-star text-yellow-400\"><\/i>\n                            <\/div>\n                        <\/div>\n                    <\/div>\n                                    <div class=\"slide-container\">\n                        <div\n                            class=\"slide slide5 px-6 md:px-16 pt-10 md:pt-14 text-lg sm:text-xl\">\n                            <p class=\"text-gray-600 serif font-normal italic\">\n                                Avukat, bana ihtiyac\u0131m olan bilgi ve tavsiyeleri sa\u011flamakla kalmad\u0131, ayn\u0131 zamanda bunu anla\u015f\u0131l\u0131r ve net bir \u015fekilde yapt\u0131. A\u00e7\u0131klamalar\u0131nda sab\u0131rl\u0131 ve titiz davrand\u0131, bana verdi\u011fi tavsiyeler konusunda kendimi tamamen bilgili ve g\u00fcvende hissetmemi sa\u011flad\u0131.                            <\/p>\n                            <p class=\"text-sm no-space\">De\u011ferlendirme:<\/p>\n                            <div class=\"flex\">\n                                <i class=\"fa-star text-yellow-400\"><\/i>\n                                <i class=\"fa-star text-yellow-400\"><\/i>\n                                <i class=\"fa-star text-yellow-400\"><\/i>\n                                <i class=\"fa-star text-yellow-400\"><\/i>\n                                <i class=\"fa-star text-yellow-400\"><\/i>\n                            <\/div>\n                        <\/div>\n                    <\/div>\n                                    <div class=\"slide-container\">\n                        <div\n                            class=\"slide slide6 px-6 md:px-16 pt-10 md:pt-14 text-lg sm:text-xl\">\n                            <p class=\"text-gray-600 serif font-normal italic\">\n                                Bay Lugowski ile ister telefonla ister e-posta yoluyla ileti\u015fimim her zaman h\u0131zl\u0131 ve etkiliydi. Bir daha uzman bir avukata ihtiyac\u0131m olursa, art\u0131k tam olarak nereye ba\u015fvuraca\u011f\u0131m\u0131 biliyorum. Hukuki temsile ihtiyac\u0131m olursa, her zaman memnuniyetle Bay Lugowski&#039;yi tercih ederim.                            <\/p>\n                            <p class=\"text-sm no-space\">De\u011ferlendirme:<\/p>\n                            <div class=\"flex\">\n                                <i class=\"fa-star text-yellow-400\"><\/i>\n                                <i class=\"fa-star text-yellow-400\"><\/i>\n                                <i class=\"fa-star text-yellow-400\"><\/i>\n                                <i class=\"fa-star text-yellow-400\"><\/i>\n                                <i class=\"fa-star text-yellow-400\"><\/i>\n                            <\/div>\n                        <\/div>\n                    <\/div>\n                                <\/div>\n\n                <!-- Slide Buttons -->\n                <div class=\"slide-btns flex flex-wrap my-4 justify-center items-center\">\n                                            <button\n                            class=\"text-center font-bold shadow-md h-12 w-12 inline-block rounded-full mx-2 opacity-50 bg-primary-light text-gray-800 active\"\n                            style=\"background-image: url(https:\/\/smart-arbeitsrecht.de\/wp-content\/uploads\/2021\/08\/Martin-Petow-neu.jpg);background-position:center;background-size:cover;\"\n                            aria-labelledby=\"slide0\"\n                        >\n                                                    <\/button>\n                                            <button\n                            class=\"text-center font-bold shadow-md h-12 w-12 inline-block rounded-full mx-2 opacity-50 bg-primary-light text-gray-800\"\n                            style=\"\"\n                            aria-labelledby=\"slide1\"\n                        >\n                            Hollanda                        <\/button>\n                                            <button\n                            class=\"text-center font-bold shadow-md h-12 w-12 inline-block rounded-full mx-2 opacity-50 bg-primary-light text-gray-800\"\n                            style=\"\"\n                            aria-labelledby=\"slide2\"\n                        >\n                            KD                        <\/button>\n                                            <button\n                            class=\"text-center font-bold shadow-md h-12 w-12 inline-block rounded-full mx-2 opacity-50 bg-primary-light text-gray-800\"\n                            style=\"\"\n                            aria-labelledby=\"slide3\"\n                        >\n                            LS                        <\/button>\n                                            <button\n                            class=\"text-center font-bold shadow-md h-12 w-12 inline-block rounded-full mx-2 opacity-50 bg-primary-light text-gray-800\"\n                            style=\"\"\n                            aria-labelledby=\"slide4\"\n                        >\n                            Ah                        <\/button>\n                                            <button\n                            class=\"text-center font-bold shadow-md h-12 w-12 inline-block rounded-full mx-2 opacity-50 bg-primary-light text-gray-800\"\n                            style=\"\"\n                            aria-labelledby=\"slide5\"\n                        >\n                            BU Y\u00dcZDEN                        <\/button>\n                                            <button\n                            class=\"text-center font-bold shadow-md h-12 w-12 inline-block rounded-full mx-2 opacity-50 bg-primary-light text-gray-800\"\n                            style=\"\"\n                            aria-labelledby=\"slide6\"\n                        >\n                            HS                        <\/button>\n                                    <\/div>\n\n                <!-- Name, Job -->\n                <div class=\"slider-container pt-2 pb-6 md:py-6\">\n                                            <div class=\"slide-container\">\n                            <div\n                              id=\"slide0\"\n                              class=\"text-center slide name-slide\">\n                                <p class=\"text-sm md:text-base font-bold text-gray-700 leading-tight no-space\">Martin Petow<\/p>\n                                <small\n                                    class=\"text-gray-500 text-xs md:text-sm truncate\">InsurConcepts Genel M\u00fcd\u00fcr\u00fc<\/small>\n                            <\/div>\n                        <\/div>\n                                            <div class=\"slide-container\">\n                            <div\n                              id=\"slide1\"\n                              class=\"text-center slide name-slide\">\n                                <p class=\"text-sm md:text-base font-bold text-gray-700 leading-tight no-space\">Hollanda<\/p>\n                                <small\n                                    class=\"text-gray-500 text-xs md:text-sm truncate\">\u00c7al\u0131\u015fan<\/small>\n                            <\/div>\n                        <\/div>\n                                            <div class=\"slide-container\">\n                            <div\n                              id=\"slide2\"\n                              class=\"text-center slide name-slide\">\n                                <p class=\"text-sm md:text-base font-bold text-gray-700 leading-tight no-space\">KD<\/p>\n                                <small\n                                    class=\"text-gray-500 text-xs md:text-sm truncate\">\u00c7al\u0131\u015fan<\/small>\n                            <\/div>\n                        <\/div>\n                                            <div class=\"slide-container\">\n                            <div\n                              id=\"slide3\"\n                              class=\"text-center slide name-slide\">\n                                <p class=\"text-sm md:text-base font-bold text-gray-700 leading-tight no-space\">LS<\/p>\n                                <small\n                                    class=\"text-gray-500 text-xs md:text-sm truncate\">\u00c7al\u0131\u015fan<\/small>\n                            <\/div>\n                        <\/div>\n                                            <div class=\"slide-container\">\n                            <div\n                              id=\"slide4\"\n                              class=\"text-center slide name-slide\">\n                                <p class=\"text-sm md:text-base font-bold text-gray-700 leading-tight no-space\">Ah<\/p>\n                                <small\n                                    class=\"text-gray-500 text-xs md:text-sm truncate\">\u00c7al\u0131\u015fan<\/small>\n                            <\/div>\n                        <\/div>\n                                            <div class=\"slide-container\">\n                            <div\n                              id=\"slide5\"\n                              class=\"text-center slide name-slide\">\n                                <p class=\"text-sm md:text-base font-bold text-gray-700 leading-tight no-space\">BU Y\u00dcZDEN<\/p>\n                                <small\n                                    class=\"text-gray-500 text-xs md:text-sm truncate\">\u00c7al\u0131\u015fan<\/small>\n                            <\/div>\n                        <\/div>\n                                            <div class=\"slide-container\">\n                            <div\n                              id=\"slide6\"\n                              class=\"text-center slide name-slide\">\n                                <p class=\"text-sm md:text-base font-bold text-gray-700 leading-tight no-space\">HS<\/p>\n                                <small\n                                    class=\"text-gray-500 text-xs md:text-sm truncate\">\u00c7al\u0131\u015fan<\/small>\n                            <\/div>\n                        <\/div>\n                                    <\/div>\n            <\/div>\n        <\/div>\n    <\/div>\n\n    <\/div>\n            <\/div>\n                                <div class='mobile-even-row order-11 md:order-none' >\n                \n<div class=\"smart-container text-center\">\n    <h2 class=\"font-bold text-center\">Deneyimli \u0130\u015f Hukuku B\u00fcronuzun Ek Faydalar\u0131<\/h2>\n    <div class=\"benefit-icons-block flex flex-wrap\">\n                                    <div class=\"w-full sm:w-1\/2 lg:w-1\/3 p-3\">\n                \n                                <div class=\"w-16 h-16 mx-auto my-5 mx-auto text-4xl\" >\n                    <i class=\"fa-phone\" style=\"line-height:4rem;font-size:2.5rem;\"><\/i>\n                <\/div>\n                <p class=\"font-bold text-xl\">Kolay Eri\u015filebilirlik<\/p>\n                                    Uzman i\u015f hukuku avukat\u0131n\u0131za kolay eri\u015fim ve h\u0131zl\u0131 yan\u0131t s\u00fcreleri bu hukuk b\u00fcrosunun temel \u00f6zellikleridir.                \n                \n                            <\/div>\n                    <div class=\"w-full sm:w-1\/2 lg:w-1\/3 p-3\">\n                \n                                <div class=\"w-16 h-16 mx-auto my-5 mx-auto text-4xl\" >\n                    <i class=\"fa-eye\" style=\"line-height:4rem;font-size:2.5rem;\"><\/i>\n                <\/div>\n                <p class=\"font-bold text-xl\">Tam \u015eeffafl\u0131k<\/p>\n                                    Davan\u0131z, sonraki yasal ad\u0131mlar ve ilgili masraflar konusunda her zaman tam \u015feffafl\u0131\u011fa sahipsiniz.                \n                \n                            <\/div>\n                    <div class=\"w-full sm:w-1\/2 lg:w-1\/3 p-3\">\n                \n                                <div class=\"w-16 h-16 mx-auto my-5 mx-auto text-4xl\" >\n                    <i class=\"fa-users\" style=\"line-height:4rem;font-size:2.5rem;\"><\/i>\n                <\/div>\n                <p class=\"font-bold text-xl\">Kapsaml\u0131 Dan\u0131\u015fmanl\u0131klar<\/p>\n                                    Kapsaml\u0131 \u00f6n ve son dan\u0131\u015fmanl\u0131klar sayesinde her konuda tam olarak bilgilendirilecek ve her \u015feye haz\u0131rl\u0131kl\u0131 olacaks\u0131n\u0131z.                \n                \n                            <\/div>\n                    <div class=\"w-full sm:w-1\/2 lg:w-1\/3 p-3\">\n                \n                                <div class=\"w-16 h-16 mx-auto my-5 mx-auto text-4xl\" >\n                    <i class=\"fa-comments-o\" style=\"line-height:4rem;font-size:2.5rem;\"><\/i>\n                <\/div>\n                <p class=\"font-bold text-xl\">A\u00e7\u0131k ve anla\u015f\u0131l\u0131r dil<\/p>\n                                    Bizden, kararlar\u0131n\u0131zda sizi desteklemek \u00fczere tasarlanm\u0131\u015f, anla\u015f\u0131lmas\u0131 kolay, a\u00e7\u0131k bir dille, net hukuki dan\u0131\u015fmanl\u0131k al\u0131rs\u0131n\u0131z.                \n                \n                            <\/div>\n                    <div class=\"w-full sm:w-1\/2 lg:w-1\/3 p-3\">\n                \n                                <div class=\"w-16 h-16 mx-auto my-5 mx-auto text-4xl\" >\n                    <i class=\"fa-shield\" style=\"line-height:4rem;font-size:2.5rem;\"><\/i>\n                <\/div>\n                <p class=\"font-bold text-xl\">\u0130\u015f Hukukunda M\u00fckemmellik<\/p>\n                                    Firmam\u0131z\u0131n misyonu, davan\u0131za \u00f6zel, ikna edici ve bireysel olarak uyarlanm\u0131\u015f \u00fcst d\u00fczey i\u015f hukuku sa\u011flamakt\u0131r.                \n                \n                            <\/div>\n                    <div class=\"w-full sm:w-1\/2 lg:w-1\/3 p-3\">\n                \n                                <div class=\"w-16 h-16 mx-auto my-5 mx-auto text-4xl\" >\n                    <i class=\"fa-lightbulb-o\" style=\"line-height:4rem;font-size:2.5rem;\"><\/i>\n                <\/div>\n                <p class=\"font-bold text-xl\">S\u00fcrekli mesleki geli\u015fim<\/p>\n                                    \u0130\u015f hukuku avukat\u0131n\u0131z her g\u00fcn en az bir saatini mesleki geli\u015fiminize ay\u0131r\u0131r; b\u00f6ylece her zaman bir ad\u0131m \u00f6nde olursunuz.                \n                \n                            <\/div>\n            <\/div>\n<\/div>\n            <\/div>\n                                <div class='order-12 md:order-none' >\n                \n<div class=\"smart-container\" id=\"anwalt_fuer_ar\">\n            <h2 class=\"font-bold text-center\">Almanya ve Hamburg&#039;daki \u0130\u015f Hukuku Avukat\u0131n\u0131z<\/h2>\n    \n    <div class=\"flex flex-wrap\">\n        \n                            \n                                                        <div class=\"w-full lg:w-1\/3 text-center\">\n                        <div class=\"h-full  z-10\">\n                            <div class=\"h-full\">\n                                <figure id=\"attachment_6770\" aria-describedby=\"caption-attachment-6770\" style=\"width: 440px\" class=\"wp-caption alignnone\"><img loading=\"lazy\" decoding=\"async\" src=\"\/wp-content\/uploads\/2023\/04\/Raphael_Lugowski_rechts_blickend_gehend.jpg\" alt=\"Raphael Lugowski mit jahrelanger Erfahrung im Arbeitsrecht\" width=\"440\" height=\"457\" class=\"size-full wp-image-6770\" srcset=\"https:\/\/smart-arbeitsrecht.de\/wp-content\/uploads\/2023\/04\/Raphael_Lugowski_rechts_blickend_gehend.jpg 440w, https:\/\/smart-arbeitsrecht.de\/wp-content\/uploads\/2023\/04\/Raphael_Lugowski_rechts_blickend_gehend-289x300.jpg 289w\" sizes=\"auto, (max-width: 440px) 100vw, 440px\" \/><figcaption id=\"caption-attachment-6770\" class=\"wp-caption-text\">Uzman Avukat Lugowski \u2013 \u0130\u015f Hukuku Uzman\u0131n\u0131z<\/figcaption><\/figure>                            <\/div>\n                        <\/div>\n                    <\/div>\n                                                        <div class=\"w-full lg:w-2\/3 self-center\">\n                        <div class=\"h-full  z-10\">\n                            <div class=\"h-full\">\n                                <div class=\"flex\">\r\n  <ul class=\"flex flex-col mx-auto\">\r\n    <li class=\"flex bg-white p-4 mb-4 shadow-md\"><i class=\"fa fa-check text-xl text-primary mr-2 pt-1\"><\/i>\r\n      <div>\r\n        <p class=\"text-gray-900 font-semibold no-space\">Y\u00fcksek D\u00fczeyli Uzmanla\u015fma<\/p>\r\n        <div style=\"flex-basis: 100%;\"><\/div>\r\n        <p class=\"text-gray-500 text-sm no-space\">Uzman avukat\u0131m\u0131z 100%&#039;de istihdam hukukuna odaklanm\u0131\u015ft\u0131r ve size uzman tavsiyeleri ve temsiliyet sa\u011flayabilir.<\/p><\/div>\r\n    <\/li>\r\n    <li class=\"flex bg-white p-4 mb-4 shadow-md\"><i class=\"fa fa-check text-xl text-primary mr-2 pt-1\"><\/i>\r\n      <div>\r\n        <p class=\"text-gray-900 font-semibold no-space\">\u0130\u015f Hukukunda 14 Y\u0131l\u0131 A\u015fk\u0131n Deneyim<\/p>\r\n        <div style=\"flex-basis: 100%;\"><\/div>\r\n        <p class=\"text-gray-500 text-sm no-space\">Avukat\u0131n\u0131z\u0131n deneyimi, g\u00fcvenilirli\u011fi ve y\u00fcksek kalitede hukuki hizmetleri garanti eder.<\/p><\/div>\r\n    <\/li>\r\n    <li class=\"flex bg-white p-4 mb-4 shadow-md\"><i class=\"fa fa-check text-xl text-primary mr-2 pt-1\"><\/i>\r\n      <div>\r\n        <p class=\"text-gray-900 font-semibold no-space\">Standartla\u015ft\u0131r\u0131lm\u0131\u015f \u0130\u015f Hukuku \u00c7\u00f6z\u00fcmleri Yok<\/p>\r\n        <div style=\"flex-basis: 100%;\"><\/div>\r\n        <p class=\"text-gray-500 text-sm no-space\">Bizim i\u00e7in sadece bir vaka numaras\u0131 de\u011filsiniz; davan\u0131z \u00f6nemli! \u00c7\u0131karlar\u0131n\u0131z\u0131 tutku ve \u00f6zveriyle temsil ediyoruz.<\/p><\/div>\r\n    <\/li>\r\n    <li class=\"flex bg-white p-4 mb-4 shadow-md\"><i class=\"fa fa-check text-xl text-primary mr-2 pt-1\"><\/i>\r\n      <div>\r\n        <p class=\"text-gray-900 font-semibold no-space\">Nitelik ve s\u00fcrekli e\u011fitim<\/p>\r\n        <div style=\"flex-basis: 100%;\"><\/div>\r\n        <p class=\"text-gray-500 text-sm no-space\">Avukat\u0131n\u0131z, uzman i\u015f hukuku avukatlar\u0131 i\u00e7in gerekenden daha kapsaml\u0131 bir e\u011fitimden ge\u00e7er; bu da daha y\u00fcksek kalitede hukuki hizmet sunulmas\u0131n\u0131 sa\u011flar.\r\n<\/p><\/div>\r\n    <\/li>\r\n    <li class=\"flex bg-white p-4 mb-4 shadow-md\"><i class=\"fa fa-check text-xl text-primary mr-2 pt-1\"><\/i>\r\n      <div>\r\n        <p class=\"text-gray-900 font-semibold no-space\">Uzmanl\u0131k: M\u00fczakere Psikolojisi<\/p>\r\n        <div style=\"flex-basis: 100%;\"><\/div>\r\n        <p class=\"text-gray-500 text-sm no-space\">M\u00fczakere psikolojisi ile avukat\u0131n\u0131z \u00e7\u0131karlar\u0131n\u0131z\u0131 daha etkili bir \u015fekilde savunabilir.<\/p><\/div>\r\n    <\/li>\r\n  <\/ul>\r\n<\/div>\r\n<div class=\"buttons-block flex flex-wrap justify-center mt-3\"><a class=\"btn-cta mr-3\" href=\"tel:+4940524717830\"><i class=\"fa fa-phone mr-2\"><\/i>\u00dccretsiz ilk dan\u0131\u015fmanl\u0131\u011f\u0131n\u0131z\u0131 hemen al\u0131n<\/a><a class=\"btn-cta mr-3\" href=\"\/tr\/kontakt\/\"><i class=\"fa fa-envelope mr-2\"><\/i>Davan\u0131z\u0131 do\u011frudan sunun<\/a><\/div>                            <\/div>\n                        <\/div>\n                    <\/div>\n                \n                    \n        \n    <\/div>\n\n<\/div>\n            <\/div>\n                                <div class='mobile-even-row order-13 md:order-none' >\n                \n<div class=\"smart-container text-center\">\n    <h2 class=\"font-bold text-center\">\u0130\u015f Hukuku B\u00fcronuzun Hizmetleri<\/h2>\n    <div class=\"benefit-icons-block flex flex-wrap\">\n                                    <div class=\"w-full sm:w-1\/2 lg:w-1\/3 p-3\">\n                \n                                    <div class=\"border-2 border-gray-300 hover:border-gray-700 hover:border-4 hover:shadow-lg transition duration-500 bg-white p-4\">\n                                <div class=\"w-16 h-16 mx-auto my-5 mx-auto text-4xl\" >\n                    <i class=\"fa-user-times\" style=\"line-height:4rem;font-size:2.5rem;\"><\/i>\n                <\/div>\n                <p class=\"font-bold text-xl\">\u0130\u015ften \u00e7\u0131kar\u0131lma<\/p>\n                \n                                    <\/div>\n                \n                            <\/div>\n                    <div class=\"w-full sm:w-1\/2 lg:w-1\/3 p-3\">\n                \n                                    <div class=\"border-2 border-gray-300 hover:border-gray-700 hover:border-4 hover:shadow-lg transition duration-500 bg-white p-4\">\n                                <div class=\"w-16 h-16 mx-auto my-5 mx-auto text-4xl\" >\n                    <i class=\"fa-file-text\" style=\"line-height:4rem;font-size:2.5rem;\"><\/i>\n                <\/div>\n                <p class=\"font-bold text-xl\">Fesih Anla\u015fmas\u0131<\/p>\n                \n                                    <\/div>\n                \n                            <\/div>\n                    <div class=\"w-full sm:w-1\/2 lg:w-1\/3 p-3\">\n                \n                                    <div class=\"border-2 border-gray-300 hover:border-gray-700 hover:border-4 hover:shadow-lg transition duration-500 bg-white p-4\">\n                                <div class=\"w-16 h-16 mx-auto my-5 mx-auto text-4xl\" >\n                    <i class=\"fa-hand-stop-o\" style=\"line-height:4rem;font-size:2.5rem;\"><\/i>\n                <\/div>\n                <p class=\"font-bold text-xl\">Uyar\u0131 Mektubu<\/p>\n                \n                                    <\/div>\n                \n                            <\/div>\n                    <div class=\"w-full sm:w-1\/2 lg:w-1\/3 p-3\">\n                \n                                    <div class=\"border-2 border-gray-300 hover:border-gray-700 hover:border-4 hover:shadow-lg transition duration-500 bg-white p-4\">\n                                <div class=\"w-16 h-16 mx-auto my-5 mx-auto text-4xl\" >\n                    <i class=\"fa-certificate\" style=\"line-height:4rem;font-size:2.5rem;\"><\/i>\n                <\/div>\n                <p class=\"font-bold text-xl\">\u0130stihdam Referans\u0131<\/p>\n                \n                                    <\/div>\n                \n                            <\/div>\n                    <div class=\"w-full sm:w-1\/2 lg:w-1\/3 p-3\">\n                \n                                    <div class=\"border-2 border-gray-300 hover:border-gray-700 hover:border-4 hover:shadow-lg transition duration-500 bg-white p-4\">\n                                <div class=\"w-16 h-16 mx-auto my-5 mx-auto text-4xl\" >\n                    <i class=\"fa-file-text-o\" style=\"line-height:4rem;font-size:2.5rem;\"><\/i>\n                <\/div>\n                <p class=\"font-bold text-xl\">\u0130\u015f S\u00f6zle\u015fmesi<\/p>\n                \n                                    <\/div>\n                \n                            <\/div>\n                    <div class=\"w-full sm:w-1\/2 lg:w-1\/3 p-3\">\n                \n                                    <div class=\"border-2 border-gray-300 hover:border-gray-700 hover:border-4 hover:shadow-lg transition duration-500 bg-white p-4\">\n                                <div class=\"w-16 h-16 mx-auto my-5 mx-auto text-4xl\" >\n                    <i class=\"fa-eur\" style=\"line-height:4rem;font-size:2.5rem;\"><\/i>\n                <\/div>\n                <p class=\"font-bold text-xl\">Tazminat<\/p>\n                \n                                    <\/div>\n                \n                            <\/div>\n            <\/div>\n<\/div>\n            <\/div>\n                                <div class='order-14 md:order-none' >\n                \n<div class=\"smart-container\" >\n    \n    <div class=\"flex flex-wrap\">\n        \n                            \n                                                        <div class=\"w-full lg:w-full\">\n                        <div class=\"h-full  z-10\">\n                            <div class=\"h-full p-4\">\n                                <h3>Ek Odak Alanlar\u0131<\/h3>\r\n\r\n<p><strong>Bireysel \u0130\u015f Hukuku<\/strong>: Yar\u0131 zamanl\u0131 \u00e7al\u0131\u015fma, ebeveyn izni, do\u011fum izni korumas\u0131, belirli s\u00fcreli s\u00f6zle\u015fmeler, tatil, \u00fccretlerin \u00f6denmeye devam etmesi<\/p>\r\n\r\n<p><strong>Anayasa Hukuku \u00c7al\u0131\u015fmalar\u0131<\/strong>: Ortak karar alma, \u015firket s\u00f6zle\u015fmeleri, i\u015fletme devirleri, operasyonel de\u011fi\u015fiklikler, sosyal tazminat planlar\u0131, \u00e7\u0131kar dengesi<\/p>\r\n\r\n<p><strong>\u00c7al\u0131\u015fan Verilerinin Korunmas\u0131<\/strong>: \u00c7al\u0131\u015fan takibi, <a href=\"https:\/\/www.gesetze-im-internet.de\/bdsg_2018\/\" rel=\"noopener\" target=\"_blank\">BDSG<\/a> Ve <a href=\"https:\/\/www.bmwk.de\/Redaktion\/DE\/Artikel\/Digitale-Welt\/europaeische-datenschutzgrundverordnung.html\" rel=\"noopener\" target=\"_blank\">GDPR<\/a>, BT ortak karar\u0131<\/p>                            <\/div>\n                        <\/div>\n                    <\/div>\n                \n                    \n        \n    <\/div>\n\n<\/div>\n            <\/div>\n                                <div class='mobile-even-row order-15 md:order-none' >\n                \n<div class=\"smart-container\" >\n            <h2 class=\"font-bold text-center\">\u0130ncelemeli Vaka \u00c7al\u0131\u015fmalar\u0131<\/h2>\n    \n    <div class=\"flex flex-wrap justify-center\">\n        \n                            \n                                                        <div class=\"w-full lg:w-1\/2 self-center text-start\">\n                        <div class=\"h-full  z-10\">\n                            <div class=\"h-full\">\n                                <div class=\"flex flex-col h-full relative\">\r\n  <div class=\"absolute top-0 left-0 mt-3 ml-4 md:mt-5 md:ml-12\"> <svg xmlns=\"http:\/\/www.w3.org\/2000\/svg\" class=\"text-primary-light fill-current w-12 h-12 md:w-16 md:h-16 opacity-40\" viewbox=\"0 0 24 24\">\r\n      <path d=\"M6.5 10c-.223 0-.437.034-.65.065.069-.232.14-.468.254-.68.114-.308.292-.575.469-.844.148-.291.409-.488.601-.737.201-.242.475-.403.692-.604.213-.21.492-.315.714-.463.232-.133.434-.28.65-.35.208-.086.39-.16.539-.222.302-.125.474-.197.474-.197L9.758 4.03c0 0-.218.052-.597.144C8.97 4.222 8.737 4.278 8.472 4.345c-.271.05-.56.187-.882.312C7.272 4.799 6.904 4.895 6.562 5.123c-.344.218-.741.4-1.091.692C5.132 6.116 4.723 6.377 4.421 6.76c-.33.358-.656.734-.909 1.162C3.219 8.33 3.02 8.778 2.81 9.221c-.19.443-.343.896-.468 1.336-.237.882-.343 1.72-.384 2.437-.034.718-.014 1.315.028 1.747.015.204.043.402.063.539.017.109.025.168.025.168l.026-.006C2.535 17.474 4.338 19 6.5 19c2.485 0 4.5-2.015 4.5-4.5S8.985 10 6.5 10zM17.5 10c-.223 0-.437.034-.65.065.069-.232.14-.468.254-.68.114-.308.292-.575.469-.844.148-.291.409-.488.601-.737.201-.242.475-.403.692-.604.213-.21.492-.315.714-.463.232-.133.434-.28.65-.35.208-.086.39-.16.539-.222.302-.125.474-.197.474-.197L20.758 4.03c0 0-.218.052-.597.144-.191.048-.424.104-.689.171-.271.05-.56.187-.882.312-.317.143-.686.238-1.028.467-.344.218-.741.4-1.091.692-.339.301-.748.562-1.05.944-.33.358-.656.734-.909 1.162C14.219 8.33 14.02 8.778 13.81 9.221c-.19.443-.343.896-.468 1.336-.237.882-.343 1.72-.384 2.437-.034.718-.014 1.315.028 1.747.015.204.043.402.063.539.017.109.025.168.025.168l.026-.006C13.535 17.474 15.338 19 17.5 19c2.485 0 4.5-2.015 4.5-4.5S19.985 10 17.5 10z\"><\/path>\r\n    <\/svg><\/div>\r\n  <div class=\"h-full relative z-10\">\r\n    <div class=\"text-center px-6 md:px-16 pt-10 md:pt-14 text-l sm:text-xl\">\r\n      <p class=\"text-gray-600 serif font-normal italic\">\r\n      Bay Lugowski ger\u00e7ekten harika bir avukat. \u0130\u015fverenime kar\u015f\u0131 olduk\u00e7a karma\u015f\u0131k bir davada bana yard\u0131mc\u0131 oldu ve ba\u015flang\u0131\u00e7ta teklif edilenden \u00e7ok daha a\u011f\u0131r bir tazminat paketini ba\u015far\u0131yla m\u00fczakere etti. Son derece yetkin, her zaman g\u00fcler y\u00fczl\u00fc ve her \u015feyi g\u00f6z hizas\u0131nda a\u00e7\u0131k ve anla\u015f\u0131l\u0131r bir \u015fekilde a\u00e7\u0131kl\u0131yor. \u0130leti\u015fim tarz\u0131, ula\u015f\u0131labilirli\u011fi ve d\u00fczenli durum g\u00fcncellemeleri ger\u00e7ekten paha bi\u00e7ilemez. T\u00fcm s\u00fcre\u00e7 boyunca kendimi tamamen g\u00fcvende ve iyi bak\u0131lm\u0131\u015f hissettim; bu gibi durumlarda bu \u00e7ok \u00f6nemli. Bay Lugowski&#039;yi i\u015f hukuku konusunda \u015fiddetle tavsiye edebilirim ve bir sonraki s\u00f6zle\u015fmem i\u00e7in kesinlikle onun tavsiyesine ba\u015fvuraca\u011f\u0131m.\r\n      <\/p>\r\n      <span class=\"text-center font-bold\">EK<\/span> <i class=\"fa-star text-yellow-400\"><\/i> <i class=\"fa-star text-yellow-400\"><\/i> <i class=\"fa-star text-yellow-400\"><\/i> <i class=\"fa-star text-yellow-400\"><\/i> <i class=\"fa-star text-yellow-400\"><\/i>\r\n    <\/div>\r\n  <\/div>\r\n<\/div>                            <\/div>\n                        <\/div>\n                    <\/div>\n                                                        <div class=\"w-full lg:w-1\/2 text-end\">\n                        <div class=\"h-full  z-10\">\n                            <div class=\"h-full\">\n                                <p>\r\n<strong>Ba\u015flang\u0131\u00e7 Noktas\u0131<\/strong>\r\n<br>\r\nM\u00fcvekkil, uluslararas\u0131 bir \u015firketin y\u00f6neticisiydi. \u0130\u015fvereni, kendisine alt\u0131 haneli bir k\u0131dem tazminat\u0131 paketi sunan bir k\u0131dem tazminat\u0131 s\u00f6zle\u015fmesi sundu.\r\n<\/p>\r\n\r\n<p>\r\n<strong>Meydan Okuma<\/strong>\r\n<br>\r\nM\u00fcvekkil daha sonra hukuk b\u00fcrosuna ba\u015fvurdu ve \u00fccretsiz ilk de\u011ferlendirmeden yararland\u0131. Di\u011fer hususlar\u0131n yan\u0131 s\u0131ra, daha fazla mali g\u00fcvenlik i\u00e7in daha y\u00fcksek bir k\u0131dem tazminat\u0131n\u0131n m\u00fcmk\u00fcn olup olmad\u0131\u011f\u0131n\u0131 belirlemek istiyordu.\r\n<\/p>\r\n\r\n<p>\r\n<strong>Yakla\u015f\u0131m<\/strong>\r\n<br>\r\nUzman Avukat Lugowski&#039;nin incelemesi, daha y\u00fcksek bir k\u0131dem tazminat\u0131 paketi i\u00e7in h\u00e2l\u00e2 potansiyel oldu\u011funu ortaya koydu. \u0130\u015fverenle yap\u0131lan g\u00f6r\u00fc\u015fmeler s\u0131ras\u0131nda, avukat giderek artan bir \u015fekilde hukuki bask\u0131y\u0131 art\u0131rd\u0131.\r\n<\/p>\r\n\r\n<p>\r\n<strong>Sonu\u00e7<\/strong>\r\n<br>\r\nBay Lugowski, \u0131srarl\u0131 yeniden m\u00fczakereler sonucunda m\u00fcvekkiline br\u00fct 80.000 avro ek tazminat sa\u011flad\u0131. Ayr\u0131ca, i\u015fverenin hukuki tehditlerinden de onu ba\u015far\u0131yla korudu.\r\n<\/p>\r\n                            <\/div>\n                        <\/div>\n                    <\/div>\n                \n                    \n        \n    <\/div>\n\n<\/div>\n            <\/div>\n                                <div class='order-16 md:order-none' >\n                \n<div class=\"smart-container\" >\n    \n    <div class=\"flex flex-wrap justify-center\">\n        \n                            \n                                                        <div class=\"w-full lg:w-1\/2 text-end\">\n                        <div class=\"h-full  z-10\">\n                            <div class=\"h-full\">\n                                <p>\r\n<strong>Ba\u015flang\u0131\u00e7 Noktas\u0131<\/strong>\r\n<br>\r\nM\u00fcvekkil pilot olarak \u00e7al\u0131\u015f\u0131yordu. \u0130\u015fveren, isimsiz bir ihbar \u00fczerine onu i\u015ften \u00e7\u0131kard\u0131 ve ayr\u0131ca g\u00fcncellenmi\u015f bir u\u00e7ak modeli i\u00e7in e\u011fitim almas\u0131n\u0131 da engelledi.\r\n<\/p>\r\n\r\n<p>\r\n<strong>Meydan Okuma<\/strong>\r\n<br>\r\nM\u00fcvekkilin lisanslar\u0131n\u0131n s\u00fcresi dolma tehlikesi alt\u0131ndayd\u0131. Gerekli tip e\u011fitimi olmadan, pilot olarak \u00e7al\u0131\u015fmak i\u00e7in gereken nitelikleri art\u0131k kar\u015f\u0131layamayacakt\u0131. Mesleki ge\u00e7im kayna\u011f\u0131 tehlikede oldu\u011fundan, acilen hukuki yard\u0131m istedi.\r\n<\/p>\r\n\r\n<p>\r\n<strong>Yakla\u015f\u0131m<\/strong>\r\n<br>\r\nDeneyimli uzman avukat, derhal ihtiyati tedbir karar\u0131 \u00e7\u0131kard\u0131 ve m\u00fcvekkilinin i\u015fe yeniden entegre edilmesini ve y\u0131ll\u0131k kontrol u\u00e7u\u015funun tamamlanmas\u0131n\u0131 talep etti. Ayr\u0131ca, m\u00fcvekkilinin ileri e\u011fitim hakk\u0131n\u0131n uygulanmas\u0131 i\u00e7in dava a\u00e7t\u0131.\r\n<\/p>\r\n\r\n<p>\r\n<strong>Sonu\u00e7<\/strong>\r\n<br>\r\nMahkeme, m\u00fcvekkilin \u00e7al\u0131\u015fma ve kontrol u\u00e7u\u015funu tamamlama hakk\u0131n\u0131 g\u00fcvence alt\u0131na alan ihtiyati tedbir karar\u0131n\u0131 verdi. Bay Lugowski, ikinci derece mahkemede ihtiyati tedbir karar\u0131n\u0131 ba\u015far\u0131yla savunarak hem kontrol u\u00e7u\u015funu hem de m\u00fcvekkilin gerekli e\u011fitimi almas\u0131n\u0131 sa\u011flad\u0131.\r\n<\/p>                            <\/div>\n                        <\/div>\n                    <\/div>\n                                                        <div class=\"w-full lg:w-1\/2 self-center text-start\">\n                        <div class=\"h-full  z-10\">\n                            <div class=\"h-full\">\n                                <div class=\"flex flex-col h-full relative\">\r\n  <div class=\"absolute top-0 left-0 mt-3 ml-4 md:mt-5 md:ml-12\"> <svg xmlns=\"http:\/\/www.w3.org\/2000\/svg\" class=\"text-primary-light fill-current w-12 h-12 md:w-16 md:h-16 opacity-40\" viewbox=\"0 0 24 24\">\r\n      <path d=\"M6.5 10c-.223 0-.437.034-.65.065.069-.232.14-.468.254-.68.114-.308.292-.575.469-.844.148-.291.409-.488.601-.737.201-.242.475-.403.692-.604.213-.21.492-.315.714-.463.232-.133.434-.28.65-.35.208-.086.39-.16.539-.222.302-.125.474-.197.474-.197L9.758 4.03c0 0-.218.052-.597.144C8.97 4.222 8.737 4.278 8.472 4.345c-.271.05-.56.187-.882.312C7.272 4.799 6.904 4.895 6.562 5.123c-.344.218-.741.4-1.091.692C5.132 6.116 4.723 6.377 4.421 6.76c-.33.358-.656.734-.909 1.162C3.219 8.33 3.02 8.778 2.81 9.221c-.19.443-.343.896-.468 1.336-.237.882-.343 1.72-.384 2.437-.034.718-.014 1.315.028 1.747.015.204.043.402.063.539.017.109.025.168.025.168l.026-.006C2.535 17.474 4.338 19 6.5 19c2.485 0 4.5-2.015 4.5-4.5S8.985 10 6.5 10zM17.5 10c-.223 0-.437.034-.65.065.069-.232.14-.468.254-.68.114-.308.292-.575.469-.844.148-.291.409-.488.601-.737.201-.242.475-.403.692-.604.213-.21.492-.315.714-.463.232-.133.434-.28.65-.35.208-.086.39-.16.539-.222.302-.125.474-.197.474-.197L20.758 4.03c0 0-.218.052-.597.144-.191.048-.424.104-.689.171-.271.05-.56.187-.882.312-.317.143-.686.238-1.028.467-.344.218-.741.4-1.091.692-.339.301-.748.562-1.05.944-.33.358-.656.734-.909 1.162C14.219 8.33 14.02 8.778 13.81 9.221c-.19.443-.343.896-.468 1.336-.237.882-.343 1.72-.384 2.437-.034.718-.014 1.315.028 1.747.015.204.043.402.063.539.017.109.025.168.025.168l.026-.006C13.535 17.474 15.338 19 17.5 19c2.485 0 4.5-2.015 4.5-4.5S19.985 10 17.5 10z\"><\/path>\r\n    <\/svg><\/div>\r\n  <div class=\"h-full relative z-10\">\r\n    <div class=\"text-center px-6 md:px-16 pt-10 md:pt-14 text-l sm:text-xl\">\r\n      <p class=\"text-gray-600 serif font-normal italic\">\r\n        Bay Lugowski sayesinde, Hannover Hukuk Mahkemesi&#039;nde ihtiyati tedbir karar\u0131 alabildim ve staj s\u00f6zle\u015fmesinin uygulanmas\u0131 i\u00e7in dava a\u00e7abildim. S\u00fcre\u00e7 boyunca Bay Lugowski&#039;nin \u00e7ok dikkatli ve titiz bir avukat oldu\u011funu g\u00f6rd\u00fcm. Son derece nazik tavr\u0131 rahat bir ortam yarat\u0131rken, profesyonelli\u011finden de hi\u00e7bir zaman \u00f6d\u00fcn vermedi. Bay Lugowski&#039;yi teredd\u00fcts\u00fcz tavsiye edebilirim.\r\n      <\/p>\r\n      <span class=\"text-center font-bold\">BAY<\/span> <i class=\"fa-star text-yellow-400\"><\/i> <i class=\"fa-star text-yellow-400\"><\/i> <i class=\"fa-star text-yellow-400\"><\/i> <i class=\"fa-star text-yellow-400\"><\/i> <i class=\"fa-star text-yellow-400\"><\/i>\r\n    <\/div>\r\n  <\/div>\r\n<\/div>                            <\/div>\n                        <\/div>\n                    <\/div>\n                \n                    \n        \n    <\/div>\n\n<\/div>\n            <\/div>\n                                <div class='mobile-even-row order-17 md:order-none' >\n                \n<div class=\"smart-container\" >\n    \n    <div class=\"flex flex-wrap\">\n        \n                            \n                                                        <div class=\"w-full lg:w-full\">\n                        <div class=\"h-full  z-10\">\n                            <div class=\"h-full\">\n                                <div class=\"relative\">\r\n    <div class=\"absolute inset-x-0 bottom-0 h-1\/2 bg-gray-100\"><\/div>\r\n    <div class=\"relative sm:overflow-hidden\">\r\n        <div class=\"absolute inset-0\">\r\n            <img decoding=\"async\" class=\"h-full w-full object-cover\" src=\"\/wp-content\/uploads\/2024\/03\/Ausblick_Elbe.jpg\" alt=\"Ausblick auf die Hamburger Elbe\">\r\n            <div class=\"absolute inset-0 bg-gray-400 mix-blend-multiply\"><\/div>\r\n        <\/div>\r\n        <div class=\"flex flex-col items-center text-center relative px-4 py-16 sm:px-6 py-24 lg:px-8\">\r\n            <p class=\"text-4xl font-extrabold sm:text-5xl lg:text-6xl\">\r\n                <span class=\"block text-white\">Ofisimizi ziyaret etmekten \u00e7ekinmeyin!<\/span>\r\n                <span class=\"block text-secondary\">Hamburg&#039;da, Elbe k\u0131y\u0131s\u0131nda.<\/span>\r\n            <\/p>\r\n            <p class=\"mt-6 max-w-lg mx-auto text-xl text-white sm:max-w-3xl\">\r\n                Davan\u0131z\u0131 sunma f\u0131rsat\u0131n\u0131z olacak ve size hukuki se\u00e7eneklerinizin detayl\u0131 bir a\u00e7\u0131klamas\u0131n\u0131 sunaca\u011f\u0131z.\r\n            <\/p>\r\n            <hr>\r\n            <p class=\"max-w-lg mx-auto text-xl text-white sm:max-w-3xl no-outer-space\">\r\n              Sizinle tan\u0131\u015fmay\u0131 sab\u0131rs\u0131zl\u0131kla bekliyoruz.\r\n            <\/p>\r\n                            <\/div>\n                        <\/div>\n                    <\/div>\n                \n                    \n        \n    <\/div>\n\n<\/div>\n            <\/div>\n                                <div class='order-18 md:order-none' >\n                \n<div class=\"smart-container text-center\">\n  <h2 class=\"font-bold\">Yak\u0131n\u0131mdaki \u0130\u015f Hukuku Avukat\u0131 \u2013 Hukuki Dan\u0131\u015fmanl\u0131k<\/h2>\n<div class=\"relative block\">\n  <!-- black line -->\n  <div class=\"absolute bg-gray-800 w-px h-full top-0 md:w-full md:h-px md:top-5 left-5 md:left-0\"><\/div>\n\n      <div class=\"relative mt-3 w-auto md:px-3 block md:table-cell\">\n\n      <!-- left cover element -->\n              <div class=\"step-cover-line absolute hidden step-cover-line-horizontal h-px top-5 left-0 md:block\"><\/div>\n      \n      <!-- bubble -->\n      <div class=\"float-left mr-4 h-10 w-10 leading-10 rounded-full text-white bg-gray-800 text-center md:mx-auto md:float-none\">\n        1      <\/div>\n\n      <!-- bubble text -->\n      <div class=\"table-row align-middle text-left md:text-center\">\n        <div class=\"font-bold\">\u0130leti\u015fim ve ilk de\u011ferlendirme<\/div>\n        <div>\u0130leti\u015fim \u2013 Telefonla veya ileti\u015fim formu arac\u0131l\u0131\u011f\u0131yla, ilk de\u011ferlendirmeyi de i\u00e7erecek \u015fekilde.<\/div>\n      <\/div>\n\n      <!-- right cover element -->\n          <\/div>\n      <div class=\"relative mt-3 w-auto md:px-3 block md:table-cell\">\n\n      <!-- left cover element -->\n      \n      <!-- bubble -->\n      <div class=\"float-left mr-4 h-10 w-10 leading-10 rounded-full text-white bg-gray-800 text-center md:mx-auto md:float-none\">\n        2      <\/div>\n\n      <!-- bubble text -->\n      <div class=\"table-row align-middle text-left md:text-center\">\n        <div class=\"font-bold\">Randevu Planlama<\/div>\n        <div>Acil durumlarda ayn\u0131 g\u00fcn, 24 saat i\u00e7inde randevu alacaks\u0131n\u0131z.<\/div>\n      <\/div>\n\n      <!-- right cover element -->\n          <\/div>\n      <div class=\"relative mt-3 w-auto md:px-3 block md:table-cell\">\n\n      <!-- left cover element -->\n      \n      <!-- bubble -->\n      <div class=\"float-left mr-4 h-10 w-10 leading-10 rounded-full text-white bg-gray-800 text-center md:mx-auto md:float-none\">\n        3      <\/div>\n\n      <!-- bubble text -->\n      <div class=\"table-row align-middle text-left md:text-center\">\n        <div class=\"font-bold\">Dan\u0131\u015fma Randevusu<\/div>\n        <div>Hukuk b\u00fcromuzda davan\u0131z\u0131n kapsaml\u0131 ve stratejik bir \u015fekilde g\u00f6r\u00fc\u015f\u00fclmesi.<\/div>\n      <\/div>\n\n      <!-- right cover element -->\n              <div class=\"step-cover-line absolute block left-5 w-px step-cover-line-vertical md:step-cover-line-horizontal md:h-px md:top-5 md:-right-0 md:left-auto\"><\/div>\n          <\/div>\n  <\/div>\n\n\n<div class=\"text-center py-5\">\n    \n<div class=\"buttons-block flex flex-wrap justify-center\">\n            <a class=\"btn-cta mr-0 sm:mr-3\" href=\"tel:+4940524717830\">\n                            <i class=\"fa fa-phone mr-2\"><\/i>\n                        Hemen aray\u0131n!        <\/a>\n            <a class=\"btn-cta mr-0 sm:mr-3\" href=\"\/tr\/kontakt\/\">\n                            <i class=\"fa fa-envelope mr-2\"><\/i>\n                        Hemen bizimle ileti\u015fime ge\u00e7in!        <\/a>\n    <\/div>\n<\/div>\n<\/div>\n            <\/div>\n                                <div class='order-20 md:order-none' >\n                \n<div class=\"smart-container\" >\n            <h2 class=\"font-bold text-center\">\u0130\u015f Hukuku Avukat\u0131: Hukuk Hizmetlerimizin Maliyetleri<\/h2>\n    \n    <div class=\"flex flex-wrap\">\n        \n                            \n                                                        <div class=\"w-full lg:w-2\/3\">\n                        <div class=\"h-full  z-10\">\n                            <div class=\"h-full p-4\">\n                                <p>\u00dccretlerimizin temeli olarak bunlar\u0131 takip ediyoruz <strong>yasal \u00fccretler (RVG)<\/strong>Bunlar, avukatlar i\u00e7in genellikle di\u011fer hukuk b\u00fcrolar\u0131 taraf\u0131ndan da talep edilen asgari \u00fccretleri belirler.<\/p>\r\n\r\n<p>Sadece <strong>ilk k\u0131sa de\u011ferlendirme<\/strong> \u00fccretsizdir. <strong>ilk g\u00f6r\u00fc\u015fme<\/strong> Bizim i\u00e7in \u00fccretsizdir. Bunun nedeni, i\u015f hukukunda kalite ve performans\u0131n bir bedeli (zaman\u0131m\u0131z, kaynaklar\u0131m\u0131z ve s\u00fcrekli mesleki geli\u015fimimiz kar\u015f\u0131l\u0131\u011f\u0131nda) olmas\u0131d\u0131r. \u00dccretsiz dan\u0131\u015fmanl\u0131kta, yaln\u0131zca telefon g\u00f6r\u00fc\u015fmeleri yapabilir ve davan\u0131za gerekli \u00f6zeni g\u00f6steremeyiz. Her durumda, dan\u0131\u015fmanl\u0131k \u00fccreti a\u015fa\u011f\u0131daki \u00fccretlere tamamen yans\u0131t\u0131l\u0131r.<\/p>\r\n\r\n<p>Size m\u00fcmk\u00fcn olan en iyi hizmeti sunma standard\u0131n\u0131 kendimize ilke ediniyoruz. Bu, her \u015feyden \u00f6nce, <strong>avukat\u0131n\u0131z\u0131n t\u00fcm dikkatini \u00e7ekmek<\/strong>. Ula\u015f\u0131labilirlik ve h\u0131zl\u0131 yan\u0131t s\u00fcreleri bizim i\u00e7in \u00e7ok \u00f6nemlidir.<\/p>\r\n\r\n<p>Ayn\u0131 zamanda \u015funlar\u0131 bekleyebilirsiniz: <strong>y\u00fcksek kalite<\/strong> Hukuki dan\u0131\u015fmanl\u0131\u011f\u0131m\u0131zda, davan\u0131z\u0131n her zaman \u00f6zen ve dikkatle ele al\u0131nmas\u0131n\u0131 sa\u011flamak i\u00e7in zaman kaynaklar\u0131m\u0131z\u0131 d\u00fczenliyoruz. Dengeli bir m\u00fcvekkil yap\u0131s\u0131na ve m\u00fcvekkil ili\u015fkilerinin s\u00fcrd\u00fcr\u00fclebilirli\u011fine \u00f6nem veriyoruz.<\/p>\r\n\r\n<p>Biz de \u015fu ilkeyi izliyoruz: <strong>&quot;Eski m\u00fc\u015fteri yeni m\u00fc\u015fteriden \u00f6nce gelir.&quot;<\/strong><\/p>\r\n\r\n<p>Davan\u0131z\u0131 veya hukuki belgenizi dikkatlice haz\u0131rlarken, yeni taleplerin beklemesi gerekir. Bu, kalite standartlar\u0131m\u0131z\u0131n bir par\u00e7as\u0131d\u0131r.<\/p>\r\n\r\n<p>Hukuk b\u00fcromuzun konsepti sayesinde davan\u0131za zaman ve dikkat ay\u0131rabiliyoruz.<\/p>                            <\/div>\n                        <\/div>\n                    <\/div>\n                                                        <div class=\"w-full lg:w-1\/3\">\n                        <div class=\"h-full  hasBorder z-10\" style=\"border: 5px solid #5E5E5E;\">\n                            <div class=\"h-full p-4\">\n                                <p>Hukuk b\u00fcromuzun konsepti, davan\u0131za ola\u011fan\u00fcst\u00fc \u00f6zen ve hassasiyet g\u00f6stermemizi sa\u011flar.<\/p>\r\n\r\n<p>Y\u00fcksek d\u00fczeydeki ba\u011fl\u0131l\u0131\u011f\u0131m\u0131z ve kapsaml\u0131 haz\u0131rl\u0131\u011f\u0131m\u0131z sayesinde, genellikle daha iyi bir mali durumda olmay\u0131 veya hedeflerinize ula\u015fma olas\u0131l\u0131\u011f\u0131n\u0131z\u0131n daha y\u00fcksek olmas\u0131n\u0131 bekleyebilirsiniz.<\/p>\r\n\r\n\r\n<p>Hizmetlerimizi her zamankinden daha fazla incelemelisiniz <strong>yat\u0131r\u0131m<\/strong>.<\/p>\r\n\r\n<p>\u00d6zellikle i\u015f hukukunda dikkatsiz bir s\u00f6z veya davran\u0131\u015f k\u0131sa s\u00fcrede \u00f6nemli miktarda zarara yol a\u00e7abilir.<\/p>                            <\/div>\n                        <\/div>\n                    <\/div>\n                \n                    \n        \n    <\/div>\n\n<\/div>\n            <\/div>\n                                <div class='mobile-even-row order-21 md:order-none' >\n                \n<div class=\"smart-container\" >\n            <h2 class=\"font-bold text-center\">Dikkat: \u0130\u015f hukukunda son ba\u015fvuru tarihlerini ka\u00e7\u0131rmay\u0131n!<\/h2>\n    \n    <div class=\"flex flex-wrap justify-center\">\n        \n                            \n                                                        <div class=\"text-center\">\n                        <div class=\"h-full  hasBorder z-10\" style=\"border: 5px solid #AF002D;\">\n                            <div class=\"h-full p-4\">\n                                <p>\u0130\u015f hukukunda h\u0131zl\u0131 hareket etmek gerekir. <strong>Talepler ve haklar k\u0131sa bir s\u00fcre sonra sona erer<\/strong> E\u011fer bunlar\u0131 iddia etmezseniz. Bunun nedeni, i\u015f s\u00f6zle\u015fmelerindeki ve i\u015ften \u00e7\u0131karma gibi prosed\u00fcrlerdeki k\u0131sa s\u00fcrelerdir. Bu s\u00fcreler ge\u00e7tikten sonra, en iyi i\u015f hukuku avukat\u0131 bile art\u0131k size yard\u0131mc\u0131 olamaz.<\/p>\r\n\r\n<p>Bu nedenle bizimle ileti\u015fime ge\u00e7mekten \u00e7ekinmeyin. Ba\u011flay\u0131c\u0131 olmayan bir ilk de\u011ferlendirme f\u0131rsat\u0131ndan yararlan\u0131n.<\/p>                            <\/div>\n                        <\/div>\n                    <\/div>\n                \n                    \n        \n    <\/div>\n\n<\/div>\n            <\/div>\n                                <div class='order-22 md:order-none' >\n                \n<div class=\"smart-container\" >\n    \n    <div class=\"flex flex-wrap justify-around\">\n        \n                            \n                                                        <div >\n                        <div class=\"h-full  z-10\">\n                            <div class=\"h-full\">\n                                <a href=\"https:\/\/www.experten-branchenbuch.de\/rechtsanwalt\/raphael-lugowski-hamburg\" rel=\"noopener nofollow\" target=\"_blank\"><img loading=\"lazy\" decoding=\"async\" src=\"https:\/\/smart-arbeitsrecht.de\/wp-content\/uploads\/2024\/04\/Expertenbranchenbuch-Siegel.png\" alt=\"anwalt arbeitsrecht hamburg - Experten Branchenbuch\" width=\"300\" height=\"100\" class=\"alignnone size-full wp-image-8234\" \/><\/a>\r\n\r\n                            <\/div>\n                        <\/div>\n                    <\/div>\n                                                        <div >\n                        <div class=\"h-full  z-10\">\n                            <div class=\"h-full\">\n                                <a href=\"https:\/\/www.juraforum.de\/rechtsanwalt\/raphael-lugowski-hamburg\" rel=\"noopener nofollow\" target=\"_blank\"><img loading=\"lazy\" decoding=\"async\" src=\"https:\/\/smart-arbeitsrecht.de\/wp-content\/uploads\/2024\/04\/Juraforum-Siegel-300x71.png\" alt=\"anwalt arbeitsrecht hamburg - Juraforum\" width=\"300\" height=\"71\" class=\"alignnone size-medium wp-image-8188\" srcset=\"https:\/\/smart-arbeitsrecht.de\/wp-content\/uploads\/2024\/04\/Juraforum-Siegel-300x71.png 300w, https:\/\/smart-arbeitsrecht.de\/wp-content\/uploads\/2024\/04\/Juraforum-Siegel.png 423w\" sizes=\"auto, (max-width: 300px) 100vw, 300px\" \/><\/a>                            <\/div>\n                        <\/div>\n                    <\/div>\n                \n                    \n        \n    <\/div>\n\n<\/div>\n            <\/div>\n            <\/div>","protected":false},"excerpt":{"rendered":"","protected":false},"author":1,"featured_media":0,"parent":0,"menu_order":0,"comment_status":"closed","ping_status":"closed","template":"page-templates\/landingpage.php","meta":{"footnotes":""},"class_list":["post-8801","page","type-page","status-publish","hentry"],"acf":[],"yoast_head":"<!-- This site is optimized with the Yoast SEO plugin v26.5 - https:\/\/yoast.com\/wordpress\/plugins\/seo\/ -->\n<title>Employment \/ Labour Lawyer in Germany and Hamburg<\/title>\n<meta name=\"description\" content=\"Employment Lawyer Germany \u2713 High Specialization \u2713 Quality Employment Law for Your Success \u279c Dismissal, Severance Agreement, Severance Pay\" \/>\n<meta name=\"robots\" content=\"index, follow, max-snippet:-1, max-image-preview:large, max-video-preview:-1\" \/>\n<link rel=\"canonical\" href=\"https:\/\/smart-arbeitsrecht.de\/tr\/employment-lawyer-in-germany-based-in-hamburg\/\" \/>\n<meta property=\"og:locale\" content=\"tr_TR\" \/>\n<meta property=\"og:type\" content=\"article\" \/>\n<meta property=\"og:title\" content=\"Employment \/ Labour Lawyer in Germany and Hamburg\" \/>\n<meta property=\"og:description\" content=\"Employment Lawyer Germany \u2713 High Specialization \u2713 Quality Employment Law for Your Success \u279c Dismissal, Severance Agreement, Severance Pay\" \/>\n<meta property=\"og:url\" content=\"https:\/\/smart-arbeitsrecht.de\/tr\/employment-lawyer-in-germany-based-in-hamburg\/\" \/>\n<meta property=\"og:site_name\" content=\"Smart-Arbeitsrecht\" \/>\n<meta property=\"article:modified_time\" content=\"2025-06-17T08:11:37+00:00\" \/>\n<meta name=\"twitter:card\" content=\"summary_large_image\" \/>\n<script type=\"application\/ld+json\" class=\"yoast-schema-graph\">{\"@context\":\"https:\/\/schema.org\",\"@graph\":[{\"@type\":\"WebPage\",\"@id\":\"https:\/\/smart-arbeitsrecht.de\/employment-lawyer-in-germany-based-in-hamburg\/\",\"url\":\"https:\/\/smart-arbeitsrecht.de\/employment-lawyer-in-germany-based-in-hamburg\/\",\"name\":\"Employment \/ Labour Lawyer in Germany and Hamburg\",\"isPartOf\":{\"@id\":\"https:\/\/smart-arbeitsrecht.de\/#website\"},\"description\":\"Employment Lawyer Germany \u2713 High Specialization \u2713 Quality Employment Law for Your Success \u279c Dismissal, Severance Agreement, Severance Pay\",\"breadcrumb\":{\"@id\":\"https:\/\/smart-arbeitsrecht.de\/employment-lawyer-in-germany-based-in-hamburg\/#breadcrumb\"},\"inLanguage\":\"tr\",\"potentialAction\":[{\"@type\":\"ReadAction\",\"target\":[\"https:\/\/smart-arbeitsrecht.de\/employment-lawyer-in-germany-based-in-hamburg\/\"]}]},{\"@type\":\"BreadcrumbList\",\"@id\":\"https:\/\/smart-arbeitsrecht.de\/employment-lawyer-in-germany-based-in-hamburg\/#breadcrumb\",\"itemListElement\":[{\"@type\":\"ListItem\",\"position\":1,\"name\":\"Startseite\",\"item\":\"https:\/\/smart-arbeitsrecht.de\/\"},{\"@type\":\"ListItem\",\"position\":2,\"name\":\"Employment Lawyer in Germany &#8211; Based in Hamburg\"}]},{\"@type\":\"WebSite\",\"@id\":\"https:\/\/smart-arbeitsrecht.de\/#website\",\"url\":\"https:\/\/smart-arbeitsrecht.de\/\",\"name\":\"Smart-Arbeitsrecht\",\"description\":\"Kanzlei f\u00fcr Arbeitsrecht\",\"potentialAction\":[{\"@type\":\"SearchAction\",\"target\":{\"@type\":\"EntryPoint\",\"urlTemplate\":\"https:\/\/smart-arbeitsrecht.de\/?s={search_term_string}\"},\"query-input\":{\"@type\":\"PropertyValueSpecification\",\"valueRequired\":true,\"valueName\":\"search_term_string\"}}],\"inLanguage\":\"tr\"}]}<\/script>\n<!-- \/ Yoast SEO plugin. -->","yoast_head_json":{"title":"Almanya ve Hamburg&#039;da \u0130\u015f Hukuku Avukat\u0131","description":"Almanya \u0130\u015f Hukuku Avukat\u0131 \u2713 Y\u00fcksek Uzmanl\u0131k \u2713 Ba\u015far\u0131n\u0131z \u0130\u00e7in Kaliteli \u0130\u015f Hukuku \u279c \u0130\u015ften \u00c7\u0131karma, K\u0131dem Tazminat\u0131 S\u00f6zle\u015fmesi, K\u0131dem Tazminat\u0131","robots":{"index":"index","follow":"follow","max-snippet":"max-snippet:-1","max-image-preview":"max-image-preview:large","max-video-preview":"max-video-preview:-1"},"canonical":"https:\/\/smart-arbeitsrecht.de\/tr\/employment-lawyer-in-germany-based-in-hamburg\/","og_locale":"tr_TR","og_type":"article","og_title":"Employment \/ Labour Lawyer in Germany and Hamburg","og_description":"Employment Lawyer Germany \u2713 High Specialization \u2713 Quality Employment Law for Your Success \u279c Dismissal, Severance Agreement, Severance Pay","og_url":"https:\/\/smart-arbeitsrecht.de\/tr\/employment-lawyer-in-germany-based-in-hamburg\/","og_site_name":"Smart-Arbeitsrecht","article_modified_time":"2025-06-17T08:11:37+00:00","twitter_card":"summary_large_image","schema":{"@context":"https:\/\/schema.org","@graph":[{"@type":"WebPage","@id":"https:\/\/smart-arbeitsrecht.de\/employment-lawyer-in-germany-based-in-hamburg\/","url":"https:\/\/smart-arbeitsrecht.de\/employment-lawyer-in-germany-based-in-hamburg\/","name":"Almanya ve Hamburg&#039;da \u0130\u015f Hukuku Avukat\u0131","isPartOf":{"@id":"https:\/\/smart-arbeitsrecht.de\/#website"},"description":"Almanya \u0130\u015f Hukuku Avukat\u0131 \u2713 Y\u00fcksek Uzmanl\u0131k \u2713 Ba\u015far\u0131n\u0131z \u0130\u00e7in Kaliteli \u0130\u015f Hukuku \u279c \u0130\u015ften \u00c7\u0131karma, K\u0131dem Tazminat\u0131 S\u00f6zle\u015fmesi, K\u0131dem Tazminat\u0131","breadcrumb":{"@id":"https:\/\/smart-arbeitsrecht.de\/employment-lawyer-in-germany-based-in-hamburg\/#breadcrumb"},"inLanguage":"tr","potentialAction":[{"@type":"ReadAction","target":["https:\/\/smart-arbeitsrecht.de\/employment-lawyer-in-germany-based-in-hamburg\/"]}]},{"@type":"BreadcrumbList","@id":"https:\/\/smart-arbeitsrecht.de\/employment-lawyer-in-germany-based-in-hamburg\/#breadcrumb","itemListElement":[{"@type":"ListItem","position":1,"name":"Startseite","item":"https:\/\/smart-arbeitsrecht.de\/"},{"@type":"ListItem","position":2,"name":"Employment Lawyer in Germany &#8211; Based in Hamburg"}]},{"@type":"WebSite","@id":"https:\/\/smart-arbeitsrecht.de\/#website","url":"https:\/\/smart-arbeitsrecht.de\/","name":"Ak\u0131ll\u0131 i\u015f hukuku","description":"\u0130\u015f hukuku firmas\u0131","potentialAction":[{"@type":"SearchAction","target":{"@type":"EntryPoint","urlTemplate":"https:\/\/smart-arbeitsrecht.de\/?s={search_term_string}"},"query-input":{"@type":"PropertyValueSpecification","valueRequired":true,"valueName":"search_term_string"}}],"inLanguage":"tr"}]}},"_links":{"self":[{"href":"https:\/\/smart-arbeitsrecht.de\/tr\/wp-json\/wp\/v2\/pages\/8801","targetHints":{"allow":["GET"]}}],"collection":[{"href":"https:\/\/smart-arbeitsrecht.de\/tr\/wp-json\/wp\/v2\/pages"}],"about":[{"href":"https:\/\/smart-arbeitsrecht.de\/tr\/wp-json\/wp\/v2\/types\/page"}],"author":[{"embeddable":true,"href":"https:\/\/smart-arbeitsrecht.de\/tr\/wp-json\/wp\/v2\/users\/1"}],"replies":[{"embeddable":true,"href":"https:\/\/smart-arbeitsrecht.de\/tr\/wp-json\/wp\/v2\/comments?post=8801"}],"version-history":[{"count":89,"href":"https:\/\/smart-arbeitsrecht.de\/tr\/wp-json\/wp\/v2\/pages\/8801\/revisions"}],"predecessor-version":[{"id":9259,"href":"https:\/\/smart-arbeitsrecht.de\/tr\/wp-json\/wp\/v2\/pages\/8801\/revisions\/9259"}],"wp:attachment":[{"href":"https:\/\/smart-arbeitsrecht.de\/tr\/wp-json\/wp\/v2\/media?parent=8801"}],"curies":[{"name":"wp","href":"https:\/\/api.w.org\/{rel}","templated":true}]}}