{"id":9021,"date":"2025-04-02T12:53:44","date_gmt":"2025-04-02T10:53:44","guid":{"rendered":"https:\/\/smart-arbeitsrecht.de\/?page_id=9021"},"modified":"2025-04-02T13:00:39","modified_gmt":"2025-04-02T11:00:39","slug":"sitemap","status":"publish","type":"page","link":"https:\/\/smart-arbeitsrecht.de\/tr\/sitemap\/","title":{"rendered":"Site haritas\u0131"},"content":{"rendered":"<div id=\"simple-sitemap-container-69f4632e0f1dd\" class=\"simple-sitemap-container simple-sitemap-container-69f4632e0f1dd tab-disabled\"><div class=\"simple-sitemap-wrap\"><h3 class=\"post-type\">Sayfalar<\/h3><ul class=\"simple-sitemap-page main\"><li class=\"sitemap-item page_item page-item-6553\"><a href=\"https:\/\/smart-arbeitsrecht.de\/tr\/abfindung-bei-kuendigung\/\">Fesih halinde k\u0131dem tazminat\u0131 \u2013 bilmeniz gereken her \u015fey<\/a><\/li>\n<li class=\"sitemap-item page_item page-item-8780\"><a href=\"https:\/\/smart-arbeitsrecht.de\/tr\/abfindungs-check-pruefe-deine-chancen-auf-eine-abfindung-in-1-minute\/\">K\u0131dem Tazminat\u0131 \u00c7eki \u2013 K\u0131dem tazminat\u0131 alma \u015fans\u0131n\u0131z\u0131 1 dakikada kontrol edin<\/a><\/li>\n<li class=\"sitemap-item page_item page-item-5842\"><a href=\"https:\/\/smart-arbeitsrecht.de\/tr\/adwokat-od-prawa-pracy-w-hamburgu-niemczech\/\">Adwokat polski prawo pracy Hamburg | Niemcy<\/a><\/li>\n<li class=\"sitemap-item page_item page-item-9310\"><a href=\"https:\/\/smart-arbeitsrecht.de\/tr\/agg-entschaedigung-wegen-diskriminierung\/\">AGG ayr\u0131mc\u0131l\u0131k tazminat\u0131: M\u00fc\u015fteri kad\u0131n dan\u0131\u015fman\u0131 reddediyor<\/a><\/li>\n<li class=\"sitemap-item page_item page-item-6326\"><a href=\"https:\/\/smart-arbeitsrecht.de\/tr\/aenderungskuendigung\/\">S\u00f6zle\u015fme de\u011fi\u015fikli\u011fi ile fesih \u2013 Haklar\u0131n\u0131z\u0131 nas\u0131l koruyabilirsiniz!<\/a><\/li>\n<li class=\"sitemap-item page_item page-item-8686\"><a href=\"https:\/\/smart-arbeitsrecht.de\/tr\/angemessene-verguetung-fuer-arbeitnehmererfindung\/\">\u00c7al\u0131\u015fan bulu\u015flar\u0131 i\u00e7in uygun tazminat<\/a><\/li>\n<li class=\"sitemap-item page_item page-item-7371\"><a href=\"https:\/\/smart-arbeitsrecht.de\/tr\/antrag-auf-teilzeit-abgelehnt-was-koennen-arbeitnehmer-tun\/\">Yar\u0131 zamanl\u0131 \u00e7al\u0131\u015fma ba\u015fvurusu reddedildi \u2013 \u00e7al\u0131\u015fanlar ne yapabilir?<\/a><\/li>\n<li class=\"sitemap-item page_item page-item-7447\"><a href=\"https:\/\/smart-arbeitsrecht.de\/tr\/antrag-auf-teilzeit-in-elternzeit-abgelehnt-tipps-fuer-arbeitnehmer\/\">Yar\u0131 zamanl\u0131 ebeveyn izni ba\u015fvurusu reddedildi - \u00e7al\u0131\u015fanlara ipu\u00e7lar\u0131<\/a><\/li>\n<li class=\"sitemap-item page_item page-item-9391\"><a href=\"https:\/\/smart-arbeitsrecht.de\/tr\/anwalt-abfindung-fuer-ammersbek\/\">Ammersbek&#039;te avukat k\u0131dem tazminat\u0131<\/a><\/li>\n<li class=\"sitemap-item page_item page-item-9394\"><a href=\"https:\/\/smart-arbeitsrecht.de\/tr\/anwalt-abfindung-fuer-bargfeld-stegen\/\">Bargfeld-Stegen avukat\u0131n\u0131n k\u0131dem tazminat\u0131<\/a><\/li>\n<li class=\"sitemap-item page_item page-item-9397\"><a href=\"https:\/\/smart-arbeitsrecht.de\/tr\/anwalt-abfindung-fuer-barsbuettel\/\">Barsb\u00fcttel&#039;de avukat k\u0131dem tazminat\u0131<\/a><\/li>\n<li class=\"sitemap-item page_item page-item-9400\"><a href=\"https:\/\/smart-arbeitsrecht.de\/tr\/anwalt-abfindung-fuer-beckdorf\/\">Beckdorf&#039;un avukat k\u0131dem tazminat\u0131<\/a><\/li>\n<li class=\"sitemap-item page_item page-item-9403\"><a href=\"https:\/\/smart-arbeitsrecht.de\/tr\/anwalt-abfindung-fuer-boernsen\/\">B\u00f6rnsen&#039;e avukat k\u0131dem tazminat\u0131<\/a><\/li>\n<li class=\"sitemap-item page_item page-item-9386\"><a href=\"https:\/\/smart-arbeitsrecht.de\/tr\/anwalt-abfindung-fuer-buxtehude\/\">Buxtehude&#039;de avukat k\u0131dem tazminat\u0131<\/a><\/li>\n<li class=\"sitemap-item page_item page-item-9404\"><a href=\"https:\/\/smart-arbeitsrecht.de\/tr\/anwalt-abfindung-fuer-gemeinde-stelle\/\">Belediye pozisyonu i\u00e7in avukat k\u0131dem tazminat\u0131<\/a><\/li>\n<li class=\"sitemap-item page_item page-item-9409\"><a href=\"https:\/\/smart-arbeitsrecht.de\/tr\/anwalt-abfindung-fuer-halstenbek\/\">Halstenbek&#039;te avukat k\u0131dem tazminat\u0131<\/a><\/li>\n<li class=\"sitemap-item page_item page-item-9412\"><a href=\"https:\/\/smart-arbeitsrecht.de\/tr\/anwalt-abfindung-fuer-moisburg\/\">Moisburg&#039;da avukat k\u0131dem tazminat\u0131<\/a><\/li>\n<li class=\"sitemap-item page_item page-item-9415\"><a href=\"https:\/\/smart-arbeitsrecht.de\/tr\/anwalt-abfindung-fuer-neu-wulmstorf\/\">Neu Wulmstorf&#039;ta avukat k\u0131dem tazminat\u0131<\/a><\/li>\n<li class=\"sitemap-item page_item page-item-9418\"><a href=\"https:\/\/smart-arbeitsrecht.de\/tr\/anwalt-abfindung-fuer-norderstedt\/\">Norderstedt&#039;te avukat k\u0131dem tazminat\u0131<\/a><\/li>\n<li class=\"sitemap-item page_item page-item-9421\"><a href=\"https:\/\/smart-arbeitsrecht.de\/tr\/anwalt-abfindung-fuer-pinneberg\/\">Pinneberg&#039;in avukat k\u0131dem tazminat\u0131<\/a><\/li>\n<li class=\"sitemap-item page_item page-item-9424\"><a href=\"https:\/\/smart-arbeitsrecht.de\/tr\/anwalt-abfindung-fuer-quickborn\/\">Quickborn&#039;da avukat k\u0131dem tazminat\u0131<\/a><\/li>\n<li class=\"sitemap-item page_item page-item-9427\"><a href=\"https:\/\/smart-arbeitsrecht.de\/tr\/anwalt-abfindung-fuer-reinbek\/\">Reinbek&#039;te avukat k\u0131dem tazminat\u0131<\/a><\/li>\n<li class=\"sitemap-item page_item page-item-9438\"><a href=\"https:\/\/smart-arbeitsrecht.de\/tr\/anwalt-abfindung-fuer-rellingen\/\">Rellingen&#039;de avukat k\u0131dem tazminat\u0131<\/a><\/li>\n<li class=\"sitemap-item page_item page-item-9430\"><a href=\"https:\/\/smart-arbeitsrecht.de\/tr\/anwalt-abfindung-fuer-seevetal\/\">Seevetal&#039;da avukat k\u0131dem tazminat\u0131<\/a><\/li>\n<li class=\"sitemap-item page_item page-item-9435\"><a href=\"https:\/\/smart-arbeitsrecht.de\/tr\/anwalt-abfindung-fuer-tangstedt\/\">Tangstedt&#039;te avukat k\u0131dem tazminat\u0131<\/a><\/li>\n<li class=\"sitemap-item page_item page-item-9320\"><a href=\"https:\/\/smart-arbeitsrecht.de\/tr\/anwalt-abfindung-hamburg\/\">Avukat K\u0131dem Tazminat\u0131 Hamburg<\/a><\/li>\n<li class=\"sitemap-item page_item page-item-9045\"><a href=\"https:\/\/smart-arbeitsrecht.de\/tr\/anwalt-bei-aufhebungsvertrag-fuer-ammersbek\/\">Ammersbek i\u00e7in fesih s\u00f6zle\u015fmesi avukat\u0131<\/a><\/li>\n<li class=\"sitemap-item page_item page-item-9051\"><a href=\"https:\/\/smart-arbeitsrecht.de\/tr\/anwalt-bei-aufhebungsvertrag-fuer-bargfeld-stegen\/\">Bargfeld-Stegen i\u00e7in fesih anla\u015fmas\u0131 avukat\u0131<\/a><\/li>\n<li class=\"sitemap-item page_item page-item-9054\"><a href=\"https:\/\/smart-arbeitsrecht.de\/tr\/anwalt-bei-aufhebungsvertrag-fuer-barsbuettel\/\">Barsb\u00fcttel&#039;de fesih s\u00f6zle\u015fmesi avukat\u0131<\/a><\/li>\n<li class=\"sitemap-item page_item page-item-9057\"><a href=\"https:\/\/smart-arbeitsrecht.de\/tr\/anwalt-bei-aufhebungsvertrag-fuer-beckdorf\/\">Beckdorf i\u00e7in fesih s\u00f6zle\u015fmesi avukat\u0131<\/a><\/li>\n<li class=\"sitemap-item page_item page-item-9060\"><a href=\"https:\/\/smart-arbeitsrecht.de\/tr\/anwalt-bei-aufhebungsvertrag-fuer-boernsen\/\">B\u00f6rnsen&#039;de fesih s\u00f6zle\u015fmesi avukat\u0131<\/a><\/li>\n<li class=\"sitemap-item page_item page-item-9030\"><a href=\"https:\/\/smart-arbeitsrecht.de\/tr\/anwalt-bei-aufhebungsvertrag-fuer-buxtehude\/\">Buxtehude&#039;de fesih s\u00f6zle\u015fmesi avukat\u0131<\/a><\/li>\n<li class=\"sitemap-item page_item page-item-9063\"><a href=\"https:\/\/smart-arbeitsrecht.de\/tr\/anwalt-bei-aufhebungsvertrag-fuer-gemeinde-stelle\/\">Stelle Belediyesi i\u00e7in fesih s\u00f6zle\u015fmesi avukat\u0131<\/a><\/li>\n<li class=\"sitemap-item page_item page-item-9066\"><a href=\"https:\/\/smart-arbeitsrecht.de\/tr\/anwalt-bei-aufhebungsvertrag-fuer-halstenbek\/\">Halstenbek i\u00e7in fesih s\u00f6zle\u015fmesi avukat\u0131<\/a><\/li>\n<li class=\"sitemap-item page_item page-item-9072\"><a href=\"https:\/\/smart-arbeitsrecht.de\/tr\/anwalt-bei-aufhebungsvertrag-fuer-moisburg\/\">Moisburg&#039;da fesih anla\u015fmas\u0131 avukat\u0131<\/a><\/li>\n<li class=\"sitemap-item page_item page-item-9075\"><a href=\"https:\/\/smart-arbeitsrecht.de\/tr\/anwalt-bei-aufhebungsvertrag-fuer-neu-wulmstorf\/\">Neu Wulmstorf&#039;ta fesih anla\u015fmas\u0131 avukat\u0131<\/a><\/li>\n<li class=\"sitemap-item page_item page-item-9081\"><a href=\"https:\/\/smart-arbeitsrecht.de\/tr\/anwalt-bei-aufhebungsvertrag-fuer-norderstedt\/\">Norderstedt&#039;te fesih s\u00f6zle\u015fmesi avukat\u0131<\/a><\/li>\n<li class=\"sitemap-item page_item page-item-9086\"><a href=\"https:\/\/smart-arbeitsrecht.de\/tr\/anwalt-bei-aufhebungsvertrag-fuer-pinneberg\/\">Pinneberg i\u00e7in fesih anla\u015fmas\u0131 avukat\u0131<\/a><\/li>\n<li class=\"sitemap-item page_item page-item-9091\"><a href=\"https:\/\/smart-arbeitsrecht.de\/tr\/anwalt-bei-aufhebungsvertrag-fuer-quickborn\/\">Quickborn i\u00e7in fesih s\u00f6zle\u015fmesi avukat\u0131<\/a><\/li>\n<li class=\"sitemap-item page_item page-item-9096\"><a href=\"https:\/\/smart-arbeitsrecht.de\/tr\/anwalt-bei-aufhebungsvertrag-fuer-reinbek\/\">Reinbek&#039;te fesih s\u00f6zle\u015fmesi avukat\u0131<\/a><\/li>\n<li class=\"sitemap-item page_item page-item-9099\"><a href=\"https:\/\/smart-arbeitsrecht.de\/tr\/anwalt-bei-aufhebungsvertrag-fuer-rellingen\/\">Rellingen&#039;de fesih s\u00f6zle\u015fmesi avukat\u0131<\/a><\/li>\n<li class=\"sitemap-item page_item page-item-9069\"><a href=\"https:\/\/smart-arbeitsrecht.de\/tr\/anwalt-bei-aufhebungsvertrag-fuer-seevetal\/\">Seevetal i\u00e7in fesih s\u00f6zle\u015fmesi avukat\u0131<\/a><\/li>\n<li class=\"sitemap-item page_item page-item-9102\"><a href=\"https:\/\/smart-arbeitsrecht.de\/tr\/anwalt-bei-aufhebungsvertrag-fuer-tangstedt\/\">Tangstedt&#039;te fesih s\u00f6zle\u015fmesi avukat\u0131<\/a><\/li>\n<li class=\"sitemap-item page_item page-item-2016\"><a href=\"https:\/\/smart-arbeitsrecht.de\/tr\/anwalt-kuendigung-arbeitsrecht\/\">Hamburg&#039;da fesih avukat\u0131<\/a><\/li>\n<li class=\"sitemap-item page_item page-item-2511\"><a href=\"https:\/\/smart-arbeitsrecht.de\/tr\/anwalt-abmahnung-arbeitsrecht\/\">\u0130\u015f hukukunda uyar\u0131lar i\u00e7in avukat<\/a><\/li>\n<li class=\"sitemap-item page_item page-item-7187\"><a href=\"https:\/\/smart-arbeitsrecht.de\/tr\/anwalt-fuer-arbeitsrecht-in-altona\/\">Altona&#039;da i\u015f hukuku avukat\u0131<\/a><\/li>\n<li class=\"sitemap-item page_item page-item-3491\"><a href=\"https:\/\/smart-arbeitsrecht.de\/tr\/\">Hamburg&#039;da i\u015f hukuku avukat\u0131<\/a><\/li>\n<li class=\"sitemap-item page_item page-item-8590\"><a href=\"https:\/\/smart-arbeitsrecht.de\/tr\/anwalt-fuer-arbeitsrecht-in-hamburg-west\/\">Hamburg-West&#039;te i\u015f hukuku avukat\u0131<\/a><\/li>\n<li class=\"sitemap-item page_item page-item-2250\"><a href=\"https:\/\/smart-arbeitsrecht.de\/tr\/anwalt-fuer-arbeitsrecht-in-lurup-osdorf-schenefeld-halstenbek-pinneberg\/\">Lurup, Osdorf, Schenefeld, Halstenbek, Pinneberg&#039;de i\u015f hukuku avukat\u0131<\/a><\/li>\n<li class=\"sitemap-item page_item page-item-2074\"><a href=\"https:\/\/smart-arbeitsrecht.de\/tr\/anwalt-aufhebungsvertrag\/\">Hamburg&#039;da fesih s\u00f6zle\u015fmeleri avukat\u0131<\/a><\/li>\n<li class=\"sitemap-item page_item page-item-7987\"><a href=\"https:\/\/smart-arbeitsrecht.de\/tr\/arbeitsunfall-antrag-auf-rente-oder-abfindung-abgelehnt-was-tun\/\">\u0130\u015f kazas\u0131: Emeklilik veya k\u0131dem tazminat\u0131 ba\u015fvurusu reddedildi \u2013 ne yapmal\u0131?<\/a><\/li>\n<li class=\"sitemap-item page_item page-item-3645\"><a href=\"https:\/\/smart-arbeitsrecht.de\/tr\/aufhebungsvertrag-wertvolle-informationen-fuer-arbeitnehmer\/\">Fesih s\u00f6zle\u015fmesi: \u00c7al\u0131\u015fanlar i\u00e7in de\u011ferli bilgiler<\/a><\/li>\n<li class=\"sitemap-item page_item page-item-7530\"><a href=\"https:\/\/smart-arbeitsrecht.de\/tr\/befristeter-arbeitsvertrag\/\">Belirli s\u00fcreli i\u015f s\u00f6zle\u015fmesi<\/a><\/li>\n<li class=\"sitemap-item page_item page-item-1626\"><a href=\"https:\/\/smart-arbeitsrecht.de\/tr\/betriebsbedingte-kuendigung-wichtige-informationen\/\">Operasyonel nedenlerle i\u015ften \u00e7\u0131karma - Etkilenenlerin bilmesi gerekenler<\/a><\/li>\n<li class=\"sitemap-item page_item page-item-3\"><a href=\"https:\/\/smart-arbeitsrecht.de\/tr\/datenschutzerklaerung\/\">Gizlilik Politikas\u0131<\/a><\/li>\n<li class=\"sitemap-item page_item page-item-6507\"><a href=\"https:\/\/smart-arbeitsrecht.de\/tr\/druckkuendigung-im-arbeitsrecht-das-ist-darunter-zu-verstehen\/\">\u0130\u015f hukukunda zorlama sonucu i\u015ften \u00e7\u0131karma - bununla ne kastedilmektedir?<\/a><\/li>\n<li class=\"sitemap-item page_item page-item-9301\"><a href=\"https:\/\/smart-arbeitsrecht.de\/tr\/elternzeit-beantragen-rechte-fristen-und-schutz-vor-kuendigung\/\">Ebeveyn izni ba\u015fvurusu: haklar, son tarihler ve i\u015ften \u00e7\u0131kar\u0131lmaya kar\u015f\u0131 koruma<\/a><\/li>\n<li class=\"sitemap-item page_item page-item-8801\"><a href=\"https:\/\/smart-arbeitsrecht.de\/tr\/employment-lawyer-in-germany-based-in-hamburg\/\">Almanya&#039;da \u0130\u015f Hukuku Avukat\u0131 \u2013 Hamburg&#039;da ikamet ediyor<\/a><\/li>\n<li class=\"sitemap-item page_item page-item-6462\"><a href=\"https:\/\/smart-arbeitsrecht.de\/tr\/fachanwalt-fuer-arbeitsrecht-vorteile-fuer-arbeitnehmer\/\">\u0130\u015f hukuku alan\u0131nda uzman avukat \u2013 \u00e7al\u0131\u015fanlar i\u00e7in avantajlar \u015funlard\u0131r<\/a><\/li>\n<li class=\"sitemap-item page_item page-item-10481\"><a href=\"https:\/\/smart-arbeitsrecht.de\/tr\/hamza-guelbas\/\">Hamza G\u00fclba\u015f<\/a><\/li>\n<li class=\"sitemap-item page_item page-item-404\"><a href=\"https:\/\/smart-arbeitsrecht.de\/tr\/impressum\/\">Bask\u0131 \u2013 \u00a7 5 DDG&#039;ye g\u00f6re bilgiler<\/a><\/li>\n<li class=\"sitemap-item page_item page-item-1500\"><a href=\"https:\/\/smart-arbeitsrecht.de\/tr\/krankheitsbedingte-kuendigung-wichtige-hinweise\/\">Hastal\u0131k nedeniyle fesih \u2013 \u00d6nemli bilgiler<\/a><\/li>\n<li class=\"sitemap-item page_item page-item-1335\"><a href=\"https:\/\/smart-arbeitsrecht.de\/tr\/kuendigung-des-arbeitsvertrages-kuendigungsschutz\/\">\u0130\u015f s\u00f6zle\u015fmesinin feshi \u2013 i\u015ften \u00e7\u0131kar\u0131lmaya kar\u015f\u0131 koruma<\/a><\/li>\n<li class=\"sitemap-item page_item page-item-4146\"><a href=\"https:\/\/smart-arbeitsrecht.de\/tr\/kuendigungs-app\/\">\u0130ptal uygulamas\u0131<\/a><\/li>\n<li class=\"sitemap-item page_item page-item-6049\"><a href=\"https:\/\/smart-arbeitsrecht.de\/tr\/kuendigungsschutz-fuer-schwerbehinderte-arbeitnehmer\/\">A\u011f\u0131r engelli \u00e7al\u0131\u015fanlar i\u00e7in i\u015ften \u00e7\u0131kar\u0131lmaya kar\u015f\u0131 koruma<\/a><\/li>\n<li class=\"sitemap-item page_item page-item-4102\"><a href=\"https:\/\/smart-arbeitsrecht.de\/tr\/kuendigungsschutz-in-schwangerschaft-und-elternzeit\/\">Hamilelik ve ebeveyn izni s\u0131ras\u0131nda i\u015ften \u00e7\u0131kar\u0131lmaya kar\u015f\u0131 koruma<\/a><\/li>\n<li class=\"sitemap-item page_item page-item-5671\"><a href=\"https:\/\/smart-arbeitsrecht.de\/tr\/magazin\/\">dergi<\/a><\/li>\n<li class=\"sitemap-item page_item page-item-1474\"><a href=\"https:\/\/smart-arbeitsrecht.de\/tr\/ordentliche-personenbedingte-kuendigung\/\">Ki\u015fisel nedenlerle fesih \u2013 bilmeniz gerekenler<\/a><\/li>\n<li class=\"sitemap-item page_item page-item-10468\"><a href=\"https:\/\/smart-arbeitsrecht.de\/tr\/raphael-lugowski\/\">Raphael Lugowski<\/a><\/li>\n<li class=\"sitemap-item page_item page-item-9127\"><a href=\"https:\/\/smart-arbeitsrecht.de\/tr\/rechtsanwalt-bei-abmahnung-fuer-ammersbek\/\">Ammersbek&#039;e uyar\u0131 mektubu i\u00e7in avukat<\/a><\/li>\n<li class=\"sitemap-item page_item page-item-9130\"><a href=\"https:\/\/smart-arbeitsrecht.de\/tr\/rechtsanwalt-bei-abmahnung-fuer-bargfeld-stegen\/\">Bargfeld-Stegen&#039;e uyar\u0131 mektubu i\u00e7in avukat<\/a><\/li>\n<li class=\"sitemap-item page_item page-item-9133\"><a href=\"https:\/\/smart-arbeitsrecht.de\/tr\/rechtsanwalt-bei-abmahnung-fuer-barsbuettel\/\">Barsb\u00fcttel&#039;e uyar\u0131 mektubu i\u00e7in avukat<\/a><\/li>\n<li class=\"sitemap-item page_item page-item-9135\"><a href=\"https:\/\/smart-arbeitsrecht.de\/tr\/rechtsanwalt-bei-abmahnung-fuer-beckdorf\/\">Beckdorf&#039;a uyar\u0131 mektubu i\u00e7in avukat<\/a><\/li>\n<li class=\"sitemap-item page_item page-item-9138\"><a href=\"https:\/\/smart-arbeitsrecht.de\/tr\/rechtsanwalt-bei-abmahnung-fuer-boernsen\/\">B\u00f6rnsen&#039;e uyar\u0131 mektubu i\u00e7in avukat<\/a><\/li>\n<li class=\"sitemap-item page_item page-item-9105\"><a href=\"https:\/\/smart-arbeitsrecht.de\/tr\/rechtsanwalt-bei-abmahnung-fuer-buxtehude\/\">Buxtehude&#039;ye uyar\u0131 mektubu i\u00e7in avukat<\/a><\/li>\n<li class=\"sitemap-item page_item page-item-9141\"><a href=\"https:\/\/smart-arbeitsrecht.de\/tr\/rechtsanwalt-bei-abmahnung-fuer-gemeinde-stelle\/\">Belediye Stelle&#039;ye ihtar mektubu i\u00e7in avukat<\/a><\/li>\n<li class=\"sitemap-item page_item page-item-9144\"><a href=\"https:\/\/smart-arbeitsrecht.de\/tr\/rechtsanwalt-bei-abmahnung-fuer-halstenbek\/\">Halstenbek&#039;e uyar\u0131 mektubu i\u00e7in avukat<\/a><\/li>\n<li class=\"sitemap-item page_item page-item-9147\"><a href=\"https:\/\/smart-arbeitsrecht.de\/tr\/rechtsanwalt-bei-abmahnung-fuer-moisburg\/\">Moisburg&#039;a uyar\u0131 mektubu i\u00e7in avukat<\/a><\/li>\n<li class=\"sitemap-item page_item page-item-9153\"><a href=\"https:\/\/smart-arbeitsrecht.de\/tr\/rechtsanwalt-bei-abmahnung-fuer-norderstedt\/\">Norderstedt&#039;e uyar\u0131 mektubu i\u00e7in avukat<\/a><\/li>\n<li class=\"sitemap-item page_item page-item-9156\"><a href=\"https:\/\/smart-arbeitsrecht.de\/tr\/rechtsanwalt-bei-abmahnung-fuer-pinneberg\/\">Pinneberg&#039;e uyar\u0131 mektubu i\u00e7in avukat<\/a><\/li>\n<li class=\"sitemap-item page_item page-item-9160\"><a href=\"https:\/\/smart-arbeitsrecht.de\/tr\/rechtsanwalt-bei-abmahnung-fuer-quickborn\/\">Quickborn&#039;a uyar\u0131 mektubu i\u00e7in avukat<\/a><\/li>\n<li class=\"sitemap-item page_item page-item-9163\"><a href=\"https:\/\/smart-arbeitsrecht.de\/tr\/rechtsanwalt-bei-abmahnung-fuer-reinbek\/\">Reinbek&#039;e uyar\u0131 mektubu i\u00e7in avukat<\/a><\/li>\n<li class=\"sitemap-item page_item page-item-9168\"><a href=\"https:\/\/smart-arbeitsrecht.de\/tr\/rechtsanwalt-bei-abmahnung-fuer-rellingen\/\">Rellingen&#039;e uyar\u0131 mektuplar\u0131 i\u00e7in avukat<\/a><\/li>\n<li class=\"sitemap-item page_item page-item-9171\"><a href=\"https:\/\/smart-arbeitsrecht.de\/tr\/rechtsanwalt-bei-abmahnung-fuer-seevetal\/\">Seevetal&#039;a uyar\u0131 mektubu i\u00e7in avukat<\/a><\/li>\n<li class=\"sitemap-item page_item page-item-9174\"><a href=\"https:\/\/smart-arbeitsrecht.de\/tr\/rechtsanwalt-bei-abmahnung-fuer-tangstedt\/\">Tangstedt&#039;e uyar\u0131 mektubu i\u00e7in avukat<\/a><\/li>\n<li class=\"sitemap-item page_item page-item-9150\"><a href=\"https:\/\/smart-arbeitsrecht.de\/tr\/rechtsanwalt-bei-abmahnung-fuer-wulmstorf\/\">Wulmstorf&#039;a uyar\u0131 mektubu i\u00e7in avukat<\/a><\/li>\n<li class=\"sitemap-item page_item page-item-8949\"><a href=\"https:\/\/smart-arbeitsrecht.de\/tr\/rechtsanwalt-bei-kuendigung-fuer-ammersbek\/\">Ammersbek&#039;te i\u015ften \u00e7\u0131kar\u0131lma avukat\u0131<\/a><\/li>\n<li class=\"sitemap-item page_item page-item-8944\"><a href=\"https:\/\/smart-arbeitsrecht.de\/tr\/rechtsanwalt-bei-kuendigung-fuer-bargfeld-stegen\/\">Bargfeld-Stegen&#039;de i\u015ften \u00e7\u0131kar\u0131lma avukat\u0131<\/a><\/li>\n<li class=\"sitemap-item page_item page-item-8952\"><a href=\"https:\/\/smart-arbeitsrecht.de\/tr\/rechtsanwalt-bei-kuendigung-fuer-barsbuettel\/\">Barsb\u00fcttel&#039;de i\u015ften \u00e7\u0131kar\u0131lma avukat\u0131<\/a><\/li>\n<li class=\"sitemap-item page_item page-item-8976\"><a href=\"https:\/\/smart-arbeitsrecht.de\/tr\/rechtsanwalt-bei-kuendigung-fuer-beckdorf\/\">Beckdorf&#039;un i\u015ften \u00e7\u0131kar\u0131lma avukat\u0131<\/a><\/li>\n<li class=\"sitemap-item page_item page-item-8967\"><a href=\"https:\/\/smart-arbeitsrecht.de\/tr\/rechtsanwalt-bei-kuendigung-fuer-boernsen\/\">B\u00f6rnsen&#039;de i\u015f akdinin feshi avukat\u0131<\/a><\/li>\n<li class=\"sitemap-item page_item page-item-8938\"><a href=\"https:\/\/smart-arbeitsrecht.de\/tr\/rechtsanwalt-bei-kuendigung-fuer-buxtehude\/\">Buxtehude&#039;de i\u015ften \u00e7\u0131kar\u0131lma avukat\u0131<\/a><\/li>\n<li class=\"sitemap-item page_item page-item-8970\"><a href=\"https:\/\/smart-arbeitsrecht.de\/tr\/rechtsanwalt-bei-kuendigung-fuer-gemeinde-stelle\/\">Belediye ofisinde i\u015f akdinin feshi i\u00e7in avukat<\/a><\/li>\n<li class=\"sitemap-item page_item page-item-8994\"><a href=\"https:\/\/smart-arbeitsrecht.de\/tr\/rechtsanwalt-bei-kuendigung-fuer-halstenbek\/\">Halstenbek&#039;te i\u015ften \u00e7\u0131kar\u0131lma avukat\u0131<\/a><\/li>\n<li class=\"sitemap-item page_item page-item-8898\"><a href=\"https:\/\/smart-arbeitsrecht.de\/tr\/rechtsanwalt-bei-kuendigung-fuer-moisburg\/\">Moisburg&#039;da i\u015ften \u00e7\u0131kar\u0131lma avukat\u0131<\/a><\/li>\n<li class=\"sitemap-item page_item page-item-8979\"><a href=\"https:\/\/smart-arbeitsrecht.de\/tr\/rechtsanwalt-bei-kuendigung-fuer-neu-wulmstorf\/\">Neu Wulmstorf&#039;ta i\u015ften \u00e7\u0131kar\u0131lma avukat\u0131<\/a><\/li>\n<li class=\"sitemap-item page_item page-item-9007\"><a href=\"https:\/\/smart-arbeitsrecht.de\/tr\/rechtsanwalt-bei-kuendigung-fuer-norderstedt\/\">Norderstedt&#039;te fesih avukat\u0131<\/a><\/li>\n<li class=\"sitemap-item page_item page-item-9015\"><a href=\"https:\/\/smart-arbeitsrecht.de\/tr\/rechtsanwalt-bei-kuendigung-fuer-pinneberg\/\">Pinneberg&#039;de fesih avukat\u0131<\/a><\/li>\n<li class=\"sitemap-item page_item page-item-9003\"><a href=\"https:\/\/smart-arbeitsrecht.de\/tr\/rechtsanwalt-bei-kuendigung-fuer-quickborn\/\">Quickborn&#039;da i\u015ften \u00e7\u0131kar\u0131lma avukat\u0131<\/a><\/li>\n<li class=\"sitemap-item page_item page-item-8955\"><a href=\"https:\/\/smart-arbeitsrecht.de\/tr\/rechtsanwalt-bei-kuendigung-fuer-reinbek\/\">Reinbek&#039;te i\u015ften \u00e7\u0131kar\u0131lma avukat\u0131<\/a><\/li>\n<li class=\"sitemap-item page_item page-item-8997\"><a href=\"https:\/\/smart-arbeitsrecht.de\/tr\/rechtsanwalt-bei-kuendigung-fuer-rellingen\/\">Rellingen&#039;de i\u015ften \u00e7\u0131kar\u0131lma avukat\u0131<\/a><\/li>\n<li class=\"sitemap-item page_item page-item-8973\"><a href=\"https:\/\/smart-arbeitsrecht.de\/tr\/rechtsanwalt-bei-kuendigung-fuer-seevetal\/\">Seevetal&#039;da fesih avukat\u0131<\/a><\/li>\n<li class=\"sitemap-item page_item page-item-8982\"><a href=\"https:\/\/smart-arbeitsrecht.de\/tr\/rechtsanwalt-bei-kuendigung-fuer-tangstedt\/\">Tangstedt&#039;te i\u015ften \u00e7\u0131kar\u0131lma avukat\u0131<\/a><\/li>\n<li class=\"sitemap-item page_item page-item-216\"><a href=\"https:\/\/smart-arbeitsrecht.de\/tr\/kontakt\/\">Davan\u0131z\u0131 bize a\u00e7\u0131klay\u0131n; size en k\u0131sa s\u00fcrede geri d\u00f6n\u00fc\u015f yapaca\u011f\u0131z<\/a><\/li>\n<li class=\"sitemap-item page_item page-item-9897\"><a href=\"https:\/\/smart-arbeitsrecht.de\/tr\/sea-lp-kuendigung-und-co\/\">SEA LP feshi ve i\u015fbirli\u011fi<\/a><\/li>\n<li class=\"sitemap-item page_item page-item-9021\"><a href=\"https:\/\/smart-arbeitsrecht.de\/tr\/sitemap\/\">Site haritas\u0131<\/a><\/li>\n<li class=\"sitemap-item page_item page-item-16\"><a href=\"https:\/\/smart-arbeitsrecht.de\/tr\/kanzlei\/\">Ak\u0131ll\u0131 \u0130\u015f Hukuku \u2013 Kalite ve m\u00fc\u015fterilere ba\u011fl\u0131l\u0131k<\/a><\/li>\n<li class=\"sitemap-item page_item page-item-1435\"><a href=\"https:\/\/smart-arbeitsrecht.de\/tr\/verhaltensbedingte-kuendigung-grosser-ratgeber\/\">Davran\u0131\u015fsal Nedenlerle \u0130\u015ften \u00c7\u0131karma \u2013 Bir K\u0131lavuz<\/a><\/li>\n<\/ul><\/div><div class=\"simple-sitemap-wrap\"><h3 class=\"post-type\">Yaz\u0131lar<\/h3><ul class=\"simple-sitemap-post main\"><li class=\"sitemap-item\"><a href=\"https:\/\/smart-arbeitsrecht.de\/tr\/teil-impfpflicht-beschaeftigungsverbot-fuer-arbeitnehmer-ab-16-maerz-2022\/\">\u201cK\u0131smi a\u015f\u0131 zorunlulu\u011fu\u201d \u2013 16 Mart 2022\u2019den itibaren \u00e7al\u0131\u015fanlara i\u015f yasa\u011f\u0131 m\u0131 geliyor?<\/a><\/li><li class=\"sitemap-item\"><a href=\"https:\/\/smart-arbeitsrecht.de\/tr\/2g-modell-im-betrieb-fehlende-impfung-rechtfertigt-kuendigung\/\">\u015eirkette 2G modeli \u2013 a\u015f\u0131 eksikli\u011fi i\u015ften \u00e7\u0131karmay\u0131 hakl\u0131 \u00e7\u0131kar\u0131yor<\/a><\/li><li class=\"sitemap-item\"><a href=\"https:\/\/smart-arbeitsrecht.de\/tr\/8-000-e-schmerzensgeld-wegen-datenschutzverstoss\/\">Veri koruma ihlali nedeniyle 8.000 avro tazminat \u2013 sorumlu klinik<\/a><\/li><li class=\"sitemap-item\"><a href=\"https:\/\/smart-arbeitsrecht.de\/tr\/ablehnung-corona-tests-verhaltensbedingte-kuendigung-unwirksam\/\">Korona testlerinin reddedilmesi: Davran\u0131\u015f nedeniyle i\u015ften \u00e7\u0131karma ge\u00e7ersizdir<\/a><\/li><li class=\"sitemap-item\"><a href=\"https:\/\/smart-arbeitsrecht.de\/tr\/aktienbasierte-verguetung-im-arbeitsverhaeltnis-was-bei-stock-grants-arbeitsrechtlich-zu-beachten-ist\/\">\u0130\u015f ili\u015fkilerinde hisse senedi bazl\u0131 tazminat: Hisse senedi hibeleri i\u00e7in i\u015f hukuku kapsam\u0131nda nelere dikkat edilmelidir?<\/a><\/li><li class=\"sitemap-item\"><a href=\"https:\/\/smart-arbeitsrecht.de\/tr\/aktienkaufplaene-fuer-mitarbeitende-espp\/\">\u00c7al\u0131\u015fan hisse senedi sat\u0131n alma planlar\u0131 (ESPP): Kat\u0131l\u0131m\u0131n yarat\u0131lmas\u0131 - yasal olarak g\u00fcvenli ve motive edici<\/a><\/li><li class=\"sitemap-item\"><a href=\"https:\/\/smart-arbeitsrecht.de\/tr\/aktienoptionsprogramme-im-arbeitsrecht-chancen-verpflichtungen-und-rechtliche-risiken-einfach-erklaert\/\">\u0130\u015f hukukunda hisse senedi opsiyon programlar\u0131: F\u0131rsatlar, y\u00fck\u00fcml\u00fcl\u00fckler ve yasal riskler basit bir \u015fekilde a\u00e7\u0131klanm\u0131\u015ft\u0131r<\/a><\/li><li class=\"sitemap-item\"><a href=\"https:\/\/smart-arbeitsrecht.de\/tr\/aktives-und-passives-wahlrecht-bei-der-betriebsratswahl-2026-wer-gehoert-auf-die-waehlerliste\/\">2026 \u0130\u015f Konseyi se\u00e7imlerinde aktif ve pasif oy kullanma haklar\u0131 \u2013 se\u00e7men k\u00fct\u00fc\u011f\u00fcnde kimler olmal\u0131?<\/a><\/li><li class=\"sitemap-item\"><a href=\"https:\/\/smart-arbeitsrecht.de\/tr\/alkoholverbot-auf-see\/\">Denizde alkol yasa\u011f\u0131 var - ancak bekleme \u00fccreti alma hakk\u0131 yok<\/a><\/li><li class=\"sitemap-item\"><a href=\"https:\/\/smart-arbeitsrecht.de\/tr\/arbeitnehmer-im-visier-wie-weit-darf-ueberwachung-am-arbeitsplatz-gehen\/\">\u00c7al\u0131\u015fanlar mercek alt\u0131nda: \u0130\u015f yeri g\u00f6zetimi ne kadar ileri gidebilir?<\/a><\/li><li class=\"sitemap-item\"><a href=\"https:\/\/smart-arbeitsrecht.de\/tr\/arbeitsrecht-2026-diese-aenderungen-muessen-arbeitgeber-jetzt-beachten\/\">2026 \u0130\u015f Kanunu: \u0130\u015fverenler art\u0131k bu de\u011fi\u015fikliklerin fark\u0131nda olmal\u0131d\u0131r.<\/a><\/li><li class=\"sitemap-item\"><a href=\"https:\/\/smart-arbeitsrecht.de\/tr\/arbeitsrecht-fuer-fuehrungskraefte-was-manager-wissen-muessen-ein-zehn-punkte-plan\/\">Y\u00f6neticiler i\u00e7in i\u015f hukuku: Y\u00f6neticilerin bilmesi gerekenler - on maddelik bir plan<\/a><\/li><li class=\"sitemap-item\"><a href=\"https:\/\/smart-arbeitsrecht.de\/tr\/betriebsrat-und-kuenstliche-intelligenz-warum-ki-umfragen-neue-mitbestimmungsrechte-ausloesen\/\">\u0130\u015f\u00e7i temsilcili\u011fi ve yapay zeka: Yapay zeka anketleri neden yeni ortak karar alma haklar\u0131n\u0131 tetikliyor?<\/a><\/li><li class=\"sitemap-item\"><a href=\"https:\/\/smart-arbeitsrecht.de\/tr\/anwalt-kuendigungsschutzklage\/\">Haks\u0131z fesih davas\u0131<\/a><\/li><li class=\"sitemap-item\"><a href=\"https:\/\/smart-arbeitsrecht.de\/tr\/esop-employee-stock-ownership-plan-chancen-und-risiken-der-mitarbeiterbeteiligung\/\">ESOP (\u00c7al\u0131\u015fan Hisse Sahipli\u011fi Plan\u0131) \u2013 \u00c7al\u0131\u015fan kat\u0131l\u0131m\u0131n\u0131n f\u0131rsatlar\u0131 ve riskleri<\/a><\/li><li class=\"sitemap-item\"><a href=\"https:\/\/smart-arbeitsrecht.de\/tr\/gebot-fairen-verhandelns-beim-aufhebungsvertrag-wann-ist-es-verletzt\/\">Fesih s\u00f6zle\u015fmelerinde adil m\u00fczakere ilkesi \u2013 ne zaman ihlal edilir?<\/a><\/li><li class=\"sitemap-item\"><a href=\"https:\/\/smart-arbeitsrecht.de\/tr\/gleichstellungsbeauftragte-warum-nur-frauen-diesen-job-ausueben-duerfen\/\">E\u015fit F\u0131rsatlar G\u00f6revlisi: Neden bu i\u015fi yaln\u0131zca kad\u0131nlar\u0131n yapmas\u0131na izin veriliyor?<\/a><\/li><li class=\"sitemap-item\"><a href=\"https:\/\/smart-arbeitsrecht.de\/tr\/gute-abfindung-nach-kuendigung-heute-noch-moeglich-neue-rechtsprechung\/\">Fesih sonras\u0131 iyi bir k\u0131dem tazminat\u0131 bug\u00fcn hala m\u00fcmk\u00fcn m\u00fc? Yeni i\u00e7tihat<\/a><\/li><li class=\"sitemap-item\"><a href=\"https:\/\/smart-arbeitsrecht.de\/tr\/kein-mitspracherecht-des-betriebsrats-bei-gehaltserhoehungen-fuer-freigestellte-mitglieder-bag-schafft-klarheit\/\">Serbest b\u0131rak\u0131lan \u00fcyelerin maa\u015f art\u0131\u015flar\u0131 konusunda i\u015f\u00e7i konseyinin s\u00f6z hakk\u0131 yok - Federal \u00c7al\u0131\u015fma Mahkemesi netlik sa\u011fl\u0131yor<\/a><\/li><li class=\"sitemap-item\"><a href=\"https:\/\/smart-arbeitsrecht.de\/tr\/lag-spricht-muslimin-agg-entschaedigung-zu-diskriminierung-durch-neutralitaetsvorgabe\/\">LAG, M\u00fcsl\u00fcman kad\u0131na AGG tazminat\u0131 verdi - tarafs\u0131zl\u0131k \u015fart\u0131 nedeniyle ayr\u0131mc\u0131l\u0131k<\/a><\/li><li class=\"sitemap-item\"><a href=\"https:\/\/smart-arbeitsrecht.de\/tr\/muss-der-kuendigungsgrund-im-kuendigungsschreiben-stehen\/\">Fesih yaz\u0131s\u0131nda fesih nedeninin belirtilmesi zorunlu mudur?<\/a><\/li><li class=\"sitemap-item\"><a href=\"https:\/\/smart-arbeitsrecht.de\/tr\/mutterschutz-und-elternzeit-im-ueberblick-was-eltern-wissen-sollten\/\">Annelik korumas\u0131 ve ebeveyn izni hakk\u0131nda genel bak\u0131\u015f: Ebeveynlerin bilmesi gerekenler<\/a><\/li><li class=\"sitemap-item\"><a href=\"https:\/\/smart-arbeitsrecht.de\/tr\/nebenjob-beim-pizzaservice-kein-anspruch-auf-verzugslohn-bei-ueberschreitung-der-zulaessigen-arbeitszeit\/\">Pizza da\u011f\u0131t\u0131m servisinde yar\u0131 zamanl\u0131 \u00e7al\u0131\u015fma: \u0130zin verilen \u00e7al\u0131\u015fma saatleri a\u015f\u0131ld\u0131\u011f\u0131nda gecikme \u00fccreti alma hakk\u0131 yoktur.<\/a><\/li><li class=\"sitemap-item\"><a href=\"https:\/\/smart-arbeitsrecht.de\/tr\/online-betriebsratswahl-ab-2026\/\">2026&#039;dan itibaren \u00e7evrimi\u00e7i i\u015f\u00e7i konseyi se\u00e7imleri? \u2013 \u015eu anda yasal olarak neler m\u00fcmk\u00fcn?<\/a><\/li><li class=\"sitemap-item\"><a href=\"https:\/\/smart-arbeitsrecht.de\/tr\/rechtssicher-zur-betriebsratswahl-2026-mit-anwaltlicher-begleitung-im-arbeitsrecht\/\">2026 y\u0131l\u0131 i\u015f\u00e7i konseyi se\u00e7imleri i\u00e7in yasalara uygunluk - i\u015f hukukunda hukuki destekle<\/a><\/li><li class=\"sitemap-item\"><a href=\"https:\/\/smart-arbeitsrecht.de\/tr\/rechtssicher-zur-betriebsratswahl-2026-mit-anwaltlicher-unterstuetzung-im-arbeitsrecht\/\">2026 \u0130\u015f Konseyi se\u00e7imleri i\u00e7in yasal g\u00fcvence - i\u015f hukuku konusunda hukuki destekle<\/a><\/li><li class=\"sitemap-item\"><a href=\"https:\/\/smart-arbeitsrecht.de\/tr\/restricted-stock-units-rsus-zeitgemaesse-form-der-leistungsabhaengigen-verguetung-fuer-vorstaende-und-mitarbeiter\/\">K\u0131s\u0131tl\u0131 Hisse Senedi Birimleri (RSU&#039;lar) \u2013 y\u00f6netim ve \u00e7al\u0131\u015fanlar i\u00e7in performansa dayal\u0131 tazminat\u0131n modern bir bi\u00e7imi<\/a><\/li><li class=\"sitemap-item\"><a href=\"https:\/\/smart-arbeitsrecht.de\/tr\/schwangerschaft-darf-der-arbeitgeber-kolleginnen-darueber-informieren\/\">Hamilelik: \u0130\u015fveren bunu meslekta\u015flar\u0131na bildirebilir mi?<\/a><\/li><li class=\"sitemap-item\"><a href=\"https:\/\/smart-arbeitsrecht.de\/tr\/sind-corona-testzeiten-verguetungspflichtige-arbeitszeit\/\">Korona test s\u00fcreleri \u00fccretli \u00e7al\u0131\u015fma saatleri midir?<\/a><\/li><li class=\"sitemap-item\"><a href=\"https:\/\/smart-arbeitsrecht.de\/tr\/so-koennen-arbeitnehmer-ihren-anwalt-fuer-arbeitsrecht-unterstuetzen\/\">\u00c7al\u0131\u015fanlar i\u015f hukuku avukatlar\u0131na nas\u0131l destek olabilir?<\/a><\/li><li class=\"sitemap-item\"><a href=\"https:\/\/smart-arbeitsrecht.de\/tr\/sonderzahlungen-und-praemien\/\">\u00d6zel \u00f6demeler ve bonuslar: Genel bak\u0131\u015f!<\/a><\/li><li class=\"sitemap-item\"><a href=\"https:\/\/smart-arbeitsrecht.de\/tr\/tantieme-im-arbeitsrecht-informationen-vom-anwalt-fuer-arbeitsrecht\/\">\u0130\u015f hukukunda ikramiyeler \u2013 bir i\u015f hukuku avukat\u0131ndan bilgi<\/a><\/li><li class=\"sitemap-item\"><a href=\"https:\/\/smart-arbeitsrecht.de\/tr\/virtuelle-mitarbeiterbeteiligung-vsop-rechtlich-sicher-gestalten-ihre-kanzlei-fuer-arbeitsrecht\/\">Yasal olarak g\u00fcvenli bir \u015fekilde Sanal \u00c7al\u0131\u015fan Kat\u0131l\u0131m Planlar\u0131 (VSOP) tasarlama \u2013 \u0130\u015f hukuku firman\u0131z<\/a><\/li><li class=\"sitemap-item\"><a href=\"https:\/\/smart-arbeitsrecht.de\/tr\/wenn-die-maschine-den-job-uebernimmt-ist-ki-ein-zulaessiger-kuendigungsgrund\/\">Makine i\u015fi devrald\u0131\u011f\u0131nda: Yapay zek\u00e2 i\u015ften \u00e7\u0131kar\u0131lma i\u00e7in ge\u00e7erli bir sebep midir?<\/a><\/li><li class=\"sitemap-item\"><a href=\"https:\/\/smart-arbeitsrecht.de\/tr\/wer-haftet-beim-einsatz-von-ki\/\">\u015eirketlerde yapay zek\u00e2 kullan\u0131ld\u0131\u011f\u0131nda sorumluluk kime aittir?<\/a><\/li><\/ul><\/div><\/div><br style=\"clear: both;\">","protected":false},"excerpt":{"rendered":"","protected":false},"author":1,"featured_media":0,"parent":0,"menu_order":0,"comment_status":"closed","ping_status":"closed","template":"","meta":{"footnotes":""},"class_list":["post-9021","page","type-page","status-publish","hentry"],"acf":[],"yoast_head":"<!-- This site is optimized with the Yoast SEO plugin v26.5 - https:\/\/yoast.com\/wordpress\/plugins\/seo\/ -->\n<title>Sitemap | Smart-Arbeitsrecht<\/title>\n<meta name=\"robots\" content=\"index, follow, max-snippet:-1, max-image-preview:large, max-video-preview:-1\" \/>\n<link rel=\"canonical\" href=\"https:\/\/smart-arbeitsrecht.de\/tr\/sitemap\/\" \/>\n<meta property=\"og:locale\" content=\"tr_TR\" \/>\n<meta property=\"og:type\" content=\"article\" \/>\n<meta property=\"og:title\" content=\"Sitemap | Smart-Arbeitsrecht\" \/>\n<meta property=\"og:url\" content=\"https:\/\/smart-arbeitsrecht.de\/tr\/sitemap\/\" \/>\n<meta property=\"og:site_name\" content=\"Smart-Arbeitsrecht\" \/>\n<meta property=\"article:modified_time\" content=\"2025-04-02T11:00:39+00:00\" \/>\n<meta name=\"twitter:card\" content=\"summary_large_image\" \/>\n<script type=\"application\/ld+json\" class=\"yoast-schema-graph\">{\"@context\":\"https:\/\/schema.org\",\"@graph\":[{\"@type\":\"WebPage\",\"@id\":\"https:\/\/smart-arbeitsrecht.de\/sitemap\/\",\"url\":\"https:\/\/smart-arbeitsrecht.de\/sitemap\/\",\"name\":\"Sitemap | Smart-Arbeitsrecht\",\"isPartOf\":{\"@id\":\"https:\/\/smart-arbeitsrecht.de\/#website\"},\"breadcrumb\":{\"@id\":\"https:\/\/smart-arbeitsrecht.de\/sitemap\/#breadcrumb\"},\"inLanguage\":\"tr\",\"potentialAction\":[{\"@type\":\"ReadAction\",\"target\":[\"https:\/\/smart-arbeitsrecht.de\/sitemap\/\"]}]},{\"@type\":\"BreadcrumbList\",\"@id\":\"https:\/\/smart-arbeitsrecht.de\/sitemap\/#breadcrumb\",\"itemListElement\":[{\"@type\":\"ListItem\",\"position\":1,\"name\":\"Startseite\",\"item\":\"https:\/\/smart-arbeitsrecht.de\/\"},{\"@type\":\"ListItem\",\"position\":2,\"name\":\"Sitemap\"}]},{\"@type\":\"WebSite\",\"@id\":\"https:\/\/smart-arbeitsrecht.de\/#website\",\"url\":\"https:\/\/smart-arbeitsrecht.de\/\",\"name\":\"Smart-Arbeitsrecht\",\"description\":\"Kanzlei f\u00fcr Arbeitsrecht\",\"potentialAction\":[{\"@type\":\"SearchAction\",\"target\":{\"@type\":\"EntryPoint\",\"urlTemplate\":\"https:\/\/smart-arbeitsrecht.de\/?s={search_term_string}\"},\"query-input\":{\"@type\":\"PropertyValueSpecification\",\"valueRequired\":true,\"valueName\":\"search_term_string\"}}],\"inLanguage\":\"tr\"}]}<\/script>\n<!-- \/ Yoast SEO plugin. -->","yoast_head_json":{"title":"Site Haritas\u0131 | Ak\u0131ll\u0131 \u0130\u015f Hukuku","robots":{"index":"index","follow":"follow","max-snippet":"max-snippet:-1","max-image-preview":"max-image-preview:large","max-video-preview":"max-video-preview:-1"},"canonical":"https:\/\/smart-arbeitsrecht.de\/tr\/sitemap\/","og_locale":"tr_TR","og_type":"article","og_title":"Sitemap | Smart-Arbeitsrecht","og_url":"https:\/\/smart-arbeitsrecht.de\/tr\/sitemap\/","og_site_name":"Smart-Arbeitsrecht","article_modified_time":"2025-04-02T11:00:39+00:00","twitter_card":"summary_large_image","schema":{"@context":"https:\/\/schema.org","@graph":[{"@type":"WebPage","@id":"https:\/\/smart-arbeitsrecht.de\/sitemap\/","url":"https:\/\/smart-arbeitsrecht.de\/sitemap\/","name":"Site Haritas\u0131 | Ak\u0131ll\u0131 \u0130\u015f Hukuku","isPartOf":{"@id":"https:\/\/smart-arbeitsrecht.de\/#website"},"breadcrumb":{"@id":"https:\/\/smart-arbeitsrecht.de\/sitemap\/#breadcrumb"},"inLanguage":"tr","potentialAction":[{"@type":"ReadAction","target":["https:\/\/smart-arbeitsrecht.de\/sitemap\/"]}]},{"@type":"BreadcrumbList","@id":"https:\/\/smart-arbeitsrecht.de\/sitemap\/#breadcrumb","itemListElement":[{"@type":"ListItem","position":1,"name":"Startseite","item":"https:\/\/smart-arbeitsrecht.de\/"},{"@type":"ListItem","position":2,"name":"Sitemap"}]},{"@type":"WebSite","@id":"https:\/\/smart-arbeitsrecht.de\/#website","url":"https:\/\/smart-arbeitsrecht.de\/","name":"Ak\u0131ll\u0131 i\u015f hukuku","description":"\u0130\u015f hukuku firmas\u0131","potentialAction":[{"@type":"SearchAction","target":{"@type":"EntryPoint","urlTemplate":"https:\/\/smart-arbeitsrecht.de\/?s={search_term_string}"},"query-input":{"@type":"PropertyValueSpecification","valueRequired":true,"valueName":"search_term_string"}}],"inLanguage":"tr"}]}},"_links":{"self":[{"href":"https:\/\/smart-arbeitsrecht.de\/tr\/wp-json\/wp\/v2\/pages\/9021","targetHints":{"allow":["GET"]}}],"collection":[{"href":"https:\/\/smart-arbeitsrecht.de\/tr\/wp-json\/wp\/v2\/pages"}],"about":[{"href":"https:\/\/smart-arbeitsrecht.de\/tr\/wp-json\/wp\/v2\/types\/page"}],"author":[{"embeddable":true,"href":"https:\/\/smart-arbeitsrecht.de\/tr\/wp-json\/wp\/v2\/users\/1"}],"replies":[{"embeddable":true,"href":"https:\/\/smart-arbeitsrecht.de\/tr\/wp-json\/wp\/v2\/comments?post=9021"}],"version-history":[{"count":2,"href":"https:\/\/smart-arbeitsrecht.de\/tr\/wp-json\/wp\/v2\/pages\/9021\/revisions"}],"predecessor-version":[{"id":9023,"href":"https:\/\/smart-arbeitsrecht.de\/tr\/wp-json\/wp\/v2\/pages\/9021\/revisions\/9023"}],"wp:attachment":[{"href":"https:\/\/smart-arbeitsrecht.de\/tr\/wp-json\/wp\/v2\/media?parent=9021"}],"curies":[{"name":"wp","href":"https:\/\/api.w.org\/{rel}","templated":true}]}}