{"id":9427,"date":"2025-07-02T08:33:15","date_gmt":"2025-07-02T06:33:15","guid":{"rendered":"https:\/\/smart-arbeitsrecht.de\/?page_id=9427"},"modified":"2025-07-02T08:33:15","modified_gmt":"2025-07-02T06:33:15","slug":"anwalt-abfindung-fuer-reinbek","status":"publish","type":"page","link":"https:\/\/smart-arbeitsrecht.de\/tr\/anwalt-abfindung-fuer-reinbek\/","title":{"rendered":"Reinbek&#039;te avukat k\u0131dem tazminat\u0131"},"content":{"rendered":"<div id=\"smart-column-block_5b4a3a76f644ac9cf7a63da662131250\" class=\"smart-column flex flex-col\">\n                                    <div class='mobile-even-row order-1 md:order-none' >\n                \n<div class=\"relative flex flex-wrap\">\r\n  <div class=\"relative w-full lg:w-1\/2 h-64 sm:h-72 md:h-96 lg:h-auto order-last lg:order-none\">\r\n    <picture>\r\n      <source srcset=\"\/wp-content\/webp-express\/webp-images\/uploads\/2024\/09\/Raphael_Lugowski_Hamza_Guelbas.jpg.webp\" type=\"image\/webp\" \/>\r\n      <source srcset=\"\/wp-content\/uploads\/2024\/09\/Raphael_Lugowski_Hamza_Guelbas.jpg\" type=\"image\/jpeg\" \/>\r\n      <img decoding=\"async\"\r\n        class=\"absolute object-cover w-full h-full\"\r\n        src=\"\/wp-content\/uploads\/2024\/09\/Raphael_Lugowski_Hamza_Guelbas.jpg\"\r\n        alt=\"Anwalt Abfindung f\u00fcr Reinbek - Ihre Experten f\u00fcr Arbeitsrecht Reinbek\"\r\n        style=\"object-position: 50% 30%\"\r\n      \/>\r\n    <\/picture>\r\n  <\/div>\r\n\r\n  <div class=\"w-full lg:w-1\/2 py-8 text-center lg:py-32 lg:text-left\" style=\"background-color: #f4f4f4\">\r\n    <div class=\"px-4 max-w-5xl mx-auto lg:mx-0 sm:px-8 xl:pl-16\">\r\n      <h1 class=\"text-4xl tracking-tight font-extrabold text-gray-900 sm:text-5xl md:text-6xl lg:text-5xl xl:text-6xl\">\r\n        <span class=\"block xl:inline\">Reinbek&#039;te bir avukatla k\u0131dem tazminat\u0131n\u0131 g\u00fcvence alt\u0131na al\u0131n<\/span>\r\n      <\/h1>\r\n      <span\r\n        class=\"block text-3xl tracking-tight font-extrabold sm:text-4xl md:text-5xl lg:text-4xl xl:text-5xl\"\r\n        style=\"color: #edc273\"\r\n        >Fesih halinde k\u0131dem tazminat\u0131 \u2013 <span style=\"color: #000\">Talepleriniz. Misyonumuz.<\/span><\/span>\r\n      <p class=\"mt-3 text-lg text-gray-500 sm:text-xl md:mt-5 md:max-w-3xl\">\r\n       \u0130ster fesih, ister fesih s\u00f6zle\u015fmesi olsun, size m\u00fcmk\u00fcn olan en iyi k\u0131dem tazminat\u0131 paketini sunaca\u011f\u0131z. Reinbek&#039;te uzmanla\u015fm\u0131\u015f bir i\u015f hukuku firmas\u0131 olarak, haklar\u0131n\u0131z\u0131 taktiksel, h\u0131zl\u0131 ve net bir stratejiyle savunaca\u011f\u0131z.\r\n      <\/p>\r\n      <div class=\"iconlist\">\r\n        <p class=\"p-4 font-bold text-xl\">\r\n         Adil bir k\u0131dem tazminat\u0131 istiyorsan\u0131z do\u011fru yerdesiniz.\r\n        <\/p>\r\n        <ul>\r\n          <li class=\"flex\">\r\n            <span class=\"fa fa-check mr-2 pt-1 text-green-500\"><\/span>K\u0131dem tazminat\u0131 bizim uzmanl\u0131k alan\u0131m\u0131zd\u0131r: \u00d6zellikle fesih ve fesih anla\u015fmalar\u0131na odaklan\u0131yoruz; sizin i\u00e7in m\u00fcmk\u00fcn olan en y\u00fcksek k\u0131dem tazminat\u0131n\u0131 elde etmeyi hedefliyoruz.\r\n          <\/li>\r\n          <li class=\"flex\">\r\n            <span class=\"fa fa-check mr-2 pt-1 text-green-500\"><\/span>Reinbek&#039;teki uzman avukatlar: G\u00fc\u00e7l\u00fc bir b\u00f6lgesel a\u011fa sahip deneyimli i\u015f hukuku uzmanlar\u0131ndan ki\u015fisel destek alacaks\u0131n\u0131z.\r\n          <\/li>\r\n          <li class=\"flex\">\r\n            <span class=\"fa fa-check mr-2 pt-1 text-green-500\"><\/span> Teori yerine pratik: Y\u00fczlerce k\u0131dem tazminat\u0131n\u0131 hassasiyetle ve hukuki bask\u0131yla hayata ge\u00e7irdik.\r\n          <\/li>\r\n          <li class=\"flex\">\r\n            <span class=\"fa fa-check mr-2 pt-1 text-green-500\"><\/span> \u00dccretsiz \u00e7ek: K\u0131dem tazminat\u0131n\u0131z\u0131n miktar\u0131 ve yasal se\u00e7enekleriniz hakk\u0131nda ba\u011flay\u0131c\u0131 olmayan bir ilk de\u011ferlendirme alacaks\u0131n\u0131z.\r\n          <\/li>\r\n          <li class=\"flex\">\r\n            <span class=\"fa fa-check mr-2 pt-1 text-green-500\"><\/span>Mevcut yasal koruma: Poli\u00e7enizi inceliyoruz ve sigorta \u015firketinizle t\u00fcm ileti\u015fimi y\u00f6netiyoruz.\r\n          <\/li>\r\n        <\/ul>\r\n      <\/div>\r\n      <div class=\"buttons-block flex flex-wrap justify-center mt-12\">\r\n        <a class=\"btn-cta mr-0 sm:mr-3\" href=\"tel:+4940524717830\"> <i class=\"fa fa-phone mr-2\"><\/i> Hemen aray\u0131n <\/a>\r\n        <a class=\"btn-cta mr-0 sm:mr-3\" href=\"\/tr\/kontakt\/\">\r\n          <i class=\"fa fa-envelope mr-2\"><\/i> \u00dccretsiz ilk de\u011ferlendirme<\/a\r\n>\r\n      <\/div>\r\n    <\/div>\r\n  <\/div>\r\n<\/div>            <\/div>\n                                <div class='order-2 md:order-none' >\n                \n<div class=\"smart-container logo\" >\n    \n    <div class=\"flex flex-wrap justify-around\">\n        \n                            \n                                                        <div >\n                        <div class=\"h-full  z-10\">\n                            <div class=\"h-full\">\n                                <img loading=\"lazy\" decoding=\"async\" src=\"\/wp-content\/uploads\/2021\/01\/logo_mitglied_arge_arbeitsrecht_1.jpg\" alt=\"Mitglied der Arbeitsgemeinschaft Arbeitsrecht\" width=\"300\" height=\"73\" class=\"alignnone size-full wp-image-2280\" \/>                            <\/div>\n                        <\/div>\n                    <\/div>\n                                                        <div >\n                        <div class=\"h-full  z-10\">\n                            <div class=\"h-full\">\n                                <img loading=\"lazy\" decoding=\"async\" class=\"alignnone size-full wp-image-859\" src=\"\/wp-content\/uploads\/2020\/05\/dav-mitglied.png\" alt=\"Mitglied im AnwaltVerein\" width=\"220\" height=\"80\" \/>                            <\/div>\n                        <\/div>\n                    <\/div>\n                                                        <div >\n                        <div class=\"h-full  z-10\">\n                            <div class=\"h-full\">\n                                <img loading=\"lazy\" decoding=\"async\" src=\"\/wp-content\/uploads\/2021\/02\/dav_fortbildungsbescheinigung.png\" alt=\"DAV Fortbildungsbescheinigung\" width=\"172\" height=\"80\" class=\"alignnone size-full wp-image-3374\" \/>                            <\/div>\n                        <\/div>\n                    <\/div>\n                \n                    \n        \n    <\/div>\n\n<\/div>\n            <\/div>\n                                <div class='mobile-even-row order-3 md:order-none' >\n                \n<div class=\"smart-container\" >\n            <h2 class=\"font-bold text-center\">K\u0131dem tazminat\u0131n\u0131z\u0131 hemen kontrol ettirin<\/h2>\n    \n    <div class=\"flex flex-wrap\">\n        \n                            \n                                                        <div class=\"text-center\">\n                        <div class=\"h-full  z-10\">\n                            <div class=\"h-full p-1\">\n                                \u015eimdi bir tane al\u0131n <strong>nitelikli ilk de\u011ferlendirme<\/strong> Tamamen \u00fccretsiz. Reinbek avukat\u0131n\u0131za, tazminat\u0131n\u0131z\u0131n miktar\u0131n\u0131 ger\u00e7ekten belirleyen bilgileri sa\u011flay\u0131n.                            <\/div>\n                        <\/div>\n                    <\/div>\n                                                        <div class=\"w-full lg:w-full\">\n                        <div class=\"h-full  z-10\">\n                            <div class=\"h-full p-1\">\n                                <div class=\"flex flex-col border-2 border-gray-300 bg-white p-4 mt-6\" style=\"min-height: 350px;\">\r\n    \n<div class=\"wpcf7 no-js\" id=\"wpcf7-f9190-o1\" lang=\"de-DE\" dir=\"ltr\" data-wpcf7-id=\"9190\">\n<div class=\"screen-reader-response\"><p role=\"status\" aria-live=\"polite\" aria-atomic=\"true\"><\/p> <ul><\/ul><\/div>\n<form action=\"\/tr\/wp-json\/wp\/v2\/pages\/9427#wpcf7-f9190-o1\" method=\"post\" class=\"wpcf7-form init\" aria-label=\"\u0130leti\u015fim formu\" enctype=\"multipart\/form-data\" novalidate=\"novalidate\" data-status=\"init\" data-trp-original-action=\"\/tr\/wp-json\/wp\/v2\/pages\/9427#wpcf7-f9190-o1\">\n<fieldset class=\"hidden-fields-container\"><input type=\"hidden\" name=\"_wpcf7\" value=\"9190\" \/><input type=\"hidden\" name=\"_wpcf7_version\" value=\"6.1.4\" \/><input type=\"hidden\" name=\"_wpcf7_locale\" value=\"de_DE\" \/><input type=\"hidden\" name=\"_wpcf7_unit_tag\" value=\"wpcf7-f9190-o1\" \/><input type=\"hidden\" name=\"_wpcf7_container_post\" value=\"0\" \/><input type=\"hidden\" name=\"_wpcf7_posted_data_hash\" value=\"\" \/>\n<\/fieldset>\n<div class=\"custom-contact-form max-w-3xl\">\n\t<div class=\"form-row\">\n\t\t<div class=\"form-field\">\n\t\t\t<p><span class=\"wpcf7-form-control-wrap\" data-name=\"vorname\"><input size=\"40\" maxlength=\"400\" class=\"wpcf7-form-control wpcf7-text wpcf7-validates-as-required\" aria-required=\"true\" aria-invalid=\"false\" placeholder=\"\u0130lk ad\u0131\" value=\"\" type=\"text\" name=\"vorname\" \/><\/span>\n\t\t\t<\/p>\n\t\t<\/div>\n\t\t<div class=\"form-field\">\n\t\t\t<p><span class=\"wpcf7-form-control-wrap\" data-name=\"nachname\"><input size=\"40\" maxlength=\"400\" class=\"wpcf7-form-control wpcf7-text wpcf7-validates-as-required\" aria-required=\"true\" aria-invalid=\"false\" placeholder=\"Soy isim\" value=\"\" type=\"text\" name=\"nachname\" \/><\/span>\n\t\t\t<\/p>\n\t\t<\/div>\n\t<\/div>\n\t<div class=\"form-row\">\n\t\t<div class=\"form-field\">\n\t\t\t<p><span class=\"wpcf7-form-control-wrap\" data-name=\"email\"><input size=\"40\" maxlength=\"400\" class=\"wpcf7-form-control wpcf7-email wpcf7-validates-as-required wpcf7-text wpcf7-validates-as-email\" aria-required=\"true\" aria-invalid=\"false\" placeholder=\"e-posta\" value=\"\" type=\"email\" name=\"email\" \/><\/span>\n\t\t\t<\/p>\n\t\t<\/div>\n\t\t<div class=\"form-field\">\n\t\t\t<p><span class=\"wpcf7-form-control-wrap\" data-name=\"telefon\"><input size=\"40\" maxlength=\"400\" class=\"wpcf7-form-control wpcf7-tel wpcf7-text wpcf7-validates-as-tel\" aria-invalid=\"false\" placeholder=\"telefon\" value=\"\" type=\"tel\" name=\"telefon\" \/><\/span>\n\t\t\t<\/p>\n\t\t<\/div>\n\t<\/div>\n\t<div class=\"form-row\">\n\t\t<div class=\"form-field full-width\">\n\t\t\t<p><span class=\"wpcf7-form-control-wrap\" data-name=\"nachricht\"><textarea cols=\"40\" rows=\"10\" maxlength=\"2000\" class=\"wpcf7-form-control wpcf7-textarea\" aria-invalid=\"false\" placeholder=\"Haberler\" name=\"nachricht\"><\/textarea><\/span>\n\t\t\t<\/p>\n\t\t<\/div>\n\t<\/div>\n\t<div class=\"form-row\">\n\t\t<div class=\"form-field full-width\">\n\t\t\t<p><span class=\"wpcf7-form-control-wrap\" data-name=\"file-upload\"><input size=\"40\" class=\"wpcf7-form-control wpcf7-file\" accept=\".doc,.zip,.pdf,.docx,.jpg,.png,.jpeg\" aria-invalid=\"false\" type=\"file\" name=\"file-upload\" \/><\/span>\n\t\t\t<\/p>\n\t\t<\/div>\n\t<\/div>\n\t<div class=\"form-row\">\n\t\t<div class=\"form-field full-width\">\n\t\t\t<p><span class=\"wpcf7-form-control-wrap\" data-name=\"Datenschutzerklaerung\"><span class=\"wpcf7-form-control wpcf7-acceptance\"><span class=\"wpcf7-list-item\"><label><input type=\"checkbox\" name=\"Datenschutzerklaerung\" value=\"1\" aria-invalid=\"false\" \/><span class=\"wpcf7-list-item-label\">Evet, bende var <a href='\/tr\/datenschutzerklaerung\/' target=\"_blank\">Gizlilik Politikas\u0131<\/a> Sorular\u0131ma cevap vermek ve spam sorular\u0131n\u0131 engellemek amac\u0131yla bilgilerimin ve verilerimin elektronik ortamda toplanmas\u0131n\u0131 ve saklanmas\u0131n\u0131 kabul ediyorum.<\/span><\/label><\/span><\/span><\/span>\n\t\t\t<\/p>\n\t\t<\/div>\n\t<\/div>\n\t<div class=\"form-row\">\n\t\t<div class=\"form-field\">\n\t\t\t<p><span class=\"wpcf7-form-control-wrap\" data-name=\"hcap-cf7\">\t\t<input\n\t\t\t\ttype=\"hidden\"\n\t\t\t\tclass=\"hcaptcha-widget-id\"\n\t\t\t\tname=\"hcaptcha-widget-id\"\n\t\t\t\tvalue=\"eyJzb3VyY2UiOlsiY29udGFjdC1mb3JtLTdcL3dwLWNvbnRhY3QtZm9ybS03LnBocCJdLCJmb3JtX2lkIjowfQ==-6780a14e3187365177e838f78815630e\">\n\t\t\t\t<span id=\"hcap_cf7-69f50b69dab5e9.13890042\" class=\"wpcf7-form-control h-captcha\"\n\t\t\tdata-sitekey=\"cd993280-bbb5-41ab-8590-7dd22ef48023\"\n\t\t\tdata-theme=\"light\"\n\t\t\tdata-size=\"normal\"\n\t\t\tdata-auto=\"false\"\n\t\t\tdata-ajax=\"false\"\n\t\t\tdata-force=\"false\">\n\t\t<\/span>\n\t\t<input type=\"hidden\" id=\"_wpnonce\" name=\"_wpnonce\" value=\"d0f899fa23\" \/><input type=\"hidden\" name=\"_wp_http_referer\" value=\"\/tr\/wp-json\/wp\/v2\/pages\/9427\" \/><\/span><input class=\"wpcf7-form-control wpcf7-submit has-spinner\" type=\"submit\" value=\"G\u00f6ndermek\" \/>\n\t\t\t<\/p>\n\t\t<\/div>\n\t<\/div>\n<\/div><div class=\"wpcf7-response-output\" aria-hidden=\"true\"><\/div>\n<input type=\"hidden\" name=\"trp-form-language\" value=\"tr\"\/><\/form>\n<\/div>\n\r\n    <div class=\"flex flex-wrap space-x-10 justify-center lg:justify-around md:mt-auto mt-2\">\r\n        <div class=\"flex items-center space-x-2 lg:space-x-3\">\r\n            <img decoding=\"async\" class=\"w-16 h-16 rounded-full lg:w-20 lg:h-20\" src=\"\/wp-content\/uploads\/2023\/05\/Raphael_Lugowski_K\u00fc\u00e7\u00fck Resim.jpeg\" alt=\"Raphael Lugowski\">\r\n            <div class=\"font-medium text-lg leading-6\">\r\n                <p class=\"font-bold m-0\">Raphael Lugowski<\/p>\r\n                <p class=\"text-sm m-0 text-gray-500\">\u0130\u015f hukuku konusunda uzman avukat<\/p>\r\n            <\/div>\r\n        <\/div>\r\n        <div class=\"flex items-center text-green-400\">\r\n            <div>\r\n                <i class=\"fa-shield\" style=\"line-height:4rem;font-size:2.5rem;\"><\/i>\r\n            <\/div>\r\n            <p class=\"ml-4 mb-0\">G\u00fcvenli ileti\u015fim<\/p>\r\n        <\/div>\r\n    <\/div>\r\n<\/div>                            <\/div>\n                        <\/div>\n                    <\/div>\n                \n                    \n        \n    <\/div>\n\n<\/div>\n            <\/div>\n                                <div class='order-4 md:order-none' >\n                \n<div class=\"smart-container\" >\n    \n    <div class=\"flex flex-wrap\">\n        \n                            \n                                                        <div class=\"p-2\">\n                        <div class=\"h-full  z-10  overflow-hidden\">\n                            <div class=\"h-full p-1\">\n                                <h2 class=\"font-bold text-center\">Reinbek&#039;te i\u015ften \u00e7\u0131kar\u0131lma sonras\u0131 k\u0131dem tazminat\u0131 i\u00e7in avukat\u0131n\u0131z<\/h2>\r\n<div class=\"relative z-10 text-base lg:max-w-5xl lg:pr-72\">\r\n  <p class=\"text-lg text-gray-500\"> Fesih sonras\u0131 adil bir k\u0131dem tazminat\u0131 m\u0131 istiyorsunuz? <a href=\"https:\/\/smart-arbeitsrecht.de\/tr\/\">Reinbek&#039;te i\u015f hukuku alan\u0131nda uzman avukatlar<\/a> Hak etti\u011finiz tazminat\u0131 alman\u0131z\u0131 sa\u011flayaca\u011f\u0131z. Se\u00e7eneklerinizi netle\u015ftirece\u011fiz, t\u00fcm ad\u0131mlar\u0131 y\u00f6netece\u011fiz ve k\u0131dem tazminat\u0131n\u0131z\u0131 alman\u0131z\u0131 sa\u011flayaca\u011f\u0131z.<\/p>\r\n<\/div>\r\n<div class=\"lg:grid lg:grid-cols-2 lg:gap-8 lg:items-start\">\r\n  <div class=\"relative z-10\">\r\n\r\n<h3 class=\"font-bold text-center\">Tazminat\u0131n\u0131z\u0131 s\u00fcrekli olarak uygular\u0131z<\/h3>\r\n<p>Fesih \u00e7o\u011fu zaman s\u00fcrpriz olabilir; ancak ayn\u0131 zamanda bir f\u0131rsatt\u0131r. K\u0131dem tazminat\u0131na hak kazan\u0131p kazanmad\u0131\u011f\u0131n\u0131z\u0131 kontrol edecek ve t\u00fcm ad\u0131mlar\u0131 sizin i\u00e7in y\u00f6netece\u011fiz: <strong>hukuki inceleme, dava a\u00e7ma, uzla\u015fma m\u00fczakereleri<\/strong>G\u00fc\u00e7l\u00fc bir hukuki temsil ve maksimum ba\u015far\u0131ya ula\u015fmaya odakl\u0131 net bir strateji alacaks\u0131n\u0131z.<\/p>\r\n\r\n<h3 class=\"font-bold text-center\">Siz karar verin \u2013 i\u015f veya k\u0131dem tazminat\u0131<\/h3>\r\n<p> Bir\u00e7ok m\u00fc\u015fteri eski i\u015fverenlerine geri d\u00f6nmek istemiyor; bunun yerine <strong>K\u0131dem tazminat\u0131 adil bir uzla\u015fmad\u0131r<\/strong>Di\u011ferleri i\u015flerini kurtarmak istiyor. Her ikisi de m\u00fcmk\u00fcn. Sizin i\u00e7in mant\u0131kl\u0131 olan hedefi belirlemek ve bunu taktiksel olarak uygulamak i\u00e7in sizinle birlikte \u00e7al\u0131\u015faca\u011f\u0131z.\r\n    <\/p><\/p>\r\n  <\/div>\r\n  <div class=\"mt-12 relative lg:mt-0 px-2\">\r\n    <svg class=\"absolute top-0 right-0 -mt-20 -mr-20 lg:top-auto lg:right-auto lg:bottom-1\/2 lg:left-1\/2 lg:mt-0 lg:mr-0 xl:top-0 xl:right-0 xl:-mt-20 xl:-mr-20\" width=\"404\" height=\"384\" fill=\"none\" viewbox=\"0 0 404 384\" aria-hidden=\"true\">\r\n      <defs>\r\n        <pattern id=\"pattern\" x=\"0\" y=\"0\" width=\"20\" height=\"20\" patternunits=\"userSpaceOnUse\">\r\n          <rect x=\"0\" y=\"0\" width=\"4\" height=\"4\" class=\"text-gray-200\" fill=\"currentColor\" \/>\r\n        <\/pattern>\r\n      <\/defs>\r\n      <rect width=\"404\" height=\"384\" fill=\"url(#pattern)\" \/>\r\n    <\/svg>\r\n    <blockquote class=\"relative bg-white shadow-lg\">\r\n      <div class=\"px-6 py-8 sm:px-10 sm:pt-10 sm:pb-8\">\r\n        <img loading=\"lazy\" decoding=\"async\" src=\"\/wp-content\/themes\/tailpress\/img\/smart_arbeitsrecht_logo_blau.svg\" alt=\"Smart Arbeitsrecht Logo\" width=\"120\" height=\"39\">\r\n        <div class=\"relative text-lg text-gray-700 font-medium mt-8\">\r\n          <svg class=\"absolute top-0 left-0 transform -translate-x-3 -translate-y-2 h-8 w-8 text-gray-200\" fill=\"currentColor\" viewbox=\"0 0 32 32\" aria-hidden=\"true\">\r\n            <path d=\"M9.352 4C4.456 7.456 1 13.12 1 19.36c0 5.088 3.072 8.064 6.624 8.064 3.36 0 5.856-2.688 5.856-5.856 0-3.168-2.208-5.472-5.088-5.472-.576 0-1.344.096-1.536.192.48-3.264 3.552-7.104 6.624-9.024L9.352 4zm16.512 0c-4.8 3.456-8.256 9.12-8.256 15.36 0 5.088 3.072 8.064 6.624 8.064 3.264 0 5.856-2.688 5.856-5.856 0-3.168-2.304-5.472-5.184-5.472-.576 0-1.248.096-1.44.192.48-3.264 3.456-7.104 6.528-9.024L25.864 4z\" \/>\r\n          <\/svg>\r\n          <p class=\"relative\">Adil bir k\u0131dem tazminat\u0131 paketi isteyen herkesin sadece yasaya de\u011fil, bir stratejiye de ihtiyac\u0131 vard\u0131r. \u0130\u015fte bu y\u00fczden, her haks\u0131z fesih davas\u0131nda m\u00fczakere pozisyonunuzu en \u00fcst d\u00fczeye \u00e7\u0131karmak i\u00e7in haz\u0131rl\u0131k yap\u0131yoruz. \u00c7\u00fcnk\u00fc yaln\u0131zca taktiksel olarak ak\u0131ll\u0131ca hareket edenler, hak ettikleri k\u0131dem tazminat\u0131n\u0131 alacakt\u0131r.\r\n        <\/div>\r\n      <\/div><cite class=\"relative flex items-center sm:items-start bg-primary not-italic py-5 px-6 sm:py-5 sm:pl-12 sm:pr-10 sm:mt-10\"><span class=\"block relative rounded-full border-2 border-white sm:absolute sm:top-0 sm:transform sm:-translate-y-1\/2\"><img decoding=\"async\" class=\"w-12 h-12 sm:w-20 sm:h-20 rounded-full\" src=\"\/wp-content\/uploads\/2023\/05\/Raphael_Lugowski_K\u00fc\u00e7\u00fck Resim.jpeg\" alt=\"Raphael Lugowski\"><\/span>\r\n        <span class=\"relative ml-4 font-semibold leading-6 sm:ml-24 sm:pl-1\"><span class=\"text-white font-semibold sm:inline\">Raphael Lugowski<\/span><\/span><\/cite><\/blockquote>\r\n  <\/div>\r\n<\/div>                            <\/div>\n                        <\/div>\n                    <\/div>\n                \n                    \n        \n    <\/div>\n\n<\/div>\n            <\/div>\n                                <div class='mobile-even-row order-5 md:order-none' >\n                \n<div class=\"smart-container\" >\n    \n    <div class=\"flex flex-wrap justify-center\">\n        \n                            \n                                                        <div class=\"w-full lg:w-1\/3 text-start\">\n                        <div class=\"h-full  z-10\">\n                            <div class=\"h-full\">\n                                <div class=\"flex flex-col h-full relative\">\r\n  <div class=\"absolute top-0 left-0 mt-3 ml-4 md:mt-5 md:ml-12\"> <svg xmlns=\"http:\/\/www.w3.org\/2000\/svg\" class=\"text-primary-light fill-current w-12 h-12 md:w-16 md:h-16 opacity-40\" viewbox=\"0 0 24 24\">\r\n      <path d=\"M6.5 10c-.223 0-.437.034-.65.065.069-.232.14-.468.254-.68.114-.308.292-.575.469-.844.148-.291.409-.488.601-.737.201-.242.475-.403.692-.604.213-.21.492-.315.714-.463.232-.133.434-.28.65-.35.208-.086.39-.16.539-.222.302-.125.474-.197.474-.197L9.758 4.03c0 0-.218.052-.597.144C8.97 4.222 8.737 4.278 8.472 4.345c-.271.05-.56.187-.882.312C7.272 4.799 6.904 4.895 6.562 5.123c-.344.218-.741.4-1.091.692C5.132 6.116 4.723 6.377 4.421 6.76c-.33.358-.656.734-.909 1.162C3.219 8.33 3.02 8.778 2.81 9.221c-.19.443-.343.896-.468 1.336-.237.882-.343 1.72-.384 2.437-.034.718-.014 1.315.028 1.747.015.204.043.402.063.539.017.109.025.168.025.168l.026-.006C2.535 17.474 4.338 19 6.5 19c2.485 0 4.5-2.015 4.5-4.5S8.985 10 6.5 10zM17.5 10c-.223 0-.437.034-.65.065.069-.232.14-.468.254-.68.114-.308.292-.575.469-.844.148-.291.409-.488.601-.737.201-.242.475-.403.692-.604.213-.21.492-.315.714-.463.232-.133.434-.28.65-.35.208-.086.39-.16.539-.222.302-.125.474-.197.474-.197L20.758 4.03c0 0-.218.052-.597.144-.191.048-.424.104-.689.171-.271.05-.56.187-.882.312-.317.143-.686.238-1.028.467-.344.218-.741.4-1.091.692-.339.301-.748.562-1.05.944-.33.358-.656.734-.909 1.162C14.219 8.33 14.02 8.778 13.81 9.221c-.19.443-.343.896-.468 1.336-.237.882-.343 1.72-.384 2.437-.034.718-.014 1.315.028 1.747.015.204.043.402.063.539.017.109.025.168.025.168l.026-.006C13.535 17.474 15.338 19 17.5 19c2.485 0 4.5-2.015 4.5-4.5S19.985 10 17.5 10z\"><\/path>\r\n    <\/svg><\/div>\r\n  <div class=\"h-full relative z-10\">\r\n    <div class=\"text-center px-6 md:px-16 pt-10 md:pt-14 text-l sm:text-xl\">\r\n      <p class=\"text-gray-600 serif font-normal italic\">\r\n   \u00c7ok yetkin ve \u00f6zverili bir dava deste\u011fi. Bay Lugowski, i\u015fverenle s\u00fcrekli ileti\u015fim halindeydi. Etkile\u015fim her zaman \u00e7ok keyifli ve bilgilendiriciydi. Benim i\u00e7in \u00e7ok iyi bir sonu\u00e7 elde etti.\r\n      <\/p>\r\n      <span class=\"text-center font-bold\">TK<\/span> <i class=\"fa-star text-yellow-400\"><\/i> <i class=\"fa-star text-yellow-400\"><\/i> <i class=\"fa-star text-yellow-400\"><\/i> <i class=\"fa-star text-yellow-400\"><\/i> <i class=\"fa-star text-yellow-400\"><\/i>\r\n    <\/div>\r\n  <\/div>\r\n<\/div>                            <\/div>\n                        <\/div>\n                    <\/div>\n                                                        <div class=\"w-full lg:w-1\/3 text-center\">\n                        <div class=\"h-full  z-10\">\n                            <div class=\"h-full\">\n                                <div class=\"flex flex-col h-full relative\">\r\n  <div class=\"absolute top-0 left-0 mt-3 ml-4 md:mt-5 md:ml-12\"> <svg xmlns=\"http:\/\/www.w3.org\/2000\/svg\" class=\"text-primary-light fill-current w-12 h-12 md:w-16 md:h-16 opacity-40\" viewbox=\"0 0 24 24\">\r\n      <path d=\"M6.5 10c-.223 0-.437.034-.65.065.069-.232.14-.468.254-.68.114-.308.292-.575.469-.844.148-.291.409-.488.601-.737.201-.242.475-.403.692-.604.213-.21.492-.315.714-.463.232-.133.434-.28.65-.35.208-.086.39-.16.539-.222.302-.125.474-.197.474-.197L9.758 4.03c0 0-.218.052-.597.144C8.97 4.222 8.737 4.278 8.472 4.345c-.271.05-.56.187-.882.312C7.272 4.799 6.904 4.895 6.562 5.123c-.344.218-.741.4-1.091.692C5.132 6.116 4.723 6.377 4.421 6.76c-.33.358-.656.734-.909 1.162C3.219 8.33 3.02 8.778 2.81 9.221c-.19.443-.343.896-.468 1.336-.237.882-.343 1.72-.384 2.437-.034.718-.014 1.315.028 1.747.015.204.043.402.063.539.017.109.025.168.025.168l.026-.006C2.535 17.474 4.338 19 6.5 19c2.485 0 4.5-2.015 4.5-4.5S8.985 10 6.5 10zM17.5 10c-.223 0-.437.034-.65.065.069-.232.14-.468.254-.68.114-.308.292-.575.469-.844.148-.291.409-.488.601-.737.201-.242.475-.403.692-.604.213-.21.492-.315.714-.463.232-.133.434-.28.65-.35.208-.086.39-.16.539-.222.302-.125.474-.197.474-.197L20.758 4.03c0 0-.218.052-.597.144-.191.048-.424.104-.689.171-.271.05-.56.187-.882.312-.317.143-.686.238-1.028.467-.344.218-.741.4-1.091.692-.339.301-.748.562-1.05.944-.33.358-.656.734-.909 1.162C14.219 8.33 14.02 8.778 13.81 9.221c-.19.443-.343.896-.468 1.336-.237.882-.343 1.72-.384 2.437-.034.718-.014 1.315.028 1.747.015.204.043.402.063.539.017.109.025.168.025.168l.026-.006C13.535 17.474 15.338 19 17.5 19c2.485 0 4.5-2.015 4.5-4.5S19.985 10 17.5 10z\"><\/path>\r\n    <\/svg><\/div>\r\n  <div class=\"h-full relative z-10\">\r\n    <div class=\"text-center px-6 md:px-16 pt-10 md:pt-14 text-l sm:text-xl\">\r\n      <p class=\"text-gray-600 serif font-normal italic\"> Hamburglu avukat Lugowski, zorlu ko\u015fullara ra\u011fmen bu davada bekledi\u011fimden fazlas\u0131n\u0131 ba\u015fard\u0131. Bu davan\u0131n son derece profesyonel ve \u015feffaf bir \u015fekilde y\u00fcr\u00fct\u00fclmesinden dolay\u0131 i\u00e7tenlikle minnettarl\u0131\u011f\u0131m\u0131 ifade etmek isterim. \r\n      <\/p>\r\n      <span class=\"text-center font-bold\">TK<\/span> <i class=\"fa-star text-yellow-400\"><\/i> <i class=\"fa-star text-yellow-400\"><\/i> <i class=\"fa-star text-yellow-400\"><\/i> <i class=\"fa-star text-yellow-400\"><\/i> <i class=\"fa-star text-yellow-400\"><\/i>\r\n    <\/div>\r\n  <\/div>\r\n<\/div>                            <\/div>\n                        <\/div>\n                    <\/div>\n                                                        <div class=\"w-full lg:w-1\/3 text-end\">\n                        <div class=\"h-full  z-10\">\n                            <div class=\"h-full\">\n                                <div class=\"flex flex-col h-full relative\">\r\n  <div class=\"absolute top-0 left-0 mt-3 ml-4 md:mt-5 md:ml-12\"> <svg xmlns=\"http:\/\/www.w3.org\/2000\/svg\" class=\"text-primary-light fill-current w-12 h-12 md:w-16 md:h-16 opacity-40\" viewbox=\"0 0 24 24\">\r\n      <path d=\"M6.5 10c-.223 0-.437.034-.65.065.069-.232.14-.468.254-.68.114-.308.292-.575.469-.844.148-.291.409-.488.601-.737.201-.242.475-.403.692-.604.213-.21.492-.315.714-.463.232-.133.434-.28.65-.35.208-.086.39-.16.539-.222.302-.125.474-.197.474-.197L9.758 4.03c0 0-.218.052-.597.144C8.97 4.222 8.737 4.278 8.472 4.345c-.271.05-.56.187-.882.312C7.272 4.799 6.904 4.895 6.562 5.123c-.344.218-.741.4-1.091.692C5.132 6.116 4.723 6.377 4.421 6.76c-.33.358-.656.734-.909 1.162C3.219 8.33 3.02 8.778 2.81 9.221c-.19.443-.343.896-.468 1.336-.237.882-.343 1.72-.384 2.437-.034.718-.014 1.315.028 1.747.015.204.043.402.063.539.017.109.025.168.025.168l.026-.006C2.535 17.474 4.338 19 6.5 19c2.485 0 4.5-2.015 4.5-4.5S8.985 10 6.5 10zM17.5 10c-.223 0-.437.034-.65.065.069-.232.14-.468.254-.68.114-.308.292-.575.469-.844.148-.291.409-.488.601-.737.201-.242.475-.403.692-.604.213-.21.492-.315.714-.463.232-.133.434-.28.65-.35.208-.086.39-.16.539-.222.302-.125.474-.197.474-.197L20.758 4.03c0 0-.218.052-.597.144-.191.048-.424.104-.689.171-.271.05-.56.187-.882.312-.317.143-.686.238-1.028.467-.344.218-.741.4-1.091.692-.339.301-.748.562-1.05.944-.33.358-.656.734-.909 1.162C14.219 8.33 14.02 8.778 13.81 9.221c-.19.443-.343.896-.468 1.336-.237.882-.343 1.72-.384 2.437-.034.718-.014 1.315.028 1.747.015.204.043.402.063.539.017.109.025.168.025.168l.026-.006C13.535 17.474 15.338 19 17.5 19c2.485 0 4.5-2.015 4.5-4.5S19.985 10 17.5 10z\"><\/path>\r\n    <\/svg><\/div>\r\n  <div class=\"h-full relative z-10\">\r\n    <div class=\"text-center px-6 md:px-16 pt-10 md:pt-14 text-l sm:text-xl\">\r\n      <p class=\"text-gray-600 serif font-normal italic\">\r\n       Bay Lugowski, Hamburg&#039;da ger\u00e7ekten harika bir avukat. \u0130\u015fverenimdeki olduk\u00e7a karma\u015f\u0131k bir davada bana yard\u0131mc\u0131 oldu ve ba\u015flang\u0131\u00e7ta teklif edilenden \u00e7ok daha y\u00fcksek bir k\u0131dem tazminat\u0131 paketi almay\u0131 ba\u015fard\u0131.\r\n      <\/p>\r\n      <span class=\"text-center font-bold\">EA<\/span> <i class=\"fa-star text-yellow-400\"><\/i> <i class=\"fa-star text-yellow-400\"><\/i> <i class=\"fa-star text-yellow-400\"><\/i> <i class=\"fa-star text-yellow-400\"><\/i> <i class=\"fa-star text-yellow-400\"><\/i>\r\n    <\/div>\r\n  <\/div>\r\n<\/div>                            <\/div>\n                        <\/div>\n                    <\/div>\n                \n                    \n        \n    <\/div>\n\n<\/div>\n            <\/div>\n                                <div class='order-6 md:order-none' >\n                \n<div class=\"smart-container\" >\n    \n    <div class=\"flex flex-wrap\">\n        \n                            \n                                                        <div class=\"w-full lg:w-5\/12 py-1\">\n                        <div class=\"h-full  hasBorder z-10\" style=\"border: 5px solid #5E5E5E;\">\n                            <div class=\"h-full p-6\">\n                                <div class=\"iconlist flex flex-col justify-center h-full\">\r\n<h3>K\u0131dem tazminat\u0131: Bir\u00e7ok \u00e7al\u0131\u015fan pazarl\u0131k yapm\u0131yor ve \u00e7ok para kaybediyor<\/h3>\r\n<p>Fesih sonras\u0131 dava a\u00e7an veya pazarl\u0131k yapanlar\u0131n oran\u0131 yaln\u0131zca civar\u0131ndad\u0131r. Bu maliyetli bir hatad\u0131r, \u00e7\u00fcnk\u00fc <strong>her saniye sonland\u0131rma<\/strong> hukuki zaaflar\u0131 var.<\/p>\r\n<ul class=\"text-lg flex justify-center\"><li class=\"flex\"><i class=\"text-2xl fa fa-close mr-3 pt-1\"><\/i><p>\u015eikayet etmeden var <strong>k\u0131dem tazminat\u0131 yok<\/strong> \u2013 istatistiksel olarak bu ihtimal y\u00fcksek olsa da.<\/p><\/li><li class=\"flex\"><i class=\"text-2xl fa fa-close mr-3 pt-1\"><\/i><p>Fesih ge\u00e7ersiz olsa bile i\u015f ili\u015fkisi yorum yap\u0131lmaks\u0131z\u0131n sona erer.<\/p><\/li><li class=\"flex\"><i class=\"text-2xl fa fa-close mr-3 pt-1\"><\/i><p>Bir anla\u015fmazl\u0131k <strong>iyi bir istihdam referans\u0131<\/strong> daha sonraya ertelendi \u2013 k\u00f6t\u00fc bir ba\u015flang\u0131\u00e7 pozisyonuyla.<\/p><\/li><li class=\"flex\"><i class=\"text-2xl fa fa-close mr-3 pt-1\"><\/i><p>Bildirim yap\u0131lmaks\u0131z\u0131n fesih halinde, <strong>\u0130\u015fsizlik \u00f6dene\u011fi i\u00e7in bekleme s\u00fcresi<\/strong>.<\/p><\/li><\/ul>\r\n<p><em class=\"text-sm\">*Hans B\u00f6ckler Vakf\u0131 \u2013 B\u00f6ckler Impulse, Say\u0131 19\/2008<\/em><\/p>\r\n<\/div>                            <\/div>\n                        <\/div>\n                    <\/div>\n                                                        <div class=\"w-full lg:w-2\/12 self-center text-center py-1 hidden lg:block\">\n                        <div class=\"h-full  z-10\">\n                            <div class=\"h-full p-6\">\n                                <p>Ayn\u0131 hatay\u0131 yapmay\u0131n\r\n<i class=\"fa-long-arrow-right grey_blue_arrow\" style=\"font-size: 90px;\"><\/i>\r\n<\/p>                            <\/div>\n                        <\/div>\n                    <\/div>\n                                                        <div class=\"w-full lg:w-5\/12 py-1\">\n                        <div class=\"h-full  hasBorder gradient-border blue-gradient z-10\">\n                            <div class=\"h-full p-6\">\n                                <div class=\"iconlist flex flex-col justify-center h-full\">\r\n<h3 class=\"pb-2\" style=\"text-align: center;\">Sizin i\u00e7in bundan maksimum verimi al\u0131yoruz<\/h3>\r\n<ul class=\"text-lg flex justify-center\">\r\n \t<li class=\"flex pb-4\"><i class=\"text-2xl fa fa-eur mr-3 pt-1\"><\/i><p>Biz bir m\u00fczakere y\u00fcr\u00fct\u00fcyoruz <strong>uygun k\u0131dem tazminat\u0131<\/strong>, maa\u015f ve hizmet s\u00fcresine g\u00f6re.<\/p><\/li>\r\n \t<li class=\"flex pb-4\"><i class=\"text-2xl fa-hourglass-end mr-3 pt-1\"><\/i>\u0130hbar s\u00fcresinde izin \u2013 Maa\u015f kayb\u0131 ya\u015famadan i\u015f arama zaman\u0131.<\/li>\r\n \t<li class=\"flex pb-4\"><i class=\"text-2xl fa fa-life-ring mr-3 pt-1\"><\/i><p>Tasar\u0131m olmadan <strong>\u0130\u015fsizlik \u00f6dene\u011fi i\u00e7in bekleme s\u00fcresi<\/strong>.<\/p><\/li>\r\n<li class=\"flex pb-4\"><i class=\"text-2xl fa-shield mr-3 pt-1\"><\/i><p>\u0130stenirse: <strong>S\u00fcrekli istihdam<\/strong> Ayr\u0131l\u0131k yerine.<\/p><\/li>\r\n \t<li class=\"flex pb-4\"><i class=\"text-2xl fa fa-file-text-o mr-3 pt-1\"><\/i><p>Ba\u011flay\u0131c\u0131, \u00e7ok iyi <strong>\u0130stihdam referans\u0131<\/strong> Bir sonraki ba\u015fvurunuz i\u00e7in.<\/p><\/li>\r\n<\/ul>\r\n<\/div>                            <\/div>\n                        <\/div>\n                    <\/div>\n                \n                    \n        \n    <\/div>\n\n<\/div>\n            <\/div>\n                                <div class='mobile-even-row order-7 md:order-none' >\n                \n<div class=\"smart-container\" >\n    \n    <div class=\"flex flex-wrap\">\n        \n                            \n                                                        <div class=\"w-full lg:w-full\">\n                        <div class=\"h-full  z-10\">\n                            <div class=\"h-full\">\n                                <div class=\"lg:flex lg:items-center lg:justify-between\"><p class=\"text-3xl font-extrabold tracking-tight text-gray-900 sm:text-4xl\"><span class=\"block\">K\u0131dem tazminat\u0131n\u0131n \u00fccretsiz ilk de\u011ferlendirmesi.<\/span><span class=\"block text-primary-light\">Hukuken ge\u00e7erli. A\u00e7\u0131k\u00e7a iletilmi\u015f.<\/span><\/p><div class=\"buttons-block flex flex-wrap justify-center mt-3\"><a class=\"btn-cta mr-3 mt-0 lg:mt-3 xl:mt-0\" href=\"tel:+4940524717830\"><i class=\"fa fa-phone mr-2\"><\/i>Hemen aray\u0131n<\/a><a class=\"btn-cta mr-3 mt-0 lg:mt-3 xl:mt-0\" href=\"\/tr\/kontakt\/\"><i class=\"fa fa-envelope mr-2\"><\/i>Davay\u0131 a\u00e7\u0131klay\u0131n<\/a><\/div><\/div>                            <\/div>\n                        <\/div>\n                    <\/div>\n                \n                    \n        \n    <\/div>\n\n<\/div>\n            <\/div>\n                                <div class='order-8 md:order-none' >\n                \n<div class=\"smart-container\" >\n            <h2 class=\"font-bold text-center\">\u201c\u0130\u015f akdinizin feshedilmesine itiraz edece\u011fiz ve k\u0131dem tazminat\u0131 alma yollar\u0131n\u0131 g\u00f6sterece\u011fiz.\u201d<\/h2>\n    \n    <div class=\"flex flex-wrap\">\n        \n                            \n                                                        <div >\n                        <div class=\"h-full  z-10\">\n                            <div class=\"h-full\">\n                                <div class=\"relative overflow-hidden\">\r\n  <svg\r\n    class=\"hidden xl:block absolute top-0 right-0 -mt-20 -mr-20\"\r\n    width=\"300\"\r\n    height=\"600\"\r\n    fill=\"none\"\r\n    viewbox=\"0 0 300 600\"\r\n    aria-hidden=\"true\"\r\n  >\r\n    <defs>\r\n      <pattern\r\n        id=\"pattern_1\"\r\n        x=\"0\"\r\n        y=\"0\"\r\n        width=\"20\"\r\n        height=\"20\"\r\n        patternunits=\"userSpaceOnUse\"\r\n      >\r\n        <rect x=\"0\" y=\"0\" width=\"4\" height=\"4\" class=\"text-gray-200\" fill=\"currentColor\" \/>\r\n      <\/pattern>\r\n    <\/defs>\r\n    <rect width=\"400\" height=\"600\" fill=\"url(#pattern_1)\" \/>\r\n  <\/svg>\r\n  <svg\r\n    class=\"hidden xl:block absolute bottom-0 left-0 -mb-20 -ml-20\"\r\n    width=\"300\"\r\n    height=\"500\"\r\n    fill=\"none\"\r\n    viewbox=\"0 0 300 500\"\r\n    aria-hidden=\"true\"\r\n  >\r\n    <defs>\r\n      <pattern\r\n        id=\"pattern_2\"\r\n        x=\"0\"\r\n        y=\"0\"\r\n        width=\"20\"\r\n        height=\"20\"\r\n        patternunits=\"userSpaceOnUse\"\r\n      >\r\n        <rect x=\"0\" y=\"0\" width=\"4\" height=\"4\" class=\"text-gray-200\" fill=\"currentColor\" \/>\r\n      <\/pattern>\r\n    <\/defs>\r\n    <rect width=\"400\" height=\"500\" fill=\"url(#pattern_2)\" \/>\r\n  <\/svg>\r\n  <div class=\"relative\">\r\n    <p class=\"max-w-3xl mx-auto text-center text-xl text-gray-500\">\r\n      Hamburg&#039;daki uzman i\u015f hukuku avukatlar\u0131 Hamza G\u00fclbas ve Raphael Lugowski burada yaz\u0131yor. \u0130\u015ften \u00e7\u0131kar\u0131lman\u0131za kar\u015f\u0131 stratejik ve sa\u011flam bir yakla\u015f\u0131mla sizi temsil ediyoruz; her zaman \u015fu hedefle: <strong>bundan sizin i\u00e7in maksimum fayday\u0131 sa\u011flamak<\/strong>ister i\u015fe geri d\u00f6nerek isterse <strong>adil tazminat<\/strong>.\r\n    <\/p>\r\n  <\/div>\r\n  <div class=\"flex flex-col-reverse lg:block relative mt-6 lg:mt-12 lg:grid lg:grid-cols-2 lg:gap-2 lg:items-center justify-items-center\">\r\n   <div class=\"relative\">\r\n  <p class=\"mt-3\">\r\n    Ba\u015far\u0131l\u0131 bir giri\u015fimin anahtar\u0131 <strong>Fesih sonras\u0131 k\u0131dem tazminat\u0131<\/strong>? A\u00e7\u0131k\u00e7a: <strong>Deneyim, beceri ve strateji<\/strong>\u0130\u015fverenlerle d\u00fczenli olarak m\u00fczakerelerde bulunuyoruz; \u00e7o\u011funlukla i\u015f\u00e7i konseyleri, sosyal tazminat planlar\u0131 ve b\u00fcy\u00fck miktarda tazminat i\u00e7eren karma\u015f\u0131k durumlarda.\r\n  <\/p>\r\n  <p>\r\n    \u0130\u015fte bu y\u00fczden biliyoruz ki: A <strong>dikkatli haz\u0131rl\u0131k<\/strong> ve hassas m\u00fczakere becerileri \u00e7ok \u00f6nemlidir. Sadece <strong>k\u0131dem tazminat\u0131n\u0131 stratejik olarak<\/strong>, sonunda hak etti\u011fini bulacakt\u0131r.\r\n  <\/p>\r\n  <p>\r\n    Bizim temelimiz? <strong>Sa\u011flam i\u015f hukuku<\/strong> ve g\u00fcncel i\u00e7tihatlar. \u0130lgili kararlara a\u015finay\u0131z ve stratejimizi sizin bireysel davan\u0131za g\u00f6re uyarl\u0131yoruz. Bu sayede, taviz vermeden k\u0131dem tazminat\u0131n\u0131z i\u00e7in en iyi ko\u015fullar\u0131 yarat\u0131yoruz.\r\n  <\/p>\r\n<\/div>\r\n\r\n\r\n    <div class=\"my-6 relative lg:my-0\" aria-hidden=\"true\">\r\n      <video id=\"walking-video\" width=\"600\" height=\"400\" muted playsinline poster=\"\/wp-content\/uploads\/2024\/10\/Raphael_Hamza_gehend_poster.jpg\">\r\n        <source data-src=\"\/wp-content\/uploads\/2024\/10\/Raphael_Hamza_gehend_480p.mp4\" type=\"video\/mp4\">\r\n        Taray\u0131c\u0131n\u0131z HTML videolar\u0131n\u0131 desteklemiyor.\r\n      <\/video>\r\n    <\/div>\r\n  <\/div>\r\n  <div\r\n    class=\"lg:block relative mt-6 lg:mt-12 lg:grid lg:grid-cols-2 lg:gap-2 lg:items-center justify-items-center\"\r\n  \r\n  >\r\n    <div class=\"my-6 relative lg:my-0\">\r\n      <img loading=\"lazy\" decoding=\"async\"\r\n        src=\"\/wp-content\/uploads\/2023\/02\/Smart_Arbeitsrecht_Kanzlei_Alsterufer.jpg\"\r\n        alt=\"Smart Arbeitsrecht Kanzlei an der Alsterufer\"\r\n        width=\"600\"\r\n        height=\"338\"\r\n        class=\"relative mx-auto size-full wp-image-6484\"\r\n      \/>\r\n    <\/div>\r\n    <div>\r\n       <p class=\"mt-3\">\r\n    Hedeflerinize dayanarak, bir <strong>bireysel m\u00fczakere stratejisi<\/strong> K\u0131dem tazminat\u0131n\u0131z i\u00e7in. Fesih s\u00fcrecinizi detayl\u0131 bir \u015fekilde analiz ediyor, hedef odakl\u0131 yaz\u0131l\u0131 a\u00e7\u0131klamalarla bask\u0131y\u0131 art\u0131r\u0131yor ve m\u00fczakere pozisyonunuzu g\u00fc\u00e7lendirmek i\u00e7in her f\u0131rsat\u0131 de\u011ferlendiriyoruz.\r\n  <\/p>\r\n  <p>\r\n    Biz sizi temsil ediyoruz <strong>mali \u00e7\u0131karlar s\u00fcrekli olarak<\/strong> ve yaln\u0131zca \u015fartlar ger\u00e7ekten adilse bir anla\u015fmaya var\u0131r\u0131z. Siz tonu belirleyin - biz size yasal sonu\u00e7lar\u0131n ne oldu\u011funu a\u00e7\u0131k ve d\u00fcr\u00fcst bir \u015fekilde s\u00f6yleriz.\r\n  <\/p>\r\n  <p>\r\n    L\u00fctfen bizimle ileti\u015fime ge\u00e7mekten \u00e7ekinmeyin; gizli bir g\u00f6r\u00fc\u015fmede, m\u00fcmk\u00fcn olan en iyi k\u0131dem tazminat\u0131 paketini elde etmenizde size nas\u0131l destek olabilece\u011fimizi a\u00e7\u0131kl\u0131\u011fa kavu\u015fturaca\u011f\u0131z.\r\n  <\/p>\r\n      <img loading=\"lazy\" decoding=\"async\"\r\n        src=\"\/wp-content\/uploads\/2022\/01\/Unterschrift.png\"\r\n        alt=\"\"\r\n        width=\"223\"\r\n        height=\"62\"\r\n        class=\"alignnone size-full wp-image-5905 mt-2\"\r\n      \/>\r\n    <\/div>\r\n  <\/div>\r\n<\/div>\r\n                            <\/div>\n                        <\/div>\n                    <\/div>\n                \n                    \n        \n    <\/div>\n\n<\/div>\n            <\/div>\n                                <div class='mobile-even-row order-9 md:order-none' >\n                \n<div class=\"smart-container\" >\n            <h2 class=\"font-bold text-center\">K\u0131dem tazminat\u0131n\u0131z\u0131 g\u00fcvence alt\u0131na al\u0131n. Bizimle \u00e7al\u0131\u015fman\u0131n avantajlar\u0131 \u015funlard\u0131r:<\/h2>\n    \n    <div class=\"flex flex-wrap justify-center\">\n        \n                            \n                                                        <div >\n                        <div class=\"h-full  z-10\">\n                            <div class=\"h-full\">\n                                <section class=\"relative z-10 mt-10\">\r\n  <div class=\"grid grid-cols-1 gap-y-20 lg:grid-cols-3 lg:gap-y-0 lg:gap-x-8\">\r\n    <div class=\"flex flex-col bg-white shadow-xl\">\r\n      <div class=\"flex-1 relative pt-16 px-6 pb-8 md:px-8\">\r\n        <div class=\"absolute top-0 p-5 inline-block bg-primary text-white shadow-lg transform -translate-y-1\/2\">\r\n          <i class=\"text-2xl fa-drink\"><\/i>\r\n        <\/div>\r\n        <h3 class=\"text-xl font-medium text-gray-900\">Stres yerine adil k\u0131dem tazminat\u0131<\/h3>\r\n        <p class=\"mt-4 text-base text-gray-500\">T\u00fcm yasal ad\u0131mlar\u0131 biz y\u00f6netiyoruz, b\u00f6ylece siz rahatlay\u0131n. Net bir plan ve sa\u011flam bir m\u00fczakere stratejisiyle sizin i\u00e7in m\u00fcmk\u00fcn olan en iyi sonucu elde edece\u011fiz.<\/p>\r\n      <\/div>\r\n    <\/div>\r\n\r\n    <div class=\"flex flex-col bg-white shadow-xl\">\r\n      <div class=\"flex-1 relative pt-16 px-6 pb-8 md:px-8\">\r\n        <div class=\"absolute top-0 p-5 inline-block bg-primary text-white shadow-lg transform -translate-y-1\/2\">\r\n          <i class=\"text-2xl fa-map-signs\"><\/i>\r\n        <\/div>\r\n        <h3 class=\"text-xl font-medium text-gray-900\">K\u0131dem tazminat\u0131 veya istihdam\u0131n devam\u0131<\/h3>\r\n        <p class=\"mt-4 text-base text-gray-500\"> Siz karar verin: \u0130\u015fe geri d\u00f6nmek mi istiyorsunuz yoksa k\u0131dem tazminat\u0131 m\u0131 tercih edersiniz? \u0130stedi\u011finiz sonuca ula\u015fmak i\u00e7in kararl\u0131l\u0131kla ve m\u00fczakere becerilerimizle elimizden gelen her \u015feyi yapaca\u011f\u0131z.<\/p>\r\n      <\/div>\r\n\r\n    <\/div>\r\n    <div class=\"flex flex-col bg-white shadow-xl\">\r\n      <div class=\"flex-1 relative pt-16 px-6 pb-8 md:px-8\">\r\n        <div class=\"absolute top-0 p-5 inline-block bg-primary text-white shadow-lg transform -translate-y-1\/2\">\r\n          <i class=\"text-2xl fa-check-square-o\"><\/i>\r\n        <\/div>\r\n        <h3 class=\"text-xl font-medium text-gray-900\">\u00dccretsiz ilk de\u011ferlendirme<\/h3>\r\n        <p class=\"mt-4 text-base text-gray-500\">Hi\u00e7bir risk yok: Fesih ve k\u0131dem tazminat\u0131 se\u00e7eneklerinizi \u00fccretsiz olarak inceleyece\u011fiz. Bu sayede, ne kadar tazminat alabilece\u011finizi ve al\u0131p alamayaca\u011f\u0131n\u0131z\u0131 h\u0131zl\u0131ca \u00f6\u011freneceksiniz.<\/p>\r\n      <\/div>\r\n    <\/div><\/div>\r\n<\/section>                            <\/div>\n                        <\/div>\n                    <\/div>\n                \n                    \n        \n    <\/div>\n\n<\/div>\n            <\/div>\n                                <div class='order-10 md:order-none' >\n                \n<div class=\"smart-container\" >\n            <h2 class=\"font-bold text-center\">Reinbek&#039;te k\u0131dem tazminat\u0131 avukat\u0131 \u2013 k\u0131dem tazminat\u0131 m\u00fczakerelerinde uzman\u0131n\u0131z<\/h2>\n    \n    <div class=\"flex flex-wrap\">\n        \n                            \n                                                        <div class=\"w-full lg:w-1\/3 text-center\">\n                        <div class=\"h-full  z-10\">\n                            <div class=\"h-full p-1\">\n                                <figure id=\"attachment_6770\" aria-describedby=\"caption-attachment-6770\" style=\"width: 440px\" class=\"wp-caption alignnone\"><img loading=\"lazy\" decoding=\"async\" src=\"\/wp-content\/uploads\/2023\/04\/Raphael_Lugowski_rechts_blickend_gehend.jpg\" alt=\"Raphael Lugowski mit jahrelanger Erfahrung im Arbeitsrecht\" width=\"440\" height=\"457\" class=\"size-full wp-image-6770\" srcset=\"https:\/\/smart-arbeitsrecht.de\/wp-content\/uploads\/2023\/04\/Raphael_Lugowski_rechts_blickend_gehend.jpg 440w, https:\/\/smart-arbeitsrecht.de\/wp-content\/uploads\/2023\/04\/Raphael_Lugowski_rechts_blickend_gehend-289x300.jpg 289w\" sizes=\"auto, (max-width: 440px) 100vw, 440px\" \/><figcaption id=\"caption-attachment-6770\" class=\"wp-caption-text\">Raphael Lugowski, i\u015f hukuku konusunda uzmanla\u015fm\u0131\u015f avukat<\/figcaption><\/figure>                            <\/div>\n                        <\/div>\n                    <\/div>\n                                                        <div class=\"w-full lg:w-2\/3 self-center\">\n                        <div class=\"h-full  z-10\">\n                            <div class=\"h-full p-1\">\n                                <div class=\"flex\">\r\n  <ul class=\"flex flex-col mx-auto\">\r\n    <li class=\"flex bg-white p-4 mb-4 shadow-md\"><i class=\"fa fa-check text-xl text-primary mr-2 pt-1\"><\/i>\r\n      <div>\r\n        <p class=\"text-gray-900 font-semibold no-space\">K\u0131dem tazminat\u0131 konusunda uzmanla\u015fm\u0131\u015f<\/p>\r\n        <div style=\"flex-basis:100%;\"><\/div>\r\n        <p class=\"text-gray-500 text-sm no-space\">Ekibimiz her g\u00fcn, hedef odakl\u0131 bir stratejiyle ve finansal hedeflerinize odaklanarak k\u0131dem tazminat\u0131 paketleri \u00fczerinde m\u00fczakereler y\u00fcr\u00fct\u00fcyor.<\/p><\/div>\r\n    <\/li>\r\n    <li class=\"flex bg-white p-4 mb-4 shadow-md\"><i class=\"fa fa-check text-xl text-primary mr-2 pt-1\"><\/i>\r\n      <div>\r\n        <p class=\"text-gray-900 font-semibold no-space\">Vizyonlu m\u00fczakere<\/p>\r\n        <div style=\"flex-basis:100%;\"><\/div>\r\n        <p class=\"text-gray-500 text-sm no-space\">Stratejik d\u00fc\u015f\u00fcn\u00fcyoruz ve k\u0131dem tazminat\u0131 g\u00f6r\u00fc\u015fmelerini en ba\u015f\u0131ndan itibaren sizin \u00e7\u0131karlar\u0131n\u0131za uygun \u015fekilde planl\u0131yoruz.<\/p><\/div>\r\n    <\/li>\r\n    <li class=\"flex bg-white p-4 mb-4 shadow-md\"><i class=\"fa fa-check text-xl text-primary mr-2 pt-1\"><\/i>\r\n      <div>\r\n        <p class=\"text-gray-900 font-semibold no-space\">K\u0131dem tazminat\u0131 davalar\u0131ndaki ge\u00e7mi\u015f performans<\/p> \r\n        <div style=\"flex-basis:100%;\"><\/div>\r\n        <p class=\"text-gray-500 text-sm no-space\">\u00c7ok say\u0131da m\u00fc\u015fterimiz bizden ortalaman\u0131n \u00fczerinde anla\u015fmalar elde etti.<\/p><\/div>\r\n    <\/li>\r\n    <li class=\"flex bg-white p-4 mb-4 shadow-md\"><i class=\"fa fa-check text-xl text-primary mr-2 pt-1\"><\/i>\r\n      <div>\r\n        <p class=\"text-gray-900 font-semibold no-space\">Biz \u015fiddetle m\u00fczakere ediyoruz<\/p>\r\n        <div style=\"flex-basis:100%;\"><\/div>\r\n        <p class=\"text-gray-500 text-sm no-space\">\u0130\u015fverenlere, sa\u011flam temellere dayanan yaz\u0131l\u0131 beyanlar ve ak\u0131ll\u0131ca uzla\u015fma teklifleriyle hedefli bask\u0131lar yap\u0131yoruz.<\/p><\/div>\r\n    <\/li>\r\n    <li class=\"flex bg-white p-4 mb-4 shadow-md\"><i class=\"fa fa-check text-xl text-primary mr-2 pt-1\"><\/i>\r\n      <div>\r\n        <p class=\"text-gray-900 font-semibold no-space\">Psikoloji ve Strateji<\/p>\r\n        <div style=\"flex-basis:100%;\"><\/div>\r\n        <p class=\"text-gray-500 text-sm no-space\">G\u00fcc\u00fcm\u00fcz: Psikolojik i\u00e7g\u00f6r\u00fcyle taktiksel m\u00fczakere \u2013 finansal avantaj\u0131n\u0131z i\u00e7in.<\/p><\/div>\r\n    <\/li>\r\n  <\/ul>\r\n<\/div>                            <\/div>\n                        <\/div>\n                    <\/div>\n                \n                    \n        \n    <\/div>\n\n<\/div>\n            <\/div>\n                                <div class='mobile-even-row order-11 md:order-none' >\n                \n\n<div class=\"smart-container\" id=\"bewertungen\">\n    \n    <div class=\"testimonial-block flex flex-wrap -m-4\">\n        <div class=\"relative w-full md:w-1\/2 py-2 md:py-24 bg-white flex flex-col item-center justify-center\">\n\n            <div class=\"absolute top-0 left-0 z-10 grid-indigo w-16 h-16 md:w-44 md:h-96 md:ml-20 md:mt-24\"><\/div>\n\n            <div class=\"py-2 px-6 md:py-6 md:px-1 md:w-64 md:mx-auto font-semibold leading-tight tracking-tight mb-0 z-20\">\n                <h2 class=\"text-2xl md:text-5xl\">\u00d6yle diyorlar<br>m\u00fc\u015fterilerimiz<\/h2>\n            <\/div>\n        <\/div>\n\n        <div class=\"bg-gray-100 w-full md:w-1\/2\">\n            <div class=\"flex flex-col h-full relative\">\n                <div class=\"absolute top-0 left-0 mt-3 ml-4 md:mt-5 md:ml-12\">\n                    <svg xmlns=\"http:\/\/www.w3.org\/2000\/svg\"\n                         class=\"text-primary-light fill-current w-12 h-12 md:w-16 md:h-16 opacity-40\"\n                         viewbox=\"0 0 24 24\">\n                        <path\n                            d=\"M6.5 10c-.223 0-.437.034-.65.065.069-.232.14-.468.254-.68.114-.308.292-.575.469-.844.148-.291.409-.488.601-.737.201-.242.475-.403.692-.604.213-.21.492-.315.714-.463.232-.133.434-.28.65-.35.208-.086.39-.16.539-.222.302-.125.474-.197.474-.197L9.758 4.03c0 0-.218.052-.597.144C8.97 4.222 8.737 4.278 8.472 4.345c-.271.05-.56.187-.882.312C7.272 4.799 6.904 4.895 6.562 5.123c-.344.218-.741.4-1.091.692C5.132 6.116 4.723 6.377 4.421 6.76c-.33.358-.656.734-.909 1.162C3.219 8.33 3.02 8.778 2.81 9.221c-.19.443-.343.896-.468 1.336-.237.882-.343 1.72-.384 2.437-.034.718-.014 1.315.028 1.747.015.204.043.402.063.539.017.109.025.168.025.168l.026-.006C2.535 17.474 4.338 19 6.5 19c2.485 0 4.5-2.015 4.5-4.5S8.985 10 6.5 10zM17.5 10c-.223 0-.437.034-.65.065.069-.232.14-.468.254-.68.114-.308.292-.575.469-.844.148-.291.409-.488.601-.737.201-.242.475-.403.692-.604.213-.21.492-.315.714-.463.232-.133.434-.28.65-.35.208-.086.39-.16.539-.222.302-.125.474-.197.474-.197L20.758 4.03c0 0-.218.052-.597.144-.191.048-.424.104-.689.171-.271.05-.56.187-.882.312-.317.143-.686.238-1.028.467-.344.218-.741.4-1.091.692-.339.301-.748.562-1.05.944-.33.358-.656.734-.909 1.162C14.219 8.33 14.02 8.778 13.81 9.221c-.19.443-.343.896-.468 1.336-.237.882-.343 1.72-.384 2.437-.034.718-.014 1.315.028 1.747.015.204.043.402.063.539.017.109.025.168.025.168l.026-.006C13.535 17.474 15.338 19 17.5 19c2.485 0 4.5-2.015 4.5-4.5S19.985 10 17.5 10z\"\/>\n                    <\/svg>\n                <\/div>\n\n                <!-- Text -->\n                <div class=\"slider-container\">\n                                    <div class=\"slide-container\">\n                        <div\n                            class=\"slide slide0 px-6 md:px-16 pt-10 md:pt-14 text-lg sm:text-xl\">\n                            <p class=\"text-gray-600 serif font-normal italic\">\n                                \u0130\u015ften \u00e7\u0131kar\u0131lmam\u0131n ard\u0131ndan \u00e7ok yetkin ve \u00f6zverili tavsiye ve destek ald\u0131m. Bay Lugowski, i\u015fverenimle s\u00fcrekli ileti\u015fim halindeydi. \u0130leti\u015fim her zaman \u00e7ok keyifli ve bilgilendiriciydi. Benim i\u00e7in \u00e7ok iyi bir sonu\u00e7 elde etti. Hamburg&#039;dan Bay Lugowski&#039;yi kesinlikle tavsiye edebilirim.                             <\/p>\n                            <p class=\"text-sm no-space\">De\u011ferlendirme:<\/p>\n                            <div class=\"flex\">\n                                <i class=\"fa-star text-yellow-400\"><\/i>\n                                <i class=\"fa-star text-yellow-400\"><\/i>\n                                <i class=\"fa-star text-yellow-400\"><\/i>\n                                <i class=\"fa-star text-yellow-400\"><\/i>\n                                <i class=\"fa-star text-yellow-400\"><\/i>\n                            <\/div>\n                        <\/div>\n                    <\/div>\n                                    <div class=\"slide-container\">\n                        <div\n                            class=\"slide slide1 px-6 md:px-16 pt-10 md:pt-14 text-lg sm:text-xl\">\n                            <p class=\"text-gray-600 serif font-normal italic\">\n                                Hamburg&#039;dan avukat Lugowski ile bir fesih davas\u0131 hakk\u0131nda g\u00f6r\u00fc\u015ft\u00fcm ve tamamen memnun kald\u0131m. \u0130lk g\u00f6r\u00fc\u015fme s\u0131ras\u0131nda avukat, her \u015feyin zaman\u0131nda tamamlanmas\u0131 i\u00e7in ne kadar zaman\u0131m kald\u0131\u011f\u0131n\u0131 bana bildirdi ve karar verme s\u00fcrecimde bana destek ve tavsiyelerde bulundu. Minnettar\u0131m ve Bay Lugowski&#039;nin tavsiyelerine tekrar tekrar g\u00fcvenebilirim.                            <\/p>\n                            <p class=\"text-sm no-space\">De\u011ferlendirme:<\/p>\n                            <div class=\"flex\">\n                                <i class=\"fa-star text-yellow-400\"><\/i>\n                                <i class=\"fa-star text-yellow-400\"><\/i>\n                                <i class=\"fa-star text-yellow-400\"><\/i>\n                                <i class=\"fa-star text-yellow-400\"><\/i>\n                                <i class=\"fa-star text-yellow-400\"><\/i>\n                            <\/div>\n                        <\/div>\n                    <\/div>\n                                    <div class=\"slide-container\">\n                        <div\n                            class=\"slide slide2 px-6 md:px-16 pt-10 md:pt-14 text-lg sm:text-xl\">\n                            <p class=\"text-gray-600 serif font-normal italic\">\n                                Bay Lugowski, i\u015ften \u00e7\u0131kar\u0131lma s\u00fcrecimde h\u0131zl\u0131 ve g\u00fcvenilir bir \u015fekilde bana yard\u0131mc\u0131 oldu. Eski i\u015fverenimle sekiz ayl\u0131k hukuk m\u00fccadelem boyunca her zaman yan\u0131mda bir orta\u011f\u0131m oldu\u011funu hissettim.                            <\/p>\n                            <p class=\"text-sm no-space\">De\u011ferlendirme:<\/p>\n                            <div class=\"flex\">\n                                <i class=\"fa-star text-yellow-400\"><\/i>\n                                <i class=\"fa-star text-yellow-400\"><\/i>\n                                <i class=\"fa-star text-yellow-400\"><\/i>\n                                <i class=\"fa-star text-yellow-400\"><\/i>\n                                <i class=\"fa-star text-yellow-400\"><\/i>\n                            <\/div>\n                        <\/div>\n                    <\/div>\n                                <\/div>\n\n                <!-- Slide Buttons -->\n                <div class=\"slide-btns flex flex-wrap my-4 justify-center items-center\">\n                                            <button\n                            class=\"text-center font-bold shadow-md h-12 w-12 inline-block rounded-full mx-2 opacity-50 bg-primary-light text-gray-800 active\"\n                            style=\"\"\n                            aria-labelledby=\"slide0\"\n                        >\n                            LS                        <\/button>\n                                            <button\n                            class=\"text-center font-bold shadow-md h-12 w-12 inline-block rounded-full mx-2 opacity-50 bg-primary-light text-gray-800\"\n                            style=\"\"\n                            aria-labelledby=\"slide1\"\n                        >\n                            Doktor                        <\/button>\n                                            <button\n                            class=\"text-center font-bold shadow-md h-12 w-12 inline-block rounded-full mx-2 opacity-50 bg-primary-light text-gray-800\"\n                            style=\"\"\n                            aria-labelledby=\"slide2\"\n                        >\n                            BL                        <\/button>\n                                    <\/div>\n\n                <!-- Name, Job -->\n                <div class=\"slider-container pt-2 pb-6 md:py-6\">\n                                            <div class=\"slide-container\">\n                            <div\n                              id=\"slide0\"\n                              class=\"text-center slide name-slide\">\n                                <p class=\"text-sm md:text-base font-bold text-gray-700 leading-tight no-space\">LS<\/p>\n                                <small\n                                    class=\"text-gray-500 text-xs md:text-sm truncate\">\u00e7al\u0131\u015fan<\/small>\n                            <\/div>\n                        <\/div>\n                                            <div class=\"slide-container\">\n                            <div\n                              id=\"slide1\"\n                              class=\"text-center slide name-slide\">\n                                <p class=\"text-sm md:text-base font-bold text-gray-700 leading-tight no-space\">Doktor<\/p>\n                                <small\n                                    class=\"text-gray-500 text-xs md:text-sm truncate\">\u00e7al\u0131\u015fan<\/small>\n                            <\/div>\n                        <\/div>\n                                            <div class=\"slide-container\">\n                            <div\n                              id=\"slide2\"\n                              class=\"text-center slide name-slide\">\n                                <p class=\"text-sm md:text-base font-bold text-gray-700 leading-tight no-space\">BL<\/p>\n                                <small\n                                    class=\"text-gray-500 text-xs md:text-sm truncate\">\u00c7al\u0131\u015fanlar<\/small>\n                            <\/div>\n                        <\/div>\n                                    <\/div>\n            <\/div>\n        <\/div>\n    <\/div>\n\n    <\/div>\n            <\/div>\n                                <div class='order-12 md:order-none' >\n                \n<div class=\"smart-container\" >\n            <h2 class=\"font-bold text-center\">\u0130ncelemeli vaka \u00e7al\u0131\u015fmas\u0131<\/h2>\n    \n    <div class=\"flex flex-wrap justify-center\">\n        \n                            \n                                                        <div class=\"w-full lg:w-1\/2 self-center text-start\">\n                        <div class=\"h-full  z-10\">\n                            <div class=\"h-full\">\n                                <div class=\"flex flex-col h-full relative\">\r\n  <div class=\"absolute top-0 left-0 mt-3 ml-4 md:mt-5 md:ml-12\"> <svg xmlns=\"http:\/\/www.w3.org\/2000\/svg\" class=\"text-primary-light fill-current w-12 h-12 md:w-16 md:h-16 opacity-40\" viewbox=\"0 0 24 24\">\r\n      <path d=\"M6.5 10c-.223 0-.437.034-.65.065.069-.232.14-.468.254-.68.114-.308.292-.575.469-.844.148-.291.409-.488.601-.737.201-.242.475-.403.692-.604.213-.21.492-.315.714-.463.232-.133.434-.28.65-.35.208-.086.39-.16.539-.222.302-.125.474-.197.474-.197L9.758 4.03c0 0-.218.052-.597.144C8.97 4.222 8.737 4.278 8.472 4.345c-.271.05-.56.187-.882.312C7.272 4.799 6.904 4.895 6.562 5.123c-.344.218-.741.4-1.091.692C5.132 6.116 4.723 6.377 4.421 6.76c-.33.358-.656.734-.909 1.162C3.219 8.33 3.02 8.778 2.81 9.221c-.19.443-.343.896-.468 1.336-.237.882-.343 1.72-.384 2.437-.034.718-.014 1.315.028 1.747.015.204.043.402.063.539.017.109.025.168.025.168l.026-.006C2.535 17.474 4.338 19 6.5 19c2.485 0 4.5-2.015 4.5-4.5S8.985 10 6.5 10zM17.5 10c-.223 0-.437.034-.65.065.069-.232.14-.468.254-.68.114-.308.292-.575.469-.844.148-.291.409-.488.601-.737.201-.242.475-.403.692-.604.213-.21.492-.315.714-.463.232-.133.434-.28.65-.35.208-.086.39-.16.539-.222.302-.125.474-.197.474-.197L20.758 4.03c0 0-.218.052-.597.144-.191.048-.424.104-.689.171-.271.05-.56.187-.882.312-.317.143-.686.238-1.028.467-.344.218-.741.4-1.091.692-.339.301-.748.562-1.05.944-.33.358-.656.734-.909 1.162C14.219 8.33 14.02 8.778 13.81 9.221c-.19.443-.343.896-.468 1.336-.237.882-.343 1.72-.384 2.437-.034.718-.014 1.315.028 1.747.015.204.043.402.063.539.017.109.025.168.025.168l.026-.006C13.535 17.474 15.338 19 17.5 19c2.485 0 4.5-2.015 4.5-4.5S19.985 10 17.5 10z\"><\/path>\r\n    <\/svg><\/div>\r\n  <div class=\"h-full relative z-10\">\r\n    <div class=\"text-center px-6 md:px-16 pt-10 md:pt-14 text-l sm:text-xl\">\r\n      <p class=\"text-gray-600 serif font-normal italic\">\r\n       Fesih bildirimi ald\u0131m ve yak\u0131n bir arkada\u015f\u0131m\u0131n tavsiyesi \u00fczerine, i\u015f hukuku konusunda uzmanla\u015fm\u0131\u015f bir avukat olan Bay Lugowski ile ileti\u015fime ge\u00e7tim. \u00c7ok k\u0131sa s\u00fcrede randevu ald\u0131m ve hemen kendimi iyi bak\u0131lm\u0131\u015f ve anla\u015f\u0131lm\u0131\u015f hissettim. Endi\u015felerimi anlatt\u0131ktan sonra Bay Lugowski yetkin ve anla\u015f\u0131l\u0131r \u00e7\u00f6z\u00fcmler sundu. Mahkeme duru\u015fmas\u0131n\u0131n ard\u0131ndan mahkeme t\u00fcm konularda lehime karar verdi. Bu ayn\u0131 zamanda bana i\u015fsizlik maa\u015f\u0131 alma f\u0131rsat\u0131 da verdi. Bay Lugowski sayesinde i\u015fsizlik maa\u015f\u0131 i\u00e7in bekleme s\u00fcresine tabi tutulmad\u0131m. Kendisini her zaman tavsiye ederim.\r\n      <\/p>\r\n      <span class=\"text-center font-bold\">BU Y\u00dcZDEN<\/span> <i class=\"fa-star text-yellow-400\"><\/i> <i class=\"fa-star text-yellow-400\"><\/i> <i class=\"fa-star text-yellow-400\"><\/i> <i class=\"fa-star text-yellow-400\"><\/i> <i class=\"fa-star text-yellow-400\"><\/i>\r\n    <\/div>\r\n  <\/div>\r\n<\/div>                            <\/div>\n                        <\/div>\n                    <\/div>\n                                                        <div class=\"w-full lg:w-1\/2 text-end\">\n                        <div class=\"h-full  z-10\">\n                            <div class=\"h-full\">\n                                <p><strong>Ba\u015flang\u0131\u00e7 noktas\u0131<\/strong>\r\n<br>\r\nM\u00fcvekkil, iddia edilen g\u00f6rev ihlali nedeniyle ihbars\u0131z olarak i\u015ften \u00e7\u0131kar\u0131ld\u0131. Ayr\u0131ca, Federal \u0130stihdam Ajans\u0131, i\u015fsizlik \u00f6dene\u011fi i\u00e7in bekleme s\u00fcresi koydu.<\/p>\r\n\r\n<p><strong>Meydan okuma<\/strong>\r\n<br>\r\nAvukat Raphael Lugowski&#039;nin tavsiyesi \u00fczerine, ihbars\u0131z fesih karar\u0131na itiraz ederek ask\u0131ya alma s\u00fcresinin kald\u0131r\u0131lmas\u0131n\u0131 talep etti.<\/p>\r\n\r\n<p><strong>Prosed\u00fcr<\/strong>\r\n<br>\r\nToplant\u0131da, ihbars\u0131z fesih gerek\u00e7elerinin ge\u00e7erli olmad\u0131\u011f\u0131 ortaya \u00e7\u0131kt\u0131. Avukat Raphael Lugowski, haks\u0131z fesih davas\u0131 a\u00e7arak s\u00fcreci y\u00f6netti.<\/p>\r\n\r\n<p><strong>Sonu\u00e7<\/strong>\r\n<br>\r\nUzla\u015fma duru\u015fmas\u0131nda avukat Raphael Lugowski, mahkemeye ge\u00e7ersizli\u011fi vurgulad\u0131. Kar\u015f\u0131 taraf\u0131n itiraz\u0131 olmad\u0131. \u0130\u015f ili\u015fkisi k\u0131dem tazminat\u0131 \u00f6denerek sonland\u0131r\u0131ld\u0131. Zamana\u015f\u0131m\u0131 s\u00fcresi kald\u0131r\u0131ld\u0131.<\/p>                            <\/div>\n                        <\/div>\n                    <\/div>\n                \n                    \n        \n    <\/div>\n\n<\/div>\n            <\/div>\n                                <div class='mobile-even-row order-13 md:order-none' >\n                \n<div class=\"smart-container\" >\n    \n    <div class=\"flex flex-wrap justify-center\">\n        \n                            \n                                                        <div class=\"text-center\">\n                        <div class=\"h-full  hasBorder gradient-border red-gradient z-10\">\n                            <div class=\"h-full p-4\">\n                                 <p>Bir \u015fans\u0131n\u0131z var <strong>k\u0131dem tazminat\u0131<\/strong> genellikle do\u011frudan bir \u015feye ba\u011fl\u0131d\u0131r <strong>\u0130\u015ften \u00e7\u0131kar\u0131lma koruma davas\u0131<\/strong> ba\u011fl\u0131 - ve fesih bildirimini ald\u0131ktan sonra yaln\u0131zca <strong>3 hafta<\/strong> Zaman. Bu son tarihi ka\u00e7\u0131r\u0131rsan\u0131z, fesih i\u015fleminiz genellikle ge\u00e7erli olur ve k\u0131dem tazminat\u0131n\u0131z\u0131n uygulanmas\u0131 neredeyse imkans\u0131zd\u0131r.<\/p>\r\n  <p>Hatta ile bile <strong>fesih anla\u015fmalar\u0131<\/strong> veya i\u015fverenin baz\u0131 ifadeleri bazen yaln\u0131zca ge\u00e7erlidir <strong>birka\u00e7 g\u00fcn<\/strong> Son teslim tarihi.<\/p>\r\n  <p>Bu nedenle, \u015funlar\u0131 yapmal\u0131s\u0131n\u0131z: <strong>fesih bildiriminin al\u0131nmas\u0131ndan hemen sonra<\/strong> harekete ge\u00e7in ve k\u0131dem tazminat\u0131n\u0131z\u0131 alma \u015fans\u0131n\u0131z\u0131 g\u00fcvence alt\u0131na al\u0131n.<\/p>                            <\/div>\n                        <\/div>\n                    <\/div>\n                \n                    \n        \n    <\/div>\n\n<\/div>\n            <\/div>\n                                <div class='order-14 md:order-none' >\n                \n<div class=\"smart-container text-center\">\n    <h2 class=\"font-bold text-center\">Reinbek&#039;te i\u015f hukuku firmas\u0131 \u2013 Avantajlar\u0131n\u0131z \u015funlard\u0131r<\/h2>\n    <div class=\"benefit-icons-block flex flex-wrap\">\n                                    <div class=\"w-full sm:w-1\/2 lg:w-1\/3 p-3\">\n                \n                                <div class=\"w-16 h-16 mx-auto my-5 mx-auto text-4xl\" >\n                    <i class=\"fa-phone\" style=\"line-height:4rem;font-size:2.5rem;\"><\/i>\n                <\/div>\n                <p class=\"font-bold text-xl\">\u0130yi eri\u015filebilirlik<\/p>\n                                    Uzman i\u015f hukuku avukat\u0131n\u0131za kolay eri\u015fim ve h\u0131zl\u0131 yan\u0131t s\u00fcreleri bu firman\u0131n ay\u0131rt edici \u00f6zellikleridir.                \n                \n                            <\/div>\n                    <div class=\"w-full sm:w-1\/2 lg:w-1\/3 p-3\">\n                \n                                <div class=\"w-16 h-16 mx-auto my-5 mx-auto text-4xl\" >\n                    <i class=\"fa-eye\" style=\"line-height:4rem;font-size:2.5rem;\"><\/i>\n                <\/div>\n                <p class=\"font-bold text-xl\">Tam \u015feffafl\u0131k<\/p>\n                                    K\u0131dem tazminat\u0131 davan\u0131z, sonraki ad\u0131mlar ve maliyetler hakk\u0131nda her zaman tam \u015feffafl\u0131\u011fa sahipsiniz.                \n                \n                            <\/div>\n                    <div class=\"w-full sm:w-1\/2 lg:w-1\/3 p-3\">\n                \n                                <div class=\"w-16 h-16 mx-auto my-5 mx-auto text-4xl\" >\n                    <i class=\"fa-users\" style=\"line-height:4rem;font-size:2.5rem;\"><\/i>\n                <\/div>\n                <p class=\"font-bold text-xl\">Dikkatli tart\u0131\u015fmalar<\/p>\n                                    Dikkatli \u00f6n ve son g\u00f6r\u00fc\u015fmelerle, fesih g\u00f6r\u00fc\u015fmeleriniz i\u00e7in m\u00fcmk\u00fcn olan en iyi \u015fekilde bilgilendirilecek ve haz\u0131rlanacaks\u0131n\u0131z.                \n                \n                            <\/div>\n                    <div class=\"w-full sm:w-1\/2 lg:w-1\/3 p-3\">\n                \n                                <div class=\"w-16 h-16 mx-auto my-5 mx-auto text-4xl\" >\n                    <i class=\"fa-comments-o\" style=\"line-height:4rem;font-size:2.5rem;\"><\/i>\n                <\/div>\n                <p class=\"font-bold text-xl\">Anla\u015f\u0131labilir ileti\u015fim<\/p>\n                                     Burada k\u0131dem tazminat\u0131 durumunuz hakk\u0131nda net hukuki bilgiler edinecek ve bu bilgilere dayanarak g\u00fcvenle karar verebileceksiniz.                \n                \n                            <\/div>\n                    <div class=\"w-full sm:w-1\/2 lg:w-1\/3 p-3\">\n                \n                                <div class=\"w-16 h-16 mx-auto my-5 mx-auto text-4xl\" >\n                    <i class=\"fa-shield\" style=\"line-height:4rem;font-size:2.5rem;\"><\/i>\n                <\/div>\n                <p class=\"font-bold text-xl\">\u0130\u015f hukukunda kalite<\/p>\n                                    Misyonumuz, durumunuza \u00f6zel, ikna edici ve bireysel olarak uyarlanm\u0131\u015f, y\u00fcksek kalitede k\u0131dem tazminat\u0131 m\u00fczakereleri y\u00fcr\u00fctmektir.                \n                \n                            <\/div>\n                    <div class=\"w-full sm:w-1\/2 lg:w-1\/3 p-3\">\n                \n                                <div class=\"w-16 h-16 mx-auto my-5 mx-auto text-4xl\" >\n                    <i class=\"fa-lightbulb-o\" style=\"line-height:4rem;font-size:2.5rem;\"><\/i>\n                <\/div>\n                <p class=\"font-bold text-xl\">S\u00fcrekli e\u011fitim<\/p>\n                                    Avukat\u0131n\u0131z, uzla\u015fma s\u00fcrecinde sizi bir ad\u0131m \u00f6nde tutmak i\u00e7in g\u00fcnde bir saatlik s\u00fcrekli e\u011fitime yat\u0131r\u0131m yapar.                \n                \n                            <\/div>\n            <\/div>\n<\/div>\n            <\/div>\n                                <div class='mobile-even-row order-15 md:order-none' >\n                \n<div class=\"smart-container text-center\">\n    <h2 class=\"font-bold text-center\">Fesih sonras\u0131nda yapmaman\u0131z gerekenler<\/h2>\n    <div class=\"benefit-icons-block flex flex-wrap\">\n                                    <div class=\"w-full sm:w-1\/2 lg:w-1\/3 p-3\">\n                \n                                    <div class=\"border-2 border-gray-300 hover:border-gray-700 hover:border-4 hover:shadow-lg transition duration-500 bg-white p-4\">\n                                <div class=\"w-16 h-16 mx-auto my-5 mx-auto text-4xl\" >\n                    <i class=\"fa-file\" style=\"line-height:4rem;font-size:2.5rem;\"><\/i>\n                <\/div>\n                <p class=\"font-bold text-xl\">Fena i\u015f de\u011fil<\/p>\n                                    Performans g\u00f6stermeyi a\u00e7\u0131k\u00e7a reddetmeyin; bu, derhal i\u015ften \u00e7\u0131kar\u0131lman\u0131za ve m\u00fczakere pozisyonunuzun bozulmas\u0131na neden olabilir.                \n                                    <\/div>\n                \n                            <\/div>\n                    <div class=\"w-full sm:w-1\/2 lg:w-1\/3 p-3\">\n                \n                                    <div class=\"border-2 border-gray-300 hover:border-gray-700 hover:border-4 hover:shadow-lg transition duration-500 bg-white p-4\">\n                                <div class=\"w-16 h-16 mx-auto my-5 mx-auto text-4xl\" >\n                    <i class=\"fa-line-chart\" style=\"line-height:4rem;font-size:2.5rem;\"><\/i>\n                <\/div>\n                <p class=\"font-bold text-xl\">Olumsuz ifadeler yok<\/p>\n                                    \u0130\u015fyerinde yap\u0131lan hakaretler veya a\u015fa\u011f\u0131lamalar mahkemede aleyhinize kullan\u0131labilir.                \n                                    <\/div>\n                \n                            <\/div>\n                    <div class=\"w-full sm:w-1\/2 lg:w-1\/3 p-3\">\n                \n                                    <div class=\"border-2 border-gray-300 hover:border-gray-700 hover:border-4 hover:shadow-lg transition duration-500 bg-white p-4\">\n                                <div class=\"w-16 h-16 mx-auto my-5 mx-auto text-4xl\" >\n                    <i class=\"fa-user-times\" style=\"line-height:4rem;font-size:2.5rem;\"><\/i>\n                <\/div>\n                <p class=\"font-bold text-xl\">Geri d\u00f6nmek istemedi\u011finizi a\u00e7\u0131k\u00e7a s\u00f6ylemeyin<\/p>\n                                    \u0130\u015fveren sizin zaten kalmak istemedi\u011finizi biliyorsa, k\u0131dem tazminat\u0131 alma \u015fans\u0131n\u0131z azal\u0131r.                \n                                    <\/div>\n                \n                            <\/div>\n                    <div class=\"w-full sm:w-1\/2 lg:w-1\/3 p-3\">\n                \n                                    <div class=\"border-2 border-gray-300 hover:border-gray-700 hover:border-4 hover:shadow-lg transition duration-500 bg-white p-4\">\n                                <div class=\"w-16 h-16 mx-auto my-5 mx-auto text-4xl\" >\n                    <i class=\"fa-hand-stop-o\" style=\"line-height:4rem;font-size:2.5rem;\"><\/i>\n                <\/div>\n                <p class=\"font-bold text-xl\">Dahili verileri yedeklemeyin<\/p>\n                                    M\u00fc\u015fteri verilerinizi veya e-postalar\u0131n\u0131z\u0131 almak cezai kovu\u015fturmaya yol a\u00e7abilir ve anla\u015fmaya varma \u015fans\u0131n\u0131z\u0131 mahvedebilir.                \n                                    <\/div>\n                \n                            <\/div>\n                    <div class=\"w-full sm:w-1\/2 lg:w-1\/3 p-3\">\n                \n                                    <div class=\"border-2 border-gray-300 hover:border-gray-700 hover:border-4 hover:shadow-lg transition duration-500 bg-white p-4\">\n                                <div class=\"w-16 h-16 mx-auto my-5 mx-auto text-4xl\" >\n                    <i class=\"fa-exclamation-triangle\" style=\"line-height:4rem;font-size:2.5rem;\"><\/i>\n                <\/div>\n                <p class=\"font-bold text-xl\">Oyunda duygu yok<\/p>\n                                    \u00d6fkeli e-postalardan veya g\u00f6r\u00fcn\u00fc\u015flerden ka\u00e7\u0131n\u0131n; duygusal patlamalar mahkemede aleyhinize sonu\u00e7lanabilir.                \n                                    <\/div>\n                \n                            <\/div>\n                    <div class=\"w-full sm:w-1\/2 lg:w-1\/3 p-3\">\n                \n                                    <div class=\"border-2 border-gray-300 hover:border-gray-700 hover:border-4 hover:shadow-lg transition duration-500 bg-white p-4\">\n                                <div class=\"w-16 h-16 mx-auto my-5 mx-auto text-4xl\" >\n                    <i class=\"fa-hourglass-end\" style=\"line-height:4rem;font-size:2.5rem;\"><\/i>\n                <\/div>\n                <p class=\"font-bold text-xl\">Avukat olmadan hareket etmeyin<\/p>\n                                    Bir\u00e7ok taktiksel hata, aceleci tepkilerden kaynaklan\u0131r. Zaman\u0131nda tavsiye al\u0131n.                \n                                    <\/div>\n                \n                            <\/div>\n            <\/div>\n<\/div>\n            <\/div>\n                                <div class='order-16 md:order-none' >\n                \n<div class=\"smart-container\" >\n    \n    <div class=\"flex flex-wrap\">\n        \n                            \n                                                        <div class=\"w-full lg:w-1\/2 text-center\">\n                        <div class=\"h-full  z-10\">\n                            <div class=\"h-full p-2\">\n                                <h3>Bizi tan\u0131y\u0131n<\/h3>\r\n<p>Size teklifimiz: Bizi ve \u00e7al\u0131\u015fmalar\u0131m\u0131z\u0131 tan\u0131y\u0131n. Sonra birlikte \u00e7al\u0131\u015f\u0131p \u00e7al\u0131\u015fmayaca\u011f\u0131m\u0131za S\u0130Z karar verebilirsiniz.<p>\r\n\r\n<p>Ve: Dilerseniz davan\u0131z\u0131n ba\u011flay\u0131c\u0131 olmayan ilk de\u011ferlendirmesini telefonla \u00f6nceden alabilirsiniz.<\/p>\r\n\r\n<div class=\"buttons-block flex flex-wrap justify-center mt-3\">\r\n<a class=\"btn-cta mr-3\" href=\"tel:+4940524717830\"><i class=\"fa fa-phone mr-2\"><\/i>Hemen aray\u0131n<\/a><a class=\"btn-cta mr-3\" href=\"\/tr\/kontakt\/\"><i class=\"fa fa-envelope mr-2\"><\/i>\u0130leti\u015fim formu<\/a>\r\n<\/div>                            <\/div>\n                        <\/div>\n                    <\/div>\n                                                        <div class=\"w-full lg:w-1\/2\">\n                        <div class=\"h-full  z-10\">\n                            <div class=\"h-full p-2\">\n                                <img loading=\"lazy\" decoding=\"async\" src=\"\/wp-content\/uploads\/2021\/10\/Schreibtisch-gut-1024x576.jpg\" alt=\"Kontaktaufnahme mit Fachanwalt Raphael Lugowski\" width=\"640\" height=\"392\" class=\"size-large wp-image-5477 mx-auto\" \/>                            <\/div>\n                        <\/div>\n                    <\/div>\n                \n                    \n        \n    <\/div>\n\n<\/div>\n            <\/div>\n                                <div class='mobile-even-row order-17 md:order-none' >\n                \n<div class=\"smart-container\" >\n            <h2 class=\"font-bold text-center\">Komisyonumuzun maliyetleri<\/h2>\n    \n    <div class=\"flex flex-wrap justify-around\">\n        \n                            \n                                                        <div class=\"w-full lg:w-full py-1\">\n                        <div class=\"h-full  z-10\">\n                            <div class=\"h-full p-4\">\n                                <p>Ayr\u0131ca fesih i\u015flemlerinin de oldu\u011funu varsay\u0131yoruz <strong>Avukatlar\u0131n \u00dccretlendirme Yasas\u0131 (RVG)<\/strong> avukatlar\u0131n asgari \u00fccretlerinin d\u00fczenlendi\u011fi yer.<\/p>\r\n\r\n<p>Hukuki hizmetlerde kalite, g\u00fcvenilirlik ve tavizsiz hizmet anlay\u0131\u015f\u0131n\u0131 benimsiyoruz, b\u00f6ylece hukuki ve finansal hedeflerinize m\u00fcmk\u00fcn olan en az stresle ula\u015fabilirsiniz. Bu s\u00f6z\u00fcm\u00fcz\u00fc tutabiliyoruz \u00e7\u00fcnk\u00fc m\u00fcmk\u00fcn oldu\u011funca \u00e7ok m\u00fcvekkil kazanmay\u0131 hedeflemiyoruz. Bunun yerine, her bir davaya ayr\u0131 ayr\u0131 de\u011fer veriyor ve zaman ve emek harc\u0131yoruz. B\u00fcromuzun felsefesi, davalar\u0131 dikkatli ve yo\u011fun bir \u015fekilde ele almakt\u0131r. Slogan\u0131m\u0131z: &quot;Yenisinden \u00f6nce eski dava.&quot;<\/p>\r\n\r\n<p>E\u011fer bir tane varsa <strong>Hukuki koruma sigortas\u0131<\/strong> Hukuk sigortan\u0131z varsa, avukatl\u0131k masraflar\u0131n\u0131z\u0131 kar\u015f\u0131larlar. Bu durumda, sigorta \u015firketinizle yaz\u0131\u015fmalar\u0131 biz hallederiz; ba\u015fka hi\u00e7bir \u015feyle ilgilenmenize gerek yok. Hukuki masraf sigortan\u0131z yoksa, karar\u0131n\u0131z\u0131 elbette mali durumunuza g\u00f6re vermelisiniz. Haks\u0131z yere i\u015ften \u00e7\u0131kar\u0131lma davan\u0131z\u0131n ba\u015far\u0131 \u015fans\u0131n\u0131 ve k\u0131dem tazminat\u0131 alma olas\u0131l\u0131\u011f\u0131n\u0131z\u0131 \u00f6nceden sizinle g\u00f6r\u00fc\u015ferek bu konuda size destek olaca\u011f\u0131z.<\/p>                            <\/div>\n                        <\/div>\n                    <\/div>\n                                                        <div class=\"w-full lg:w-2\/5 py-1\">\n                        <div class=\"h-full  hasBorder z-10  bg-white\" style=\"border: 5px solid #5E5E5E;\">\n                            <div class=\"h-full p-4\">\n                                <p style=\"text-align: center;\"><strong>\u00d6rnek 1: Yasal i\u015flem ekonomik a\u00e7\u0131dan mant\u0131kl\u0131d\u0131r<\/strong><\/p>\r\n<ul>\r\n<li>Yeniden yap\u0131lanma nedeniyle operasyonel nedenlerle i\u015ften \u00e7\u0131karma<\/li>\r\n<li>Ba\u015far\u0131 \u015fans\u0131: iyi, sosyal se\u00e7ilimdeki hatalar nedeniyle<\/li>\r\n<li>\u00c7al\u0131\u015fma s\u00fcresi: 9 y\u0131l<\/li>\r\n<li>Maa\u015f: 3.500 \u20ac br\u00fct\/ay<\/li>\r\n<\/ul>\r\n<p><strong>Hukuki \u00fccretler (uzla\u015fma ile birlikte)<\/strong>: \u20ac 3.014,27 br\u00fct<\/p>\r\n<p><strong>Haks\u0131z fesih iddias\u0131 yok:<\/strong> K\u0131dem tazminat\u0131 yok<\/p>\r\n<p><strong>Avukat e\u015fli\u011finde i\u015ften \u00e7\u0131kar\u0131lma koruma davas\u0131:<\/strong> 31.500 \u20ac k\u0131dem tazminat\u0131<\/p>\r\n<p><strong>Toplam fatura: <\/strong>\u20ac 31.500 &#8211; \u20ac 3.014,27 = \u20ac 28.485,73<\/p>\r\n<p><strong>Tavsiye:<\/strong> Dava a\u00e7mak<\/p>                            <\/div>\n                        <\/div>\n                    <\/div>\n                                                        <div class=\"w-full lg:w-2\/5 py-1\">\n                        <div class=\"h-full  hasBorder z-10  bg-white\" style=\"border: 5px solid #5E5E5E;\">\n                            <div class=\"h-full p-4\">\n                                <p style=\"text-align: center;\"><strong>\u00d6rnek 2: Dava ekonomik a\u00e7\u0131dan riskli<\/strong><\/p>\r\n<ul>\r\n<li>Tesisin kapanmas\u0131 nedeniyle operasyonel nedenlerle i\u015ften \u00e7\u0131kar\u0131lma<\/li>\r\n<li>Ba\u015far\u0131 \u015fans\u0131: muhtemelen d\u00fc\u015f\u00fck<\/li>\r\n<li>\u00c7al\u0131\u015fma s\u00fcresi: 3 y\u0131l<\/li>\r\n<li>Maa\u015f: 3.000 \u20ac br\u00fct\/ay<\/li>\r\n<\/ul>\r\n<p><strong>Avukatl\u0131k \u00fccretleri (uzla\u015fma ile birlikte):<\/strong> \u20ac 3.014,27 br\u00fct<\/p>\r\n<p><strong>Haks\u0131z fesih iddias\u0131 yok:<\/strong> K\u0131dem tazminat\u0131 yok<\/p>\r\n<p><strong>Avukat e\u015fli\u011finde i\u015ften \u00e7\u0131kar\u0131lma koruma davas\u0131:<\/strong> 0 \u20ac ile 3.000 \u20ac aras\u0131nda k\u0131dem tazminat\u0131<\/p>\r\n<p><strong>Toplam fatura:<\/strong> (0 \u20ac ila 3.000 \u20ac) \u2013 3.014,27 \u20ac = \u2013 3.014,27 \u20ac ila \u2013 14,27 \u20ac<\/p>\r\n<p><strong>Tavsiye:<\/strong> Haks\u0131z fesih davas\u0131 a\u00e7may\u0131n<\/p>\r\n<p><strong>\u0130stisna:<\/strong> Hukuki koruma sigortas\u0131n\u0131n varl\u0131\u011f\u0131<\/p>                            <\/div>\n                        <\/div>\n                    <\/div>\n                \n                    \n        \n    <\/div>\n\n<\/div>\n            <\/div>\n                                <div class='order-18 md:order-none' >\n                \n<div class=\"smart-container\" >\n            <h2 class=\"font-bold text-center\">SSS<\/h2>\n    \n    <div class=\"flex flex-wrap\">\n        \n                                            <div class=\"w-full lg:w-full\">\n                    <div class=\"h-full\">\n                        <div class=\"h-full p-1\">\n                        \n<div class=\"mx-auto\">\n            <div class=\"mb-4\">\n            <div class=\"faq-question flex items-center justify-between bg-gray-200 pl-3 pr-2 py-3 w-full rounded text-gray-600 font-bold cursor-pointer hover:bg-gray-300\">\n                K\u0131dem tazminat\u0131 nedir?                <span class=\"h-6 w-6 flex items-center justify-center text-teal-500\"><i class=\"fa-add\"><\/i><\/span>\n            <\/div>\n            <div class=\"faq-answer hidden p-3\">\n                <div class=\"text-gray-600 mb-3\">\n                    K\u0131dem tazminat\u0131, i\u015fverenlerin genellikle i\u015ften \u00e7\u0131karma sonras\u0131nda \u00e7al\u0131\u015fanlara \u00f6dedi\u011fi maddi bir tazminatt\u0131r. \u00c7al\u0131\u015fan\u0131n i\u015fini kaybetmesi durumunda maddi olarak tazmin edilmesini sa\u011flar. K\u0131dem tazminat\u0131 genellikle mahkeme karar\u0131yla veya fesih\/uzla\u015fma s\u00f6zle\u015fmesiyle garanti alt\u0131na al\u0131n\u0131r.                <\/div>\n            <\/div>\n        <\/div>\n\n                    <div class=\"mb-4\">\n            <div class=\"faq-question flex items-center justify-between bg-gray-200 pl-3 pr-2 py-3 w-full rounded text-gray-600 font-bold cursor-pointer hover:bg-gray-300\">\n                \u0130\u015ften \u00e7\u0131kar\u0131lma durumunda k\u0131dem tazminat\u0131na hak kazan\u0131r m\u0131y\u0131m?                <span class=\"h-6 w-6 flex items-center justify-center text-teal-500\"><i class=\"fa-add\"><\/i><\/span>\n            <\/div>\n            <div class=\"faq-answer hidden p-3\">\n                <div class=\"text-gray-600 mb-3\">\n                    Genellikle k\u0131dem tazminat\u0131na hak kazanmazs\u0131n\u0131z. Sadece birka\u00e7 yasal davada, fesih sonras\u0131nda i\u015fvereninizin k\u0131dem tazminat\u0131 \u00f6demesi gerekir. Bu, i\u015fveren taraf\u0131ndan sa\u011flanan g\u00f6n\u00fcll\u00fc bir hakt\u0131r ve esasen i\u015f s\u00f6zle\u015fmenizi sat\u0131n al\u0131r.                <\/div>\n            <\/div>\n        <\/div>\n\n                    <div class=\"mb-4\">\n            <div class=\"faq-question flex items-center justify-between bg-gray-200 pl-3 pr-2 py-3 w-full rounded text-gray-600 font-bold cursor-pointer hover:bg-gray-300\">\n                K\u0131dem tazminat\u0131na yasal olarak ne zaman hak kazan\u0131r\u0131m?                <span class=\"h-6 w-6 flex items-center justify-center text-teal-500\"><i class=\"fa-add\"><\/i><\/span>\n            <\/div>\n            <div class=\"faq-answer hidden p-3\">\n                <div class=\"text-gray-600 mb-3\">\n                    Kanun kapsam\u0131nda k\u0131dem tazminat\u0131 yaln\u0131zca istisnai durumlarda ge\u00e7erlidir. \u00d6rne\u011fin, i\u015fvereniniz operasyonel nedenlerle i\u015f akdinizi feshedip ayn\u0131 anda size k\u0131dem tazminat\u0131 teklif ederse. Bu durumda, haks\u0131z fesih davas\u0131 a\u00e7mazsan\u0131z k\u0131dem tazminat\u0131 almaya hak kazan\u0131rs\u0131n\u0131z. \u0130\u015f mahkemesi fesih ba\u015fvurunuzu kabul etse bile, yine de k\u0131dem tazminat\u0131 almaya hak kazan\u0131rs\u0131n\u0131z.                <\/div>\n            <\/div>\n        <\/div>\n\n                    <div class=\"mb-4\">\n            <div class=\"faq-question flex items-center justify-between bg-gray-200 pl-3 pr-2 py-3 w-full rounded text-gray-600 font-bold cursor-pointer hover:bg-gray-300\">\n                K\u0131dem tazminat\u0131 genellikle ne kadard\u0131r?                <span class=\"h-6 w-6 flex items-center justify-center text-teal-500\"><i class=\"fa-add\"><\/i><\/span>\n            <\/div>\n            <div class=\"faq-answer hidden p-3\">\n                <div class=\"text-gray-600 mb-3\">\n                    \u0130\u015ften \u00c7\u0131karma Koruma Yasas\u0131 davan\u0131za uygulan\u0131yorsa, \u00f6zellikle y\u00fcksek bir \u015fans\u0131n\u0131z var. Bu, \u015firkette alt\u0131 aydan uzun s\u00fcredir \u00e7al\u0131\u015f\u0131yor olman\u0131z gerekti\u011fi anlam\u0131na gelir. Ayr\u0131ca, \u015firketin 10&#039;dan fazla tam zamanl\u0131 \u00e7al\u0131\u015fan\u0131 olmas\u0131 gerekir. Bu durumda, k\u0131dem tazminat\u0131 i\u00e7in temel ko\u015fullar kar\u015f\u0131lanm\u0131\u015f olur. \u0130\u015fverenin fesih gerek\u00e7esi sunmas\u0131 gerekir.                <\/div>\n            <\/div>\n        <\/div>\n\n                    <div class=\"mb-4\">\n            <div class=\"faq-question flex items-center justify-between bg-gray-200 pl-3 pr-2 py-3 w-full rounded text-gray-600 font-bold cursor-pointer hover:bg-gray-300\">\n                K\u0131dem tazminat\u0131 alabilmek i\u00e7in ne yapmam gerekiyor?                <span class=\"h-6 w-6 flex items-center justify-center text-teal-500\"><i class=\"fa-add\"><\/i><\/span>\n            <\/div>\n            <div class=\"faq-answer hidden p-3\">\n                <div class=\"text-gray-600 mb-3\">\n                    K\u0131dem tazminat\u0131 al\u0131p almayaca\u011f\u0131n\u0131z\u0131 etkileyen bir\u00e7ok fakt\u00f6r var. Her \u015feyden \u00f6nce, haks\u0131z fesih davas\u0131 a\u00e7\u0131p a\u00e7mad\u0131\u011f\u0131n\u0131z \u00f6nemlidir. Fesih bildirimini ald\u0131ktan sonra dava a\u00e7mak i\u00e7in yaln\u0131zca \u00fc\u00e7 haftan\u0131z var. Yaln\u0131zca mahkeme s\u00fcreci, i\u015fveren i\u00e7in hukuki ve finansal riskler yarat\u0131r ve bu da size potansiyel olarak k\u0131dem tazminat\u0131 \u00f6deme te\u015fvikini sa\u011flar. \u0130\u015fverenler neden k\u0131dem tazminat\u0131 \u00f6der? Bunu, yasal olarak g\u00fcvenli bir fesih sa\u011flamak i\u00e7in yaparlar. Feshin mahkemede ge\u00e7erli olup olmayaca\u011f\u0131 ise \u00e7o\u011fu durumda kesin de\u011fildir.                <\/div>\n            <\/div>\n        <\/div>\n\n                    <div class=\"mb-4\">\n            <div class=\"faq-question flex items-center justify-between bg-gray-200 pl-3 pr-2 py-3 w-full rounded text-gray-600 font-bold cursor-pointer hover:bg-gray-300\">\n                \u0130\u015ften \u00e7\u0131kar\u0131lma durumunda ne kadar k\u0131dem tazminat\u0131 alaca\u011f\u0131m?                <span class=\"h-6 w-6 flex items-center justify-center text-teal-500\"><i class=\"fa-add\"><\/i><\/span>\n            <\/div>\n            <div class=\"faq-answer hidden p-3\">\n                <div class=\"text-gray-600 mb-3\">\n                    Mahkemelerde, standart k\u0131dem tazminat\u0131 olarak adland\u0131r\u0131lan tazminat s\u0131kl\u0131kla tart\u0131\u015f\u0131l\u0131r. Bu, her \u00e7al\u0131\u015fma y\u0131l\u0131 i\u00e7in br\u00fct ayl\u0131k maa\u015f\u0131n yar\u0131s\u0131d\u0131r. Ancak bu yaln\u0131zca bir \u00f6n k\u0131lavuzdur. Mahkemenin haks\u0131z fesih davas\u0131n\u0131n ba\u015far\u0131 \u015fans\u0131ndan emin olmad\u0131\u011f\u0131 durumlarda devreye girer. Genel kural \u015fudur: Feshin ge\u00e7erlili\u011fine kar\u015f\u0131 ne kadar \u00e7ok arg\u00fcman varsa, \u00e7al\u0131\u015fan\u0131n hukuki durumu o kadar iyi olur. Ve k\u0131dem tazminat\u0131 da nihayetinde o kadar y\u00fcksek olabilir.                <\/div>\n            <\/div>\n        <\/div>\n\n                    <div class=\"mb-4\">\n            <div class=\"faq-question flex items-center justify-between bg-gray-200 pl-3 pr-2 py-3 w-full rounded text-gray-600 font-bold cursor-pointer hover:bg-gray-300\">\n                K\u0131dem tazminat\u0131 i\u015fsizlik \u00f6dene\u011fi I&#039;den mahsup edilir mi?                <span class=\"h-6 w-6 flex items-center justify-center text-teal-500\"><i class=\"fa-add\"><\/i><\/span>\n            <\/div>\n            <div class=\"faq-answer hidden p-3\">\n                <div class=\"text-gray-600 mb-3\">\n                    Hay\u0131r, k\u0131dem tazminat\u0131 ve i\u015fsizlik \u00f6dene\u011fi I&#039;in mahsup edilmesi\/kredilendirilmesi s\u00f6z konusu de\u011fildir. Sadece taraflar\u0131n bireysel ihbar s\u00fcresini k\u0131saltmas\u0131 ve \u00e7al\u0131\u015fan\u0131n biriktirdi\u011fi maa\u015f\u0131 k\u0131dem tazminat\u0131 (i\u015ften \u00e7\u0131karma tazminat\u0131) olarak almas\u0131 durumunda istisna uygulan\u0131r.                <\/div>\n            <\/div>\n        <\/div>\n\n                    <div class=\"mb-4\">\n            <div class=\"faq-question flex items-center justify-between bg-gray-200 pl-3 pr-2 py-3 w-full rounded text-gray-600 font-bold cursor-pointer hover:bg-gray-300\">\n                K\u0131dem tazminat\u0131na sosyal g\u00fcvenlik primi eklenir mi?                <span class=\"h-6 w-6 flex items-center justify-center text-teal-500\"><i class=\"fa-add\"><\/i><\/span>\n            <\/div>\n            <div class=\"faq-answer hidden p-3\">\n                <div class=\"text-gray-600 mb-3\">\n                    Hay\u0131r, k\u0131dem tazminat\u0131na sosyal g\u00fcvenlik primi \u00f6denmez.                <\/div>\n            <\/div>\n        <\/div>\n\n                    <div class=\"mb-4\">\n            <div class=\"faq-question flex items-center justify-between bg-gray-200 pl-3 pr-2 py-3 w-full rounded text-gray-600 font-bold cursor-pointer hover:bg-gray-300\">\n                K\u0131dem tazminat\u0131 vergiye tabi midir?                <span class=\"h-6 w-6 flex items-center justify-center text-teal-500\"><i class=\"fa-add\"><\/i><\/span>\n            <\/div>\n            <div class=\"faq-answer hidden p-3\">\n                <div class=\"text-gray-600 mb-3\">\n                    Evet, k\u0131dem tazminat\u0131, ki\u015finin vergi oran\u0131 \u00fczerinden vergilendirilir. Vergi hukuku a\u00e7\u0131s\u0131ndan ayr\u0131cal\u0131kl\u0131d\u0131r \u00e7\u00fcnk\u00fc k\u0131dem tazminat\u0131na be\u015fte bir kural\u0131 uygulan\u0131r.                <\/div>\n            <\/div>\n        <\/div>\n\n                    <div class=\"mb-4\">\n            <div class=\"faq-question flex items-center justify-between bg-gray-200 pl-3 pr-2 py-3 w-full rounded text-gray-600 font-bold cursor-pointer hover:bg-gray-300\">\n                Anla\u015fmaya varmak i\u00e7in bir avukata ihtiyac\u0131m var m\u0131?                <span class=\"h-6 w-6 flex items-center justify-center text-teal-500\"><i class=\"fa-add\"><\/i><\/span>\n            <\/div>\n            <div class=\"faq-answer hidden p-3\">\n                <div class=\"text-gray-600 mb-3\">\n                    Deneyimlerime g\u00f6re, \u00e7al\u0131\u015fanlar k\u0131dem tazminat\u0131 m\u00fczakerelerinde \u00e7ok saf\u00e7a davran\u0131yorlar. \u0130\u015fverenler bunu istismar ederek k\u0131dem tazminat\u0131n\u0131 d\u00fc\u015f\u00fcr\u00fcyorlar. Ancak soruyu cevaplamak gerekirse: Hay\u0131r, m\u00fczakereler i\u00e7in bir avukata ihtiyac\u0131n\u0131z yok. Hatta ilk etapta i\u015f mahkemesinde bile. Ancak bir avukat olmadan, \u00e7al\u0131\u015fan kendini h\u0131zla kaybeden bir konumda bulur. \u00d6nemli bir k\u0131dem tazminat\u0131 potansiyeli kaybedilebilir.                <\/div>\n            <\/div>\n        <\/div>\n\n                    <div class=\"mb-4\">\n            <div class=\"faq-question flex items-center justify-between bg-gray-200 pl-3 pr-2 py-3 w-full rounded text-gray-600 font-bold cursor-pointer hover:bg-gray-300\">\n                \u0130stifa ettim, k\u0131dem tazminat\u0131 alabilir miyim?                <span class=\"h-6 w-6 flex items-center justify-center text-teal-500\"><i class=\"fa-add\"><\/i><\/span>\n            <\/div>\n            <div class=\"faq-answer hidden p-3\">\n                <div class=\"text-gray-600 mb-3\">\n                    Kendi iste\u011finizle istifa ederseniz, i\u015fvereninizin size k\u0131dem tazminat\u0131 \u00f6demesi neredeyse imkans\u0131zd\u0131r. Bunu yapmalar\u0131 i\u00e7in hi\u00e7bir yasal veya mali te\u015fvikleri olmayacakt\u0131r. \u0130\u015f ili\u015fkisi, onlar\u0131n eylemlerinden ba\u011f\u0131ms\u0131z olarak sona erecektir.                <\/div>\n            <\/div>\n        <\/div>\n\n            <\/div>\n\n    <script type=\"application\/ld+json\">\n    {\n        \"@context\": \"https:\/\/schema.org\",\n        \"@type\": \"FAQPage\",\n        \"mainEntity\": [\n            {\n    \"@type\": \"Question\",\n    \"name\": \"Was ist eine Abfindung?\",\n    \"acceptedAnswer\": {\n        \"@type\": \"Answer\",\n        \"text\": \"Eine Abfindung ist eine finanzielle Kompensation, die Arbeitgeber an Arbeitnehmer nicht selten nach einer K\u00fcndigung zahlen. Sie dient dem finanziellen Ausgleich des Arbeitnehmers f\u00fcr den Verlust des Arbeitsplatzes. Meist wird eine Abfindung in einem gerichtlichen Vergleich zugesichert oder in einem Aufhebungsvertrag\/Abwicklungsvertrag.\"\n    }\n},{\n    \"@type\": \"Question\",\n    \"name\": \"Habe ich Anspruch auf eine Abfindung nach K\u00fcndigung?\",\n    \"acceptedAnswer\": {\n        \"@type\": \"Answer\",\n        \"text\": \"Ganz grunds\u00e4tzlich hast Du keinen Anspruch auf eine Abfindung. Nur in wenigen gesetzlichen F\u00e4llen ist die Zahlung einer Abfindung durch den Arbeitgeber nach einer K\u00fcndigung vorgeschrieben. Es handelt sich um eine freiwillige Leistung des Arbeitgebers, mit der er Dir dein Arbeitsverh\u00e4ltnis quasi abkauft.\"\n    }\n},{\n    \"@type\": \"Question\",\n    \"name\": \"Wann steht mir nach dem Gesetz eine Abfindung zu?\",\n    \"acceptedAnswer\": {\n        \"@type\": \"Answer\",\n        \"text\": \"Eine Abfindung nach dem Gesetz gibt es nur ausnahmsweise. Etwa dann, wenn der Arbeitgeber Dir betriebsbedingt k\u00fcndigt und Dir gleichzeitig eine Abfindung anbietet. Dann hast Du einen Anspruch darauf, wenn Du keine K\u00fcndigungsschutzklage erhebst. Auch wenn das Arbeitsgericht einem Aufl\u00f6sungsantrag stattgibt, h\u00e4ttest Du einen Anspruch auf eine Abfindung.\"\n    }\n},{\n    \"@type\": \"Question\",\n    \"name\": \"Wie hoch ist f\u00fcr gew\u00f6hnlich die Abfindung?\",\n    \"acceptedAnswer\": {\n        \"@type\": \"Answer\",\n        \"text\": \"Du hast insbesondere dann Chancen, wenn in Deinem Fall das K\u00fcndigungsschutzgesetz anwendbar ist. Das hei\u00dft, du musst l\u00e4nger als 6 Monate im Unternehmen t\u00e4tig sein. Zus\u00e4tzlich m\u00fcssen im Betrieb mehr als 10 Arbeitnehmer in Vollzeit besch\u00e4ftigt sein. Dann sind schon mal die Grundbedingungen f\u00fcr eine Abfindung erf\u00fcllt. Denn dann ben\u00f6tigt der Arbeitgeber einen K\u00fcndigungsgrund f\u00fcr die K\u00fcndigung.\"\n    }\n},{\n    \"@type\": \"Question\",\n    \"name\": \"Was muss ich tun, um eine Abfindung zu erhalten?\",\n    \"acceptedAnswer\": {\n        \"@type\": \"Answer\",\n        \"text\": \"Es gibt viele Verhaltensweisen, die beeinflussen, ob Du eine Abfindung bekommst. Allen voran die Frage, ob Du eine K\u00fcndigungsschutzklage eingelegt hast. Daf\u00fcr hast Du nur 3 Wochen nach Zugang der K\u00fcndigung Zeit. Erst das gerichtliche Verfahren bringt f\u00fcr den Arbeitgeber rechtliche und finanzielle Risiken - und damit den Anreiz, Dir m\u00f6glicherweise eine Abfindung zu zahlen. Denn warum zahlen Arbeitgeber eine Abfindung? Sie tun das deshalb, um eine rechtssichere Beendigung zu bekommen. Ob die K\u00fcndigung vor Gericht standh\u00e4lt, ist n\u00e4mlich in vielen F\u00e4llen gar nicht so sicher.\"\n    }\n},{\n    \"@type\": \"Question\",\n    \"name\": \"Wie hoch ist die Abfindung, die ich nach einer K\u00fcndigung bekomme?\",\n    \"acceptedAnswer\": {\n        \"@type\": \"Answer\",\n        \"text\": \"Vor Gericht ist h\u00e4ufig von der sogenannten Regelabfindung die Rede. Das ist ein halbes Bruttomonatsgehalt pro Besch\u00e4ftigungsjahr. Aber: Das ist nur eine erste Orientierung. Die kommt dann zum Tragen, wenn das Gericht die Erfolgsaussichten einer K\u00fcndigungsschutzklage nicht so recht einsch\u00e4tzen kann. Grunds\u00e4tzlich gilt: Je mehr Argumente gegen die Wirksamkeit der K\u00fcndigung sprechen, desto besser ist die Prozesssituation des Arbeitnehmers. Und desto h\u00f6her k\u00f6nnte am Ende die Abfindung ausfallen.\"\n    }\n},{\n    \"@type\": \"Question\",\n    \"name\": \"Wird die Abfindung mit dem Arbeitslosengeld I verrechnet?\",\n    \"acceptedAnswer\": {\n        \"@type\": \"Answer\",\n        \"text\": \"Nein, es findet keine Verrechnung\/Anrechnung von Abfindung und das Arbeitslosengeld I statt. Eine Ausnahme gilt nur f\u00fcr den Fall, dass die Parteien die individuelle K\u00fcndigungsfrist abk\u00fcrzen und der Arbeitnehmer die eingesparten Geh\u00e4lter als Abfindung bekommt (Entlassungsentsch\u00e4digung).\"\n    }\n},{\n    \"@type\": \"Question\",\n    \"name\": \"Fallen auf die Abfindung Sozialabgaben an?\",\n    \"acceptedAnswer\": {\n        \"@type\": \"Answer\",\n        \"text\": \"Nein, Sozialabgaben werden auf die Abfindung nicht f\u00e4llig.\"\n    }\n},{\n    \"@type\": \"Question\",\n    \"name\": \"Ist die Abfindung zu versteuern?\",\n    \"acceptedAnswer\": {\n        \"@type\": \"Answer\",\n        \"text\": \"Ja, die Abfindung ist mit dem individuellen Steuersatz zu versteuern. Sie ist insofern steuerrechtlich privilegiert, als auf die Abfindung die sogenannte F\u00fcnftelregelung Anwendung findet.\"\n    }\n},{\n    \"@type\": \"Question\",\n    \"name\": \"Ben\u00f6tige ich einen Anwalt, um eine Abfindung zu erzielen?\",\n    \"acceptedAnswer\": {\n        \"@type\": \"Answer\",\n        \"text\": \"Nach meiner Erfahrung agieren Arbeitnehmer sehr unbedarft bei der Verhandlung von Abfindungen. Das nutzen Arbeitgeber aus und dr\u00fccken damit die Abfindungssumme. Aber um die Frage zu beantworten: Nein, einen Anwalt ben\u00f6tigst Du f\u00fcr die Verhandlungen nicht. Auch nicht in der 1. Instanz vor dem Arbeitsgericht. Doch ohne Anwalt steht ein Arbeitnehmer schnell auf verlorenem Posten. Es gehen wom\u00f6glich erhebliche Abfindungspotenziale verloren.\"\n    }\n},{\n    \"@type\": \"Question\",\n    \"name\": \"Ich habe selbst gek\u00fcndigt - bekomme ich nun eine Abfindung?\",\n    \"acceptedAnswer\": {\n        \"@type\": \"Answer\",\n        \"text\": \"Bei einer Eigenk\u00fcndigung ist es nahezu ausgeschlossen, dass der Arbeitgeber Dir eine Abfindung zahlt. Er h\u00e4tte dazu \u00fcberhaupt keinen rechtlichen oder finanziellen Anreiz. Das Arbeitsverh\u00e4ltnis wird auch ohne sein Zutun enden.\"\n    }\n}\n        ]\n    }\n    <\/script>                        <\/div>\n                    <\/div>\n                <\/div>\n                    \n        \n    <\/div>\n\n<\/div>\n            <\/div>\n            <\/div>","protected":false},"excerpt":{"rendered":"","protected":false},"author":9,"featured_media":0,"parent":0,"menu_order":0,"comment_status":"closed","ping_status":"closed","template":"page-templates\/landingpage.php","meta":{"footnotes":""},"class_list":["post-9427","page","type-page","status-publish","hentry"],"acf":[],"yoast_head":"<!-- This site is optimized with the Yoast SEO plugin v26.5 - https:\/\/yoast.com\/wordpress\/plugins\/seo\/ -->\n<title>Anwalt Abfindung f\u00fcr Reinbek | Smart-Arbeitsrecht<\/title>\n<meta name=\"description\" content=\"Fachanwalt f\u00fcr Abfindung bei K\u00fcndigung \u2013 kompetente Hilfe f\u00fcr Reinbek. Jetzt Ersteinsch\u00e4tzung sichern!\" \/>\n<meta name=\"robots\" content=\"index, follow, max-snippet:-1, max-image-preview:large, max-video-preview:-1\" \/>\n<link rel=\"canonical\" href=\"https:\/\/smart-arbeitsrecht.de\/tr\/anwalt-abfindung-fuer-reinbek\/\" \/>\n<meta property=\"og:locale\" content=\"tr_TR\" \/>\n<meta property=\"og:type\" content=\"article\" \/>\n<meta property=\"og:title\" content=\"Anwalt Abfindung f\u00fcr Reinbek | Smart-Arbeitsrecht\" \/>\n<meta property=\"og:description\" content=\"Fachanwalt f\u00fcr Abfindung bei K\u00fcndigung \u2013 kompetente Hilfe f\u00fcr Reinbek. Jetzt Ersteinsch\u00e4tzung sichern!\" \/>\n<meta property=\"og:url\" content=\"https:\/\/smart-arbeitsrecht.de\/tr\/anwalt-abfindung-fuer-reinbek\/\" \/>\n<meta property=\"og:site_name\" content=\"Smart-Arbeitsrecht\" \/>\n<meta name=\"twitter:card\" content=\"summary_large_image\" \/>\n<script type=\"application\/ld+json\" class=\"yoast-schema-graph\">{\"@context\":\"https:\/\/schema.org\",\"@graph\":[{\"@type\":\"WebPage\",\"@id\":\"https:\/\/smart-arbeitsrecht.de\/anwalt-abfindung-fuer-reinbek\/\",\"url\":\"https:\/\/smart-arbeitsrecht.de\/anwalt-abfindung-fuer-reinbek\/\",\"name\":\"Anwalt Abfindung f\u00fcr Reinbek | Smart-Arbeitsrecht\",\"isPartOf\":{\"@id\":\"https:\/\/smart-arbeitsrecht.de\/#website\"},\"description\":\"Fachanwalt f\u00fcr Abfindung bei K\u00fcndigung \u2013 kompetente Hilfe f\u00fcr Reinbek. Jetzt Ersteinsch\u00e4tzung sichern!\",\"breadcrumb\":{\"@id\":\"https:\/\/smart-arbeitsrecht.de\/anwalt-abfindung-fuer-reinbek\/#breadcrumb\"},\"inLanguage\":\"tr\",\"potentialAction\":[{\"@type\":\"ReadAction\",\"target\":[\"https:\/\/smart-arbeitsrecht.de\/anwalt-abfindung-fuer-reinbek\/\"]}]},{\"@type\":\"BreadcrumbList\",\"@id\":\"https:\/\/smart-arbeitsrecht.de\/anwalt-abfindung-fuer-reinbek\/#breadcrumb\",\"itemListElement\":[{\"@type\":\"ListItem\",\"position\":1,\"name\":\"Startseite\",\"item\":\"https:\/\/smart-arbeitsrecht.de\/\"},{\"@type\":\"ListItem\",\"position\":2,\"name\":\"Anwalt Abfindung f\u00fcr Reinbek\"}]},{\"@type\":\"WebSite\",\"@id\":\"https:\/\/smart-arbeitsrecht.de\/#website\",\"url\":\"https:\/\/smart-arbeitsrecht.de\/\",\"name\":\"Smart-Arbeitsrecht\",\"description\":\"Kanzlei f\u00fcr Arbeitsrecht\",\"potentialAction\":[{\"@type\":\"SearchAction\",\"target\":{\"@type\":\"EntryPoint\",\"urlTemplate\":\"https:\/\/smart-arbeitsrecht.de\/?s={search_term_string}\"},\"query-input\":{\"@type\":\"PropertyValueSpecification\",\"valueRequired\":true,\"valueName\":\"search_term_string\"}}],\"inLanguage\":\"tr\"}]}<\/script>\n<!-- \/ Yoast SEO plugin. -->","yoast_head_json":{"title":"Reinbek&#039;te avukat k\u0131dem tazminat\u0131 | Ak\u0131ll\u0131 \u0130\u015f Hukuku","description":"Fesih sonras\u0131 k\u0131dem tazminat\u0131 konusunda uzman avukat - Reinbek i\u00e7in yetkin destek. \u0130lk de\u011ferlendirmenizi hemen al\u0131n!","robots":{"index":"index","follow":"follow","max-snippet":"max-snippet:-1","max-image-preview":"max-image-preview:large","max-video-preview":"max-video-preview:-1"},"canonical":"https:\/\/smart-arbeitsrecht.de\/tr\/anwalt-abfindung-fuer-reinbek\/","og_locale":"tr_TR","og_type":"article","og_title":"Anwalt Abfindung f\u00fcr Reinbek | Smart-Arbeitsrecht","og_description":"Fachanwalt f\u00fcr Abfindung bei K\u00fcndigung \u2013 kompetente Hilfe f\u00fcr Reinbek. Jetzt Ersteinsch\u00e4tzung sichern!","og_url":"https:\/\/smart-arbeitsrecht.de\/tr\/anwalt-abfindung-fuer-reinbek\/","og_site_name":"Smart-Arbeitsrecht","twitter_card":"summary_large_image","schema":{"@context":"https:\/\/schema.org","@graph":[{"@type":"WebPage","@id":"https:\/\/smart-arbeitsrecht.de\/anwalt-abfindung-fuer-reinbek\/","url":"https:\/\/smart-arbeitsrecht.de\/anwalt-abfindung-fuer-reinbek\/","name":"Reinbek&#039;te avukat k\u0131dem tazminat\u0131 | Ak\u0131ll\u0131 \u0130\u015f Hukuku","isPartOf":{"@id":"https:\/\/smart-arbeitsrecht.de\/#website"},"description":"Fesih sonras\u0131 k\u0131dem tazminat\u0131 konusunda uzman avukat - Reinbek i\u00e7in yetkin destek. \u0130lk de\u011ferlendirmenizi hemen al\u0131n!","breadcrumb":{"@id":"https:\/\/smart-arbeitsrecht.de\/anwalt-abfindung-fuer-reinbek\/#breadcrumb"},"inLanguage":"tr","potentialAction":[{"@type":"ReadAction","target":["https:\/\/smart-arbeitsrecht.de\/anwalt-abfindung-fuer-reinbek\/"]}]},{"@type":"BreadcrumbList","@id":"https:\/\/smart-arbeitsrecht.de\/anwalt-abfindung-fuer-reinbek\/#breadcrumb","itemListElement":[{"@type":"ListItem","position":1,"name":"Startseite","item":"https:\/\/smart-arbeitsrecht.de\/"},{"@type":"ListItem","position":2,"name":"Anwalt Abfindung f\u00fcr Reinbek"}]},{"@type":"WebSite","@id":"https:\/\/smart-arbeitsrecht.de\/#website","url":"https:\/\/smart-arbeitsrecht.de\/","name":"Ak\u0131ll\u0131 i\u015f hukuku","description":"\u0130\u015f hukuku firmas\u0131","potentialAction":[{"@type":"SearchAction","target":{"@type":"EntryPoint","urlTemplate":"https:\/\/smart-arbeitsrecht.de\/?s={search_term_string}"},"query-input":{"@type":"PropertyValueSpecification","valueRequired":true,"valueName":"search_term_string"}}],"inLanguage":"tr"}]}},"_links":{"self":[{"href":"https:\/\/smart-arbeitsrecht.de\/tr\/wp-json\/wp\/v2\/pages\/9427","targetHints":{"allow":["GET"]}}],"collection":[{"href":"https:\/\/smart-arbeitsrecht.de\/tr\/wp-json\/wp\/v2\/pages"}],"about":[{"href":"https:\/\/smart-arbeitsrecht.de\/tr\/wp-json\/wp\/v2\/types\/page"}],"author":[{"embeddable":true,"href":"https:\/\/smart-arbeitsrecht.de\/tr\/wp-json\/wp\/v2\/users\/9"}],"replies":[{"embeddable":true,"href":"https:\/\/smart-arbeitsrecht.de\/tr\/wp-json\/wp\/v2\/comments?post=9427"}],"version-history":[{"count":2,"href":"https:\/\/smart-arbeitsrecht.de\/tr\/wp-json\/wp\/v2\/pages\/9427\/revisions"}],"predecessor-version":[{"id":9429,"href":"https:\/\/smart-arbeitsrecht.de\/tr\/wp-json\/wp\/v2\/pages\/9427\/revisions\/9429"}],"wp:attachment":[{"href":"https:\/\/smart-arbeitsrecht.de\/tr\/wp-json\/wp\/v2\/media?parent=9427"}],"curies":[{"name":"wp","href":"https:\/\/api.w.org\/{rel}","templated":true}]}}